{"id":34003,"date":"2024-10-10T14:27:42","date_gmt":"2024-10-10T12:27:42","guid":{"rendered":"https:\/\/www.entreculturas.org\/la-luz-de-las-ninas\/noticia\/\/"},"modified":"2024-10-11T10:34:50","modified_gmt":"2024-10-11T08:34:50","slug":"denunciamos-las-consecuencias-de-los-conflictos-armados-sobre-las-ninas","status":"publish","type":"xxx","link":"https:\/\/www.entreculturas.org\/ca\/la-luz-de-las-ninas\/noticia\/denunciamos-las-consecuencias-de-los-conflictos-armados-sobre-las-ninas\/","title":{"rendered":"Alianza NO QUIERO: denunciamos las graves consecuencias que los conflictos armados tienen sobre las ni\u00f1as"},"content":{"rendered":"\n<p>El 11 de octubre se conmemora el <strong>D\u00eda Internacional de la Ni\u00f1a<\/strong> y, desde la <strong>alianza NO QUIERO<\/strong>, formada por Amnist\u00eda Internacional, Entreculturas, Mundo Cooperante y Save the Children, hemos analizado las graves consecuencias que los conflictos armados tienen sobre las ni\u00f1as y su desarrollo integral.<\/p>\n\n\n\n<div style=\"height:10px\" aria-hidden=\"true\" class=\"wp-block-spacer\"><\/div>\n\n\n\n<p><strong>Hemos alcanzado el mayor n\u00famero de pa\u00edses en conflicto de los \u00faltimos 30 a\u00f1os<\/strong>, lo que significa que 1 de cada 5 ni\u00f1as y ni\u00f1os en el mundo vive hoy d\u00eda en una zona de conflicto. Por eso hemos querido repasar cu\u00e1les son las implicaciones y vulneraciones que las guerras tienen en especial para las ni\u00f1as. Algunas de ellas son:<\/p>\n\n\n\n<div style=\"height:10px\" aria-hidden=\"true\" class=\"wp-block-spacer\"><\/div>\n\n\n\n<ul class=\"wp-block-list\">\n<li>Los conflictos <strong>condenan a millones de ni\u00f1as al matrimonio forzado y violencia sexual<\/strong>. Se ven convertidas en esposas, madres y esclavas sexuales, en ocasiones como t\u00e1ctica de reclutamiento. El 70% de las v\u00edctimas de trata en zonas de conflicto son mujeres y ni\u00f1as.<\/li>\n<\/ul>\n\n\n\n<div style=\"height:10px\" aria-hidden=\"true\" class=\"wp-block-spacer\"><\/div>\n\n\n\n<ul class=\"wp-block-list\">\n<li><strong>La educaci\u00f3n es uno de los primeros derechos que se arrebata a las ni\u00f1as<\/strong>. Las ni\u00f1as en pa\u00edses afectados por conflictos tienen 2,5 veces m\u00e1s probabilidades de estar fuera de la escuela en comparaci\u00f3n con los ni\u00f1os. Esto limita sus oportunidades de crecimiento y las condena a ciclos perpetuos de vulnerabilidad, discriminaci\u00f3n y desigualdad estructural.<\/li>\n<\/ul>\n\n\n\n<div style=\"height:10px\" aria-hidden=\"true\" class=\"wp-block-spacer\"><\/div>\n\n\n\n<ul class=\"wp-block-list\">\n<li>La negaci\u00f3n de ayuda humanitaria es m\u00e1s com\u00fan entre las ni\u00f1as y las dificultades para acceder a ella son mayores en su caso. <strong>El conflicto obliga a las ni\u00f1as a intercambiar sexo por comida o protecci\u00f3n.<\/strong><\/li>\n<\/ul>\n\n\n\n<div style=\"height:10px\" aria-hidden=\"true\" class=\"wp-block-spacer\"><\/div>\n\n\n\n<p>Adem\u00e1s, <strong><a href=\"https:\/\/www.entreculturas.org\/publicacion\/no-quiero-la-guerra\/\" target=\"_blank\" rel=\"noreferrer noopener\">en este infor<\/a><a href=\"https:\/\/www.entreculturas.org\/publicacion\/no-quiero-la-guerra\/\">me<\/a><\/strong> hacemos un repaso sobre c\u00f3mo las seis violaciones graves de los derechos de los ni\u00f1os en tiempos de guerra definidos por la ONU impactan en las ni\u00f1as. Y analizamos algunos ejemplos e historias personales provenientes de Sud\u00e1n, Nigeria, Ucrania y Territorio Palestino Ocupado.<\/p>\n\n\n\n<div style=\"height:10px\" aria-hidden=\"true\" class=\"wp-block-spacer\"><\/div>\n\n\n\n<p>La alianza NO QUIERO, cuya vocaci\u00f3n es dar voz a las ni\u00f1as, pide que se redoblen los esfuerzos para lograr el cumplimiento de sus derechos y la plena igualdad de todas las personas. <strong>Proteger a las ni\u00f1as en zonas de conflicto de todas estas amenazas no solo es una cuesti\u00f3n de derechos humanos, sino una necesidad urgente para salvaguardar su futuro y el de sus comunidades<\/strong>.<\/p>\n","protected":false},"excerpt":{"rendered":"<p>El 11 de octubre se conmemora el D\u00eda Internacional de la Ni\u00f1a y, desde la alianza NO QUIERO, formada por Amnist\u00eda Internacional, Entreculturas, Mundo Cooperante y Save the Children, hemos analizado las graves consecuencias que los conflictos armados tienen sobre las ni\u00f1as y su desarrollo integral. Hemos alcanzado el mayor n\u00famero de pa\u00edses en conflicto de los \u00faltimos 30 a\u00f1os, lo que significa que 1 de cada 5 ni\u00f1as y ni\u00f1os en el mundo vive hoy d\u00eda en una zona de conflicto. Por eso hemos querido repasar cu\u00e1les son las implicaciones y vulneraciones que las guerras tienen en especial para las ni\u00f1as. Algunas de ellas son: Adem\u00e1s, en este informe hacemos un repaso sobre c\u00f3mo las seis violaciones graves de los derechos de los ni\u00f1os en tiempos de guerra definidos por la ONU impactan en las ni\u00f1as. Y analizamos algunos ejemplos e historias personales provenientes de Sud\u00e1n, Nigeria, Ucrania y [&hellip;]<\/p>\n","protected":false},"featured_media":34024,"template":"wp-custom-template-noticias-la-luz-de-las-ninas-2","meta":{"_acf_changed":false},"categories":[7],"tags":[293],"class_list":["post-34003","xxx","type-xxx","status-publish","has-post-thumbnail","hentry","category-noticia","tag-genero"],"acf":[],"yoast_head":"<!-- This site is optimized with the Yoast SEO Premium plugin v21.6 (Yoast SEO v27.5) - https:\/\/yoast.com\/product\/yoast-seo-premium-wordpress\/ -->\n<title>Alianza NO QUIERO: denunciamos las graves consecuencias que los conflictos armados tienen sobre las ni\u00f1as - Entreculturas<\/title>\n<meta name=\"description\" content=\"Repasamos c\u00f3mo las seis violaciones graves de los derechos de los ni\u00f1os en tiempos de guerra definidos por la ONU impactan en las ni\u00f1as.\" \/>\n<meta name=\"robots\" content=\"index, follow, max-snippet:-1, max-image-preview:large, max-video-preview:-1\" \/>\n<link rel=\"canonical\" href=\"https:\/\/www.entreculturas.org\/ca\/la-luz-de-las-ninas\/noticia\/denunciamos-las-consecuencias-de-los-conflictos-armados-sobre-las-ninas\/\" \/>\n<meta property=\"og:locale\" content=\"ca_ES\" \/>\n<meta property=\"og:type\" content=\"article\" \/>\n<meta property=\"og:title\" content=\"Alianza NO QUIERO: denunciamos las graves consecuencias que los conflictos armados tienen sobre las ni\u00f1as\" \/>\n<meta property=\"og:description\" content=\"Repasamos c\u00f3mo las seis violaciones graves de los derechos de los ni\u00f1os en tiempos de guerra definidos por la ONU impactan en las ni\u00f1as.\" \/>\n<meta property=\"og:url\" content=\"https:\/\/www.entreculturas.org\/ca\/la-luz-de-las-ninas\/noticia\/denunciamos-las-consecuencias-de-los-conflictos-armados-sobre-las-ninas\/\" \/>\n<meta property=\"og:site_name\" content=\"Entreculturas\" \/>\n<meta property=\"article:publisher\" content=\"https:\/\/www.facebook.com\/entreculturas\" \/>\n<meta property=\"article:modified_time\" content=\"2024-10-11T08:34:50+00:00\" \/>\n<meta property=\"og:image\" content=\"https:\/\/www.entreculturas.org\/wp-content\/uploads\/2024\/10\/libano-ninas-conflictos_HernanZin.jpg\" \/>\n\t<meta property=\"og:image:width\" content=\"1000\" \/>\n\t<meta property=\"og:image:height\" content=\"580\" \/>\n\t<meta property=\"og:image:type\" content=\"image\/jpeg\" \/>\n<meta name=\"twitter:card\" content=\"summary_large_image\" \/>\n<meta name=\"twitter:site\" content=\"@Entreculturas\" \/>\n<script type=\"application\/ld+json\" class=\"yoast-schema-graph\">{\"@context\":\"https:\\\/\\\/schema.org\",\"@graph\":[{\"@type\":\"WebPage\",\"@id\":\"https:\\\/\\\/www.entreculturas.org\\\/ca\\\/la-luz-de-las-ninas\\\/noticia\\\/denunciamos-las-consecuencias-de-los-conflictos-armados-sobre-las-ninas\\\/\",\"url\":\"https:\\\/\\\/www.entreculturas.org\\\/ca\\\/la-luz-de-las-ninas\\\/noticia\\\/denunciamos-las-consecuencias-de-los-conflictos-armados-sobre-las-ninas\\\/\",\"name\":\"Alianza NO QUIERO: denunciamos las graves consecuencias que los conflictos armados tienen sobre las ni\u00f1as - Entreculturas\",\"isPartOf\":{\"@id\":\"https:\\\/\\\/www.entreculturas.org\\\/ca\\\/#website\"},\"primaryImageOfPage\":{\"@id\":\"https:\\\/\\\/www.entreculturas.org\\\/ca\\\/la-luz-de-las-ninas\\\/noticia\\\/denunciamos-las-consecuencias-de-los-conflictos-armados-sobre-las-ninas\\\/#primaryimage\"},\"image\":{\"@id\":\"https:\\\/\\\/www.entreculturas.org\\\/ca\\\/la-luz-de-las-ninas\\\/noticia\\\/denunciamos-las-consecuencias-de-los-conflictos-armados-sobre-las-ninas\\\/#primaryimage\"},\"thumbnailUrl\":\"https:\\\/\\\/www.entreculturas.org\\\/wp-content\\\/uploads\\\/2024\\\/10\\\/libano-ninas-conflictos_HernanZin.jpg\",\"datePublished\":\"2024-10-10T12:27:42+00:00\",\"dateModified\":\"2024-10-11T08:34:50+00:00\",\"description\":\"Repasamos c\u00f3mo las seis violaciones graves de los derechos de los ni\u00f1os en tiempos de guerra definidos por la ONU impactan en las ni\u00f1as.\",\"breadcrumb\":{\"@id\":\"https:\\\/\\\/www.entreculturas.org\\\/ca\\\/la-luz-de-las-ninas\\\/noticia\\\/denunciamos-las-consecuencias-de-los-conflictos-armados-sobre-las-ninas\\\/#breadcrumb\"},\"inLanguage\":\"ca\",\"potentialAction\":[{\"@type\":\"ReadAction\",\"target\":[\"https:\\\/\\\/www.entreculturas.org\\\/ca\\\/la-luz-de-las-ninas\\\/noticia\\\/denunciamos-las-consecuencias-de-los-conflictos-armados-sobre-las-ninas\\\/\"]}]},{\"@type\":\"ImageObject\",\"inLanguage\":\"ca\",\"@id\":\"https:\\\/\\\/www.entreculturas.org\\\/ca\\\/la-luz-de-las-ninas\\\/noticia\\\/denunciamos-las-consecuencias-de-los-conflictos-armados-sobre-las-ninas\\\/#primaryimage\",\"url\":\"https:\\\/\\\/www.entreculturas.org\\\/wp-content\\\/uploads\\\/2024\\\/10\\\/libano-ninas-conflictos_HernanZin.jpg\",\"contentUrl\":\"https:\\\/\\\/www.entreculturas.org\\\/wp-content\\\/uploads\\\/2024\\\/10\\\/libano-ninas-conflictos_HernanZin.jpg\",\"width\":1000,\"height\":580},{\"@type\":\"BreadcrumbList\",\"@id\":\"https:\\\/\\\/www.entreculturas.org\\\/ca\\\/la-luz-de-las-ninas\\\/noticia\\\/denunciamos-las-consecuencias-de-los-conflictos-armados-sobre-las-ninas\\\/#breadcrumb\",\"itemListElement\":[{\"@type\":\"ListItem\",\"position\":1,\"name\":\"Home\",\"item\":\"https:\\\/\\\/www.entreculturas.org\\\/ca\\\/\"},{\"@type\":\"ListItem\",\"position\":2,\"name\":\"Noticias LLDLN\",\"item\":\"https:\\\/\\\/www.entreculturas.org\\\/ca\\\/noticias-la-luz-de-las-ninas\\\/\"},{\"@type\":\"ListItem\",\"position\":3,\"name\":\"Alianza NO QUIERO: denunciamos las graves consecuencias que los conflictos armados tienen sobre las ni\u00f1as\"}]},{\"@type\":\"WebSite\",\"@id\":\"https:\\\/\\\/www.entreculturas.org\\\/ca\\\/#website\",\"url\":\"https:\\\/\\\/www.entreculturas.org\\\/ca\\\/\",\"name\":\"Entreculturas\",\"description\":\"\",\"publisher\":{\"@id\":\"https:\\\/\\\/www.entreculturas.org\\\/ca\\\/#organization\"},\"alternateName\":\"Entreculturas\",\"potentialAction\":[{\"@type\":\"SearchAction\",\"target\":{\"@type\":\"EntryPoint\",\"urlTemplate\":\"https:\\\/\\\/www.entreculturas.org\\\/ca\\\/?s={search_term_string}\"},\"query-input\":{\"@type\":\"PropertyValueSpecification\",\"valueRequired\":true,\"valueName\":\"search_term_string\"}}],\"inLanguage\":\"ca\"},{\"@type\":\"Organization\",\"@id\":\"https:\\\/\\\/www.entreculturas.org\\\/ca\\\/#organization\",\"name\":\"Entreculturas\",\"url\":\"https:\\\/\\\/www.entreculturas.org\\\/ca\\\/\",\"logo\":{\"@type\":\"ImageObject\",\"inLanguage\":\"ca\",\"@id\":\"https:\\\/\\\/www.entreculturas.org\\\/ca\\\/#\\\/schema\\\/logo\\\/image\\\/\",\"url\":\"https:\\\/\\\/www.entreculturas.org\\\/wp-content\\\/uploads\\\/2025\\\/10\\\/ESP.svg\",\"contentUrl\":\"https:\\\/\\\/www.entreculturas.org\\\/wp-content\\\/uploads\\\/2025\\\/10\\\/ESP.svg\",\"caption\":\"Entreculturas\"},\"image\":{\"@id\":\"https:\\\/\\\/www.entreculturas.org\\\/ca\\\/#\\\/schema\\\/logo\\\/image\\\/\"},\"sameAs\":[\"https:\\\/\\\/www.facebook.com\\\/entreculturas\",\"https:\\\/\\\/x.com\\\/Entreculturas\",\"https:\\\/\\\/www.instagram.com\\\/entreculturas\\\/\",\"https:\\\/\\\/www.youtube.com\\\/user\\\/entreculturasvideo\",\"https:\\\/\\\/www.linkedin.com\\\/company\\\/fundacion-entreculturas-ngdo\\\/\",\"https:\\\/\\\/www.flickr.com\\\/photos\\\/98455522@N04\\\/albums\\\/\"]}]}<\/script>\n<!-- \/ Yoast SEO Premium plugin. -->","yoast_head_json":{"title":"Alianza NO QUIERO: denunciamos las graves consecuencias que los conflictos armados tienen sobre las ni\u00f1as - Entreculturas","description":"Repasamos c\u00f3mo las seis violaciones graves de los derechos de los ni\u00f1os en tiempos de guerra definidos por la ONU impactan en las ni\u00f1as.","robots":{"index":"index","follow":"follow","max-snippet":"max-snippet:-1","max-image-preview":"max-image-preview:large","max-video-preview":"max-video-preview:-1"},"canonical":"https:\/\/www.entreculturas.org\/ca\/la-luz-de-las-ninas\/noticia\/denunciamos-las-consecuencias-de-los-conflictos-armados-sobre-las-ninas\/","og_locale":"ca_ES","og_type":"article","og_title":"Alianza NO QUIERO: denunciamos las graves consecuencias que los conflictos armados tienen sobre las ni\u00f1as","og_description":"Repasamos c\u00f3mo las seis violaciones graves de los derechos de los ni\u00f1os en tiempos de guerra definidos por la ONU impactan en las ni\u00f1as.","og_url":"https:\/\/www.entreculturas.org\/ca\/la-luz-de-las-ninas\/noticia\/denunciamos-las-consecuencias-de-los-conflictos-armados-sobre-las-ninas\/","og_site_name":"Entreculturas","article_publisher":"https:\/\/www.facebook.com\/entreculturas","article_modified_time":"2024-10-11T08:34:50+00:00","og_image":[{"width":1000,"height":580,"url":"https:\/\/www.entreculturas.org\/wp-content\/uploads\/2024\/10\/libano-ninas-conflictos_HernanZin.jpg","type":"image\/jpeg"}],"twitter_card":"summary_large_image","twitter_site":"@Entreculturas","schema":{"@context":"https:\/\/schema.org","@graph":[{"@type":"WebPage","@id":"https:\/\/www.entreculturas.org\/ca\/la-luz-de-las-ninas\/noticia\/denunciamos-las-consecuencias-de-los-conflictos-armados-sobre-las-ninas\/","url":"https:\/\/www.entreculturas.org\/ca\/la-luz-de-las-ninas\/noticia\/denunciamos-las-consecuencias-de-los-conflictos-armados-sobre-las-ninas\/","name":"Alianza NO QUIERO: denunciamos las graves consecuencias que los conflictos armados tienen sobre las ni\u00f1as - Entreculturas","isPartOf":{"@id":"https:\/\/www.entreculturas.org\/ca\/#website"},"primaryImageOfPage":{"@id":"https:\/\/www.entreculturas.org\/ca\/la-luz-de-las-ninas\/noticia\/denunciamos-las-consecuencias-de-los-conflictos-armados-sobre-las-ninas\/#primaryimage"},"image":{"@id":"https:\/\/www.entreculturas.org\/ca\/la-luz-de-las-ninas\/noticia\/denunciamos-las-consecuencias-de-los-conflictos-armados-sobre-las-ninas\/#primaryimage"},"thumbnailUrl":"https:\/\/www.entreculturas.org\/wp-content\/uploads\/2024\/10\/libano-ninas-conflictos_HernanZin.jpg","datePublished":"2024-10-10T12:27:42+00:00","dateModified":"2024-10-11T08:34:50+00:00","description":"Repasamos c\u00f3mo las seis violaciones graves de los derechos de los ni\u00f1os en tiempos de guerra definidos por la ONU impactan en las ni\u00f1as.","breadcrumb":{"@id":"https:\/\/www.entreculturas.org\/ca\/la-luz-de-las-ninas\/noticia\/denunciamos-las-consecuencias-de-los-conflictos-armados-sobre-las-ninas\/#breadcrumb"},"inLanguage":"ca","potentialAction":[{"@type":"ReadAction","target":["https:\/\/www.entreculturas.org\/ca\/la-luz-de-las-ninas\/noticia\/denunciamos-las-consecuencias-de-los-conflictos-armados-sobre-las-ninas\/"]}]},{"@type":"ImageObject","inLanguage":"ca","@id":"https:\/\/www.entreculturas.org\/ca\/la-luz-de-las-ninas\/noticia\/denunciamos-las-consecuencias-de-los-conflictos-armados-sobre-las-ninas\/#primaryimage","url":"https:\/\/www.entreculturas.org\/wp-content\/uploads\/2024\/10\/libano-ninas-conflictos_HernanZin.jpg","contentUrl":"https:\/\/www.entreculturas.org\/wp-content\/uploads\/2024\/10\/libano-ninas-conflictos_HernanZin.jpg","width":1000,"height":580},{"@type":"BreadcrumbList","@id":"https:\/\/www.entreculturas.org\/ca\/la-luz-de-las-ninas\/noticia\/denunciamos-las-consecuencias-de-los-conflictos-armados-sobre-las-ninas\/#breadcrumb","itemListElement":[{"@type":"ListItem","position":1,"name":"Home","item":"https:\/\/www.entreculturas.org\/ca\/"},{"@type":"ListItem","position":2,"name":"Noticias LLDLN","item":"https:\/\/www.entreculturas.org\/ca\/noticias-la-luz-de-las-ninas\/"},{"@type":"ListItem","position":3,"name":"Alianza NO QUIERO: denunciamos las graves consecuencias que los conflictos armados tienen sobre las ni\u00f1as"}]},{"@type":"WebSite","@id":"https:\/\/www.entreculturas.org\/ca\/#website","url":"https:\/\/www.entreculturas.org\/ca\/","name":"Entreculturas","description":"","publisher":{"@id":"https:\/\/www.entreculturas.org\/ca\/#organization"},"alternateName":"Entreculturas","potentialAction":[{"@type":"SearchAction","target":{"@type":"EntryPoint","urlTemplate":"https:\/\/www.entreculturas.org\/ca\/?s={search_term_string}"},"query-input":{"@type":"PropertyValueSpecification","valueRequired":true,"valueName":"search_term_string"}}],"inLanguage":"ca"},{"@type":"Organization","@id":"https:\/\/www.entreculturas.org\/ca\/#organization","name":"Entreculturas","url":"https:\/\/www.entreculturas.org\/ca\/","logo":{"@type":"ImageObject","inLanguage":"ca","@id":"https:\/\/www.entreculturas.org\/ca\/#\/schema\/logo\/image\/","url":"https:\/\/www.entreculturas.org\/wp-content\/uploads\/2025\/10\/ESP.svg","contentUrl":"https:\/\/www.entreculturas.org\/wp-content\/uploads\/2025\/10\/ESP.svg","caption":"Entreculturas"},"image":{"@id":"https:\/\/www.entreculturas.org\/ca\/#\/schema\/logo\/image\/"},"sameAs":["https:\/\/www.facebook.com\/entreculturas","https:\/\/x.com\/Entreculturas","https:\/\/www.instagram.com\/entreculturas\/","https:\/\/www.youtube.com\/user\/entreculturasvideo","https:\/\/www.linkedin.com\/company\/fundacion-entreculturas-ngdo\/","https:\/\/www.flickr.com\/photos\/98455522@N04\/albums\/"]}]}},"_links":{"self":[{"href":"https:\/\/www.entreculturas.org\/ca\/wp-json\/wp\/v2\/xxx\/34003","targetHints":{"allow":["GET"]}}],"collection":[{"href":"https:\/\/www.entreculturas.org\/ca\/wp-json\/wp\/v2\/xxx"}],"about":[{"href":"https:\/\/www.entreculturas.org\/ca\/wp-json\/wp\/v2\/types\/xxx"}],"wp:featuredmedia":[{"embeddable":true,"href":"https:\/\/www.entreculturas.org\/ca\/wp-json\/wp\/v2\/media\/34024"}],"wp:attachment":[{"href":"https:\/\/www.entreculturas.org\/ca\/wp-json\/wp\/v2\/media?parent=34003"}],"wp:term":[{"taxonomy":"category","embeddable":true,"href":"https:\/\/www.entreculturas.org\/ca\/wp-json\/wp\/v2\/categories?post=34003"},{"taxonomy":"post_tag","embeddable":true,"href":"https:\/\/www.entreculturas.org\/ca\/wp-json\/wp\/v2\/tags?post=34003"}],"curies":[{"name":"wp","href":"https:\/\/api.w.org\/{rel}","templated":true}]}}