{"id":33833,"date":"2024-10-09T13:22:08","date_gmt":"2024-10-09T11:22:08","guid":{"rendered":"https:\/\/www.entreculturas.org\/la-luz-de-las-ninas\/noticia\/\/"},"modified":"2024-10-10T12:32:43","modified_gmt":"2024-10-10T10:32:43","slug":"sara-baras-se-suma-a-entreculturas","status":"publish","type":"xxx","link":"https:\/\/www.entreculturas.org\/ca\/la-luz-de-las-ninas\/noticia\/sara-baras-se-suma-a-entreculturas\/","title":{"rendered":"SARA BARAS SE SUMA A ENTRECULTURAS EN LA DEFENSA DE LOS DERECHOS DE LAS NI\u00d1AS\u00a0\u00a0"},"content":{"rendered":"\n<p>Con motivo del D\u00eda Internacional de la Ni\u00f1a, que se conmemora el 11 de octubre, la bailaora Sara Baras se ha sumado a La LUZ de las NI\u00d1AS de Entreculturas, que lleva m\u00e1s de 10 a\u00f1os apoyando a ni\u00f1as y adolescentes en la defensa de sus derechos y libertades.<\/p>\n\n\n\n<div style=\"height:25px\" aria-hidden=\"true\" class=\"wp-block-spacer\"><\/div>\n\n\n\n<div class=\"wp-block-columns is-layout-flex wp-container-core-columns-is-layout-c6a03c77 wp-block-columns-is-layout-flex\" style=\"padding-right:var(--wp--preset--spacing--80);padding-left:var(--wp--preset--spacing--80)\">\n<div class=\"wp-block-column is-layout-flow wp-block-column-is-layout-flow\" style=\"flex-basis:100%\"><\/div>\n<\/div>\n\n\n\n<figure class=\"wp-block-embed is-type-video is-provider-youtube wp-block-embed-youtube wp-embed-aspect-16-9 wp-has-aspect-ratio\"><div class=\"wp-block-embed__wrapper\">\n<iframe loading=\"lazy\" title=\"Sara Baras con Entreculturas\" width=\"500\" height=\"281\" src=\"https:\/\/www.youtube.com\/embed\/xO6xmDkBqX8?feature=oembed\" frameborder=\"0\" allow=\"accelerometer; autoplay; clipboard-write; encrypted-media; gyroscope; picture-in-picture; web-share\" referrerpolicy=\"strict-origin-when-cross-origin\" allowfullscreen><\/iframe>\n<\/div><\/figure>\n\n\n\n<div style=\"height:25px\" aria-hidden=\"true\" class=\"wp-block-spacer\"><\/div>\n\n\n\n<p>Cerca de 240 millones de ni\u00f1as y adolescentes en todo el mundo han sido v\u00edctimas de alguna forma de violencia a lo largo de sus vidas. Todas ellas tienen derecho a una infancia con igualdad de oportunidades, libre de miedos, amenazas y agresiones. Muchas han sufrido violencia, incluyendo abuso sexual, matrimonio forzado o mutilaci\u00f3n genital, vulnerando gravemente sus derechos.<\/p>\n\n\n\n<div style=\"height:25px\" aria-hidden=\"true\" class=\"wp-block-spacer\"><\/div>\n\n\n\n<div class=\"wp-block-group padding-cifras-numero-bloque has-red-background-color has-background is-layout-flow wp-container-core-group-is-layout-f560f243 wp-block-group-is-layout-flow\" style=\"border-style:none;border-width:0px;border-radius:23px;min-height:0px;margin-top:0;margin-bottom:var(--wp--preset--spacing--50);padding-top:var(--wp--preset--spacing--30);padding-right:var(--wp--preset--spacing--30);padding-bottom:var(--wp--preset--spacing--30);padding-left:var(--wp--preset--spacing--30)\">\n<div class=\"wp-block-columns is-layout-flex wp-container-core-columns-is-layout-28f84493 wp-block-columns-is-layout-flex\">\n<div class=\"wp-block-column margen-cifras-numeros is-layout-flow wp-block-column-is-layout-flow\">\n<div class=\"wp-block-group is-vertical is-content-justification-center is-layout-flex wp-container-core-group-is-layout-ce155fab wp-block-group-is-layout-flex\">\n<p class=\"has-white-color has-text-color\" style=\"font-size:53px;font-style:normal;font-weight:900\"><p data-count=\"240000000\" class=\"bloque-cifras-numeros counter has-white-color has-text-color\" style=\"font-size:53px;font-style:normal;font-weight:900\">0<\/p>\n<\/p>\n\n\n\n<p class=\"has-text-align-center has-white-color has-text-color has-medium-font-size\" style=\"font-style:normal;font-weight:700\">millones de ni\u00f1as y adolescentes en el mundo han sido v\u00edctimas de alguna forma de violencia a lo largo de sus vidas.<\/p>\n<\/div>\n<\/div>\n<\/div>\n\n\n\n<script>\ndocument.addEventListener('DOMContentLoaded', function() {\n    const counters = document.querySelectorAll('.counter');\n    const duration = 1500; \/\/ Duraci\u00f3n total de la animaci\u00f3n en milisegundos\n    const frameRate = 60; \/\/ FPS\n\n    const easeOutCubic = t => 1 - Math.pow(1 - t, 3);\n\n    const updateCount = (counter, startTime) => {\n        const target = +counter.getAttribute('data-count');\n        const count = +counter.innerText.replace('.', '');\n        const elapsed = Date.now() - startTime;\n        const progress = Math.min(elapsed \/ duration, 1);\n        const easedProgress = easeOutCubic(progress);\n        const nextCount = Math.floor(easedProgress * target);\n\n        if (count < target) {\n            counter.innerText = nextCount.toLocaleString('es-ES').split(',').join('.');\n            requestAnimationFrame(() => updateCount(counter, startTime));\n        } else {\n            counter.innerText = target.toLocaleString('es-ES').split(',').join('.');\n        }\n    };\n    \n    const observer = new IntersectionObserver((entries) => {\n        entries.forEach(entry => {\n            if (entry.isIntersecting) {\n                updateCount(entry.target, Date.now());\n                observer.unobserve(entry.target);  \n            }\n        });\n    });\n\n    counters.forEach(counter => {\n        observer.observe(counter);\n    });\n});\n\n<\/script>\n\n\n\n<p><\/p>\n\n\n\n<p><\/p>\n<\/div>\n\n\n\n<div style=\"height:25px\" aria-hidden=\"true\" class=\"wp-block-spacer\"><\/div>\n\n\n\n<p>\u201cHoy bailo por todas las ni\u00f1as que huyen de guerras, de abusos, de matrimonios forzosos y de tantas violencias que amenazan sus vidas. Cada una de ellas es una luz que tiene derecho a brillar y, desde la sociedad, debemos apoyar y trabajar para que alg\u00fan d\u00eda haya un mundo libre de violencias para las ni\u00f1as\u201d, afirma Sara en el spot que ha lanzado junto a Entreculturas, grabado en el Teatro Gran V\u00eda de Madrid.<\/p>\n\n\n\n<div style=\"height:25px\" aria-hidden=\"true\" class=\"wp-block-spacer\"><\/div>\n\n\n\n<figure class=\"wp-block-pullquote has-white-background-color has-background has-medium-font-size\" style=\"border-style:none;border-width:0px;border-radius:0px;margin-top:0;margin-right:0;margin-bottom:0;margin-left:0;padding-top:var(--wp--preset--spacing--50);padding-right:var(--wp--preset--spacing--60);padding-bottom:var(--wp--preset--spacing--50);padding-left:var(--wp--preset--spacing--60)\"><blockquote><p>&#8220;Entreculturas y su campa\u00f1a de La LUZ de las NI\u00d1AS hacen un trabajo clave para proteger a las ni\u00f1as de la violencia y asegurar su derecho a un futuro digno y seguro, independiente de sus condiciones econ\u00f3micas o del lugar en el que vivan&#8221;<\/p><cite>Sara baras<\/cite><\/blockquote><\/figure>\n\n\n\n<p><br>Un trabajo que ha permitido a Entreculturas acompa\u00f1ar a m\u00e1s de 70.000 ni\u00f1as de 20 pa\u00edses distintos de \u00c1frica y Am\u00e9rica Latina en estos 12 a\u00f1os.<\/p>\n\n\n\n<div class=\"wp-block-group has-global-padding is-layout-constrained wp-container-core-group-is-layout-41c06ba8 wp-block-group-is-layout-constrained\">\n<div class=\"wp-block-group is-vertical is-content-justification-center is-layout-flex wp-container-core-group-is-layout-da2ee355 wp-block-group-is-layout-flex\" style=\"padding-top:var(--wp--preset--spacing--70);padding-right:0;padding-bottom:var(--wp--preset--spacing--70);padding-left:0\">\n<p class=\"has-text-align-center text-wrap-balance has-gray-entreculturas-color has-text-color\" style=\"font-size:2.5rem;font-style:normal;font-weight:700;line-height:1.1\">Ay\u00fadanos a que brille             La LUZ de las NI\u00d1AS<\/p>\n\n\n\n<div class=\"wp-block-buttons is-layout-flex wp-block-buttons-is-layout-flex\">\n<div class=\"wp-block-button is-style-fill\"><a class=\"wp-block-button__link has-white-color has-red-logo-background-color has-text-color has-background wp-element-button\" href=\"https:\/\/colabora.entreculturas.org\/es\/dona-LaLUZdelasNINAS?utm_source=wordpress&amp;utm_medium=web&amp;utm_campaign=sara-baras-ldn\">Colabora<\/a><\/div>\n<\/div>\n<\/div>\n<\/div>\n","protected":false},"excerpt":{"rendered":"<p>Con motivo del D\u00eda Internacional de la Ni\u00f1a, que se conmemora el 11 de octubre, la bailaora Sara Baras se ha sumado a La LUZ de las NI\u00d1AS de Entreculturas, que lleva m\u00e1s de 10 a\u00f1os apoyando a ni\u00f1as y adolescentes en la defensa de sus derechos y libertades. Cerca de 240 millones de ni\u00f1as y adolescentes en todo el mundo han sido v\u00edctimas de alguna forma de violencia a lo largo de sus vidas. Todas ellas tienen derecho a una infancia con igualdad de oportunidades, libre de miedos, amenazas y agresiones. Muchas han sufrido violencia, incluyendo abuso sexual, matrimonio forzado o mutilaci\u00f3n genital, vulnerando gravemente sus derechos. 0 millones de ni\u00f1as y adolescentes en el mundo han sido v\u00edctimas de alguna forma de violencia a lo largo de sus vidas. \u201cHoy bailo por todas las ni\u00f1as que huyen de guerras, de abusos, de matrimonios forzosos y de tantas violencias [&hellip;]<\/p>\n","protected":false},"featured_media":33864,"template":"wp-custom-template-noticias-la-luz-de-las-ninas-2","meta":{"_acf_changed":false},"categories":[7],"tags":[579],"class_list":["post-33833","xxx","type-xxx","status-publish","has-post-thumbnail","hentry","category-noticia","tag-noticias-la-luz-de-las-ninas"],"acf":[],"yoast_head":"<!-- This site is optimized with the Yoast SEO Premium plugin v21.6 (Yoast SEO v27.5) - https:\/\/yoast.com\/product\/yoast-seo-premium-wordpress\/ -->\n<title>SARA BARAS SE SUMA A ENTRECULTURAS EN LA DEFENSA DE LOS DERECHOS DE LAS NI\u00d1AS\u00a0\u00a0 - Entreculturas<\/title>\n<meta name=\"description\" content=\"Sara Baras se une a Entreculturas para visibilizar la realidad de los 240 millones de ni\u00f1as que enfrentan diversos tipos de violencia.\" \/>\n<meta name=\"robots\" content=\"index, follow, max-snippet:-1, max-image-preview:large, max-video-preview:-1\" \/>\n<link rel=\"canonical\" href=\"https:\/\/www.entreculturas.org\/ca\/la-luz-de-las-ninas\/noticia\/sara-baras-se-suma-a-entreculturas\/\" \/>\n<meta property=\"og:locale\" content=\"ca_ES\" \/>\n<meta property=\"og:type\" content=\"article\" \/>\n<meta property=\"og:title\" content=\"SARA BARAS SE SUMA A ENTRECULTURAS EN LA DEFENSA DE LOS DERECHOS DE LAS NI\u00d1AS\u00a0\u00a0\" \/>\n<meta property=\"og:description\" content=\"Sara Baras se une a Entreculturas para visibilizar la realidad de los 240 millones de ni\u00f1as que enfrentan diversos tipos de violencia.\" \/>\n<meta property=\"og:url\" content=\"https:\/\/www.entreculturas.org\/ca\/la-luz-de-las-ninas\/noticia\/sara-baras-se-suma-a-entreculturas\/\" \/>\n<meta property=\"og:site_name\" content=\"Entreculturas\" \/>\n<meta property=\"article:publisher\" content=\"https:\/\/www.facebook.com\/entreculturas\" \/>\n<meta property=\"article:modified_time\" content=\"2024-10-10T10:32:43+00:00\" \/>\n<meta property=\"og:image\" content=\"https:\/\/www.entreculturas.org\/wp-content\/uploads\/2024\/10\/SARA-copia-web-1.jpg\" \/>\n\t<meta property=\"og:image:width\" content=\"2533\" \/>\n\t<meta property=\"og:image:height\" content=\"893\" \/>\n\t<meta property=\"og:image:type\" content=\"image\/jpeg\" \/>\n<meta name=\"twitter:card\" content=\"summary_large_image\" \/>\n<meta name=\"twitter:site\" content=\"@Entreculturas\" \/>\n<script type=\"application\/ld+json\" class=\"yoast-schema-graph\">{\"@context\":\"https:\\\/\\\/schema.org\",\"@graph\":[{\"@type\":\"WebPage\",\"@id\":\"https:\\\/\\\/www.entreculturas.org\\\/ca\\\/la-luz-de-las-ninas\\\/noticia\\\/sara-baras-se-suma-a-entreculturas\\\/\",\"url\":\"https:\\\/\\\/www.entreculturas.org\\\/ca\\\/la-luz-de-las-ninas\\\/noticia\\\/sara-baras-se-suma-a-entreculturas\\\/\",\"name\":\"SARA BARAS SE SUMA A ENTRECULTURAS EN LA DEFENSA DE LOS DERECHOS DE LAS NI\u00d1AS\u00a0\u00a0 - Entreculturas\",\"isPartOf\":{\"@id\":\"https:\\\/\\\/www.entreculturas.org\\\/ca\\\/#website\"},\"primaryImageOfPage\":{\"@id\":\"https:\\\/\\\/www.entreculturas.org\\\/ca\\\/la-luz-de-las-ninas\\\/noticia\\\/sara-baras-se-suma-a-entreculturas\\\/#primaryimage\"},\"image\":{\"@id\":\"https:\\\/\\\/www.entreculturas.org\\\/ca\\\/la-luz-de-las-ninas\\\/noticia\\\/sara-baras-se-suma-a-entreculturas\\\/#primaryimage\"},\"thumbnailUrl\":\"https:\\\/\\\/www.entreculturas.org\\\/wp-content\\\/uploads\\\/2024\\\/10\\\/SARA-copia-web-1.jpg\",\"datePublished\":\"2024-10-09T11:22:08+00:00\",\"dateModified\":\"2024-10-10T10:32:43+00:00\",\"description\":\"Sara Baras se une a Entreculturas para visibilizar la realidad de los 240 millones de ni\u00f1as que enfrentan diversos tipos de violencia.\",\"breadcrumb\":{\"@id\":\"https:\\\/\\\/www.entreculturas.org\\\/ca\\\/la-luz-de-las-ninas\\\/noticia\\\/sara-baras-se-suma-a-entreculturas\\\/#breadcrumb\"},\"inLanguage\":\"ca\",\"potentialAction\":[{\"@type\":\"ReadAction\",\"target\":[\"https:\\\/\\\/www.entreculturas.org\\\/ca\\\/la-luz-de-las-ninas\\\/noticia\\\/sara-baras-se-suma-a-entreculturas\\\/\"]}]},{\"@type\":\"ImageObject\",\"inLanguage\":\"ca\",\"@id\":\"https:\\\/\\\/www.entreculturas.org\\\/ca\\\/la-luz-de-las-ninas\\\/noticia\\\/sara-baras-se-suma-a-entreculturas\\\/#primaryimage\",\"url\":\"https:\\\/\\\/www.entreculturas.org\\\/wp-content\\\/uploads\\\/2024\\\/10\\\/SARA-copia-web-1.jpg\",\"contentUrl\":\"https:\\\/\\\/www.entreculturas.org\\\/wp-content\\\/uploads\\\/2024\\\/10\\\/SARA-copia-web-1.jpg\",\"width\":2533,\"height\":893,\"caption\":\"Sara Baras\"},{\"@type\":\"BreadcrumbList\",\"@id\":\"https:\\\/\\\/www.entreculturas.org\\\/ca\\\/la-luz-de-las-ninas\\\/noticia\\\/sara-baras-se-suma-a-entreculturas\\\/#breadcrumb\",\"itemListElement\":[{\"@type\":\"ListItem\",\"position\":1,\"name\":\"Home\",\"item\":\"https:\\\/\\\/www.entreculturas.org\\\/ca\\\/\"},{\"@type\":\"ListItem\",\"position\":2,\"name\":\"Noticias LLDLN\",\"item\":\"https:\\\/\\\/www.entreculturas.org\\\/ca\\\/noticias-la-luz-de-las-ninas\\\/\"},{\"@type\":\"ListItem\",\"position\":3,\"name\":\"SARA BARAS SE SUMA A ENTRECULTURAS EN LA DEFENSA DE LOS DERECHOS DE LAS NI\u00d1AS\u00a0\u00a0\"}]},{\"@type\":\"WebSite\",\"@id\":\"https:\\\/\\\/www.entreculturas.org\\\/ca\\\/#website\",\"url\":\"https:\\\/\\\/www.entreculturas.org\\\/ca\\\/\",\"name\":\"Entreculturas\",\"description\":\"\",\"publisher\":{\"@id\":\"https:\\\/\\\/www.entreculturas.org\\\/ca\\\/#organization\"},\"alternateName\":\"Entreculturas\",\"potentialAction\":[{\"@type\":\"SearchAction\",\"target\":{\"@type\":\"EntryPoint\",\"urlTemplate\":\"https:\\\/\\\/www.entreculturas.org\\\/ca\\\/?s={search_term_string}\"},\"query-input\":{\"@type\":\"PropertyValueSpecification\",\"valueRequired\":true,\"valueName\":\"search_term_string\"}}],\"inLanguage\":\"ca\"},{\"@type\":\"Organization\",\"@id\":\"https:\\\/\\\/www.entreculturas.org\\\/ca\\\/#organization\",\"name\":\"Entreculturas\",\"url\":\"https:\\\/\\\/www.entreculturas.org\\\/ca\\\/\",\"logo\":{\"@type\":\"ImageObject\",\"inLanguage\":\"ca\",\"@id\":\"https:\\\/\\\/www.entreculturas.org\\\/ca\\\/#\\\/schema\\\/logo\\\/image\\\/\",\"url\":\"https:\\\/\\\/www.entreculturas.org\\\/wp-content\\\/uploads\\\/2025\\\/10\\\/ESP.svg\",\"contentUrl\":\"https:\\\/\\\/www.entreculturas.org\\\/wp-content\\\/uploads\\\/2025\\\/10\\\/ESP.svg\",\"caption\":\"Entreculturas\"},\"image\":{\"@id\":\"https:\\\/\\\/www.entreculturas.org\\\/ca\\\/#\\\/schema\\\/logo\\\/image\\\/\"},\"sameAs\":[\"https:\\\/\\\/www.facebook.com\\\/entreculturas\",\"https:\\\/\\\/x.com\\\/Entreculturas\",\"https:\\\/\\\/www.instagram.com\\\/entreculturas\\\/\",\"https:\\\/\\\/www.youtube.com\\\/user\\\/entreculturasvideo\",\"https:\\\/\\\/www.linkedin.com\\\/company\\\/fundacion-entreculturas-ngdo\\\/\",\"https:\\\/\\\/www.flickr.com\\\/photos\\\/98455522@N04\\\/albums\\\/\"]}]}<\/script>\n<!-- \/ Yoast SEO Premium plugin. -->","yoast_head_json":{"title":"SARA BARAS SE SUMA A ENTRECULTURAS EN LA DEFENSA DE LOS DERECHOS DE LAS NI\u00d1AS\u00a0\u00a0 - Entreculturas","description":"Sara Baras se une a Entreculturas para visibilizar la realidad de los 240 millones de ni\u00f1as que enfrentan diversos tipos de violencia.","robots":{"index":"index","follow":"follow","max-snippet":"max-snippet:-1","max-image-preview":"max-image-preview:large","max-video-preview":"max-video-preview:-1"},"canonical":"https:\/\/www.entreculturas.org\/ca\/la-luz-de-las-ninas\/noticia\/sara-baras-se-suma-a-entreculturas\/","og_locale":"ca_ES","og_type":"article","og_title":"SARA BARAS SE SUMA A ENTRECULTURAS EN LA DEFENSA DE LOS DERECHOS DE LAS NI\u00d1AS\u00a0\u00a0","og_description":"Sara Baras se une a Entreculturas para visibilizar la realidad de los 240 millones de ni\u00f1as que enfrentan diversos tipos de violencia.","og_url":"https:\/\/www.entreculturas.org\/ca\/la-luz-de-las-ninas\/noticia\/sara-baras-se-suma-a-entreculturas\/","og_site_name":"Entreculturas","article_publisher":"https:\/\/www.facebook.com\/entreculturas","article_modified_time":"2024-10-10T10:32:43+00:00","og_image":[{"width":2533,"height":893,"url":"https:\/\/www.entreculturas.org\/wp-content\/uploads\/2024\/10\/SARA-copia-web-1.jpg","type":"image\/jpeg"}],"twitter_card":"summary_large_image","twitter_site":"@Entreculturas","schema":{"@context":"https:\/\/schema.org","@graph":[{"@type":"WebPage","@id":"https:\/\/www.entreculturas.org\/ca\/la-luz-de-las-ninas\/noticia\/sara-baras-se-suma-a-entreculturas\/","url":"https:\/\/www.entreculturas.org\/ca\/la-luz-de-las-ninas\/noticia\/sara-baras-se-suma-a-entreculturas\/","name":"SARA BARAS SE SUMA A ENTRECULTURAS EN LA DEFENSA DE LOS DERECHOS DE LAS NI\u00d1AS\u00a0\u00a0 - Entreculturas","isPartOf":{"@id":"https:\/\/www.entreculturas.org\/ca\/#website"},"primaryImageOfPage":{"@id":"https:\/\/www.entreculturas.org\/ca\/la-luz-de-las-ninas\/noticia\/sara-baras-se-suma-a-entreculturas\/#primaryimage"},"image":{"@id":"https:\/\/www.entreculturas.org\/ca\/la-luz-de-las-ninas\/noticia\/sara-baras-se-suma-a-entreculturas\/#primaryimage"},"thumbnailUrl":"https:\/\/www.entreculturas.org\/wp-content\/uploads\/2024\/10\/SARA-copia-web-1.jpg","datePublished":"2024-10-09T11:22:08+00:00","dateModified":"2024-10-10T10:32:43+00:00","description":"Sara Baras se une a Entreculturas para visibilizar la realidad de los 240 millones de ni\u00f1as que enfrentan diversos tipos de violencia.","breadcrumb":{"@id":"https:\/\/www.entreculturas.org\/ca\/la-luz-de-las-ninas\/noticia\/sara-baras-se-suma-a-entreculturas\/#breadcrumb"},"inLanguage":"ca","potentialAction":[{"@type":"ReadAction","target":["https:\/\/www.entreculturas.org\/ca\/la-luz-de-las-ninas\/noticia\/sara-baras-se-suma-a-entreculturas\/"]}]},{"@type":"ImageObject","inLanguage":"ca","@id":"https:\/\/www.entreculturas.org\/ca\/la-luz-de-las-ninas\/noticia\/sara-baras-se-suma-a-entreculturas\/#primaryimage","url":"https:\/\/www.entreculturas.org\/wp-content\/uploads\/2024\/10\/SARA-copia-web-1.jpg","contentUrl":"https:\/\/www.entreculturas.org\/wp-content\/uploads\/2024\/10\/SARA-copia-web-1.jpg","width":2533,"height":893,"caption":"Sara Baras"},{"@type":"BreadcrumbList","@id":"https:\/\/www.entreculturas.org\/ca\/la-luz-de-las-ninas\/noticia\/sara-baras-se-suma-a-entreculturas\/#breadcrumb","itemListElement":[{"@type":"ListItem","position":1,"name":"Home","item":"https:\/\/www.entreculturas.org\/ca\/"},{"@type":"ListItem","position":2,"name":"Noticias LLDLN","item":"https:\/\/www.entreculturas.org\/ca\/noticias-la-luz-de-las-ninas\/"},{"@type":"ListItem","position":3,"name":"SARA BARAS SE SUMA A ENTRECULTURAS EN LA DEFENSA DE LOS DERECHOS DE LAS NI\u00d1AS\u00a0\u00a0"}]},{"@type":"WebSite","@id":"https:\/\/www.entreculturas.org\/ca\/#website","url":"https:\/\/www.entreculturas.org\/ca\/","name":"Entreculturas","description":"","publisher":{"@id":"https:\/\/www.entreculturas.org\/ca\/#organization"},"alternateName":"Entreculturas","potentialAction":[{"@type":"SearchAction","target":{"@type":"EntryPoint","urlTemplate":"https:\/\/www.entreculturas.org\/ca\/?s={search_term_string}"},"query-input":{"@type":"PropertyValueSpecification","valueRequired":true,"valueName":"search_term_string"}}],"inLanguage":"ca"},{"@type":"Organization","@id":"https:\/\/www.entreculturas.org\/ca\/#organization","name":"Entreculturas","url":"https:\/\/www.entreculturas.org\/ca\/","logo":{"@type":"ImageObject","inLanguage":"ca","@id":"https:\/\/www.entreculturas.org\/ca\/#\/schema\/logo\/image\/","url":"https:\/\/www.entreculturas.org\/wp-content\/uploads\/2025\/10\/ESP.svg","contentUrl":"https:\/\/www.entreculturas.org\/wp-content\/uploads\/2025\/10\/ESP.svg","caption":"Entreculturas"},"image":{"@id":"https:\/\/www.entreculturas.org\/ca\/#\/schema\/logo\/image\/"},"sameAs":["https:\/\/www.facebook.com\/entreculturas","https:\/\/x.com\/Entreculturas","https:\/\/www.instagram.com\/entreculturas\/","https:\/\/www.youtube.com\/user\/entreculturasvideo","https:\/\/www.linkedin.com\/company\/fundacion-entreculturas-ngdo\/","https:\/\/www.flickr.com\/photos\/98455522@N04\/albums\/"]}]}},"_links":{"self":[{"href":"https:\/\/www.entreculturas.org\/ca\/wp-json\/wp\/v2\/xxx\/33833","targetHints":{"allow":["GET"]}}],"collection":[{"href":"https:\/\/www.entreculturas.org\/ca\/wp-json\/wp\/v2\/xxx"}],"about":[{"href":"https:\/\/www.entreculturas.org\/ca\/wp-json\/wp\/v2\/types\/xxx"}],"wp:featuredmedia":[{"embeddable":true,"href":"https:\/\/www.entreculturas.org\/ca\/wp-json\/wp\/v2\/media\/33864"}],"wp:attachment":[{"href":"https:\/\/www.entreculturas.org\/ca\/wp-json\/wp\/v2\/media?parent=33833"}],"wp:term":[{"taxonomy":"category","embeddable":true,"href":"https:\/\/www.entreculturas.org\/ca\/wp-json\/wp\/v2\/categories?post=33833"},{"taxonomy":"post_tag","embeddable":true,"href":"https:\/\/www.entreculturas.org\/ca\/wp-json\/wp\/v2\/tags?post=33833"}],"curies":[{"name":"wp","href":"https:\/\/api.w.org\/{rel}","templated":true}]}}