{"id":29382,"date":"2023-10-13T13:29:32","date_gmt":"2023-10-13T11:29:32","guid":{"rendered":"https:\/\/www.entreculturas.org\/?post_type=xxx&#038;p=913"},"modified":"2024-09-20T09:50:28","modified_gmt":"2024-09-20T07:50:28","slug":"i-will-tell-you-my-story-voces-de-las-ninas-de-africa-del-este","status":"publish","type":"xxx","link":"https:\/\/www.entreculturas.org\/ca\/la-luz-de-las-ninas\/noticia\/i-will-tell-you-my-story-voces-de-las-ninas-de-africa-del-este\/","title":{"rendered":"\u201cI will tell you my story\u201d: Voces de las ni\u00f1as de \u00c1frica del este."},"content":{"rendered":"<p><span style=\"font-weight: 400;\">El pasado s\u00e1bado 7 de octubre tuvo lugar en Nairobi el evento de presentaci\u00f3n del libro <\/span><b>\u201cI will tell you my story: voices of Eastern African girls\u201d<\/b><span style=\"font-weight: 400;\"> (\u201cTe contar\u00e9 mi historia: las voces de las ni\u00f1as de \u00c1frica del este\u201d), promovido por el<\/span><b> Servicio Jesuita a Refugiados<\/b><span style=\"font-weight: 400;\"> (JRS) en el marco de la campa\u00f1a<\/span><b> La\u00a0 LUZ de las NI\u00d1AS<\/b><span style=\"font-weight: 400;\">.\u00a0\u00a0<\/span><\/p>\n<p><span style=\"font-weight: 400;\">Para preparar la creaci\u00f3n del libro, trabajamos con ni\u00f1as de Kenia, Uganda, Etiop\u00eda y Sud\u00e1n del Sur, con grupos de entre 5 y 10 ni\u00f1as de diferentes edades, entre 5 y 15 a\u00f1os. Las ni\u00f1as hablaron de sus vidas, sus experiencias, sus amistades&#8230; y a trav\u00e9s de este ejercicio se recopilaron las historias que hoy forman parte del libro. 6 testimonios que inclu\u00edan diferentes elementos de distintas ni\u00f1as, utilizando nombres y detalles personales ficticios, pero recogiendo todas las experiencias de violencia o an\u00e9cdotas y sentimientos reales y compartidas por las propias ni\u00f1as.<\/span><\/p>\n<p><span style=\"font-weight: 400;\">Cada historia se centra en un tema o tipo de violencia diferente, como el papel de las ni\u00f1as en casa, <\/span><b>la negaci\u00f3n del derecho a ir a la escuela, el tab\u00fa relacionado con la menstruaci\u00f3n, la violencia sexual o incluso la guerra<\/b><span style=\"font-weight: 400;\">. Para evitar alimentar el trauma por el que pasaron estas ni\u00f1as y para que las sesiones tuvieran un impacto positivo sobre ellas, durante el proceso contamos con el valios\u00edsimo apoyo de Aliyah Shah, psic\u00f3loga de adolescentes, que particip\u00f3 en el dise\u00f1o de la din\u00e1mica con las ni\u00f1as para que se sintieran c\u00f3modas compartiendo sus experiencias.<\/span><\/p>\n<p><i><span style=\"font-weight: 400;\">\u201cFue incre\u00edble trabajar con muchas de las ni\u00f1as que participaron&#8230; siendo a\u00fan ni\u00f1as, la forma en que hablaban, en que reclamaban sus derechos , denunciaban realidades&#8230; era envidiable. Hubo algunos casos de ni\u00f1as que merecen que les den un micr\u00f3fono y las lleven a las Naciones Unidas para que hablen delante de los l\u00edderes que realmente pueden influir en todo esto\u201d<\/span><\/i><span style=\"font-weight: 400;\">. Paula Casado, Responsable de Comunicaci\u00f3n del JRS en \u00c1frica del Este.<\/span><\/p>\n<p><b>El evento de presentaci\u00f3n<\/b><\/p>\n<p><span style=\"font-weight: 400;\">El objetivo principal del evento era presentar el libro y, al mismo tiempo, arrojar algo de luz sobre<\/span><b> la realidad de la violencia que sufren las ni\u00f1as en \u00c1frica Oriental y en todo el mundo<\/b><span style=\"font-weight: 400;\">. Su objetivo \u00faltimo era hacer un llamamiento a la acci\u00f3n de las m\u00e1s de 60 personas asistentes al acto para que lucharan contra esta realidad de todas las formas posibles.<\/span><\/p>\n<p><span style=\"font-weight: 400;\">Durante el evento, las compa\u00f1eras y compa\u00f1eros del equipo de JRS Kenia compartieron seis historias cortas diferentes de ni\u00f1as de todo el mundo (Uganda, Pakist\u00e1n, Chad, Kenia, Ucrania y Guatemala) que han sufrido diferentes tipos de violencia: la menstruaci\u00f3n como tab\u00fa, la privaci\u00f3n de la escuela, el matrimonio forzado o la violencia sexual son algunas de ellas.Todo esto con la intenci\u00f3n de<\/span><b> defender los derechos de las ni\u00f1as y de darles protagonismo <\/b><span style=\"font-weight: 400;\">en un espacio para compartir, a pesar de la distancia&#8230; ya que las ni\u00f1as han sido hist\u00f3ricamente silenciadas. Adem\u00e1s, JRS organiz\u00f3 una exposici\u00f3n fotogr\u00e1fica para mostrar parte del trabajo realizado con ni\u00f1as y mujeres de la regi\u00f3n.<\/span><\/p>\n<p><img decoding=\"async\" class=\"alignnone size-medium wp-image-915\" src=\"https:\/\/www.entreculturas.org\/wp-content\/uploads\/2023\/10\/384577634_624738649842092_3647066972929114425_n-300x200.jpg\" alt=\"\" width=\"300\" height=\"200\" srcset=\"https:\/\/www.entreculturas.org\/wp-content\/uploads\/2023\/10\/384577634_624738649842092_3647066972929114425_n-300x200.jpg 300w, https:\/\/www.entreculturas.org\/wp-content\/uploads\/2023\/10\/384577634_624738649842092_3647066972929114425_n-1024x683.jpg 1024w, https:\/\/www.entreculturas.org\/wp-content\/uploads\/2023\/10\/384577634_624738649842092_3647066972929114425_n-768x512.jpg 768w, https:\/\/www.entreculturas.org\/wp-content\/uploads\/2023\/10\/384577634_624738649842092_3647066972929114425_n-1536x1024.jpg 1536w, https:\/\/www.entreculturas.org\/wp-content\/uploads\/2023\/10\/384577634_624738649842092_3647066972929114425_n.jpg 2048w\" sizes=\"(max-width: 300px) 100vw, 300px\" \/> <img decoding=\"async\" class=\"alignnone size-medium wp-image-916\" src=\"https:\/\/www.entreculturas.org\/wp-content\/uploads\/2023\/10\/369248129_624737419842215_1644581796643649053_n-300x200.jpg\" alt=\"\" width=\"300\" height=\"200\" data-wp-editing=\"1\" srcset=\"https:\/\/www.entreculturas.org\/wp-content\/uploads\/2023\/10\/369248129_624737419842215_1644581796643649053_n-300x200.jpg 300w, https:\/\/www.entreculturas.org\/wp-content\/uploads\/2023\/10\/369248129_624737419842215_1644581796643649053_n-1024x684.jpg 1024w, https:\/\/www.entreculturas.org\/wp-content\/uploads\/2023\/10\/369248129_624737419842215_1644581796643649053_n-768x513.jpg 768w, https:\/\/www.entreculturas.org\/wp-content\/uploads\/2023\/10\/369248129_624737419842215_1644581796643649053_n-1536x1026.jpg 1536w, https:\/\/www.entreculturas.org\/wp-content\/uploads\/2023\/10\/369248129_624737419842215_1644581796643649053_n.jpg 2048w\" sizes=\"(max-width: 300px) 100vw, 300px\" \/>\u00a0<img decoding=\"async\" class=\"alignnone size-medium wp-image-917\" src=\"https:\/\/www.entreculturas.org\/wp-content\/uploads\/2023\/10\/384667894_624738413175449_4624306124833925554_n-300x200.jpg\" alt=\"\" width=\"300\" height=\"200\" srcset=\"https:\/\/www.entreculturas.org\/wp-content\/uploads\/2023\/10\/384667894_624738413175449_4624306124833925554_n-300x200.jpg 300w, https:\/\/www.entreculturas.org\/wp-content\/uploads\/2023\/10\/384667894_624738413175449_4624306124833925554_n-1024x683.jpg 1024w, https:\/\/www.entreculturas.org\/wp-content\/uploads\/2023\/10\/384667894_624738413175449_4624306124833925554_n-768x512.jpg 768w, https:\/\/www.entreculturas.org\/wp-content\/uploads\/2023\/10\/384667894_624738413175449_4624306124833925554_n-1536x1024.jpg 1536w, https:\/\/www.entreculturas.org\/wp-content\/uploads\/2023\/10\/384667894_624738413175449_4624306124833925554_n.jpg 2048w\" sizes=\"(max-width: 300px) 100vw, 300px\" \/><\/p>\n<p><i><span style=\"font-weight: 400;\">\u201cLa educaci\u00f3n transforma significativamente la vida de las mujeres y las ni\u00f1as, sus familias y sus comunidades. Sin embargo, 131 millones de ni\u00f1as nunca han pisado un aula\u201d, afirm\u00f3 Enos Abelle, compa\u00f1ero de JRS Kenia.<\/span><\/i><\/p>\n<p><span style=\"font-weight: 400;\">Las personas<\/span><b> asistentes al evento se sintieron realmente conmovidas y emocionadas<\/b><span style=\"font-weight: 400;\"> por todo lo compartido, por lo que el evento cumpli\u00f3 su objetivo\u00a0 de ofrecer alimento para la reflexi\u00f3n a todas las personas que se unieron y plantar una semilla que ojal\u00e1 crezca con el paso del tiempo. Queremos dar las gracias a todos los que asistieron y, sobre todo, a los que de una forma u otra participaron para hacer realidad este evento y este libro para <\/span><b>reivindicar el derecho de las ni\u00f1as a una vida libre de violencia<\/b><span style=\"font-weight: 400;\">.<\/span><\/p>\n<p><a href=\"https:\/\/www.laluzdelasninas.org\/app\/uploads\/sites\/2\/2023\/10\/I-WILL-TELL-YOU-MY-STORY_compressed.pdf\"><span style=\"color: #ff0000;\"><strong>Descarga el libro en ingl\u00e9s<\/strong><\/span><\/a><\/p>\n","protected":false},"excerpt":{"rendered":"<p>El pasado s\u00e1bado 7 de octubre tuvo lugar en Nairobi el evento de presentaci\u00f3n del libro \u201cI will tell you my story: voices of Eastern African girls\u201d (\u201cTe contar\u00e9 mi historia: las voces de las ni\u00f1as de \u00c1frica del este\u201d), promovido por el Servicio Jesuita a Refugiados (JRS) en el marco de la campa\u00f1a La\u00a0 LUZ de las NI\u00d1AS.\u00a0\u00a0 Para preparar la creaci\u00f3n del libro, trabajamos con ni\u00f1as de Kenia, Uganda, Etiop\u00eda y Sud\u00e1n del Sur, con grupos de entre 5 y 10 ni\u00f1as de diferentes edades, entre 5 y 15 a\u00f1os. Las ni\u00f1as hablaron de sus vidas, sus experiencias, sus amistades&#8230; y a trav\u00e9s de este ejercicio se recopilaron las historias que hoy forman parte del libro. 6 testimonios que inclu\u00edan diferentes elementos de distintas ni\u00f1as, utilizando nombres y detalles personales ficticios, pero recogiendo todas las experiencias de violencia o an\u00e9cdotas y sentimientos reales y compartidas por las propias [&hellip;]<\/p>\n","protected":false},"featured_media":29396,"template":"wp-custom-template-noticias-la-luz-de-las-ninas-2","meta":{"_acf_changed":false},"categories":[7],"tags":[],"class_list":["post-29382","xxx","type-xxx","status-publish","has-post-thumbnail","hentry","category-noticia"],"acf":[],"yoast_head":"<!-- This site is optimized with the Yoast SEO Premium plugin v21.6 (Yoast SEO v27.5) - https:\/\/yoast.com\/product\/yoast-seo-premium-wordpress\/ -->\n<title>\u201cI will tell you my story\u201d: Voces de las ni\u00f1as de \u00c1frica del este. - Entreculturas<\/title>\n<meta name=\"robots\" content=\"index, follow, max-snippet:-1, max-image-preview:large, max-video-preview:-1\" \/>\n<link rel=\"canonical\" href=\"https:\/\/www.entreculturas.org\/ca\/la-luz-de-las-ninas\/noticia\/i-will-tell-you-my-story-voces-de-las-ninas-de-africa-del-este\/\" \/>\n<meta property=\"og:locale\" content=\"ca_ES\" \/>\n<meta property=\"og:type\" content=\"article\" \/>\n<meta property=\"og:title\" content=\"\u201cI will tell you my story\u201d: Voces de las ni\u00f1as de \u00c1frica del este.\" \/>\n<meta property=\"og:description\" content=\"El pasado s\u00e1bado 7 de octubre tuvo lugar en Nairobi el evento de presentaci\u00f3n del libro \u201cI will tell you my story: voices of Eastern African girls\u201d (\u201cTe contar\u00e9 mi historia: las voces de las ni\u00f1as de \u00c1frica del este\u201d), promovido por el Servicio Jesuita a Refugiados (JRS) en el marco de la campa\u00f1a La\u00a0 LUZ de las NI\u00d1AS.\u00a0\u00a0 Para preparar la creaci\u00f3n del libro, trabajamos con ni\u00f1as de Kenia, Uganda, Etiop\u00eda y Sud\u00e1n del Sur, con grupos de entre 5 y 10 ni\u00f1as de diferentes edades, entre 5 y 15 a\u00f1os. Las ni\u00f1as hablaron de sus vidas, sus experiencias, sus amistades&#8230; y a trav\u00e9s de este ejercicio se recopilaron las historias que hoy forman parte del libro. 6 testimonios que inclu\u00edan diferentes elementos de distintas ni\u00f1as, utilizando nombres y detalles personales ficticios, pero recogiendo todas las experiencias de violencia o an\u00e9cdotas y sentimientos reales y compartidas por las propias [&hellip;]\" \/>\n<meta property=\"og:url\" content=\"https:\/\/www.entreculturas.org\/ca\/la-luz-de-las-ninas\/noticia\/i-will-tell-you-my-story-voces-de-las-ninas-de-africa-del-este\/\" \/>\n<meta property=\"og:site_name\" content=\"Entreculturas\" \/>\n<meta property=\"article:publisher\" content=\"https:\/\/www.facebook.com\/entreculturas\" \/>\n<meta property=\"article:modified_time\" content=\"2024-09-20T07:50:28+00:00\" \/>\n<meta property=\"og:image\" content=\"https:\/\/www.entreculturas.org\/wp-content\/uploads\/2023\/10\/376915401_610423401273617_5840714579103335191_n.jpg\" \/>\n\t<meta property=\"og:image:width\" content=\"768\" \/>\n\t<meta property=\"og:image:height\" content=\"960\" \/>\n\t<meta property=\"og:image:type\" content=\"image\/jpeg\" \/>\n<meta name=\"twitter:card\" content=\"summary_large_image\" \/>\n<meta name=\"twitter:site\" content=\"@Entreculturas\" \/>\n<script type=\"application\/ld+json\" class=\"yoast-schema-graph\">{\"@context\":\"https:\\\/\\\/schema.org\",\"@graph\":[{\"@type\":\"WebPage\",\"@id\":\"https:\\\/\\\/www.entreculturas.org\\\/ca\\\/la-luz-de-las-ninas\\\/noticia\\\/i-will-tell-you-my-story-voces-de-las-ninas-de-africa-del-este\\\/\",\"url\":\"https:\\\/\\\/www.entreculturas.org\\\/ca\\\/la-luz-de-las-ninas\\\/noticia\\\/i-will-tell-you-my-story-voces-de-las-ninas-de-africa-del-este\\\/\",\"name\":\"\u201cI will tell you my story\u201d: Voces de las ni\u00f1as de \u00c1frica del este. - Entreculturas\",\"isPartOf\":{\"@id\":\"https:\\\/\\\/www.entreculturas.org\\\/ca\\\/#website\"},\"primaryImageOfPage\":{\"@id\":\"https:\\\/\\\/www.entreculturas.org\\\/ca\\\/la-luz-de-las-ninas\\\/noticia\\\/i-will-tell-you-my-story-voces-de-las-ninas-de-africa-del-este\\\/#primaryimage\"},\"image\":{\"@id\":\"https:\\\/\\\/www.entreculturas.org\\\/ca\\\/la-luz-de-las-ninas\\\/noticia\\\/i-will-tell-you-my-story-voces-de-las-ninas-de-africa-del-este\\\/#primaryimage\"},\"thumbnailUrl\":\"https:\\\/\\\/www.entreculturas.org\\\/wp-content\\\/uploads\\\/2023\\\/10\\\/376915401_610423401273617_5840714579103335191_n.jpg\",\"datePublished\":\"2023-10-13T11:29:32+00:00\",\"dateModified\":\"2024-09-20T07:50:28+00:00\",\"breadcrumb\":{\"@id\":\"https:\\\/\\\/www.entreculturas.org\\\/ca\\\/la-luz-de-las-ninas\\\/noticia\\\/i-will-tell-you-my-story-voces-de-las-ninas-de-africa-del-este\\\/#breadcrumb\"},\"inLanguage\":\"ca\",\"potentialAction\":[{\"@type\":\"ReadAction\",\"target\":[\"https:\\\/\\\/www.entreculturas.org\\\/ca\\\/la-luz-de-las-ninas\\\/noticia\\\/i-will-tell-you-my-story-voces-de-las-ninas-de-africa-del-este\\\/\"]}]},{\"@type\":\"ImageObject\",\"inLanguage\":\"ca\",\"@id\":\"https:\\\/\\\/www.entreculturas.org\\\/ca\\\/la-luz-de-las-ninas\\\/noticia\\\/i-will-tell-you-my-story-voces-de-las-ninas-de-africa-del-este\\\/#primaryimage\",\"url\":\"https:\\\/\\\/www.entreculturas.org\\\/wp-content\\\/uploads\\\/2023\\\/10\\\/376915401_610423401273617_5840714579103335191_n.jpg\",\"contentUrl\":\"https:\\\/\\\/www.entreculturas.org\\\/wp-content\\\/uploads\\\/2023\\\/10\\\/376915401_610423401273617_5840714579103335191_n.jpg\",\"width\":768,\"height\":960},{\"@type\":\"BreadcrumbList\",\"@id\":\"https:\\\/\\\/www.entreculturas.org\\\/ca\\\/la-luz-de-las-ninas\\\/noticia\\\/i-will-tell-you-my-story-voces-de-las-ninas-de-africa-del-este\\\/#breadcrumb\",\"itemListElement\":[{\"@type\":\"ListItem\",\"position\":1,\"name\":\"Home\",\"item\":\"https:\\\/\\\/www.entreculturas.org\\\/ca\\\/\"},{\"@type\":\"ListItem\",\"position\":2,\"name\":\"Noticias LLDLN\",\"item\":\"https:\\\/\\\/www.entreculturas.org\\\/ca\\\/noticias-la-luz-de-las-ninas\\\/\"},{\"@type\":\"ListItem\",\"position\":3,\"name\":\"\u201cI will tell you my story\u201d: Voces de las ni\u00f1as de \u00c1frica del este.\"}]},{\"@type\":\"WebSite\",\"@id\":\"https:\\\/\\\/www.entreculturas.org\\\/ca\\\/#website\",\"url\":\"https:\\\/\\\/www.entreculturas.org\\\/ca\\\/\",\"name\":\"Entreculturas\",\"description\":\"\",\"publisher\":{\"@id\":\"https:\\\/\\\/www.entreculturas.org\\\/ca\\\/#organization\"},\"alternateName\":\"Entreculturas\",\"potentialAction\":[{\"@type\":\"SearchAction\",\"target\":{\"@type\":\"EntryPoint\",\"urlTemplate\":\"https:\\\/\\\/www.entreculturas.org\\\/ca\\\/?s={search_term_string}\"},\"query-input\":{\"@type\":\"PropertyValueSpecification\",\"valueRequired\":true,\"valueName\":\"search_term_string\"}}],\"inLanguage\":\"ca\"},{\"@type\":\"Organization\",\"@id\":\"https:\\\/\\\/www.entreculturas.org\\\/ca\\\/#organization\",\"name\":\"Entreculturas\",\"url\":\"https:\\\/\\\/www.entreculturas.org\\\/ca\\\/\",\"logo\":{\"@type\":\"ImageObject\",\"inLanguage\":\"ca\",\"@id\":\"https:\\\/\\\/www.entreculturas.org\\\/ca\\\/#\\\/schema\\\/logo\\\/image\\\/\",\"url\":\"https:\\\/\\\/www.entreculturas.org\\\/wp-content\\\/uploads\\\/2025\\\/10\\\/ESP.svg\",\"contentUrl\":\"https:\\\/\\\/www.entreculturas.org\\\/wp-content\\\/uploads\\\/2025\\\/10\\\/ESP.svg\",\"caption\":\"Entreculturas\"},\"image\":{\"@id\":\"https:\\\/\\\/www.entreculturas.org\\\/ca\\\/#\\\/schema\\\/logo\\\/image\\\/\"},\"sameAs\":[\"https:\\\/\\\/www.facebook.com\\\/entreculturas\",\"https:\\\/\\\/x.com\\\/Entreculturas\",\"https:\\\/\\\/www.instagram.com\\\/entreculturas\\\/\",\"https:\\\/\\\/www.youtube.com\\\/user\\\/entreculturasvideo\",\"https:\\\/\\\/www.linkedin.com\\\/company\\\/fundacion-entreculturas-ngdo\\\/\",\"https:\\\/\\\/www.flickr.com\\\/photos\\\/98455522@N04\\\/albums\\\/\"]}]}<\/script>\n<!-- \/ Yoast SEO Premium plugin. -->","yoast_head_json":{"title":"\u201cI will tell you my story\u201d: Voces de las ni\u00f1as de \u00c1frica del este. - Entreculturas","robots":{"index":"index","follow":"follow","max-snippet":"max-snippet:-1","max-image-preview":"max-image-preview:large","max-video-preview":"max-video-preview:-1"},"canonical":"https:\/\/www.entreculturas.org\/ca\/la-luz-de-las-ninas\/noticia\/i-will-tell-you-my-story-voces-de-las-ninas-de-africa-del-este\/","og_locale":"ca_ES","og_type":"article","og_title":"\u201cI will tell you my story\u201d: Voces de las ni\u00f1as de \u00c1frica del este.","og_description":"El pasado s\u00e1bado 7 de octubre tuvo lugar en Nairobi el evento de presentaci\u00f3n del libro \u201cI will tell you my story: voices of Eastern African girls\u201d (\u201cTe contar\u00e9 mi historia: las voces de las ni\u00f1as de \u00c1frica del este\u201d), promovido por el Servicio Jesuita a Refugiados (JRS) en el marco de la campa\u00f1a La\u00a0 LUZ de las NI\u00d1AS.\u00a0\u00a0 Para preparar la creaci\u00f3n del libro, trabajamos con ni\u00f1as de Kenia, Uganda, Etiop\u00eda y Sud\u00e1n del Sur, con grupos de entre 5 y 10 ni\u00f1as de diferentes edades, entre 5 y 15 a\u00f1os. Las ni\u00f1as hablaron de sus vidas, sus experiencias, sus amistades&#8230; y a trav\u00e9s de este ejercicio se recopilaron las historias que hoy forman parte del libro. 6 testimonios que inclu\u00edan diferentes elementos de distintas ni\u00f1as, utilizando nombres y detalles personales ficticios, pero recogiendo todas las experiencias de violencia o an\u00e9cdotas y sentimientos reales y compartidas por las propias [&hellip;]","og_url":"https:\/\/www.entreculturas.org\/ca\/la-luz-de-las-ninas\/noticia\/i-will-tell-you-my-story-voces-de-las-ninas-de-africa-del-este\/","og_site_name":"Entreculturas","article_publisher":"https:\/\/www.facebook.com\/entreculturas","article_modified_time":"2024-09-20T07:50:28+00:00","og_image":[{"width":768,"height":960,"url":"https:\/\/www.entreculturas.org\/wp-content\/uploads\/2023\/10\/376915401_610423401273617_5840714579103335191_n.jpg","type":"image\/jpeg"}],"twitter_card":"summary_large_image","twitter_site":"@Entreculturas","schema":{"@context":"https:\/\/schema.org","@graph":[{"@type":"WebPage","@id":"https:\/\/www.entreculturas.org\/ca\/la-luz-de-las-ninas\/noticia\/i-will-tell-you-my-story-voces-de-las-ninas-de-africa-del-este\/","url":"https:\/\/www.entreculturas.org\/ca\/la-luz-de-las-ninas\/noticia\/i-will-tell-you-my-story-voces-de-las-ninas-de-africa-del-este\/","name":"\u201cI will tell you my story\u201d: Voces de las ni\u00f1as de \u00c1frica del este. - Entreculturas","isPartOf":{"@id":"https:\/\/www.entreculturas.org\/ca\/#website"},"primaryImageOfPage":{"@id":"https:\/\/www.entreculturas.org\/ca\/la-luz-de-las-ninas\/noticia\/i-will-tell-you-my-story-voces-de-las-ninas-de-africa-del-este\/#primaryimage"},"image":{"@id":"https:\/\/www.entreculturas.org\/ca\/la-luz-de-las-ninas\/noticia\/i-will-tell-you-my-story-voces-de-las-ninas-de-africa-del-este\/#primaryimage"},"thumbnailUrl":"https:\/\/www.entreculturas.org\/wp-content\/uploads\/2023\/10\/376915401_610423401273617_5840714579103335191_n.jpg","datePublished":"2023-10-13T11:29:32+00:00","dateModified":"2024-09-20T07:50:28+00:00","breadcrumb":{"@id":"https:\/\/www.entreculturas.org\/ca\/la-luz-de-las-ninas\/noticia\/i-will-tell-you-my-story-voces-de-las-ninas-de-africa-del-este\/#breadcrumb"},"inLanguage":"ca","potentialAction":[{"@type":"ReadAction","target":["https:\/\/www.entreculturas.org\/ca\/la-luz-de-las-ninas\/noticia\/i-will-tell-you-my-story-voces-de-las-ninas-de-africa-del-este\/"]}]},{"@type":"ImageObject","inLanguage":"ca","@id":"https:\/\/www.entreculturas.org\/ca\/la-luz-de-las-ninas\/noticia\/i-will-tell-you-my-story-voces-de-las-ninas-de-africa-del-este\/#primaryimage","url":"https:\/\/www.entreculturas.org\/wp-content\/uploads\/2023\/10\/376915401_610423401273617_5840714579103335191_n.jpg","contentUrl":"https:\/\/www.entreculturas.org\/wp-content\/uploads\/2023\/10\/376915401_610423401273617_5840714579103335191_n.jpg","width":768,"height":960},{"@type":"BreadcrumbList","@id":"https:\/\/www.entreculturas.org\/ca\/la-luz-de-las-ninas\/noticia\/i-will-tell-you-my-story-voces-de-las-ninas-de-africa-del-este\/#breadcrumb","itemListElement":[{"@type":"ListItem","position":1,"name":"Home","item":"https:\/\/www.entreculturas.org\/ca\/"},{"@type":"ListItem","position":2,"name":"Noticias LLDLN","item":"https:\/\/www.entreculturas.org\/ca\/noticias-la-luz-de-las-ninas\/"},{"@type":"ListItem","position":3,"name":"\u201cI will tell you my story\u201d: Voces de las ni\u00f1as de \u00c1frica del este."}]},{"@type":"WebSite","@id":"https:\/\/www.entreculturas.org\/ca\/#website","url":"https:\/\/www.entreculturas.org\/ca\/","name":"Entreculturas","description":"","publisher":{"@id":"https:\/\/www.entreculturas.org\/ca\/#organization"},"alternateName":"Entreculturas","potentialAction":[{"@type":"SearchAction","target":{"@type":"EntryPoint","urlTemplate":"https:\/\/www.entreculturas.org\/ca\/?s={search_term_string}"},"query-input":{"@type":"PropertyValueSpecification","valueRequired":true,"valueName":"search_term_string"}}],"inLanguage":"ca"},{"@type":"Organization","@id":"https:\/\/www.entreculturas.org\/ca\/#organization","name":"Entreculturas","url":"https:\/\/www.entreculturas.org\/ca\/","logo":{"@type":"ImageObject","inLanguage":"ca","@id":"https:\/\/www.entreculturas.org\/ca\/#\/schema\/logo\/image\/","url":"https:\/\/www.entreculturas.org\/wp-content\/uploads\/2025\/10\/ESP.svg","contentUrl":"https:\/\/www.entreculturas.org\/wp-content\/uploads\/2025\/10\/ESP.svg","caption":"Entreculturas"},"image":{"@id":"https:\/\/www.entreculturas.org\/ca\/#\/schema\/logo\/image\/"},"sameAs":["https:\/\/www.facebook.com\/entreculturas","https:\/\/x.com\/Entreculturas","https:\/\/www.instagram.com\/entreculturas\/","https:\/\/www.youtube.com\/user\/entreculturasvideo","https:\/\/www.linkedin.com\/company\/fundacion-entreculturas-ngdo\/","https:\/\/www.flickr.com\/photos\/98455522@N04\/albums\/"]}]}},"_links":{"self":[{"href":"https:\/\/www.entreculturas.org\/ca\/wp-json\/wp\/v2\/xxx\/29382","targetHints":{"allow":["GET"]}}],"collection":[{"href":"https:\/\/www.entreculturas.org\/ca\/wp-json\/wp\/v2\/xxx"}],"about":[{"href":"https:\/\/www.entreculturas.org\/ca\/wp-json\/wp\/v2\/types\/xxx"}],"wp:featuredmedia":[{"embeddable":true,"href":"https:\/\/www.entreculturas.org\/ca\/wp-json\/wp\/v2\/media\/29396"}],"wp:attachment":[{"href":"https:\/\/www.entreculturas.org\/ca\/wp-json\/wp\/v2\/media?parent=29382"}],"wp:term":[{"taxonomy":"category","embeddable":true,"href":"https:\/\/www.entreculturas.org\/ca\/wp-json\/wp\/v2\/categories?post=29382"},{"taxonomy":"post_tag","embeddable":true,"href":"https:\/\/www.entreculturas.org\/ca\/wp-json\/wp\/v2\/tags?post=29382"}],"curies":[{"name":"wp","href":"https:\/\/api.w.org\/{rel}","templated":true}]}}