{"id":29378,"date":"2021-03-01T11:07:34","date_gmt":"2021-03-01T10:07:34","guid":{"rendered":"https:\/\/www.entreculturas.org\/?post_type=xxx&#038;p=658"},"modified":"2024-09-19T18:45:38","modified_gmt":"2024-09-19T16:45:38","slug":"educacion-en-emergencia-en-guatemala-la-nueva-normalidad-no-es-asequible-para-todas","status":"publish","type":"xxx","link":"https:\/\/www.entreculturas.org\/ca\/la-luz-de-las-ninas\/noticia\/educacion-en-emergencia-en-guatemala-la-nueva-normalidad-no-es-asequible-para-todas\/","title":{"rendered":"Educaci\u00f3n en emergencia en Guatemala: la nueva normalidad NO es asequible para todas"},"content":{"rendered":"<p><em>El impacto econ\u00f3mico y social que ha dejado la pandemia por COVID19 es una grave crisis de la que much\u00edsimas familias guatemaltecas a\u00fan no se han podido reponer. <strong>Dicha situaci\u00f3n incrementar\u00e1 en los siguientes meses. Lejos de descender junto a la emergencia sanitaria, la crisis en Guatemala se puede agravar en el presente a\u00f1o.<\/strong><\/em><\/p>\n<p>Debido a ello, las familias guatemaltecas han optado por alejar a sus hijas e hijos de los centros educativos desde que la educaci\u00f3n a distancia digital no es una opci\u00f3n viable debido a los altos niveles de pobreza que viven las familias guatemaltecas. M\u00e1s que nunca se hace esencial encontrar mecanismos para brindar educaci\u00f3n en la emergencia, dar acompa\u00f1amiento a las comunidades y personas y, enfatizar en la alimentaci\u00f3n, salud, asistencia psicol\u00f3gica y espiritual.<\/p>\n<p>Para <strong>Fe y Alegr\u00eda Guatemala y el programa La LUZ de las NI\u00d1AS<\/strong> se hace vital mantener vigente el derecho a la educaci\u00f3n para las ni\u00f1as de Guatemala independientemente de las circunstancias de emergencia. Afrontar los desaf\u00edos a corto plazo causado por el inevitable cierre de los centros educativos es prioridad en el 2021. Este esfuerzo se hace necesario para evitar el incremento de la brecha educativa entre ni\u00f1as y ni\u00f1os. Se mantiene vigente el compromiso de llevar educaci\u00f3n igualitaria que pretende evitar el abandono escolar y retraso acad\u00e9mico poniendo en marcha diversas estrategias pedag\u00f3gicas y de gesti\u00f3n escolar en la emergencia.<\/p>\n<p>La estrategia se implementa a raz\u00f3n del cierre obligado de las escuelas desde marzo de 2020 debido a disposiciones gubernamentales que pretenden con ello prevenir la propagaci\u00f3n del COVID-19. Acatando las disposiciones del gobierno y buscando el bienestar de las ni\u00f1as se dise\u00f1a el mecanismo de aprendizaje a distancia que engloba 5 puntos importantes:<\/p>\n<p><em>\u00a0&#8211; Entrega de Kit de Autoaprendizaje<\/em><br \/>\n<em>&#8211; Acompa\u00f1amiento a distancia de Docentes<\/em><br \/>\n<em>&#8211; Intercambio de experiencias de vida: Cartas de \u00c1nimo<\/em><br \/>\n<em>&#8211; Gu\u00eda de Espacios Amigables<\/em><br \/>\n<em>&#8211; Mandalas de Armon\u00eda<\/em><\/p>\n<p>Cada uno de los componentes se hace esencial para el proceso de acompa\u00f1amiento y desarrollo acad\u00e9mico de cada ni\u00f1a de Totonicap\u00e1n, Guatemala. Recientemente dio inicio el ciclo escolar 2021 y con ello el proceso de entrega del factor 1, <strong>Kit de Autoaprendizaje<\/strong> para seguir luchando por una educaci\u00f3n igualitaria y sin discriminaci\u00f3n.<\/p>\n<p>La entrega de los Kits supone el inicio de un nuevo ciclo escolar. Sin importar las dificultades, <strong>La LUZ de las NI\u00d1AS sigue aportando para evitar el incremento de la brecha de desigualdad de g\u00e9nero<\/strong>; hoy m\u00e1s que nunca el compromiso de la LUZ de las NI\u00d1AS en Guatemala se hace m\u00e1s fuerte y latente.<\/p>\n<p><img decoding=\"async\" class=\"alignnone wp-image-662 size-full\" src=\"https:\/\/www.entreculturas.org\/wp-content\/uploads\/2021\/03\/foos-horiz.jpg\" alt=\"\" width=\"1991\" height=\"1032\" srcset=\"https:\/\/www.entreculturas.org\/wp-content\/uploads\/2021\/03\/foos-horiz.jpg 1991w, https:\/\/www.entreculturas.org\/wp-content\/uploads\/2021\/03\/foos-horiz-300x155.jpg 300w, https:\/\/www.entreculturas.org\/wp-content\/uploads\/2021\/03\/foos-horiz-1024x531.jpg 1024w, https:\/\/www.entreculturas.org\/wp-content\/uploads\/2021\/03\/foos-horiz-768x398.jpg 768w, https:\/\/www.entreculturas.org\/wp-content\/uploads\/2021\/03\/foos-horiz-1536x796.jpg 1536w\" sizes=\"(max-width: 1991px) 100vw, 1991px\" \/><\/p>\n<p>Texto y fotos: Fe y Alegr\u00eda Guatemala<\/p>\n","protected":false},"excerpt":{"rendered":"<p>El impacto econ\u00f3mico y social que ha dejado la pandemia por COVID19 es una grave crisis de la que much\u00edsimas familias guatemaltecas a\u00fan no se han podido reponer. Dicha situaci\u00f3n incrementar\u00e1 en los siguientes meses. Lejos de descender junto a la emergencia sanitaria, la crisis en Guatemala se puede agravar en el presente a\u00f1o. Debido a ello, las familias guatemaltecas han optado por alejar a sus hijas e hijos de los centros educativos desde que la educaci\u00f3n a distancia digital no es una opci\u00f3n viable debido a los altos niveles de pobreza que viven las familias guatemaltecas. M\u00e1s que nunca se hace esencial encontrar mecanismos para brindar educaci\u00f3n en la emergencia, dar acompa\u00f1amiento a las comunidades y personas y, enfatizar en la alimentaci\u00f3n, salud, asistencia psicol\u00f3gica y espiritual. Para Fe y Alegr\u00eda Guatemala y el programa La LUZ de las NI\u00d1AS se hace vital mantener vigente el derecho a la [&hellip;]<\/p>\n","protected":false},"featured_media":664,"template":"wp-custom-template-noticias-la-luz-de-las-ninas-2","meta":{"_acf_changed":false},"categories":[7],"tags":[],"class_list":["post-29378","xxx","type-xxx","status-publish","has-post-thumbnail","hentry","category-noticia"],"acf":[],"yoast_head":"<!-- This site is optimized with the Yoast SEO Premium plugin v21.6 (Yoast SEO v27.5) - https:\/\/yoast.com\/product\/yoast-seo-premium-wordpress\/ -->\n<title>Educaci\u00f3n en emergencia en Guatemala: la nueva normalidad NO es asequible para todas - Entreculturas<\/title>\n<meta name=\"robots\" content=\"index, follow, max-snippet:-1, max-image-preview:large, max-video-preview:-1\" \/>\n<link rel=\"canonical\" href=\"https:\/\/www.entreculturas.org\/ca\/la-luz-de-las-ninas\/noticia\/educacion-en-emergencia-en-guatemala-la-nueva-normalidad-no-es-asequible-para-todas\/\" \/>\n<meta property=\"og:locale\" content=\"ca_ES\" \/>\n<meta property=\"og:type\" content=\"article\" \/>\n<meta property=\"og:title\" content=\"Educaci\u00f3n en emergencia en Guatemala: la nueva normalidad NO es asequible para todas\" \/>\n<meta property=\"og:description\" content=\"El impacto econ\u00f3mico y social que ha dejado la pandemia por COVID19 es una grave crisis de la que much\u00edsimas familias guatemaltecas a\u00fan no se han podido reponer. Dicha situaci\u00f3n incrementar\u00e1 en los siguientes meses. Lejos de descender junto a la emergencia sanitaria, la crisis en Guatemala se puede agravar en el presente a\u00f1o. Debido a ello, las familias guatemaltecas han optado por alejar a sus hijas e hijos de los centros educativos desde que la educaci\u00f3n a distancia digital no es una opci\u00f3n viable debido a los altos niveles de pobreza que viven las familias guatemaltecas. M\u00e1s que nunca se hace esencial encontrar mecanismos para brindar educaci\u00f3n en la emergencia, dar acompa\u00f1amiento a las comunidades y personas y, enfatizar en la alimentaci\u00f3n, salud, asistencia psicol\u00f3gica y espiritual. Para Fe y Alegr\u00eda Guatemala y el programa La LUZ de las NI\u00d1AS se hace vital mantener vigente el derecho a la [&hellip;]\" \/>\n<meta property=\"og:url\" content=\"https:\/\/www.entreculturas.org\/ca\/la-luz-de-las-ninas\/noticia\/educacion-en-emergencia-en-guatemala-la-nueva-normalidad-no-es-asequible-para-todas\/\" \/>\n<meta property=\"og:site_name\" content=\"Entreculturas\" \/>\n<meta property=\"article:publisher\" content=\"https:\/\/www.facebook.com\/entreculturas\" \/>\n<meta property=\"article:modified_time\" content=\"2024-09-19T16:45:38+00:00\" \/>\n<meta property=\"og:image\" content=\"https:\/\/www.entreculturas.org\/wp-content\/uploads\/2021\/03\/unnamed-2-2.jpg\" \/>\n\t<meta property=\"og:image:width\" content=\"647\" \/>\n\t<meta property=\"og:image:height\" content=\"563\" \/>\n\t<meta property=\"og:image:type\" content=\"image\/jpeg\" \/>\n<meta name=\"twitter:card\" content=\"summary_large_image\" \/>\n<meta name=\"twitter:site\" content=\"@Entreculturas\" \/>\n<script type=\"application\/ld+json\" class=\"yoast-schema-graph\">{\"@context\":\"https:\\\/\\\/schema.org\",\"@graph\":[{\"@type\":\"WebPage\",\"@id\":\"https:\\\/\\\/www.entreculturas.org\\\/ca\\\/la-luz-de-las-ninas\\\/noticia\\\/educacion-en-emergencia-en-guatemala-la-nueva-normalidad-no-es-asequible-para-todas\\\/\",\"url\":\"https:\\\/\\\/www.entreculturas.org\\\/ca\\\/la-luz-de-las-ninas\\\/noticia\\\/educacion-en-emergencia-en-guatemala-la-nueva-normalidad-no-es-asequible-para-todas\\\/\",\"name\":\"Educaci\u00f3n en emergencia en Guatemala: la nueva normalidad NO es asequible para todas - Entreculturas\",\"isPartOf\":{\"@id\":\"https:\\\/\\\/www.entreculturas.org\\\/ca\\\/#website\"},\"primaryImageOfPage\":{\"@id\":\"https:\\\/\\\/www.entreculturas.org\\\/ca\\\/la-luz-de-las-ninas\\\/noticia\\\/educacion-en-emergencia-en-guatemala-la-nueva-normalidad-no-es-asequible-para-todas\\\/#primaryimage\"},\"image\":{\"@id\":\"https:\\\/\\\/www.entreculturas.org\\\/ca\\\/la-luz-de-las-ninas\\\/noticia\\\/educacion-en-emergencia-en-guatemala-la-nueva-normalidad-no-es-asequible-para-todas\\\/#primaryimage\"},\"thumbnailUrl\":\"https:\\\/\\\/www.entreculturas.org\\\/wp-content\\\/uploads\\\/2021\\\/03\\\/unnamed-2-2.jpg\",\"datePublished\":\"2021-03-01T10:07:34+00:00\",\"dateModified\":\"2024-09-19T16:45:38+00:00\",\"breadcrumb\":{\"@id\":\"https:\\\/\\\/www.entreculturas.org\\\/ca\\\/la-luz-de-las-ninas\\\/noticia\\\/educacion-en-emergencia-en-guatemala-la-nueva-normalidad-no-es-asequible-para-todas\\\/#breadcrumb\"},\"inLanguage\":\"ca\",\"potentialAction\":[{\"@type\":\"ReadAction\",\"target\":[\"https:\\\/\\\/www.entreculturas.org\\\/ca\\\/la-luz-de-las-ninas\\\/noticia\\\/educacion-en-emergencia-en-guatemala-la-nueva-normalidad-no-es-asequible-para-todas\\\/\"]}]},{\"@type\":\"ImageObject\",\"inLanguage\":\"ca\",\"@id\":\"https:\\\/\\\/www.entreculturas.org\\\/ca\\\/la-luz-de-las-ninas\\\/noticia\\\/educacion-en-emergencia-en-guatemala-la-nueva-normalidad-no-es-asequible-para-todas\\\/#primaryimage\",\"url\":\"https:\\\/\\\/www.entreculturas.org\\\/wp-content\\\/uploads\\\/2021\\\/03\\\/unnamed-2-2.jpg\",\"contentUrl\":\"https:\\\/\\\/www.entreculturas.org\\\/wp-content\\\/uploads\\\/2021\\\/03\\\/unnamed-2-2.jpg\",\"width\":647,\"height\":563},{\"@type\":\"BreadcrumbList\",\"@id\":\"https:\\\/\\\/www.entreculturas.org\\\/ca\\\/la-luz-de-las-ninas\\\/noticia\\\/educacion-en-emergencia-en-guatemala-la-nueva-normalidad-no-es-asequible-para-todas\\\/#breadcrumb\",\"itemListElement\":[{\"@type\":\"ListItem\",\"position\":1,\"name\":\"Home\",\"item\":\"https:\\\/\\\/www.entreculturas.org\\\/ca\\\/\"},{\"@type\":\"ListItem\",\"position\":2,\"name\":\"Noticias LLDLN\",\"item\":\"https:\\\/\\\/www.entreculturas.org\\\/ca\\\/noticias-la-luz-de-las-ninas\\\/\"},{\"@type\":\"ListItem\",\"position\":3,\"name\":\"Educaci\u00f3n en emergencia en Guatemala: la nueva normalidad NO es asequible para todas\"}]},{\"@type\":\"WebSite\",\"@id\":\"https:\\\/\\\/www.entreculturas.org\\\/ca\\\/#website\",\"url\":\"https:\\\/\\\/www.entreculturas.org\\\/ca\\\/\",\"name\":\"Entreculturas\",\"description\":\"\",\"publisher\":{\"@id\":\"https:\\\/\\\/www.entreculturas.org\\\/ca\\\/#organization\"},\"alternateName\":\"Entreculturas\",\"potentialAction\":[{\"@type\":\"SearchAction\",\"target\":{\"@type\":\"EntryPoint\",\"urlTemplate\":\"https:\\\/\\\/www.entreculturas.org\\\/ca\\\/?s={search_term_string}\"},\"query-input\":{\"@type\":\"PropertyValueSpecification\",\"valueRequired\":true,\"valueName\":\"search_term_string\"}}],\"inLanguage\":\"ca\"},{\"@type\":\"Organization\",\"@id\":\"https:\\\/\\\/www.entreculturas.org\\\/ca\\\/#organization\",\"name\":\"Entreculturas\",\"url\":\"https:\\\/\\\/www.entreculturas.org\\\/ca\\\/\",\"logo\":{\"@type\":\"ImageObject\",\"inLanguage\":\"ca\",\"@id\":\"https:\\\/\\\/www.entreculturas.org\\\/ca\\\/#\\\/schema\\\/logo\\\/image\\\/\",\"url\":\"https:\\\/\\\/www.entreculturas.org\\\/wp-content\\\/uploads\\\/2025\\\/10\\\/ESP.svg\",\"contentUrl\":\"https:\\\/\\\/www.entreculturas.org\\\/wp-content\\\/uploads\\\/2025\\\/10\\\/ESP.svg\",\"caption\":\"Entreculturas\"},\"image\":{\"@id\":\"https:\\\/\\\/www.entreculturas.org\\\/ca\\\/#\\\/schema\\\/logo\\\/image\\\/\"},\"sameAs\":[\"https:\\\/\\\/www.facebook.com\\\/entreculturas\",\"https:\\\/\\\/x.com\\\/Entreculturas\",\"https:\\\/\\\/www.instagram.com\\\/entreculturas\\\/\",\"https:\\\/\\\/www.youtube.com\\\/user\\\/entreculturasvideo\",\"https:\\\/\\\/www.linkedin.com\\\/company\\\/fundacion-entreculturas-ngdo\\\/\",\"https:\\\/\\\/www.flickr.com\\\/photos\\\/98455522@N04\\\/albums\\\/\"]}]}<\/script>\n<!-- \/ Yoast SEO Premium plugin. -->","yoast_head_json":{"title":"Educaci\u00f3n en emergencia en Guatemala: la nueva normalidad NO es asequible para todas - Entreculturas","robots":{"index":"index","follow":"follow","max-snippet":"max-snippet:-1","max-image-preview":"max-image-preview:large","max-video-preview":"max-video-preview:-1"},"canonical":"https:\/\/www.entreculturas.org\/ca\/la-luz-de-las-ninas\/noticia\/educacion-en-emergencia-en-guatemala-la-nueva-normalidad-no-es-asequible-para-todas\/","og_locale":"ca_ES","og_type":"article","og_title":"Educaci\u00f3n en emergencia en Guatemala: la nueva normalidad NO es asequible para todas","og_description":"El impacto econ\u00f3mico y social que ha dejado la pandemia por COVID19 es una grave crisis de la que much\u00edsimas familias guatemaltecas a\u00fan no se han podido reponer. Dicha situaci\u00f3n incrementar\u00e1 en los siguientes meses. Lejos de descender junto a la emergencia sanitaria, la crisis en Guatemala se puede agravar en el presente a\u00f1o. Debido a ello, las familias guatemaltecas han optado por alejar a sus hijas e hijos de los centros educativos desde que la educaci\u00f3n a distancia digital no es una opci\u00f3n viable debido a los altos niveles de pobreza que viven las familias guatemaltecas. M\u00e1s que nunca se hace esencial encontrar mecanismos para brindar educaci\u00f3n en la emergencia, dar acompa\u00f1amiento a las comunidades y personas y, enfatizar en la alimentaci\u00f3n, salud, asistencia psicol\u00f3gica y espiritual. Para Fe y Alegr\u00eda Guatemala y el programa La LUZ de las NI\u00d1AS se hace vital mantener vigente el derecho a la [&hellip;]","og_url":"https:\/\/www.entreculturas.org\/ca\/la-luz-de-las-ninas\/noticia\/educacion-en-emergencia-en-guatemala-la-nueva-normalidad-no-es-asequible-para-todas\/","og_site_name":"Entreculturas","article_publisher":"https:\/\/www.facebook.com\/entreculturas","article_modified_time":"2024-09-19T16:45:38+00:00","og_image":[{"width":647,"height":563,"url":"https:\/\/www.entreculturas.org\/wp-content\/uploads\/2021\/03\/unnamed-2-2.jpg","type":"image\/jpeg"}],"twitter_card":"summary_large_image","twitter_site":"@Entreculturas","schema":{"@context":"https:\/\/schema.org","@graph":[{"@type":"WebPage","@id":"https:\/\/www.entreculturas.org\/ca\/la-luz-de-las-ninas\/noticia\/educacion-en-emergencia-en-guatemala-la-nueva-normalidad-no-es-asequible-para-todas\/","url":"https:\/\/www.entreculturas.org\/ca\/la-luz-de-las-ninas\/noticia\/educacion-en-emergencia-en-guatemala-la-nueva-normalidad-no-es-asequible-para-todas\/","name":"Educaci\u00f3n en emergencia en Guatemala: la nueva normalidad NO es asequible para todas - Entreculturas","isPartOf":{"@id":"https:\/\/www.entreculturas.org\/ca\/#website"},"primaryImageOfPage":{"@id":"https:\/\/www.entreculturas.org\/ca\/la-luz-de-las-ninas\/noticia\/educacion-en-emergencia-en-guatemala-la-nueva-normalidad-no-es-asequible-para-todas\/#primaryimage"},"image":{"@id":"https:\/\/www.entreculturas.org\/ca\/la-luz-de-las-ninas\/noticia\/educacion-en-emergencia-en-guatemala-la-nueva-normalidad-no-es-asequible-para-todas\/#primaryimage"},"thumbnailUrl":"https:\/\/www.entreculturas.org\/wp-content\/uploads\/2021\/03\/unnamed-2-2.jpg","datePublished":"2021-03-01T10:07:34+00:00","dateModified":"2024-09-19T16:45:38+00:00","breadcrumb":{"@id":"https:\/\/www.entreculturas.org\/ca\/la-luz-de-las-ninas\/noticia\/educacion-en-emergencia-en-guatemala-la-nueva-normalidad-no-es-asequible-para-todas\/#breadcrumb"},"inLanguage":"ca","potentialAction":[{"@type":"ReadAction","target":["https:\/\/www.entreculturas.org\/ca\/la-luz-de-las-ninas\/noticia\/educacion-en-emergencia-en-guatemala-la-nueva-normalidad-no-es-asequible-para-todas\/"]}]},{"@type":"ImageObject","inLanguage":"ca","@id":"https:\/\/www.entreculturas.org\/ca\/la-luz-de-las-ninas\/noticia\/educacion-en-emergencia-en-guatemala-la-nueva-normalidad-no-es-asequible-para-todas\/#primaryimage","url":"https:\/\/www.entreculturas.org\/wp-content\/uploads\/2021\/03\/unnamed-2-2.jpg","contentUrl":"https:\/\/www.entreculturas.org\/wp-content\/uploads\/2021\/03\/unnamed-2-2.jpg","width":647,"height":563},{"@type":"BreadcrumbList","@id":"https:\/\/www.entreculturas.org\/ca\/la-luz-de-las-ninas\/noticia\/educacion-en-emergencia-en-guatemala-la-nueva-normalidad-no-es-asequible-para-todas\/#breadcrumb","itemListElement":[{"@type":"ListItem","position":1,"name":"Home","item":"https:\/\/www.entreculturas.org\/ca\/"},{"@type":"ListItem","position":2,"name":"Noticias LLDLN","item":"https:\/\/www.entreculturas.org\/ca\/noticias-la-luz-de-las-ninas\/"},{"@type":"ListItem","position":3,"name":"Educaci\u00f3n en emergencia en Guatemala: la nueva normalidad NO es asequible para todas"}]},{"@type":"WebSite","@id":"https:\/\/www.entreculturas.org\/ca\/#website","url":"https:\/\/www.entreculturas.org\/ca\/","name":"Entreculturas","description":"","publisher":{"@id":"https:\/\/www.entreculturas.org\/ca\/#organization"},"alternateName":"Entreculturas","potentialAction":[{"@type":"SearchAction","target":{"@type":"EntryPoint","urlTemplate":"https:\/\/www.entreculturas.org\/ca\/?s={search_term_string}"},"query-input":{"@type":"PropertyValueSpecification","valueRequired":true,"valueName":"search_term_string"}}],"inLanguage":"ca"},{"@type":"Organization","@id":"https:\/\/www.entreculturas.org\/ca\/#organization","name":"Entreculturas","url":"https:\/\/www.entreculturas.org\/ca\/","logo":{"@type":"ImageObject","inLanguage":"ca","@id":"https:\/\/www.entreculturas.org\/ca\/#\/schema\/logo\/image\/","url":"https:\/\/www.entreculturas.org\/wp-content\/uploads\/2025\/10\/ESP.svg","contentUrl":"https:\/\/www.entreculturas.org\/wp-content\/uploads\/2025\/10\/ESP.svg","caption":"Entreculturas"},"image":{"@id":"https:\/\/www.entreculturas.org\/ca\/#\/schema\/logo\/image\/"},"sameAs":["https:\/\/www.facebook.com\/entreculturas","https:\/\/x.com\/Entreculturas","https:\/\/www.instagram.com\/entreculturas\/","https:\/\/www.youtube.com\/user\/entreculturasvideo","https:\/\/www.linkedin.com\/company\/fundacion-entreculturas-ngdo\/","https:\/\/www.flickr.com\/photos\/98455522@N04\/albums\/"]}]}},"_links":{"self":[{"href":"https:\/\/www.entreculturas.org\/ca\/wp-json\/wp\/v2\/xxx\/29378","targetHints":{"allow":["GET"]}}],"collection":[{"href":"https:\/\/www.entreculturas.org\/ca\/wp-json\/wp\/v2\/xxx"}],"about":[{"href":"https:\/\/www.entreculturas.org\/ca\/wp-json\/wp\/v2\/types\/xxx"}],"wp:featuredmedia":[{"embeddable":true,"href":"https:\/\/www.entreculturas.org\/ca\/wp-json\/wp\/v2\/media\/664"}],"wp:attachment":[{"href":"https:\/\/www.entreculturas.org\/ca\/wp-json\/wp\/v2\/media?parent=29378"}],"wp:term":[{"taxonomy":"category","embeddable":true,"href":"https:\/\/www.entreculturas.org\/ca\/wp-json\/wp\/v2\/categories?post=29378"},{"taxonomy":"post_tag","embeddable":true,"href":"https:\/\/www.entreculturas.org\/ca\/wp-json\/wp\/v2\/tags?post=29378"}],"curies":[{"name":"wp","href":"https:\/\/api.w.org\/{rel}","templated":true}]}}