{"id":7966,"date":"2015-05-11T14:28:07","date_gmt":"2015-05-11T14:28:07","guid":{"rendered":"https:\/\/entreculturasi.wpenginepowered.com\/?publicaciones=la-recuperaci-n-de-la-historia-desde-una-perpectiva-ind-gena"},"modified":"2023-12-10T17:51:40","modified_gmt":"2023-12-10T16:51:40","slug":"la-recuperaci-n-de-la-historia-desde-una-perpectiva-ind-gena","status":"publish","type":"publicacion","link":"https:\/\/www.entreculturas.org\/ca\/publicacion\/la-recuperaci-n-de-la-historia-desde-una-perpectiva-ind-gena\/","title":{"rendered":"La recuperaci\u00f3n de la Historia desde una perpectiva Ind\u00edgena"},"content":{"rendered":"<p><!--StartFragment-->Este librito hace \u00e9nfasis en la historia propia, la de cada uno de nosotros, con la idea de ir adoptando un enfoque hist\u00f3rico donde vayamos sinti\u00e9ndonos sujetos del hacer en el tiempo y donde comencemos a cultivar la construcci\u00f3n del pasado desde m\u00faltiples miradas.<!--EndFragment--><\/p>\n","protected":false},"excerpt":{"rendered":"<p>Este librito hace \u00e9nfasis en la historia propia, la de cada uno de nosotros, con la idea de ir adoptando un enfoque hist\u00f3rico donde vayamos sinti\u00e9ndonos sujetos del hacer en el tiempo y donde comencemos a cultivar la construcci\u00f3n del pasado desde m\u00faltiples miradas.<\/p>\n","protected":false},"featured_media":1866,"template":"","format":[112],"categories":[18],"tags":[],"cause":[],"class_list":["post-7966","publicacion","type-publicacion","status-publish","has-post-thumbnail","hentry","category-estudios","format-estudios-e-informes"],"acf":[],"yoast_head":"<!-- This site is optimized with the Yoast SEO Premium plugin v21.6 (Yoast SEO v27.5) - https:\/\/yoast.com\/product\/yoast-seo-premium-wordpress\/ -->\n<title>La recuperaci\u00f3n de la Historia desde una perpectiva Ind\u00edgena - Entreculturas<\/title>\n<meta name=\"robots\" content=\"index, follow, max-snippet:-1, max-image-preview:large, max-video-preview:-1\" \/>\n<link rel=\"canonical\" href=\"https:\/\/www.entreculturas.org\/ca\/publicacion\/la-recuperaci-n-de-la-historia-desde-una-perpectiva-ind-gena\/\" \/>\n<meta property=\"og:locale\" content=\"ca_ES\" \/>\n<meta property=\"og:type\" content=\"article\" \/>\n<meta property=\"og:title\" content=\"La recuperaci\u00f3n de la Historia desde una perpectiva Ind\u00edgena\" \/>\n<meta property=\"og:description\" content=\"Este librito hace \u00e9nfasis en la historia propia, la de cada uno de nosotros, con la idea de ir adoptando un enfoque hist\u00f3rico donde vayamos sinti\u00e9ndonos sujetos del hacer en el tiempo y donde comencemos a cultivar la construcci\u00f3n del pasado desde m\u00faltiples miradas.\" \/>\n<meta property=\"og:url\" content=\"https:\/\/www.entreculturas.org\/ca\/publicacion\/la-recuperaci-n-de-la-historia-desde-una-perpectiva-ind-gena\/\" \/>\n<meta property=\"og:site_name\" content=\"Entreculturas\" \/>\n<meta property=\"article:publisher\" content=\"https:\/\/www.facebook.com\/entreculturas\" \/>\n<meta property=\"article:modified_time\" content=\"2023-12-10T16:51:40+00:00\" \/>\n<meta name=\"twitter:card\" content=\"summary_large_image\" \/>\n<meta name=\"twitter:site\" content=\"@Entreculturas\" \/>\n<script type=\"application\/ld+json\" class=\"yoast-schema-graph\">{\"@context\":\"https:\\\/\\\/schema.org\",\"@graph\":[{\"@type\":\"WebPage\",\"@id\":\"https:\\\/\\\/www.entreculturas.org\\\/ca\\\/publicacion\\\/la-recuperaci-n-de-la-historia-desde-una-perpectiva-ind-gena\\\/\",\"url\":\"https:\\\/\\\/www.entreculturas.org\\\/ca\\\/publicacion\\\/la-recuperaci-n-de-la-historia-desde-una-perpectiva-ind-gena\\\/\",\"name\":\"La recuperaci\u00f3n de la Historia desde una perpectiva Ind\u00edgena - Entreculturas\",\"isPartOf\":{\"@id\":\"https:\\\/\\\/www.entreculturas.org\\\/ca\\\/#website\"},\"primaryImageOfPage\":{\"@id\":\"https:\\\/\\\/www.entreculturas.org\\\/ca\\\/publicacion\\\/la-recuperaci-n-de-la-historia-desde-una-perpectiva-ind-gena\\\/#primaryimage\"},\"image\":{\"@id\":\"https:\\\/\\\/www.entreculturas.org\\\/ca\\\/publicacion\\\/la-recuperaci-n-de-la-historia-desde-una-perpectiva-ind-gena\\\/#primaryimage\"},\"thumbnailUrl\":\"\",\"datePublished\":\"2015-05-11T14:28:07+00:00\",\"dateModified\":\"2023-12-10T16:51:40+00:00\",\"breadcrumb\":{\"@id\":\"https:\\\/\\\/www.entreculturas.org\\\/ca\\\/publicacion\\\/la-recuperaci-n-de-la-historia-desde-una-perpectiva-ind-gena\\\/#breadcrumb\"},\"inLanguage\":\"ca\",\"potentialAction\":[{\"@type\":\"ReadAction\",\"target\":[\"https:\\\/\\\/www.entreculturas.org\\\/ca\\\/publicacion\\\/la-recuperaci-n-de-la-historia-desde-una-perpectiva-ind-gena\\\/\"]}]},{\"@type\":\"ImageObject\",\"inLanguage\":\"ca\",\"@id\":\"https:\\\/\\\/www.entreculturas.org\\\/ca\\\/publicacion\\\/la-recuperaci-n-de-la-historia-desde-una-perpectiva-ind-gena\\\/#primaryimage\",\"url\":\"\",\"contentUrl\":\"\"},{\"@type\":\"BreadcrumbList\",\"@id\":\"https:\\\/\\\/www.entreculturas.org\\\/ca\\\/publicacion\\\/la-recuperaci-n-de-la-historia-desde-una-perpectiva-ind-gena\\\/#breadcrumb\",\"itemListElement\":[{\"@type\":\"ListItem\",\"position\":1,\"name\":\"Home\",\"item\":\"https:\\\/\\\/www.entreculturas.org\\\/ca\\\/\"},{\"@type\":\"ListItem\",\"position\":2,\"name\":\"Publicaciones\",\"item\":\"https:\\\/\\\/www.entreculturas.org\\\/ca\\\/publicaciones\\\/\"},{\"@type\":\"ListItem\",\"position\":3,\"name\":\"La recuperaci\u00f3n de la Historia desde una perpectiva Ind\u00edgena\"}]},{\"@type\":\"WebSite\",\"@id\":\"https:\\\/\\\/www.entreculturas.org\\\/ca\\\/#website\",\"url\":\"https:\\\/\\\/www.entreculturas.org\\\/ca\\\/\",\"name\":\"Entreculturas\",\"description\":\"\",\"publisher\":{\"@id\":\"https:\\\/\\\/www.entreculturas.org\\\/ca\\\/#organization\"},\"alternateName\":\"Entreculturas\",\"potentialAction\":[{\"@type\":\"SearchAction\",\"target\":{\"@type\":\"EntryPoint\",\"urlTemplate\":\"https:\\\/\\\/www.entreculturas.org\\\/ca\\\/?s={search_term_string}\"},\"query-input\":{\"@type\":\"PropertyValueSpecification\",\"valueRequired\":true,\"valueName\":\"search_term_string\"}}],\"inLanguage\":\"ca\"},{\"@type\":\"Organization\",\"@id\":\"https:\\\/\\\/www.entreculturas.org\\\/ca\\\/#organization\",\"name\":\"Entreculturas\",\"url\":\"https:\\\/\\\/www.entreculturas.org\\\/ca\\\/\",\"logo\":{\"@type\":\"ImageObject\",\"inLanguage\":\"ca\",\"@id\":\"https:\\\/\\\/www.entreculturas.org\\\/ca\\\/#\\\/schema\\\/logo\\\/image\\\/\",\"url\":\"https:\\\/\\\/www.entreculturas.org\\\/wp-content\\\/uploads\\\/2025\\\/10\\\/ESP.svg\",\"contentUrl\":\"https:\\\/\\\/www.entreculturas.org\\\/wp-content\\\/uploads\\\/2025\\\/10\\\/ESP.svg\",\"caption\":\"Entreculturas\"},\"image\":{\"@id\":\"https:\\\/\\\/www.entreculturas.org\\\/ca\\\/#\\\/schema\\\/logo\\\/image\\\/\"},\"sameAs\":[\"https:\\\/\\\/www.facebook.com\\\/entreculturas\",\"https:\\\/\\\/x.com\\\/Entreculturas\",\"https:\\\/\\\/www.instagram.com\\\/entreculturas\\\/\",\"https:\\\/\\\/www.youtube.com\\\/user\\\/entreculturasvideo\",\"https:\\\/\\\/www.linkedin.com\\\/company\\\/fundacion-entreculturas-ngdo\\\/\",\"https:\\\/\\\/www.flickr.com\\\/photos\\\/98455522@N04\\\/albums\\\/\"]}]}<\/script>\n<!-- \/ Yoast SEO Premium plugin. -->","yoast_head_json":{"title":"La recuperaci\u00f3n de la Historia desde una perpectiva Ind\u00edgena - Entreculturas","robots":{"index":"index","follow":"follow","max-snippet":"max-snippet:-1","max-image-preview":"max-image-preview:large","max-video-preview":"max-video-preview:-1"},"canonical":"https:\/\/www.entreculturas.org\/ca\/publicacion\/la-recuperaci-n-de-la-historia-desde-una-perpectiva-ind-gena\/","og_locale":"ca_ES","og_type":"article","og_title":"La recuperaci\u00f3n de la Historia desde una perpectiva Ind\u00edgena","og_description":"Este librito hace \u00e9nfasis en la historia propia, la de cada uno de nosotros, con la idea de ir adoptando un enfoque hist\u00f3rico donde vayamos sinti\u00e9ndonos sujetos del hacer en el tiempo y donde comencemos a cultivar la construcci\u00f3n del pasado desde m\u00faltiples miradas.","og_url":"https:\/\/www.entreculturas.org\/ca\/publicacion\/la-recuperaci-n-de-la-historia-desde-una-perpectiva-ind-gena\/","og_site_name":"Entreculturas","article_publisher":"https:\/\/www.facebook.com\/entreculturas","article_modified_time":"2023-12-10T16:51:40+00:00","twitter_card":"summary_large_image","twitter_site":"@Entreculturas","schema":{"@context":"https:\/\/schema.org","@graph":[{"@type":"WebPage","@id":"https:\/\/www.entreculturas.org\/ca\/publicacion\/la-recuperaci-n-de-la-historia-desde-una-perpectiva-ind-gena\/","url":"https:\/\/www.entreculturas.org\/ca\/publicacion\/la-recuperaci-n-de-la-historia-desde-una-perpectiva-ind-gena\/","name":"La recuperaci\u00f3n de la Historia desde una perpectiva Ind\u00edgena - Entreculturas","isPartOf":{"@id":"https:\/\/www.entreculturas.org\/ca\/#website"},"primaryImageOfPage":{"@id":"https:\/\/www.entreculturas.org\/ca\/publicacion\/la-recuperaci-n-de-la-historia-desde-una-perpectiva-ind-gena\/#primaryimage"},"image":{"@id":"https:\/\/www.entreculturas.org\/ca\/publicacion\/la-recuperaci-n-de-la-historia-desde-una-perpectiva-ind-gena\/#primaryimage"},"thumbnailUrl":"","datePublished":"2015-05-11T14:28:07+00:00","dateModified":"2023-12-10T16:51:40+00:00","breadcrumb":{"@id":"https:\/\/www.entreculturas.org\/ca\/publicacion\/la-recuperaci-n-de-la-historia-desde-una-perpectiva-ind-gena\/#breadcrumb"},"inLanguage":"ca","potentialAction":[{"@type":"ReadAction","target":["https:\/\/www.entreculturas.org\/ca\/publicacion\/la-recuperaci-n-de-la-historia-desde-una-perpectiva-ind-gena\/"]}]},{"@type":"ImageObject","inLanguage":"ca","@id":"https:\/\/www.entreculturas.org\/ca\/publicacion\/la-recuperaci-n-de-la-historia-desde-una-perpectiva-ind-gena\/#primaryimage","url":"","contentUrl":""},{"@type":"BreadcrumbList","@id":"https:\/\/www.entreculturas.org\/ca\/publicacion\/la-recuperaci-n-de-la-historia-desde-una-perpectiva-ind-gena\/#breadcrumb","itemListElement":[{"@type":"ListItem","position":1,"name":"Home","item":"https:\/\/www.entreculturas.org\/ca\/"},{"@type":"ListItem","position":2,"name":"Publicaciones","item":"https:\/\/www.entreculturas.org\/ca\/publicaciones\/"},{"@type":"ListItem","position":3,"name":"La recuperaci\u00f3n de la Historia desde una perpectiva Ind\u00edgena"}]},{"@type":"WebSite","@id":"https:\/\/www.entreculturas.org\/ca\/#website","url":"https:\/\/www.entreculturas.org\/ca\/","name":"Entreculturas","description":"","publisher":{"@id":"https:\/\/www.entreculturas.org\/ca\/#organization"},"alternateName":"Entreculturas","potentialAction":[{"@type":"SearchAction","target":{"@type":"EntryPoint","urlTemplate":"https:\/\/www.entreculturas.org\/ca\/?s={search_term_string}"},"query-input":{"@type":"PropertyValueSpecification","valueRequired":true,"valueName":"search_term_string"}}],"inLanguage":"ca"},{"@type":"Organization","@id":"https:\/\/www.entreculturas.org\/ca\/#organization","name":"Entreculturas","url":"https:\/\/www.entreculturas.org\/ca\/","logo":{"@type":"ImageObject","inLanguage":"ca","@id":"https:\/\/www.entreculturas.org\/ca\/#\/schema\/logo\/image\/","url":"https:\/\/www.entreculturas.org\/wp-content\/uploads\/2025\/10\/ESP.svg","contentUrl":"https:\/\/www.entreculturas.org\/wp-content\/uploads\/2025\/10\/ESP.svg","caption":"Entreculturas"},"image":{"@id":"https:\/\/www.entreculturas.org\/ca\/#\/schema\/logo\/image\/"},"sameAs":["https:\/\/www.facebook.com\/entreculturas","https:\/\/x.com\/Entreculturas","https:\/\/www.instagram.com\/entreculturas\/","https:\/\/www.youtube.com\/user\/entreculturasvideo","https:\/\/www.linkedin.com\/company\/fundacion-entreculturas-ngdo\/","https:\/\/www.flickr.com\/photos\/98455522@N04\/albums\/"]}]}},"_links":{"self":[{"href":"https:\/\/www.entreculturas.org\/ca\/wp-json\/wp\/v2\/publicacion\/7966","targetHints":{"allow":["GET"]}}],"collection":[{"href":"https:\/\/www.entreculturas.org\/ca\/wp-json\/wp\/v2\/publicacion"}],"about":[{"href":"https:\/\/www.entreculturas.org\/ca\/wp-json\/wp\/v2\/types\/publicacion"}],"wp:featuredmedia":[{"embeddable":true,"href":"https:\/\/www.entreculturas.org\/ca\/wp-json\/"}],"wp:attachment":[{"href":"https:\/\/www.entreculturas.org\/ca\/wp-json\/wp\/v2\/media?parent=7966"}],"wp:term":[{"taxonomy":"category","embeddable":true,"href":"https:\/\/www.entreculturas.org\/ca\/wp-json\/wp\/v2\/categories?post=7966"},{"taxonomy":"post_tag","embeddable":true,"href":"https:\/\/www.entreculturas.org\/ca\/wp-json\/wp\/v2\/tags?post=7966"},{"taxonomy":"cause","embeddable":true,"href":"https:\/\/www.entreculturas.org\/ca\/wp-json\/wp\/v2\/cause?post=7966"},{"taxonomy":"format","embeddable":true,"href":"https:\/\/www.entreculturas.org\/ca\/wp-json\/wp\/v2\/format?post=7966"}],"curies":[{"name":"wp","href":"https:\/\/api.w.org\/{rel}","templated":true}]}}