{"id":7253,"date":"2015-04-30T08:47:26","date_gmt":"2015-04-30T08:47:26","guid":{"rendered":"https:\/\/entreculturasi.wpenginepowered.com\/?publicaciones=posicionamiento-sobre-la-epd-y-la-ciudadan-global-de-la-congde"},"modified":"2024-03-20T16:03:11","modified_gmt":"2024-03-20T15:03:11","slug":"posicionamiento-sobre-la-epd-y-la-ciudadan-global-de-la-congde","status":"publish","type":"publicacion","link":"https:\/\/www.entreculturas.org\/ca\/publicacion\/posicionamiento-sobre-la-epd-y-la-ciudadan-global-de-la-congde\/","title":{"rendered":"Posicionamiento sobre la EpD y la ciudadan\u00eda global de la CONGDE"},"content":{"rendered":"<p>Este documento de posicionamiento ha sido elaborado por el Grupo de Trabajo (GT) de Educaci\u00f3n para el Desarrollo (ED) de la Coordinadora de ONG para el Desarrollo-Espa\u00f1a, gracias a un proceso de reflexi\u00f3n, debate colectivo y trabajo interno del GT.<br \/>Surge ante la necesidad de contar con un marco de referencia para resaltar la importancia de la ED en el trabajo de Cooperaci\u00f3n. Asimismo, para resaltar el trabajo y definir el papel de las ONGD en la construcci\u00f3n de la Ciudadan\u00eda Global a trav\u00e9s de la ED. Por tanto, es un documento pensado para ser utilizado como referencia en las organizaciones de desarrollo en su trabajo de ED.<br \/>&nbsp;<\/p>\n\n\n<div class=\"wp-block-buttons is-layout-flex wp-block-buttons-is-layout-flex\">\n<div class=\"wp-block-button\"><a class=\"wp-block-button__link wp-element-button\" href=\"https:\/\/www.entreculturas.org\/wp-content\/uploads\/2015\/05\/epd_posicionamiento_ciudadania_global_congde.pdf\" target=\"_blank\" rel=\"noreferrer noopener\">descargar<\/a><\/div>\n<\/div>\n","protected":false},"excerpt":{"rendered":"<p>Este documento de posicionamiento ha sido elaborado por el Grupo de Trabajo (GT) de Educaci\u00f3n para el Desarrollo (ED) de la Coordinadora de ONG para el Desarrollo-Espa\u00f1a, gracias a un proceso de reflexi\u00f3n, debate colectivo y trabajo interno del GT.Surge ante la necesidad de contar con un marco de referencia para resaltar la importancia de la ED en el trabajo de Cooperaci\u00f3n. Asimismo, para resaltar el trabajo y definir el papel de las ONGD en la construcci\u00f3n de la Ciudadan\u00eda Global a trav\u00e9s de la ED. Por tanto, es un documento pensado para ser utilizado como referencia en las organizaciones de desarrollo en su trabajo de ED.&nbsp;<\/p>\n","protected":false},"featured_media":1498,"template":"","format":[112],"categories":[18],"tags":[8],"cause":[132],"class_list":["post-7253","publicacion","type-publicacion","status-publish","has-post-thumbnail","hentry","category-estudios","tag-participacion-y-ciudadania-global","cause-participacion-y-ciudadania-global","format-estudios-e-informes"],"acf":[],"yoast_head":"<!-- This site is optimized with the Yoast SEO Premium plugin v21.6 (Yoast SEO v27.5) - https:\/\/yoast.com\/product\/yoast-seo-premium-wordpress\/ -->\n<title>Posicionamiento sobre la EpD y la ciudadan\u00eda global de la CONGDE - Entreculturas<\/title>\n<meta name=\"robots\" content=\"index, follow, max-snippet:-1, max-image-preview:large, max-video-preview:-1\" \/>\n<link rel=\"canonical\" href=\"https:\/\/www.entreculturas.org\/ca\/publicacion\/posicionamiento-sobre-la-epd-y-la-ciudadan-global-de-la-congde\/\" \/>\n<meta property=\"og:locale\" content=\"ca_ES\" \/>\n<meta property=\"og:type\" content=\"article\" \/>\n<meta property=\"og:title\" content=\"Posicionamiento sobre la EpD y la ciudadan\u00eda global de la CONGDE\" \/>\n<meta property=\"og:description\" content=\"Este documento de posicionamiento ha sido elaborado por el Grupo de Trabajo (GT) de Educaci\u00f3n para el Desarrollo (ED) de la Coordinadora de ONG para el Desarrollo-Espa\u00f1a, gracias a un proceso de reflexi\u00f3n, debate colectivo y trabajo interno del GT.Surge ante la necesidad de contar con un marco de referencia para resaltar la importancia de la ED en el trabajo de Cooperaci\u00f3n. Asimismo, para resaltar el trabajo y definir el papel de las ONGD en la construcci\u00f3n de la Ciudadan\u00eda Global a trav\u00e9s de la ED. Por tanto, es un documento pensado para ser utilizado como referencia en las organizaciones de desarrollo en su trabajo de ED.&nbsp;\" \/>\n<meta property=\"og:url\" content=\"https:\/\/www.entreculturas.org\/ca\/publicacion\/posicionamiento-sobre-la-epd-y-la-ciudadan-global-de-la-congde\/\" \/>\n<meta property=\"og:site_name\" content=\"Entreculturas\" \/>\n<meta property=\"article:publisher\" content=\"https:\/\/www.facebook.com\/entreculturas\" \/>\n<meta property=\"article:modified_time\" content=\"2024-03-20T15:03:11+00:00\" \/>\n<meta name=\"twitter:card\" content=\"summary_large_image\" \/>\n<meta name=\"twitter:site\" content=\"@Entreculturas\" \/>\n<script type=\"application\/ld+json\" class=\"yoast-schema-graph\">{\"@context\":\"https:\\\/\\\/schema.org\",\"@graph\":[{\"@type\":\"WebPage\",\"@id\":\"https:\\\/\\\/www.entreculturas.org\\\/ca\\\/publicacion\\\/posicionamiento-sobre-la-epd-y-la-ciudadan-global-de-la-congde\\\/\",\"url\":\"https:\\\/\\\/www.entreculturas.org\\\/ca\\\/publicacion\\\/posicionamiento-sobre-la-epd-y-la-ciudadan-global-de-la-congde\\\/\",\"name\":\"Posicionamiento sobre la EpD y la ciudadan\u00eda global de la CONGDE - Entreculturas\",\"isPartOf\":{\"@id\":\"https:\\\/\\\/www.entreculturas.org\\\/ca\\\/#website\"},\"primaryImageOfPage\":{\"@id\":\"https:\\\/\\\/www.entreculturas.org\\\/ca\\\/publicacion\\\/posicionamiento-sobre-la-epd-y-la-ciudadan-global-de-la-congde\\\/#primaryimage\"},\"image\":{\"@id\":\"https:\\\/\\\/www.entreculturas.org\\\/ca\\\/publicacion\\\/posicionamiento-sobre-la-epd-y-la-ciudadan-global-de-la-congde\\\/#primaryimage\"},\"thumbnailUrl\":\"\",\"datePublished\":\"2015-04-30T08:47:26+00:00\",\"dateModified\":\"2024-03-20T15:03:11+00:00\",\"breadcrumb\":{\"@id\":\"https:\\\/\\\/www.entreculturas.org\\\/ca\\\/publicacion\\\/posicionamiento-sobre-la-epd-y-la-ciudadan-global-de-la-congde\\\/#breadcrumb\"},\"inLanguage\":\"ca\",\"potentialAction\":[{\"@type\":\"ReadAction\",\"target\":[\"https:\\\/\\\/www.entreculturas.org\\\/ca\\\/publicacion\\\/posicionamiento-sobre-la-epd-y-la-ciudadan-global-de-la-congde\\\/\"]}]},{\"@type\":\"ImageObject\",\"inLanguage\":\"ca\",\"@id\":\"https:\\\/\\\/www.entreculturas.org\\\/ca\\\/publicacion\\\/posicionamiento-sobre-la-epd-y-la-ciudadan-global-de-la-congde\\\/#primaryimage\",\"url\":\"\",\"contentUrl\":\"\"},{\"@type\":\"BreadcrumbList\",\"@id\":\"https:\\\/\\\/www.entreculturas.org\\\/ca\\\/publicacion\\\/posicionamiento-sobre-la-epd-y-la-ciudadan-global-de-la-congde\\\/#breadcrumb\",\"itemListElement\":[{\"@type\":\"ListItem\",\"position\":1,\"name\":\"Home\",\"item\":\"https:\\\/\\\/www.entreculturas.org\\\/ca\\\/\"},{\"@type\":\"ListItem\",\"position\":2,\"name\":\"Publicaciones\",\"item\":\"https:\\\/\\\/www.entreculturas.org\\\/ca\\\/publicaciones\\\/\"},{\"@type\":\"ListItem\",\"position\":3,\"name\":\"Posicionamiento sobre la EpD y la ciudadan\u00eda global de la CONGDE\"}]},{\"@type\":\"WebSite\",\"@id\":\"https:\\\/\\\/www.entreculturas.org\\\/ca\\\/#website\",\"url\":\"https:\\\/\\\/www.entreculturas.org\\\/ca\\\/\",\"name\":\"Entreculturas\",\"description\":\"\",\"publisher\":{\"@id\":\"https:\\\/\\\/www.entreculturas.org\\\/ca\\\/#organization\"},\"alternateName\":\"Entreculturas\",\"potentialAction\":[{\"@type\":\"SearchAction\",\"target\":{\"@type\":\"EntryPoint\",\"urlTemplate\":\"https:\\\/\\\/www.entreculturas.org\\\/ca\\\/?s={search_term_string}\"},\"query-input\":{\"@type\":\"PropertyValueSpecification\",\"valueRequired\":true,\"valueName\":\"search_term_string\"}}],\"inLanguage\":\"ca\"},{\"@type\":\"Organization\",\"@id\":\"https:\\\/\\\/www.entreculturas.org\\\/ca\\\/#organization\",\"name\":\"Entreculturas\",\"url\":\"https:\\\/\\\/www.entreculturas.org\\\/ca\\\/\",\"logo\":{\"@type\":\"ImageObject\",\"inLanguage\":\"ca\",\"@id\":\"https:\\\/\\\/www.entreculturas.org\\\/ca\\\/#\\\/schema\\\/logo\\\/image\\\/\",\"url\":\"https:\\\/\\\/www.entreculturas.org\\\/wp-content\\\/uploads\\\/2025\\\/10\\\/ESP.svg\",\"contentUrl\":\"https:\\\/\\\/www.entreculturas.org\\\/wp-content\\\/uploads\\\/2025\\\/10\\\/ESP.svg\",\"caption\":\"Entreculturas\"},\"image\":{\"@id\":\"https:\\\/\\\/www.entreculturas.org\\\/ca\\\/#\\\/schema\\\/logo\\\/image\\\/\"},\"sameAs\":[\"https:\\\/\\\/www.facebook.com\\\/entreculturas\",\"https:\\\/\\\/x.com\\\/Entreculturas\",\"https:\\\/\\\/www.instagram.com\\\/entreculturas\\\/\",\"https:\\\/\\\/www.youtube.com\\\/user\\\/entreculturasvideo\",\"https:\\\/\\\/www.linkedin.com\\\/company\\\/fundacion-entreculturas-ngdo\\\/\",\"https:\\\/\\\/www.flickr.com\\\/photos\\\/98455522@N04\\\/albums\\\/\"]}]}<\/script>\n<!-- \/ Yoast SEO Premium plugin. -->","yoast_head_json":{"title":"Posicionamiento sobre la EpD y la ciudadan\u00eda global de la CONGDE - Entreculturas","robots":{"index":"index","follow":"follow","max-snippet":"max-snippet:-1","max-image-preview":"max-image-preview:large","max-video-preview":"max-video-preview:-1"},"canonical":"https:\/\/www.entreculturas.org\/ca\/publicacion\/posicionamiento-sobre-la-epd-y-la-ciudadan-global-de-la-congde\/","og_locale":"ca_ES","og_type":"article","og_title":"Posicionamiento sobre la EpD y la ciudadan\u00eda global de la CONGDE","og_description":"Este documento de posicionamiento ha sido elaborado por el Grupo de Trabajo (GT) de Educaci\u00f3n para el Desarrollo (ED) de la Coordinadora de ONG para el Desarrollo-Espa\u00f1a, gracias a un proceso de reflexi\u00f3n, debate colectivo y trabajo interno del GT.Surge ante la necesidad de contar con un marco de referencia para resaltar la importancia de la ED en el trabajo de Cooperaci\u00f3n. Asimismo, para resaltar el trabajo y definir el papel de las ONGD en la construcci\u00f3n de la Ciudadan\u00eda Global a trav\u00e9s de la ED. Por tanto, es un documento pensado para ser utilizado como referencia en las organizaciones de desarrollo en su trabajo de ED.&nbsp;","og_url":"https:\/\/www.entreculturas.org\/ca\/publicacion\/posicionamiento-sobre-la-epd-y-la-ciudadan-global-de-la-congde\/","og_site_name":"Entreculturas","article_publisher":"https:\/\/www.facebook.com\/entreculturas","article_modified_time":"2024-03-20T15:03:11+00:00","twitter_card":"summary_large_image","twitter_site":"@Entreculturas","schema":{"@context":"https:\/\/schema.org","@graph":[{"@type":"WebPage","@id":"https:\/\/www.entreculturas.org\/ca\/publicacion\/posicionamiento-sobre-la-epd-y-la-ciudadan-global-de-la-congde\/","url":"https:\/\/www.entreculturas.org\/ca\/publicacion\/posicionamiento-sobre-la-epd-y-la-ciudadan-global-de-la-congde\/","name":"Posicionamiento sobre la EpD y la ciudadan\u00eda global de la CONGDE - Entreculturas","isPartOf":{"@id":"https:\/\/www.entreculturas.org\/ca\/#website"},"primaryImageOfPage":{"@id":"https:\/\/www.entreculturas.org\/ca\/publicacion\/posicionamiento-sobre-la-epd-y-la-ciudadan-global-de-la-congde\/#primaryimage"},"image":{"@id":"https:\/\/www.entreculturas.org\/ca\/publicacion\/posicionamiento-sobre-la-epd-y-la-ciudadan-global-de-la-congde\/#primaryimage"},"thumbnailUrl":"","datePublished":"2015-04-30T08:47:26+00:00","dateModified":"2024-03-20T15:03:11+00:00","breadcrumb":{"@id":"https:\/\/www.entreculturas.org\/ca\/publicacion\/posicionamiento-sobre-la-epd-y-la-ciudadan-global-de-la-congde\/#breadcrumb"},"inLanguage":"ca","potentialAction":[{"@type":"ReadAction","target":["https:\/\/www.entreculturas.org\/ca\/publicacion\/posicionamiento-sobre-la-epd-y-la-ciudadan-global-de-la-congde\/"]}]},{"@type":"ImageObject","inLanguage":"ca","@id":"https:\/\/www.entreculturas.org\/ca\/publicacion\/posicionamiento-sobre-la-epd-y-la-ciudadan-global-de-la-congde\/#primaryimage","url":"","contentUrl":""},{"@type":"BreadcrumbList","@id":"https:\/\/www.entreculturas.org\/ca\/publicacion\/posicionamiento-sobre-la-epd-y-la-ciudadan-global-de-la-congde\/#breadcrumb","itemListElement":[{"@type":"ListItem","position":1,"name":"Home","item":"https:\/\/www.entreculturas.org\/ca\/"},{"@type":"ListItem","position":2,"name":"Publicaciones","item":"https:\/\/www.entreculturas.org\/ca\/publicaciones\/"},{"@type":"ListItem","position":3,"name":"Posicionamiento sobre la EpD y la ciudadan\u00eda global de la CONGDE"}]},{"@type":"WebSite","@id":"https:\/\/www.entreculturas.org\/ca\/#website","url":"https:\/\/www.entreculturas.org\/ca\/","name":"Entreculturas","description":"","publisher":{"@id":"https:\/\/www.entreculturas.org\/ca\/#organization"},"alternateName":"Entreculturas","potentialAction":[{"@type":"SearchAction","target":{"@type":"EntryPoint","urlTemplate":"https:\/\/www.entreculturas.org\/ca\/?s={search_term_string}"},"query-input":{"@type":"PropertyValueSpecification","valueRequired":true,"valueName":"search_term_string"}}],"inLanguage":"ca"},{"@type":"Organization","@id":"https:\/\/www.entreculturas.org\/ca\/#organization","name":"Entreculturas","url":"https:\/\/www.entreculturas.org\/ca\/","logo":{"@type":"ImageObject","inLanguage":"ca","@id":"https:\/\/www.entreculturas.org\/ca\/#\/schema\/logo\/image\/","url":"https:\/\/www.entreculturas.org\/wp-content\/uploads\/2025\/10\/ESP.svg","contentUrl":"https:\/\/www.entreculturas.org\/wp-content\/uploads\/2025\/10\/ESP.svg","caption":"Entreculturas"},"image":{"@id":"https:\/\/www.entreculturas.org\/ca\/#\/schema\/logo\/image\/"},"sameAs":["https:\/\/www.facebook.com\/entreculturas","https:\/\/x.com\/Entreculturas","https:\/\/www.instagram.com\/entreculturas\/","https:\/\/www.youtube.com\/user\/entreculturasvideo","https:\/\/www.linkedin.com\/company\/fundacion-entreculturas-ngdo\/","https:\/\/www.flickr.com\/photos\/98455522@N04\/albums\/"]}]}},"_links":{"self":[{"href":"https:\/\/www.entreculturas.org\/ca\/wp-json\/wp\/v2\/publicacion\/7253","targetHints":{"allow":["GET"]}}],"collection":[{"href":"https:\/\/www.entreculturas.org\/ca\/wp-json\/wp\/v2\/publicacion"}],"about":[{"href":"https:\/\/www.entreculturas.org\/ca\/wp-json\/wp\/v2\/types\/publicacion"}],"wp:featuredmedia":[{"embeddable":true,"href":"https:\/\/www.entreculturas.org\/ca\/wp-json\/"}],"wp:attachment":[{"href":"https:\/\/www.entreculturas.org\/ca\/wp-json\/wp\/v2\/media?parent=7253"}],"wp:term":[{"taxonomy":"category","embeddable":true,"href":"https:\/\/www.entreculturas.org\/ca\/wp-json\/wp\/v2\/categories?post=7253"},{"taxonomy":"post_tag","embeddable":true,"href":"https:\/\/www.entreculturas.org\/ca\/wp-json\/wp\/v2\/tags?post=7253"},{"taxonomy":"cause","embeddable":true,"href":"https:\/\/www.entreculturas.org\/ca\/wp-json\/wp\/v2\/cause?post=7253"},{"taxonomy":"format","embeddable":true,"href":"https:\/\/www.entreculturas.org\/ca\/wp-json\/wp\/v2\/format?post=7253"}],"curies":[{"name":"wp","href":"https:\/\/api.w.org\/{rel}","templated":true}]}}