{"id":7250,"date":"2015-04-30T08:43:30","date_gmt":"2015-04-30T08:43:30","guid":{"rendered":"https:\/\/entreculturasi.wpenginepowered.com\/?publicaciones=j-venes-del-ies-pomar-de-jerez-de-los-caballeros-reciben-el-premio-culturas"},"modified":"2023-12-10T18:21:25","modified_gmt":"2023-12-10T17:21:25","slug":"j-venes-del-ies-pomar-de-jerez-de-los-caballeros-reciben-el-premio-culturas","status":"publish","type":"publicacion","link":"https:\/\/www.entreculturas.org\/ca\/publicacion\/j-venes-del-ies-pomar-de-jerez-de-los-caballeros-reciben-el-premio-culturas\/","title":{"rendered":"J\u00f3venes del IES Pomar de Jerez de los Caballeros reciben el premio &#8220;Culturas&#8221;"},"content":{"rendered":"<div>&nbsp;<\/div>\n<div>\n<p style=\"text-align:justify\">Entre el 23 y el 27 de junio de 2014&nbsp;41 j\u00f3venes de tres centros educativos acompa\u00f1ados por ocho profesores convieron&nbsp;en el Campamento Culturas en el albergue juvenil \u201cNuestra Se\u00f1ora de Guadalupe\u201d en Valencia de Alc\u00e1ntara. La directora del Instituto de la Juventud de Extremadura, Rosa \u00c1lvarez, visit\u00f3&nbsp;a los participantes y entreg\u00f3&nbsp;los galardones a los integrantes del primer y segundo equipo clasificados en la segunda edici\u00f3n del Concurso Culturas, organizado por el IJEx, a trav\u00e9s de su organismo dependiente, el Comit\u00e9 Extreme\u00f1o contra el Racismo, la Xenofobia y la Intolerancia.<\/p>\n<p style=\"text-align:justify\">Rosa \u00c1lvarez&nbsp;felicit\u00f3 a los ganadores de esta edici\u00f3n, la tribu Masis Kikisitum, cuyos 11 integrantes procedentes de la Red Solidaria de J\u00f3venes \u201cSubiendo el sur\u201d del IES El Pomar de Jerez de los Caballeros, recibieron&nbsp;una tablet PC cada uno, un diploma acreditativo y una c\u00e1mara digital para el centro educativo, que tambi\u00e9n estuvo&nbsp;representado por cuatro de los profesores del IES.<\/p>\n<p style=\"text-align:justify\">La directora del IJEx reconoci\u00f3&nbsp;el magn\u00edfico trabajo realizado por todos los equipos participantes en las cuatro pruebas o cosechas programadas durante el curso escolar 2013\/2014, consistentes en diferentes acciones destinadas a sensibilizar e implicar a los j\u00f3venes en la lucha contra cualquier tipo de discriminaci\u00f3n, mediante la creaci\u00f3n de mensajes cercanos.<\/p>\n<p style=\"text-align:justify\">En este espacio los y las j\u00f3venes participaron en actividades l\u00fadicas, de multiaventura y otras relacionadas con la educaci\u00f3n en valores.<\/p>\n<p style=\"text-align:justify\">Rosa \u00c1lvarez comparti\u00f3&nbsp;la jornada con los j\u00f3venes y les anim\u00f3 a participar en la pr\u00f3xima edici\u00f3n para seguir demostrando que la juventud extreme\u00f1a es comprometida, interesada por la realidad y est\u00e1 decidida a mejorar la sociedad en la que viven con su trabajo y su acci\u00f3n voluntaria.<\/p>\n<p style=\"text-align:justify\">La responsable de Juventud del Gobierno de Extremadura record\u00f3 que en esta segunda edici\u00f3n se consigui\u00f3 duplicar el n\u00famero de j\u00f3venes inscritos respecto al a\u00f1o anterior, llegando a 17 tribus procedentes de 14 localidades extreme\u00f1as. \u00c1lvarez se mostr\u00f3 convencida de que en la pr\u00f3xima convocatoria se superar\u00e1n las cifras de este a\u00f1o.<\/p>\n<\/div>\n","protected":false},"excerpt":{"rendered":"<p>&nbsp; Entre el 23 y el 27 de junio de 2014&nbsp;41 j\u00f3venes de tres centros educativos acompa\u00f1ados por ocho profesores convieron&nbsp;en el Campamento Culturas en el albergue juvenil \u201cNuestra Se\u00f1ora de Guadalupe\u201d en Valencia de Alc\u00e1ntara. La directora del Instituto de la Juventud de Extremadura, Rosa \u00c1lvarez, visit\u00f3&nbsp;a los participantes y entreg\u00f3&nbsp;los galardones a los integrantes del primer y segundo equipo clasificados en la segunda edici\u00f3n del Concurso Culturas, organizado por el IJEx, a trav\u00e9s de su organismo dependiente, el Comit\u00e9 Extreme\u00f1o contra el Racismo, la Xenofobia y la Intolerancia. Rosa \u00c1lvarez&nbsp;felicit\u00f3 a los ganadores de esta edici\u00f3n, la tribu Masis Kikisitum, cuyos 11 integrantes procedentes de la Red Solidaria de J\u00f3venes \u201cSubiendo el sur\u201d del IES El Pomar de Jerez de los Caballeros, recibieron&nbsp;una tablet PC cada uno, un diploma acreditativo y una c\u00e1mara digital para el centro educativo, que tambi\u00e9n estuvo&nbsp;representado por cuatro de los profesores del IES. [&hellip;]<\/p>\n","protected":false},"featured_media":7201,"template":"","format":[112],"categories":[18],"tags":[],"cause":[132],"class_list":["post-7250","publicacion","type-publicacion","status-publish","has-post-thumbnail","hentry","category-estudios","cause-participacion-y-ciudadania-global","format-estudios-e-informes"],"acf":[],"yoast_head":"<!-- This site is optimized with the Yoast SEO Premium plugin v21.6 (Yoast SEO v27.5) - https:\/\/yoast.com\/product\/yoast-seo-premium-wordpress\/ -->\n<title>J\u00f3venes del IES Pomar de Jerez de los Caballeros reciben el premio &quot;Culturas&quot; - Entreculturas<\/title>\n<meta name=\"robots\" content=\"index, follow, max-snippet:-1, max-image-preview:large, max-video-preview:-1\" \/>\n<link rel=\"canonical\" href=\"https:\/\/www.entreculturas.org\/ca\/publicacion\/j-venes-del-ies-pomar-de-jerez-de-los-caballeros-reciben-el-premio-culturas\/\" \/>\n<meta property=\"og:locale\" content=\"ca_ES\" \/>\n<meta property=\"og:type\" content=\"article\" \/>\n<meta property=\"og:title\" content=\"J\u00f3venes del IES Pomar de Jerez de los Caballeros reciben el premio &quot;Culturas&quot;\" \/>\n<meta property=\"og:description\" content=\"&nbsp; Entre el 23 y el 27 de junio de 2014&nbsp;41 j\u00f3venes de tres centros educativos acompa\u00f1ados por ocho profesores convieron&nbsp;en el Campamento Culturas en el albergue juvenil \u201cNuestra Se\u00f1ora de Guadalupe\u201d en Valencia de Alc\u00e1ntara. La directora del Instituto de la Juventud de Extremadura, Rosa \u00c1lvarez, visit\u00f3&nbsp;a los participantes y entreg\u00f3&nbsp;los galardones a los integrantes del primer y segundo equipo clasificados en la segunda edici\u00f3n del Concurso Culturas, organizado por el IJEx, a trav\u00e9s de su organismo dependiente, el Comit\u00e9 Extreme\u00f1o contra el Racismo, la Xenofobia y la Intolerancia. Rosa \u00c1lvarez&nbsp;felicit\u00f3 a los ganadores de esta edici\u00f3n, la tribu Masis Kikisitum, cuyos 11 integrantes procedentes de la Red Solidaria de J\u00f3venes \u201cSubiendo el sur\u201d del IES El Pomar de Jerez de los Caballeros, recibieron&nbsp;una tablet PC cada uno, un diploma acreditativo y una c\u00e1mara digital para el centro educativo, que tambi\u00e9n estuvo&nbsp;representado por cuatro de los profesores del IES. [&hellip;]\" \/>\n<meta property=\"og:url\" content=\"https:\/\/www.entreculturas.org\/ca\/publicacion\/j-venes-del-ies-pomar-de-jerez-de-los-caballeros-reciben-el-premio-culturas\/\" \/>\n<meta property=\"og:site_name\" content=\"Entreculturas\" \/>\n<meta property=\"article:publisher\" content=\"https:\/\/www.facebook.com\/entreculturas\" \/>\n<meta property=\"article:modified_time\" content=\"2023-12-10T17:21:25+00:00\" \/>\n<meta property=\"og:image\" content=\"https:\/\/www.entreculturas.org\/wp-content\/uploads\/2015\/05\/2013-10-26_18.54.26.jpg\" \/>\n\t<meta property=\"og:image:width\" content=\"400\" \/>\n\t<meta property=\"og:image:height\" content=\"301\" \/>\n\t<meta property=\"og:image:type\" content=\"image\/jpeg\" \/>\n<meta name=\"twitter:card\" content=\"summary_large_image\" \/>\n<meta name=\"twitter:site\" content=\"@Entreculturas\" \/>\n<script type=\"application\/ld+json\" class=\"yoast-schema-graph\">{\"@context\":\"https:\\\/\\\/schema.org\",\"@graph\":[{\"@type\":\"WebPage\",\"@id\":\"https:\\\/\\\/www.entreculturas.org\\\/ca\\\/publicacion\\\/j-venes-del-ies-pomar-de-jerez-de-los-caballeros-reciben-el-premio-culturas\\\/\",\"url\":\"https:\\\/\\\/www.entreculturas.org\\\/ca\\\/publicacion\\\/j-venes-del-ies-pomar-de-jerez-de-los-caballeros-reciben-el-premio-culturas\\\/\",\"name\":\"J\u00f3venes del IES Pomar de Jerez de los Caballeros reciben el premio \\\"Culturas\\\" - Entreculturas\",\"isPartOf\":{\"@id\":\"https:\\\/\\\/www.entreculturas.org\\\/ca\\\/#website\"},\"primaryImageOfPage\":{\"@id\":\"https:\\\/\\\/www.entreculturas.org\\\/ca\\\/publicacion\\\/j-venes-del-ies-pomar-de-jerez-de-los-caballeros-reciben-el-premio-culturas\\\/#primaryimage\"},\"image\":{\"@id\":\"https:\\\/\\\/www.entreculturas.org\\\/ca\\\/publicacion\\\/j-venes-del-ies-pomar-de-jerez-de-los-caballeros-reciben-el-premio-culturas\\\/#primaryimage\"},\"thumbnailUrl\":\"https:\\\/\\\/www.entreculturas.org\\\/wp-content\\\/uploads\\\/2015\\\/05\\\/2013-10-26_18.54.26.jpg\",\"datePublished\":\"2015-04-30T08:43:30+00:00\",\"dateModified\":\"2023-12-10T17:21:25+00:00\",\"breadcrumb\":{\"@id\":\"https:\\\/\\\/www.entreculturas.org\\\/ca\\\/publicacion\\\/j-venes-del-ies-pomar-de-jerez-de-los-caballeros-reciben-el-premio-culturas\\\/#breadcrumb\"},\"inLanguage\":\"ca\",\"potentialAction\":[{\"@type\":\"ReadAction\",\"target\":[\"https:\\\/\\\/www.entreculturas.org\\\/ca\\\/publicacion\\\/j-venes-del-ies-pomar-de-jerez-de-los-caballeros-reciben-el-premio-culturas\\\/\"]}]},{\"@type\":\"ImageObject\",\"inLanguage\":\"ca\",\"@id\":\"https:\\\/\\\/www.entreculturas.org\\\/ca\\\/publicacion\\\/j-venes-del-ies-pomar-de-jerez-de-los-caballeros-reciben-el-premio-culturas\\\/#primaryimage\",\"url\":\"https:\\\/\\\/www.entreculturas.org\\\/wp-content\\\/uploads\\\/2015\\\/05\\\/2013-10-26_18.54.26.jpg\",\"contentUrl\":\"https:\\\/\\\/www.entreculturas.org\\\/wp-content\\\/uploads\\\/2015\\\/05\\\/2013-10-26_18.54.26.jpg\",\"width\":400,\"height\":301,\"caption\":\"2013-10-26_18\"},{\"@type\":\"BreadcrumbList\",\"@id\":\"https:\\\/\\\/www.entreculturas.org\\\/ca\\\/publicacion\\\/j-venes-del-ies-pomar-de-jerez-de-los-caballeros-reciben-el-premio-culturas\\\/#breadcrumb\",\"itemListElement\":[{\"@type\":\"ListItem\",\"position\":1,\"name\":\"Home\",\"item\":\"https:\\\/\\\/www.entreculturas.org\\\/ca\\\/\"},{\"@type\":\"ListItem\",\"position\":2,\"name\":\"Publicaciones\",\"item\":\"https:\\\/\\\/www.entreculturas.org\\\/ca\\\/publicaciones\\\/\"},{\"@type\":\"ListItem\",\"position\":3,\"name\":\"J\u00f3venes del IES Pomar de Jerez de los Caballeros reciben el premio &#8220;Culturas&#8221;\"}]},{\"@type\":\"WebSite\",\"@id\":\"https:\\\/\\\/www.entreculturas.org\\\/ca\\\/#website\",\"url\":\"https:\\\/\\\/www.entreculturas.org\\\/ca\\\/\",\"name\":\"Entreculturas\",\"description\":\"\",\"publisher\":{\"@id\":\"https:\\\/\\\/www.entreculturas.org\\\/ca\\\/#organization\"},\"alternateName\":\"Entreculturas\",\"potentialAction\":[{\"@type\":\"SearchAction\",\"target\":{\"@type\":\"EntryPoint\",\"urlTemplate\":\"https:\\\/\\\/www.entreculturas.org\\\/ca\\\/?s={search_term_string}\"},\"query-input\":{\"@type\":\"PropertyValueSpecification\",\"valueRequired\":true,\"valueName\":\"search_term_string\"}}],\"inLanguage\":\"ca\"},{\"@type\":\"Organization\",\"@id\":\"https:\\\/\\\/www.entreculturas.org\\\/ca\\\/#organization\",\"name\":\"Entreculturas\",\"url\":\"https:\\\/\\\/www.entreculturas.org\\\/ca\\\/\",\"logo\":{\"@type\":\"ImageObject\",\"inLanguage\":\"ca\",\"@id\":\"https:\\\/\\\/www.entreculturas.org\\\/ca\\\/#\\\/schema\\\/logo\\\/image\\\/\",\"url\":\"https:\\\/\\\/www.entreculturas.org\\\/wp-content\\\/uploads\\\/2025\\\/10\\\/ESP.svg\",\"contentUrl\":\"https:\\\/\\\/www.entreculturas.org\\\/wp-content\\\/uploads\\\/2025\\\/10\\\/ESP.svg\",\"caption\":\"Entreculturas\"},\"image\":{\"@id\":\"https:\\\/\\\/www.entreculturas.org\\\/ca\\\/#\\\/schema\\\/logo\\\/image\\\/\"},\"sameAs\":[\"https:\\\/\\\/www.facebook.com\\\/entreculturas\",\"https:\\\/\\\/x.com\\\/Entreculturas\",\"https:\\\/\\\/www.instagram.com\\\/entreculturas\\\/\",\"https:\\\/\\\/www.youtube.com\\\/user\\\/entreculturasvideo\",\"https:\\\/\\\/www.linkedin.com\\\/company\\\/fundacion-entreculturas-ngdo\\\/\",\"https:\\\/\\\/www.flickr.com\\\/photos\\\/98455522@N04\\\/albums\\\/\"]}]}<\/script>\n<!-- \/ Yoast SEO Premium plugin. -->","yoast_head_json":{"title":"J\u00f3venes del IES Pomar de Jerez de los Caballeros reciben el premio \"Culturas\" - Entreculturas","robots":{"index":"index","follow":"follow","max-snippet":"max-snippet:-1","max-image-preview":"max-image-preview:large","max-video-preview":"max-video-preview:-1"},"canonical":"https:\/\/www.entreculturas.org\/ca\/publicacion\/j-venes-del-ies-pomar-de-jerez-de-los-caballeros-reciben-el-premio-culturas\/","og_locale":"ca_ES","og_type":"article","og_title":"J\u00f3venes del IES Pomar de Jerez de los Caballeros reciben el premio \"Culturas\"","og_description":"&nbsp; Entre el 23 y el 27 de junio de 2014&nbsp;41 j\u00f3venes de tres centros educativos acompa\u00f1ados por ocho profesores convieron&nbsp;en el Campamento Culturas en el albergue juvenil \u201cNuestra Se\u00f1ora de Guadalupe\u201d en Valencia de Alc\u00e1ntara. La directora del Instituto de la Juventud de Extremadura, Rosa \u00c1lvarez, visit\u00f3&nbsp;a los participantes y entreg\u00f3&nbsp;los galardones a los integrantes del primer y segundo equipo clasificados en la segunda edici\u00f3n del Concurso Culturas, organizado por el IJEx, a trav\u00e9s de su organismo dependiente, el Comit\u00e9 Extreme\u00f1o contra el Racismo, la Xenofobia y la Intolerancia. Rosa \u00c1lvarez&nbsp;felicit\u00f3 a los ganadores de esta edici\u00f3n, la tribu Masis Kikisitum, cuyos 11 integrantes procedentes de la Red Solidaria de J\u00f3venes \u201cSubiendo el sur\u201d del IES El Pomar de Jerez de los Caballeros, recibieron&nbsp;una tablet PC cada uno, un diploma acreditativo y una c\u00e1mara digital para el centro educativo, que tambi\u00e9n estuvo&nbsp;representado por cuatro de los profesores del IES. [&hellip;]","og_url":"https:\/\/www.entreculturas.org\/ca\/publicacion\/j-venes-del-ies-pomar-de-jerez-de-los-caballeros-reciben-el-premio-culturas\/","og_site_name":"Entreculturas","article_publisher":"https:\/\/www.facebook.com\/entreculturas","article_modified_time":"2023-12-10T17:21:25+00:00","og_image":[{"width":400,"height":301,"url":"https:\/\/www.entreculturas.org\/wp-content\/uploads\/2015\/05\/2013-10-26_18.54.26.jpg","type":"image\/jpeg"}],"twitter_card":"summary_large_image","twitter_site":"@Entreculturas","schema":{"@context":"https:\/\/schema.org","@graph":[{"@type":"WebPage","@id":"https:\/\/www.entreculturas.org\/ca\/publicacion\/j-venes-del-ies-pomar-de-jerez-de-los-caballeros-reciben-el-premio-culturas\/","url":"https:\/\/www.entreculturas.org\/ca\/publicacion\/j-venes-del-ies-pomar-de-jerez-de-los-caballeros-reciben-el-premio-culturas\/","name":"J\u00f3venes del IES Pomar de Jerez de los Caballeros reciben el premio \"Culturas\" - Entreculturas","isPartOf":{"@id":"https:\/\/www.entreculturas.org\/ca\/#website"},"primaryImageOfPage":{"@id":"https:\/\/www.entreculturas.org\/ca\/publicacion\/j-venes-del-ies-pomar-de-jerez-de-los-caballeros-reciben-el-premio-culturas\/#primaryimage"},"image":{"@id":"https:\/\/www.entreculturas.org\/ca\/publicacion\/j-venes-del-ies-pomar-de-jerez-de-los-caballeros-reciben-el-premio-culturas\/#primaryimage"},"thumbnailUrl":"https:\/\/www.entreculturas.org\/wp-content\/uploads\/2015\/05\/2013-10-26_18.54.26.jpg","datePublished":"2015-04-30T08:43:30+00:00","dateModified":"2023-12-10T17:21:25+00:00","breadcrumb":{"@id":"https:\/\/www.entreculturas.org\/ca\/publicacion\/j-venes-del-ies-pomar-de-jerez-de-los-caballeros-reciben-el-premio-culturas\/#breadcrumb"},"inLanguage":"ca","potentialAction":[{"@type":"ReadAction","target":["https:\/\/www.entreculturas.org\/ca\/publicacion\/j-venes-del-ies-pomar-de-jerez-de-los-caballeros-reciben-el-premio-culturas\/"]}]},{"@type":"ImageObject","inLanguage":"ca","@id":"https:\/\/www.entreculturas.org\/ca\/publicacion\/j-venes-del-ies-pomar-de-jerez-de-los-caballeros-reciben-el-premio-culturas\/#primaryimage","url":"https:\/\/www.entreculturas.org\/wp-content\/uploads\/2015\/05\/2013-10-26_18.54.26.jpg","contentUrl":"https:\/\/www.entreculturas.org\/wp-content\/uploads\/2015\/05\/2013-10-26_18.54.26.jpg","width":400,"height":301,"caption":"2013-10-26_18"},{"@type":"BreadcrumbList","@id":"https:\/\/www.entreculturas.org\/ca\/publicacion\/j-venes-del-ies-pomar-de-jerez-de-los-caballeros-reciben-el-premio-culturas\/#breadcrumb","itemListElement":[{"@type":"ListItem","position":1,"name":"Home","item":"https:\/\/www.entreculturas.org\/ca\/"},{"@type":"ListItem","position":2,"name":"Publicaciones","item":"https:\/\/www.entreculturas.org\/ca\/publicaciones\/"},{"@type":"ListItem","position":3,"name":"J\u00f3venes del IES Pomar de Jerez de los Caballeros reciben el premio &#8220;Culturas&#8221;"}]},{"@type":"WebSite","@id":"https:\/\/www.entreculturas.org\/ca\/#website","url":"https:\/\/www.entreculturas.org\/ca\/","name":"Entreculturas","description":"","publisher":{"@id":"https:\/\/www.entreculturas.org\/ca\/#organization"},"alternateName":"Entreculturas","potentialAction":[{"@type":"SearchAction","target":{"@type":"EntryPoint","urlTemplate":"https:\/\/www.entreculturas.org\/ca\/?s={search_term_string}"},"query-input":{"@type":"PropertyValueSpecification","valueRequired":true,"valueName":"search_term_string"}}],"inLanguage":"ca"},{"@type":"Organization","@id":"https:\/\/www.entreculturas.org\/ca\/#organization","name":"Entreculturas","url":"https:\/\/www.entreculturas.org\/ca\/","logo":{"@type":"ImageObject","inLanguage":"ca","@id":"https:\/\/www.entreculturas.org\/ca\/#\/schema\/logo\/image\/","url":"https:\/\/www.entreculturas.org\/wp-content\/uploads\/2025\/10\/ESP.svg","contentUrl":"https:\/\/www.entreculturas.org\/wp-content\/uploads\/2025\/10\/ESP.svg","caption":"Entreculturas"},"image":{"@id":"https:\/\/www.entreculturas.org\/ca\/#\/schema\/logo\/image\/"},"sameAs":["https:\/\/www.facebook.com\/entreculturas","https:\/\/x.com\/Entreculturas","https:\/\/www.instagram.com\/entreculturas\/","https:\/\/www.youtube.com\/user\/entreculturasvideo","https:\/\/www.linkedin.com\/company\/fundacion-entreculturas-ngdo\/","https:\/\/www.flickr.com\/photos\/98455522@N04\/albums\/"]}]}},"_links":{"self":[{"href":"https:\/\/www.entreculturas.org\/ca\/wp-json\/wp\/v2\/publicacion\/7250","targetHints":{"allow":["GET"]}}],"collection":[{"href":"https:\/\/www.entreculturas.org\/ca\/wp-json\/wp\/v2\/publicacion"}],"about":[{"href":"https:\/\/www.entreculturas.org\/ca\/wp-json\/wp\/v2\/types\/publicacion"}],"wp:featuredmedia":[{"embeddable":true,"href":"https:\/\/www.entreculturas.org\/ca\/wp-json\/wp\/v2\/media\/7201"}],"wp:attachment":[{"href":"https:\/\/www.entreculturas.org\/ca\/wp-json\/wp\/v2\/media?parent=7250"}],"wp:term":[{"taxonomy":"category","embeddable":true,"href":"https:\/\/www.entreculturas.org\/ca\/wp-json\/wp\/v2\/categories?post=7250"},{"taxonomy":"post_tag","embeddable":true,"href":"https:\/\/www.entreculturas.org\/ca\/wp-json\/wp\/v2\/tags?post=7250"},{"taxonomy":"cause","embeddable":true,"href":"https:\/\/www.entreculturas.org\/ca\/wp-json\/wp\/v2\/cause?post=7250"},{"taxonomy":"format","embeddable":true,"href":"https:\/\/www.entreculturas.org\/ca\/wp-json\/wp\/v2\/format?post=7250"}],"curies":[{"name":"wp","href":"https:\/\/api.w.org\/{rel}","templated":true}]}}