{"id":6019,"date":"2021-04-28T09:47:49","date_gmt":"2021-04-28T09:47:49","guid":{"rendered":"https:\/\/entreculturasi.wpenginepowered.com\/?publicaciones=15-anos-de-experiencia-sur"},"modified":"2024-03-20T17:31:52","modified_gmt":"2024-03-20T16:31:52","slug":"15-anos-de-experiencia-sur","status":"publish","type":"publicacion","link":"https:\/\/www.entreculturas.org\/ca\/publicacion\/15-anos-de-experiencia-sur\/","title":{"rendered":"15 a\u00f1os de Experiencia Sur"},"content":{"rendered":"<p>En un mundo en el que proliferan conflictos y crecen las fronteras, en el que los intereses econ\u00f3micos prevalecen sobre el bienestar de las personas y de la tierra, donde crece la desigualdad en el interior de los pa\u00edses, sigue siendo pertinente la necesidad de encuentro intercultural entre personas y comunidades. Experiencia Sur, la propuesta de voluntariado internacional de corta duraci\u00f3n impulsada por Entreculturas, se orienta a promover encuentros con personas que viven en otras realidades en situaci\u00f3n de exclusi\u00f3n. Propone facilitar el acercamiento a realidades de desigualdad que se quedan fuera de los focos medi\u00e1ticos, y v\u00ednculos que ayuden a entender y hacer experiencia vital el sentirnos ciudadanos y ciudadanas del mundo.\u00a0<\/p>\n<p>La experiencia promueve salir de nuestra realidad y, en clave de inserci\u00f3n, conocer, ver y sentir c\u00f3mo viven otras personas y comunidades. En la formaci\u00f3n de los voluntarios y voluntarias se insiste en que no vamos a cambiar nada, pero no es del todo cierto. Como se afirma en esta evaluaci\u00f3n, muchas de las personas participantes perciben que, haber vivido esta experiencia, les cambia. Es un tiempo limitado orientado a hacernos conscientes de que nuestras acciones y nuestros compromisos importan.\u00a0<\/p>\n<p>Se trata de una experiencia que nos toca por dentro, una propuesta que contribuye claramente a la construcci\u00f3n de ciudadan\u00eda global que se inserta y contin\u00faa tras la experiencia en un itinerario personal de compromiso local.\u00a0Quince a\u00f1os despu\u00e9s, queremos celebrar y aprender del camino recorrido.<\/p>\n<p>\u00a0<\/p>\n\n\n<div class=\"wp-block-buttons is-layout-flex wp-block-buttons-is-layout-flex\">\n<div class=\"wp-block-button\"><a class=\"wp-block-button__link wp-element-button\" href=\"https:\/\/www.entreculturas.org\/wp-content\/uploads\/2021\/06\/15_anos_experiencia_sur.pdf\" target=\"_blank\" rel=\"noreferrer noopener\">DESCARGAR<\/a><\/div>\n<\/div>\n","protected":false},"excerpt":{"rendered":"<p>En un mundo en el que proliferan conflictos y crecen las fronteras, en el que los intereses econ\u00f3micos prevalecen sobre el bienestar de las personas y de la tierra, donde crece la desigualdad en el interior de los pa\u00edses, sigue siendo pertinente la necesidad de encuentro intercultural entre personas y comunidades. Experiencia Sur, la propuesta de voluntariado internacional de corta duraci\u00f3n impulsada por Entreculturas, se orienta a promover encuentros con personas que viven en otras realidades en situaci\u00f3n de exclusi\u00f3n. Propone facilitar el acercamiento a realidades de desigualdad que se quedan fuera de los focos medi\u00e1ticos, y v\u00ednculos que ayuden a entender y hacer experiencia vital el sentirnos ciudadanos y ciudadanas del mundo.\u00a0 La experiencia promueve salir de nuestra realidad y, en clave de inserci\u00f3n, conocer, ver y sentir c\u00f3mo viven otras personas y comunidades. En la formaci\u00f3n de los voluntarios y voluntarias se insiste en que no vamos a [&hellip;]<\/p>\n","protected":false},"featured_media":6021,"template":"","format":[113],"categories":[17],"tags":[185],"cause":[128,130,131,129,132],"class_list":["post-6019","publicacion","type-publicacion","status-publish","has-post-thumbnail","hentry","category-evaluaciones","tag-entreculturas","cause-educacion","cause-genero","cause-justicia-medioambiental","cause-migracion-y-refugio","cause-participacion-y-ciudadania-global","format-evaluaciones"],"acf":[],"yoast_head":"<!-- This site is optimized with the Yoast SEO Premium plugin v21.6 (Yoast SEO v27.5) - https:\/\/yoast.com\/product\/yoast-seo-premium-wordpress\/ -->\n<title>15 a\u00f1os de Experiencia Sur - Entreculturas<\/title>\n<meta name=\"robots\" content=\"index, follow, max-snippet:-1, max-image-preview:large, max-video-preview:-1\" \/>\n<link rel=\"canonical\" href=\"https:\/\/www.entreculturas.org\/ca\/publicacion\/15-anos-de-experiencia-sur\/\" \/>\n<meta property=\"og:locale\" content=\"ca_ES\" \/>\n<meta property=\"og:type\" content=\"article\" \/>\n<meta property=\"og:title\" content=\"15 a\u00f1os de Experiencia Sur\" \/>\n<meta property=\"og:description\" content=\"En un mundo en el que proliferan conflictos y crecen las fronteras, en el que los intereses econ\u00f3micos prevalecen sobre el bienestar de las personas y de la tierra, donde crece la desigualdad en el interior de los pa\u00edses, sigue siendo pertinente la necesidad de encuentro intercultural entre personas y comunidades. Experiencia Sur, la propuesta de voluntariado internacional de corta duraci\u00f3n impulsada por Entreculturas, se orienta a promover encuentros con personas que viven en otras realidades en situaci\u00f3n de exclusi\u00f3n. Propone facilitar el acercamiento a realidades de desigualdad que se quedan fuera de los focos medi\u00e1ticos, y v\u00ednculos que ayuden a entender y hacer experiencia vital el sentirnos ciudadanos y ciudadanas del mundo.\u00a0 La experiencia promueve salir de nuestra realidad y, en clave de inserci\u00f3n, conocer, ver y sentir c\u00f3mo viven otras personas y comunidades. En la formaci\u00f3n de los voluntarios y voluntarias se insiste en que no vamos a [&hellip;]\" \/>\n<meta property=\"og:url\" content=\"https:\/\/www.entreculturas.org\/ca\/publicacion\/15-anos-de-experiencia-sur\/\" \/>\n<meta property=\"og:site_name\" content=\"Entreculturas\" \/>\n<meta property=\"article:publisher\" content=\"https:\/\/www.facebook.com\/entreculturas\" \/>\n<meta property=\"article:modified_time\" content=\"2024-03-20T16:31:52+00:00\" \/>\n<meta property=\"og:image\" content=\"https:\/\/www.entreculturas.org\/wp-content\/uploads\/2021\/04\/captura_de_pantalla_2021-04-28_a_las_11.44.39.png\" \/>\n\t<meta property=\"og:image:width\" content=\"450\" \/>\n\t<meta property=\"og:image:height\" content=\"600\" \/>\n\t<meta property=\"og:image:type\" content=\"image\/png\" \/>\n<meta name=\"twitter:card\" content=\"summary_large_image\" \/>\n<meta name=\"twitter:site\" content=\"@Entreculturas\" \/>\n<script type=\"application\/ld+json\" class=\"yoast-schema-graph\">{\"@context\":\"https:\\\/\\\/schema.org\",\"@graph\":[{\"@type\":\"WebPage\",\"@id\":\"https:\\\/\\\/www.entreculturas.org\\\/ca\\\/publicacion\\\/15-anos-de-experiencia-sur\\\/\",\"url\":\"https:\\\/\\\/www.entreculturas.org\\\/ca\\\/publicacion\\\/15-anos-de-experiencia-sur\\\/\",\"name\":\"15 a\u00f1os de Experiencia Sur - Entreculturas\",\"isPartOf\":{\"@id\":\"https:\\\/\\\/www.entreculturas.org\\\/ca\\\/#website\"},\"primaryImageOfPage\":{\"@id\":\"https:\\\/\\\/www.entreculturas.org\\\/ca\\\/publicacion\\\/15-anos-de-experiencia-sur\\\/#primaryimage\"},\"image\":{\"@id\":\"https:\\\/\\\/www.entreculturas.org\\\/ca\\\/publicacion\\\/15-anos-de-experiencia-sur\\\/#primaryimage\"},\"thumbnailUrl\":\"https:\\\/\\\/www.entreculturas.org\\\/wp-content\\\/uploads\\\/2021\\\/04\\\/captura_de_pantalla_2021-04-28_a_las_11.44.39.png\",\"datePublished\":\"2021-04-28T09:47:49+00:00\",\"dateModified\":\"2024-03-20T16:31:52+00:00\",\"breadcrumb\":{\"@id\":\"https:\\\/\\\/www.entreculturas.org\\\/ca\\\/publicacion\\\/15-anos-de-experiencia-sur\\\/#breadcrumb\"},\"inLanguage\":\"ca\",\"potentialAction\":[{\"@type\":\"ReadAction\",\"target\":[\"https:\\\/\\\/www.entreculturas.org\\\/ca\\\/publicacion\\\/15-anos-de-experiencia-sur\\\/\"]}]},{\"@type\":\"ImageObject\",\"inLanguage\":\"ca\",\"@id\":\"https:\\\/\\\/www.entreculturas.org\\\/ca\\\/publicacion\\\/15-anos-de-experiencia-sur\\\/#primaryimage\",\"url\":\"https:\\\/\\\/www.entreculturas.org\\\/wp-content\\\/uploads\\\/2021\\\/04\\\/captura_de_pantalla_2021-04-28_a_las_11.44.39.png\",\"contentUrl\":\"https:\\\/\\\/www.entreculturas.org\\\/wp-content\\\/uploads\\\/2021\\\/04\\\/captura_de_pantalla_2021-04-28_a_las_11.44.39.png\",\"width\":450,\"height\":600,\"caption\":\"captura_de_pantalla_2021-04-28_a_las_11\"},{\"@type\":\"BreadcrumbList\",\"@id\":\"https:\\\/\\\/www.entreculturas.org\\\/ca\\\/publicacion\\\/15-anos-de-experiencia-sur\\\/#breadcrumb\",\"itemListElement\":[{\"@type\":\"ListItem\",\"position\":1,\"name\":\"Home\",\"item\":\"https:\\\/\\\/www.entreculturas.org\\\/ca\\\/\"},{\"@type\":\"ListItem\",\"position\":2,\"name\":\"Publicaciones\",\"item\":\"https:\\\/\\\/www.entreculturas.org\\\/ca\\\/publicaciones\\\/\"},{\"@type\":\"ListItem\",\"position\":3,\"name\":\"15 a\u00f1os de Experiencia Sur\"}]},{\"@type\":\"WebSite\",\"@id\":\"https:\\\/\\\/www.entreculturas.org\\\/ca\\\/#website\",\"url\":\"https:\\\/\\\/www.entreculturas.org\\\/ca\\\/\",\"name\":\"Entreculturas\",\"description\":\"\",\"publisher\":{\"@id\":\"https:\\\/\\\/www.entreculturas.org\\\/ca\\\/#organization\"},\"alternateName\":\"Entreculturas\",\"potentialAction\":[{\"@type\":\"SearchAction\",\"target\":{\"@type\":\"EntryPoint\",\"urlTemplate\":\"https:\\\/\\\/www.entreculturas.org\\\/ca\\\/?s={search_term_string}\"},\"query-input\":{\"@type\":\"PropertyValueSpecification\",\"valueRequired\":true,\"valueName\":\"search_term_string\"}}],\"inLanguage\":\"ca\"},{\"@type\":\"Organization\",\"@id\":\"https:\\\/\\\/www.entreculturas.org\\\/ca\\\/#organization\",\"name\":\"Entreculturas\",\"url\":\"https:\\\/\\\/www.entreculturas.org\\\/ca\\\/\",\"logo\":{\"@type\":\"ImageObject\",\"inLanguage\":\"ca\",\"@id\":\"https:\\\/\\\/www.entreculturas.org\\\/ca\\\/#\\\/schema\\\/logo\\\/image\\\/\",\"url\":\"https:\\\/\\\/www.entreculturas.org\\\/wp-content\\\/uploads\\\/2025\\\/10\\\/ESP.svg\",\"contentUrl\":\"https:\\\/\\\/www.entreculturas.org\\\/wp-content\\\/uploads\\\/2025\\\/10\\\/ESP.svg\",\"caption\":\"Entreculturas\"},\"image\":{\"@id\":\"https:\\\/\\\/www.entreculturas.org\\\/ca\\\/#\\\/schema\\\/logo\\\/image\\\/\"},\"sameAs\":[\"https:\\\/\\\/www.facebook.com\\\/entreculturas\",\"https:\\\/\\\/x.com\\\/Entreculturas\",\"https:\\\/\\\/www.instagram.com\\\/entreculturas\\\/\",\"https:\\\/\\\/www.youtube.com\\\/user\\\/entreculturasvideo\",\"https:\\\/\\\/www.linkedin.com\\\/company\\\/fundacion-entreculturas-ngdo\\\/\",\"https:\\\/\\\/www.flickr.com\\\/photos\\\/98455522@N04\\\/albums\\\/\"]}]}<\/script>\n<!-- \/ Yoast SEO Premium plugin. -->","yoast_head_json":{"title":"15 a\u00f1os de Experiencia Sur - Entreculturas","robots":{"index":"index","follow":"follow","max-snippet":"max-snippet:-1","max-image-preview":"max-image-preview:large","max-video-preview":"max-video-preview:-1"},"canonical":"https:\/\/www.entreculturas.org\/ca\/publicacion\/15-anos-de-experiencia-sur\/","og_locale":"ca_ES","og_type":"article","og_title":"15 a\u00f1os de Experiencia Sur","og_description":"En un mundo en el que proliferan conflictos y crecen las fronteras, en el que los intereses econ\u00f3micos prevalecen sobre el bienestar de las personas y de la tierra, donde crece la desigualdad en el interior de los pa\u00edses, sigue siendo pertinente la necesidad de encuentro intercultural entre personas y comunidades. Experiencia Sur, la propuesta de voluntariado internacional de corta duraci\u00f3n impulsada por Entreculturas, se orienta a promover encuentros con personas que viven en otras realidades en situaci\u00f3n de exclusi\u00f3n. Propone facilitar el acercamiento a realidades de desigualdad que se quedan fuera de los focos medi\u00e1ticos, y v\u00ednculos que ayuden a entender y hacer experiencia vital el sentirnos ciudadanos y ciudadanas del mundo.\u00a0 La experiencia promueve salir de nuestra realidad y, en clave de inserci\u00f3n, conocer, ver y sentir c\u00f3mo viven otras personas y comunidades. En la formaci\u00f3n de los voluntarios y voluntarias se insiste en que no vamos a [&hellip;]","og_url":"https:\/\/www.entreculturas.org\/ca\/publicacion\/15-anos-de-experiencia-sur\/","og_site_name":"Entreculturas","article_publisher":"https:\/\/www.facebook.com\/entreculturas","article_modified_time":"2024-03-20T16:31:52+00:00","og_image":[{"width":450,"height":600,"url":"https:\/\/www.entreculturas.org\/wp-content\/uploads\/2021\/04\/captura_de_pantalla_2021-04-28_a_las_11.44.39.png","type":"image\/png"}],"twitter_card":"summary_large_image","twitter_site":"@Entreculturas","schema":{"@context":"https:\/\/schema.org","@graph":[{"@type":"WebPage","@id":"https:\/\/www.entreculturas.org\/ca\/publicacion\/15-anos-de-experiencia-sur\/","url":"https:\/\/www.entreculturas.org\/ca\/publicacion\/15-anos-de-experiencia-sur\/","name":"15 a\u00f1os de Experiencia Sur - Entreculturas","isPartOf":{"@id":"https:\/\/www.entreculturas.org\/ca\/#website"},"primaryImageOfPage":{"@id":"https:\/\/www.entreculturas.org\/ca\/publicacion\/15-anos-de-experiencia-sur\/#primaryimage"},"image":{"@id":"https:\/\/www.entreculturas.org\/ca\/publicacion\/15-anos-de-experiencia-sur\/#primaryimage"},"thumbnailUrl":"https:\/\/www.entreculturas.org\/wp-content\/uploads\/2021\/04\/captura_de_pantalla_2021-04-28_a_las_11.44.39.png","datePublished":"2021-04-28T09:47:49+00:00","dateModified":"2024-03-20T16:31:52+00:00","breadcrumb":{"@id":"https:\/\/www.entreculturas.org\/ca\/publicacion\/15-anos-de-experiencia-sur\/#breadcrumb"},"inLanguage":"ca","potentialAction":[{"@type":"ReadAction","target":["https:\/\/www.entreculturas.org\/ca\/publicacion\/15-anos-de-experiencia-sur\/"]}]},{"@type":"ImageObject","inLanguage":"ca","@id":"https:\/\/www.entreculturas.org\/ca\/publicacion\/15-anos-de-experiencia-sur\/#primaryimage","url":"https:\/\/www.entreculturas.org\/wp-content\/uploads\/2021\/04\/captura_de_pantalla_2021-04-28_a_las_11.44.39.png","contentUrl":"https:\/\/www.entreculturas.org\/wp-content\/uploads\/2021\/04\/captura_de_pantalla_2021-04-28_a_las_11.44.39.png","width":450,"height":600,"caption":"captura_de_pantalla_2021-04-28_a_las_11"},{"@type":"BreadcrumbList","@id":"https:\/\/www.entreculturas.org\/ca\/publicacion\/15-anos-de-experiencia-sur\/#breadcrumb","itemListElement":[{"@type":"ListItem","position":1,"name":"Home","item":"https:\/\/www.entreculturas.org\/ca\/"},{"@type":"ListItem","position":2,"name":"Publicaciones","item":"https:\/\/www.entreculturas.org\/ca\/publicaciones\/"},{"@type":"ListItem","position":3,"name":"15 a\u00f1os de Experiencia Sur"}]},{"@type":"WebSite","@id":"https:\/\/www.entreculturas.org\/ca\/#website","url":"https:\/\/www.entreculturas.org\/ca\/","name":"Entreculturas","description":"","publisher":{"@id":"https:\/\/www.entreculturas.org\/ca\/#organization"},"alternateName":"Entreculturas","potentialAction":[{"@type":"SearchAction","target":{"@type":"EntryPoint","urlTemplate":"https:\/\/www.entreculturas.org\/ca\/?s={search_term_string}"},"query-input":{"@type":"PropertyValueSpecification","valueRequired":true,"valueName":"search_term_string"}}],"inLanguage":"ca"},{"@type":"Organization","@id":"https:\/\/www.entreculturas.org\/ca\/#organization","name":"Entreculturas","url":"https:\/\/www.entreculturas.org\/ca\/","logo":{"@type":"ImageObject","inLanguage":"ca","@id":"https:\/\/www.entreculturas.org\/ca\/#\/schema\/logo\/image\/","url":"https:\/\/www.entreculturas.org\/wp-content\/uploads\/2025\/10\/ESP.svg","contentUrl":"https:\/\/www.entreculturas.org\/wp-content\/uploads\/2025\/10\/ESP.svg","caption":"Entreculturas"},"image":{"@id":"https:\/\/www.entreculturas.org\/ca\/#\/schema\/logo\/image\/"},"sameAs":["https:\/\/www.facebook.com\/entreculturas","https:\/\/x.com\/Entreculturas","https:\/\/www.instagram.com\/entreculturas\/","https:\/\/www.youtube.com\/user\/entreculturasvideo","https:\/\/www.linkedin.com\/company\/fundacion-entreculturas-ngdo\/","https:\/\/www.flickr.com\/photos\/98455522@N04\/albums\/"]}]}},"_links":{"self":[{"href":"https:\/\/www.entreculturas.org\/ca\/wp-json\/wp\/v2\/publicacion\/6019","targetHints":{"allow":["GET"]}}],"collection":[{"href":"https:\/\/www.entreculturas.org\/ca\/wp-json\/wp\/v2\/publicacion"}],"about":[{"href":"https:\/\/www.entreculturas.org\/ca\/wp-json\/wp\/v2\/types\/publicacion"}],"wp:featuredmedia":[{"embeddable":true,"href":"https:\/\/www.entreculturas.org\/ca\/wp-json\/wp\/v2\/media\/6021"}],"wp:attachment":[{"href":"https:\/\/www.entreculturas.org\/ca\/wp-json\/wp\/v2\/media?parent=6019"}],"wp:term":[{"taxonomy":"category","embeddable":true,"href":"https:\/\/www.entreculturas.org\/ca\/wp-json\/wp\/v2\/categories?post=6019"},{"taxonomy":"post_tag","embeddable":true,"href":"https:\/\/www.entreculturas.org\/ca\/wp-json\/wp\/v2\/tags?post=6019"},{"taxonomy":"cause","embeddable":true,"href":"https:\/\/www.entreculturas.org\/ca\/wp-json\/wp\/v2\/cause?post=6019"},{"taxonomy":"format","embeddable":true,"href":"https:\/\/www.entreculturas.org\/ca\/wp-json\/wp\/v2\/format?post=6019"}],"curies":[{"name":"wp","href":"https:\/\/api.w.org\/{rel}","templated":true}]}}