{"id":5703,"date":"2020-07-27T10:11:48","date_gmt":"2020-07-27T10:11:48","guid":{"rendered":"https:\/\/entreculturasi.wpenginepowered.com\/?publicaciones=el-cumpleanos-de-laureano-finalista-un-mundo-de-cuento"},"modified":"2024-03-20T17:57:33","modified_gmt":"2024-03-20T16:57:33","slug":"el-cumpleanos-de-laureano-finalista-un-mundo-de-cuento","status":"publish","type":"publicacion","link":"https:\/\/www.entreculturas.org\/ca\/publicacion\/el-cumpleanos-de-laureano-finalista-un-mundo-de-cuento\/","title":{"rendered":"&#8220;El cumplea\u00f1os de Laureano&#8221;: Finalista Un Mundo de Cuento"},"content":{"rendered":"<p><em>Por Elizabeth Hern\u00e1ndez Apr\u00e1ez<\/em><\/p>\n<p>&#8220;Se acercaba el cumplea\u00f1os de Laureano. El veinte de julio iba a cumplir doscientos a\u00f1os. D\u00edas antes de celebrar su aniversario se mir\u00f3 en el espejo de agua. Ten\u00eda un tronco grueso y largo que parec\u00eda llegar al cielo, ramas frondosas, hojas de color verde brillante. Al ver reflejada su imagen en el r\u00edo que pasaba todos los d\u00edas por su lado, se sinti\u00f3 satisfecho.<br \/>\u2014Doscientos a\u00f1os, me gusta ese n\u00famero \u2014dijo.<\/p>\n<p>Laureano era un \u00e1rbol bello. De \u00e9l se enamoraba todo el mundo. Se hab\u00eda convertido en la casa de muchos animales. En sus ramas hac\u00edan sus nidos aves cantoras, ardillas de colas largas viv\u00edan en la parte m\u00e1s alta de su cuerpo, insectos de distintos colores y formas habitaban en las hojas. Lo primero que hac\u00edan sus inquilinos al principio del d\u00eda&nbsp;era saludarlo.<br \/>\u2014Buenos d\u00edas, Laureano. \u00bfC\u00f3mo amaneciste? \u2014le pregunt\u00f3 un peque\u00f1o p\u00e1jaro<br \/>\u2014Muy bien, canario Mario.<br \/>\u2014Mira Laureano, tengo un regalo para ti.<br \/>\u2014\u00a1Un peine de ramas!, gracias mi amiga ardilla.<br \/>\u2014Hola Laureano, \u00a1qu\u00e9 guapo luces hoy!<br \/>\u2014No m\u00e1s que t\u00fa, mi linda oruga.<\/p>\n<p>En el d\u00eda tambi\u00e9n lo visitaban hormigas diminutas, grillos flacos, gatos traviesos, bellas mariposas, personas que se acercaban a abrazarlo o a descansar bajo su sombra. Al \u00fanico que no le gustaba ver por ah\u00ed era a un hombre raro que llegaba todos los d\u00edas a verlo minuciosamente. Siempre le pronunciaba la misma frase mientras tocaba su tronco.<br \/>\u2014Eres un \u00e1rbol bello y fuerte, tienes buena madera, contigo podr\u00e9 hacer muchas cosas: la mesa del comedor, la silla de descanso, la cama para dormir.<br \/>A Laureano le asustaban sus palabras. Sent\u00eda que se acercaba su fin. Por eso decidi\u00f3 celebrar su cumplea\u00f1os n\u00famero doscientos, quiz\u00e1 era el \u00faltimo que festejar\u00eda. Se los coment\u00f3 a sus inquilinos.<br \/>\u2014Amigos, el pr\u00f3ximo mi\u00e9rcoles cumplo doscientos a\u00f1os, quiero invitarlos a mi fiesta.<br \/>\u2014\u00bfDoscientos a\u00f1os? Bravo, Laureano, no cualquiera llega a esa edad \u2014le dijo asombrado Mario, el Canario.<br \/>\u2014Las ardillas nos encargaremos del pastel \u2014prometi\u00f3 la ardilla Isabel.<br \/>\u2014Y nosotros los insectos, traeremos la comida \u2014prometi\u00f3 Aleja, la abeja.<\/p>\n<p>El d\u00eda del cumplea\u00f1os lleg\u00f3. Los p\u00e1jaros lo despertaron con una serenata de sonidos. Laureano se ba\u00f1\u00f3 con la lluvia de la ma\u00f1ana y cuando apareci\u00f3 el sol recibi\u00f3 sus rayos dorados. Pein\u00f3 sus frondosas ramas vi\u00e9ndose en las aguas del r\u00edo. Luc\u00eda hermoso. La fiesta comenz\u00f3 pronto. Despu\u00e9s los animales le cantaron las ma\u00f1anitas.<br \/>\u2014Estas son las ma\u00f1anitas que cantaba el rey David, a los \u00e1rboles bonitos se las cantamos aqu\u00ed\u2026<br \/>Tambi\u00e9n lo llenaron de regalos. Le dieron chocolates con sabor a tierra, collares demconchas para que colgara en sus ramas, un disco con m\u00fasica de bosque. Todo era bullicio y alegr\u00eda, hasta que apareci\u00f3 el hombre raro que iba a verlo todos los d\u00edas minuciosamente. Llevaba un hacha en las manos. Iba decidido a cortarlo.<br \/>\u2014Lleg\u00f3 tu d\u00eda \u00e1rbol \u2014le dijo.<\/p>\n<p>Laureano se puso triste. Era su fin. El hombre se acerc\u00f3. Revis\u00f3 el \u00e1rbol. Decidi\u00f3 subirse en \u00e9l. Toc\u00f3 su tronco h\u00famedo. Percibi\u00f3 su olor fresco. Crey\u00f3 que las ramas lo abrazaban. Se sinti\u00f3 protegido. Los p\u00e1jaros le cantaban al o\u00eddo, los insectos le mostraban el camino para trepar m\u00e1s alto. Y el hombre les hizo caso, escal\u00f3 por el cuerpo del \u00e1rbol. Cuando estuvo en el punto m\u00e1s alto se dio cuenta de que Laureano era tan bello y bueno que ser\u00eda un error talarlo.<br \/>\u2014\u00bfMe perdonas, \u00e1rbol? \u2014le dijo el hombre.<br \/>Al hombre le pareci\u00f3 que el \u00e1rbol le respond\u00eda.<br \/>\u2014S\u00ed, te perdono.<\/p>\n<p>Ese fue el cumplea\u00f1os m\u00e1s feliz de Laureano.&#8221;<\/p>\n<p>*<em>Ilustrado por Teresa Mart\u00edn.<\/em><\/p>\n","protected":false},"excerpt":{"rendered":"<p>Por Elizabeth Hern\u00e1ndez Apr\u00e1ez &#8220;Se acercaba el cumplea\u00f1os de Laureano. El veinte de julio iba a cumplir doscientos a\u00f1os. D\u00edas antes de celebrar su aniversario se mir\u00f3 en el espejo de agua. Ten\u00eda un tronco grueso y largo que parec\u00eda llegar al cielo, ramas frondosas, hojas de color verde brillante. Al ver reflejada su imagen en el r\u00edo que pasaba todos los d\u00edas por su lado, se sinti\u00f3 satisfecho.\u2014Doscientos a\u00f1os, me gusta ese n\u00famero \u2014dijo. Laureano era un \u00e1rbol bello. De \u00e9l se enamoraba todo el mundo. Se hab\u00eda convertido en la casa de muchos animales. En sus ramas hac\u00edan sus nidos aves cantoras, ardillas de colas largas viv\u00edan en la parte m\u00e1s alta de su cuerpo, insectos de distintos colores y formas habitaban en las hojas. Lo primero que hac\u00edan sus inquilinos al principio del d\u00eda&nbsp;era saludarlo.\u2014Buenos d\u00edas, Laureano. \u00bfC\u00f3mo amaneciste? \u2014le pregunt\u00f3 un peque\u00f1o p\u00e1jaro\u2014Muy bien, canario Mario.\u2014Mira [&hellip;]<\/p>\n","protected":false},"featured_media":5705,"template":"","format":[115],"categories":[12],"tags":[8],"cause":[128],"class_list":["post-5703","publicacion","type-publicacion","status-publish","has-post-thumbnail","hentry","category-recursos-educativos","tag-participacion-y-ciudadania-global","cause-educacion","format-recursos-educativos"],"acf":[],"yoast_head":"<!-- This site is optimized with the Yoast SEO Premium plugin v21.6 (Yoast SEO v27.5) - https:\/\/yoast.com\/product\/yoast-seo-premium-wordpress\/ -->\n<title>&quot;El cumplea\u00f1os de Laureano&quot;: Finalista Un Mundo de Cuento - Entreculturas<\/title>\n<meta name=\"robots\" content=\"index, follow, max-snippet:-1, max-image-preview:large, max-video-preview:-1\" \/>\n<link rel=\"canonical\" href=\"https:\/\/www.entreculturas.org\/ca\/publicacion\/el-cumpleanos-de-laureano-finalista-un-mundo-de-cuento\/\" \/>\n<meta property=\"og:locale\" content=\"ca_ES\" \/>\n<meta property=\"og:type\" content=\"article\" \/>\n<meta property=\"og:title\" content=\"&quot;El cumplea\u00f1os de Laureano&quot;: Finalista Un Mundo de Cuento\" \/>\n<meta property=\"og:description\" content=\"Por Elizabeth Hern\u00e1ndez Apr\u00e1ez &#8220;Se acercaba el cumplea\u00f1os de Laureano. El veinte de julio iba a cumplir doscientos a\u00f1os. D\u00edas antes de celebrar su aniversario se mir\u00f3 en el espejo de agua. Ten\u00eda un tronco grueso y largo que parec\u00eda llegar al cielo, ramas frondosas, hojas de color verde brillante. Al ver reflejada su imagen en el r\u00edo que pasaba todos los d\u00edas por su lado, se sinti\u00f3 satisfecho.\u2014Doscientos a\u00f1os, me gusta ese n\u00famero \u2014dijo. Laureano era un \u00e1rbol bello. De \u00e9l se enamoraba todo el mundo. Se hab\u00eda convertido en la casa de muchos animales. En sus ramas hac\u00edan sus nidos aves cantoras, ardillas de colas largas viv\u00edan en la parte m\u00e1s alta de su cuerpo, insectos de distintos colores y formas habitaban en las hojas. Lo primero que hac\u00edan sus inquilinos al principio del d\u00eda&nbsp;era saludarlo.\u2014Buenos d\u00edas, Laureano. \u00bfC\u00f3mo amaneciste? \u2014le pregunt\u00f3 un peque\u00f1o p\u00e1jaro\u2014Muy bien, canario Mario.\u2014Mira [&hellip;]\" \/>\n<meta property=\"og:url\" content=\"https:\/\/www.entreculturas.org\/ca\/publicacion\/el-cumpleanos-de-laureano-finalista-un-mundo-de-cuento\/\" \/>\n<meta property=\"og:site_name\" content=\"Entreculturas\" \/>\n<meta property=\"article:publisher\" content=\"https:\/\/www.facebook.com\/entreculturas\" \/>\n<meta property=\"article:modified_time\" content=\"2024-03-20T16:57:33+00:00\" \/>\n<meta property=\"og:image\" content=\"https:\/\/www.entreculturas.org\/wp-content\/uploads\/2020\/07\/14-scaled-1.jpg\" \/>\n\t<meta property=\"og:image:width\" content=\"2019\" \/>\n\t<meta property=\"og:image:height\" content=\"2560\" \/>\n\t<meta property=\"og:image:type\" content=\"image\/jpeg\" \/>\n<meta name=\"twitter:card\" content=\"summary_large_image\" \/>\n<meta name=\"twitter:site\" content=\"@Entreculturas\" \/>\n<script type=\"application\/ld+json\" class=\"yoast-schema-graph\">{\"@context\":\"https:\\\/\\\/schema.org\",\"@graph\":[{\"@type\":\"WebPage\",\"@id\":\"https:\\\/\\\/www.entreculturas.org\\\/ca\\\/publicacion\\\/el-cumpleanos-de-laureano-finalista-un-mundo-de-cuento\\\/\",\"url\":\"https:\\\/\\\/www.entreculturas.org\\\/ca\\\/publicacion\\\/el-cumpleanos-de-laureano-finalista-un-mundo-de-cuento\\\/\",\"name\":\"\\\"El cumplea\u00f1os de Laureano\\\": Finalista Un Mundo de Cuento - Entreculturas\",\"isPartOf\":{\"@id\":\"https:\\\/\\\/www.entreculturas.org\\\/ca\\\/#website\"},\"primaryImageOfPage\":{\"@id\":\"https:\\\/\\\/www.entreculturas.org\\\/ca\\\/publicacion\\\/el-cumpleanos-de-laureano-finalista-un-mundo-de-cuento\\\/#primaryimage\"},\"image\":{\"@id\":\"https:\\\/\\\/www.entreculturas.org\\\/ca\\\/publicacion\\\/el-cumpleanos-de-laureano-finalista-un-mundo-de-cuento\\\/#primaryimage\"},\"thumbnailUrl\":\"https:\\\/\\\/www.entreculturas.org\\\/wp-content\\\/uploads\\\/2020\\\/07\\\/14-scaled-1.jpg\",\"datePublished\":\"2020-07-27T10:11:48+00:00\",\"dateModified\":\"2024-03-20T16:57:33+00:00\",\"breadcrumb\":{\"@id\":\"https:\\\/\\\/www.entreculturas.org\\\/ca\\\/publicacion\\\/el-cumpleanos-de-laureano-finalista-un-mundo-de-cuento\\\/#breadcrumb\"},\"inLanguage\":\"ca\",\"potentialAction\":[{\"@type\":\"ReadAction\",\"target\":[\"https:\\\/\\\/www.entreculturas.org\\\/ca\\\/publicacion\\\/el-cumpleanos-de-laureano-finalista-un-mundo-de-cuento\\\/\"]}]},{\"@type\":\"ImageObject\",\"inLanguage\":\"ca\",\"@id\":\"https:\\\/\\\/www.entreculturas.org\\\/ca\\\/publicacion\\\/el-cumpleanos-de-laureano-finalista-un-mundo-de-cuento\\\/#primaryimage\",\"url\":\"https:\\\/\\\/www.entreculturas.org\\\/wp-content\\\/uploads\\\/2020\\\/07\\\/14-scaled-1.jpg\",\"contentUrl\":\"https:\\\/\\\/www.entreculturas.org\\\/wp-content\\\/uploads\\\/2020\\\/07\\\/14-scaled-1.jpg\",\"width\":2019,\"height\":2560,\"caption\":\"14\"},{\"@type\":\"BreadcrumbList\",\"@id\":\"https:\\\/\\\/www.entreculturas.org\\\/ca\\\/publicacion\\\/el-cumpleanos-de-laureano-finalista-un-mundo-de-cuento\\\/#breadcrumb\",\"itemListElement\":[{\"@type\":\"ListItem\",\"position\":1,\"name\":\"Home\",\"item\":\"https:\\\/\\\/www.entreculturas.org\\\/ca\\\/\"},{\"@type\":\"ListItem\",\"position\":2,\"name\":\"Publicaciones\",\"item\":\"https:\\\/\\\/www.entreculturas.org\\\/ca\\\/publicaciones\\\/\"},{\"@type\":\"ListItem\",\"position\":3,\"name\":\"&#8220;El cumplea\u00f1os de Laureano&#8221;: Finalista Un Mundo de Cuento\"}]},{\"@type\":\"WebSite\",\"@id\":\"https:\\\/\\\/www.entreculturas.org\\\/ca\\\/#website\",\"url\":\"https:\\\/\\\/www.entreculturas.org\\\/ca\\\/\",\"name\":\"Entreculturas\",\"description\":\"\",\"publisher\":{\"@id\":\"https:\\\/\\\/www.entreculturas.org\\\/ca\\\/#organization\"},\"alternateName\":\"Entreculturas\",\"potentialAction\":[{\"@type\":\"SearchAction\",\"target\":{\"@type\":\"EntryPoint\",\"urlTemplate\":\"https:\\\/\\\/www.entreculturas.org\\\/ca\\\/?s={search_term_string}\"},\"query-input\":{\"@type\":\"PropertyValueSpecification\",\"valueRequired\":true,\"valueName\":\"search_term_string\"}}],\"inLanguage\":\"ca\"},{\"@type\":\"Organization\",\"@id\":\"https:\\\/\\\/www.entreculturas.org\\\/ca\\\/#organization\",\"name\":\"Entreculturas\",\"url\":\"https:\\\/\\\/www.entreculturas.org\\\/ca\\\/\",\"logo\":{\"@type\":\"ImageObject\",\"inLanguage\":\"ca\",\"@id\":\"https:\\\/\\\/www.entreculturas.org\\\/ca\\\/#\\\/schema\\\/logo\\\/image\\\/\",\"url\":\"https:\\\/\\\/www.entreculturas.org\\\/wp-content\\\/uploads\\\/2025\\\/10\\\/ESP.svg\",\"contentUrl\":\"https:\\\/\\\/www.entreculturas.org\\\/wp-content\\\/uploads\\\/2025\\\/10\\\/ESP.svg\",\"caption\":\"Entreculturas\"},\"image\":{\"@id\":\"https:\\\/\\\/www.entreculturas.org\\\/ca\\\/#\\\/schema\\\/logo\\\/image\\\/\"},\"sameAs\":[\"https:\\\/\\\/www.facebook.com\\\/entreculturas\",\"https:\\\/\\\/x.com\\\/Entreculturas\",\"https:\\\/\\\/www.instagram.com\\\/entreculturas\\\/\",\"https:\\\/\\\/www.youtube.com\\\/user\\\/entreculturasvideo\",\"https:\\\/\\\/www.linkedin.com\\\/company\\\/fundacion-entreculturas-ngdo\\\/\",\"https:\\\/\\\/www.flickr.com\\\/photos\\\/98455522@N04\\\/albums\\\/\"]}]}<\/script>\n<!-- \/ Yoast SEO Premium plugin. -->","yoast_head_json":{"title":"\"El cumplea\u00f1os de Laureano\": Finalista Un Mundo de Cuento - Entreculturas","robots":{"index":"index","follow":"follow","max-snippet":"max-snippet:-1","max-image-preview":"max-image-preview:large","max-video-preview":"max-video-preview:-1"},"canonical":"https:\/\/www.entreculturas.org\/ca\/publicacion\/el-cumpleanos-de-laureano-finalista-un-mundo-de-cuento\/","og_locale":"ca_ES","og_type":"article","og_title":"\"El cumplea\u00f1os de Laureano\": Finalista Un Mundo de Cuento","og_description":"Por Elizabeth Hern\u00e1ndez Apr\u00e1ez &#8220;Se acercaba el cumplea\u00f1os de Laureano. El veinte de julio iba a cumplir doscientos a\u00f1os. D\u00edas antes de celebrar su aniversario se mir\u00f3 en el espejo de agua. Ten\u00eda un tronco grueso y largo que parec\u00eda llegar al cielo, ramas frondosas, hojas de color verde brillante. Al ver reflejada su imagen en el r\u00edo que pasaba todos los d\u00edas por su lado, se sinti\u00f3 satisfecho.\u2014Doscientos a\u00f1os, me gusta ese n\u00famero \u2014dijo. Laureano era un \u00e1rbol bello. De \u00e9l se enamoraba todo el mundo. Se hab\u00eda convertido en la casa de muchos animales. En sus ramas hac\u00edan sus nidos aves cantoras, ardillas de colas largas viv\u00edan en la parte m\u00e1s alta de su cuerpo, insectos de distintos colores y formas habitaban en las hojas. Lo primero que hac\u00edan sus inquilinos al principio del d\u00eda&nbsp;era saludarlo.\u2014Buenos d\u00edas, Laureano. \u00bfC\u00f3mo amaneciste? \u2014le pregunt\u00f3 un peque\u00f1o p\u00e1jaro\u2014Muy bien, canario Mario.\u2014Mira [&hellip;]","og_url":"https:\/\/www.entreculturas.org\/ca\/publicacion\/el-cumpleanos-de-laureano-finalista-un-mundo-de-cuento\/","og_site_name":"Entreculturas","article_publisher":"https:\/\/www.facebook.com\/entreculturas","article_modified_time":"2024-03-20T16:57:33+00:00","og_image":[{"width":2019,"height":2560,"url":"https:\/\/www.entreculturas.org\/wp-content\/uploads\/2020\/07\/14-scaled-1.jpg","type":"image\/jpeg"}],"twitter_card":"summary_large_image","twitter_site":"@Entreculturas","schema":{"@context":"https:\/\/schema.org","@graph":[{"@type":"WebPage","@id":"https:\/\/www.entreculturas.org\/ca\/publicacion\/el-cumpleanos-de-laureano-finalista-un-mundo-de-cuento\/","url":"https:\/\/www.entreculturas.org\/ca\/publicacion\/el-cumpleanos-de-laureano-finalista-un-mundo-de-cuento\/","name":"\"El cumplea\u00f1os de Laureano\": Finalista Un Mundo de Cuento - Entreculturas","isPartOf":{"@id":"https:\/\/www.entreculturas.org\/ca\/#website"},"primaryImageOfPage":{"@id":"https:\/\/www.entreculturas.org\/ca\/publicacion\/el-cumpleanos-de-laureano-finalista-un-mundo-de-cuento\/#primaryimage"},"image":{"@id":"https:\/\/www.entreculturas.org\/ca\/publicacion\/el-cumpleanos-de-laureano-finalista-un-mundo-de-cuento\/#primaryimage"},"thumbnailUrl":"https:\/\/www.entreculturas.org\/wp-content\/uploads\/2020\/07\/14-scaled-1.jpg","datePublished":"2020-07-27T10:11:48+00:00","dateModified":"2024-03-20T16:57:33+00:00","breadcrumb":{"@id":"https:\/\/www.entreculturas.org\/ca\/publicacion\/el-cumpleanos-de-laureano-finalista-un-mundo-de-cuento\/#breadcrumb"},"inLanguage":"ca","potentialAction":[{"@type":"ReadAction","target":["https:\/\/www.entreculturas.org\/ca\/publicacion\/el-cumpleanos-de-laureano-finalista-un-mundo-de-cuento\/"]}]},{"@type":"ImageObject","inLanguage":"ca","@id":"https:\/\/www.entreculturas.org\/ca\/publicacion\/el-cumpleanos-de-laureano-finalista-un-mundo-de-cuento\/#primaryimage","url":"https:\/\/www.entreculturas.org\/wp-content\/uploads\/2020\/07\/14-scaled-1.jpg","contentUrl":"https:\/\/www.entreculturas.org\/wp-content\/uploads\/2020\/07\/14-scaled-1.jpg","width":2019,"height":2560,"caption":"14"},{"@type":"BreadcrumbList","@id":"https:\/\/www.entreculturas.org\/ca\/publicacion\/el-cumpleanos-de-laureano-finalista-un-mundo-de-cuento\/#breadcrumb","itemListElement":[{"@type":"ListItem","position":1,"name":"Home","item":"https:\/\/www.entreculturas.org\/ca\/"},{"@type":"ListItem","position":2,"name":"Publicaciones","item":"https:\/\/www.entreculturas.org\/ca\/publicaciones\/"},{"@type":"ListItem","position":3,"name":"&#8220;El cumplea\u00f1os de Laureano&#8221;: Finalista Un Mundo de Cuento"}]},{"@type":"WebSite","@id":"https:\/\/www.entreculturas.org\/ca\/#website","url":"https:\/\/www.entreculturas.org\/ca\/","name":"Entreculturas","description":"","publisher":{"@id":"https:\/\/www.entreculturas.org\/ca\/#organization"},"alternateName":"Entreculturas","potentialAction":[{"@type":"SearchAction","target":{"@type":"EntryPoint","urlTemplate":"https:\/\/www.entreculturas.org\/ca\/?s={search_term_string}"},"query-input":{"@type":"PropertyValueSpecification","valueRequired":true,"valueName":"search_term_string"}}],"inLanguage":"ca"},{"@type":"Organization","@id":"https:\/\/www.entreculturas.org\/ca\/#organization","name":"Entreculturas","url":"https:\/\/www.entreculturas.org\/ca\/","logo":{"@type":"ImageObject","inLanguage":"ca","@id":"https:\/\/www.entreculturas.org\/ca\/#\/schema\/logo\/image\/","url":"https:\/\/www.entreculturas.org\/wp-content\/uploads\/2025\/10\/ESP.svg","contentUrl":"https:\/\/www.entreculturas.org\/wp-content\/uploads\/2025\/10\/ESP.svg","caption":"Entreculturas"},"image":{"@id":"https:\/\/www.entreculturas.org\/ca\/#\/schema\/logo\/image\/"},"sameAs":["https:\/\/www.facebook.com\/entreculturas","https:\/\/x.com\/Entreculturas","https:\/\/www.instagram.com\/entreculturas\/","https:\/\/www.youtube.com\/user\/entreculturasvideo","https:\/\/www.linkedin.com\/company\/fundacion-entreculturas-ngdo\/","https:\/\/www.flickr.com\/photos\/98455522@N04\/albums\/"]}]}},"_links":{"self":[{"href":"https:\/\/www.entreculturas.org\/ca\/wp-json\/wp\/v2\/publicacion\/5703","targetHints":{"allow":["GET"]}}],"collection":[{"href":"https:\/\/www.entreculturas.org\/ca\/wp-json\/wp\/v2\/publicacion"}],"about":[{"href":"https:\/\/www.entreculturas.org\/ca\/wp-json\/wp\/v2\/types\/publicacion"}],"wp:featuredmedia":[{"embeddable":true,"href":"https:\/\/www.entreculturas.org\/ca\/wp-json\/wp\/v2\/media\/5705"}],"wp:attachment":[{"href":"https:\/\/www.entreculturas.org\/ca\/wp-json\/wp\/v2\/media?parent=5703"}],"wp:term":[{"taxonomy":"category","embeddable":true,"href":"https:\/\/www.entreculturas.org\/ca\/wp-json\/wp\/v2\/categories?post=5703"},{"taxonomy":"post_tag","embeddable":true,"href":"https:\/\/www.entreculturas.org\/ca\/wp-json\/wp\/v2\/tags?post=5703"},{"taxonomy":"cause","embeddable":true,"href":"https:\/\/www.entreculturas.org\/ca\/wp-json\/wp\/v2\/cause?post=5703"},{"taxonomy":"format","embeddable":true,"href":"https:\/\/www.entreculturas.org\/ca\/wp-json\/wp\/v2\/format?post=5703"}],"curies":[{"name":"wp","href":"https:\/\/api.w.org\/{rel}","templated":true}]}}