{"id":5665,"date":"2020-07-27T09:41:06","date_gmt":"2020-07-27T09:41:06","guid":{"rendered":"https:\/\/entreculturasi.wpenginepowered.com\/?publicaciones=onirico-finalista-un-mundo-de-cuento"},"modified":"2024-03-20T17:58:24","modified_gmt":"2024-03-20T16:58:24","slug":"onirico-finalista-un-mundo-de-cuento","status":"publish","type":"publicacion","link":"https:\/\/www.entreculturas.org\/ca\/publicacion\/onirico-finalista-un-mundo-de-cuento\/","title":{"rendered":"&#8220;On\u00edrico&#8221;: Finalista Un Mundo de Cuento"},"content":{"rendered":"<p><em>Por&nbsp;Yoanna Amondarain Gonz\u00e1les.<\/em><\/p>\n<p>&#8220;He estado en ese lugar donde se invierten los mapas.<br \/>Donde poner en el centro la vida y dar abrazos son las \u00fanicas armas.&nbsp;<br \/>Donde el poder que va contra lo humano est\u00e1 de m\u00e1s.<br \/>&nbsp;<br \/>A veces me encuentran las palabras,<br \/>y hay una que se hace la encontradiza.<br \/>&nbsp;<br \/>ON\u00cdRICO; su melod\u00eda es suave y me encontr\u00f3 en ese lugar donde ya he estado antes.<br \/>&nbsp;<br \/>Relativo a los sue\u00f1os, a lo no alcanzado.<br \/>Relativo a lo imaginado, lo no inventado.<br \/>Esa utop\u00eda, no de lo irrealizable, sino de lo a\u00fan no realizado.<br \/>&nbsp;<br \/>Se abren las ventanas de nuestras miradas.<br \/>Logramos entender, que m\u00e1s vale un bien com\u00fan que un s\u00e1lvese quien pueda.<br \/>Ponemos en el centro el verbo cuidar y lo conjugamos en primera, segunda y tercera persona.<br \/>Dejamos de mirar los colores para diferenciarnos y empezamos a mirarlos para dibujar un arcoiris.<br \/>Rompemos barreras mentales y murallas f\u00edsicas, y aprendemos a conquistar bajo una misma bandera.<br \/>Lo que me diferencia a m\u00ed de ti y de ti a m\u00ed, no es m\u00e1s que aquello que nos invita a construir algo nuevo.<br \/>Llego a ser mujer como quiero serlo, y llego a poder hacer todo lo que quiero.<br \/>Dejo de obedecer y guardar silencio.<br \/>Me atrevo a decir qu\u00e9 anhelo, qu\u00e9 deseo.<br \/>Aprendo a despenalizar caricias y desafiar estereotipos y les hago un pulso, y conquisto la libertad.<br \/>&nbsp;<br \/>Somos lo que decimos, tanto como lo que callamos.<br \/>Somos lo que hacemos, tanto como lo que no hacemos.<br \/>Somos lo que no nos damos permiso a sentir y lo que sentimos.<br \/>&nbsp;<br \/>Si ponemos la pasi\u00f3n creativa de nuestra maquinaria colectiva, quiz\u00e1 podamos definir lo imaginado.<br \/>Si nos cuestionamos, nuestro baile con lo on\u00edrico, nos ense\u00f1ar\u00e1 los pasos a\u00fan no inventados que nos lleven a ese lugar donde ya he estado.<br \/>&nbsp;<br \/>Pienso, luego puedo actuar.<br \/>Siento, luego puedo ser libre.&#8221;<\/p>\n<p><em>*Ilustrado por Teresa Mart\u00edn.<\/em><\/p>\n","protected":false},"excerpt":{"rendered":"<p>Por&nbsp;Yoanna Amondarain Gonz\u00e1les. &#8220;He estado en ese lugar donde se invierten los mapas.Donde poner en el centro la vida y dar abrazos son las \u00fanicas armas.&nbsp;Donde el poder que va contra lo humano est\u00e1 de m\u00e1s.&nbsp;A veces me encuentran las palabras,y hay una que se hace la encontradiza.&nbsp;ON\u00cdRICO; su melod\u00eda es suave y me encontr\u00f3 en ese lugar donde ya he estado antes.&nbsp;Relativo a los sue\u00f1os, a lo no alcanzado.Relativo a lo imaginado, lo no inventado.Esa utop\u00eda, no de lo irrealizable, sino de lo a\u00fan no realizado.&nbsp;Se abren las ventanas de nuestras miradas.Logramos entender, que m\u00e1s vale un bien com\u00fan que un s\u00e1lvese quien pueda.Ponemos en el centro el verbo cuidar y lo conjugamos en primera, segunda y tercera persona.Dejamos de mirar los colores para diferenciarnos y empezamos a mirarlos para dibujar un arcoiris.Rompemos barreras mentales y murallas f\u00edsicas, y aprendemos a conquistar bajo una misma bandera.Lo que me diferencia [&hellip;]<\/p>\n","protected":false},"featured_media":5668,"template":"","format":[115],"categories":[12],"tags":[8],"cause":[128,132],"class_list":["post-5665","publicacion","type-publicacion","status-publish","has-post-thumbnail","hentry","category-recursos-educativos","tag-participacion-y-ciudadania-global","cause-educacion","cause-participacion-y-ciudadania-global","format-recursos-educativos"],"acf":[],"yoast_head":"<!-- This site is optimized with the Yoast SEO Premium plugin v21.6 (Yoast SEO v27.5) - https:\/\/yoast.com\/product\/yoast-seo-premium-wordpress\/ -->\n<title>&quot;On\u00edrico&quot;: Finalista Un Mundo de Cuento - Entreculturas<\/title>\n<meta name=\"robots\" content=\"index, follow, max-snippet:-1, max-image-preview:large, max-video-preview:-1\" \/>\n<link rel=\"canonical\" href=\"https:\/\/www.entreculturas.org\/ca\/publicacion\/onirico-finalista-un-mundo-de-cuento\/\" \/>\n<meta property=\"og:locale\" content=\"ca_ES\" \/>\n<meta property=\"og:type\" content=\"article\" \/>\n<meta property=\"og:title\" content=\"&quot;On\u00edrico&quot;: Finalista Un Mundo de Cuento\" \/>\n<meta property=\"og:description\" content=\"Por&nbsp;Yoanna Amondarain Gonz\u00e1les. &#8220;He estado en ese lugar donde se invierten los mapas.Donde poner en el centro la vida y dar abrazos son las \u00fanicas armas.&nbsp;Donde el poder que va contra lo humano est\u00e1 de m\u00e1s.&nbsp;A veces me encuentran las palabras,y hay una que se hace la encontradiza.&nbsp;ON\u00cdRICO; su melod\u00eda es suave y me encontr\u00f3 en ese lugar donde ya he estado antes.&nbsp;Relativo a los sue\u00f1os, a lo no alcanzado.Relativo a lo imaginado, lo no inventado.Esa utop\u00eda, no de lo irrealizable, sino de lo a\u00fan no realizado.&nbsp;Se abren las ventanas de nuestras miradas.Logramos entender, que m\u00e1s vale un bien com\u00fan que un s\u00e1lvese quien pueda.Ponemos en el centro el verbo cuidar y lo conjugamos en primera, segunda y tercera persona.Dejamos de mirar los colores para diferenciarnos y empezamos a mirarlos para dibujar un arcoiris.Rompemos barreras mentales y murallas f\u00edsicas, y aprendemos a conquistar bajo una misma bandera.Lo que me diferencia [&hellip;]\" \/>\n<meta property=\"og:url\" content=\"https:\/\/www.entreculturas.org\/ca\/publicacion\/onirico-finalista-un-mundo-de-cuento\/\" \/>\n<meta property=\"og:site_name\" content=\"Entreculturas\" \/>\n<meta property=\"article:publisher\" content=\"https:\/\/www.facebook.com\/entreculturas\" \/>\n<meta property=\"article:modified_time\" content=\"2024-03-20T16:58:24+00:00\" \/>\n<meta property=\"og:image\" content=\"https:\/\/www.entreculturas.org\/wp-content\/uploads\/2020\/07\/10_1-scaled-1.jpg\" \/>\n\t<meta property=\"og:image:width\" content=\"2160\" \/>\n\t<meta property=\"og:image:height\" content=\"2560\" \/>\n\t<meta property=\"og:image:type\" content=\"image\/jpeg\" \/>\n<meta name=\"twitter:card\" content=\"summary_large_image\" \/>\n<meta name=\"twitter:site\" content=\"@Entreculturas\" \/>\n<script type=\"application\/ld+json\" class=\"yoast-schema-graph\">{\"@context\":\"https:\\\/\\\/schema.org\",\"@graph\":[{\"@type\":\"WebPage\",\"@id\":\"https:\\\/\\\/www.entreculturas.org\\\/ca\\\/publicacion\\\/onirico-finalista-un-mundo-de-cuento\\\/\",\"url\":\"https:\\\/\\\/www.entreculturas.org\\\/ca\\\/publicacion\\\/onirico-finalista-un-mundo-de-cuento\\\/\",\"name\":\"\\\"On\u00edrico\\\": Finalista Un Mundo de Cuento - Entreculturas\",\"isPartOf\":{\"@id\":\"https:\\\/\\\/www.entreculturas.org\\\/ca\\\/#website\"},\"primaryImageOfPage\":{\"@id\":\"https:\\\/\\\/www.entreculturas.org\\\/ca\\\/publicacion\\\/onirico-finalista-un-mundo-de-cuento\\\/#primaryimage\"},\"image\":{\"@id\":\"https:\\\/\\\/www.entreculturas.org\\\/ca\\\/publicacion\\\/onirico-finalista-un-mundo-de-cuento\\\/#primaryimage\"},\"thumbnailUrl\":\"https:\\\/\\\/www.entreculturas.org\\\/wp-content\\\/uploads\\\/2020\\\/07\\\/10_1-scaled-1.jpg\",\"datePublished\":\"2020-07-27T09:41:06+00:00\",\"dateModified\":\"2024-03-20T16:58:24+00:00\",\"breadcrumb\":{\"@id\":\"https:\\\/\\\/www.entreculturas.org\\\/ca\\\/publicacion\\\/onirico-finalista-un-mundo-de-cuento\\\/#breadcrumb\"},\"inLanguage\":\"ca\",\"potentialAction\":[{\"@type\":\"ReadAction\",\"target\":[\"https:\\\/\\\/www.entreculturas.org\\\/ca\\\/publicacion\\\/onirico-finalista-un-mundo-de-cuento\\\/\"]}]},{\"@type\":\"ImageObject\",\"inLanguage\":\"ca\",\"@id\":\"https:\\\/\\\/www.entreculturas.org\\\/ca\\\/publicacion\\\/onirico-finalista-un-mundo-de-cuento\\\/#primaryimage\",\"url\":\"https:\\\/\\\/www.entreculturas.org\\\/wp-content\\\/uploads\\\/2020\\\/07\\\/10_1-scaled-1.jpg\",\"contentUrl\":\"https:\\\/\\\/www.entreculturas.org\\\/wp-content\\\/uploads\\\/2020\\\/07\\\/10_1-scaled-1.jpg\",\"width\":2160,\"height\":2560,\"caption\":\"10\"},{\"@type\":\"BreadcrumbList\",\"@id\":\"https:\\\/\\\/www.entreculturas.org\\\/ca\\\/publicacion\\\/onirico-finalista-un-mundo-de-cuento\\\/#breadcrumb\",\"itemListElement\":[{\"@type\":\"ListItem\",\"position\":1,\"name\":\"Home\",\"item\":\"https:\\\/\\\/www.entreculturas.org\\\/ca\\\/\"},{\"@type\":\"ListItem\",\"position\":2,\"name\":\"Publicaciones\",\"item\":\"https:\\\/\\\/www.entreculturas.org\\\/ca\\\/publicaciones\\\/\"},{\"@type\":\"ListItem\",\"position\":3,\"name\":\"&#8220;On\u00edrico&#8221;: Finalista Un Mundo de Cuento\"}]},{\"@type\":\"WebSite\",\"@id\":\"https:\\\/\\\/www.entreculturas.org\\\/ca\\\/#website\",\"url\":\"https:\\\/\\\/www.entreculturas.org\\\/ca\\\/\",\"name\":\"Entreculturas\",\"description\":\"\",\"publisher\":{\"@id\":\"https:\\\/\\\/www.entreculturas.org\\\/ca\\\/#organization\"},\"alternateName\":\"Entreculturas\",\"potentialAction\":[{\"@type\":\"SearchAction\",\"target\":{\"@type\":\"EntryPoint\",\"urlTemplate\":\"https:\\\/\\\/www.entreculturas.org\\\/ca\\\/?s={search_term_string}\"},\"query-input\":{\"@type\":\"PropertyValueSpecification\",\"valueRequired\":true,\"valueName\":\"search_term_string\"}}],\"inLanguage\":\"ca\"},{\"@type\":\"Organization\",\"@id\":\"https:\\\/\\\/www.entreculturas.org\\\/ca\\\/#organization\",\"name\":\"Entreculturas\",\"url\":\"https:\\\/\\\/www.entreculturas.org\\\/ca\\\/\",\"logo\":{\"@type\":\"ImageObject\",\"inLanguage\":\"ca\",\"@id\":\"https:\\\/\\\/www.entreculturas.org\\\/ca\\\/#\\\/schema\\\/logo\\\/image\\\/\",\"url\":\"https:\\\/\\\/www.entreculturas.org\\\/wp-content\\\/uploads\\\/2025\\\/10\\\/ESP.svg\",\"contentUrl\":\"https:\\\/\\\/www.entreculturas.org\\\/wp-content\\\/uploads\\\/2025\\\/10\\\/ESP.svg\",\"caption\":\"Entreculturas\"},\"image\":{\"@id\":\"https:\\\/\\\/www.entreculturas.org\\\/ca\\\/#\\\/schema\\\/logo\\\/image\\\/\"},\"sameAs\":[\"https:\\\/\\\/www.facebook.com\\\/entreculturas\",\"https:\\\/\\\/x.com\\\/Entreculturas\",\"https:\\\/\\\/www.instagram.com\\\/entreculturas\\\/\",\"https:\\\/\\\/www.youtube.com\\\/user\\\/entreculturasvideo\",\"https:\\\/\\\/www.linkedin.com\\\/company\\\/fundacion-entreculturas-ngdo\\\/\",\"https:\\\/\\\/www.flickr.com\\\/photos\\\/98455522@N04\\\/albums\\\/\"]}]}<\/script>\n<!-- \/ Yoast SEO Premium plugin. -->","yoast_head_json":{"title":"\"On\u00edrico\": Finalista Un Mundo de Cuento - Entreculturas","robots":{"index":"index","follow":"follow","max-snippet":"max-snippet:-1","max-image-preview":"max-image-preview:large","max-video-preview":"max-video-preview:-1"},"canonical":"https:\/\/www.entreculturas.org\/ca\/publicacion\/onirico-finalista-un-mundo-de-cuento\/","og_locale":"ca_ES","og_type":"article","og_title":"\"On\u00edrico\": Finalista Un Mundo de Cuento","og_description":"Por&nbsp;Yoanna Amondarain Gonz\u00e1les. &#8220;He estado en ese lugar donde se invierten los mapas.Donde poner en el centro la vida y dar abrazos son las \u00fanicas armas.&nbsp;Donde el poder que va contra lo humano est\u00e1 de m\u00e1s.&nbsp;A veces me encuentran las palabras,y hay una que se hace la encontradiza.&nbsp;ON\u00cdRICO; su melod\u00eda es suave y me encontr\u00f3 en ese lugar donde ya he estado antes.&nbsp;Relativo a los sue\u00f1os, a lo no alcanzado.Relativo a lo imaginado, lo no inventado.Esa utop\u00eda, no de lo irrealizable, sino de lo a\u00fan no realizado.&nbsp;Se abren las ventanas de nuestras miradas.Logramos entender, que m\u00e1s vale un bien com\u00fan que un s\u00e1lvese quien pueda.Ponemos en el centro el verbo cuidar y lo conjugamos en primera, segunda y tercera persona.Dejamos de mirar los colores para diferenciarnos y empezamos a mirarlos para dibujar un arcoiris.Rompemos barreras mentales y murallas f\u00edsicas, y aprendemos a conquistar bajo una misma bandera.Lo que me diferencia [&hellip;]","og_url":"https:\/\/www.entreculturas.org\/ca\/publicacion\/onirico-finalista-un-mundo-de-cuento\/","og_site_name":"Entreculturas","article_publisher":"https:\/\/www.facebook.com\/entreculturas","article_modified_time":"2024-03-20T16:58:24+00:00","og_image":[{"width":2160,"height":2560,"url":"https:\/\/www.entreculturas.org\/wp-content\/uploads\/2020\/07\/10_1-scaled-1.jpg","type":"image\/jpeg"}],"twitter_card":"summary_large_image","twitter_site":"@Entreculturas","schema":{"@context":"https:\/\/schema.org","@graph":[{"@type":"WebPage","@id":"https:\/\/www.entreculturas.org\/ca\/publicacion\/onirico-finalista-un-mundo-de-cuento\/","url":"https:\/\/www.entreculturas.org\/ca\/publicacion\/onirico-finalista-un-mundo-de-cuento\/","name":"\"On\u00edrico\": Finalista Un Mundo de Cuento - Entreculturas","isPartOf":{"@id":"https:\/\/www.entreculturas.org\/ca\/#website"},"primaryImageOfPage":{"@id":"https:\/\/www.entreculturas.org\/ca\/publicacion\/onirico-finalista-un-mundo-de-cuento\/#primaryimage"},"image":{"@id":"https:\/\/www.entreculturas.org\/ca\/publicacion\/onirico-finalista-un-mundo-de-cuento\/#primaryimage"},"thumbnailUrl":"https:\/\/www.entreculturas.org\/wp-content\/uploads\/2020\/07\/10_1-scaled-1.jpg","datePublished":"2020-07-27T09:41:06+00:00","dateModified":"2024-03-20T16:58:24+00:00","breadcrumb":{"@id":"https:\/\/www.entreculturas.org\/ca\/publicacion\/onirico-finalista-un-mundo-de-cuento\/#breadcrumb"},"inLanguage":"ca","potentialAction":[{"@type":"ReadAction","target":["https:\/\/www.entreculturas.org\/ca\/publicacion\/onirico-finalista-un-mundo-de-cuento\/"]}]},{"@type":"ImageObject","inLanguage":"ca","@id":"https:\/\/www.entreculturas.org\/ca\/publicacion\/onirico-finalista-un-mundo-de-cuento\/#primaryimage","url":"https:\/\/www.entreculturas.org\/wp-content\/uploads\/2020\/07\/10_1-scaled-1.jpg","contentUrl":"https:\/\/www.entreculturas.org\/wp-content\/uploads\/2020\/07\/10_1-scaled-1.jpg","width":2160,"height":2560,"caption":"10"},{"@type":"BreadcrumbList","@id":"https:\/\/www.entreculturas.org\/ca\/publicacion\/onirico-finalista-un-mundo-de-cuento\/#breadcrumb","itemListElement":[{"@type":"ListItem","position":1,"name":"Home","item":"https:\/\/www.entreculturas.org\/ca\/"},{"@type":"ListItem","position":2,"name":"Publicaciones","item":"https:\/\/www.entreculturas.org\/ca\/publicaciones\/"},{"@type":"ListItem","position":3,"name":"&#8220;On\u00edrico&#8221;: Finalista Un Mundo de Cuento"}]},{"@type":"WebSite","@id":"https:\/\/www.entreculturas.org\/ca\/#website","url":"https:\/\/www.entreculturas.org\/ca\/","name":"Entreculturas","description":"","publisher":{"@id":"https:\/\/www.entreculturas.org\/ca\/#organization"},"alternateName":"Entreculturas","potentialAction":[{"@type":"SearchAction","target":{"@type":"EntryPoint","urlTemplate":"https:\/\/www.entreculturas.org\/ca\/?s={search_term_string}"},"query-input":{"@type":"PropertyValueSpecification","valueRequired":true,"valueName":"search_term_string"}}],"inLanguage":"ca"},{"@type":"Organization","@id":"https:\/\/www.entreculturas.org\/ca\/#organization","name":"Entreculturas","url":"https:\/\/www.entreculturas.org\/ca\/","logo":{"@type":"ImageObject","inLanguage":"ca","@id":"https:\/\/www.entreculturas.org\/ca\/#\/schema\/logo\/image\/","url":"https:\/\/www.entreculturas.org\/wp-content\/uploads\/2025\/10\/ESP.svg","contentUrl":"https:\/\/www.entreculturas.org\/wp-content\/uploads\/2025\/10\/ESP.svg","caption":"Entreculturas"},"image":{"@id":"https:\/\/www.entreculturas.org\/ca\/#\/schema\/logo\/image\/"},"sameAs":["https:\/\/www.facebook.com\/entreculturas","https:\/\/x.com\/Entreculturas","https:\/\/www.instagram.com\/entreculturas\/","https:\/\/www.youtube.com\/user\/entreculturasvideo","https:\/\/www.linkedin.com\/company\/fundacion-entreculturas-ngdo\/","https:\/\/www.flickr.com\/photos\/98455522@N04\/albums\/"]}]}},"_links":{"self":[{"href":"https:\/\/www.entreculturas.org\/ca\/wp-json\/wp\/v2\/publicacion\/5665","targetHints":{"allow":["GET"]}}],"collection":[{"href":"https:\/\/www.entreculturas.org\/ca\/wp-json\/wp\/v2\/publicacion"}],"about":[{"href":"https:\/\/www.entreculturas.org\/ca\/wp-json\/wp\/v2\/types\/publicacion"}],"wp:featuredmedia":[{"embeddable":true,"href":"https:\/\/www.entreculturas.org\/ca\/wp-json\/wp\/v2\/media\/5668"}],"wp:attachment":[{"href":"https:\/\/www.entreculturas.org\/ca\/wp-json\/wp\/v2\/media?parent=5665"}],"wp:term":[{"taxonomy":"category","embeddable":true,"href":"https:\/\/www.entreculturas.org\/ca\/wp-json\/wp\/v2\/categories?post=5665"},{"taxonomy":"post_tag","embeddable":true,"href":"https:\/\/www.entreculturas.org\/ca\/wp-json\/wp\/v2\/tags?post=5665"},{"taxonomy":"cause","embeddable":true,"href":"https:\/\/www.entreculturas.org\/ca\/wp-json\/wp\/v2\/cause?post=5665"},{"taxonomy":"format","embeddable":true,"href":"https:\/\/www.entreculturas.org\/ca\/wp-json\/wp\/v2\/format?post=5665"}],"curies":[{"name":"wp","href":"https:\/\/api.w.org\/{rel}","templated":true}]}}