{"id":5650,"date":"2020-07-27T09:00:03","date_gmt":"2020-07-27T09:00:03","guid":{"rendered":"https:\/\/entreculturasi.wpenginepowered.com\/?publicaciones=el-mundo-y-sus-maravillas-finalista-un-mundo-de-cuento"},"modified":"2024-03-20T17:58:34","modified_gmt":"2024-03-20T16:58:34","slug":"el-mundo-y-sus-maravillas-finalista-un-mundo-de-cuento","status":"publish","type":"publicacion","link":"https:\/\/www.entreculturas.org\/ca\/publicacion\/el-mundo-y-sus-maravillas-finalista-un-mundo-de-cuento\/","title":{"rendered":"&#8220;El mundo y sus maravillas&#8221;: Finalista Un Mundo de Cuento"},"content":{"rendered":"<p><em>Por Sheila Goncalvez da Silva.<\/em><\/p>\n<p>&#8220;- Algo est\u00e1 pasando y no es bueno. Cuesta moverse en el agua -dice Marino. -\u00bfPor eso nos llamaste? -pregunta Verde -Pues s\u00ed. Necesito ayuda, no conf\u00edo que las cosas est\u00e9n bien.<br \/>&nbsp;<br \/>-He sentido temblores en la tierra; adem\u00e1s nos cuesta dormir por el ruido \u2013 dice Topo-. -\u00bfQu\u00e9 les parece si llamamos a nuestros amigos Andrea y su perrito Max para que nos ayuden? Propongo reunirnos al mediod\u00eda. El punto de encuentro ser\u00e1 en la madriguera. -Esfera avisa a Andrea \u2013dice Marino.<br \/>&nbsp;<br \/>Al d\u00eda siguiente la reuni\u00f3n se realiza en la madriguera. Andrea y Max se alegran de ver a sus amigos. Recuerda que los conoci\u00f3 explorando. \u2013El mundo y sus maravillas, -dice Andrea. -Ustedes son importantes en el ciclo de la vida.<br \/>&nbsp;<br \/>-Algo est\u00e1 pasando que debemos investigar \u2013dice Marino. He detectado en el agua un espesor extra\u00f1o. -Hay aves con problemas para respirar \u2013dice Esfera. &#8211; Ayer, en el an\u00e1lisis del suelo, detectamos que los movimientos de la tierra que vienen del norte de la Ciudad, en una zona abandonada \u2013dijo Topo.<br \/>&nbsp;<br \/>&#8211; Yo vi que los \u00e1rboles estaban desnudos y en esta \u00e9poca del a\u00f1o no se caen las hojas. \u2013 dice Verde. &#8211; A m\u00ed me encanta jugar con las hojas, me hundo en ellas y huelen mal -dice Max<br \/>&nbsp;<br \/>\u00a1Es incre\u00edble! \u00a1Hay que resolverlo pronto! Busquen muestras de lo que han contado y tr\u00e1iganlas. Al amanecer iremos Max y yo al norte e investigaremos lo que est\u00e1 pasando \u2013 dice Andrea.<br \/>&nbsp;<br \/>Al d\u00eda siguiente fue complicado llegar, los caminos estaban abandonados. Max, percib\u00eda cambios en el olor del ambiente. Andrea sinti\u00f3 miedo porque estaba desolado. Estando ah\u00ed, percibieron una brisa que casi los deja sin respiraci\u00f3n. Se les taparon los ojos, parec\u00eda una ola de gas. Andrea logr\u00f3 refugiarse con Max en una caba\u00f1a abandonada.<br \/>&nbsp;<br \/>-No podemos seguir, -dice Andrea, tenemos que devolvernos. Mientras volv\u00edan, Max se dio cuenta que Andrea estaba mareada, algo extra\u00f1o ten\u00eda esa brisa. Max le dio una bebida energizante para poder caminar. Cuando llegaron a la madriguera estaba el equipo reunido.<br \/>&nbsp;<br \/>Si una brisa logra hacer da\u00f1o, entonces hay que investigar \u2013 dijo Marino. Empezaron a ver los resultados del agua, de la tierra, de las hojas, del ave contaminada. Los resultados arrojaron lo mismo: un qu\u00edmico potente capaz de poner el agua como aceite, la tierra como arcilla, las aves no pueden respirar y las hojas se caen. Segu\u00eda siendo un misterio saber qui\u00e9n habr\u00eda ocasionado todo.<br \/>&nbsp;<br \/>En el momento quedaron consternados ante la idea de ver la tierra destruida. Sintieron tristeza al descubrir el impacto de esta brisa. -\u00bfQu\u00e9 puede debilitar una brisa contaminada? Vamos al norte, observemos c\u00f3mo se comporta, de d\u00f3nde viene, -dijo Andrea.&nbsp; \u2013Hay que prepararse bien, llevar lo necesario para protegernos y analizar lo que podamos conseguir, dice Marino.<br \/>&nbsp;<br \/>En el camino se siti\u00f3 la brisa y se refugiaron en una caba\u00f1a. Aprovecharon de observar lo que pasaba y preguntarse: \u00bfC\u00f3mo es el sonido?, \u00bfel olor?, \u00bfla densidad del aire? -\u00a1Qu\u00e9 qu\u00edmico tan fuerte! Si los vientos se originan por la presi\u00f3n de diferentes temperaturas, pudi\u00e9ramos generar otra presi\u00f3n que pueda debilitar el qu\u00edmico, dijo Marino. \u00a1Buena idea!, -dijo Andrea.<br \/>&nbsp;<br \/>Hicieron pruebas, parec\u00eda que nada sal\u00eda bien. Hab\u00eda un ambiente de desesperaci\u00f3n. Ve\u00edan por las ventanas como la brisa iba creciendo, oscureciendo su color.<br \/>&nbsp;<br \/>-Tomemos el ox\u00edgeno que produce Verde, m\u00e1s el abono que produce Topo, m\u00e1s la sustancia que produce Marino, junto a la energ\u00eda de Esfera y la fuerza de la lluvia \u2013dijo Andrea. Cada uno sac\u00f3 lo mejor de s\u00ed, desde el amor a la naturaleza, su deseo de que la tierra volviera a estar como antes. Crearon un ant\u00eddoto perfecto. Verde propuso: &#8211; debemos organizarnos para llegar al n\u00facleo.<br \/>&nbsp;<br \/>-Podemos, dijo Topo, utilizar nuestras capacidades para disminuir el impacto de la brisa y Andrea y Max lleguen al n\u00facleo. Primero pudiera pasar Esfera, volando alto, desplegando una tormenta, -dijo Marino. Yo pudiera meterme en el lago, generar desde las profundidades fuerza para que el agua pueda salir y Esfera genere lluvia. \u2013Yo puedo llevar a Andrea y Max hasta el n\u00facleo, dijo Verde. Topo y yo podemos ir por debajo de las hojas y avanzando lo m\u00e1s r\u00e1pido que se pueda. \u00a1Comencemos ya!-dijo Andrea.<br \/>&nbsp;<br \/>Todo fue saliendo como lo planeado. Andrea y Max pudieron llegar al n\u00facleo de la brisa. Se llama Brizna, result\u00f3 ser una especie de esp\u00edritu. Cuando Brizna vio a Andrea y Max llegar solt\u00f3 una risa espantosa: \u2013 \u00bfUstedes creen que podr\u00e1n acabar conmigo? Yo nunca voy a extinguirme; me alimento de la contaminaci\u00f3n que generan las personas. \u2013Te venceremos con lo mejor que tiene la naturaleza. Dijo Andrea.<br \/>&nbsp;<br \/>Comenz\u00f3 la batalla. Max y Andrea dieron toda su fuerza, Brizna luchaba por mantenerse. Cuando Brizna parec\u00eda que iba a ganar, llegaron todos: Esfera lanz\u00f3 lluvia, Verde gener\u00f3 ox\u00edgeno, Topo y Marino ayudaban a Andrea y Max.<br \/>&nbsp;<br \/>Brizna comenz\u00f3 a desintegrarse diciendo: -\u00a1volver\u00e9, siempre que existe la contaminaci\u00f3n!<br \/>&nbsp;<br \/>Afortunadamente, con la uni\u00f3n lograron acabar con Brizna.<br \/>&nbsp;<br \/>La luz de sol apareci\u00f3. Caminaron hacia la madriguera, agotados y contentos. Ah\u00ed conversaron sobre lo ocurrido. &#8211; Tenemos que seguir trabajando para cuidarnos y evitar que vuelva Brizna, dijo Andrea.<br \/>&nbsp;<br \/>\u00a1Comencemos juntos!<br \/>&nbsp;<br \/>-T\u00fa, querido ni\u00f1@, \u00bfte animas a ayudarnos? \u00a1Si cada uno convence a una persona en evitar contaminar y querer a la naturaleza, seguro lo logramos! Dijo Andrea.&#8221;<\/p>\n<p><em>*Ilustraci\u00f3n de Teresa Mart\u00edn.<\/em><\/p>\n","protected":false},"excerpt":{"rendered":"<p>Por Sheila Goncalvez da Silva. &#8220;- Algo est\u00e1 pasando y no es bueno. Cuesta moverse en el agua -dice Marino. -\u00bfPor eso nos llamaste? -pregunta Verde -Pues s\u00ed. Necesito ayuda, no conf\u00edo que las cosas est\u00e9n bien.&nbsp;-He sentido temblores en la tierra; adem\u00e1s nos cuesta dormir por el ruido \u2013 dice Topo-. -\u00bfQu\u00e9 les parece si llamamos a nuestros amigos Andrea y su perrito Max para que nos ayuden? Propongo reunirnos al mediod\u00eda. El punto de encuentro ser\u00e1 en la madriguera. -Esfera avisa a Andrea \u2013dice Marino.&nbsp;Al d\u00eda siguiente la reuni\u00f3n se realiza en la madriguera. Andrea y Max se alegran de ver a sus amigos. Recuerda que los conoci\u00f3 explorando. \u2013El mundo y sus maravillas, -dice Andrea. -Ustedes son importantes en el ciclo de la vida.&nbsp;-Algo est\u00e1 pasando que debemos investigar \u2013dice Marino. He detectado en el agua un espesor extra\u00f1o. -Hay aves con problemas para respirar \u2013dice Esfera. [&hellip;]<\/p>\n","protected":false},"featured_media":5655,"template":"","format":[115],"categories":[12],"tags":[8],"cause":[128,132],"class_list":["post-5650","publicacion","type-publicacion","status-publish","has-post-thumbnail","hentry","category-recursos-educativos","tag-participacion-y-ciudadania-global","cause-educacion","cause-participacion-y-ciudadania-global","format-recursos-educativos"],"acf":[],"yoast_head":"<!-- This site is optimized with the Yoast SEO Premium plugin v21.6 (Yoast SEO v27.5) - https:\/\/yoast.com\/product\/yoast-seo-premium-wordpress\/ -->\n<title>&quot;El mundo y sus maravillas&quot;: Finalista Un Mundo de Cuento - Entreculturas<\/title>\n<meta name=\"robots\" content=\"index, follow, max-snippet:-1, max-image-preview:large, max-video-preview:-1\" \/>\n<link rel=\"canonical\" href=\"https:\/\/www.entreculturas.org\/ca\/publicacion\/el-mundo-y-sus-maravillas-finalista-un-mundo-de-cuento\/\" \/>\n<meta property=\"og:locale\" content=\"ca_ES\" \/>\n<meta property=\"og:type\" content=\"article\" \/>\n<meta property=\"og:title\" content=\"&quot;El mundo y sus maravillas&quot;: Finalista Un Mundo de Cuento\" \/>\n<meta property=\"og:description\" content=\"Por Sheila Goncalvez da Silva. &#8220;- Algo est\u00e1 pasando y no es bueno. Cuesta moverse en el agua -dice Marino. -\u00bfPor eso nos llamaste? -pregunta Verde -Pues s\u00ed. Necesito ayuda, no conf\u00edo que las cosas est\u00e9n bien.&nbsp;-He sentido temblores en la tierra; adem\u00e1s nos cuesta dormir por el ruido \u2013 dice Topo-. -\u00bfQu\u00e9 les parece si llamamos a nuestros amigos Andrea y su perrito Max para que nos ayuden? Propongo reunirnos al mediod\u00eda. El punto de encuentro ser\u00e1 en la madriguera. -Esfera avisa a Andrea \u2013dice Marino.&nbsp;Al d\u00eda siguiente la reuni\u00f3n se realiza en la madriguera. Andrea y Max se alegran de ver a sus amigos. Recuerda que los conoci\u00f3 explorando. \u2013El mundo y sus maravillas, -dice Andrea. -Ustedes son importantes en el ciclo de la vida.&nbsp;-Algo est\u00e1 pasando que debemos investigar \u2013dice Marino. He detectado en el agua un espesor extra\u00f1o. -Hay aves con problemas para respirar \u2013dice Esfera. [&hellip;]\" \/>\n<meta property=\"og:url\" content=\"https:\/\/www.entreculturas.org\/ca\/publicacion\/el-mundo-y-sus-maravillas-finalista-un-mundo-de-cuento\/\" \/>\n<meta property=\"og:site_name\" content=\"Entreculturas\" \/>\n<meta property=\"article:publisher\" content=\"https:\/\/www.facebook.com\/entreculturas\" \/>\n<meta property=\"article:modified_time\" content=\"2024-03-20T16:58:34+00:00\" \/>\n<meta property=\"og:image\" content=\"https:\/\/www.entreculturas.org\/wp-content\/uploads\/2020\/07\/9_0-scaled-1.jpg\" \/>\n\t<meta property=\"og:image:width\" content=\"2052\" \/>\n\t<meta property=\"og:image:height\" content=\"2560\" \/>\n\t<meta property=\"og:image:type\" content=\"image\/jpeg\" \/>\n<meta name=\"twitter:card\" content=\"summary_large_image\" \/>\n<meta name=\"twitter:site\" content=\"@Entreculturas\" \/>\n<script type=\"application\/ld+json\" class=\"yoast-schema-graph\">{\"@context\":\"https:\\\/\\\/schema.org\",\"@graph\":[{\"@type\":\"WebPage\",\"@id\":\"https:\\\/\\\/www.entreculturas.org\\\/ca\\\/publicacion\\\/el-mundo-y-sus-maravillas-finalista-un-mundo-de-cuento\\\/\",\"url\":\"https:\\\/\\\/www.entreculturas.org\\\/ca\\\/publicacion\\\/el-mundo-y-sus-maravillas-finalista-un-mundo-de-cuento\\\/\",\"name\":\"\\\"El mundo y sus maravillas\\\": Finalista Un Mundo de Cuento - Entreculturas\",\"isPartOf\":{\"@id\":\"https:\\\/\\\/www.entreculturas.org\\\/ca\\\/#website\"},\"primaryImageOfPage\":{\"@id\":\"https:\\\/\\\/www.entreculturas.org\\\/ca\\\/publicacion\\\/el-mundo-y-sus-maravillas-finalista-un-mundo-de-cuento\\\/#primaryimage\"},\"image\":{\"@id\":\"https:\\\/\\\/www.entreculturas.org\\\/ca\\\/publicacion\\\/el-mundo-y-sus-maravillas-finalista-un-mundo-de-cuento\\\/#primaryimage\"},\"thumbnailUrl\":\"https:\\\/\\\/www.entreculturas.org\\\/wp-content\\\/uploads\\\/2020\\\/07\\\/9_0-scaled-1.jpg\",\"datePublished\":\"2020-07-27T09:00:03+00:00\",\"dateModified\":\"2024-03-20T16:58:34+00:00\",\"breadcrumb\":{\"@id\":\"https:\\\/\\\/www.entreculturas.org\\\/ca\\\/publicacion\\\/el-mundo-y-sus-maravillas-finalista-un-mundo-de-cuento\\\/#breadcrumb\"},\"inLanguage\":\"ca\",\"potentialAction\":[{\"@type\":\"ReadAction\",\"target\":[\"https:\\\/\\\/www.entreculturas.org\\\/ca\\\/publicacion\\\/el-mundo-y-sus-maravillas-finalista-un-mundo-de-cuento\\\/\"]}]},{\"@type\":\"ImageObject\",\"inLanguage\":\"ca\",\"@id\":\"https:\\\/\\\/www.entreculturas.org\\\/ca\\\/publicacion\\\/el-mundo-y-sus-maravillas-finalista-un-mundo-de-cuento\\\/#primaryimage\",\"url\":\"https:\\\/\\\/www.entreculturas.org\\\/wp-content\\\/uploads\\\/2020\\\/07\\\/9_0-scaled-1.jpg\",\"contentUrl\":\"https:\\\/\\\/www.entreculturas.org\\\/wp-content\\\/uploads\\\/2020\\\/07\\\/9_0-scaled-1.jpg\",\"width\":2052,\"height\":2560,\"caption\":\"9\"},{\"@type\":\"BreadcrumbList\",\"@id\":\"https:\\\/\\\/www.entreculturas.org\\\/ca\\\/publicacion\\\/el-mundo-y-sus-maravillas-finalista-un-mundo-de-cuento\\\/#breadcrumb\",\"itemListElement\":[{\"@type\":\"ListItem\",\"position\":1,\"name\":\"Home\",\"item\":\"https:\\\/\\\/www.entreculturas.org\\\/ca\\\/\"},{\"@type\":\"ListItem\",\"position\":2,\"name\":\"Publicaciones\",\"item\":\"https:\\\/\\\/www.entreculturas.org\\\/ca\\\/publicaciones\\\/\"},{\"@type\":\"ListItem\",\"position\":3,\"name\":\"&#8220;El mundo y sus maravillas&#8221;: Finalista Un Mundo de Cuento\"}]},{\"@type\":\"WebSite\",\"@id\":\"https:\\\/\\\/www.entreculturas.org\\\/ca\\\/#website\",\"url\":\"https:\\\/\\\/www.entreculturas.org\\\/ca\\\/\",\"name\":\"Entreculturas\",\"description\":\"\",\"publisher\":{\"@id\":\"https:\\\/\\\/www.entreculturas.org\\\/ca\\\/#organization\"},\"alternateName\":\"Entreculturas\",\"potentialAction\":[{\"@type\":\"SearchAction\",\"target\":{\"@type\":\"EntryPoint\",\"urlTemplate\":\"https:\\\/\\\/www.entreculturas.org\\\/ca\\\/?s={search_term_string}\"},\"query-input\":{\"@type\":\"PropertyValueSpecification\",\"valueRequired\":true,\"valueName\":\"search_term_string\"}}],\"inLanguage\":\"ca\"},{\"@type\":\"Organization\",\"@id\":\"https:\\\/\\\/www.entreculturas.org\\\/ca\\\/#organization\",\"name\":\"Entreculturas\",\"url\":\"https:\\\/\\\/www.entreculturas.org\\\/ca\\\/\",\"logo\":{\"@type\":\"ImageObject\",\"inLanguage\":\"ca\",\"@id\":\"https:\\\/\\\/www.entreculturas.org\\\/ca\\\/#\\\/schema\\\/logo\\\/image\\\/\",\"url\":\"https:\\\/\\\/www.entreculturas.org\\\/wp-content\\\/uploads\\\/2025\\\/10\\\/ESP.svg\",\"contentUrl\":\"https:\\\/\\\/www.entreculturas.org\\\/wp-content\\\/uploads\\\/2025\\\/10\\\/ESP.svg\",\"caption\":\"Entreculturas\"},\"image\":{\"@id\":\"https:\\\/\\\/www.entreculturas.org\\\/ca\\\/#\\\/schema\\\/logo\\\/image\\\/\"},\"sameAs\":[\"https:\\\/\\\/www.facebook.com\\\/entreculturas\",\"https:\\\/\\\/x.com\\\/Entreculturas\",\"https:\\\/\\\/www.instagram.com\\\/entreculturas\\\/\",\"https:\\\/\\\/www.youtube.com\\\/user\\\/entreculturasvideo\",\"https:\\\/\\\/www.linkedin.com\\\/company\\\/fundacion-entreculturas-ngdo\\\/\",\"https:\\\/\\\/www.flickr.com\\\/photos\\\/98455522@N04\\\/albums\\\/\"]}]}<\/script>\n<!-- \/ Yoast SEO Premium plugin. -->","yoast_head_json":{"title":"\"El mundo y sus maravillas\": Finalista Un Mundo de Cuento - Entreculturas","robots":{"index":"index","follow":"follow","max-snippet":"max-snippet:-1","max-image-preview":"max-image-preview:large","max-video-preview":"max-video-preview:-1"},"canonical":"https:\/\/www.entreculturas.org\/ca\/publicacion\/el-mundo-y-sus-maravillas-finalista-un-mundo-de-cuento\/","og_locale":"ca_ES","og_type":"article","og_title":"\"El mundo y sus maravillas\": Finalista Un Mundo de Cuento","og_description":"Por Sheila Goncalvez da Silva. &#8220;- Algo est\u00e1 pasando y no es bueno. Cuesta moverse en el agua -dice Marino. -\u00bfPor eso nos llamaste? -pregunta Verde -Pues s\u00ed. Necesito ayuda, no conf\u00edo que las cosas est\u00e9n bien.&nbsp;-He sentido temblores en la tierra; adem\u00e1s nos cuesta dormir por el ruido \u2013 dice Topo-. -\u00bfQu\u00e9 les parece si llamamos a nuestros amigos Andrea y su perrito Max para que nos ayuden? Propongo reunirnos al mediod\u00eda. El punto de encuentro ser\u00e1 en la madriguera. -Esfera avisa a Andrea \u2013dice Marino.&nbsp;Al d\u00eda siguiente la reuni\u00f3n se realiza en la madriguera. Andrea y Max se alegran de ver a sus amigos. Recuerda que los conoci\u00f3 explorando. \u2013El mundo y sus maravillas, -dice Andrea. -Ustedes son importantes en el ciclo de la vida.&nbsp;-Algo est\u00e1 pasando que debemos investigar \u2013dice Marino. He detectado en el agua un espesor extra\u00f1o. -Hay aves con problemas para respirar \u2013dice Esfera. [&hellip;]","og_url":"https:\/\/www.entreculturas.org\/ca\/publicacion\/el-mundo-y-sus-maravillas-finalista-un-mundo-de-cuento\/","og_site_name":"Entreculturas","article_publisher":"https:\/\/www.facebook.com\/entreculturas","article_modified_time":"2024-03-20T16:58:34+00:00","og_image":[{"width":2052,"height":2560,"url":"https:\/\/www.entreculturas.org\/wp-content\/uploads\/2020\/07\/9_0-scaled-1.jpg","type":"image\/jpeg"}],"twitter_card":"summary_large_image","twitter_site":"@Entreculturas","schema":{"@context":"https:\/\/schema.org","@graph":[{"@type":"WebPage","@id":"https:\/\/www.entreculturas.org\/ca\/publicacion\/el-mundo-y-sus-maravillas-finalista-un-mundo-de-cuento\/","url":"https:\/\/www.entreculturas.org\/ca\/publicacion\/el-mundo-y-sus-maravillas-finalista-un-mundo-de-cuento\/","name":"\"El mundo y sus maravillas\": Finalista Un Mundo de Cuento - Entreculturas","isPartOf":{"@id":"https:\/\/www.entreculturas.org\/ca\/#website"},"primaryImageOfPage":{"@id":"https:\/\/www.entreculturas.org\/ca\/publicacion\/el-mundo-y-sus-maravillas-finalista-un-mundo-de-cuento\/#primaryimage"},"image":{"@id":"https:\/\/www.entreculturas.org\/ca\/publicacion\/el-mundo-y-sus-maravillas-finalista-un-mundo-de-cuento\/#primaryimage"},"thumbnailUrl":"https:\/\/www.entreculturas.org\/wp-content\/uploads\/2020\/07\/9_0-scaled-1.jpg","datePublished":"2020-07-27T09:00:03+00:00","dateModified":"2024-03-20T16:58:34+00:00","breadcrumb":{"@id":"https:\/\/www.entreculturas.org\/ca\/publicacion\/el-mundo-y-sus-maravillas-finalista-un-mundo-de-cuento\/#breadcrumb"},"inLanguage":"ca","potentialAction":[{"@type":"ReadAction","target":["https:\/\/www.entreculturas.org\/ca\/publicacion\/el-mundo-y-sus-maravillas-finalista-un-mundo-de-cuento\/"]}]},{"@type":"ImageObject","inLanguage":"ca","@id":"https:\/\/www.entreculturas.org\/ca\/publicacion\/el-mundo-y-sus-maravillas-finalista-un-mundo-de-cuento\/#primaryimage","url":"https:\/\/www.entreculturas.org\/wp-content\/uploads\/2020\/07\/9_0-scaled-1.jpg","contentUrl":"https:\/\/www.entreculturas.org\/wp-content\/uploads\/2020\/07\/9_0-scaled-1.jpg","width":2052,"height":2560,"caption":"9"},{"@type":"BreadcrumbList","@id":"https:\/\/www.entreculturas.org\/ca\/publicacion\/el-mundo-y-sus-maravillas-finalista-un-mundo-de-cuento\/#breadcrumb","itemListElement":[{"@type":"ListItem","position":1,"name":"Home","item":"https:\/\/www.entreculturas.org\/ca\/"},{"@type":"ListItem","position":2,"name":"Publicaciones","item":"https:\/\/www.entreculturas.org\/ca\/publicaciones\/"},{"@type":"ListItem","position":3,"name":"&#8220;El mundo y sus maravillas&#8221;: Finalista Un Mundo de Cuento"}]},{"@type":"WebSite","@id":"https:\/\/www.entreculturas.org\/ca\/#website","url":"https:\/\/www.entreculturas.org\/ca\/","name":"Entreculturas","description":"","publisher":{"@id":"https:\/\/www.entreculturas.org\/ca\/#organization"},"alternateName":"Entreculturas","potentialAction":[{"@type":"SearchAction","target":{"@type":"EntryPoint","urlTemplate":"https:\/\/www.entreculturas.org\/ca\/?s={search_term_string}"},"query-input":{"@type":"PropertyValueSpecification","valueRequired":true,"valueName":"search_term_string"}}],"inLanguage":"ca"},{"@type":"Organization","@id":"https:\/\/www.entreculturas.org\/ca\/#organization","name":"Entreculturas","url":"https:\/\/www.entreculturas.org\/ca\/","logo":{"@type":"ImageObject","inLanguage":"ca","@id":"https:\/\/www.entreculturas.org\/ca\/#\/schema\/logo\/image\/","url":"https:\/\/www.entreculturas.org\/wp-content\/uploads\/2025\/10\/ESP.svg","contentUrl":"https:\/\/www.entreculturas.org\/wp-content\/uploads\/2025\/10\/ESP.svg","caption":"Entreculturas"},"image":{"@id":"https:\/\/www.entreculturas.org\/ca\/#\/schema\/logo\/image\/"},"sameAs":["https:\/\/www.facebook.com\/entreculturas","https:\/\/x.com\/Entreculturas","https:\/\/www.instagram.com\/entreculturas\/","https:\/\/www.youtube.com\/user\/entreculturasvideo","https:\/\/www.linkedin.com\/company\/fundacion-entreculturas-ngdo\/","https:\/\/www.flickr.com\/photos\/98455522@N04\/albums\/"]}]}},"_links":{"self":[{"href":"https:\/\/www.entreculturas.org\/ca\/wp-json\/wp\/v2\/publicacion\/5650","targetHints":{"allow":["GET"]}}],"collection":[{"href":"https:\/\/www.entreculturas.org\/ca\/wp-json\/wp\/v2\/publicacion"}],"about":[{"href":"https:\/\/www.entreculturas.org\/ca\/wp-json\/wp\/v2\/types\/publicacion"}],"wp:featuredmedia":[{"embeddable":true,"href":"https:\/\/www.entreculturas.org\/ca\/wp-json\/wp\/v2\/media\/5655"}],"wp:attachment":[{"href":"https:\/\/www.entreculturas.org\/ca\/wp-json\/wp\/v2\/media?parent=5650"}],"wp:term":[{"taxonomy":"category","embeddable":true,"href":"https:\/\/www.entreculturas.org\/ca\/wp-json\/wp\/v2\/categories?post=5650"},{"taxonomy":"post_tag","embeddable":true,"href":"https:\/\/www.entreculturas.org\/ca\/wp-json\/wp\/v2\/tags?post=5650"},{"taxonomy":"cause","embeddable":true,"href":"https:\/\/www.entreculturas.org\/ca\/wp-json\/wp\/v2\/cause?post=5650"},{"taxonomy":"format","embeddable":true,"href":"https:\/\/www.entreculturas.org\/ca\/wp-json\/wp\/v2\/format?post=5650"}],"curies":[{"name":"wp","href":"https:\/\/api.w.org\/{rel}","templated":true}]}}