{"id":5632,"date":"2020-07-27T08:42:48","date_gmt":"2020-07-27T08:42:48","guid":{"rendered":"https:\/\/entreculturasi.wpenginepowered.com\/?publicaciones=un-lugar-llamado-estrecho-finalista-un-mundo-de-cuento"},"modified":"2024-03-20T17:58:56","modified_gmt":"2024-03-20T16:58:56","slug":"un-lugar-llamado-estrecho-finalista-un-mundo-de-cuento","status":"publish","type":"publicacion","link":"https:\/\/www.entreculturas.org\/ca\/publicacion\/un-lugar-llamado-estrecho-finalista-un-mundo-de-cuento\/","title":{"rendered":"&#8220;Un lugar llamado &#8220;Estrecho&#8221;: Finalista Un Mundo de Cuento"},"content":{"rendered":"<p><em>Por Susana Mu\u00f1oz Cuenca.<\/em><\/p>\n<p><span style=\"font-family: &quot;Open Sans&quot;, &quot;Segoe UI&quot;, Helvetica, sans-serif; font-size: 13px; background-color: rgb(255, 255, 255);\">&#8220;<\/span>La gran&nbsp; bola naranja cae por el horizonte como cada noche. Me gusta la hora de las sombras. En la oscuridad los sue\u00f1os son posibles.&nbsp;Jelani prepara su peque\u00f1o hatillo. Pocas cosas para&nbsp; un viaje tan largo. Lleva so\u00f1ando con \u00e9l mucho tiempo\u2026Ma\u00f1ana, antes de que el astro de fuego vuelva a aparecer por el lado opuesto, ha de encontrarse con Dakarai, su compa\u00f1ero. No ir\u00e1n a orde\u00f1ar las cabras como cada d\u00eda. Hay mucho camino&nbsp; que recorrer&nbsp; antes de llegar a ese sitio que llaman \u201cestrecho\u201d.<\/p>\n<p>Las noticias vuelan como las estrellas fugaces y esa lleg\u00f3 hasta el poblado de Jelani&nbsp; anidando en su coraz\u00f3n. Al otro lado de ese \u201cestrecho\u201d los sue\u00f1os se hacen realidad. Dakarai r\u00ede siempre, su nombre significa alegr\u00eda. Sus peque\u00f1os dientes&nbsp; parecen onzas de chocolate blanco y huelen a manteca de cacao.&nbsp; Jelani le ense\u00f1\u00f3 todo lo que sabe de las cabras.<br \/>&#8211; No sale leche &#8211;&nbsp; dec\u00eda Dakarai la primera vez que se enfrent\u00f3 a su tarea diaria despu\u00e9s de un buen rato sin parar de intentarlo.&nbsp;&nbsp;<br \/>&#8211; Trae d\u00e9jame a m\u00ed y pon atenci\u00f3n, si no llegamos pronto al mercado no conseguiremos un buen precio.&nbsp;<\/p>\n<p>Jelani es como si fuera su hermano mayor, su protector y su modelo a seguir, pero tambi\u00e9n es la persona con la que comparte una ilusi\u00f3n.&nbsp;<br \/>Jelani aprendi\u00f3 a orde\u00f1ar viendo a su hermano mayor Kiros, hasta que consigui\u00f3 su propio reba\u00f1o y abandon\u00f3 el poblado. Tambi\u00e9n fue \u00e9l quien le ense\u00f1\u00f3 a conseguir un buen precio por la leche.&nbsp;<br \/>Dakarai corre, si terminamos pronto podremos todav\u00eda ir a la explanada a jugar.<br \/>Ya voy, ya voy\u2026.Jo, es que el c\u00e1ntaro pesa mucho.<br \/>Jelani no iba a ninguna parte sin su bal\u00f3n.&nbsp; Su particular bola de fuego hecha con trapos encontrados aqu\u00ed y all\u00e1 enrollados en un ovillo y atados con cuerdas. Ese era el tesoro que encerraba su sue\u00f1o.&nbsp;<br \/>Correr tras ella, regatear, lanzarla al aire, recogerla con sus pies descalzos, seguir corriendo y por fin chutar a puerta. \u00a1\u00a1Goooollll!!&nbsp;<\/p>\n<p>Pero no siempre era as\u00ed, Dakarai hab\u00eda aprendido a defenderse bien y no todos los chutes de Jelani consegu\u00edan traspasar esas dos piedras que marcaban el l\u00edmite de la porter\u00eda.<br \/>Disfrutaban tanto jugando juntos que nada los deten\u00eda. Las plantas de sus pies parec\u00edan de lija, su piel chocolate los proteg\u00eda&nbsp; del calor que ven\u00eda directamente del cielo. Las ganas siempre intactas.<br \/>&#8211; \u00a1Mira Dakarai cu\u00e1ntas monedas nos han dado hoy por la leche!<br \/>&#8211; \u00a1Las que nos faltaban Jelani! Ya te dije que lo conseguir\u00edamos\u2026\u00bfHurra!<\/p>\n<p>Llevaban meses sisando las monedas que les conducir\u00edan a su meta. Ya casi la pod\u00edan tocar con la yema de los dedos. Pocas horas les separaban de su traves\u00eda.<br \/>&#8211; Vamos Dakarai, todav\u00eda nos da tiempo a ir a la explanada antes de volver a casa.<br \/>S\u00ed vamos, tenemos que despedirnos, qui\u00e9n sabe cu\u00e1ndo volveremos a jugar aqu\u00ed\u2026\u00bfCrees que la echaremos de menos?<br \/>A lo mejor &#8211; dijo Jelani con cierta nostalgia, como si su voz ya estuviera lejos de all\u00ed\u2026<br \/>Los ojos negros y profundos de los muchachos no eran capaces de divisar el final de esa planicie, tan grande como era. Le dieron un adi\u00f3s silencioso antes de volver a casa.<br \/>Nadie sospechaba lo que los dos amigos hab\u00edan planeado. De vuelta a&nbsp; sus respectivas chozas como siempre, a la hora de siempre no hubo m\u00e1s preguntas de las habituales. Tan solo tuvieron que rendir cuentas por la leche vendida, como cada d\u00eda.<br \/>La inmensa naranja se desped\u00eda como todos los atardeceres dejando paso libre por los ventanucos a la hora de las sombras. Se hac\u00eda el silencio.&nbsp;<br \/>Revisaron una y mil veces sus peque\u00f1os hatillos . Apenas pudieron conciliar el sue\u00f1o. La emoci\u00f3n era grande.&nbsp;<br \/>Antes del alba se encontraron en el sitio pactado. Con la noche todav\u00eda a cuestas emprendieron camino. Deb\u00edan alejarse del poblado lo m\u00e1s posible antes de que su ausencia levantara sospechas.<br \/>Durante un buen rato no cruzaron palabra. Solo el silencio era c\u00f3mplice de su aventura. Hasta que Dakarai empez\u00f3 con su ristra de preguntas:<\/p>\n<p>&#8211;&nbsp;\u00bfCu\u00e1nto tiempo llevamos andando?<br \/>&#8211; No el suficiente para poder hacer una parada &#8211; respondi\u00f3 Jelani.<br \/>&#8211; \u00bfY cu\u00e1ndo la podremos hacer? Tengo un poco de hambre y estoy cansado.<br \/>&#8211; Tenemos que alejarnos m\u00e1s, no podemos arriesgarnos o todo nuestro plan se podr\u00eda arruinar y no querr\u00e1s que eso ocurra \u00bfno Dakarai?<br \/>&#8211; Vale Jelani, pero dentro de un rato paramos.<\/p>\n<p>La voluntad de Jelani era de hierro. Demasiadas horas de las sombras hab\u00eda pasado perge\u00f1ando su sue\u00f1o, como para que un atisbo de debilidad diera al traste con todo.<br \/>Si todo iba bien en unos cuantos d\u00edas estar\u00edan frente a ese lugar que les llevar\u00eda directamente a su nueva vida. Aunque sus cuerpos estaban acostumbrados a lidiar con el calor, har\u00edan paradas cuando el astro rey estuviera justo encima de sus cabezas.&nbsp; Comer\u00edan y beber\u00edan algo para reponer fuerzas, antes de buscar un lugar donde echarse a dormir.&nbsp;<br \/>La disciplina de Jelani era tan fuerte que fueron escasas las ocasiones en las que ced\u00eda ante las quejas de Dakarai.&nbsp;&nbsp;<\/p>\n<p>&#8211;&nbsp;\u00c1nimo amigo, solo un peque\u00f1o esfuerzo m\u00e1s y podremos descansar. As\u00ed alentaba Jelani a su compa\u00f1ero cuando el des\u00e1nimo se colaba por alguna grieta de su coraz\u00f3n.&nbsp;&nbsp;<\/p>\n<p>Y as\u00ed fue, tras un peque\u00f1o empuj\u00f3n, los dos amigos se encontraron frente a su objetivo\u2026 En ese instante sus miradas se fundieron en l\u00e1grimas con la inmensidad de ese lugar llamado \u201cEstrecho\u201d.<\/p>\n<p>&nbsp;<\/p>\n<p><em>*Ilustrado por Elena Guill\u00e9n.<\/em><\/p>\n","protected":false},"excerpt":{"rendered":"<p>Por Susana Mu\u00f1oz Cuenca. &#8220;La gran&nbsp; bola naranja cae por el horizonte como cada noche. Me gusta la hora de las sombras. En la oscuridad los sue\u00f1os son posibles.&nbsp;Jelani prepara su peque\u00f1o hatillo. Pocas cosas para&nbsp; un viaje tan largo. Lleva so\u00f1ando con \u00e9l mucho tiempo\u2026Ma\u00f1ana, antes de que el astro de fuego vuelva a aparecer por el lado opuesto, ha de encontrarse con Dakarai, su compa\u00f1ero. No ir\u00e1n a orde\u00f1ar las cabras como cada d\u00eda. Hay mucho camino&nbsp; que recorrer&nbsp; antes de llegar a ese sitio que llaman \u201cestrecho\u201d. Las noticias vuelan como las estrellas fugaces y esa lleg\u00f3 hasta el poblado de Jelani&nbsp; anidando en su coraz\u00f3n. Al otro lado de ese \u201cestrecho\u201d los sue\u00f1os se hacen realidad. Dakarai r\u00ede siempre, su nombre significa alegr\u00eda. Sus peque\u00f1os dientes&nbsp; parecen onzas de chocolate blanco y huelen a manteca de cacao.&nbsp; Jelani le ense\u00f1\u00f3 todo lo que sabe de las [&hellip;]<\/p>\n","protected":false},"featured_media":5634,"template":"","format":[115],"categories":[12],"tags":[8],"cause":[128,132],"class_list":["post-5632","publicacion","type-publicacion","status-publish","has-post-thumbnail","hentry","category-recursos-educativos","tag-participacion-y-ciudadania-global","cause-educacion","cause-participacion-y-ciudadania-global","format-recursos-educativos"],"acf":[],"yoast_head":"<!-- This site is optimized with the Yoast SEO Premium plugin v21.6 (Yoast SEO v27.5) - https:\/\/yoast.com\/product\/yoast-seo-premium-wordpress\/ -->\n<title>&quot;Un lugar llamado &quot;Estrecho&quot;: Finalista Un Mundo de Cuento - Entreculturas<\/title>\n<meta name=\"robots\" content=\"index, follow, max-snippet:-1, max-image-preview:large, max-video-preview:-1\" \/>\n<link rel=\"canonical\" href=\"https:\/\/www.entreculturas.org\/ca\/publicacion\/un-lugar-llamado-estrecho-finalista-un-mundo-de-cuento\/\" \/>\n<meta property=\"og:locale\" content=\"ca_ES\" \/>\n<meta property=\"og:type\" content=\"article\" \/>\n<meta property=\"og:title\" content=\"&quot;Un lugar llamado &quot;Estrecho&quot;: Finalista Un Mundo de Cuento\" \/>\n<meta property=\"og:description\" content=\"Por Susana Mu\u00f1oz Cuenca. &#8220;La gran&nbsp; bola naranja cae por el horizonte como cada noche. Me gusta la hora de las sombras. En la oscuridad los sue\u00f1os son posibles.&nbsp;Jelani prepara su peque\u00f1o hatillo. Pocas cosas para&nbsp; un viaje tan largo. Lleva so\u00f1ando con \u00e9l mucho tiempo\u2026Ma\u00f1ana, antes de que el astro de fuego vuelva a aparecer por el lado opuesto, ha de encontrarse con Dakarai, su compa\u00f1ero. No ir\u00e1n a orde\u00f1ar las cabras como cada d\u00eda. Hay mucho camino&nbsp; que recorrer&nbsp; antes de llegar a ese sitio que llaman \u201cestrecho\u201d. Las noticias vuelan como las estrellas fugaces y esa lleg\u00f3 hasta el poblado de Jelani&nbsp; anidando en su coraz\u00f3n. Al otro lado de ese \u201cestrecho\u201d los sue\u00f1os se hacen realidad. Dakarai r\u00ede siempre, su nombre significa alegr\u00eda. Sus peque\u00f1os dientes&nbsp; parecen onzas de chocolate blanco y huelen a manteca de cacao.&nbsp; Jelani le ense\u00f1\u00f3 todo lo que sabe de las [&hellip;]\" \/>\n<meta property=\"og:url\" content=\"https:\/\/www.entreculturas.org\/ca\/publicacion\/un-lugar-llamado-estrecho-finalista-un-mundo-de-cuento\/\" \/>\n<meta property=\"og:site_name\" content=\"Entreculturas\" \/>\n<meta property=\"article:publisher\" content=\"https:\/\/www.facebook.com\/entreculturas\" \/>\n<meta property=\"article:modified_time\" content=\"2024-03-20T16:58:56+00:00\" \/>\n<meta property=\"og:image\" content=\"https:\/\/www.entreculturas.org\/wp-content\/uploads\/2020\/07\/7.jpg\" \/>\n\t<meta property=\"og:image:width\" content=\"1668\" \/>\n\t<meta property=\"og:image:height\" content=\"1668\" \/>\n\t<meta property=\"og:image:type\" content=\"image\/jpeg\" \/>\n<meta name=\"twitter:card\" content=\"summary_large_image\" \/>\n<meta name=\"twitter:site\" content=\"@Entreculturas\" \/>\n<script type=\"application\/ld+json\" class=\"yoast-schema-graph\">{\"@context\":\"https:\\\/\\\/schema.org\",\"@graph\":[{\"@type\":\"WebPage\",\"@id\":\"https:\\\/\\\/www.entreculturas.org\\\/ca\\\/publicacion\\\/un-lugar-llamado-estrecho-finalista-un-mundo-de-cuento\\\/\",\"url\":\"https:\\\/\\\/www.entreculturas.org\\\/ca\\\/publicacion\\\/un-lugar-llamado-estrecho-finalista-un-mundo-de-cuento\\\/\",\"name\":\"\\\"Un lugar llamado \\\"Estrecho\\\": Finalista Un Mundo de Cuento - Entreculturas\",\"isPartOf\":{\"@id\":\"https:\\\/\\\/www.entreculturas.org\\\/ca\\\/#website\"},\"primaryImageOfPage\":{\"@id\":\"https:\\\/\\\/www.entreculturas.org\\\/ca\\\/publicacion\\\/un-lugar-llamado-estrecho-finalista-un-mundo-de-cuento\\\/#primaryimage\"},\"image\":{\"@id\":\"https:\\\/\\\/www.entreculturas.org\\\/ca\\\/publicacion\\\/un-lugar-llamado-estrecho-finalista-un-mundo-de-cuento\\\/#primaryimage\"},\"thumbnailUrl\":\"https:\\\/\\\/www.entreculturas.org\\\/wp-content\\\/uploads\\\/2020\\\/07\\\/7.jpg\",\"datePublished\":\"2020-07-27T08:42:48+00:00\",\"dateModified\":\"2024-03-20T16:58:56+00:00\",\"breadcrumb\":{\"@id\":\"https:\\\/\\\/www.entreculturas.org\\\/ca\\\/publicacion\\\/un-lugar-llamado-estrecho-finalista-un-mundo-de-cuento\\\/#breadcrumb\"},\"inLanguage\":\"ca\",\"potentialAction\":[{\"@type\":\"ReadAction\",\"target\":[\"https:\\\/\\\/www.entreculturas.org\\\/ca\\\/publicacion\\\/un-lugar-llamado-estrecho-finalista-un-mundo-de-cuento\\\/\"]}]},{\"@type\":\"ImageObject\",\"inLanguage\":\"ca\",\"@id\":\"https:\\\/\\\/www.entreculturas.org\\\/ca\\\/publicacion\\\/un-lugar-llamado-estrecho-finalista-un-mundo-de-cuento\\\/#primaryimage\",\"url\":\"https:\\\/\\\/www.entreculturas.org\\\/wp-content\\\/uploads\\\/2020\\\/07\\\/7.jpg\",\"contentUrl\":\"https:\\\/\\\/www.entreculturas.org\\\/wp-content\\\/uploads\\\/2020\\\/07\\\/7.jpg\",\"width\":1668,\"height\":1668,\"caption\":\"7\"},{\"@type\":\"BreadcrumbList\",\"@id\":\"https:\\\/\\\/www.entreculturas.org\\\/ca\\\/publicacion\\\/un-lugar-llamado-estrecho-finalista-un-mundo-de-cuento\\\/#breadcrumb\",\"itemListElement\":[{\"@type\":\"ListItem\",\"position\":1,\"name\":\"Home\",\"item\":\"https:\\\/\\\/www.entreculturas.org\\\/ca\\\/\"},{\"@type\":\"ListItem\",\"position\":2,\"name\":\"Publicaciones\",\"item\":\"https:\\\/\\\/www.entreculturas.org\\\/ca\\\/publicaciones\\\/\"},{\"@type\":\"ListItem\",\"position\":3,\"name\":\"&#8220;Un lugar llamado &#8220;Estrecho&#8221;: Finalista Un Mundo de Cuento\"}]},{\"@type\":\"WebSite\",\"@id\":\"https:\\\/\\\/www.entreculturas.org\\\/ca\\\/#website\",\"url\":\"https:\\\/\\\/www.entreculturas.org\\\/ca\\\/\",\"name\":\"Entreculturas\",\"description\":\"\",\"publisher\":{\"@id\":\"https:\\\/\\\/www.entreculturas.org\\\/ca\\\/#organization\"},\"alternateName\":\"Entreculturas\",\"potentialAction\":[{\"@type\":\"SearchAction\",\"target\":{\"@type\":\"EntryPoint\",\"urlTemplate\":\"https:\\\/\\\/www.entreculturas.org\\\/ca\\\/?s={search_term_string}\"},\"query-input\":{\"@type\":\"PropertyValueSpecification\",\"valueRequired\":true,\"valueName\":\"search_term_string\"}}],\"inLanguage\":\"ca\"},{\"@type\":\"Organization\",\"@id\":\"https:\\\/\\\/www.entreculturas.org\\\/ca\\\/#organization\",\"name\":\"Entreculturas\",\"url\":\"https:\\\/\\\/www.entreculturas.org\\\/ca\\\/\",\"logo\":{\"@type\":\"ImageObject\",\"inLanguage\":\"ca\",\"@id\":\"https:\\\/\\\/www.entreculturas.org\\\/ca\\\/#\\\/schema\\\/logo\\\/image\\\/\",\"url\":\"https:\\\/\\\/www.entreculturas.org\\\/wp-content\\\/uploads\\\/2025\\\/10\\\/ESP.svg\",\"contentUrl\":\"https:\\\/\\\/www.entreculturas.org\\\/wp-content\\\/uploads\\\/2025\\\/10\\\/ESP.svg\",\"caption\":\"Entreculturas\"},\"image\":{\"@id\":\"https:\\\/\\\/www.entreculturas.org\\\/ca\\\/#\\\/schema\\\/logo\\\/image\\\/\"},\"sameAs\":[\"https:\\\/\\\/www.facebook.com\\\/entreculturas\",\"https:\\\/\\\/x.com\\\/Entreculturas\",\"https:\\\/\\\/www.instagram.com\\\/entreculturas\\\/\",\"https:\\\/\\\/www.youtube.com\\\/user\\\/entreculturasvideo\",\"https:\\\/\\\/www.linkedin.com\\\/company\\\/fundacion-entreculturas-ngdo\\\/\",\"https:\\\/\\\/www.flickr.com\\\/photos\\\/98455522@N04\\\/albums\\\/\"]}]}<\/script>\n<!-- \/ Yoast SEO Premium plugin. -->","yoast_head_json":{"title":"\"Un lugar llamado \"Estrecho\": Finalista Un Mundo de Cuento - Entreculturas","robots":{"index":"index","follow":"follow","max-snippet":"max-snippet:-1","max-image-preview":"max-image-preview:large","max-video-preview":"max-video-preview:-1"},"canonical":"https:\/\/www.entreculturas.org\/ca\/publicacion\/un-lugar-llamado-estrecho-finalista-un-mundo-de-cuento\/","og_locale":"ca_ES","og_type":"article","og_title":"\"Un lugar llamado \"Estrecho\": Finalista Un Mundo de Cuento","og_description":"Por Susana Mu\u00f1oz Cuenca. &#8220;La gran&nbsp; bola naranja cae por el horizonte como cada noche. Me gusta la hora de las sombras. En la oscuridad los sue\u00f1os son posibles.&nbsp;Jelani prepara su peque\u00f1o hatillo. Pocas cosas para&nbsp; un viaje tan largo. Lleva so\u00f1ando con \u00e9l mucho tiempo\u2026Ma\u00f1ana, antes de que el astro de fuego vuelva a aparecer por el lado opuesto, ha de encontrarse con Dakarai, su compa\u00f1ero. No ir\u00e1n a orde\u00f1ar las cabras como cada d\u00eda. Hay mucho camino&nbsp; que recorrer&nbsp; antes de llegar a ese sitio que llaman \u201cestrecho\u201d. Las noticias vuelan como las estrellas fugaces y esa lleg\u00f3 hasta el poblado de Jelani&nbsp; anidando en su coraz\u00f3n. Al otro lado de ese \u201cestrecho\u201d los sue\u00f1os se hacen realidad. Dakarai r\u00ede siempre, su nombre significa alegr\u00eda. Sus peque\u00f1os dientes&nbsp; parecen onzas de chocolate blanco y huelen a manteca de cacao.&nbsp; Jelani le ense\u00f1\u00f3 todo lo que sabe de las [&hellip;]","og_url":"https:\/\/www.entreculturas.org\/ca\/publicacion\/un-lugar-llamado-estrecho-finalista-un-mundo-de-cuento\/","og_site_name":"Entreculturas","article_publisher":"https:\/\/www.facebook.com\/entreculturas","article_modified_time":"2024-03-20T16:58:56+00:00","og_image":[{"width":1668,"height":1668,"url":"https:\/\/www.entreculturas.org\/wp-content\/uploads\/2020\/07\/7.jpg","type":"image\/jpeg"}],"twitter_card":"summary_large_image","twitter_site":"@Entreculturas","schema":{"@context":"https:\/\/schema.org","@graph":[{"@type":"WebPage","@id":"https:\/\/www.entreculturas.org\/ca\/publicacion\/un-lugar-llamado-estrecho-finalista-un-mundo-de-cuento\/","url":"https:\/\/www.entreculturas.org\/ca\/publicacion\/un-lugar-llamado-estrecho-finalista-un-mundo-de-cuento\/","name":"\"Un lugar llamado \"Estrecho\": Finalista Un Mundo de Cuento - Entreculturas","isPartOf":{"@id":"https:\/\/www.entreculturas.org\/ca\/#website"},"primaryImageOfPage":{"@id":"https:\/\/www.entreculturas.org\/ca\/publicacion\/un-lugar-llamado-estrecho-finalista-un-mundo-de-cuento\/#primaryimage"},"image":{"@id":"https:\/\/www.entreculturas.org\/ca\/publicacion\/un-lugar-llamado-estrecho-finalista-un-mundo-de-cuento\/#primaryimage"},"thumbnailUrl":"https:\/\/www.entreculturas.org\/wp-content\/uploads\/2020\/07\/7.jpg","datePublished":"2020-07-27T08:42:48+00:00","dateModified":"2024-03-20T16:58:56+00:00","breadcrumb":{"@id":"https:\/\/www.entreculturas.org\/ca\/publicacion\/un-lugar-llamado-estrecho-finalista-un-mundo-de-cuento\/#breadcrumb"},"inLanguage":"ca","potentialAction":[{"@type":"ReadAction","target":["https:\/\/www.entreculturas.org\/ca\/publicacion\/un-lugar-llamado-estrecho-finalista-un-mundo-de-cuento\/"]}]},{"@type":"ImageObject","inLanguage":"ca","@id":"https:\/\/www.entreculturas.org\/ca\/publicacion\/un-lugar-llamado-estrecho-finalista-un-mundo-de-cuento\/#primaryimage","url":"https:\/\/www.entreculturas.org\/wp-content\/uploads\/2020\/07\/7.jpg","contentUrl":"https:\/\/www.entreculturas.org\/wp-content\/uploads\/2020\/07\/7.jpg","width":1668,"height":1668,"caption":"7"},{"@type":"BreadcrumbList","@id":"https:\/\/www.entreculturas.org\/ca\/publicacion\/un-lugar-llamado-estrecho-finalista-un-mundo-de-cuento\/#breadcrumb","itemListElement":[{"@type":"ListItem","position":1,"name":"Home","item":"https:\/\/www.entreculturas.org\/ca\/"},{"@type":"ListItem","position":2,"name":"Publicaciones","item":"https:\/\/www.entreculturas.org\/ca\/publicaciones\/"},{"@type":"ListItem","position":3,"name":"&#8220;Un lugar llamado &#8220;Estrecho&#8221;: Finalista Un Mundo de Cuento"}]},{"@type":"WebSite","@id":"https:\/\/www.entreculturas.org\/ca\/#website","url":"https:\/\/www.entreculturas.org\/ca\/","name":"Entreculturas","description":"","publisher":{"@id":"https:\/\/www.entreculturas.org\/ca\/#organization"},"alternateName":"Entreculturas","potentialAction":[{"@type":"SearchAction","target":{"@type":"EntryPoint","urlTemplate":"https:\/\/www.entreculturas.org\/ca\/?s={search_term_string}"},"query-input":{"@type":"PropertyValueSpecification","valueRequired":true,"valueName":"search_term_string"}}],"inLanguage":"ca"},{"@type":"Organization","@id":"https:\/\/www.entreculturas.org\/ca\/#organization","name":"Entreculturas","url":"https:\/\/www.entreculturas.org\/ca\/","logo":{"@type":"ImageObject","inLanguage":"ca","@id":"https:\/\/www.entreculturas.org\/ca\/#\/schema\/logo\/image\/","url":"https:\/\/www.entreculturas.org\/wp-content\/uploads\/2025\/10\/ESP.svg","contentUrl":"https:\/\/www.entreculturas.org\/wp-content\/uploads\/2025\/10\/ESP.svg","caption":"Entreculturas"},"image":{"@id":"https:\/\/www.entreculturas.org\/ca\/#\/schema\/logo\/image\/"},"sameAs":["https:\/\/www.facebook.com\/entreculturas","https:\/\/x.com\/Entreculturas","https:\/\/www.instagram.com\/entreculturas\/","https:\/\/www.youtube.com\/user\/entreculturasvideo","https:\/\/www.linkedin.com\/company\/fundacion-entreculturas-ngdo\/","https:\/\/www.flickr.com\/photos\/98455522@N04\/albums\/"]}]}},"_links":{"self":[{"href":"https:\/\/www.entreculturas.org\/ca\/wp-json\/wp\/v2\/publicacion\/5632","targetHints":{"allow":["GET"]}}],"collection":[{"href":"https:\/\/www.entreculturas.org\/ca\/wp-json\/wp\/v2\/publicacion"}],"about":[{"href":"https:\/\/www.entreculturas.org\/ca\/wp-json\/wp\/v2\/types\/publicacion"}],"wp:featuredmedia":[{"embeddable":true,"href":"https:\/\/www.entreculturas.org\/ca\/wp-json\/wp\/v2\/media\/5634"}],"wp:attachment":[{"href":"https:\/\/www.entreculturas.org\/ca\/wp-json\/wp\/v2\/media?parent=5632"}],"wp:term":[{"taxonomy":"category","embeddable":true,"href":"https:\/\/www.entreculturas.org\/ca\/wp-json\/wp\/v2\/categories?post=5632"},{"taxonomy":"post_tag","embeddable":true,"href":"https:\/\/www.entreculturas.org\/ca\/wp-json\/wp\/v2\/tags?post=5632"},{"taxonomy":"cause","embeddable":true,"href":"https:\/\/www.entreculturas.org\/ca\/wp-json\/wp\/v2\/cause?post=5632"},{"taxonomy":"format","embeddable":true,"href":"https:\/\/www.entreculturas.org\/ca\/wp-json\/wp\/v2\/format?post=5632"}],"curies":[{"name":"wp","href":"https:\/\/api.w.org\/{rel}","templated":true}]}}