{"id":5610,"date":"2020-07-21T07:06:50","date_gmt":"2020-07-21T07:06:50","guid":{"rendered":"https:\/\/entreculturasi.wpenginepowered.com\/?publicaciones=el-sueno-de-la-verdad-finalista-un-mundo-de-cuento"},"modified":"2024-03-20T17:59:36","modified_gmt":"2024-03-20T16:59:36","slug":"el-sueno-de-la-verdad-finalista-un-mundo-de-cuento","status":"publish","type":"publicacion","link":"https:\/\/www.entreculturas.org\/ca\/publicacion\/el-sueno-de-la-verdad-finalista-un-mundo-de-cuento\/","title":{"rendered":"&#8220;El sue\u00f1o de la verdad&#8221;: Finalista Un Mundo de Cuento"},"content":{"rendered":"<p>Por&nbsp;<span style=\"font-family: &quot;Open Sans&quot;, &quot;Segoe UI&quot;, Helvetica, sans-serif; font-size: 13px; background-color: rgb(255, 255, 255);\">Alejandro Castillo Soriano desde Zaragoza.<\/span><\/p>\n<p>&#8220;\u00c9rase una vez un chico de unos quince o diecis\u00e9is a\u00f1os, al que llamaremos Iv\u00e1n. Nuestro amigo Iv\u00e1n no era ni alto ni bajo, ni rico ni pobre; era una persona como cualquier otra. Un d\u00eda en su colegio, m\u00e1s concretamente en tutor\u00eda, hablaron del tema de la igualdad de g\u00e9nero y las desigualdades que sufren las mujeres en la sociedad actual. Pero, \u00e9l no era capaz de comprenderlo, pensaba que estaban exagerando y que ambos sexos eran tratados de igual manera. Esc\u00e9ptico ante lo tratado en clase, Iv\u00e1n continu\u00f3 su rutina diaria sin darle m\u00e1s vueltas al asunto: por la tarde fue a entrenar a f\u00fatbol (como todos los jueves) y, despu\u00e9s se dirigi\u00f3 a su casa para hacer los deberes, cenar y dormir para prepararse para un nuevo d\u00eda de colegio; aunque \u00e9l no esperaba el sue\u00f1o o, mejor dicho, la pesadilla que aquella noche le esperaba.<\/p>\n<p>Se tumb\u00f3 en la cama y not\u00f3 como los ojos le pesaban\u2026 De repente, aparece nuestro protagonista en el colegio, sin saber muy bien si un nuevo d\u00eda ha comenzado o a\u00fan sigue so\u00f1ando. Iv\u00e1n se extra\u00f1a al ver que es mucho m\u00e1s bajo de lo que es en la realidad, pues aparenta la estatura de un ni\u00f1o de tres a\u00f1os y al echar un vistazo a su alrededor se percata de que est\u00e1 en su clase de primero de infantil. A lo lejos vislumbra algo que hace esbozar una sonrisa en su cara: \u00a1el juguete favorito de su ni\u00f1ez! Era un cochecito de carreras azul y algo desgastado. Se levanta a cogerlo para jugar con \u00e9l y rememorar aquellos buenos tiempos, pero escucha una voz por su espalda que se lo impide:<\/p>\n<p>&#8211;&nbsp; &nbsp; &nbsp; &nbsp;Iv\u00e1n, ese juguete es del rinc\u00f3n de las chicas -le dice la profesora-. \u00bfNo preferir\u00edas jugar con una mu\u00f1eca?<br \/>Iv\u00e1n, por inercia, deja el juguete en su sitio y vuelve a sentarse en la silla en la que estaba en un principio. No sabe qu\u00e9 est\u00e1 pasando, quiere terminar el sue\u00f1o cuanto antes. Pero no puede despertarse. Repentinamente, vuelve a aparecer en otro sitio. Ahora est\u00e1 en el patio, reconoce a Jorge, su profesor de educaci\u00f3n f\u00edsica de sexto de primaria. Est\u00e1 explicando las reglas del bal\u00f3n prisionero. Ahora toca hacer equipos. Dos compa\u00f1eras son las capitanas y comienzan a elegir primero a las chicas. Ante esta monoton\u00eda en sus elecciones, Jorge comenta:<\/p>\n<p>&#8211;&nbsp; &nbsp; &nbsp; &nbsp; &nbsp; Vale que las chicas sois mejores en los deportes, pero podr\u00edas elegir tambi\u00e9n a alg\u00fan chico.<br \/>\u00bfQu\u00e9? \u00bfDesde cu\u00e1ndo eso es cierto? Iv\u00e1n, indignado, comienza a marearse y se desmaya. Aparece en su cama, se acaba de despertar. Desea que no siga atrapado en el sue\u00f1o, y por suerte para nuestro amigo, el sue\u00f1o ha terminado. Ha sido un rato desagradable, pero le ha abierto los ojos. No para de pensar en su anterior negacionismo y en todo lo que le dijeron en tutor\u00eda y no escuch\u00f3.<\/p>\n<p>Iv\u00e1n contin\u00faa con su rutina matutina: desayuna, se viste y se dirige al colegio. Transcurre el d\u00eda con normalidad, salvo por el hecho de que Iv\u00e1n no puede centrarse en las clases y pasa todo el d\u00eda absorto, pensando en su sue\u00f1o. Al llegar a casa, decide investigar debido a que dada su reticencia al tema el d\u00eda anterior, no prest\u00f3 atenci\u00f3n en tutor\u00eda.<\/p>\n<p>Encuentra cosas en internet sobre violaciones de los derechos humanos, tales como la prohibici\u00f3n de que las mujeres puedan votar o conducir en algunos pa\u00edses. Se topa con cuantiosas noticias sobre aut\u00e9nticas barbaridades como lo son la mutilaci\u00f3n genital femenina o la violencia de g\u00e9nero.<\/p>\n<p>Ante todo esto, decide que \u00e9l no va a ser c\u00f3mplice de este problema y va a aportar su granito de arena para lograr la igualdad en todos los aspectos entre hombres y mujeres: plasmando su \u201creconversi\u00f3n\u201d en un cuento, para poder as\u00ed abrir los ojos a m\u00e1s personas al igual que lo hizo ese desagradable pero iluminador sue\u00f1o.<\/p>\n<p><em>*Ilustraci\u00f3n realizada por Teresa Mart\u00edn<\/em><\/p>\n","protected":false},"excerpt":{"rendered":"<p>Por&nbsp;Alejandro Castillo Soriano desde Zaragoza. &#8220;\u00c9rase una vez un chico de unos quince o diecis\u00e9is a\u00f1os, al que llamaremos Iv\u00e1n. Nuestro amigo Iv\u00e1n no era ni alto ni bajo, ni rico ni pobre; era una persona como cualquier otra. Un d\u00eda en su colegio, m\u00e1s concretamente en tutor\u00eda, hablaron del tema de la igualdad de g\u00e9nero y las desigualdades que sufren las mujeres en la sociedad actual. Pero, \u00e9l no era capaz de comprenderlo, pensaba que estaban exagerando y que ambos sexos eran tratados de igual manera. Esc\u00e9ptico ante lo tratado en clase, Iv\u00e1n continu\u00f3 su rutina diaria sin darle m\u00e1s vueltas al asunto: por la tarde fue a entrenar a f\u00fatbol (como todos los jueves) y, despu\u00e9s se dirigi\u00f3 a su casa para hacer los deberes, cenar y dormir para prepararse para un nuevo d\u00eda de colegio; aunque \u00e9l no esperaba el sue\u00f1o o, mejor dicho, la pesadilla que [&hellip;]<\/p>\n","protected":false},"featured_media":5613,"template":"","format":[115],"categories":[12],"tags":[8],"cause":[128,132],"class_list":["post-5610","publicacion","type-publicacion","status-publish","has-post-thumbnail","hentry","category-recursos-educativos","tag-participacion-y-ciudadania-global","cause-educacion","cause-participacion-y-ciudadania-global","format-recursos-educativos"],"acf":[],"yoast_head":"<!-- This site is optimized with the Yoast SEO Premium plugin v21.6 (Yoast SEO v27.5) - https:\/\/yoast.com\/product\/yoast-seo-premium-wordpress\/ -->\n<title>&quot;El sue\u00f1o de la verdad&quot;: Finalista Un Mundo de Cuento - Entreculturas<\/title>\n<meta name=\"robots\" content=\"index, follow, max-snippet:-1, max-image-preview:large, max-video-preview:-1\" \/>\n<link rel=\"canonical\" href=\"https:\/\/www.entreculturas.org\/ca\/publicacion\/el-sueno-de-la-verdad-finalista-un-mundo-de-cuento\/\" \/>\n<meta property=\"og:locale\" content=\"ca_ES\" \/>\n<meta property=\"og:type\" content=\"article\" \/>\n<meta property=\"og:title\" content=\"&quot;El sue\u00f1o de la verdad&quot;: Finalista Un Mundo de Cuento\" \/>\n<meta property=\"og:description\" content=\"Por&nbsp;Alejandro Castillo Soriano desde Zaragoza. &#8220;\u00c9rase una vez un chico de unos quince o diecis\u00e9is a\u00f1os, al que llamaremos Iv\u00e1n. Nuestro amigo Iv\u00e1n no era ni alto ni bajo, ni rico ni pobre; era una persona como cualquier otra. Un d\u00eda en su colegio, m\u00e1s concretamente en tutor\u00eda, hablaron del tema de la igualdad de g\u00e9nero y las desigualdades que sufren las mujeres en la sociedad actual. Pero, \u00e9l no era capaz de comprenderlo, pensaba que estaban exagerando y que ambos sexos eran tratados de igual manera. Esc\u00e9ptico ante lo tratado en clase, Iv\u00e1n continu\u00f3 su rutina diaria sin darle m\u00e1s vueltas al asunto: por la tarde fue a entrenar a f\u00fatbol (como todos los jueves) y, despu\u00e9s se dirigi\u00f3 a su casa para hacer los deberes, cenar y dormir para prepararse para un nuevo d\u00eda de colegio; aunque \u00e9l no esperaba el sue\u00f1o o, mejor dicho, la pesadilla que [&hellip;]\" \/>\n<meta property=\"og:url\" content=\"https:\/\/www.entreculturas.org\/ca\/publicacion\/el-sueno-de-la-verdad-finalista-un-mundo-de-cuento\/\" \/>\n<meta property=\"og:site_name\" content=\"Entreculturas\" \/>\n<meta property=\"article:publisher\" content=\"https:\/\/www.facebook.com\/entreculturas\" \/>\n<meta property=\"article:modified_time\" content=\"2024-03-20T16:59:36+00:00\" \/>\n<meta property=\"og:image\" content=\"https:\/\/www.entreculturas.org\/wp-content\/uploads\/2020\/07\/4_2-scaled-1.jpg\" \/>\n\t<meta property=\"og:image:width\" content=\"2126\" \/>\n\t<meta property=\"og:image:height\" content=\"2560\" \/>\n\t<meta property=\"og:image:type\" content=\"image\/jpeg\" \/>\n<meta name=\"twitter:card\" content=\"summary_large_image\" \/>\n<meta name=\"twitter:site\" content=\"@Entreculturas\" \/>\n<script type=\"application\/ld+json\" class=\"yoast-schema-graph\">{\"@context\":\"https:\\\/\\\/schema.org\",\"@graph\":[{\"@type\":\"WebPage\",\"@id\":\"https:\\\/\\\/www.entreculturas.org\\\/ca\\\/publicacion\\\/el-sueno-de-la-verdad-finalista-un-mundo-de-cuento\\\/\",\"url\":\"https:\\\/\\\/www.entreculturas.org\\\/ca\\\/publicacion\\\/el-sueno-de-la-verdad-finalista-un-mundo-de-cuento\\\/\",\"name\":\"\\\"El sue\u00f1o de la verdad\\\": Finalista Un Mundo de Cuento - Entreculturas\",\"isPartOf\":{\"@id\":\"https:\\\/\\\/www.entreculturas.org\\\/ca\\\/#website\"},\"primaryImageOfPage\":{\"@id\":\"https:\\\/\\\/www.entreculturas.org\\\/ca\\\/publicacion\\\/el-sueno-de-la-verdad-finalista-un-mundo-de-cuento\\\/#primaryimage\"},\"image\":{\"@id\":\"https:\\\/\\\/www.entreculturas.org\\\/ca\\\/publicacion\\\/el-sueno-de-la-verdad-finalista-un-mundo-de-cuento\\\/#primaryimage\"},\"thumbnailUrl\":\"https:\\\/\\\/www.entreculturas.org\\\/wp-content\\\/uploads\\\/2020\\\/07\\\/4_2-scaled-1.jpg\",\"datePublished\":\"2020-07-21T07:06:50+00:00\",\"dateModified\":\"2024-03-20T16:59:36+00:00\",\"breadcrumb\":{\"@id\":\"https:\\\/\\\/www.entreculturas.org\\\/ca\\\/publicacion\\\/el-sueno-de-la-verdad-finalista-un-mundo-de-cuento\\\/#breadcrumb\"},\"inLanguage\":\"ca\",\"potentialAction\":[{\"@type\":\"ReadAction\",\"target\":[\"https:\\\/\\\/www.entreculturas.org\\\/ca\\\/publicacion\\\/el-sueno-de-la-verdad-finalista-un-mundo-de-cuento\\\/\"]}]},{\"@type\":\"ImageObject\",\"inLanguage\":\"ca\",\"@id\":\"https:\\\/\\\/www.entreculturas.org\\\/ca\\\/publicacion\\\/el-sueno-de-la-verdad-finalista-un-mundo-de-cuento\\\/#primaryimage\",\"url\":\"https:\\\/\\\/www.entreculturas.org\\\/wp-content\\\/uploads\\\/2020\\\/07\\\/4_2-scaled-1.jpg\",\"contentUrl\":\"https:\\\/\\\/www.entreculturas.org\\\/wp-content\\\/uploads\\\/2020\\\/07\\\/4_2-scaled-1.jpg\",\"width\":2126,\"height\":2560,\"caption\":\"4\"},{\"@type\":\"BreadcrumbList\",\"@id\":\"https:\\\/\\\/www.entreculturas.org\\\/ca\\\/publicacion\\\/el-sueno-de-la-verdad-finalista-un-mundo-de-cuento\\\/#breadcrumb\",\"itemListElement\":[{\"@type\":\"ListItem\",\"position\":1,\"name\":\"Home\",\"item\":\"https:\\\/\\\/www.entreculturas.org\\\/ca\\\/\"},{\"@type\":\"ListItem\",\"position\":2,\"name\":\"Publicaciones\",\"item\":\"https:\\\/\\\/www.entreculturas.org\\\/ca\\\/publicaciones\\\/\"},{\"@type\":\"ListItem\",\"position\":3,\"name\":\"&#8220;El sue\u00f1o de la verdad&#8221;: Finalista Un Mundo de Cuento\"}]},{\"@type\":\"WebSite\",\"@id\":\"https:\\\/\\\/www.entreculturas.org\\\/ca\\\/#website\",\"url\":\"https:\\\/\\\/www.entreculturas.org\\\/ca\\\/\",\"name\":\"Entreculturas\",\"description\":\"\",\"publisher\":{\"@id\":\"https:\\\/\\\/www.entreculturas.org\\\/ca\\\/#organization\"},\"alternateName\":\"Entreculturas\",\"potentialAction\":[{\"@type\":\"SearchAction\",\"target\":{\"@type\":\"EntryPoint\",\"urlTemplate\":\"https:\\\/\\\/www.entreculturas.org\\\/ca\\\/?s={search_term_string}\"},\"query-input\":{\"@type\":\"PropertyValueSpecification\",\"valueRequired\":true,\"valueName\":\"search_term_string\"}}],\"inLanguage\":\"ca\"},{\"@type\":\"Organization\",\"@id\":\"https:\\\/\\\/www.entreculturas.org\\\/ca\\\/#organization\",\"name\":\"Entreculturas\",\"url\":\"https:\\\/\\\/www.entreculturas.org\\\/ca\\\/\",\"logo\":{\"@type\":\"ImageObject\",\"inLanguage\":\"ca\",\"@id\":\"https:\\\/\\\/www.entreculturas.org\\\/ca\\\/#\\\/schema\\\/logo\\\/image\\\/\",\"url\":\"https:\\\/\\\/www.entreculturas.org\\\/wp-content\\\/uploads\\\/2025\\\/10\\\/ESP.svg\",\"contentUrl\":\"https:\\\/\\\/www.entreculturas.org\\\/wp-content\\\/uploads\\\/2025\\\/10\\\/ESP.svg\",\"caption\":\"Entreculturas\"},\"image\":{\"@id\":\"https:\\\/\\\/www.entreculturas.org\\\/ca\\\/#\\\/schema\\\/logo\\\/image\\\/\"},\"sameAs\":[\"https:\\\/\\\/www.facebook.com\\\/entreculturas\",\"https:\\\/\\\/x.com\\\/Entreculturas\",\"https:\\\/\\\/www.instagram.com\\\/entreculturas\\\/\",\"https:\\\/\\\/www.youtube.com\\\/user\\\/entreculturasvideo\",\"https:\\\/\\\/www.linkedin.com\\\/company\\\/fundacion-entreculturas-ngdo\\\/\",\"https:\\\/\\\/www.flickr.com\\\/photos\\\/98455522@N04\\\/albums\\\/\"]}]}<\/script>\n<!-- \/ Yoast SEO Premium plugin. -->","yoast_head_json":{"title":"\"El sue\u00f1o de la verdad\": Finalista Un Mundo de Cuento - Entreculturas","robots":{"index":"index","follow":"follow","max-snippet":"max-snippet:-1","max-image-preview":"max-image-preview:large","max-video-preview":"max-video-preview:-1"},"canonical":"https:\/\/www.entreculturas.org\/ca\/publicacion\/el-sueno-de-la-verdad-finalista-un-mundo-de-cuento\/","og_locale":"ca_ES","og_type":"article","og_title":"\"El sue\u00f1o de la verdad\": Finalista Un Mundo de Cuento","og_description":"Por&nbsp;Alejandro Castillo Soriano desde Zaragoza. &#8220;\u00c9rase una vez un chico de unos quince o diecis\u00e9is a\u00f1os, al que llamaremos Iv\u00e1n. Nuestro amigo Iv\u00e1n no era ni alto ni bajo, ni rico ni pobre; era una persona como cualquier otra. Un d\u00eda en su colegio, m\u00e1s concretamente en tutor\u00eda, hablaron del tema de la igualdad de g\u00e9nero y las desigualdades que sufren las mujeres en la sociedad actual. Pero, \u00e9l no era capaz de comprenderlo, pensaba que estaban exagerando y que ambos sexos eran tratados de igual manera. Esc\u00e9ptico ante lo tratado en clase, Iv\u00e1n continu\u00f3 su rutina diaria sin darle m\u00e1s vueltas al asunto: por la tarde fue a entrenar a f\u00fatbol (como todos los jueves) y, despu\u00e9s se dirigi\u00f3 a su casa para hacer los deberes, cenar y dormir para prepararse para un nuevo d\u00eda de colegio; aunque \u00e9l no esperaba el sue\u00f1o o, mejor dicho, la pesadilla que [&hellip;]","og_url":"https:\/\/www.entreculturas.org\/ca\/publicacion\/el-sueno-de-la-verdad-finalista-un-mundo-de-cuento\/","og_site_name":"Entreculturas","article_publisher":"https:\/\/www.facebook.com\/entreculturas","article_modified_time":"2024-03-20T16:59:36+00:00","og_image":[{"width":2126,"height":2560,"url":"https:\/\/www.entreculturas.org\/wp-content\/uploads\/2020\/07\/4_2-scaled-1.jpg","type":"image\/jpeg"}],"twitter_card":"summary_large_image","twitter_site":"@Entreculturas","schema":{"@context":"https:\/\/schema.org","@graph":[{"@type":"WebPage","@id":"https:\/\/www.entreculturas.org\/ca\/publicacion\/el-sueno-de-la-verdad-finalista-un-mundo-de-cuento\/","url":"https:\/\/www.entreculturas.org\/ca\/publicacion\/el-sueno-de-la-verdad-finalista-un-mundo-de-cuento\/","name":"\"El sue\u00f1o de la verdad\": Finalista Un Mundo de Cuento - Entreculturas","isPartOf":{"@id":"https:\/\/www.entreculturas.org\/ca\/#website"},"primaryImageOfPage":{"@id":"https:\/\/www.entreculturas.org\/ca\/publicacion\/el-sueno-de-la-verdad-finalista-un-mundo-de-cuento\/#primaryimage"},"image":{"@id":"https:\/\/www.entreculturas.org\/ca\/publicacion\/el-sueno-de-la-verdad-finalista-un-mundo-de-cuento\/#primaryimage"},"thumbnailUrl":"https:\/\/www.entreculturas.org\/wp-content\/uploads\/2020\/07\/4_2-scaled-1.jpg","datePublished":"2020-07-21T07:06:50+00:00","dateModified":"2024-03-20T16:59:36+00:00","breadcrumb":{"@id":"https:\/\/www.entreculturas.org\/ca\/publicacion\/el-sueno-de-la-verdad-finalista-un-mundo-de-cuento\/#breadcrumb"},"inLanguage":"ca","potentialAction":[{"@type":"ReadAction","target":["https:\/\/www.entreculturas.org\/ca\/publicacion\/el-sueno-de-la-verdad-finalista-un-mundo-de-cuento\/"]}]},{"@type":"ImageObject","inLanguage":"ca","@id":"https:\/\/www.entreculturas.org\/ca\/publicacion\/el-sueno-de-la-verdad-finalista-un-mundo-de-cuento\/#primaryimage","url":"https:\/\/www.entreculturas.org\/wp-content\/uploads\/2020\/07\/4_2-scaled-1.jpg","contentUrl":"https:\/\/www.entreculturas.org\/wp-content\/uploads\/2020\/07\/4_2-scaled-1.jpg","width":2126,"height":2560,"caption":"4"},{"@type":"BreadcrumbList","@id":"https:\/\/www.entreculturas.org\/ca\/publicacion\/el-sueno-de-la-verdad-finalista-un-mundo-de-cuento\/#breadcrumb","itemListElement":[{"@type":"ListItem","position":1,"name":"Home","item":"https:\/\/www.entreculturas.org\/ca\/"},{"@type":"ListItem","position":2,"name":"Publicaciones","item":"https:\/\/www.entreculturas.org\/ca\/publicaciones\/"},{"@type":"ListItem","position":3,"name":"&#8220;El sue\u00f1o de la verdad&#8221;: Finalista Un Mundo de Cuento"}]},{"@type":"WebSite","@id":"https:\/\/www.entreculturas.org\/ca\/#website","url":"https:\/\/www.entreculturas.org\/ca\/","name":"Entreculturas","description":"","publisher":{"@id":"https:\/\/www.entreculturas.org\/ca\/#organization"},"alternateName":"Entreculturas","potentialAction":[{"@type":"SearchAction","target":{"@type":"EntryPoint","urlTemplate":"https:\/\/www.entreculturas.org\/ca\/?s={search_term_string}"},"query-input":{"@type":"PropertyValueSpecification","valueRequired":true,"valueName":"search_term_string"}}],"inLanguage":"ca"},{"@type":"Organization","@id":"https:\/\/www.entreculturas.org\/ca\/#organization","name":"Entreculturas","url":"https:\/\/www.entreculturas.org\/ca\/","logo":{"@type":"ImageObject","inLanguage":"ca","@id":"https:\/\/www.entreculturas.org\/ca\/#\/schema\/logo\/image\/","url":"https:\/\/www.entreculturas.org\/wp-content\/uploads\/2025\/10\/ESP.svg","contentUrl":"https:\/\/www.entreculturas.org\/wp-content\/uploads\/2025\/10\/ESP.svg","caption":"Entreculturas"},"image":{"@id":"https:\/\/www.entreculturas.org\/ca\/#\/schema\/logo\/image\/"},"sameAs":["https:\/\/www.facebook.com\/entreculturas","https:\/\/x.com\/Entreculturas","https:\/\/www.instagram.com\/entreculturas\/","https:\/\/www.youtube.com\/user\/entreculturasvideo","https:\/\/www.linkedin.com\/company\/fundacion-entreculturas-ngdo\/","https:\/\/www.flickr.com\/photos\/98455522@N04\/albums\/"]}]}},"_links":{"self":[{"href":"https:\/\/www.entreculturas.org\/ca\/wp-json\/wp\/v2\/publicacion\/5610","targetHints":{"allow":["GET"]}}],"collection":[{"href":"https:\/\/www.entreculturas.org\/ca\/wp-json\/wp\/v2\/publicacion"}],"about":[{"href":"https:\/\/www.entreculturas.org\/ca\/wp-json\/wp\/v2\/types\/publicacion"}],"wp:featuredmedia":[{"embeddable":true,"href":"https:\/\/www.entreculturas.org\/ca\/wp-json\/wp\/v2\/media\/5613"}],"wp:attachment":[{"href":"https:\/\/www.entreculturas.org\/ca\/wp-json\/wp\/v2\/media?parent=5610"}],"wp:term":[{"taxonomy":"category","embeddable":true,"href":"https:\/\/www.entreculturas.org\/ca\/wp-json\/wp\/v2\/categories?post=5610"},{"taxonomy":"post_tag","embeddable":true,"href":"https:\/\/www.entreculturas.org\/ca\/wp-json\/wp\/v2\/tags?post=5610"},{"taxonomy":"cause","embeddable":true,"href":"https:\/\/www.entreculturas.org\/ca\/wp-json\/wp\/v2\/cause?post=5610"},{"taxonomy":"format","embeddable":true,"href":"https:\/\/www.entreculturas.org\/ca\/wp-json\/wp\/v2\/format?post=5610"}],"curies":[{"name":"wp","href":"https:\/\/api.w.org\/{rel}","templated":true}]}}