{"id":5560,"date":"2020-05-29T10:11:45","date_gmt":"2020-05-29T10:11:45","guid":{"rendered":"https:\/\/entreculturasi.wpenginepowered.com\/?publicaciones=la-diversidad-nos-hace-crecer-descubre-los-materiales-educativos-de-entreculturas-para"},"modified":"2024-03-20T18:03:32","modified_gmt":"2024-03-20T17:03:32","slug":"la-diversidad-nos-hace-crecer-descubre-los-materiales-educativos-de-entreculturas-para","status":"publish","type":"publicacion","link":"https:\/\/www.entreculturas.org\/ca\/publicacion\/la-diversidad-nos-hace-crecer-descubre-los-materiales-educativos-de-entreculturas-para\/","title":{"rendered":"\u201cLa diversidad nos hace crecer\u201d: descubre los materiales educativos de Entreculturas para el curso escolar 2020\/2021"},"content":{"rendered":"<p>Este mes de junio, bajo el t\u00edtulo \u201cLa diversidad nos hace crecer\u201d, presentamos los nuevos materiales educativos de Entreculturas para el pr\u00f3ximo curso escolar 2020\/2021.&nbsp;<br \/>&nbsp;<br \/>Estos materiales se encuadran dentro de <a href=\"https:\/\/mundoentusmanos.org\/la-metodologia\/\">\u201cUn Mundo en tus Manos\u201d<\/a>, la propuesta pedag\u00f3gica de Entreculturas para educar en ciudadan\u00eda global. Como cada a\u00f1o, nacen con el objetivo de contribuir a la tarea de formar personas capaces de vivir con sentido y de transformar su entorno como parte de una ciudadan\u00eda global activa que trabaja en redes locales, nacionales e internacionales comprometida con los retos globales de nuestro tiempo.&nbsp;<br \/>&nbsp;<br \/>Para ello, para el curso 2020\/2021 contamos con los <strong>materiales did\u00e1cticos del proyecto \u201cD\u00edas D\u201d:<\/strong><\/p>\n<p><strong>&#8211;&nbsp;<\/strong><a href=\"https:\/\/mundoentusmanos.org\/materiales-didacticos\/\">Calendario escolar para el curso 2020\/2021:<\/a> con im\u00e1genes, lemas educativos, un mapa de A.Peters y una selecci\u00f3n de d\u00edas internacionales se\u00f1alados, relacionados con la solidaridad y la justicia social.<\/p>\n<p>&#8211; <a href=\"https:\/\/mundoentusmanos.org\/materiales-didacticos\/\">Pack de cinco carteles con im\u00e1genes y lemas educativos,<\/a> que tratan las principales tem\u00e1ticas se\u00f1aladas en los d\u00edas internacionales del calendario: derechos de la infancia, migraciones forzosas, cultura de paz, igualdad de g\u00e9nero y defensa del medioambiente. Estos carteles incluyen un <strong>c\u00f3digo QR<\/strong> que lleva a la referencia de la p\u00e1gina web en la que encontrar todo este material educativo, as\u00ed como <strong>unidades did\u00e1cticas de a\u00f1os anteriores divididas por franjas de edad para trabajar estas tem\u00e1ticas.&nbsp;<\/strong><\/p>\n<p>Adem\u00e1s del material del proyecto \u201cD\u00edas D\u201d, este a\u00f1o <strong>estrenamos una nueva l\u00ednea de publicaciones tem\u00e1ticas, <\/strong>en la que hacemos una selecci\u00f3n de material did\u00e1ctico para trabajar sobre las distintas causas que tratamos en Entreculturas. Comenzamos esta nueva l\u00ednea presentando <strong>\u201cUn Mundo en Igualdad\u201d,<\/strong> publicaci\u00f3n que recoge una serie de recursos educativos para trabajar sobre la promoci\u00f3n de la igualdad de g\u00e9nero y la introducci\u00f3n del enfoque de coeducaci\u00f3n en las experiencias educativas.&nbsp;<\/p>\n<p>La publicaci\u00f3n incluye una introducci\u00f3n sobre c\u00f3mo empezar a implementar el enfoque coeducativo en nuestras pr\u00e1cticas socioeducativas, y a continuaci\u00f3n ofrece propuestas did\u00e1cticas divididas en <strong>cuatro bloques de edad.<\/strong> Cada bloque de edad desarrolla un itinerario adaptado con distintas actividades de menor a mayor grado de complejidad para trabajar con grupos de ni\u00f1as, ni\u00f1os y j\u00f3venes de 4 a 18 a\u00f1os el tema de la igualdad de g\u00e9nero, tanto en el \u00e1mbito de educaci\u00f3n formal como no formal.&nbsp;<\/p>\n<p>Adem\u00e1s, al final del material se propone una <strong>yincana<\/strong> con doce pruebas para trabajar en un formato m\u00e1s l\u00fadico, dejando en mano de las personas que la dinamicen las adaptaciones necesarias a la edad y caracter\u00edsticas del grupo con el que se realice.&nbsp;<\/p>\n<p>Todos estos materiales educativos est\u00e1n disponibles para libre difusi\u00f3n y descarga en hasta <strong>cinco idiomas (castellano, catal\u00e1n, valenciano, gallego e ingl\u00e9s) <\/strong>a trav\u00e9s de la p\u00e1gina web de Redec, plataforma educativa online de Entreculturas. Al entrar en esta p\u00e1gina, el banner sobre los recursos educativos os enlazar\u00e1 a la <a href=\"https:\/\/mundoentusmanos.org\/materiales-didacticos\/\">web de Un Mundo en tus Manos<\/a>, en cuya pesta\u00f1a de \u201cMateriales Educativos\u201d, podr\u00e9is encontrar todos estos recursos.&nbsp;<\/p>\n<p>Debido a la situaci\u00f3n ocasionada por la covid-19, hemos<strong> retrasado excepcionalmente el env\u00edo f\u00edsico del material <\/strong>a una fecha a\u00fan por confirmar en septiembre, pero con este lanzamiento ya pueden comenzar a utilizarse y difundirse los materiales v\u00eda online. Para cualquier consulta sobre el material, no dud\u00e9is en contactarnos en la direcci\u00f3n de correo <strong>educacion@entreculturas.org.&nbsp;<\/strong><\/p>\n<p>Esperamos que sean de utilidad y que contribuyan a la tarea de impulsar juntos y juntas esta corriente de educaci\u00f3n transformadora para construir un mundo mejor.&nbsp;<\/p>\n","protected":false},"excerpt":{"rendered":"<p>Este mes de junio, bajo el t\u00edtulo \u201cLa diversidad nos hace crecer\u201d, presentamos los nuevos materiales educativos de Entreculturas para el pr\u00f3ximo curso escolar 2020\/2021.&nbsp;&nbsp;Estos materiales se encuadran dentro de \u201cUn Mundo en tus Manos\u201d, la propuesta pedag\u00f3gica de Entreculturas para educar en ciudadan\u00eda global. Como cada a\u00f1o, nacen con el objetivo de contribuir a la tarea de formar personas capaces de vivir con sentido y de transformar su entorno como parte de una ciudadan\u00eda global activa que trabaja en redes locales, nacionales e internacionales comprometida con los retos globales de nuestro tiempo.&nbsp;&nbsp;Para ello, para el curso 2020\/2021 contamos con los materiales did\u00e1cticos del proyecto \u201cD\u00edas D\u201d: &#8211;&nbsp;Calendario escolar para el curso 2020\/2021: con im\u00e1genes, lemas educativos, un mapa de A.Peters y una selecci\u00f3n de d\u00edas internacionales se\u00f1alados, relacionados con la solidaridad y la justicia social. &#8211; Pack de cinco carteles con im\u00e1genes y lemas educativos, que tratan las principales [&hellip;]<\/p>\n","protected":false},"featured_media":5563,"template":"","format":[115],"categories":[12],"tags":[8],"cause":[128,132],"class_list":["post-5560","publicacion","type-publicacion","status-publish","has-post-thumbnail","hentry","category-recursos-educativos","tag-participacion-y-ciudadania-global","cause-educacion","cause-participacion-y-ciudadania-global","format-recursos-educativos"],"acf":[],"yoast_head":"<!-- This site is optimized with the Yoast SEO Premium plugin v21.6 (Yoast SEO v27.5) - https:\/\/yoast.com\/product\/yoast-seo-premium-wordpress\/ -->\n<title>\u201cLa diversidad nos hace crecer\u201d: descubre los materiales educativos de Entreculturas para el curso escolar 2020\/2021 - Entreculturas<\/title>\n<meta name=\"robots\" content=\"index, follow, max-snippet:-1, max-image-preview:large, max-video-preview:-1\" \/>\n<link rel=\"canonical\" href=\"https:\/\/www.entreculturas.org\/ca\/publicacion\/la-diversidad-nos-hace-crecer-descubre-los-materiales-educativos-de-entreculturas-para\/\" \/>\n<meta property=\"og:locale\" content=\"ca_ES\" \/>\n<meta property=\"og:type\" content=\"article\" \/>\n<meta property=\"og:title\" content=\"\u201cLa diversidad nos hace crecer\u201d: descubre los materiales educativos de Entreculturas para el curso escolar 2020\/2021\" \/>\n<meta property=\"og:description\" content=\"Este mes de junio, bajo el t\u00edtulo \u201cLa diversidad nos hace crecer\u201d, presentamos los nuevos materiales educativos de Entreculturas para el pr\u00f3ximo curso escolar 2020\/2021.&nbsp;&nbsp;Estos materiales se encuadran dentro de \u201cUn Mundo en tus Manos\u201d, la propuesta pedag\u00f3gica de Entreculturas para educar en ciudadan\u00eda global. Como cada a\u00f1o, nacen con el objetivo de contribuir a la tarea de formar personas capaces de vivir con sentido y de transformar su entorno como parte de una ciudadan\u00eda global activa que trabaja en redes locales, nacionales e internacionales comprometida con los retos globales de nuestro tiempo.&nbsp;&nbsp;Para ello, para el curso 2020\/2021 contamos con los materiales did\u00e1cticos del proyecto \u201cD\u00edas D\u201d: &#8211;&nbsp;Calendario escolar para el curso 2020\/2021: con im\u00e1genes, lemas educativos, un mapa de A.Peters y una selecci\u00f3n de d\u00edas internacionales se\u00f1alados, relacionados con la solidaridad y la justicia social. &#8211; Pack de cinco carteles con im\u00e1genes y lemas educativos, que tratan las principales [&hellip;]\" \/>\n<meta property=\"og:url\" content=\"https:\/\/www.entreculturas.org\/ca\/publicacion\/la-diversidad-nos-hace-crecer-descubre-los-materiales-educativos-de-entreculturas-para\/\" \/>\n<meta property=\"og:site_name\" content=\"Entreculturas\" \/>\n<meta property=\"article:publisher\" content=\"https:\/\/www.facebook.com\/entreculturas\" \/>\n<meta property=\"article:modified_time\" content=\"2024-03-20T17:03:32+00:00\" \/>\n<meta property=\"og:image\" content=\"https:\/\/www.entreculturas.org\/wp-content\/uploads\/2020\/05\/portada_calendario_2020_0.jpg\" \/>\n\t<meta property=\"og:image:width\" content=\"1476\" \/>\n\t<meta property=\"og:image:height\" content=\"1075\" \/>\n\t<meta property=\"og:image:type\" content=\"image\/jpeg\" \/>\n<meta name=\"twitter:card\" content=\"summary_large_image\" \/>\n<meta name=\"twitter:site\" content=\"@Entreculturas\" \/>\n<script type=\"application\/ld+json\" class=\"yoast-schema-graph\">{\"@context\":\"https:\\\/\\\/schema.org\",\"@graph\":[{\"@type\":\"WebPage\",\"@id\":\"https:\\\/\\\/www.entreculturas.org\\\/ca\\\/publicacion\\\/la-diversidad-nos-hace-crecer-descubre-los-materiales-educativos-de-entreculturas-para\\\/\",\"url\":\"https:\\\/\\\/www.entreculturas.org\\\/ca\\\/publicacion\\\/la-diversidad-nos-hace-crecer-descubre-los-materiales-educativos-de-entreculturas-para\\\/\",\"name\":\"\u201cLa diversidad nos hace crecer\u201d: descubre los materiales educativos de Entreculturas para el curso escolar 2020\\\/2021 - Entreculturas\",\"isPartOf\":{\"@id\":\"https:\\\/\\\/www.entreculturas.org\\\/ca\\\/#website\"},\"primaryImageOfPage\":{\"@id\":\"https:\\\/\\\/www.entreculturas.org\\\/ca\\\/publicacion\\\/la-diversidad-nos-hace-crecer-descubre-los-materiales-educativos-de-entreculturas-para\\\/#primaryimage\"},\"image\":{\"@id\":\"https:\\\/\\\/www.entreculturas.org\\\/ca\\\/publicacion\\\/la-diversidad-nos-hace-crecer-descubre-los-materiales-educativos-de-entreculturas-para\\\/#primaryimage\"},\"thumbnailUrl\":\"https:\\\/\\\/www.entreculturas.org\\\/wp-content\\\/uploads\\\/2020\\\/05\\\/portada_calendario_2020_0.jpg\",\"datePublished\":\"2020-05-29T10:11:45+00:00\",\"dateModified\":\"2024-03-20T17:03:32+00:00\",\"breadcrumb\":{\"@id\":\"https:\\\/\\\/www.entreculturas.org\\\/ca\\\/publicacion\\\/la-diversidad-nos-hace-crecer-descubre-los-materiales-educativos-de-entreculturas-para\\\/#breadcrumb\"},\"inLanguage\":\"ca\",\"potentialAction\":[{\"@type\":\"ReadAction\",\"target\":[\"https:\\\/\\\/www.entreculturas.org\\\/ca\\\/publicacion\\\/la-diversidad-nos-hace-crecer-descubre-los-materiales-educativos-de-entreculturas-para\\\/\"]}]},{\"@type\":\"ImageObject\",\"inLanguage\":\"ca\",\"@id\":\"https:\\\/\\\/www.entreculturas.org\\\/ca\\\/publicacion\\\/la-diversidad-nos-hace-crecer-descubre-los-materiales-educativos-de-entreculturas-para\\\/#primaryimage\",\"url\":\"https:\\\/\\\/www.entreculturas.org\\\/wp-content\\\/uploads\\\/2020\\\/05\\\/portada_calendario_2020_0.jpg\",\"contentUrl\":\"https:\\\/\\\/www.entreculturas.org\\\/wp-content\\\/uploads\\\/2020\\\/05\\\/portada_calendario_2020_0.jpg\",\"width\":1476,\"height\":1075,\"caption\":\"portada_calendario_2020\"},{\"@type\":\"BreadcrumbList\",\"@id\":\"https:\\\/\\\/www.entreculturas.org\\\/ca\\\/publicacion\\\/la-diversidad-nos-hace-crecer-descubre-los-materiales-educativos-de-entreculturas-para\\\/#breadcrumb\",\"itemListElement\":[{\"@type\":\"ListItem\",\"position\":1,\"name\":\"Home\",\"item\":\"https:\\\/\\\/www.entreculturas.org\\\/ca\\\/\"},{\"@type\":\"ListItem\",\"position\":2,\"name\":\"Publicaciones\",\"item\":\"https:\\\/\\\/www.entreculturas.org\\\/ca\\\/publicaciones\\\/\"},{\"@type\":\"ListItem\",\"position\":3,\"name\":\"\u201cLa diversidad nos hace crecer\u201d: descubre los materiales educativos de Entreculturas para el curso escolar 2020\\\/2021\"}]},{\"@type\":\"WebSite\",\"@id\":\"https:\\\/\\\/www.entreculturas.org\\\/ca\\\/#website\",\"url\":\"https:\\\/\\\/www.entreculturas.org\\\/ca\\\/\",\"name\":\"Entreculturas\",\"description\":\"\",\"publisher\":{\"@id\":\"https:\\\/\\\/www.entreculturas.org\\\/ca\\\/#organization\"},\"alternateName\":\"Entreculturas\",\"potentialAction\":[{\"@type\":\"SearchAction\",\"target\":{\"@type\":\"EntryPoint\",\"urlTemplate\":\"https:\\\/\\\/www.entreculturas.org\\\/ca\\\/?s={search_term_string}\"},\"query-input\":{\"@type\":\"PropertyValueSpecification\",\"valueRequired\":true,\"valueName\":\"search_term_string\"}}],\"inLanguage\":\"ca\"},{\"@type\":\"Organization\",\"@id\":\"https:\\\/\\\/www.entreculturas.org\\\/ca\\\/#organization\",\"name\":\"Entreculturas\",\"url\":\"https:\\\/\\\/www.entreculturas.org\\\/ca\\\/\",\"logo\":{\"@type\":\"ImageObject\",\"inLanguage\":\"ca\",\"@id\":\"https:\\\/\\\/www.entreculturas.org\\\/ca\\\/#\\\/schema\\\/logo\\\/image\\\/\",\"url\":\"https:\\\/\\\/www.entreculturas.org\\\/wp-content\\\/uploads\\\/2025\\\/10\\\/ESP.svg\",\"contentUrl\":\"https:\\\/\\\/www.entreculturas.org\\\/wp-content\\\/uploads\\\/2025\\\/10\\\/ESP.svg\",\"caption\":\"Entreculturas\"},\"image\":{\"@id\":\"https:\\\/\\\/www.entreculturas.org\\\/ca\\\/#\\\/schema\\\/logo\\\/image\\\/\"},\"sameAs\":[\"https:\\\/\\\/www.facebook.com\\\/entreculturas\",\"https:\\\/\\\/x.com\\\/Entreculturas\",\"https:\\\/\\\/www.instagram.com\\\/entreculturas\\\/\",\"https:\\\/\\\/www.youtube.com\\\/user\\\/entreculturasvideo\",\"https:\\\/\\\/www.linkedin.com\\\/company\\\/fundacion-entreculturas-ngdo\\\/\",\"https:\\\/\\\/www.flickr.com\\\/photos\\\/98455522@N04\\\/albums\\\/\"]}]}<\/script>\n<!-- \/ Yoast SEO Premium plugin. -->","yoast_head_json":{"title":"\u201cLa diversidad nos hace crecer\u201d: descubre los materiales educativos de Entreculturas para el curso escolar 2020\/2021 - Entreculturas","robots":{"index":"index","follow":"follow","max-snippet":"max-snippet:-1","max-image-preview":"max-image-preview:large","max-video-preview":"max-video-preview:-1"},"canonical":"https:\/\/www.entreculturas.org\/ca\/publicacion\/la-diversidad-nos-hace-crecer-descubre-los-materiales-educativos-de-entreculturas-para\/","og_locale":"ca_ES","og_type":"article","og_title":"\u201cLa diversidad nos hace crecer\u201d: descubre los materiales educativos de Entreculturas para el curso escolar 2020\/2021","og_description":"Este mes de junio, bajo el t\u00edtulo \u201cLa diversidad nos hace crecer\u201d, presentamos los nuevos materiales educativos de Entreculturas para el pr\u00f3ximo curso escolar 2020\/2021.&nbsp;&nbsp;Estos materiales se encuadran dentro de \u201cUn Mundo en tus Manos\u201d, la propuesta pedag\u00f3gica de Entreculturas para educar en ciudadan\u00eda global. Como cada a\u00f1o, nacen con el objetivo de contribuir a la tarea de formar personas capaces de vivir con sentido y de transformar su entorno como parte de una ciudadan\u00eda global activa que trabaja en redes locales, nacionales e internacionales comprometida con los retos globales de nuestro tiempo.&nbsp;&nbsp;Para ello, para el curso 2020\/2021 contamos con los materiales did\u00e1cticos del proyecto \u201cD\u00edas D\u201d: &#8211;&nbsp;Calendario escolar para el curso 2020\/2021: con im\u00e1genes, lemas educativos, un mapa de A.Peters y una selecci\u00f3n de d\u00edas internacionales se\u00f1alados, relacionados con la solidaridad y la justicia social. &#8211; Pack de cinco carteles con im\u00e1genes y lemas educativos, que tratan las principales [&hellip;]","og_url":"https:\/\/www.entreculturas.org\/ca\/publicacion\/la-diversidad-nos-hace-crecer-descubre-los-materiales-educativos-de-entreculturas-para\/","og_site_name":"Entreculturas","article_publisher":"https:\/\/www.facebook.com\/entreculturas","article_modified_time":"2024-03-20T17:03:32+00:00","og_image":[{"width":1476,"height":1075,"url":"https:\/\/www.entreculturas.org\/wp-content\/uploads\/2020\/05\/portada_calendario_2020_0.jpg","type":"image\/jpeg"}],"twitter_card":"summary_large_image","twitter_site":"@Entreculturas","schema":{"@context":"https:\/\/schema.org","@graph":[{"@type":"WebPage","@id":"https:\/\/www.entreculturas.org\/ca\/publicacion\/la-diversidad-nos-hace-crecer-descubre-los-materiales-educativos-de-entreculturas-para\/","url":"https:\/\/www.entreculturas.org\/ca\/publicacion\/la-diversidad-nos-hace-crecer-descubre-los-materiales-educativos-de-entreculturas-para\/","name":"\u201cLa diversidad nos hace crecer\u201d: descubre los materiales educativos de Entreculturas para el curso escolar 2020\/2021 - Entreculturas","isPartOf":{"@id":"https:\/\/www.entreculturas.org\/ca\/#website"},"primaryImageOfPage":{"@id":"https:\/\/www.entreculturas.org\/ca\/publicacion\/la-diversidad-nos-hace-crecer-descubre-los-materiales-educativos-de-entreculturas-para\/#primaryimage"},"image":{"@id":"https:\/\/www.entreculturas.org\/ca\/publicacion\/la-diversidad-nos-hace-crecer-descubre-los-materiales-educativos-de-entreculturas-para\/#primaryimage"},"thumbnailUrl":"https:\/\/www.entreculturas.org\/wp-content\/uploads\/2020\/05\/portada_calendario_2020_0.jpg","datePublished":"2020-05-29T10:11:45+00:00","dateModified":"2024-03-20T17:03:32+00:00","breadcrumb":{"@id":"https:\/\/www.entreculturas.org\/ca\/publicacion\/la-diversidad-nos-hace-crecer-descubre-los-materiales-educativos-de-entreculturas-para\/#breadcrumb"},"inLanguage":"ca","potentialAction":[{"@type":"ReadAction","target":["https:\/\/www.entreculturas.org\/ca\/publicacion\/la-diversidad-nos-hace-crecer-descubre-los-materiales-educativos-de-entreculturas-para\/"]}]},{"@type":"ImageObject","inLanguage":"ca","@id":"https:\/\/www.entreculturas.org\/ca\/publicacion\/la-diversidad-nos-hace-crecer-descubre-los-materiales-educativos-de-entreculturas-para\/#primaryimage","url":"https:\/\/www.entreculturas.org\/wp-content\/uploads\/2020\/05\/portada_calendario_2020_0.jpg","contentUrl":"https:\/\/www.entreculturas.org\/wp-content\/uploads\/2020\/05\/portada_calendario_2020_0.jpg","width":1476,"height":1075,"caption":"portada_calendario_2020"},{"@type":"BreadcrumbList","@id":"https:\/\/www.entreculturas.org\/ca\/publicacion\/la-diversidad-nos-hace-crecer-descubre-los-materiales-educativos-de-entreculturas-para\/#breadcrumb","itemListElement":[{"@type":"ListItem","position":1,"name":"Home","item":"https:\/\/www.entreculturas.org\/ca\/"},{"@type":"ListItem","position":2,"name":"Publicaciones","item":"https:\/\/www.entreculturas.org\/ca\/publicaciones\/"},{"@type":"ListItem","position":3,"name":"\u201cLa diversidad nos hace crecer\u201d: descubre los materiales educativos de Entreculturas para el curso escolar 2020\/2021"}]},{"@type":"WebSite","@id":"https:\/\/www.entreculturas.org\/ca\/#website","url":"https:\/\/www.entreculturas.org\/ca\/","name":"Entreculturas","description":"","publisher":{"@id":"https:\/\/www.entreculturas.org\/ca\/#organization"},"alternateName":"Entreculturas","potentialAction":[{"@type":"SearchAction","target":{"@type":"EntryPoint","urlTemplate":"https:\/\/www.entreculturas.org\/ca\/?s={search_term_string}"},"query-input":{"@type":"PropertyValueSpecification","valueRequired":true,"valueName":"search_term_string"}}],"inLanguage":"ca"},{"@type":"Organization","@id":"https:\/\/www.entreculturas.org\/ca\/#organization","name":"Entreculturas","url":"https:\/\/www.entreculturas.org\/ca\/","logo":{"@type":"ImageObject","inLanguage":"ca","@id":"https:\/\/www.entreculturas.org\/ca\/#\/schema\/logo\/image\/","url":"https:\/\/www.entreculturas.org\/wp-content\/uploads\/2025\/10\/ESP.svg","contentUrl":"https:\/\/www.entreculturas.org\/wp-content\/uploads\/2025\/10\/ESP.svg","caption":"Entreculturas"},"image":{"@id":"https:\/\/www.entreculturas.org\/ca\/#\/schema\/logo\/image\/"},"sameAs":["https:\/\/www.facebook.com\/entreculturas","https:\/\/x.com\/Entreculturas","https:\/\/www.instagram.com\/entreculturas\/","https:\/\/www.youtube.com\/user\/entreculturasvideo","https:\/\/www.linkedin.com\/company\/fundacion-entreculturas-ngdo\/","https:\/\/www.flickr.com\/photos\/98455522@N04\/albums\/"]}]}},"_links":{"self":[{"href":"https:\/\/www.entreculturas.org\/ca\/wp-json\/wp\/v2\/publicacion\/5560","targetHints":{"allow":["GET"]}}],"collection":[{"href":"https:\/\/www.entreculturas.org\/ca\/wp-json\/wp\/v2\/publicacion"}],"about":[{"href":"https:\/\/www.entreculturas.org\/ca\/wp-json\/wp\/v2\/types\/publicacion"}],"wp:featuredmedia":[{"embeddable":true,"href":"https:\/\/www.entreculturas.org\/ca\/wp-json\/wp\/v2\/media\/5563"}],"wp:attachment":[{"href":"https:\/\/www.entreculturas.org\/ca\/wp-json\/wp\/v2\/media?parent=5560"}],"wp:term":[{"taxonomy":"category","embeddable":true,"href":"https:\/\/www.entreculturas.org\/ca\/wp-json\/wp\/v2\/categories?post=5560"},{"taxonomy":"post_tag","embeddable":true,"href":"https:\/\/www.entreculturas.org\/ca\/wp-json\/wp\/v2\/tags?post=5560"},{"taxonomy":"cause","embeddable":true,"href":"https:\/\/www.entreculturas.org\/ca\/wp-json\/wp\/v2\/cause?post=5560"},{"taxonomy":"format","embeddable":true,"href":"https:\/\/www.entreculturas.org\/ca\/wp-json\/wp\/v2\/format?post=5560"}],"curies":[{"name":"wp","href":"https:\/\/api.w.org\/{rel}","templated":true}]}}