{"id":5513,"date":"2020-03-26T10:31:22","date_gmt":"2020-03-26T10:31:22","guid":{"rendered":"https:\/\/entreculturasi.wpenginepowered.com\/?publicaciones=orientaciones-y-retos-de-la-formacion-docente-para-la-transformacion-educativa"},"modified":"2024-03-20T18:18:32","modified_gmt":"2024-03-20T17:18:32","slug":"orientaciones-y-retos-de-la-formacion-docente-para-la-transformacion-educativa","status":"publish","type":"publicacion","link":"https:\/\/www.entreculturas.org\/ca\/publicacion\/orientaciones-y-retos-de-la-formacion-docente-para-la-transformacion-educativa\/","title":{"rendered":"Orientaciones y Retos de la Formaci\u00f3n Docente para la Transformaci\u00f3n Educativa"},"content":{"rendered":"<p>La transformaci\u00f3n y la innovaci\u00f3n educativa ha de estar guiada por el prop\u00f3sito de acompa\u00f1ar el desarrollo integral de nuestro alumnado para que crezcan como ciudadanos y ciudadanas globales comprometidas con la<strong> reconciliaci\u00f3n,<\/strong> la <strong>justicia<\/strong> y el <strong>cuidado de la casa com\u00fan<\/strong>. Para responder a dicho prop\u00f3sito es necesario <strong>repensar la escuela<\/strong>, cambiar las pr\u00e1cticas educativas y mejorar los procesos de ense\u00f1anza y aprendizaje, lo que requiere a su vez la actualizaci\u00f3n de las <strong>experiencias formativas de nuestros educadores<\/strong> para que potencien su desarrollo profesional y transformen su identidad docente.&nbsp;<\/p>\n<p>Os compartimos este art\u00edculo, publicado en la secci\u00f3n de la que participa Entreculturas dentro de la revista <strong>Padres y Maestros<\/strong>, sobre orientaciones y retos de la formaci\u00f3n docente para la Transformaci\u00f3n Educativa.&nbsp;<\/p>\n\n\n<div class=\"wp-block-buttons is-layout-flex wp-block-buttons-is-layout-flex\">\n<div class=\"wp-block-button\"><a class=\"wp-block-button__link wp-element-button\" href=\"https:\/\/www.entreculturas.org\/wp-content\/uploads\/2020\/03\/orientaciones_y_retos_formacion_docente.pdf\" target=\"_blank\" rel=\"noreferrer noopener\">descargar<\/a><\/div>\n<\/div>\n","protected":false},"excerpt":{"rendered":"<p>La transformaci\u00f3n y la innovaci\u00f3n educativa ha de estar guiada por el prop\u00f3sito de acompa\u00f1ar el desarrollo integral de nuestro alumnado para que crezcan como ciudadanos y ciudadanas globales comprometidas con la reconciliaci\u00f3n, la justicia y el cuidado de la casa com\u00fan. Para responder a dicho prop\u00f3sito es necesario repensar la escuela, cambiar las pr\u00e1cticas educativas y mejorar los procesos de ense\u00f1anza y aprendizaje, lo que requiere a su vez la actualizaci\u00f3n de las experiencias formativas de nuestros educadores para que potencien su desarrollo profesional y transformen su identidad docente.&nbsp; Os compartimos este art\u00edculo, publicado en la secci\u00f3n de la que participa Entreculturas dentro de la revista Padres y Maestros, sobre orientaciones y retos de la formaci\u00f3n docente para la Transformaci\u00f3n Educativa.&nbsp;<\/p>\n","protected":false},"featured_media":5517,"template":"","format":[115],"categories":[12],"tags":[289],"cause":[131],"class_list":["post-5513","publicacion","type-publicacion","status-publish","has-post-thumbnail","hentry","category-recursos-educativos","tag-educacion","cause-justicia-medioambiental","format-recursos-educativos"],"acf":[],"yoast_head":"<!-- This site is optimized with the Yoast SEO Premium plugin v21.6 (Yoast SEO v27.5) - https:\/\/yoast.com\/product\/yoast-seo-premium-wordpress\/ -->\n<title>Orientaciones y Retos de la Formaci\u00f3n Docente para la Transformaci\u00f3n Educativa - Entreculturas<\/title>\n<meta name=\"robots\" content=\"index, follow, max-snippet:-1, max-image-preview:large, max-video-preview:-1\" \/>\n<link rel=\"canonical\" href=\"https:\/\/www.entreculturas.org\/ca\/publicacion\/orientaciones-y-retos-de-la-formacion-docente-para-la-transformacion-educativa\/\" \/>\n<meta property=\"og:locale\" content=\"ca_ES\" \/>\n<meta property=\"og:type\" content=\"article\" \/>\n<meta property=\"og:title\" content=\"Orientaciones y Retos de la Formaci\u00f3n Docente para la Transformaci\u00f3n Educativa\" \/>\n<meta property=\"og:description\" content=\"La transformaci\u00f3n y la innovaci\u00f3n educativa ha de estar guiada por el prop\u00f3sito de acompa\u00f1ar el desarrollo integral de nuestro alumnado para que crezcan como ciudadanos y ciudadanas globales comprometidas con la reconciliaci\u00f3n, la justicia y el cuidado de la casa com\u00fan. Para responder a dicho prop\u00f3sito es necesario repensar la escuela, cambiar las pr\u00e1cticas educativas y mejorar los procesos de ense\u00f1anza y aprendizaje, lo que requiere a su vez la actualizaci\u00f3n de las experiencias formativas de nuestros educadores para que potencien su desarrollo profesional y transformen su identidad docente.&nbsp; Os compartimos este art\u00edculo, publicado en la secci\u00f3n de la que participa Entreculturas dentro de la revista Padres y Maestros, sobre orientaciones y retos de la formaci\u00f3n docente para la Transformaci\u00f3n Educativa.&nbsp;\" \/>\n<meta property=\"og:url\" content=\"https:\/\/www.entreculturas.org\/ca\/publicacion\/orientaciones-y-retos-de-la-formacion-docente-para-la-transformacion-educativa\/\" \/>\n<meta property=\"og:site_name\" content=\"Entreculturas\" \/>\n<meta property=\"article:publisher\" content=\"https:\/\/www.facebook.com\/entreculturas\" \/>\n<meta property=\"article:modified_time\" content=\"2024-03-20T17:18:32+00:00\" \/>\n<meta property=\"og:image\" content=\"https:\/\/www.entreculturas.org\/wp-content\/uploads\/2020\/03\/screenshot-mail.google.com-2020.03.26-11_25_11.png\" \/>\n\t<meta property=\"og:image:width\" content=\"648\" \/>\n\t<meta property=\"og:image:height\" content=\"332\" \/>\n\t<meta property=\"og:image:type\" content=\"image\/png\" \/>\n<meta name=\"twitter:card\" content=\"summary_large_image\" \/>\n<meta name=\"twitter:site\" content=\"@Entreculturas\" \/>\n<script type=\"application\/ld+json\" class=\"yoast-schema-graph\">{\"@context\":\"https:\\\/\\\/schema.org\",\"@graph\":[{\"@type\":\"WebPage\",\"@id\":\"https:\\\/\\\/www.entreculturas.org\\\/ca\\\/publicacion\\\/orientaciones-y-retos-de-la-formacion-docente-para-la-transformacion-educativa\\\/\",\"url\":\"https:\\\/\\\/www.entreculturas.org\\\/ca\\\/publicacion\\\/orientaciones-y-retos-de-la-formacion-docente-para-la-transformacion-educativa\\\/\",\"name\":\"Orientaciones y Retos de la Formaci\u00f3n Docente para la Transformaci\u00f3n Educativa - Entreculturas\",\"isPartOf\":{\"@id\":\"https:\\\/\\\/www.entreculturas.org\\\/ca\\\/#website\"},\"primaryImageOfPage\":{\"@id\":\"https:\\\/\\\/www.entreculturas.org\\\/ca\\\/publicacion\\\/orientaciones-y-retos-de-la-formacion-docente-para-la-transformacion-educativa\\\/#primaryimage\"},\"image\":{\"@id\":\"https:\\\/\\\/www.entreculturas.org\\\/ca\\\/publicacion\\\/orientaciones-y-retos-de-la-formacion-docente-para-la-transformacion-educativa\\\/#primaryimage\"},\"thumbnailUrl\":\"https:\\\/\\\/www.entreculturas.org\\\/wp-content\\\/uploads\\\/2020\\\/03\\\/screenshot-mail.google.com-2020.03.26-11_25_11.png\",\"datePublished\":\"2020-03-26T10:31:22+00:00\",\"dateModified\":\"2024-03-20T17:18:32+00:00\",\"breadcrumb\":{\"@id\":\"https:\\\/\\\/www.entreculturas.org\\\/ca\\\/publicacion\\\/orientaciones-y-retos-de-la-formacion-docente-para-la-transformacion-educativa\\\/#breadcrumb\"},\"inLanguage\":\"ca\",\"potentialAction\":[{\"@type\":\"ReadAction\",\"target\":[\"https:\\\/\\\/www.entreculturas.org\\\/ca\\\/publicacion\\\/orientaciones-y-retos-de-la-formacion-docente-para-la-transformacion-educativa\\\/\"]}]},{\"@type\":\"ImageObject\",\"inLanguage\":\"ca\",\"@id\":\"https:\\\/\\\/www.entreculturas.org\\\/ca\\\/publicacion\\\/orientaciones-y-retos-de-la-formacion-docente-para-la-transformacion-educativa\\\/#primaryimage\",\"url\":\"https:\\\/\\\/www.entreculturas.org\\\/wp-content\\\/uploads\\\/2020\\\/03\\\/screenshot-mail.google.com-2020.03.26-11_25_11.png\",\"contentUrl\":\"https:\\\/\\\/www.entreculturas.org\\\/wp-content\\\/uploads\\\/2020\\\/03\\\/screenshot-mail.google.com-2020.03.26-11_25_11.png\",\"width\":648,\"height\":332,\"caption\":\"Orientaciones y Retos de la Formaci\u00f3n Docente para la Transformaci\u00f3n Educativa\"},{\"@type\":\"BreadcrumbList\",\"@id\":\"https:\\\/\\\/www.entreculturas.org\\\/ca\\\/publicacion\\\/orientaciones-y-retos-de-la-formacion-docente-para-la-transformacion-educativa\\\/#breadcrumb\",\"itemListElement\":[{\"@type\":\"ListItem\",\"position\":1,\"name\":\"Home\",\"item\":\"https:\\\/\\\/www.entreculturas.org\\\/ca\\\/\"},{\"@type\":\"ListItem\",\"position\":2,\"name\":\"Publicaciones\",\"item\":\"https:\\\/\\\/www.entreculturas.org\\\/ca\\\/publicaciones\\\/\"},{\"@type\":\"ListItem\",\"position\":3,\"name\":\"Orientaciones y Retos de la Formaci\u00f3n Docente para la Transformaci\u00f3n Educativa\"}]},{\"@type\":\"WebSite\",\"@id\":\"https:\\\/\\\/www.entreculturas.org\\\/ca\\\/#website\",\"url\":\"https:\\\/\\\/www.entreculturas.org\\\/ca\\\/\",\"name\":\"Entreculturas\",\"description\":\"\",\"publisher\":{\"@id\":\"https:\\\/\\\/www.entreculturas.org\\\/ca\\\/#organization\"},\"alternateName\":\"Entreculturas\",\"potentialAction\":[{\"@type\":\"SearchAction\",\"target\":{\"@type\":\"EntryPoint\",\"urlTemplate\":\"https:\\\/\\\/www.entreculturas.org\\\/ca\\\/?s={search_term_string}\"},\"query-input\":{\"@type\":\"PropertyValueSpecification\",\"valueRequired\":true,\"valueName\":\"search_term_string\"}}],\"inLanguage\":\"ca\"},{\"@type\":\"Organization\",\"@id\":\"https:\\\/\\\/www.entreculturas.org\\\/ca\\\/#organization\",\"name\":\"Entreculturas\",\"url\":\"https:\\\/\\\/www.entreculturas.org\\\/ca\\\/\",\"logo\":{\"@type\":\"ImageObject\",\"inLanguage\":\"ca\",\"@id\":\"https:\\\/\\\/www.entreculturas.org\\\/ca\\\/#\\\/schema\\\/logo\\\/image\\\/\",\"url\":\"https:\\\/\\\/www.entreculturas.org\\\/wp-content\\\/uploads\\\/2025\\\/10\\\/ESP.svg\",\"contentUrl\":\"https:\\\/\\\/www.entreculturas.org\\\/wp-content\\\/uploads\\\/2025\\\/10\\\/ESP.svg\",\"caption\":\"Entreculturas\"},\"image\":{\"@id\":\"https:\\\/\\\/www.entreculturas.org\\\/ca\\\/#\\\/schema\\\/logo\\\/image\\\/\"},\"sameAs\":[\"https:\\\/\\\/www.facebook.com\\\/entreculturas\",\"https:\\\/\\\/x.com\\\/Entreculturas\",\"https:\\\/\\\/www.instagram.com\\\/entreculturas\\\/\",\"https:\\\/\\\/www.youtube.com\\\/user\\\/entreculturasvideo\",\"https:\\\/\\\/www.linkedin.com\\\/company\\\/fundacion-entreculturas-ngdo\\\/\",\"https:\\\/\\\/www.flickr.com\\\/photos\\\/98455522@N04\\\/albums\\\/\"]}]}<\/script>\n<!-- \/ Yoast SEO Premium plugin. -->","yoast_head_json":{"title":"Orientaciones y Retos de la Formaci\u00f3n Docente para la Transformaci\u00f3n Educativa - Entreculturas","robots":{"index":"index","follow":"follow","max-snippet":"max-snippet:-1","max-image-preview":"max-image-preview:large","max-video-preview":"max-video-preview:-1"},"canonical":"https:\/\/www.entreculturas.org\/ca\/publicacion\/orientaciones-y-retos-de-la-formacion-docente-para-la-transformacion-educativa\/","og_locale":"ca_ES","og_type":"article","og_title":"Orientaciones y Retos de la Formaci\u00f3n Docente para la Transformaci\u00f3n Educativa","og_description":"La transformaci\u00f3n y la innovaci\u00f3n educativa ha de estar guiada por el prop\u00f3sito de acompa\u00f1ar el desarrollo integral de nuestro alumnado para que crezcan como ciudadanos y ciudadanas globales comprometidas con la reconciliaci\u00f3n, la justicia y el cuidado de la casa com\u00fan. Para responder a dicho prop\u00f3sito es necesario repensar la escuela, cambiar las pr\u00e1cticas educativas y mejorar los procesos de ense\u00f1anza y aprendizaje, lo que requiere a su vez la actualizaci\u00f3n de las experiencias formativas de nuestros educadores para que potencien su desarrollo profesional y transformen su identidad docente.&nbsp; Os compartimos este art\u00edculo, publicado en la secci\u00f3n de la que participa Entreculturas dentro de la revista Padres y Maestros, sobre orientaciones y retos de la formaci\u00f3n docente para la Transformaci\u00f3n Educativa.&nbsp;","og_url":"https:\/\/www.entreculturas.org\/ca\/publicacion\/orientaciones-y-retos-de-la-formacion-docente-para-la-transformacion-educativa\/","og_site_name":"Entreculturas","article_publisher":"https:\/\/www.facebook.com\/entreculturas","article_modified_time":"2024-03-20T17:18:32+00:00","og_image":[{"width":648,"height":332,"url":"https:\/\/www.entreculturas.org\/wp-content\/uploads\/2020\/03\/screenshot-mail.google.com-2020.03.26-11_25_11.png","type":"image\/png"}],"twitter_card":"summary_large_image","twitter_site":"@Entreculturas","schema":{"@context":"https:\/\/schema.org","@graph":[{"@type":"WebPage","@id":"https:\/\/www.entreculturas.org\/ca\/publicacion\/orientaciones-y-retos-de-la-formacion-docente-para-la-transformacion-educativa\/","url":"https:\/\/www.entreculturas.org\/ca\/publicacion\/orientaciones-y-retos-de-la-formacion-docente-para-la-transformacion-educativa\/","name":"Orientaciones y Retos de la Formaci\u00f3n Docente para la Transformaci\u00f3n Educativa - Entreculturas","isPartOf":{"@id":"https:\/\/www.entreculturas.org\/ca\/#website"},"primaryImageOfPage":{"@id":"https:\/\/www.entreculturas.org\/ca\/publicacion\/orientaciones-y-retos-de-la-formacion-docente-para-la-transformacion-educativa\/#primaryimage"},"image":{"@id":"https:\/\/www.entreculturas.org\/ca\/publicacion\/orientaciones-y-retos-de-la-formacion-docente-para-la-transformacion-educativa\/#primaryimage"},"thumbnailUrl":"https:\/\/www.entreculturas.org\/wp-content\/uploads\/2020\/03\/screenshot-mail.google.com-2020.03.26-11_25_11.png","datePublished":"2020-03-26T10:31:22+00:00","dateModified":"2024-03-20T17:18:32+00:00","breadcrumb":{"@id":"https:\/\/www.entreculturas.org\/ca\/publicacion\/orientaciones-y-retos-de-la-formacion-docente-para-la-transformacion-educativa\/#breadcrumb"},"inLanguage":"ca","potentialAction":[{"@type":"ReadAction","target":["https:\/\/www.entreculturas.org\/ca\/publicacion\/orientaciones-y-retos-de-la-formacion-docente-para-la-transformacion-educativa\/"]}]},{"@type":"ImageObject","inLanguage":"ca","@id":"https:\/\/www.entreculturas.org\/ca\/publicacion\/orientaciones-y-retos-de-la-formacion-docente-para-la-transformacion-educativa\/#primaryimage","url":"https:\/\/www.entreculturas.org\/wp-content\/uploads\/2020\/03\/screenshot-mail.google.com-2020.03.26-11_25_11.png","contentUrl":"https:\/\/www.entreculturas.org\/wp-content\/uploads\/2020\/03\/screenshot-mail.google.com-2020.03.26-11_25_11.png","width":648,"height":332,"caption":"Orientaciones y Retos de la Formaci\u00f3n Docente para la Transformaci\u00f3n Educativa"},{"@type":"BreadcrumbList","@id":"https:\/\/www.entreculturas.org\/ca\/publicacion\/orientaciones-y-retos-de-la-formacion-docente-para-la-transformacion-educativa\/#breadcrumb","itemListElement":[{"@type":"ListItem","position":1,"name":"Home","item":"https:\/\/www.entreculturas.org\/ca\/"},{"@type":"ListItem","position":2,"name":"Publicaciones","item":"https:\/\/www.entreculturas.org\/ca\/publicaciones\/"},{"@type":"ListItem","position":3,"name":"Orientaciones y Retos de la Formaci\u00f3n Docente para la Transformaci\u00f3n Educativa"}]},{"@type":"WebSite","@id":"https:\/\/www.entreculturas.org\/ca\/#website","url":"https:\/\/www.entreculturas.org\/ca\/","name":"Entreculturas","description":"","publisher":{"@id":"https:\/\/www.entreculturas.org\/ca\/#organization"},"alternateName":"Entreculturas","potentialAction":[{"@type":"SearchAction","target":{"@type":"EntryPoint","urlTemplate":"https:\/\/www.entreculturas.org\/ca\/?s={search_term_string}"},"query-input":{"@type":"PropertyValueSpecification","valueRequired":true,"valueName":"search_term_string"}}],"inLanguage":"ca"},{"@type":"Organization","@id":"https:\/\/www.entreculturas.org\/ca\/#organization","name":"Entreculturas","url":"https:\/\/www.entreculturas.org\/ca\/","logo":{"@type":"ImageObject","inLanguage":"ca","@id":"https:\/\/www.entreculturas.org\/ca\/#\/schema\/logo\/image\/","url":"https:\/\/www.entreculturas.org\/wp-content\/uploads\/2025\/10\/ESP.svg","contentUrl":"https:\/\/www.entreculturas.org\/wp-content\/uploads\/2025\/10\/ESP.svg","caption":"Entreculturas"},"image":{"@id":"https:\/\/www.entreculturas.org\/ca\/#\/schema\/logo\/image\/"},"sameAs":["https:\/\/www.facebook.com\/entreculturas","https:\/\/x.com\/Entreculturas","https:\/\/www.instagram.com\/entreculturas\/","https:\/\/www.youtube.com\/user\/entreculturasvideo","https:\/\/www.linkedin.com\/company\/fundacion-entreculturas-ngdo\/","https:\/\/www.flickr.com\/photos\/98455522@N04\/albums\/"]}]}},"_links":{"self":[{"href":"https:\/\/www.entreculturas.org\/ca\/wp-json\/wp\/v2\/publicacion\/5513","targetHints":{"allow":["GET"]}}],"collection":[{"href":"https:\/\/www.entreculturas.org\/ca\/wp-json\/wp\/v2\/publicacion"}],"about":[{"href":"https:\/\/www.entreculturas.org\/ca\/wp-json\/wp\/v2\/types\/publicacion"}],"wp:featuredmedia":[{"embeddable":true,"href":"https:\/\/www.entreculturas.org\/ca\/wp-json\/wp\/v2\/media\/5517"}],"wp:attachment":[{"href":"https:\/\/www.entreculturas.org\/ca\/wp-json\/wp\/v2\/media?parent=5513"}],"wp:term":[{"taxonomy":"category","embeddable":true,"href":"https:\/\/www.entreculturas.org\/ca\/wp-json\/wp\/v2\/categories?post=5513"},{"taxonomy":"post_tag","embeddable":true,"href":"https:\/\/www.entreculturas.org\/ca\/wp-json\/wp\/v2\/tags?post=5513"},{"taxonomy":"cause","embeddable":true,"href":"https:\/\/www.entreculturas.org\/ca\/wp-json\/wp\/v2\/cause?post=5513"},{"taxonomy":"format","embeddable":true,"href":"https:\/\/www.entreculturas.org\/ca\/wp-json\/wp\/v2\/format?post=5513"}],"curies":[{"name":"wp","href":"https:\/\/api.w.org\/{rel}","templated":true}]}}