{"id":5152,"date":"2018-01-30T09:45:36","date_gmt":"2018-01-30T09:45:36","guid":{"rendered":"https:\/\/entreculturasi.wpenginepowered.com\/?publicaciones=encuentros-que-cambian-el-mundo"},"modified":"2024-03-21T16:29:53","modified_gmt":"2024-03-21T15:29:53","slug":"encuentros-que-cambian-el-mundo","status":"publish","type":"publicacion","link":"https:\/\/www.entreculturas.org\/ca\/publicacion\/encuentros-que-cambian-el-mundo\/","title":{"rendered":"Encuentros que Cambian el Mundo"},"content":{"rendered":"<p>Gu\u00eda que recoge 11 unidades did\u00e1cticas para trabajar los <strong>D\u00edas Internacionales<\/strong> destacados del calendario 2017\/2018 relacionados con <strong>g\u00e9nero, medioambiente, desigualdad, derechos humanos, cultura de paz y movilidad humana.<\/strong><\/p>\n<p>Este material integra una compilaci\u00f3n de <strong>11 unidades did\u00e1cticas<\/strong> divididas por franjas de edad, para trabajar con <strong>infancia y juventud de 4 a 18 a\u00f1os<\/strong> las tem\u00e1ticas que simbolizan los siguientes D\u00edas Internacionales:<\/p>\n<ul>\n<li>D\u00eda Internacional de la <strong>Alfabetizaci\u00f3n<\/strong> (8 septiembre)<\/li>\n<li>D\u00eda Internacional para la<strong> Erradicaci\u00f3n de la Pobreza<\/strong> (17 octubre)<\/li>\n<li>D\u00eda Internacional de la <strong>Ni\u00f1a<\/strong> (11 de octubre)<\/li>\n<li>D\u00eda Internacional de los <strong>Derechos de la Infancia y la Adolescencia<\/strong> (20 noviembre)<\/li>\n<li>D\u00eda Internacional de las <strong>Personas Migrantes<\/strong> (18 diciembre)<\/li>\n<li>D\u00eda Escolar de la <strong>Paz y la No Violencia<\/strong> (30 enero)<\/li>\n<li>D\u00eda Internacional contra la Utilizaci\u00f3n de<strong> Menores Soldado<\/strong> (12 febrero)<\/li>\n<li>D\u00eda Internacional de los <strong>Derechos de las Mujeres<\/strong> (8 marzo)<\/li>\n<li>D\u00eda Mundial de la <strong>Tierra<\/strong> (20 abril)<\/li>\n<li>D\u00eda Mundial para <strong>Diversidad Cultural, el Di\u00e1logo y el Desarrollo<\/strong> (21 mayo)<\/li>\n<li>D\u00eda Internacional de las <strong>Personas Refugiadas<\/strong> (20 junio)<\/li>\n<\/ul>\n<p>&nbsp;<\/p>\n<p>&nbsp;<\/p>\n<p>Este material forma parte del proyecto <strong>\u201cD\u00edas D\u201d<\/strong>, que consta, adem\u00e1s de esta <strong>gu\u00eda de unidades did\u00e1cticas<\/strong>, de un <strong>calendario escolar<\/strong> y cuatro <strong>carteles educativos.<\/strong>&nbsp;<\/p>\n","protected":false},"excerpt":{"rendered":"<p>Gu\u00eda que recoge 11 unidades did\u00e1cticas para trabajar los D\u00edas Internacionales destacados del calendario 2017\/2018 relacionados con g\u00e9nero, medioambiente, desigualdad, derechos humanos, cultura de paz y movilidad humana. Este material integra una compilaci\u00f3n de 11 unidades did\u00e1cticas divididas por franjas de edad, para trabajar con infancia y juventud de 4 a 18 a\u00f1os las tem\u00e1ticas que simbolizan los siguientes D\u00edas Internacionales: D\u00eda Internacional de la Alfabetizaci\u00f3n (8 septiembre) D\u00eda Internacional para la Erradicaci\u00f3n de la Pobreza (17 octubre) D\u00eda Internacional de la Ni\u00f1a (11 de octubre) D\u00eda Internacional de los Derechos de la Infancia y la Adolescencia (20 noviembre) D\u00eda Internacional de las Personas Migrantes (18 diciembre) D\u00eda Escolar de la Paz y la No Violencia (30 enero) D\u00eda Internacional contra la Utilizaci\u00f3n de Menores Soldado (12 febrero) D\u00eda Internacional de los Derechos de las Mujeres (8 marzo) D\u00eda Mundial de la Tierra (20 abril) D\u00eda Mundial para Diversidad Cultural, [&hellip;]<\/p>\n","protected":false},"featured_media":5160,"template":"","format":[115],"categories":[12],"tags":[8],"cause":[128,129,132],"class_list":["post-5152","publicacion","type-publicacion","status-publish","has-post-thumbnail","hentry","category-recursos-educativos","tag-participacion-y-ciudadania-global","cause-educacion","cause-migracion-y-refugio","cause-participacion-y-ciudadania-global","format-recursos-educativos"],"acf":[],"yoast_head":"<!-- This site is optimized with the Yoast SEO Premium plugin v21.6 (Yoast SEO v27.5) - https:\/\/yoast.com\/product\/yoast-seo-premium-wordpress\/ -->\n<title>Encuentros que Cambian el Mundo - Entreculturas<\/title>\n<meta name=\"robots\" content=\"index, follow, max-snippet:-1, max-image-preview:large, max-video-preview:-1\" \/>\n<link rel=\"canonical\" href=\"https:\/\/www.entreculturas.org\/ca\/publicacion\/encuentros-que-cambian-el-mundo\/\" \/>\n<meta property=\"og:locale\" content=\"ca_ES\" \/>\n<meta property=\"og:type\" content=\"article\" \/>\n<meta property=\"og:title\" content=\"Encuentros que Cambian el Mundo\" \/>\n<meta property=\"og:description\" content=\"Gu\u00eda que recoge 11 unidades did\u00e1cticas para trabajar los D\u00edas Internacionales destacados del calendario 2017\/2018 relacionados con g\u00e9nero, medioambiente, desigualdad, derechos humanos, cultura de paz y movilidad humana. Este material integra una compilaci\u00f3n de 11 unidades did\u00e1cticas divididas por franjas de edad, para trabajar con infancia y juventud de 4 a 18 a\u00f1os las tem\u00e1ticas que simbolizan los siguientes D\u00edas Internacionales: D\u00eda Internacional de la Alfabetizaci\u00f3n (8 septiembre) D\u00eda Internacional para la Erradicaci\u00f3n de la Pobreza (17 octubre) D\u00eda Internacional de la Ni\u00f1a (11 de octubre) D\u00eda Internacional de los Derechos de la Infancia y la Adolescencia (20 noviembre) D\u00eda Internacional de las Personas Migrantes (18 diciembre) D\u00eda Escolar de la Paz y la No Violencia (30 enero) D\u00eda Internacional contra la Utilizaci\u00f3n de Menores Soldado (12 febrero) D\u00eda Internacional de los Derechos de las Mujeres (8 marzo) D\u00eda Mundial de la Tierra (20 abril) D\u00eda Mundial para Diversidad Cultural, [&hellip;]\" \/>\n<meta property=\"og:url\" content=\"https:\/\/www.entreculturas.org\/ca\/publicacion\/encuentros-que-cambian-el-mundo\/\" \/>\n<meta property=\"og:site_name\" content=\"Entreculturas\" \/>\n<meta property=\"article:publisher\" content=\"https:\/\/www.facebook.com\/entreculturas\" \/>\n<meta property=\"article:modified_time\" content=\"2024-03-21T15:29:53+00:00\" \/>\n<meta property=\"og:image\" content=\"https:\/\/www.entreculturas.org\/wp-content\/uploads\/2018\/01\/portada_encuentros_cambian_mundo.jpg\" \/>\n\t<meta property=\"og:image:width\" content=\"1304\" \/>\n\t<meta property=\"og:image:height\" content=\"1776\" \/>\n\t<meta property=\"og:image:type\" content=\"image\/jpeg\" \/>\n<meta name=\"twitter:card\" content=\"summary_large_image\" \/>\n<meta name=\"twitter:site\" content=\"@Entreculturas\" \/>\n<script type=\"application\/ld+json\" class=\"yoast-schema-graph\">{\"@context\":\"https:\\\/\\\/schema.org\",\"@graph\":[{\"@type\":\"WebPage\",\"@id\":\"https:\\\/\\\/www.entreculturas.org\\\/ca\\\/publicacion\\\/encuentros-que-cambian-el-mundo\\\/\",\"url\":\"https:\\\/\\\/www.entreculturas.org\\\/ca\\\/publicacion\\\/encuentros-que-cambian-el-mundo\\\/\",\"name\":\"Encuentros que Cambian el Mundo - Entreculturas\",\"isPartOf\":{\"@id\":\"https:\\\/\\\/www.entreculturas.org\\\/ca\\\/#website\"},\"primaryImageOfPage\":{\"@id\":\"https:\\\/\\\/www.entreculturas.org\\\/ca\\\/publicacion\\\/encuentros-que-cambian-el-mundo\\\/#primaryimage\"},\"image\":{\"@id\":\"https:\\\/\\\/www.entreculturas.org\\\/ca\\\/publicacion\\\/encuentros-que-cambian-el-mundo\\\/#primaryimage\"},\"thumbnailUrl\":\"https:\\\/\\\/www.entreculturas.org\\\/wp-content\\\/uploads\\\/2018\\\/01\\\/portada_encuentros_cambian_mundo.jpg\",\"datePublished\":\"2018-01-30T09:45:36+00:00\",\"dateModified\":\"2024-03-21T15:29:53+00:00\",\"breadcrumb\":{\"@id\":\"https:\\\/\\\/www.entreculturas.org\\\/ca\\\/publicacion\\\/encuentros-que-cambian-el-mundo\\\/#breadcrumb\"},\"inLanguage\":\"ca\",\"potentialAction\":[{\"@type\":\"ReadAction\",\"target\":[\"https:\\\/\\\/www.entreculturas.org\\\/ca\\\/publicacion\\\/encuentros-que-cambian-el-mundo\\\/\"]}]},{\"@type\":\"ImageObject\",\"inLanguage\":\"ca\",\"@id\":\"https:\\\/\\\/www.entreculturas.org\\\/ca\\\/publicacion\\\/encuentros-que-cambian-el-mundo\\\/#primaryimage\",\"url\":\"https:\\\/\\\/www.entreculturas.org\\\/wp-content\\\/uploads\\\/2018\\\/01\\\/portada_encuentros_cambian_mundo.jpg\",\"contentUrl\":\"https:\\\/\\\/www.entreculturas.org\\\/wp-content\\\/uploads\\\/2018\\\/01\\\/portada_encuentros_cambian_mundo.jpg\",\"width\":1304,\"height\":1776,\"caption\":\"Encuentros que Cambian el Mundo\"},{\"@type\":\"BreadcrumbList\",\"@id\":\"https:\\\/\\\/www.entreculturas.org\\\/ca\\\/publicacion\\\/encuentros-que-cambian-el-mundo\\\/#breadcrumb\",\"itemListElement\":[{\"@type\":\"ListItem\",\"position\":1,\"name\":\"Home\",\"item\":\"https:\\\/\\\/www.entreculturas.org\\\/ca\\\/\"},{\"@type\":\"ListItem\",\"position\":2,\"name\":\"Publicaciones\",\"item\":\"https:\\\/\\\/www.entreculturas.org\\\/ca\\\/publicaciones\\\/\"},{\"@type\":\"ListItem\",\"position\":3,\"name\":\"Encuentros que Cambian el Mundo\"}]},{\"@type\":\"WebSite\",\"@id\":\"https:\\\/\\\/www.entreculturas.org\\\/ca\\\/#website\",\"url\":\"https:\\\/\\\/www.entreculturas.org\\\/ca\\\/\",\"name\":\"Entreculturas\",\"description\":\"\",\"publisher\":{\"@id\":\"https:\\\/\\\/www.entreculturas.org\\\/ca\\\/#organization\"},\"alternateName\":\"Entreculturas\",\"potentialAction\":[{\"@type\":\"SearchAction\",\"target\":{\"@type\":\"EntryPoint\",\"urlTemplate\":\"https:\\\/\\\/www.entreculturas.org\\\/ca\\\/?s={search_term_string}\"},\"query-input\":{\"@type\":\"PropertyValueSpecification\",\"valueRequired\":true,\"valueName\":\"search_term_string\"}}],\"inLanguage\":\"ca\"},{\"@type\":\"Organization\",\"@id\":\"https:\\\/\\\/www.entreculturas.org\\\/ca\\\/#organization\",\"name\":\"Entreculturas\",\"url\":\"https:\\\/\\\/www.entreculturas.org\\\/ca\\\/\",\"logo\":{\"@type\":\"ImageObject\",\"inLanguage\":\"ca\",\"@id\":\"https:\\\/\\\/www.entreculturas.org\\\/ca\\\/#\\\/schema\\\/logo\\\/image\\\/\",\"url\":\"https:\\\/\\\/www.entreculturas.org\\\/wp-content\\\/uploads\\\/2025\\\/10\\\/ESP.svg\",\"contentUrl\":\"https:\\\/\\\/www.entreculturas.org\\\/wp-content\\\/uploads\\\/2025\\\/10\\\/ESP.svg\",\"caption\":\"Entreculturas\"},\"image\":{\"@id\":\"https:\\\/\\\/www.entreculturas.org\\\/ca\\\/#\\\/schema\\\/logo\\\/image\\\/\"},\"sameAs\":[\"https:\\\/\\\/www.facebook.com\\\/entreculturas\",\"https:\\\/\\\/x.com\\\/Entreculturas\",\"https:\\\/\\\/www.instagram.com\\\/entreculturas\\\/\",\"https:\\\/\\\/www.youtube.com\\\/user\\\/entreculturasvideo\",\"https:\\\/\\\/www.linkedin.com\\\/company\\\/fundacion-entreculturas-ngdo\\\/\",\"https:\\\/\\\/www.flickr.com\\\/photos\\\/98455522@N04\\\/albums\\\/\"]}]}<\/script>\n<!-- \/ Yoast SEO Premium plugin. -->","yoast_head_json":{"title":"Encuentros que Cambian el Mundo - Entreculturas","robots":{"index":"index","follow":"follow","max-snippet":"max-snippet:-1","max-image-preview":"max-image-preview:large","max-video-preview":"max-video-preview:-1"},"canonical":"https:\/\/www.entreculturas.org\/ca\/publicacion\/encuentros-que-cambian-el-mundo\/","og_locale":"ca_ES","og_type":"article","og_title":"Encuentros que Cambian el Mundo","og_description":"Gu\u00eda que recoge 11 unidades did\u00e1cticas para trabajar los D\u00edas Internacionales destacados del calendario 2017\/2018 relacionados con g\u00e9nero, medioambiente, desigualdad, derechos humanos, cultura de paz y movilidad humana. Este material integra una compilaci\u00f3n de 11 unidades did\u00e1cticas divididas por franjas de edad, para trabajar con infancia y juventud de 4 a 18 a\u00f1os las tem\u00e1ticas que simbolizan los siguientes D\u00edas Internacionales: D\u00eda Internacional de la Alfabetizaci\u00f3n (8 septiembre) D\u00eda Internacional para la Erradicaci\u00f3n de la Pobreza (17 octubre) D\u00eda Internacional de la Ni\u00f1a (11 de octubre) D\u00eda Internacional de los Derechos de la Infancia y la Adolescencia (20 noviembre) D\u00eda Internacional de las Personas Migrantes (18 diciembre) D\u00eda Escolar de la Paz y la No Violencia (30 enero) D\u00eda Internacional contra la Utilizaci\u00f3n de Menores Soldado (12 febrero) D\u00eda Internacional de los Derechos de las Mujeres (8 marzo) D\u00eda Mundial de la Tierra (20 abril) D\u00eda Mundial para Diversidad Cultural, [&hellip;]","og_url":"https:\/\/www.entreculturas.org\/ca\/publicacion\/encuentros-que-cambian-el-mundo\/","og_site_name":"Entreculturas","article_publisher":"https:\/\/www.facebook.com\/entreculturas","article_modified_time":"2024-03-21T15:29:53+00:00","og_image":[{"width":1304,"height":1776,"url":"https:\/\/www.entreculturas.org\/wp-content\/uploads\/2018\/01\/portada_encuentros_cambian_mundo.jpg","type":"image\/jpeg"}],"twitter_card":"summary_large_image","twitter_site":"@Entreculturas","schema":{"@context":"https:\/\/schema.org","@graph":[{"@type":"WebPage","@id":"https:\/\/www.entreculturas.org\/ca\/publicacion\/encuentros-que-cambian-el-mundo\/","url":"https:\/\/www.entreculturas.org\/ca\/publicacion\/encuentros-que-cambian-el-mundo\/","name":"Encuentros que Cambian el Mundo - Entreculturas","isPartOf":{"@id":"https:\/\/www.entreculturas.org\/ca\/#website"},"primaryImageOfPage":{"@id":"https:\/\/www.entreculturas.org\/ca\/publicacion\/encuentros-que-cambian-el-mundo\/#primaryimage"},"image":{"@id":"https:\/\/www.entreculturas.org\/ca\/publicacion\/encuentros-que-cambian-el-mundo\/#primaryimage"},"thumbnailUrl":"https:\/\/www.entreculturas.org\/wp-content\/uploads\/2018\/01\/portada_encuentros_cambian_mundo.jpg","datePublished":"2018-01-30T09:45:36+00:00","dateModified":"2024-03-21T15:29:53+00:00","breadcrumb":{"@id":"https:\/\/www.entreculturas.org\/ca\/publicacion\/encuentros-que-cambian-el-mundo\/#breadcrumb"},"inLanguage":"ca","potentialAction":[{"@type":"ReadAction","target":["https:\/\/www.entreculturas.org\/ca\/publicacion\/encuentros-que-cambian-el-mundo\/"]}]},{"@type":"ImageObject","inLanguage":"ca","@id":"https:\/\/www.entreculturas.org\/ca\/publicacion\/encuentros-que-cambian-el-mundo\/#primaryimage","url":"https:\/\/www.entreculturas.org\/wp-content\/uploads\/2018\/01\/portada_encuentros_cambian_mundo.jpg","contentUrl":"https:\/\/www.entreculturas.org\/wp-content\/uploads\/2018\/01\/portada_encuentros_cambian_mundo.jpg","width":1304,"height":1776,"caption":"Encuentros que Cambian el Mundo"},{"@type":"BreadcrumbList","@id":"https:\/\/www.entreculturas.org\/ca\/publicacion\/encuentros-que-cambian-el-mundo\/#breadcrumb","itemListElement":[{"@type":"ListItem","position":1,"name":"Home","item":"https:\/\/www.entreculturas.org\/ca\/"},{"@type":"ListItem","position":2,"name":"Publicaciones","item":"https:\/\/www.entreculturas.org\/ca\/publicaciones\/"},{"@type":"ListItem","position":3,"name":"Encuentros que Cambian el Mundo"}]},{"@type":"WebSite","@id":"https:\/\/www.entreculturas.org\/ca\/#website","url":"https:\/\/www.entreculturas.org\/ca\/","name":"Entreculturas","description":"","publisher":{"@id":"https:\/\/www.entreculturas.org\/ca\/#organization"},"alternateName":"Entreculturas","potentialAction":[{"@type":"SearchAction","target":{"@type":"EntryPoint","urlTemplate":"https:\/\/www.entreculturas.org\/ca\/?s={search_term_string}"},"query-input":{"@type":"PropertyValueSpecification","valueRequired":true,"valueName":"search_term_string"}}],"inLanguage":"ca"},{"@type":"Organization","@id":"https:\/\/www.entreculturas.org\/ca\/#organization","name":"Entreculturas","url":"https:\/\/www.entreculturas.org\/ca\/","logo":{"@type":"ImageObject","inLanguage":"ca","@id":"https:\/\/www.entreculturas.org\/ca\/#\/schema\/logo\/image\/","url":"https:\/\/www.entreculturas.org\/wp-content\/uploads\/2025\/10\/ESP.svg","contentUrl":"https:\/\/www.entreculturas.org\/wp-content\/uploads\/2025\/10\/ESP.svg","caption":"Entreculturas"},"image":{"@id":"https:\/\/www.entreculturas.org\/ca\/#\/schema\/logo\/image\/"},"sameAs":["https:\/\/www.facebook.com\/entreculturas","https:\/\/x.com\/Entreculturas","https:\/\/www.instagram.com\/entreculturas\/","https:\/\/www.youtube.com\/user\/entreculturasvideo","https:\/\/www.linkedin.com\/company\/fundacion-entreculturas-ngdo\/","https:\/\/www.flickr.com\/photos\/98455522@N04\/albums\/"]}]}},"_links":{"self":[{"href":"https:\/\/www.entreculturas.org\/ca\/wp-json\/wp\/v2\/publicacion\/5152","targetHints":{"allow":["GET"]}}],"collection":[{"href":"https:\/\/www.entreculturas.org\/ca\/wp-json\/wp\/v2\/publicacion"}],"about":[{"href":"https:\/\/www.entreculturas.org\/ca\/wp-json\/wp\/v2\/types\/publicacion"}],"wp:featuredmedia":[{"embeddable":true,"href":"https:\/\/www.entreculturas.org\/ca\/wp-json\/wp\/v2\/media\/5160"}],"wp:attachment":[{"href":"https:\/\/www.entreculturas.org\/ca\/wp-json\/wp\/v2\/media?parent=5152"}],"wp:term":[{"taxonomy":"category","embeddable":true,"href":"https:\/\/www.entreculturas.org\/ca\/wp-json\/wp\/v2\/categories?post=5152"},{"taxonomy":"post_tag","embeddable":true,"href":"https:\/\/www.entreculturas.org\/ca\/wp-json\/wp\/v2\/tags?post=5152"},{"taxonomy":"cause","embeddable":true,"href":"https:\/\/www.entreculturas.org\/ca\/wp-json\/wp\/v2\/cause?post=5152"},{"taxonomy":"format","embeddable":true,"href":"https:\/\/www.entreculturas.org\/ca\/wp-json\/wp\/v2\/format?post=5152"}],"curies":[{"name":"wp","href":"https:\/\/api.w.org\/{rel}","templated":true}]}}