{"id":4864,"date":"2016-09-26T08:03:27","date_gmt":"2016-09-26T08:03:27","guid":{"rendered":"https:\/\/entreculturasi.wpenginepowered.com\/?publicaciones=informe-anual-2015"},"modified":"2024-03-25T16:48:36","modified_gmt":"2024-03-25T15:48:36","slug":"informe-anual-2015","status":"publish","type":"publicacion","link":"https:\/\/www.entreculturas.org\/ca\/publicacion\/informe-anual-2015\/","title":{"rendered":"Informe Anual 2015"},"content":{"rendered":"<p>Te presentamos nuestro Informe Anual 2015 con el que queremos mostrarte nuestro trabajo durante este a\u00f1o y explicarte con detalle el origen y destino de los fondos a trav\u00e9s de nuestras cuentas.<\/p>\n<p>Ha sido un a\u00f1o compartido con las 195.495 personas a las que hemos atendido, con los m\u00e1s de 2.700 j\u00f3venes que son parte de una nueva ciudadan\u00eda global, con los 825 centros educativos comprometidos con la justicia. Un a\u00f1o en el que hemos llevado a cabo 188 proyectos en \u00c1frica, Am\u00e9rica Latina, Asia y Europa, en el que hemos seguido defendiendo los derechos de los m\u00e1s vulnerables, en el que hemos trabajado por una educaci\u00f3n de calidad para todas las personas.<\/p>\n<p>Para celebrar lo logrado, para seguir so\u00f1ando y -como dice nuestra memoria- seguir atrevi\u00e9ndonos a dise\u00f1ar la utop\u00eda, os animamos a visitar nuestro Informe Anual 2015, compartirlo en vuestro entorno y disfrutar de un v\u00eddeo que nos emociona especialmente y que nos habla de la inmensa red de personas comprometidas por las que trabajamos.<br \/>&nbsp;<\/p>\n","protected":false},"excerpt":{"rendered":"<p>Te presentamos nuestro Informe Anual 2015 con el que queremos mostrarte nuestro trabajo durante este a\u00f1o y explicarte con detalle el origen y destino de los fondos a trav\u00e9s de nuestras cuentas. Ha sido un a\u00f1o compartido con las 195.495 personas a las que hemos atendido, con los m\u00e1s de 2.700 j\u00f3venes que son parte de una nueva ciudadan\u00eda global, con los 825 centros educativos comprometidos con la justicia. Un a\u00f1o en el que hemos llevado a cabo 188 proyectos en \u00c1frica, Am\u00e9rica Latina, Asia y Europa, en el que hemos seguido defendiendo los derechos de los m\u00e1s vulnerables, en el que hemos trabajado por una educaci\u00f3n de calidad para todas las personas. Para celebrar lo logrado, para seguir so\u00f1ando y -como dice nuestra memoria- seguir atrevi\u00e9ndonos a dise\u00f1ar la utop\u00eda, os animamos a visitar nuestro Informe Anual 2015, compartirlo en vuestro entorno y disfrutar de un v\u00eddeo que nos [&hellip;]<\/p>\n","protected":false},"featured_media":4866,"template":"","format":[114],"categories":[16],"tags":[185],"cause":[128,131,129,132],"class_list":["post-4864","publicacion","type-publicacion","status-publish","has-post-thumbnail","hentry","category-memorias","tag-entreculturas","cause-educacion","cause-justicia-medioambiental","cause-migracion-y-refugio","cause-participacion-y-ciudadania-global","format-memorias-anuales"],"acf":[],"yoast_head":"<!-- This site is optimized with the Yoast SEO Premium plugin v21.6 (Yoast SEO v27.5) - https:\/\/yoast.com\/product\/yoast-seo-premium-wordpress\/ -->\n<title>Informe Anual 2015 - Entreculturas<\/title>\n<meta name=\"robots\" content=\"index, follow, max-snippet:-1, max-image-preview:large, max-video-preview:-1\" \/>\n<link rel=\"canonical\" href=\"https:\/\/www.entreculturas.org\/ca\/publicacion\/informe-anual-2015\/\" \/>\n<meta property=\"og:locale\" content=\"ca_ES\" \/>\n<meta property=\"og:type\" content=\"article\" \/>\n<meta property=\"og:title\" content=\"Informe Anual 2015\" \/>\n<meta property=\"og:description\" content=\"Te presentamos nuestro Informe Anual 2015 con el que queremos mostrarte nuestro trabajo durante este a\u00f1o y explicarte con detalle el origen y destino de los fondos a trav\u00e9s de nuestras cuentas. Ha sido un a\u00f1o compartido con las 195.495 personas a las que hemos atendido, con los m\u00e1s de 2.700 j\u00f3venes que son parte de una nueva ciudadan\u00eda global, con los 825 centros educativos comprometidos con la justicia. Un a\u00f1o en el que hemos llevado a cabo 188 proyectos en \u00c1frica, Am\u00e9rica Latina, Asia y Europa, en el que hemos seguido defendiendo los derechos de los m\u00e1s vulnerables, en el que hemos trabajado por una educaci\u00f3n de calidad para todas las personas. Para celebrar lo logrado, para seguir so\u00f1ando y -como dice nuestra memoria- seguir atrevi\u00e9ndonos a dise\u00f1ar la utop\u00eda, os animamos a visitar nuestro Informe Anual 2015, compartirlo en vuestro entorno y disfrutar de un v\u00eddeo que nos [&hellip;]\" \/>\n<meta property=\"og:url\" content=\"https:\/\/www.entreculturas.org\/ca\/publicacion\/informe-anual-2015\/\" \/>\n<meta property=\"og:site_name\" content=\"Entreculturas\" \/>\n<meta property=\"article:publisher\" content=\"https:\/\/www.facebook.com\/entreculturas\" \/>\n<meta property=\"article:modified_time\" content=\"2024-03-25T15:48:36+00:00\" \/>\n<meta property=\"og:image\" content=\"https:\/\/www.entreculturas.org\/wp-content\/uploads\/2017\/07\/portada_memoria2015.jpg\" \/>\n\t<meta property=\"og:image:width\" content=\"410\" \/>\n\t<meta property=\"og:image:height\" content=\"286\" \/>\n\t<meta property=\"og:image:type\" content=\"image\/jpeg\" \/>\n<meta name=\"twitter:card\" content=\"summary_large_image\" \/>\n<meta name=\"twitter:site\" content=\"@Entreculturas\" \/>\n<script type=\"application\/ld+json\" class=\"yoast-schema-graph\">{\"@context\":\"https:\\\/\\\/schema.org\",\"@graph\":[{\"@type\":\"WebPage\",\"@id\":\"https:\\\/\\\/www.entreculturas.org\\\/ca\\\/publicacion\\\/informe-anual-2015\\\/\",\"url\":\"https:\\\/\\\/www.entreculturas.org\\\/ca\\\/publicacion\\\/informe-anual-2015\\\/\",\"name\":\"Informe Anual 2015 - Entreculturas\",\"isPartOf\":{\"@id\":\"https:\\\/\\\/www.entreculturas.org\\\/ca\\\/#website\"},\"primaryImageOfPage\":{\"@id\":\"https:\\\/\\\/www.entreculturas.org\\\/ca\\\/publicacion\\\/informe-anual-2015\\\/#primaryimage\"},\"image\":{\"@id\":\"https:\\\/\\\/www.entreculturas.org\\\/ca\\\/publicacion\\\/informe-anual-2015\\\/#primaryimage\"},\"thumbnailUrl\":\"https:\\\/\\\/www.entreculturas.org\\\/wp-content\\\/uploads\\\/2017\\\/07\\\/portada_memoria2015.jpg\",\"datePublished\":\"2016-09-26T08:03:27+00:00\",\"dateModified\":\"2024-03-25T15:48:36+00:00\",\"breadcrumb\":{\"@id\":\"https:\\\/\\\/www.entreculturas.org\\\/ca\\\/publicacion\\\/informe-anual-2015\\\/#breadcrumb\"},\"inLanguage\":\"ca\",\"potentialAction\":[{\"@type\":\"ReadAction\",\"target\":[\"https:\\\/\\\/www.entreculturas.org\\\/ca\\\/publicacion\\\/informe-anual-2015\\\/\"]}]},{\"@type\":\"ImageObject\",\"inLanguage\":\"ca\",\"@id\":\"https:\\\/\\\/www.entreculturas.org\\\/ca\\\/publicacion\\\/informe-anual-2015\\\/#primaryimage\",\"url\":\"https:\\\/\\\/www.entreculturas.org\\\/wp-content\\\/uploads\\\/2017\\\/07\\\/portada_memoria2015.jpg\",\"contentUrl\":\"https:\\\/\\\/www.entreculturas.org\\\/wp-content\\\/uploads\\\/2017\\\/07\\\/portada_memoria2015.jpg\",\"width\":410,\"height\":286,\"caption\":\"portada_memoria2015\"},{\"@type\":\"BreadcrumbList\",\"@id\":\"https:\\\/\\\/www.entreculturas.org\\\/ca\\\/publicacion\\\/informe-anual-2015\\\/#breadcrumb\",\"itemListElement\":[{\"@type\":\"ListItem\",\"position\":1,\"name\":\"Home\",\"item\":\"https:\\\/\\\/www.entreculturas.org\\\/ca\\\/\"},{\"@type\":\"ListItem\",\"position\":2,\"name\":\"Publicaciones\",\"item\":\"https:\\\/\\\/www.entreculturas.org\\\/ca\\\/publicaciones\\\/\"},{\"@type\":\"ListItem\",\"position\":3,\"name\":\"Informe Anual 2015\"}]},{\"@type\":\"WebSite\",\"@id\":\"https:\\\/\\\/www.entreculturas.org\\\/ca\\\/#website\",\"url\":\"https:\\\/\\\/www.entreculturas.org\\\/ca\\\/\",\"name\":\"Entreculturas\",\"description\":\"\",\"publisher\":{\"@id\":\"https:\\\/\\\/www.entreculturas.org\\\/ca\\\/#organization\"},\"alternateName\":\"Entreculturas\",\"potentialAction\":[{\"@type\":\"SearchAction\",\"target\":{\"@type\":\"EntryPoint\",\"urlTemplate\":\"https:\\\/\\\/www.entreculturas.org\\\/ca\\\/?s={search_term_string}\"},\"query-input\":{\"@type\":\"PropertyValueSpecification\",\"valueRequired\":true,\"valueName\":\"search_term_string\"}}],\"inLanguage\":\"ca\"},{\"@type\":\"Organization\",\"@id\":\"https:\\\/\\\/www.entreculturas.org\\\/ca\\\/#organization\",\"name\":\"Entreculturas\",\"url\":\"https:\\\/\\\/www.entreculturas.org\\\/ca\\\/\",\"logo\":{\"@type\":\"ImageObject\",\"inLanguage\":\"ca\",\"@id\":\"https:\\\/\\\/www.entreculturas.org\\\/ca\\\/#\\\/schema\\\/logo\\\/image\\\/\",\"url\":\"https:\\\/\\\/www.entreculturas.org\\\/wp-content\\\/uploads\\\/2025\\\/10\\\/ESP.svg\",\"contentUrl\":\"https:\\\/\\\/www.entreculturas.org\\\/wp-content\\\/uploads\\\/2025\\\/10\\\/ESP.svg\",\"caption\":\"Entreculturas\"},\"image\":{\"@id\":\"https:\\\/\\\/www.entreculturas.org\\\/ca\\\/#\\\/schema\\\/logo\\\/image\\\/\"},\"sameAs\":[\"https:\\\/\\\/www.facebook.com\\\/entreculturas\",\"https:\\\/\\\/x.com\\\/Entreculturas\",\"https:\\\/\\\/www.instagram.com\\\/entreculturas\\\/\",\"https:\\\/\\\/www.youtube.com\\\/user\\\/entreculturasvideo\",\"https:\\\/\\\/www.linkedin.com\\\/company\\\/fundacion-entreculturas-ngdo\\\/\",\"https:\\\/\\\/www.flickr.com\\\/photos\\\/98455522@N04\\\/albums\\\/\"]}]}<\/script>\n<!-- \/ Yoast SEO Premium plugin. -->","yoast_head_json":{"title":"Informe Anual 2015 - Entreculturas","robots":{"index":"index","follow":"follow","max-snippet":"max-snippet:-1","max-image-preview":"max-image-preview:large","max-video-preview":"max-video-preview:-1"},"canonical":"https:\/\/www.entreculturas.org\/ca\/publicacion\/informe-anual-2015\/","og_locale":"ca_ES","og_type":"article","og_title":"Informe Anual 2015","og_description":"Te presentamos nuestro Informe Anual 2015 con el que queremos mostrarte nuestro trabajo durante este a\u00f1o y explicarte con detalle el origen y destino de los fondos a trav\u00e9s de nuestras cuentas. Ha sido un a\u00f1o compartido con las 195.495 personas a las que hemos atendido, con los m\u00e1s de 2.700 j\u00f3venes que son parte de una nueva ciudadan\u00eda global, con los 825 centros educativos comprometidos con la justicia. Un a\u00f1o en el que hemos llevado a cabo 188 proyectos en \u00c1frica, Am\u00e9rica Latina, Asia y Europa, en el que hemos seguido defendiendo los derechos de los m\u00e1s vulnerables, en el que hemos trabajado por una educaci\u00f3n de calidad para todas las personas. Para celebrar lo logrado, para seguir so\u00f1ando y -como dice nuestra memoria- seguir atrevi\u00e9ndonos a dise\u00f1ar la utop\u00eda, os animamos a visitar nuestro Informe Anual 2015, compartirlo en vuestro entorno y disfrutar de un v\u00eddeo que nos [&hellip;]","og_url":"https:\/\/www.entreculturas.org\/ca\/publicacion\/informe-anual-2015\/","og_site_name":"Entreculturas","article_publisher":"https:\/\/www.facebook.com\/entreculturas","article_modified_time":"2024-03-25T15:48:36+00:00","og_image":[{"width":410,"height":286,"url":"https:\/\/www.entreculturas.org\/wp-content\/uploads\/2017\/07\/portada_memoria2015.jpg","type":"image\/jpeg"}],"twitter_card":"summary_large_image","twitter_site":"@Entreculturas","schema":{"@context":"https:\/\/schema.org","@graph":[{"@type":"WebPage","@id":"https:\/\/www.entreculturas.org\/ca\/publicacion\/informe-anual-2015\/","url":"https:\/\/www.entreculturas.org\/ca\/publicacion\/informe-anual-2015\/","name":"Informe Anual 2015 - Entreculturas","isPartOf":{"@id":"https:\/\/www.entreculturas.org\/ca\/#website"},"primaryImageOfPage":{"@id":"https:\/\/www.entreculturas.org\/ca\/publicacion\/informe-anual-2015\/#primaryimage"},"image":{"@id":"https:\/\/www.entreculturas.org\/ca\/publicacion\/informe-anual-2015\/#primaryimage"},"thumbnailUrl":"https:\/\/www.entreculturas.org\/wp-content\/uploads\/2017\/07\/portada_memoria2015.jpg","datePublished":"2016-09-26T08:03:27+00:00","dateModified":"2024-03-25T15:48:36+00:00","breadcrumb":{"@id":"https:\/\/www.entreculturas.org\/ca\/publicacion\/informe-anual-2015\/#breadcrumb"},"inLanguage":"ca","potentialAction":[{"@type":"ReadAction","target":["https:\/\/www.entreculturas.org\/ca\/publicacion\/informe-anual-2015\/"]}]},{"@type":"ImageObject","inLanguage":"ca","@id":"https:\/\/www.entreculturas.org\/ca\/publicacion\/informe-anual-2015\/#primaryimage","url":"https:\/\/www.entreculturas.org\/wp-content\/uploads\/2017\/07\/portada_memoria2015.jpg","contentUrl":"https:\/\/www.entreculturas.org\/wp-content\/uploads\/2017\/07\/portada_memoria2015.jpg","width":410,"height":286,"caption":"portada_memoria2015"},{"@type":"BreadcrumbList","@id":"https:\/\/www.entreculturas.org\/ca\/publicacion\/informe-anual-2015\/#breadcrumb","itemListElement":[{"@type":"ListItem","position":1,"name":"Home","item":"https:\/\/www.entreculturas.org\/ca\/"},{"@type":"ListItem","position":2,"name":"Publicaciones","item":"https:\/\/www.entreculturas.org\/ca\/publicaciones\/"},{"@type":"ListItem","position":3,"name":"Informe Anual 2015"}]},{"@type":"WebSite","@id":"https:\/\/www.entreculturas.org\/ca\/#website","url":"https:\/\/www.entreculturas.org\/ca\/","name":"Entreculturas","description":"","publisher":{"@id":"https:\/\/www.entreculturas.org\/ca\/#organization"},"alternateName":"Entreculturas","potentialAction":[{"@type":"SearchAction","target":{"@type":"EntryPoint","urlTemplate":"https:\/\/www.entreculturas.org\/ca\/?s={search_term_string}"},"query-input":{"@type":"PropertyValueSpecification","valueRequired":true,"valueName":"search_term_string"}}],"inLanguage":"ca"},{"@type":"Organization","@id":"https:\/\/www.entreculturas.org\/ca\/#organization","name":"Entreculturas","url":"https:\/\/www.entreculturas.org\/ca\/","logo":{"@type":"ImageObject","inLanguage":"ca","@id":"https:\/\/www.entreculturas.org\/ca\/#\/schema\/logo\/image\/","url":"https:\/\/www.entreculturas.org\/wp-content\/uploads\/2025\/10\/ESP.svg","contentUrl":"https:\/\/www.entreculturas.org\/wp-content\/uploads\/2025\/10\/ESP.svg","caption":"Entreculturas"},"image":{"@id":"https:\/\/www.entreculturas.org\/ca\/#\/schema\/logo\/image\/"},"sameAs":["https:\/\/www.facebook.com\/entreculturas","https:\/\/x.com\/Entreculturas","https:\/\/www.instagram.com\/entreculturas\/","https:\/\/www.youtube.com\/user\/entreculturasvideo","https:\/\/www.linkedin.com\/company\/fundacion-entreculturas-ngdo\/","https:\/\/www.flickr.com\/photos\/98455522@N04\/albums\/"]}]}},"_links":{"self":[{"href":"https:\/\/www.entreculturas.org\/ca\/wp-json\/wp\/v2\/publicacion\/4864","targetHints":{"allow":["GET"]}}],"collection":[{"href":"https:\/\/www.entreculturas.org\/ca\/wp-json\/wp\/v2\/publicacion"}],"about":[{"href":"https:\/\/www.entreculturas.org\/ca\/wp-json\/wp\/v2\/types\/publicacion"}],"wp:featuredmedia":[{"embeddable":true,"href":"https:\/\/www.entreculturas.org\/ca\/wp-json\/wp\/v2\/media\/4866"}],"wp:attachment":[{"href":"https:\/\/www.entreculturas.org\/ca\/wp-json\/wp\/v2\/media?parent=4864"}],"wp:term":[{"taxonomy":"category","embeddable":true,"href":"https:\/\/www.entreculturas.org\/ca\/wp-json\/wp\/v2\/categories?post=4864"},{"taxonomy":"post_tag","embeddable":true,"href":"https:\/\/www.entreculturas.org\/ca\/wp-json\/wp\/v2\/tags?post=4864"},{"taxonomy":"cause","embeddable":true,"href":"https:\/\/www.entreculturas.org\/ca\/wp-json\/wp\/v2\/cause?post=4864"},{"taxonomy":"format","embeddable":true,"href":"https:\/\/www.entreculturas.org\/ca\/wp-json\/wp\/v2\/format?post=4864"}],"curies":[{"name":"wp","href":"https:\/\/api.w.org\/{rel}","templated":true}]}}