{"id":4191,"date":"2015-05-27T12:09:53","date_gmt":"2015-05-27T12:09:53","guid":{"rendered":"https:\/\/entreculturasi.wpenginepowered.com\/?publicaciones=unesco-el-desarrollo-sostenible-comienza-por-la-educacion"},"modified":"2024-03-25T16:53:11","modified_gmt":"2024-03-25T15:53:11","slug":"unesco-el-desarrollo-sostenible-comienza-por-la-educacion","status":"publish","type":"publicacion","link":"https:\/\/www.entreculturas.org\/ca\/publicacion\/unesco-el-desarrollo-sostenible-comienza-por-la-educacion\/","title":{"rendered":"UNESCO: El desarrollo sostenible comienza por la educaci\u00f3n"},"content":{"rendered":"<p>Durante m\u00e1s de medio siglo, la comunidad internacional de naciones ha reconocido que la educaci\u00f3n es un derecho humano fundamental. En el a\u00f1o 2000, acord\u00f3 los Objetivos de Desarrollo del Milenio, en los que se se\u00f1ala la educaci\u00f3n como un medio indispensable para que las personas desarrollen su capacidad, y convirti\u00f3 en una prioridad la terminaci\u00f3n de un ciclo completo de ense\u00f1anza primaria.<br \/>Pese a la importancia fundamental de la educaci\u00f3n en los tratados, los pactos y los acuerdos, la comunidad internacional todav\u00eda ha de reconocer todas las posibilidades de la educaci\u00f3n como catalizador del desarrollo. Aunque, desde el a\u00f1o 2000, muchos gobiernos nacionales han aumentado su grado de compromiso con la educaci\u00f3n y el apoyo que le prestan, entre los donantes y en muchos pa\u00edses ese compromiso contin\u00faa vi\u00e9ndose afectado por los cambios en las condiciones imperantes, sean estas financieras o de otra \u00edndole. La inversi\u00f3n en educaci\u00f3n ha disminuido y va a la zaga de otros sectores del desarrollo.<\/p>\n<p>&nbsp;<\/p>\n<p>&nbsp;<\/p>\n","protected":false},"excerpt":{"rendered":"<p>Durante m\u00e1s de medio siglo, la comunidad internacional de naciones ha reconocido que la educaci\u00f3n es un derecho humano fundamental. En el a\u00f1o 2000, acord\u00f3 los Objetivos de Desarrollo del Milenio, en los que se se\u00f1ala la educaci\u00f3n como un medio indispensable para que las personas desarrollen su capacidad, y convirti\u00f3 en una prioridad la terminaci\u00f3n de un ciclo completo de ense\u00f1anza primaria.Pese a la importancia fundamental de la educaci\u00f3n en los tratados, los pactos y los acuerdos, la comunidad internacional todav\u00eda ha de reconocer todas las posibilidades de la educaci\u00f3n como catalizador del desarrollo. Aunque, desde el a\u00f1o 2000, muchos gobiernos nacionales han aumentado su grado de compromiso con la educaci\u00f3n y el apoyo que le prestan, entre los donantes y en muchos pa\u00edses ese compromiso contin\u00faa vi\u00e9ndose afectado por los cambios en las condiciones imperantes, sean estas financieras o de otra \u00edndole. La inversi\u00f3n en educaci\u00f3n ha disminuido [&hellip;]<\/p>\n","protected":false},"featured_media":4196,"template":"","format":[112],"categories":[16],"tags":[289],"cause":[],"class_list":["post-4191","publicacion","type-publicacion","status-publish","has-post-thumbnail","hentry","category-memorias","tag-educacion","format-estudios-e-informes"],"acf":[],"yoast_head":"<!-- This site is optimized with the Yoast SEO Premium plugin v21.6 (Yoast SEO v27.5) - https:\/\/yoast.com\/product\/yoast-seo-premium-wordpress\/ -->\n<title>UNESCO: El desarrollo sostenible comienza por la educaci\u00f3n - Entreculturas<\/title>\n<meta name=\"robots\" content=\"index, follow, max-snippet:-1, max-image-preview:large, max-video-preview:-1\" \/>\n<link rel=\"canonical\" href=\"https:\/\/www.entreculturas.org\/ca\/publicacion\/unesco-el-desarrollo-sostenible-comienza-por-la-educacion\/\" \/>\n<meta property=\"og:locale\" content=\"ca_ES\" \/>\n<meta property=\"og:type\" content=\"article\" \/>\n<meta property=\"og:title\" content=\"UNESCO: El desarrollo sostenible comienza por la educaci\u00f3n\" \/>\n<meta property=\"og:description\" content=\"Durante m\u00e1s de medio siglo, la comunidad internacional de naciones ha reconocido que la educaci\u00f3n es un derecho humano fundamental. En el a\u00f1o 2000, acord\u00f3 los Objetivos de Desarrollo del Milenio, en los que se se\u00f1ala la educaci\u00f3n como un medio indispensable para que las personas desarrollen su capacidad, y convirti\u00f3 en una prioridad la terminaci\u00f3n de un ciclo completo de ense\u00f1anza primaria.Pese a la importancia fundamental de la educaci\u00f3n en los tratados, los pactos y los acuerdos, la comunidad internacional todav\u00eda ha de reconocer todas las posibilidades de la educaci\u00f3n como catalizador del desarrollo. Aunque, desde el a\u00f1o 2000, muchos gobiernos nacionales han aumentado su grado de compromiso con la educaci\u00f3n y el apoyo que le prestan, entre los donantes y en muchos pa\u00edses ese compromiso contin\u00faa vi\u00e9ndose afectado por los cambios en las condiciones imperantes, sean estas financieras o de otra \u00edndole. La inversi\u00f3n en educaci\u00f3n ha disminuido [&hellip;]\" \/>\n<meta property=\"og:url\" content=\"https:\/\/www.entreculturas.org\/ca\/publicacion\/unesco-el-desarrollo-sostenible-comienza-por-la-educacion\/\" \/>\n<meta property=\"og:site_name\" content=\"Entreculturas\" \/>\n<meta property=\"article:publisher\" content=\"https:\/\/www.facebook.com\/entreculturas\" \/>\n<meta property=\"article:modified_time\" content=\"2024-03-25T15:53:11+00:00\" \/>\n<meta property=\"og:image\" content=\"https:\/\/www.entreculturas.org\/wp-content\/uploads\/2015\/05\/captura_de_pantalla_2015-05-28_07.36.09.png\" \/>\n\t<meta property=\"og:image:width\" content=\"398\" \/>\n\t<meta property=\"og:image:height\" content=\"560\" \/>\n\t<meta property=\"og:image:type\" content=\"image\/png\" \/>\n<meta name=\"twitter:card\" content=\"summary_large_image\" \/>\n<meta name=\"twitter:site\" content=\"@Entreculturas\" \/>\n<script type=\"application\/ld+json\" class=\"yoast-schema-graph\">{\"@context\":\"https:\\\/\\\/schema.org\",\"@graph\":[{\"@type\":\"WebPage\",\"@id\":\"https:\\\/\\\/www.entreculturas.org\\\/ca\\\/publicacion\\\/unesco-el-desarrollo-sostenible-comienza-por-la-educacion\\\/\",\"url\":\"https:\\\/\\\/www.entreculturas.org\\\/ca\\\/publicacion\\\/unesco-el-desarrollo-sostenible-comienza-por-la-educacion\\\/\",\"name\":\"UNESCO: El desarrollo sostenible comienza por la educaci\u00f3n - Entreculturas\",\"isPartOf\":{\"@id\":\"https:\\\/\\\/www.entreculturas.org\\\/ca\\\/#website\"},\"primaryImageOfPage\":{\"@id\":\"https:\\\/\\\/www.entreculturas.org\\\/ca\\\/publicacion\\\/unesco-el-desarrollo-sostenible-comienza-por-la-educacion\\\/#primaryimage\"},\"image\":{\"@id\":\"https:\\\/\\\/www.entreculturas.org\\\/ca\\\/publicacion\\\/unesco-el-desarrollo-sostenible-comienza-por-la-educacion\\\/#primaryimage\"},\"thumbnailUrl\":\"https:\\\/\\\/www.entreculturas.org\\\/wp-content\\\/uploads\\\/2015\\\/05\\\/captura_de_pantalla_2015-05-28_07.36.09.png\",\"datePublished\":\"2015-05-27T12:09:53+00:00\",\"dateModified\":\"2024-03-25T15:53:11+00:00\",\"breadcrumb\":{\"@id\":\"https:\\\/\\\/www.entreculturas.org\\\/ca\\\/publicacion\\\/unesco-el-desarrollo-sostenible-comienza-por-la-educacion\\\/#breadcrumb\"},\"inLanguage\":\"ca\",\"potentialAction\":[{\"@type\":\"ReadAction\",\"target\":[\"https:\\\/\\\/www.entreculturas.org\\\/ca\\\/publicacion\\\/unesco-el-desarrollo-sostenible-comienza-por-la-educacion\\\/\"]}]},{\"@type\":\"ImageObject\",\"inLanguage\":\"ca\",\"@id\":\"https:\\\/\\\/www.entreculturas.org\\\/ca\\\/publicacion\\\/unesco-el-desarrollo-sostenible-comienza-por-la-educacion\\\/#primaryimage\",\"url\":\"https:\\\/\\\/www.entreculturas.org\\\/wp-content\\\/uploads\\\/2015\\\/05\\\/captura_de_pantalla_2015-05-28_07.36.09.png\",\"contentUrl\":\"https:\\\/\\\/www.entreculturas.org\\\/wp-content\\\/uploads\\\/2015\\\/05\\\/captura_de_pantalla_2015-05-28_07.36.09.png\",\"width\":398,\"height\":560,\"caption\":\"captura_de_pantalla_2015-05-28_07\"},{\"@type\":\"BreadcrumbList\",\"@id\":\"https:\\\/\\\/www.entreculturas.org\\\/ca\\\/publicacion\\\/unesco-el-desarrollo-sostenible-comienza-por-la-educacion\\\/#breadcrumb\",\"itemListElement\":[{\"@type\":\"ListItem\",\"position\":1,\"name\":\"Home\",\"item\":\"https:\\\/\\\/www.entreculturas.org\\\/ca\\\/\"},{\"@type\":\"ListItem\",\"position\":2,\"name\":\"Publicaciones\",\"item\":\"https:\\\/\\\/www.entreculturas.org\\\/ca\\\/publicaciones\\\/\"},{\"@type\":\"ListItem\",\"position\":3,\"name\":\"UNESCO: El desarrollo sostenible comienza por la educaci\u00f3n\"}]},{\"@type\":\"WebSite\",\"@id\":\"https:\\\/\\\/www.entreculturas.org\\\/ca\\\/#website\",\"url\":\"https:\\\/\\\/www.entreculturas.org\\\/ca\\\/\",\"name\":\"Entreculturas\",\"description\":\"\",\"publisher\":{\"@id\":\"https:\\\/\\\/www.entreculturas.org\\\/ca\\\/#organization\"},\"alternateName\":\"Entreculturas\",\"potentialAction\":[{\"@type\":\"SearchAction\",\"target\":{\"@type\":\"EntryPoint\",\"urlTemplate\":\"https:\\\/\\\/www.entreculturas.org\\\/ca\\\/?s={search_term_string}\"},\"query-input\":{\"@type\":\"PropertyValueSpecification\",\"valueRequired\":true,\"valueName\":\"search_term_string\"}}],\"inLanguage\":\"ca\"},{\"@type\":\"Organization\",\"@id\":\"https:\\\/\\\/www.entreculturas.org\\\/ca\\\/#organization\",\"name\":\"Entreculturas\",\"url\":\"https:\\\/\\\/www.entreculturas.org\\\/ca\\\/\",\"logo\":{\"@type\":\"ImageObject\",\"inLanguage\":\"ca\",\"@id\":\"https:\\\/\\\/www.entreculturas.org\\\/ca\\\/#\\\/schema\\\/logo\\\/image\\\/\",\"url\":\"https:\\\/\\\/www.entreculturas.org\\\/wp-content\\\/uploads\\\/2025\\\/10\\\/ESP.svg\",\"contentUrl\":\"https:\\\/\\\/www.entreculturas.org\\\/wp-content\\\/uploads\\\/2025\\\/10\\\/ESP.svg\",\"caption\":\"Entreculturas\"},\"image\":{\"@id\":\"https:\\\/\\\/www.entreculturas.org\\\/ca\\\/#\\\/schema\\\/logo\\\/image\\\/\"},\"sameAs\":[\"https:\\\/\\\/www.facebook.com\\\/entreculturas\",\"https:\\\/\\\/x.com\\\/Entreculturas\",\"https:\\\/\\\/www.instagram.com\\\/entreculturas\\\/\",\"https:\\\/\\\/www.youtube.com\\\/user\\\/entreculturasvideo\",\"https:\\\/\\\/www.linkedin.com\\\/company\\\/fundacion-entreculturas-ngdo\\\/\",\"https:\\\/\\\/www.flickr.com\\\/photos\\\/98455522@N04\\\/albums\\\/\"]}]}<\/script>\n<!-- \/ Yoast SEO Premium plugin. -->","yoast_head_json":{"title":"UNESCO: El desarrollo sostenible comienza por la educaci\u00f3n - Entreculturas","robots":{"index":"index","follow":"follow","max-snippet":"max-snippet:-1","max-image-preview":"max-image-preview:large","max-video-preview":"max-video-preview:-1"},"canonical":"https:\/\/www.entreculturas.org\/ca\/publicacion\/unesco-el-desarrollo-sostenible-comienza-por-la-educacion\/","og_locale":"ca_ES","og_type":"article","og_title":"UNESCO: El desarrollo sostenible comienza por la educaci\u00f3n","og_description":"Durante m\u00e1s de medio siglo, la comunidad internacional de naciones ha reconocido que la educaci\u00f3n es un derecho humano fundamental. En el a\u00f1o 2000, acord\u00f3 los Objetivos de Desarrollo del Milenio, en los que se se\u00f1ala la educaci\u00f3n como un medio indispensable para que las personas desarrollen su capacidad, y convirti\u00f3 en una prioridad la terminaci\u00f3n de un ciclo completo de ense\u00f1anza primaria.Pese a la importancia fundamental de la educaci\u00f3n en los tratados, los pactos y los acuerdos, la comunidad internacional todav\u00eda ha de reconocer todas las posibilidades de la educaci\u00f3n como catalizador del desarrollo. Aunque, desde el a\u00f1o 2000, muchos gobiernos nacionales han aumentado su grado de compromiso con la educaci\u00f3n y el apoyo que le prestan, entre los donantes y en muchos pa\u00edses ese compromiso contin\u00faa vi\u00e9ndose afectado por los cambios en las condiciones imperantes, sean estas financieras o de otra \u00edndole. La inversi\u00f3n en educaci\u00f3n ha disminuido [&hellip;]","og_url":"https:\/\/www.entreculturas.org\/ca\/publicacion\/unesco-el-desarrollo-sostenible-comienza-por-la-educacion\/","og_site_name":"Entreculturas","article_publisher":"https:\/\/www.facebook.com\/entreculturas","article_modified_time":"2024-03-25T15:53:11+00:00","og_image":[{"width":398,"height":560,"url":"https:\/\/www.entreculturas.org\/wp-content\/uploads\/2015\/05\/captura_de_pantalla_2015-05-28_07.36.09.png","type":"image\/png"}],"twitter_card":"summary_large_image","twitter_site":"@Entreculturas","schema":{"@context":"https:\/\/schema.org","@graph":[{"@type":"WebPage","@id":"https:\/\/www.entreculturas.org\/ca\/publicacion\/unesco-el-desarrollo-sostenible-comienza-por-la-educacion\/","url":"https:\/\/www.entreculturas.org\/ca\/publicacion\/unesco-el-desarrollo-sostenible-comienza-por-la-educacion\/","name":"UNESCO: El desarrollo sostenible comienza por la educaci\u00f3n - Entreculturas","isPartOf":{"@id":"https:\/\/www.entreculturas.org\/ca\/#website"},"primaryImageOfPage":{"@id":"https:\/\/www.entreculturas.org\/ca\/publicacion\/unesco-el-desarrollo-sostenible-comienza-por-la-educacion\/#primaryimage"},"image":{"@id":"https:\/\/www.entreculturas.org\/ca\/publicacion\/unesco-el-desarrollo-sostenible-comienza-por-la-educacion\/#primaryimage"},"thumbnailUrl":"https:\/\/www.entreculturas.org\/wp-content\/uploads\/2015\/05\/captura_de_pantalla_2015-05-28_07.36.09.png","datePublished":"2015-05-27T12:09:53+00:00","dateModified":"2024-03-25T15:53:11+00:00","breadcrumb":{"@id":"https:\/\/www.entreculturas.org\/ca\/publicacion\/unesco-el-desarrollo-sostenible-comienza-por-la-educacion\/#breadcrumb"},"inLanguage":"ca","potentialAction":[{"@type":"ReadAction","target":["https:\/\/www.entreculturas.org\/ca\/publicacion\/unesco-el-desarrollo-sostenible-comienza-por-la-educacion\/"]}]},{"@type":"ImageObject","inLanguage":"ca","@id":"https:\/\/www.entreculturas.org\/ca\/publicacion\/unesco-el-desarrollo-sostenible-comienza-por-la-educacion\/#primaryimage","url":"https:\/\/www.entreculturas.org\/wp-content\/uploads\/2015\/05\/captura_de_pantalla_2015-05-28_07.36.09.png","contentUrl":"https:\/\/www.entreculturas.org\/wp-content\/uploads\/2015\/05\/captura_de_pantalla_2015-05-28_07.36.09.png","width":398,"height":560,"caption":"captura_de_pantalla_2015-05-28_07"},{"@type":"BreadcrumbList","@id":"https:\/\/www.entreculturas.org\/ca\/publicacion\/unesco-el-desarrollo-sostenible-comienza-por-la-educacion\/#breadcrumb","itemListElement":[{"@type":"ListItem","position":1,"name":"Home","item":"https:\/\/www.entreculturas.org\/ca\/"},{"@type":"ListItem","position":2,"name":"Publicaciones","item":"https:\/\/www.entreculturas.org\/ca\/publicaciones\/"},{"@type":"ListItem","position":3,"name":"UNESCO: El desarrollo sostenible comienza por la educaci\u00f3n"}]},{"@type":"WebSite","@id":"https:\/\/www.entreculturas.org\/ca\/#website","url":"https:\/\/www.entreculturas.org\/ca\/","name":"Entreculturas","description":"","publisher":{"@id":"https:\/\/www.entreculturas.org\/ca\/#organization"},"alternateName":"Entreculturas","potentialAction":[{"@type":"SearchAction","target":{"@type":"EntryPoint","urlTemplate":"https:\/\/www.entreculturas.org\/ca\/?s={search_term_string}"},"query-input":{"@type":"PropertyValueSpecification","valueRequired":true,"valueName":"search_term_string"}}],"inLanguage":"ca"},{"@type":"Organization","@id":"https:\/\/www.entreculturas.org\/ca\/#organization","name":"Entreculturas","url":"https:\/\/www.entreculturas.org\/ca\/","logo":{"@type":"ImageObject","inLanguage":"ca","@id":"https:\/\/www.entreculturas.org\/ca\/#\/schema\/logo\/image\/","url":"https:\/\/www.entreculturas.org\/wp-content\/uploads\/2025\/10\/ESP.svg","contentUrl":"https:\/\/www.entreculturas.org\/wp-content\/uploads\/2025\/10\/ESP.svg","caption":"Entreculturas"},"image":{"@id":"https:\/\/www.entreculturas.org\/ca\/#\/schema\/logo\/image\/"},"sameAs":["https:\/\/www.facebook.com\/entreculturas","https:\/\/x.com\/Entreculturas","https:\/\/www.instagram.com\/entreculturas\/","https:\/\/www.youtube.com\/user\/entreculturasvideo","https:\/\/www.linkedin.com\/company\/fundacion-entreculturas-ngdo\/","https:\/\/www.flickr.com\/photos\/98455522@N04\/albums\/"]}]}},"_links":{"self":[{"href":"https:\/\/www.entreculturas.org\/ca\/wp-json\/wp\/v2\/publicacion\/4191","targetHints":{"allow":["GET"]}}],"collection":[{"href":"https:\/\/www.entreculturas.org\/ca\/wp-json\/wp\/v2\/publicacion"}],"about":[{"href":"https:\/\/www.entreculturas.org\/ca\/wp-json\/wp\/v2\/types\/publicacion"}],"wp:featuredmedia":[{"embeddable":true,"href":"https:\/\/www.entreculturas.org\/ca\/wp-json\/wp\/v2\/media\/4196"}],"wp:attachment":[{"href":"https:\/\/www.entreculturas.org\/ca\/wp-json\/wp\/v2\/media?parent=4191"}],"wp:term":[{"taxonomy":"category","embeddable":true,"href":"https:\/\/www.entreculturas.org\/ca\/wp-json\/wp\/v2\/categories?post=4191"},{"taxonomy":"post_tag","embeddable":true,"href":"https:\/\/www.entreculturas.org\/ca\/wp-json\/wp\/v2\/tags?post=4191"},{"taxonomy":"cause","embeddable":true,"href":"https:\/\/www.entreculturas.org\/ca\/wp-json\/wp\/v2\/cause?post=4191"},{"taxonomy":"format","embeddable":true,"href":"https:\/\/www.entreculturas.org\/ca\/wp-json\/wp\/v2\/format?post=4191"}],"curies":[{"name":"wp","href":"https:\/\/api.w.org\/{rel}","templated":true}]}}