{"id":3989,"date":"2013-05-27T12:09:53","date_gmt":"2013-05-27T12:09:53","guid":{"rendered":"https:\/\/entreculturasi.wpenginepowered.com\/?publicaciones=derecho_a_aprender_calidad_transformadora"},"modified":"2024-03-20T13:27:17","modified_gmt":"2024-03-20T12:27:17","slug":"derecho_a_aprender_calidad_transformadora","status":"publish","type":"publicacion","link":"https:\/\/www.entreculturas.org\/ca\/publicacion\/derecho_a_aprender_calidad_transformadora\/","title":{"rendered":"Derecho a aprender: educaci\u00f3n de calidad, educaci\u00f3n transformadora"},"content":{"rendered":"<p>Como parte de nuestro trabajo de incidencia pol\u00edtica y de divulgaci\u00f3n social, desde Entreculturas presentamos el informe &#8220;Derecho a aprender: educaci\u00f3n de calidad, educaci\u00f3n transformadora&#8221; en el que proponemos una aproximaci\u00f3n integral al concepto de <strong>calidad educativa<\/strong>, entendiendo que debe abarcar aspectos emocionales, racionales y pr\u00e1cticos, as\u00ed como contemplar la equidad y la participaci\u00f3n. Hablamos tambi\u00e9n sobre c\u00f3mo se mide la calidad educativa y qu\u00e9 limitaciones, potencialidades y retos presenta este tipo de procesos. Todo ello ilustrado con tres estudios de caso (tres muestras representativas de nuestro trabajo), con los que buscamos ejemplificar toda la teor\u00eda expuesta: la experiencia educativa de los colegios La Paz (Albacete) y Padre Piquer (Madrid); el programa de formaci\u00f3n docente del centro Padre Joaqu\u00edn en Venezuela; y la implantaci\u00f3n del sistema de mejora de la calidad educativa por parte de Fe y Alegr\u00eda en un centro educativo de Colombia.<\/p>\n<p>&nbsp;<\/p>\n\n\n<div class=\"wp-block-buttons is-layout-flex wp-block-buttons-is-layout-flex\">\n<div class=\"wp-block-button\"><a class=\"wp-block-button__link wp-element-button\" href=\"https:\/\/www.entreculturas.org\/wp-content\/uploads\/2024\/03\/derechoaaprender.pdf\" target=\"_blank\" rel=\"noreferrer noopener\">DESCARGAR<\/a><\/div>\n<\/div>\n","protected":false},"excerpt":{"rendered":"<p>Como parte de nuestro trabajo de incidencia pol\u00edtica y de divulgaci\u00f3n social, desde Entreculturas presentamos el informe &#8220;Derecho a aprender: educaci\u00f3n de calidad, educaci\u00f3n transformadora&#8221; en el que proponemos una aproximaci\u00f3n integral al concepto de calidad educativa, entendiendo que debe abarcar aspectos emocionales, racionales y pr\u00e1cticos, as\u00ed como contemplar la equidad y la participaci\u00f3n. Hablamos tambi\u00e9n sobre c\u00f3mo se mide la calidad educativa y qu\u00e9 limitaciones, potencialidades y retos presenta este tipo de procesos. Todo ello ilustrado con tres estudios de caso (tres muestras representativas de nuestro trabajo), con los que buscamos ejemplificar toda la teor\u00eda expuesta: la experiencia educativa de los colegios La Paz (Albacete) y Padre Piquer (Madrid); el programa de formaci\u00f3n docente del centro Padre Joaqu\u00edn en Venezuela; y la implantaci\u00f3n del sistema de mejora de la calidad educativa por parte de Fe y Alegr\u00eda en un centro educativo de Colombia. &nbsp;<\/p>\n","protected":false},"featured_media":3999,"template":"","format":[112],"categories":[18],"tags":[289],"cause":[128],"class_list":["post-3989","publicacion","type-publicacion","status-publish","has-post-thumbnail","hentry","category-estudios","tag-educacion","cause-educacion","format-estudios-e-informes"],"acf":[],"yoast_head":"<!-- This site is optimized with the Yoast SEO Premium plugin v21.6 (Yoast SEO v27.5) - https:\/\/yoast.com\/product\/yoast-seo-premium-wordpress\/ -->\n<title>Derecho a aprender: educaci\u00f3n de calidad, educaci\u00f3n transformadora - Entreculturas<\/title>\n<meta name=\"robots\" content=\"index, follow, max-snippet:-1, max-image-preview:large, max-video-preview:-1\" \/>\n<link rel=\"canonical\" href=\"https:\/\/www.entreculturas.org\/ca\/publicacion\/derecho_a_aprender_calidad_transformadora\/\" \/>\n<meta property=\"og:locale\" content=\"ca_ES\" \/>\n<meta property=\"og:type\" content=\"article\" \/>\n<meta property=\"og:title\" content=\"Derecho a aprender: educaci\u00f3n de calidad, educaci\u00f3n transformadora\" \/>\n<meta property=\"og:description\" content=\"Como parte de nuestro trabajo de incidencia pol\u00edtica y de divulgaci\u00f3n social, desde Entreculturas presentamos el informe &#8220;Derecho a aprender: educaci\u00f3n de calidad, educaci\u00f3n transformadora&#8221; en el que proponemos una aproximaci\u00f3n integral al concepto de calidad educativa, entendiendo que debe abarcar aspectos emocionales, racionales y pr\u00e1cticos, as\u00ed como contemplar la equidad y la participaci\u00f3n. Hablamos tambi\u00e9n sobre c\u00f3mo se mide la calidad educativa y qu\u00e9 limitaciones, potencialidades y retos presenta este tipo de procesos. Todo ello ilustrado con tres estudios de caso (tres muestras representativas de nuestro trabajo), con los que buscamos ejemplificar toda la teor\u00eda expuesta: la experiencia educativa de los colegios La Paz (Albacete) y Padre Piquer (Madrid); el programa de formaci\u00f3n docente del centro Padre Joaqu\u00edn en Venezuela; y la implantaci\u00f3n del sistema de mejora de la calidad educativa por parte de Fe y Alegr\u00eda en un centro educativo de Colombia. &nbsp;\" \/>\n<meta property=\"og:url\" content=\"https:\/\/www.entreculturas.org\/ca\/publicacion\/derecho_a_aprender_calidad_transformadora\/\" \/>\n<meta property=\"og:site_name\" content=\"Entreculturas\" \/>\n<meta property=\"article:publisher\" content=\"https:\/\/www.facebook.com\/entreculturas\" \/>\n<meta property=\"article:modified_time\" content=\"2024-03-20T12:27:17+00:00\" \/>\n<meta property=\"og:image\" content=\"https:\/\/www.entreculturas.org\/wp-content\/uploads\/2015\/05\/captura_de_pantalla_2015-05-31_09.13.12.png\" \/>\n\t<meta property=\"og:image:width\" content=\"339\" \/>\n\t<meta property=\"og:image:height\" content=\"442\" \/>\n\t<meta property=\"og:image:type\" content=\"image\/png\" \/>\n<meta name=\"twitter:card\" content=\"summary_large_image\" \/>\n<meta name=\"twitter:site\" content=\"@Entreculturas\" \/>\n<script type=\"application\/ld+json\" class=\"yoast-schema-graph\">{\"@context\":\"https:\\\/\\\/schema.org\",\"@graph\":[{\"@type\":\"WebPage\",\"@id\":\"https:\\\/\\\/www.entreculturas.org\\\/ca\\\/publicacion\\\/derecho_a_aprender_calidad_transformadora\\\/\",\"url\":\"https:\\\/\\\/www.entreculturas.org\\\/ca\\\/publicacion\\\/derecho_a_aprender_calidad_transformadora\\\/\",\"name\":\"Derecho a aprender: educaci\u00f3n de calidad, educaci\u00f3n transformadora - Entreculturas\",\"isPartOf\":{\"@id\":\"https:\\\/\\\/www.entreculturas.org\\\/ca\\\/#website\"},\"primaryImageOfPage\":{\"@id\":\"https:\\\/\\\/www.entreculturas.org\\\/ca\\\/publicacion\\\/derecho_a_aprender_calidad_transformadora\\\/#primaryimage\"},\"image\":{\"@id\":\"https:\\\/\\\/www.entreculturas.org\\\/ca\\\/publicacion\\\/derecho_a_aprender_calidad_transformadora\\\/#primaryimage\"},\"thumbnailUrl\":\"https:\\\/\\\/www.entreculturas.org\\\/wp-content\\\/uploads\\\/2015\\\/05\\\/captura_de_pantalla_2015-05-31_09.13.12.png\",\"datePublished\":\"2013-05-27T12:09:53+00:00\",\"dateModified\":\"2024-03-20T12:27:17+00:00\",\"breadcrumb\":{\"@id\":\"https:\\\/\\\/www.entreculturas.org\\\/ca\\\/publicacion\\\/derecho_a_aprender_calidad_transformadora\\\/#breadcrumb\"},\"inLanguage\":\"ca\",\"potentialAction\":[{\"@type\":\"ReadAction\",\"target\":[\"https:\\\/\\\/www.entreculturas.org\\\/ca\\\/publicacion\\\/derecho_a_aprender_calidad_transformadora\\\/\"]}]},{\"@type\":\"ImageObject\",\"inLanguage\":\"ca\",\"@id\":\"https:\\\/\\\/www.entreculturas.org\\\/ca\\\/publicacion\\\/derecho_a_aprender_calidad_transformadora\\\/#primaryimage\",\"url\":\"https:\\\/\\\/www.entreculturas.org\\\/wp-content\\\/uploads\\\/2015\\\/05\\\/captura_de_pantalla_2015-05-31_09.13.12.png\",\"contentUrl\":\"https:\\\/\\\/www.entreculturas.org\\\/wp-content\\\/uploads\\\/2015\\\/05\\\/captura_de_pantalla_2015-05-31_09.13.12.png\",\"width\":339,\"height\":442,\"caption\":\"captura_de_pantalla_2015-05-31_09\"},{\"@type\":\"BreadcrumbList\",\"@id\":\"https:\\\/\\\/www.entreculturas.org\\\/ca\\\/publicacion\\\/derecho_a_aprender_calidad_transformadora\\\/#breadcrumb\",\"itemListElement\":[{\"@type\":\"ListItem\",\"position\":1,\"name\":\"Home\",\"item\":\"https:\\\/\\\/www.entreculturas.org\\\/ca\\\/\"},{\"@type\":\"ListItem\",\"position\":2,\"name\":\"Publicaciones\",\"item\":\"https:\\\/\\\/www.entreculturas.org\\\/ca\\\/publicaciones\\\/\"},{\"@type\":\"ListItem\",\"position\":3,\"name\":\"Derecho a aprender: educaci\u00f3n de calidad, educaci\u00f3n transformadora\"}]},{\"@type\":\"WebSite\",\"@id\":\"https:\\\/\\\/www.entreculturas.org\\\/ca\\\/#website\",\"url\":\"https:\\\/\\\/www.entreculturas.org\\\/ca\\\/\",\"name\":\"Entreculturas\",\"description\":\"\",\"publisher\":{\"@id\":\"https:\\\/\\\/www.entreculturas.org\\\/ca\\\/#organization\"},\"alternateName\":\"Entreculturas\",\"potentialAction\":[{\"@type\":\"SearchAction\",\"target\":{\"@type\":\"EntryPoint\",\"urlTemplate\":\"https:\\\/\\\/www.entreculturas.org\\\/ca\\\/?s={search_term_string}\"},\"query-input\":{\"@type\":\"PropertyValueSpecification\",\"valueRequired\":true,\"valueName\":\"search_term_string\"}}],\"inLanguage\":\"ca\"},{\"@type\":\"Organization\",\"@id\":\"https:\\\/\\\/www.entreculturas.org\\\/ca\\\/#organization\",\"name\":\"Entreculturas\",\"url\":\"https:\\\/\\\/www.entreculturas.org\\\/ca\\\/\",\"logo\":{\"@type\":\"ImageObject\",\"inLanguage\":\"ca\",\"@id\":\"https:\\\/\\\/www.entreculturas.org\\\/ca\\\/#\\\/schema\\\/logo\\\/image\\\/\",\"url\":\"https:\\\/\\\/www.entreculturas.org\\\/wp-content\\\/uploads\\\/2025\\\/10\\\/ESP.svg\",\"contentUrl\":\"https:\\\/\\\/www.entreculturas.org\\\/wp-content\\\/uploads\\\/2025\\\/10\\\/ESP.svg\",\"caption\":\"Entreculturas\"},\"image\":{\"@id\":\"https:\\\/\\\/www.entreculturas.org\\\/ca\\\/#\\\/schema\\\/logo\\\/image\\\/\"},\"sameAs\":[\"https:\\\/\\\/www.facebook.com\\\/entreculturas\",\"https:\\\/\\\/x.com\\\/Entreculturas\",\"https:\\\/\\\/www.instagram.com\\\/entreculturas\\\/\",\"https:\\\/\\\/www.youtube.com\\\/user\\\/entreculturasvideo\",\"https:\\\/\\\/www.linkedin.com\\\/company\\\/fundacion-entreculturas-ngdo\\\/\",\"https:\\\/\\\/www.flickr.com\\\/photos\\\/98455522@N04\\\/albums\\\/\"]}]}<\/script>\n<!-- \/ Yoast SEO Premium plugin. -->","yoast_head_json":{"title":"Derecho a aprender: educaci\u00f3n de calidad, educaci\u00f3n transformadora - Entreculturas","robots":{"index":"index","follow":"follow","max-snippet":"max-snippet:-1","max-image-preview":"max-image-preview:large","max-video-preview":"max-video-preview:-1"},"canonical":"https:\/\/www.entreculturas.org\/ca\/publicacion\/derecho_a_aprender_calidad_transformadora\/","og_locale":"ca_ES","og_type":"article","og_title":"Derecho a aprender: educaci\u00f3n de calidad, educaci\u00f3n transformadora","og_description":"Como parte de nuestro trabajo de incidencia pol\u00edtica y de divulgaci\u00f3n social, desde Entreculturas presentamos el informe &#8220;Derecho a aprender: educaci\u00f3n de calidad, educaci\u00f3n transformadora&#8221; en el que proponemos una aproximaci\u00f3n integral al concepto de calidad educativa, entendiendo que debe abarcar aspectos emocionales, racionales y pr\u00e1cticos, as\u00ed como contemplar la equidad y la participaci\u00f3n. Hablamos tambi\u00e9n sobre c\u00f3mo se mide la calidad educativa y qu\u00e9 limitaciones, potencialidades y retos presenta este tipo de procesos. Todo ello ilustrado con tres estudios de caso (tres muestras representativas de nuestro trabajo), con los que buscamos ejemplificar toda la teor\u00eda expuesta: la experiencia educativa de los colegios La Paz (Albacete) y Padre Piquer (Madrid); el programa de formaci\u00f3n docente del centro Padre Joaqu\u00edn en Venezuela; y la implantaci\u00f3n del sistema de mejora de la calidad educativa por parte de Fe y Alegr\u00eda en un centro educativo de Colombia. &nbsp;","og_url":"https:\/\/www.entreculturas.org\/ca\/publicacion\/derecho_a_aprender_calidad_transformadora\/","og_site_name":"Entreculturas","article_publisher":"https:\/\/www.facebook.com\/entreculturas","article_modified_time":"2024-03-20T12:27:17+00:00","og_image":[{"width":339,"height":442,"url":"https:\/\/www.entreculturas.org\/wp-content\/uploads\/2015\/05\/captura_de_pantalla_2015-05-31_09.13.12.png","type":"image\/png"}],"twitter_card":"summary_large_image","twitter_site":"@Entreculturas","schema":{"@context":"https:\/\/schema.org","@graph":[{"@type":"WebPage","@id":"https:\/\/www.entreculturas.org\/ca\/publicacion\/derecho_a_aprender_calidad_transformadora\/","url":"https:\/\/www.entreculturas.org\/ca\/publicacion\/derecho_a_aprender_calidad_transformadora\/","name":"Derecho a aprender: educaci\u00f3n de calidad, educaci\u00f3n transformadora - Entreculturas","isPartOf":{"@id":"https:\/\/www.entreculturas.org\/ca\/#website"},"primaryImageOfPage":{"@id":"https:\/\/www.entreculturas.org\/ca\/publicacion\/derecho_a_aprender_calidad_transformadora\/#primaryimage"},"image":{"@id":"https:\/\/www.entreculturas.org\/ca\/publicacion\/derecho_a_aprender_calidad_transformadora\/#primaryimage"},"thumbnailUrl":"https:\/\/www.entreculturas.org\/wp-content\/uploads\/2015\/05\/captura_de_pantalla_2015-05-31_09.13.12.png","datePublished":"2013-05-27T12:09:53+00:00","dateModified":"2024-03-20T12:27:17+00:00","breadcrumb":{"@id":"https:\/\/www.entreculturas.org\/ca\/publicacion\/derecho_a_aprender_calidad_transformadora\/#breadcrumb"},"inLanguage":"ca","potentialAction":[{"@type":"ReadAction","target":["https:\/\/www.entreculturas.org\/ca\/publicacion\/derecho_a_aprender_calidad_transformadora\/"]}]},{"@type":"ImageObject","inLanguage":"ca","@id":"https:\/\/www.entreculturas.org\/ca\/publicacion\/derecho_a_aprender_calidad_transformadora\/#primaryimage","url":"https:\/\/www.entreculturas.org\/wp-content\/uploads\/2015\/05\/captura_de_pantalla_2015-05-31_09.13.12.png","contentUrl":"https:\/\/www.entreculturas.org\/wp-content\/uploads\/2015\/05\/captura_de_pantalla_2015-05-31_09.13.12.png","width":339,"height":442,"caption":"captura_de_pantalla_2015-05-31_09"},{"@type":"BreadcrumbList","@id":"https:\/\/www.entreculturas.org\/ca\/publicacion\/derecho_a_aprender_calidad_transformadora\/#breadcrumb","itemListElement":[{"@type":"ListItem","position":1,"name":"Home","item":"https:\/\/www.entreculturas.org\/ca\/"},{"@type":"ListItem","position":2,"name":"Publicaciones","item":"https:\/\/www.entreculturas.org\/ca\/publicaciones\/"},{"@type":"ListItem","position":3,"name":"Derecho a aprender: educaci\u00f3n de calidad, educaci\u00f3n transformadora"}]},{"@type":"WebSite","@id":"https:\/\/www.entreculturas.org\/ca\/#website","url":"https:\/\/www.entreculturas.org\/ca\/","name":"Entreculturas","description":"","publisher":{"@id":"https:\/\/www.entreculturas.org\/ca\/#organization"},"alternateName":"Entreculturas","potentialAction":[{"@type":"SearchAction","target":{"@type":"EntryPoint","urlTemplate":"https:\/\/www.entreculturas.org\/ca\/?s={search_term_string}"},"query-input":{"@type":"PropertyValueSpecification","valueRequired":true,"valueName":"search_term_string"}}],"inLanguage":"ca"},{"@type":"Organization","@id":"https:\/\/www.entreculturas.org\/ca\/#organization","name":"Entreculturas","url":"https:\/\/www.entreculturas.org\/ca\/","logo":{"@type":"ImageObject","inLanguage":"ca","@id":"https:\/\/www.entreculturas.org\/ca\/#\/schema\/logo\/image\/","url":"https:\/\/www.entreculturas.org\/wp-content\/uploads\/2025\/10\/ESP.svg","contentUrl":"https:\/\/www.entreculturas.org\/wp-content\/uploads\/2025\/10\/ESP.svg","caption":"Entreculturas"},"image":{"@id":"https:\/\/www.entreculturas.org\/ca\/#\/schema\/logo\/image\/"},"sameAs":["https:\/\/www.facebook.com\/entreculturas","https:\/\/x.com\/Entreculturas","https:\/\/www.instagram.com\/entreculturas\/","https:\/\/www.youtube.com\/user\/entreculturasvideo","https:\/\/www.linkedin.com\/company\/fundacion-entreculturas-ngdo\/","https:\/\/www.flickr.com\/photos\/98455522@N04\/albums\/"]}]}},"_links":{"self":[{"href":"https:\/\/www.entreculturas.org\/ca\/wp-json\/wp\/v2\/publicacion\/3989","targetHints":{"allow":["GET"]}}],"collection":[{"href":"https:\/\/www.entreculturas.org\/ca\/wp-json\/wp\/v2\/publicacion"}],"about":[{"href":"https:\/\/www.entreculturas.org\/ca\/wp-json\/wp\/v2\/types\/publicacion"}],"wp:featuredmedia":[{"embeddable":true,"href":"https:\/\/www.entreculturas.org\/ca\/wp-json\/wp\/v2\/media\/3999"}],"wp:attachment":[{"href":"https:\/\/www.entreculturas.org\/ca\/wp-json\/wp\/v2\/media?parent=3989"}],"wp:term":[{"taxonomy":"category","embeddable":true,"href":"https:\/\/www.entreculturas.org\/ca\/wp-json\/wp\/v2\/categories?post=3989"},{"taxonomy":"post_tag","embeddable":true,"href":"https:\/\/www.entreculturas.org\/ca\/wp-json\/wp\/v2\/tags?post=3989"},{"taxonomy":"cause","embeddable":true,"href":"https:\/\/www.entreculturas.org\/ca\/wp-json\/wp\/v2\/cause?post=3989"},{"taxonomy":"format","embeddable":true,"href":"https:\/\/www.entreculturas.org\/ca\/wp-json\/wp\/v2\/format?post=3989"}],"curies":[{"name":"wp","href":"https:\/\/api.w.org\/{rel}","templated":true}]}}