{"id":9450,"date":"2023-11-23T13:16:29","date_gmt":"2023-11-23T12:16:29","guid":{"rendered":"https:\/\/www.entreculturas.org\/noticia\/rozalen-los-viajes-con-entreculturas-son-un-cable-tierra-me-inspiran-para-cantar-conocer-y\/"},"modified":"2024-11-08T16:41:09","modified_gmt":"2024-11-08T15:41:09","slug":"julia-navarro-rozalen-podcast-ong-entreculturas","status":"publish","type":"podcast","link":"https:\/\/www.entreculturas.org\/ca\/podcast\/julia-navarro-rozalen-podcast-ong-entreculturas\/","title":{"rendered":"Rozal\u00e9n: &#8220;Los viajes con Entreculturas son un cable a tierra, me inspiran para cantar, conocer y entender el mundo&#8221;"},"content":{"rendered":"\n<p>Esta semana, con motivo del reciente D\u00eda Internacional de la M\u00fasica, <strong>la escritora Julia Navarro cuenta en el estudio con una invitada muy especial, la <\/strong><a href=\"https:\/\/www.rozalen.org\/\">cantautora <\/a><strong>Rozal\u00e9n<\/strong>. La activista social y ganadora de un premio Goya a la mejor canci\u00f3n original en 2021 vuelve a los micr\u00f3fonos de <a href=\"https:\/\/www.entreculturas.org\/podcast\/\">Voces por una Causa<\/a> un a\u00f1o despu\u00e9s para hablar sobre su <a href=\"https:\/\/www.entreculturas.org\/es\/viajamos-a-colombia-con-rozalen\">viaje a Colombia de la mano de Entreculturas<\/a>, donde pudo experimentar en primera persona el papel crucial que juega la educaci\u00f3n para la construcci\u00f3n de la paz y el empoderamiento de la mujer en contextos rurales del pa\u00eds.<\/p>\n\n\n\n<p>En este cap\u00edtulo de nuestro podcast, Rozal\u00e9n nos cuenta c\u00f3mo <strong>el compromiso social ha formado parte de ella durante toda la vida<\/strong> y c\u00f3mo le asombra que se destaque o se aplauda que su m\u00fasica la tenga: \u201cMi primera canci\u00f3n, &#8216;Dorada perfecci\u00f3n&#8217;, ya hablaba sobre migraci\u00f3n. La escrib\u00ed cuando ten\u00eda 14 a\u00f1os despu\u00e9s de ver una noticia sobre la muerte de una mujer y su beb\u00e9 mientras intentaba llegar a Espa\u00f1a en patera. Cuando la vi, no entend\u00ed c\u00f3mo pod\u00eda ocurrir algo as\u00ed, y la canci\u00f3n habla sobre eso. \u2018Dorada perfecci\u00f3n\u2019 es la playa, c\u00f3mo yo imagin\u00e9 que esta mujer so\u00f1aba la meta, la playa\u201d.<\/p>\n\n\n\n<h2 class=\"wp-block-heading\" id=\"h-como-fue-el-viaje-de-rozalen-con-entreculturas-a-colombia\"><strong>\u00bfC\u00f3mo fue el viaje de Rozal\u00e9n con Entreculturas<\/strong> <strong>a Colombia<\/strong>?<\/h2>\n\n\n\n<p>Julia Navarro y Rozal\u00e9n conversan sobre el proceso de creaci\u00f3n de sus canciones y d\u00f3nde encuentra la inspiraci\u00f3n.<strong> \u201cYo tengo vivir para cantar. Es al vivir cuando de verdad encuentro la inspiraci\u00f3n, al tener cosas que contar\u201d<\/strong>, relata la cantautora, para despu\u00e9s se\u00f1alar que \u201cpara hablar de cualquier \u00e1mbito es importante ponerle un rostro y un nombre\u201d. Es por este motivo por el que le gustan las historias personales, ya que \u201cgeneran empat\u00eda y emoci\u00f3n, y ponen a la otra persona a pensar\u201d, lo que ha pasado con los diversos temas sociales que ha tocado en sus canciones, como la violencia machista, la memoria hist\u00f3rica o el c\u00e1ncer.<\/p>\n\n\n\n<p>Rozal\u00e9n tambi\u00e9n nos habla del viaje que realiz\u00f3 a Colombia con Beatriz Romero junto a Entreculturas: \u201cHa sido de los m\u00e1s potentes porque hemos tocado en primera persona el tema del conflicto\u201d. Un recorrido que le ha permitido conocer diferentes lugares, como la ciudad de Guapi, donde los efectos del conflicto armado todav\u00eda son muy palpables y los j\u00f3venes no cuentan sus duras historias de vida, pero s\u00ed las cantan. Experiencias como estas, se\u00f1ala Rozal\u00e9n, hacen que <strong>\u201clos viajes con Entreculturas sean un cable a tierra<\/strong> y una inspiraci\u00f3n para cantar, para conocer y entender el mundo\u201d.<\/p>\n\n\n\n<p>Adem\u00e1s, Rozal\u00e9n tambi\u00e9n describe c\u00f3mo en sus viajes con Entreculturas ha podido ver de primera mano la \u201cdiscriminaci\u00f3n m\u00faltiple\u201d que sufre las mujeres en las diferentes sociedades. En sus propias palabras, <strong>\u201cen todos estos pa\u00edses las mujeres han sido muy generosas conmigo<\/strong>, porque se han abierto de una manera sorprendente. Por ejemplo, a trav\u00e9s de &#8216;La Puerta Violeta&#8217; o de otras canciones que hablan de mujeres nos contaban su realidad, algo que necesitaban\u201d.<\/p>\n\n\n\n<h2 class=\"wp-block-heading\" id=\"h-que-es-voces-por-una-causa-con-julia-navarro\"><strong>\u00bfQu\u00e9 es \u2018Voces por una Causa\u2019 con Julia Navarro?<\/strong><\/h2>\n\n\n\n<p><strong>Julia Navarro<\/strong> presenta <a href=\"https:\/\/www.entreculturas.org\/podcast\/\"><strong>\u2018Voces por una causa\u2019<\/strong><\/a><strong>, el podcast semanal de la <a href=\"https:\/\/www.entreculturas.org\/\">ONG Entreculturas<\/a><\/strong>, que explora cuestiones sociales, medioambientales y culturales a trav\u00e9s de testimonios en primera persona. Una herramienta clave para abrir una ventana al exterior y reflexionar sobre distintas realidades y causas en las que trabajamos. Los episiodios se emiten todos los jueves en nuestro canal de <a href=\"https:\/\/www.youtube.com\/c\/EntreculturasOrg915902672\">Youtube<\/a> y en <a href=\"https:\/\/open.spotify.com\/show\/6dS5JsqnsWrnHL1gwead1A\">Spotify<\/a>, <a href=\"https:\/\/www.ivoox.com\/perfil-entreculturas_a8_listener_28185270_1.html\">Ivoox<\/a>, <a href=\"https:\/\/podcasts.apple.com\/us\/podcast\/entreculturas-voces-por-una-causa\/id1621485462\">Apple Podcast<\/a>, <a href=\"https:\/\/podimo.com\/es\/shows\/entreculturas-voces-por-una-causa-con-julia-navarro?creatorId=9d7acb87-3185-42e2-8e0d-d8a733650cf9&amp;key=k0nZQy0YGdln&amp;source=ln&amp;from=studio\">Podimo<\/a> y <a href=\"https:\/\/music.amazon.es\/podcasts\/f28b0659-f803-491d-829d-cadf44ea0155\/voces-por-una-causa-con-julia-navarro\">Amazon Music<\/a>.<\/p>\n\n\n\n<iframe style=\"border-radius:12px\" src=\"https:\/\/open.spotify.com\/embed\/episode\/537ppHLMAoZ7FgEBz9IZcT?utm_source=generator\" width=\"100%\" height=\"352\" frameBorder=\"0\" allowfullscreen=\"\" allow=\"autoplay; clipboard-write; encrypted-media; fullscreen; picture-in-picture\" loading=\"lazy\"><\/iframe>\n","protected":false},"excerpt":{"rendered":"<p>Esta semana, con motivo del reciente D\u00eda Internacional de la M\u00fasica, la escritora Julia Navarro cuenta en el estudio con una invitada muy especial, la cantautora Rozal\u00e9n. La activista social y ganadora de un premio Goya a la mejor canci\u00f3n original en 2021 vuelve a los micr\u00f3fonos de Voces por una Causa un a\u00f1o despu\u00e9s para hablar sobre su viaje a Colombia de la mano de Entreculturas, donde pudo experimentar en primera persona el papel crucial que juega la educaci\u00f3n para la construcci\u00f3n de la paz y el empoderamiento de la mujer en contextos rurales del pa\u00eds.<\/p>\n","protected":false},"featured_media":9451,"template":"podcast-imagen-sin-banner","meta":{"_acf_changed":false},"categories":[14,728],"tags":[],"class_list":["post-9450","podcast","type-podcast","status-publish","has-post-thumbnail","hentry","category-entrevista","category-sin-categorizar"],"acf":[],"yoast_head":"<!-- This site is optimized with the Yoast SEO Premium plugin v21.6 (Yoast SEO v27.5) - https:\/\/yoast.com\/product\/yoast-seo-premium-wordpress\/ -->\n<title>Julia Navarro y Rozal\u00e9n hablan sobre m\u00fasica y compromiso social<\/title>\n<meta name=\"description\" content=\"Julia Navarro se acerca en el podcast al compromiso social que puede tener la m\u00fasica de la mano de la cantautora Rozal\u00e9n.\" \/>\n<meta name=\"robots\" content=\"index, follow, max-snippet:-1, max-image-preview:large, max-video-preview:-1\" \/>\n<link rel=\"canonical\" href=\"https:\/\/www.entreculturas.org\/ca\/podcast\/julia-navarro-rozalen-podcast-ong-entreculturas\/\" \/>\n<meta property=\"og:locale\" content=\"ca_ES\" \/>\n<meta property=\"og:type\" content=\"article\" \/>\n<meta property=\"og:title\" content=\"Rozal\u00e9n: &quot;Los viajes con Entreculturas son un cable a tierra, me inspiran para cantar, conocer y entender el mundo&quot;\" \/>\n<meta property=\"og:description\" content=\"Julia Navarro se acerca en el podcast al compromiso social que puede tener la m\u00fasica de la mano de la cantautora Rozal\u00e9n.\" \/>\n<meta property=\"og:url\" content=\"https:\/\/www.entreculturas.org\/ca\/podcast\/julia-navarro-rozalen-podcast-ong-entreculturas\/\" \/>\n<meta property=\"og:site_name\" content=\"Entreculturas\" \/>\n<meta property=\"article:publisher\" content=\"https:\/\/www.facebook.com\/entreculturas\" \/>\n<meta property=\"article:modified_time\" content=\"2024-11-08T15:41:09+00:00\" \/>\n<meta property=\"og:image\" content=\"https:\/\/www.entreculturas.org\/wp-content\/uploads\/2023\/12\/web_12.jpg\" \/>\n\t<meta property=\"og:image:width\" content=\"1920\" \/>\n\t<meta property=\"og:image:height\" content=\"1080\" \/>\n\t<meta property=\"og:image:type\" content=\"image\/jpeg\" \/>\n<meta name=\"twitter:card\" content=\"summary_large_image\" \/>\n<meta name=\"twitter:site\" content=\"@Entreculturas\" \/>\n<script type=\"application\/ld+json\" class=\"yoast-schema-graph\">{\"@context\":\"https:\\\/\\\/schema.org\",\"@graph\":[{\"@type\":\"WebPage\",\"@id\":\"https:\\\/\\\/www.entreculturas.org\\\/ca\\\/podcast\\\/julia-navarro-rozalen-podcast-ong-entreculturas\\\/\",\"url\":\"https:\\\/\\\/www.entreculturas.org\\\/ca\\\/podcast\\\/julia-navarro-rozalen-podcast-ong-entreculturas\\\/\",\"name\":\"Julia Navarro y Rozal\u00e9n hablan sobre m\u00fasica y compromiso social\",\"isPartOf\":{\"@id\":\"https:\\\/\\\/www.entreculturas.org\\\/ca\\\/#website\"},\"primaryImageOfPage\":{\"@id\":\"https:\\\/\\\/www.entreculturas.org\\\/ca\\\/podcast\\\/julia-navarro-rozalen-podcast-ong-entreculturas\\\/#primaryimage\"},\"image\":{\"@id\":\"https:\\\/\\\/www.entreculturas.org\\\/ca\\\/podcast\\\/julia-navarro-rozalen-podcast-ong-entreculturas\\\/#primaryimage\"},\"thumbnailUrl\":\"https:\\\/\\\/www.entreculturas.org\\\/wp-content\\\/uploads\\\/2023\\\/12\\\/web_12.jpg\",\"datePublished\":\"2023-11-23T12:16:29+00:00\",\"dateModified\":\"2024-11-08T15:41:09+00:00\",\"description\":\"Julia Navarro se acerca en el podcast al compromiso social que puede tener la m\u00fasica de la mano de la cantautora Rozal\u00e9n.\",\"breadcrumb\":{\"@id\":\"https:\\\/\\\/www.entreculturas.org\\\/ca\\\/podcast\\\/julia-navarro-rozalen-podcast-ong-entreculturas\\\/#breadcrumb\"},\"inLanguage\":\"ca\",\"potentialAction\":[{\"@type\":\"ReadAction\",\"target\":[\"https:\\\/\\\/www.entreculturas.org\\\/ca\\\/podcast\\\/julia-navarro-rozalen-podcast-ong-entreculturas\\\/\"]}]},{\"@type\":\"ImageObject\",\"inLanguage\":\"ca\",\"@id\":\"https:\\\/\\\/www.entreculturas.org\\\/ca\\\/podcast\\\/julia-navarro-rozalen-podcast-ong-entreculturas\\\/#primaryimage\",\"url\":\"https:\\\/\\\/www.entreculturas.org\\\/wp-content\\\/uploads\\\/2023\\\/12\\\/web_12.jpg\",\"contentUrl\":\"https:\\\/\\\/www.entreculturas.org\\\/wp-content\\\/uploads\\\/2023\\\/12\\\/web_12.jpg\",\"width\":1920,\"height\":1080,\"caption\":\"Julia Navarro y Rozal\u00e9n\"},{\"@type\":\"BreadcrumbList\",\"@id\":\"https:\\\/\\\/www.entreculturas.org\\\/ca\\\/podcast\\\/julia-navarro-rozalen-podcast-ong-entreculturas\\\/#breadcrumb\",\"itemListElement\":[{\"@type\":\"ListItem\",\"position\":1,\"name\":\"Home\",\"item\":\"https:\\\/\\\/www.entreculturas.org\\\/ca\\\/\"},{\"@type\":\"ListItem\",\"position\":2,\"name\":\"Podcast Julia Navarro\",\"item\":\"https:\\\/\\\/www.entreculturas.org\\\/ca\\\/podcasts\\\/\"},{\"@type\":\"ListItem\",\"position\":3,\"name\":\"Rozal\u00e9n: &#8220;Los viajes con Entreculturas son un cable a tierra, me inspiran para cantar, conocer y entender el mundo&#8221;\"}]},{\"@type\":\"WebSite\",\"@id\":\"https:\\\/\\\/www.entreculturas.org\\\/ca\\\/#website\",\"url\":\"https:\\\/\\\/www.entreculturas.org\\\/ca\\\/\",\"name\":\"Entreculturas\",\"description\":\"\",\"publisher\":{\"@id\":\"https:\\\/\\\/www.entreculturas.org\\\/ca\\\/#organization\"},\"alternateName\":\"Entreculturas\",\"potentialAction\":[{\"@type\":\"SearchAction\",\"target\":{\"@type\":\"EntryPoint\",\"urlTemplate\":\"https:\\\/\\\/www.entreculturas.org\\\/ca\\\/?s={search_term_string}\"},\"query-input\":{\"@type\":\"PropertyValueSpecification\",\"valueRequired\":true,\"valueName\":\"search_term_string\"}}],\"inLanguage\":\"ca\"},{\"@type\":\"Organization\",\"@id\":\"https:\\\/\\\/www.entreculturas.org\\\/ca\\\/#organization\",\"name\":\"Entreculturas\",\"url\":\"https:\\\/\\\/www.entreculturas.org\\\/ca\\\/\",\"logo\":{\"@type\":\"ImageObject\",\"inLanguage\":\"ca\",\"@id\":\"https:\\\/\\\/www.entreculturas.org\\\/ca\\\/#\\\/schema\\\/logo\\\/image\\\/\",\"url\":\"https:\\\/\\\/www.entreculturas.org\\\/wp-content\\\/uploads\\\/2025\\\/10\\\/ESP.svg\",\"contentUrl\":\"https:\\\/\\\/www.entreculturas.org\\\/wp-content\\\/uploads\\\/2025\\\/10\\\/ESP.svg\",\"caption\":\"Entreculturas\"},\"image\":{\"@id\":\"https:\\\/\\\/www.entreculturas.org\\\/ca\\\/#\\\/schema\\\/logo\\\/image\\\/\"},\"sameAs\":[\"https:\\\/\\\/www.facebook.com\\\/entreculturas\",\"https:\\\/\\\/x.com\\\/Entreculturas\",\"https:\\\/\\\/www.instagram.com\\\/entreculturas\\\/\",\"https:\\\/\\\/www.youtube.com\\\/user\\\/entreculturasvideo\",\"https:\\\/\\\/www.linkedin.com\\\/company\\\/fundacion-entreculturas-ngdo\\\/\",\"https:\\\/\\\/www.flickr.com\\\/photos\\\/98455522@N04\\\/albums\\\/\"]}]}<\/script>\n<!-- \/ Yoast SEO Premium plugin. -->","yoast_head_json":{"title":"Julia Navarro y Rozal\u00e9n hablan sobre m\u00fasica y compromiso social","description":"Julia Navarro se acerca en el podcast al compromiso social que puede tener la m\u00fasica de la mano de la cantautora Rozal\u00e9n.","robots":{"index":"index","follow":"follow","max-snippet":"max-snippet:-1","max-image-preview":"max-image-preview:large","max-video-preview":"max-video-preview:-1"},"canonical":"https:\/\/www.entreculturas.org\/ca\/podcast\/julia-navarro-rozalen-podcast-ong-entreculturas\/","og_locale":"ca_ES","og_type":"article","og_title":"Rozal\u00e9n: \"Los viajes con Entreculturas son un cable a tierra, me inspiran para cantar, conocer y entender el mundo\"","og_description":"Julia Navarro se acerca en el podcast al compromiso social que puede tener la m\u00fasica de la mano de la cantautora Rozal\u00e9n.","og_url":"https:\/\/www.entreculturas.org\/ca\/podcast\/julia-navarro-rozalen-podcast-ong-entreculturas\/","og_site_name":"Entreculturas","article_publisher":"https:\/\/www.facebook.com\/entreculturas","article_modified_time":"2024-11-08T15:41:09+00:00","og_image":[{"width":1920,"height":1080,"url":"https:\/\/www.entreculturas.org\/wp-content\/uploads\/2023\/12\/web_12.jpg","type":"image\/jpeg"}],"twitter_card":"summary_large_image","twitter_site":"@Entreculturas","schema":{"@context":"https:\/\/schema.org","@graph":[{"@type":"WebPage","@id":"https:\/\/www.entreculturas.org\/ca\/podcast\/julia-navarro-rozalen-podcast-ong-entreculturas\/","url":"https:\/\/www.entreculturas.org\/ca\/podcast\/julia-navarro-rozalen-podcast-ong-entreculturas\/","name":"Julia Navarro y Rozal\u00e9n hablan sobre m\u00fasica y compromiso social","isPartOf":{"@id":"https:\/\/www.entreculturas.org\/ca\/#website"},"primaryImageOfPage":{"@id":"https:\/\/www.entreculturas.org\/ca\/podcast\/julia-navarro-rozalen-podcast-ong-entreculturas\/#primaryimage"},"image":{"@id":"https:\/\/www.entreculturas.org\/ca\/podcast\/julia-navarro-rozalen-podcast-ong-entreculturas\/#primaryimage"},"thumbnailUrl":"https:\/\/www.entreculturas.org\/wp-content\/uploads\/2023\/12\/web_12.jpg","datePublished":"2023-11-23T12:16:29+00:00","dateModified":"2024-11-08T15:41:09+00:00","description":"Julia Navarro se acerca en el podcast al compromiso social que puede tener la m\u00fasica de la mano de la cantautora Rozal\u00e9n.","breadcrumb":{"@id":"https:\/\/www.entreculturas.org\/ca\/podcast\/julia-navarro-rozalen-podcast-ong-entreculturas\/#breadcrumb"},"inLanguage":"ca","potentialAction":[{"@type":"ReadAction","target":["https:\/\/www.entreculturas.org\/ca\/podcast\/julia-navarro-rozalen-podcast-ong-entreculturas\/"]}]},{"@type":"ImageObject","inLanguage":"ca","@id":"https:\/\/www.entreculturas.org\/ca\/podcast\/julia-navarro-rozalen-podcast-ong-entreculturas\/#primaryimage","url":"https:\/\/www.entreculturas.org\/wp-content\/uploads\/2023\/12\/web_12.jpg","contentUrl":"https:\/\/www.entreculturas.org\/wp-content\/uploads\/2023\/12\/web_12.jpg","width":1920,"height":1080,"caption":"Julia Navarro y Rozal\u00e9n"},{"@type":"BreadcrumbList","@id":"https:\/\/www.entreculturas.org\/ca\/podcast\/julia-navarro-rozalen-podcast-ong-entreculturas\/#breadcrumb","itemListElement":[{"@type":"ListItem","position":1,"name":"Home","item":"https:\/\/www.entreculturas.org\/ca\/"},{"@type":"ListItem","position":2,"name":"Podcast Julia Navarro","item":"https:\/\/www.entreculturas.org\/ca\/podcasts\/"},{"@type":"ListItem","position":3,"name":"Rozal\u00e9n: &#8220;Los viajes con Entreculturas son un cable a tierra, me inspiran para cantar, conocer y entender el mundo&#8221;"}]},{"@type":"WebSite","@id":"https:\/\/www.entreculturas.org\/ca\/#website","url":"https:\/\/www.entreculturas.org\/ca\/","name":"Entreculturas","description":"","publisher":{"@id":"https:\/\/www.entreculturas.org\/ca\/#organization"},"alternateName":"Entreculturas","potentialAction":[{"@type":"SearchAction","target":{"@type":"EntryPoint","urlTemplate":"https:\/\/www.entreculturas.org\/ca\/?s={search_term_string}"},"query-input":{"@type":"PropertyValueSpecification","valueRequired":true,"valueName":"search_term_string"}}],"inLanguage":"ca"},{"@type":"Organization","@id":"https:\/\/www.entreculturas.org\/ca\/#organization","name":"Entreculturas","url":"https:\/\/www.entreculturas.org\/ca\/","logo":{"@type":"ImageObject","inLanguage":"ca","@id":"https:\/\/www.entreculturas.org\/ca\/#\/schema\/logo\/image\/","url":"https:\/\/www.entreculturas.org\/wp-content\/uploads\/2025\/10\/ESP.svg","contentUrl":"https:\/\/www.entreculturas.org\/wp-content\/uploads\/2025\/10\/ESP.svg","caption":"Entreculturas"},"image":{"@id":"https:\/\/www.entreculturas.org\/ca\/#\/schema\/logo\/image\/"},"sameAs":["https:\/\/www.facebook.com\/entreculturas","https:\/\/x.com\/Entreculturas","https:\/\/www.instagram.com\/entreculturas\/","https:\/\/www.youtube.com\/user\/entreculturasvideo","https:\/\/www.linkedin.com\/company\/fundacion-entreculturas-ngdo\/","https:\/\/www.flickr.com\/photos\/98455522@N04\/albums\/"]}]}},"_links":{"self":[{"href":"https:\/\/www.entreculturas.org\/ca\/wp-json\/wp\/v2\/podcast\/9450","targetHints":{"allow":["GET"]}}],"collection":[{"href":"https:\/\/www.entreculturas.org\/ca\/wp-json\/wp\/v2\/podcast"}],"about":[{"href":"https:\/\/www.entreculturas.org\/ca\/wp-json\/wp\/v2\/types\/podcast"}],"wp:featuredmedia":[{"embeddable":true,"href":"https:\/\/www.entreculturas.org\/ca\/wp-json\/wp\/v2\/media\/9451"}],"wp:attachment":[{"href":"https:\/\/www.entreculturas.org\/ca\/wp-json\/wp\/v2\/media?parent=9450"}],"wp:term":[{"taxonomy":"category","embeddable":true,"href":"https:\/\/www.entreculturas.org\/ca\/wp-json\/wp\/v2\/categories?post=9450"},{"taxonomy":"post_tag","embeddable":true,"href":"https:\/\/www.entreculturas.org\/ca\/wp-json\/wp\/v2\/tags?post=9450"}],"curies":[{"name":"wp","href":"https:\/\/api.w.org\/{rel}","templated":true}]}}