{"id":9430,"date":"2023-11-08T13:27:29","date_gmt":"2023-11-08T12:27:29","guid":{"rendered":"https:\/\/www.entreculturas.org\/noticia\/las-empresas-sociales-nos-centramos-mas-en-el-cuidado-de-las-personas-que-en-el-capital\/"},"modified":"2024-01-18T15:01:55","modified_gmt":"2024-01-18T14:01:55","slug":"las-empresas-sociales-nos-centramos-mas-en-el-cuidado-de-las-personas-que-en-el-capital","status":"publish","type":"podcast","link":"https:\/\/www.entreculturas.org\/ca\/podcast\/las-empresas-sociales-nos-centramos-mas-en-el-cuidado-de-las-personas-que-en-el-capital\/","title":{"rendered":"&#8220;Las empresas sociales nos centramos m\u00e1s en el cuidado de las personas que en el capital&#8221;"},"content":{"rendered":"<p>Esta semana en Voces por una Causa, la escritora<strong> Julia Navarro conversa con Erika Lara, responsable del \u00c1rea de Innovaci\u00f3n en <a href=\"https:\/\/www.yomolatel.org\/\">Yomol A&#8217;tel<\/a><\/strong> desde hace 3 a\u00f1os. Con ella, nos acercamos a Yomol A&#8217;tel, grupo de cooperativas de la econom\u00eda social solidaria ubicada en la sierra norte de Chiapas, M\u00e9xico, que cuenta con m\u00e1s de 20 a\u00f1os de historia y con la que Entreculturas colabora de forma muy estrecha. Una cooperativa cuyo nombre significa en lengua maya tzeltal \u201cJuntos caminamos, juntos trabajamos, juntos so\u00f1amos\u201d.<\/p>\n<p>En este cap\u00edtulo de nuestro podcast, <strong>Erika nos habla de los inicios de la cooperativa<\/strong>, de c\u00f3mo comenz\u00f3 siendo solamente la uni\u00f3n de tres comunidades y como en la actualidad agrupa a m\u00e1s de 350 familias. Erika tambi\u00e9n nos explica con detalle el funcionamiento de la Yomol A&#8217;tel: \u201cexisten dos cooperativas bases que son las que se encargan del proceso de caf\u00e9 y miel que integra a los socios y socias de la regi\u00f3n, todas ellas tseltales\u201d.<\/p>\n<p>Adem\u00e1s, Erika se\u00f1ala las diferencias que guardan las empresas sociales y solidarias como Yomol A&#8217;tel con las empresas comerciales tradicionales: <strong>\u201cNosotras nos centramos m\u00e1s en el cuidado de la persona que en el capital<\/strong>. En Yomol A&#8217;tel cuidamos y escuchamos a los productores y productoras y trabajamos seg\u00fan las necesidades que tienen las comunidades\u201d. En palabras de Erika, \u201ceste modelo es una alternativa de trabajo y bienestar, ya que el impacto no es s\u00f3lo econ\u00f3mico, sino tambi\u00e9n social y\u00a0 ambiental\u201d.<\/p>\n<p>Por \u00faltimo, Erika y Julia profundizan en <strong>el efecto positivo que ha tenido la incorporaci\u00f3n de la mujer a cooperativas como Yomol A&#8217;tel<\/strong>: \u201cAntes por lo general las mujeres de la regi\u00f3n migraban por la pobreza extrema de la zona y, cuando regresaban, se casaban y se quedaban en la casa; sin embargo, esto ha cambiado. La integraci\u00f3n de la mujer en los procesos econ\u00f3micos productivos ha provocado que ahora puedan participar, tomar decisiones y est\u00e9n consideradas dentro de la comunidad\u201d.<\/p>\n<p><strong>\u2018Voces por una Causa\u2019 es el podcast semanal de Entreculturas<\/strong>. Los programas se emiten todos los jueves en nuestro canal de <a href=\"https:\/\/www.youtube.com\/c\/EntreculturasOrg915902672\">Youtube<\/a>, en <a href=\"https:\/\/open.spotify.com\/show\/6dS5JsqnsWrnHL1gwead1A\">Spotify<\/a>, en <a href=\"https:\/\/www.ivoox.com\/perfil-entreculturas_a8_listener_28185270_1.html\">Ivoox<\/a>, y en <a href=\"https:\/\/podcasts.apple.com\/us\/podcast\/entreculturas-voces-por-una-causa\/id1621485462\">Apple Podcast<\/a>.<\/p>\n","protected":false},"excerpt":{"rendered":"<p>Esta semana en Voces por una Causa, la escritora Julia Navarro conversa con Erika Lara, responsable del \u00c1rea de Innovaci\u00f3n en Yomol A&#8217;tel desde hace 3 a\u00f1os. Con ella, nos acercamos a Yomol A&#8217;tel, grupo de cooperativas de la econom\u00eda social solidaria ubicada en la sierra norte de Chiapas, M\u00e9xico, que cuenta con m\u00e1s de 20 a\u00f1os de historia y con la que Entreculturas colabora de forma muy estrecha. Una cooperativa cuyo nombre significa en lengua maya tzeltal \u201cJuntos caminamos, juntos trabajamos, juntos so\u00f1amos\u201d.<\/p>\n","protected":false},"featured_media":9431,"template":"podcast-imagen-sin-banner","meta":{"_acf_changed":false},"categories":[728],"tags":[],"class_list":["post-9430","podcast","type-podcast","status-publish","has-post-thumbnail","hentry","category-sin-categorizar"],"acf":[],"yoast_head":"<!-- This site is optimized with the Yoast SEO Premium plugin v21.6 (Yoast SEO v27.5) - https:\/\/yoast.com\/product\/yoast-seo-premium-wordpress\/ -->\n<title>&quot;Las empresas sociales nos centramos m\u00e1s en el cuidado de las personas que en el capital&quot; - Entreculturas<\/title>\n<meta name=\"robots\" content=\"index, follow, max-snippet:-1, max-image-preview:large, max-video-preview:-1\" \/>\n<link rel=\"canonical\" href=\"https:\/\/www.entreculturas.org\/ca\/podcast\/las-empresas-sociales-nos-centramos-mas-en-el-cuidado-de-las-personas-que-en-el-capital\/\" \/>\n<meta property=\"og:locale\" content=\"ca_ES\" \/>\n<meta property=\"og:type\" content=\"article\" \/>\n<meta property=\"og:title\" content=\"&quot;Las empresas sociales nos centramos m\u00e1s en el cuidado de las personas que en el capital&quot;\" \/>\n<meta property=\"og:description\" content=\"Esta semana en Voces por una Causa, la escritora Julia Navarro conversa con Erika Lara, responsable del \u00c1rea de Innovaci\u00f3n en Yomol A&#039;tel desde hace 3 a\u00f1os. Con ella, nos acercamos a Yomol A&#039;tel, grupo de cooperativas de la econom\u00eda social solidaria ubicada en la sierra norte de Chiapas, M\u00e9xico, que cuenta con m\u00e1s de 20 a\u00f1os de historia y con la que Entreculturas colabora de forma muy estrecha. Una cooperativa cuyo nombre significa en lengua maya tzeltal \u201cJuntos caminamos, juntos trabajamos, juntos so\u00f1amos\u201d.\" \/>\n<meta property=\"og:url\" content=\"https:\/\/www.entreculturas.org\/ca\/podcast\/las-empresas-sociales-nos-centramos-mas-en-el-cuidado-de-las-personas-que-en-el-capital\/\" \/>\n<meta property=\"og:site_name\" content=\"Entreculturas\" \/>\n<meta property=\"article:publisher\" content=\"https:\/\/www.facebook.com\/entreculturas\" \/>\n<meta property=\"article:modified_time\" content=\"2024-01-18T14:01:55+00:00\" \/>\n<meta property=\"og:image\" content=\"https:\/\/www.entreculturas.org\/wp-content\/uploads\/2023\/12\/web_-_erika_lara.jpg\" \/>\n\t<meta property=\"og:image:width\" content=\"1920\" \/>\n\t<meta property=\"og:image:height\" content=\"1080\" \/>\n\t<meta property=\"og:image:type\" content=\"image\/jpeg\" \/>\n<meta name=\"twitter:card\" content=\"summary_large_image\" \/>\n<meta name=\"twitter:site\" content=\"@Entreculturas\" \/>\n<script type=\"application\/ld+json\" class=\"yoast-schema-graph\">{\"@context\":\"https:\\\/\\\/schema.org\",\"@graph\":[{\"@type\":\"WebPage\",\"@id\":\"https:\\\/\\\/www.entreculturas.org\\\/ca\\\/podcast\\\/las-empresas-sociales-nos-centramos-mas-en-el-cuidado-de-las-personas-que-en-el-capital\\\/\",\"url\":\"https:\\\/\\\/www.entreculturas.org\\\/ca\\\/podcast\\\/las-empresas-sociales-nos-centramos-mas-en-el-cuidado-de-las-personas-que-en-el-capital\\\/\",\"name\":\"\\\"Las empresas sociales nos centramos m\u00e1s en el cuidado de las personas que en el capital\\\" - Entreculturas\",\"isPartOf\":{\"@id\":\"https:\\\/\\\/www.entreculturas.org\\\/ca\\\/#website\"},\"primaryImageOfPage\":{\"@id\":\"https:\\\/\\\/www.entreculturas.org\\\/ca\\\/podcast\\\/las-empresas-sociales-nos-centramos-mas-en-el-cuidado-de-las-personas-que-en-el-capital\\\/#primaryimage\"},\"image\":{\"@id\":\"https:\\\/\\\/www.entreculturas.org\\\/ca\\\/podcast\\\/las-empresas-sociales-nos-centramos-mas-en-el-cuidado-de-las-personas-que-en-el-capital\\\/#primaryimage\"},\"thumbnailUrl\":\"https:\\\/\\\/www.entreculturas.org\\\/wp-content\\\/uploads\\\/2023\\\/12\\\/web_-_erika_lara.jpg\",\"datePublished\":\"2023-11-08T12:27:29+00:00\",\"dateModified\":\"2024-01-18T14:01:55+00:00\",\"breadcrumb\":{\"@id\":\"https:\\\/\\\/www.entreculturas.org\\\/ca\\\/podcast\\\/las-empresas-sociales-nos-centramos-mas-en-el-cuidado-de-las-personas-que-en-el-capital\\\/#breadcrumb\"},\"inLanguage\":\"ca\",\"potentialAction\":[{\"@type\":\"ReadAction\",\"target\":[\"https:\\\/\\\/www.entreculturas.org\\\/ca\\\/podcast\\\/las-empresas-sociales-nos-centramos-mas-en-el-cuidado-de-las-personas-que-en-el-capital\\\/\"]}]},{\"@type\":\"ImageObject\",\"inLanguage\":\"ca\",\"@id\":\"https:\\\/\\\/www.entreculturas.org\\\/ca\\\/podcast\\\/las-empresas-sociales-nos-centramos-mas-en-el-cuidado-de-las-personas-que-en-el-capital\\\/#primaryimage\",\"url\":\"https:\\\/\\\/www.entreculturas.org\\\/wp-content\\\/uploads\\\/2023\\\/12\\\/web_-_erika_lara.jpg\",\"contentUrl\":\"https:\\\/\\\/www.entreculturas.org\\\/wp-content\\\/uploads\\\/2023\\\/12\\\/web_-_erika_lara.jpg\",\"width\":1920,\"height\":1080,\"caption\":\"web_-_erika_lara\"},{\"@type\":\"BreadcrumbList\",\"@id\":\"https:\\\/\\\/www.entreculturas.org\\\/ca\\\/podcast\\\/las-empresas-sociales-nos-centramos-mas-en-el-cuidado-de-las-personas-que-en-el-capital\\\/#breadcrumb\",\"itemListElement\":[{\"@type\":\"ListItem\",\"position\":1,\"name\":\"Home\",\"item\":\"https:\\\/\\\/www.entreculturas.org\\\/ca\\\/\"},{\"@type\":\"ListItem\",\"position\":2,\"name\":\"Podcast Julia Navarro\",\"item\":\"https:\\\/\\\/www.entreculturas.org\\\/ca\\\/podcasts\\\/\"},{\"@type\":\"ListItem\",\"position\":3,\"name\":\"&#8220;Las empresas sociales nos centramos m\u00e1s en el cuidado de las personas que en el capital&#8221;\"}]},{\"@type\":\"WebSite\",\"@id\":\"https:\\\/\\\/www.entreculturas.org\\\/ca\\\/#website\",\"url\":\"https:\\\/\\\/www.entreculturas.org\\\/ca\\\/\",\"name\":\"Entreculturas\",\"description\":\"\",\"publisher\":{\"@id\":\"https:\\\/\\\/www.entreculturas.org\\\/ca\\\/#organization\"},\"alternateName\":\"Entreculturas\",\"potentialAction\":[{\"@type\":\"SearchAction\",\"target\":{\"@type\":\"EntryPoint\",\"urlTemplate\":\"https:\\\/\\\/www.entreculturas.org\\\/ca\\\/?s={search_term_string}\"},\"query-input\":{\"@type\":\"PropertyValueSpecification\",\"valueRequired\":true,\"valueName\":\"search_term_string\"}}],\"inLanguage\":\"ca\"},{\"@type\":\"Organization\",\"@id\":\"https:\\\/\\\/www.entreculturas.org\\\/ca\\\/#organization\",\"name\":\"Entreculturas\",\"url\":\"https:\\\/\\\/www.entreculturas.org\\\/ca\\\/\",\"logo\":{\"@type\":\"ImageObject\",\"inLanguage\":\"ca\",\"@id\":\"https:\\\/\\\/www.entreculturas.org\\\/ca\\\/#\\\/schema\\\/logo\\\/image\\\/\",\"url\":\"https:\\\/\\\/www.entreculturas.org\\\/wp-content\\\/uploads\\\/2025\\\/10\\\/ESP.svg\",\"contentUrl\":\"https:\\\/\\\/www.entreculturas.org\\\/wp-content\\\/uploads\\\/2025\\\/10\\\/ESP.svg\",\"caption\":\"Entreculturas\"},\"image\":{\"@id\":\"https:\\\/\\\/www.entreculturas.org\\\/ca\\\/#\\\/schema\\\/logo\\\/image\\\/\"},\"sameAs\":[\"https:\\\/\\\/www.facebook.com\\\/entreculturas\",\"https:\\\/\\\/x.com\\\/Entreculturas\",\"https:\\\/\\\/www.instagram.com\\\/entreculturas\\\/\",\"https:\\\/\\\/www.youtube.com\\\/user\\\/entreculturasvideo\",\"https:\\\/\\\/www.linkedin.com\\\/company\\\/fundacion-entreculturas-ngdo\\\/\",\"https:\\\/\\\/www.flickr.com\\\/photos\\\/98455522@N04\\\/albums\\\/\"]}]}<\/script>\n<!-- \/ Yoast SEO Premium plugin. -->","yoast_head_json":{"title":"\"Las empresas sociales nos centramos m\u00e1s en el cuidado de las personas que en el capital\" - Entreculturas","robots":{"index":"index","follow":"follow","max-snippet":"max-snippet:-1","max-image-preview":"max-image-preview:large","max-video-preview":"max-video-preview:-1"},"canonical":"https:\/\/www.entreculturas.org\/ca\/podcast\/las-empresas-sociales-nos-centramos-mas-en-el-cuidado-de-las-personas-que-en-el-capital\/","og_locale":"ca_ES","og_type":"article","og_title":"\"Las empresas sociales nos centramos m\u00e1s en el cuidado de las personas que en el capital\"","og_description":"Esta semana en Voces por una Causa, la escritora Julia Navarro conversa con Erika Lara, responsable del \u00c1rea de Innovaci\u00f3n en Yomol A'tel desde hace 3 a\u00f1os. Con ella, nos acercamos a Yomol A'tel, grupo de cooperativas de la econom\u00eda social solidaria ubicada en la sierra norte de Chiapas, M\u00e9xico, que cuenta con m\u00e1s de 20 a\u00f1os de historia y con la que Entreculturas colabora de forma muy estrecha. Una cooperativa cuyo nombre significa en lengua maya tzeltal \u201cJuntos caminamos, juntos trabajamos, juntos so\u00f1amos\u201d.","og_url":"https:\/\/www.entreculturas.org\/ca\/podcast\/las-empresas-sociales-nos-centramos-mas-en-el-cuidado-de-las-personas-que-en-el-capital\/","og_site_name":"Entreculturas","article_publisher":"https:\/\/www.facebook.com\/entreculturas","article_modified_time":"2024-01-18T14:01:55+00:00","og_image":[{"width":1920,"height":1080,"url":"https:\/\/www.entreculturas.org\/wp-content\/uploads\/2023\/12\/web_-_erika_lara.jpg","type":"image\/jpeg"}],"twitter_card":"summary_large_image","twitter_site":"@Entreculturas","schema":{"@context":"https:\/\/schema.org","@graph":[{"@type":"WebPage","@id":"https:\/\/www.entreculturas.org\/ca\/podcast\/las-empresas-sociales-nos-centramos-mas-en-el-cuidado-de-las-personas-que-en-el-capital\/","url":"https:\/\/www.entreculturas.org\/ca\/podcast\/las-empresas-sociales-nos-centramos-mas-en-el-cuidado-de-las-personas-que-en-el-capital\/","name":"\"Las empresas sociales nos centramos m\u00e1s en el cuidado de las personas que en el capital\" - Entreculturas","isPartOf":{"@id":"https:\/\/www.entreculturas.org\/ca\/#website"},"primaryImageOfPage":{"@id":"https:\/\/www.entreculturas.org\/ca\/podcast\/las-empresas-sociales-nos-centramos-mas-en-el-cuidado-de-las-personas-que-en-el-capital\/#primaryimage"},"image":{"@id":"https:\/\/www.entreculturas.org\/ca\/podcast\/las-empresas-sociales-nos-centramos-mas-en-el-cuidado-de-las-personas-que-en-el-capital\/#primaryimage"},"thumbnailUrl":"https:\/\/www.entreculturas.org\/wp-content\/uploads\/2023\/12\/web_-_erika_lara.jpg","datePublished":"2023-11-08T12:27:29+00:00","dateModified":"2024-01-18T14:01:55+00:00","breadcrumb":{"@id":"https:\/\/www.entreculturas.org\/ca\/podcast\/las-empresas-sociales-nos-centramos-mas-en-el-cuidado-de-las-personas-que-en-el-capital\/#breadcrumb"},"inLanguage":"ca","potentialAction":[{"@type":"ReadAction","target":["https:\/\/www.entreculturas.org\/ca\/podcast\/las-empresas-sociales-nos-centramos-mas-en-el-cuidado-de-las-personas-que-en-el-capital\/"]}]},{"@type":"ImageObject","inLanguage":"ca","@id":"https:\/\/www.entreculturas.org\/ca\/podcast\/las-empresas-sociales-nos-centramos-mas-en-el-cuidado-de-las-personas-que-en-el-capital\/#primaryimage","url":"https:\/\/www.entreculturas.org\/wp-content\/uploads\/2023\/12\/web_-_erika_lara.jpg","contentUrl":"https:\/\/www.entreculturas.org\/wp-content\/uploads\/2023\/12\/web_-_erika_lara.jpg","width":1920,"height":1080,"caption":"web_-_erika_lara"},{"@type":"BreadcrumbList","@id":"https:\/\/www.entreculturas.org\/ca\/podcast\/las-empresas-sociales-nos-centramos-mas-en-el-cuidado-de-las-personas-que-en-el-capital\/#breadcrumb","itemListElement":[{"@type":"ListItem","position":1,"name":"Home","item":"https:\/\/www.entreculturas.org\/ca\/"},{"@type":"ListItem","position":2,"name":"Podcast Julia Navarro","item":"https:\/\/www.entreculturas.org\/ca\/podcasts\/"},{"@type":"ListItem","position":3,"name":"&#8220;Las empresas sociales nos centramos m\u00e1s en el cuidado de las personas que en el capital&#8221;"}]},{"@type":"WebSite","@id":"https:\/\/www.entreculturas.org\/ca\/#website","url":"https:\/\/www.entreculturas.org\/ca\/","name":"Entreculturas","description":"","publisher":{"@id":"https:\/\/www.entreculturas.org\/ca\/#organization"},"alternateName":"Entreculturas","potentialAction":[{"@type":"SearchAction","target":{"@type":"EntryPoint","urlTemplate":"https:\/\/www.entreculturas.org\/ca\/?s={search_term_string}"},"query-input":{"@type":"PropertyValueSpecification","valueRequired":true,"valueName":"search_term_string"}}],"inLanguage":"ca"},{"@type":"Organization","@id":"https:\/\/www.entreculturas.org\/ca\/#organization","name":"Entreculturas","url":"https:\/\/www.entreculturas.org\/ca\/","logo":{"@type":"ImageObject","inLanguage":"ca","@id":"https:\/\/www.entreculturas.org\/ca\/#\/schema\/logo\/image\/","url":"https:\/\/www.entreculturas.org\/wp-content\/uploads\/2025\/10\/ESP.svg","contentUrl":"https:\/\/www.entreculturas.org\/wp-content\/uploads\/2025\/10\/ESP.svg","caption":"Entreculturas"},"image":{"@id":"https:\/\/www.entreculturas.org\/ca\/#\/schema\/logo\/image\/"},"sameAs":["https:\/\/www.facebook.com\/entreculturas","https:\/\/x.com\/Entreculturas","https:\/\/www.instagram.com\/entreculturas\/","https:\/\/www.youtube.com\/user\/entreculturasvideo","https:\/\/www.linkedin.com\/company\/fundacion-entreculturas-ngdo\/","https:\/\/www.flickr.com\/photos\/98455522@N04\/albums\/"]}]}},"_links":{"self":[{"href":"https:\/\/www.entreculturas.org\/ca\/wp-json\/wp\/v2\/podcast\/9430","targetHints":{"allow":["GET"]}}],"collection":[{"href":"https:\/\/www.entreculturas.org\/ca\/wp-json\/wp\/v2\/podcast"}],"about":[{"href":"https:\/\/www.entreculturas.org\/ca\/wp-json\/wp\/v2\/types\/podcast"}],"wp:featuredmedia":[{"embeddable":true,"href":"https:\/\/www.entreculturas.org\/ca\/wp-json\/wp\/v2\/media\/9431"}],"wp:attachment":[{"href":"https:\/\/www.entreculturas.org\/ca\/wp-json\/wp\/v2\/media?parent=9430"}],"wp:term":[{"taxonomy":"category","embeddable":true,"href":"https:\/\/www.entreculturas.org\/ca\/wp-json\/wp\/v2\/categories?post=9430"},{"taxonomy":"post_tag","embeddable":true,"href":"https:\/\/www.entreculturas.org\/ca\/wp-json\/wp\/v2\/tags?post=9430"}],"curies":[{"name":"wp","href":"https:\/\/api.w.org\/{rel}","templated":true}]}}