{"id":7029,"date":"2023-07-06T10:07:42","date_gmt":"2023-07-06T10:07:42","guid":{"rendered":"https:\/\/entreculturasi.wpenginepowered.com\/?noticias=si-se-tiene-esa-inquietud-por-el-voluntariado-el-programa-volpa-vale-tanto-la-pena-que-hay"},"modified":"2024-01-16T11:46:45","modified_gmt":"2024-01-16T10:46:45","slug":"si-se-tiene-esa-inquietud-por-el-voluntariado-el-programa-volpa-vale-tanto-la-pena-que-hay","status":"publish","type":"podcast","link":"https:\/\/www.entreculturas.org\/ca\/podcast\/si-se-tiene-esa-inquietud-por-el-voluntariado-el-programa-volpa-vale-tanto-la-pena-que-hay\/","title":{"rendered":"\u201cSi se tiene esa inquietud por el voluntariado, el programa VOLPA vale tanto la pena que hay que intentarlo hacer incluso con miedo&#8221;"},"content":{"rendered":"<\/p>\n<p>Esta semana en Voces por una Causa, Julia Navarro se acerca al <strong>voluntariado<\/strong>. Y, en concreto, del programa de voluntariado internacional de larga duraci\u00f3n que Entreculturas y Alboan promueven, m\u00e1s conocido como el <a href=\"https:\/\/www.entreculturas.org\/es\/volpa\"><strong>programa VOLPA<\/strong><\/a>, que el a\u00f1o pasado cumpli\u00f3 30 a\u00f1os de historia. Para ello, <strong>la escritora conversa con Elisa Lesmes<\/strong>, ingeniera industrial, que realiz\u00f3 el programa hace tres a\u00f1os en las proximidades de Cuzco, Per\u00fa.&nbsp;<\/p>\n<p>En este cap\u00edtulo de nuestro podcast, Elisa nos habla de c\u00f3mo VOLPA no solamente es un voluntariado de larga duraci\u00f3n, sino tambi\u00e9n es la preparaci\u00f3n previa que existe: \u201cLa formaci\u00f3n no te prepara para el destino concreto al que vas a ir, <strong>es una formaci\u00f3n donde aprendes mucho de ti misma<\/strong>, donde te orientan para encontrar tus motivaciones y te prepara muy bien para estar durante un a\u00f1o de voluntariado en el extranjero, d\u00e1ndote herramientas para superar esos momentos de baches que pueden aparecer\u201d.<\/p>\n<p>Adem\u00e1s, Elisa y Julia profundizan en las razones que llevan a realizar este tipo de voluntariado: \u201cYo ten\u00eda la espinita de hacer un voluntariado m\u00e1s completo, no solamente en mi tiempo libre. Me apunt\u00e9 a la formaci\u00f3n sin saber si finalmente lo har\u00eda, pero cuando me toc\u00f3 decidir, a pesar de tener much\u00edsimo miedo, me di cuenta de que <strong>si no lo intentaba y me pon\u00eda una excusa para no hacerlo, nunca m\u00e1s lo iba a hacer<\/strong>, as\u00ed que acab\u00e9 lanz\u00e1ndome\u201d.&nbsp;<\/p>\n<p>Por \u00faltimo, Elisa hace un llamamiento a todas aquellas personas que dudan si inscribirse en la nueva convocatoria del programa VOLPA que acaba de abrirse: \u201cEsa inquietud que llevan dentro no se va a ir nunca y, aunque se tenga miedo, que me parecer\u00eda raro si no lo tuvieran,<strong> yo creo que la experiencia vale tanto la pena que hay que intentarla incluso con miedo<\/strong>, como lo hice yo\u201d.<\/p>\n<p><strong>\u2018Voces por una Causa\u2019 es el podcast semanal de Entreculturas<\/strong>, en el que nos acercamos a la realidad de los pa\u00edses y causas en torno a las que trabajamos y con el que buscamos crear un espacio de reflexi\u00f3n y debate con testimonios y voces en primera persona. Los programas se emiten todos los jueves en nuestro canal de <a href=\"https:\/\/www.youtube.com\/c\/EntreculturasOrg915902672\">Youtube<\/a>, en <a href=\"https:\/\/open.spotify.com\/show\/6dS5JsqnsWrnHL1gwead1A\">Spotify<\/a>, en <a href=\"https:\/\/www.ivoox.com\/perfil-entreculturas_a8_listener_28185270_1.html\">Ivoox<\/a>, y en <a href=\"https:\/\/podcasts.apple.com\/us\/podcast\/entreculturas-voces-por-una-causa\/id1621485462\">Apple Podcast<\/a>.<\/p>\n","protected":false},"excerpt":{"rendered":"<p>Esta semana en Voces por una Causa, Julia Navarro se acerca al voluntariado. Y, en concreto, del programa de voluntariado internacional de larga duraci\u00f3n que Entreculturas y Alboan promueven, m\u00e1s conocido como el programa VOLPA, que el a\u00f1o pasado cumpli\u00f3 30 a\u00f1os de historia. Para ello, la escritora conversa con Elisa Lesmes, ingeniera industrial, que realiz\u00f3 el programa hace tres a\u00f1os en las proximidades de Cuzco, Per\u00fa. <\/p>\n","protected":false},"featured_media":7028,"template":"podcast-imagen-sin-banner","meta":{"_acf_changed":false},"categories":[7],"tags":[185],"class_list":["post-7029","podcast","type-podcast","status-publish","has-post-thumbnail","hentry","category-noticia","tag-entreculturas"],"acf":[],"yoast_head":"<!-- This site is optimized with the Yoast SEO Premium plugin v21.6 (Yoast SEO v27.5) - https:\/\/yoast.com\/product\/yoast-seo-premium-wordpress\/ -->\n<title>\u201cSi se tiene esa inquietud por el voluntariado, el programa VOLPA vale tanto la pena que hay que intentarlo hacer incluso con miedo&quot; - Entreculturas<\/title>\n<meta name=\"robots\" content=\"index, follow, max-snippet:-1, max-image-preview:large, max-video-preview:-1\" \/>\n<link rel=\"canonical\" href=\"https:\/\/www.entreculturas.org\/ca\/podcast\/si-se-tiene-esa-inquietud-por-el-voluntariado-el-programa-volpa-vale-tanto-la-pena-que-hay\/\" \/>\n<meta property=\"og:locale\" content=\"ca_ES\" \/>\n<meta property=\"og:type\" content=\"article\" \/>\n<meta property=\"og:title\" content=\"\u201cSi se tiene esa inquietud por el voluntariado, el programa VOLPA vale tanto la pena que hay que intentarlo hacer incluso con miedo&quot;\" \/>\n<meta property=\"og:description\" content=\"Esta semana en Voces por una Causa, Julia Navarro se acerca al voluntariado. Y, en concreto, del programa de voluntariado internacional de larga duraci\u00f3n que Entreculturas y Alboan promueven, m\u00e1s conocido como el programa VOLPA, que el a\u00f1o pasado cumpli\u00f3 30 a\u00f1os de historia. Para ello, la escritora conversa con Elisa Lesmes, ingeniera industrial, que realiz\u00f3 el programa hace tres a\u00f1os en las proximidades de Cuzco, Per\u00fa.\" \/>\n<meta property=\"og:url\" content=\"https:\/\/www.entreculturas.org\/ca\/podcast\/si-se-tiene-esa-inquietud-por-el-voluntariado-el-programa-volpa-vale-tanto-la-pena-que-hay\/\" \/>\n<meta property=\"og:site_name\" content=\"Entreculturas\" \/>\n<meta property=\"article:publisher\" content=\"https:\/\/www.facebook.com\/entreculturas\" \/>\n<meta property=\"article:modified_time\" content=\"2024-01-16T10:46:45+00:00\" \/>\n<meta property=\"og:image\" content=\"https:\/\/www.entreculturas.org\/wp-content\/uploads\/2023\/07\/voluntariado_web.jpg\" \/>\n\t<meta property=\"og:image:width\" content=\"1920\" \/>\n\t<meta property=\"og:image:height\" content=\"1080\" \/>\n\t<meta property=\"og:image:type\" content=\"image\/jpeg\" \/>\n<meta name=\"twitter:card\" content=\"summary_large_image\" \/>\n<meta name=\"twitter:site\" content=\"@Entreculturas\" \/>\n<script type=\"application\/ld+json\" class=\"yoast-schema-graph\">{\"@context\":\"https:\\\/\\\/schema.org\",\"@graph\":[{\"@type\":\"WebPage\",\"@id\":\"https:\\\/\\\/www.entreculturas.org\\\/ca\\\/podcast\\\/si-se-tiene-esa-inquietud-por-el-voluntariado-el-programa-volpa-vale-tanto-la-pena-que-hay\\\/\",\"url\":\"https:\\\/\\\/www.entreculturas.org\\\/ca\\\/podcast\\\/si-se-tiene-esa-inquietud-por-el-voluntariado-el-programa-volpa-vale-tanto-la-pena-que-hay\\\/\",\"name\":\"\u201cSi se tiene esa inquietud por el voluntariado, el programa VOLPA vale tanto la pena que hay que intentarlo hacer incluso con miedo\\\" - Entreculturas\",\"isPartOf\":{\"@id\":\"https:\\\/\\\/www.entreculturas.org\\\/ca\\\/#website\"},\"primaryImageOfPage\":{\"@id\":\"https:\\\/\\\/www.entreculturas.org\\\/ca\\\/podcast\\\/si-se-tiene-esa-inquietud-por-el-voluntariado-el-programa-volpa-vale-tanto-la-pena-que-hay\\\/#primaryimage\"},\"image\":{\"@id\":\"https:\\\/\\\/www.entreculturas.org\\\/ca\\\/podcast\\\/si-se-tiene-esa-inquietud-por-el-voluntariado-el-programa-volpa-vale-tanto-la-pena-que-hay\\\/#primaryimage\"},\"thumbnailUrl\":\"https:\\\/\\\/www.entreculturas.org\\\/wp-content\\\/uploads\\\/2023\\\/07\\\/voluntariado_web.jpg\",\"datePublished\":\"2023-07-06T10:07:42+00:00\",\"dateModified\":\"2024-01-16T10:46:45+00:00\",\"breadcrumb\":{\"@id\":\"https:\\\/\\\/www.entreculturas.org\\\/ca\\\/podcast\\\/si-se-tiene-esa-inquietud-por-el-voluntariado-el-programa-volpa-vale-tanto-la-pena-que-hay\\\/#breadcrumb\"},\"inLanguage\":\"ca\",\"potentialAction\":[{\"@type\":\"ReadAction\",\"target\":[\"https:\\\/\\\/www.entreculturas.org\\\/ca\\\/podcast\\\/si-se-tiene-esa-inquietud-por-el-voluntariado-el-programa-volpa-vale-tanto-la-pena-que-hay\\\/\"]}]},{\"@type\":\"ImageObject\",\"inLanguage\":\"ca\",\"@id\":\"https:\\\/\\\/www.entreculturas.org\\\/ca\\\/podcast\\\/si-se-tiene-esa-inquietud-por-el-voluntariado-el-programa-volpa-vale-tanto-la-pena-que-hay\\\/#primaryimage\",\"url\":\"https:\\\/\\\/www.entreculturas.org\\\/wp-content\\\/uploads\\\/2023\\\/07\\\/voluntariado_web.jpg\",\"contentUrl\":\"https:\\\/\\\/www.entreculturas.org\\\/wp-content\\\/uploads\\\/2023\\\/07\\\/voluntariado_web.jpg\",\"width\":1920,\"height\":1080},{\"@type\":\"BreadcrumbList\",\"@id\":\"https:\\\/\\\/www.entreculturas.org\\\/ca\\\/podcast\\\/si-se-tiene-esa-inquietud-por-el-voluntariado-el-programa-volpa-vale-tanto-la-pena-que-hay\\\/#breadcrumb\",\"itemListElement\":[{\"@type\":\"ListItem\",\"position\":1,\"name\":\"Home\",\"item\":\"https:\\\/\\\/www.entreculturas.org\\\/ca\\\/\"},{\"@type\":\"ListItem\",\"position\":2,\"name\":\"Podcast Julia Navarro\",\"item\":\"https:\\\/\\\/www.entreculturas.org\\\/ca\\\/podcasts\\\/\"},{\"@type\":\"ListItem\",\"position\":3,\"name\":\"\u201cSi se tiene esa inquietud por el voluntariado, el programa VOLPA vale tanto la pena que hay que intentarlo hacer incluso con miedo&#8221;\"}]},{\"@type\":\"WebSite\",\"@id\":\"https:\\\/\\\/www.entreculturas.org\\\/ca\\\/#website\",\"url\":\"https:\\\/\\\/www.entreculturas.org\\\/ca\\\/\",\"name\":\"Entreculturas\",\"description\":\"\",\"publisher\":{\"@id\":\"https:\\\/\\\/www.entreculturas.org\\\/ca\\\/#organization\"},\"alternateName\":\"Entreculturas\",\"potentialAction\":[{\"@type\":\"SearchAction\",\"target\":{\"@type\":\"EntryPoint\",\"urlTemplate\":\"https:\\\/\\\/www.entreculturas.org\\\/ca\\\/?s={search_term_string}\"},\"query-input\":{\"@type\":\"PropertyValueSpecification\",\"valueRequired\":true,\"valueName\":\"search_term_string\"}}],\"inLanguage\":\"ca\"},{\"@type\":\"Organization\",\"@id\":\"https:\\\/\\\/www.entreculturas.org\\\/ca\\\/#organization\",\"name\":\"Entreculturas\",\"url\":\"https:\\\/\\\/www.entreculturas.org\\\/ca\\\/\",\"logo\":{\"@type\":\"ImageObject\",\"inLanguage\":\"ca\",\"@id\":\"https:\\\/\\\/www.entreculturas.org\\\/ca\\\/#\\\/schema\\\/logo\\\/image\\\/\",\"url\":\"https:\\\/\\\/www.entreculturas.org\\\/wp-content\\\/uploads\\\/2025\\\/10\\\/ESP.svg\",\"contentUrl\":\"https:\\\/\\\/www.entreculturas.org\\\/wp-content\\\/uploads\\\/2025\\\/10\\\/ESP.svg\",\"caption\":\"Entreculturas\"},\"image\":{\"@id\":\"https:\\\/\\\/www.entreculturas.org\\\/ca\\\/#\\\/schema\\\/logo\\\/image\\\/\"},\"sameAs\":[\"https:\\\/\\\/www.facebook.com\\\/entreculturas\",\"https:\\\/\\\/x.com\\\/Entreculturas\",\"https:\\\/\\\/www.instagram.com\\\/entreculturas\\\/\",\"https:\\\/\\\/www.youtube.com\\\/user\\\/entreculturasvideo\",\"https:\\\/\\\/www.linkedin.com\\\/company\\\/fundacion-entreculturas-ngdo\\\/\",\"https:\\\/\\\/www.flickr.com\\\/photos\\\/98455522@N04\\\/albums\\\/\"]}]}<\/script>\n<!-- \/ Yoast SEO Premium plugin. -->","yoast_head_json":{"title":"\u201cSi se tiene esa inquietud por el voluntariado, el programa VOLPA vale tanto la pena que hay que intentarlo hacer incluso con miedo\" - Entreculturas","robots":{"index":"index","follow":"follow","max-snippet":"max-snippet:-1","max-image-preview":"max-image-preview:large","max-video-preview":"max-video-preview:-1"},"canonical":"https:\/\/www.entreculturas.org\/ca\/podcast\/si-se-tiene-esa-inquietud-por-el-voluntariado-el-programa-volpa-vale-tanto-la-pena-que-hay\/","og_locale":"ca_ES","og_type":"article","og_title":"\u201cSi se tiene esa inquietud por el voluntariado, el programa VOLPA vale tanto la pena que hay que intentarlo hacer incluso con miedo\"","og_description":"Esta semana en Voces por una Causa, Julia Navarro se acerca al voluntariado. Y, en concreto, del programa de voluntariado internacional de larga duraci\u00f3n que Entreculturas y Alboan promueven, m\u00e1s conocido como el programa VOLPA, que el a\u00f1o pasado cumpli\u00f3 30 a\u00f1os de historia. Para ello, la escritora conversa con Elisa Lesmes, ingeniera industrial, que realiz\u00f3 el programa hace tres a\u00f1os en las proximidades de Cuzco, Per\u00fa.","og_url":"https:\/\/www.entreculturas.org\/ca\/podcast\/si-se-tiene-esa-inquietud-por-el-voluntariado-el-programa-volpa-vale-tanto-la-pena-que-hay\/","og_site_name":"Entreculturas","article_publisher":"https:\/\/www.facebook.com\/entreculturas","article_modified_time":"2024-01-16T10:46:45+00:00","og_image":[{"width":1920,"height":1080,"url":"https:\/\/www.entreculturas.org\/wp-content\/uploads\/2023\/07\/voluntariado_web.jpg","type":"image\/jpeg"}],"twitter_card":"summary_large_image","twitter_site":"@Entreculturas","schema":{"@context":"https:\/\/schema.org","@graph":[{"@type":"WebPage","@id":"https:\/\/www.entreculturas.org\/ca\/podcast\/si-se-tiene-esa-inquietud-por-el-voluntariado-el-programa-volpa-vale-tanto-la-pena-que-hay\/","url":"https:\/\/www.entreculturas.org\/ca\/podcast\/si-se-tiene-esa-inquietud-por-el-voluntariado-el-programa-volpa-vale-tanto-la-pena-que-hay\/","name":"\u201cSi se tiene esa inquietud por el voluntariado, el programa VOLPA vale tanto la pena que hay que intentarlo hacer incluso con miedo\" - Entreculturas","isPartOf":{"@id":"https:\/\/www.entreculturas.org\/ca\/#website"},"primaryImageOfPage":{"@id":"https:\/\/www.entreculturas.org\/ca\/podcast\/si-se-tiene-esa-inquietud-por-el-voluntariado-el-programa-volpa-vale-tanto-la-pena-que-hay\/#primaryimage"},"image":{"@id":"https:\/\/www.entreculturas.org\/ca\/podcast\/si-se-tiene-esa-inquietud-por-el-voluntariado-el-programa-volpa-vale-tanto-la-pena-que-hay\/#primaryimage"},"thumbnailUrl":"https:\/\/www.entreculturas.org\/wp-content\/uploads\/2023\/07\/voluntariado_web.jpg","datePublished":"2023-07-06T10:07:42+00:00","dateModified":"2024-01-16T10:46:45+00:00","breadcrumb":{"@id":"https:\/\/www.entreculturas.org\/ca\/podcast\/si-se-tiene-esa-inquietud-por-el-voluntariado-el-programa-volpa-vale-tanto-la-pena-que-hay\/#breadcrumb"},"inLanguage":"ca","potentialAction":[{"@type":"ReadAction","target":["https:\/\/www.entreculturas.org\/ca\/podcast\/si-se-tiene-esa-inquietud-por-el-voluntariado-el-programa-volpa-vale-tanto-la-pena-que-hay\/"]}]},{"@type":"ImageObject","inLanguage":"ca","@id":"https:\/\/www.entreculturas.org\/ca\/podcast\/si-se-tiene-esa-inquietud-por-el-voluntariado-el-programa-volpa-vale-tanto-la-pena-que-hay\/#primaryimage","url":"https:\/\/www.entreculturas.org\/wp-content\/uploads\/2023\/07\/voluntariado_web.jpg","contentUrl":"https:\/\/www.entreculturas.org\/wp-content\/uploads\/2023\/07\/voluntariado_web.jpg","width":1920,"height":1080},{"@type":"BreadcrumbList","@id":"https:\/\/www.entreculturas.org\/ca\/podcast\/si-se-tiene-esa-inquietud-por-el-voluntariado-el-programa-volpa-vale-tanto-la-pena-que-hay\/#breadcrumb","itemListElement":[{"@type":"ListItem","position":1,"name":"Home","item":"https:\/\/www.entreculturas.org\/ca\/"},{"@type":"ListItem","position":2,"name":"Podcast Julia Navarro","item":"https:\/\/www.entreculturas.org\/ca\/podcasts\/"},{"@type":"ListItem","position":3,"name":"\u201cSi se tiene esa inquietud por el voluntariado, el programa VOLPA vale tanto la pena que hay que intentarlo hacer incluso con miedo&#8221;"}]},{"@type":"WebSite","@id":"https:\/\/www.entreculturas.org\/ca\/#website","url":"https:\/\/www.entreculturas.org\/ca\/","name":"Entreculturas","description":"","publisher":{"@id":"https:\/\/www.entreculturas.org\/ca\/#organization"},"alternateName":"Entreculturas","potentialAction":[{"@type":"SearchAction","target":{"@type":"EntryPoint","urlTemplate":"https:\/\/www.entreculturas.org\/ca\/?s={search_term_string}"},"query-input":{"@type":"PropertyValueSpecification","valueRequired":true,"valueName":"search_term_string"}}],"inLanguage":"ca"},{"@type":"Organization","@id":"https:\/\/www.entreculturas.org\/ca\/#organization","name":"Entreculturas","url":"https:\/\/www.entreculturas.org\/ca\/","logo":{"@type":"ImageObject","inLanguage":"ca","@id":"https:\/\/www.entreculturas.org\/ca\/#\/schema\/logo\/image\/","url":"https:\/\/www.entreculturas.org\/wp-content\/uploads\/2025\/10\/ESP.svg","contentUrl":"https:\/\/www.entreculturas.org\/wp-content\/uploads\/2025\/10\/ESP.svg","caption":"Entreculturas"},"image":{"@id":"https:\/\/www.entreculturas.org\/ca\/#\/schema\/logo\/image\/"},"sameAs":["https:\/\/www.facebook.com\/entreculturas","https:\/\/x.com\/Entreculturas","https:\/\/www.instagram.com\/entreculturas\/","https:\/\/www.youtube.com\/user\/entreculturasvideo","https:\/\/www.linkedin.com\/company\/fundacion-entreculturas-ngdo\/","https:\/\/www.flickr.com\/photos\/98455522@N04\/albums\/"]}]}},"_links":{"self":[{"href":"https:\/\/www.entreculturas.org\/ca\/wp-json\/wp\/v2\/podcast\/7029","targetHints":{"allow":["GET"]}}],"collection":[{"href":"https:\/\/www.entreculturas.org\/ca\/wp-json\/wp\/v2\/podcast"}],"about":[{"href":"https:\/\/www.entreculturas.org\/ca\/wp-json\/wp\/v2\/types\/podcast"}],"wp:featuredmedia":[{"embeddable":true,"href":"https:\/\/www.entreculturas.org\/ca\/wp-json\/wp\/v2\/media\/7028"}],"wp:attachment":[{"href":"https:\/\/www.entreculturas.org\/ca\/wp-json\/wp\/v2\/media?parent=7029"}],"wp:term":[{"taxonomy":"category","embeddable":true,"href":"https:\/\/www.entreculturas.org\/ca\/wp-json\/wp\/v2\/categories?post=7029"},{"taxonomy":"post_tag","embeddable":true,"href":"https:\/\/www.entreculturas.org\/ca\/wp-json\/wp\/v2\/tags?post=7029"}],"curies":[{"name":"wp","href":"https:\/\/api.w.org\/{rel}","templated":true}]}}