{"id":6994,"date":"2023-06-22T08:32:41","date_gmt":"2023-06-22T08:32:41","guid":{"rendered":"https:\/\/entreculturasi.wpenginepowered.com\/?noticias=la-juventud-es-capaz-de-poner-sobre-la-mesa-la-fuerza-y-vision-esperanzadora-que"},"modified":"2024-01-16T11:47:02","modified_gmt":"2024-01-16T10:47:02","slug":"la-juventud-es-capaz-de-poner-sobre-la-mesa-la-fuerza-y-vision-esperanzadora-que","status":"publish","type":"podcast","link":"https:\/\/www.entreculturas.org\/ca\/podcast\/la-juventud-es-capaz-de-poner-sobre-la-mesa-la-fuerza-y-vision-esperanzadora-que\/","title":{"rendered":"&#8220;La juventud es capaz de poner sobre la mesa la fuerza y visi\u00f3n esperanzadora que necesitamos&#8221;"},"content":{"rendered":"<\/p>\n<p>Esta semana en Voces por una Causa, <strong>la escritora Julia Navarro conversa con Clara Maeztu, t\u00e9cnica de Educaci\u00f3n No Formal de Entreculturas<\/strong>. Con ella, nos acercamos al poder transformador que tiene la participaci\u00f3n juvenil en la sociedad.<\/p>\n<p>En este cap\u00edtulo, Clara resalta la importancia que tiene la participaci\u00f3n juvenil. \u201cPromover la participaci\u00f3n desde edades tempranas <strong>es fundamental para que tengamos una ciudadan\u00eda que tome parte de los retos globales a los que nos enfrentamos\u201d<\/strong>, destaca Clara, a\u00f1adiendo que esto requiere de espacios donde poder desarrollar las habilidades, conocimientos y actitudes necesarios para llevar a cabo esa participaci\u00f3n.<\/p>\n<p>Julia le pregunta sobre lo que la juventud nos puede aportar: <strong>\u201cnos dan una visi\u00f3n de la realidad desde su punto de vista que es fundamental<\/strong>, adem\u00e1s de tener una capacidad creativa tremenda y un gran conocimiento de las nuevas tecnolog\u00edas\u201d, afirma Clara. \u201cPero se enfrentan a un <strong>gran obst\u00e1culo, que es la visi\u00f3n adulto-centrista<\/strong> que tenemos de que las decisiones de peso recaen sobre las personas adultas; y no confiamos en nuestra juventud y en su capacidad de reflexionar\u201d, a\u00f1ade.<\/p>\n<p>Clara destaca c\u00f3mo desde Entreculturas trabajamos con el enfoque de <strong>educaci\u00f3n para la ciudadan\u00eda global<\/strong> y que queremos fomentar una ciudadan\u00eda activa y comprometida, \u201centendemos que esto hay que hacerlo de la mano de los j\u00f3venes. Por ello enfocamos nuestro <strong><a href=\"https:\/\/redec.org\/materiales\/\">material educativo<\/a> a la participaci\u00f3n juvenil<\/strong> y tenemos programas de <strong>participaci\u00f3n como la <a href=\"https:\/\/redec.org\/red-solidaria-de-jovenes\/\">Red Solidaria de J\u00f3venes<\/a><\/strong>, en los que damos a los y las j\u00f3venes ese espacio en el que puedan actuar juntos\u201d.<\/p>\n<p>Adem\u00e1s, Clara recalca la cantidad de cosas que los y las j\u00f3venes est\u00e1n dispuestos a hacer, <strong>\u201cquieren hacer much\u00edsimas cosas<\/strong>, siempre sobrepasan el tiempo de nuestras actividades porque quieren seguir reflexionando y debatiendo, tienen much\u00edsimas ideas. Y eso es un concepto que la sociedad no tiene de nuestra juventud\u201d. Nos comenta que los y las j\u00f3venes tienen un gran inter\u00e9s por temas como <strong>el cuidado del medio ambiente y la lucha por la igualdad de g\u00e9nero<\/strong>, y que ellos quieren ser part\u00edcipes de ese cambio.<\/p>\n<p><strong>\u2018Voces por una Causa\u2019 es el podcast semanal de Entreculturas<\/strong>, en el que nos acercamos a la realidad de los pa\u00edses y causas en torno a las que trabajamos y con el que buscamos crear un espacio de reflexi\u00f3n y debate con testimonios y voces en primera persona. Los programas se emiten todos los jueves en nuestro canal de <a href=\"https:\/\/www.youtube.com\/c\/EntreculturasOrg915902672\">Youtube<\/a>, en <a href=\"https:\/\/open.spotify.com\/show\/6dS5JsqnsWrnHL1gwead1A\">Spotify<\/a>, en <a href=\"https:\/\/www.ivoox.com\/perfil-entreculturas_a8_listener_28185270_1.html\">Ivoox<\/a>, y en <a href=\"https:\/\/podcasts.apple.com\/us\/podcast\/entreculturas-voces-por-una-causa\/id1621485462\">Apple Podcast<\/a>.<\/p>\n","protected":false},"excerpt":{"rendered":"<p>Esta semana en Voces por una Causa, la escritora Julia Navarro conversa con Clara Maeztu, t\u00e9cnica de Educaci\u00f3n No Formal de Entreculturas. Con ella, nos acercamos al poder transformador que tiene la participaci\u00f3n juvenil en la sociedad.<\/p>\n","protected":false},"featured_media":6993,"template":"podcast-imagen-sin-banner","meta":{"_acf_changed":false},"categories":[7],"tags":[185],"class_list":["post-6994","podcast","type-podcast","status-publish","has-post-thumbnail","hentry","category-noticia","tag-entreculturas"],"acf":[],"yoast_head":"<!-- This site is optimized with the Yoast SEO Premium plugin v21.6 (Yoast SEO v27.5) - https:\/\/yoast.com\/product\/yoast-seo-premium-wordpress\/ -->\n<title>&quot;La juventud es capaz de poner sobre la mesa la fuerza y visi\u00f3n esperanzadora que necesitamos&quot; - Entreculturas<\/title>\n<meta name=\"robots\" content=\"index, follow, max-snippet:-1, max-image-preview:large, max-video-preview:-1\" \/>\n<link rel=\"canonical\" href=\"https:\/\/www.entreculturas.org\/ca\/podcast\/la-juventud-es-capaz-de-poner-sobre-la-mesa-la-fuerza-y-vision-esperanzadora-que\/\" \/>\n<meta property=\"og:locale\" content=\"ca_ES\" \/>\n<meta property=\"og:type\" content=\"article\" \/>\n<meta property=\"og:title\" content=\"&quot;La juventud es capaz de poner sobre la mesa la fuerza y visi\u00f3n esperanzadora que necesitamos&quot;\" \/>\n<meta property=\"og:description\" content=\"Esta semana en Voces por una Causa, la escritora Julia Navarro conversa con Clara Maeztu, t\u00e9cnica de Educaci\u00f3n No Formal de Entreculturas. Con ella, nos acercamos al poder transformador que tiene la participaci\u00f3n juvenil en la sociedad.\" \/>\n<meta property=\"og:url\" content=\"https:\/\/www.entreculturas.org\/ca\/podcast\/la-juventud-es-capaz-de-poner-sobre-la-mesa-la-fuerza-y-vision-esperanzadora-que\/\" \/>\n<meta property=\"og:site_name\" content=\"Entreculturas\" \/>\n<meta property=\"article:publisher\" content=\"https:\/\/www.facebook.com\/entreculturas\" \/>\n<meta property=\"article:modified_time\" content=\"2024-01-16T10:47:02+00:00\" \/>\n<meta property=\"og:image\" content=\"https:\/\/www.entreculturas.org\/wp-content\/uploads\/2023\/06\/web_-_participacion_juvenil.jpg\" \/>\n\t<meta property=\"og:image:width\" content=\"1920\" \/>\n\t<meta property=\"og:image:height\" content=\"1080\" \/>\n\t<meta property=\"og:image:type\" content=\"image\/jpeg\" \/>\n<meta name=\"twitter:card\" content=\"summary_large_image\" \/>\n<meta name=\"twitter:site\" content=\"@Entreculturas\" \/>\n<script type=\"application\/ld+json\" class=\"yoast-schema-graph\">{\"@context\":\"https:\\\/\\\/schema.org\",\"@graph\":[{\"@type\":\"WebPage\",\"@id\":\"https:\\\/\\\/www.entreculturas.org\\\/ca\\\/podcast\\\/la-juventud-es-capaz-de-poner-sobre-la-mesa-la-fuerza-y-vision-esperanzadora-que\\\/\",\"url\":\"https:\\\/\\\/www.entreculturas.org\\\/ca\\\/podcast\\\/la-juventud-es-capaz-de-poner-sobre-la-mesa-la-fuerza-y-vision-esperanzadora-que\\\/\",\"name\":\"\\\"La juventud es capaz de poner sobre la mesa la fuerza y visi\u00f3n esperanzadora que necesitamos\\\" - Entreculturas\",\"isPartOf\":{\"@id\":\"https:\\\/\\\/www.entreculturas.org\\\/ca\\\/#website\"},\"primaryImageOfPage\":{\"@id\":\"https:\\\/\\\/www.entreculturas.org\\\/ca\\\/podcast\\\/la-juventud-es-capaz-de-poner-sobre-la-mesa-la-fuerza-y-vision-esperanzadora-que\\\/#primaryimage\"},\"image\":{\"@id\":\"https:\\\/\\\/www.entreculturas.org\\\/ca\\\/podcast\\\/la-juventud-es-capaz-de-poner-sobre-la-mesa-la-fuerza-y-vision-esperanzadora-que\\\/#primaryimage\"},\"thumbnailUrl\":\"https:\\\/\\\/www.entreculturas.org\\\/wp-content\\\/uploads\\\/2023\\\/06\\\/web_-_participacion_juvenil.jpg\",\"datePublished\":\"2023-06-22T08:32:41+00:00\",\"dateModified\":\"2024-01-16T10:47:02+00:00\",\"breadcrumb\":{\"@id\":\"https:\\\/\\\/www.entreculturas.org\\\/ca\\\/podcast\\\/la-juventud-es-capaz-de-poner-sobre-la-mesa-la-fuerza-y-vision-esperanzadora-que\\\/#breadcrumb\"},\"inLanguage\":\"ca\",\"potentialAction\":[{\"@type\":\"ReadAction\",\"target\":[\"https:\\\/\\\/www.entreculturas.org\\\/ca\\\/podcast\\\/la-juventud-es-capaz-de-poner-sobre-la-mesa-la-fuerza-y-vision-esperanzadora-que\\\/\"]}]},{\"@type\":\"ImageObject\",\"inLanguage\":\"ca\",\"@id\":\"https:\\\/\\\/www.entreculturas.org\\\/ca\\\/podcast\\\/la-juventud-es-capaz-de-poner-sobre-la-mesa-la-fuerza-y-vision-esperanzadora-que\\\/#primaryimage\",\"url\":\"https:\\\/\\\/www.entreculturas.org\\\/wp-content\\\/uploads\\\/2023\\\/06\\\/web_-_participacion_juvenil.jpg\",\"contentUrl\":\"https:\\\/\\\/www.entreculturas.org\\\/wp-content\\\/uploads\\\/2023\\\/06\\\/web_-_participacion_juvenil.jpg\",\"width\":1920,\"height\":1080},{\"@type\":\"BreadcrumbList\",\"@id\":\"https:\\\/\\\/www.entreculturas.org\\\/ca\\\/podcast\\\/la-juventud-es-capaz-de-poner-sobre-la-mesa-la-fuerza-y-vision-esperanzadora-que\\\/#breadcrumb\",\"itemListElement\":[{\"@type\":\"ListItem\",\"position\":1,\"name\":\"Home\",\"item\":\"https:\\\/\\\/www.entreculturas.org\\\/ca\\\/\"},{\"@type\":\"ListItem\",\"position\":2,\"name\":\"Podcast Julia Navarro\",\"item\":\"https:\\\/\\\/www.entreculturas.org\\\/ca\\\/podcasts\\\/\"},{\"@type\":\"ListItem\",\"position\":3,\"name\":\"&#8220;La juventud es capaz de poner sobre la mesa la fuerza y visi\u00f3n esperanzadora que necesitamos&#8221;\"}]},{\"@type\":\"WebSite\",\"@id\":\"https:\\\/\\\/www.entreculturas.org\\\/ca\\\/#website\",\"url\":\"https:\\\/\\\/www.entreculturas.org\\\/ca\\\/\",\"name\":\"Entreculturas\",\"description\":\"\",\"publisher\":{\"@id\":\"https:\\\/\\\/www.entreculturas.org\\\/ca\\\/#organization\"},\"alternateName\":\"Entreculturas\",\"potentialAction\":[{\"@type\":\"SearchAction\",\"target\":{\"@type\":\"EntryPoint\",\"urlTemplate\":\"https:\\\/\\\/www.entreculturas.org\\\/ca\\\/?s={search_term_string}\"},\"query-input\":{\"@type\":\"PropertyValueSpecification\",\"valueRequired\":true,\"valueName\":\"search_term_string\"}}],\"inLanguage\":\"ca\"},{\"@type\":\"Organization\",\"@id\":\"https:\\\/\\\/www.entreculturas.org\\\/ca\\\/#organization\",\"name\":\"Entreculturas\",\"url\":\"https:\\\/\\\/www.entreculturas.org\\\/ca\\\/\",\"logo\":{\"@type\":\"ImageObject\",\"inLanguage\":\"ca\",\"@id\":\"https:\\\/\\\/www.entreculturas.org\\\/ca\\\/#\\\/schema\\\/logo\\\/image\\\/\",\"url\":\"https:\\\/\\\/www.entreculturas.org\\\/wp-content\\\/uploads\\\/2025\\\/10\\\/ESP.svg\",\"contentUrl\":\"https:\\\/\\\/www.entreculturas.org\\\/wp-content\\\/uploads\\\/2025\\\/10\\\/ESP.svg\",\"caption\":\"Entreculturas\"},\"image\":{\"@id\":\"https:\\\/\\\/www.entreculturas.org\\\/ca\\\/#\\\/schema\\\/logo\\\/image\\\/\"},\"sameAs\":[\"https:\\\/\\\/www.facebook.com\\\/entreculturas\",\"https:\\\/\\\/x.com\\\/Entreculturas\",\"https:\\\/\\\/www.instagram.com\\\/entreculturas\\\/\",\"https:\\\/\\\/www.youtube.com\\\/user\\\/entreculturasvideo\",\"https:\\\/\\\/www.linkedin.com\\\/company\\\/fundacion-entreculturas-ngdo\\\/\",\"https:\\\/\\\/www.flickr.com\\\/photos\\\/98455522@N04\\\/albums\\\/\"]}]}<\/script>\n<!-- \/ Yoast SEO Premium plugin. -->","yoast_head_json":{"title":"\"La juventud es capaz de poner sobre la mesa la fuerza y visi\u00f3n esperanzadora que necesitamos\" - Entreculturas","robots":{"index":"index","follow":"follow","max-snippet":"max-snippet:-1","max-image-preview":"max-image-preview:large","max-video-preview":"max-video-preview:-1"},"canonical":"https:\/\/www.entreculturas.org\/ca\/podcast\/la-juventud-es-capaz-de-poner-sobre-la-mesa-la-fuerza-y-vision-esperanzadora-que\/","og_locale":"ca_ES","og_type":"article","og_title":"\"La juventud es capaz de poner sobre la mesa la fuerza y visi\u00f3n esperanzadora que necesitamos\"","og_description":"Esta semana en Voces por una Causa, la escritora Julia Navarro conversa con Clara Maeztu, t\u00e9cnica de Educaci\u00f3n No Formal de Entreculturas. Con ella, nos acercamos al poder transformador que tiene la participaci\u00f3n juvenil en la sociedad.","og_url":"https:\/\/www.entreculturas.org\/ca\/podcast\/la-juventud-es-capaz-de-poner-sobre-la-mesa-la-fuerza-y-vision-esperanzadora-que\/","og_site_name":"Entreculturas","article_publisher":"https:\/\/www.facebook.com\/entreculturas","article_modified_time":"2024-01-16T10:47:02+00:00","og_image":[{"width":1920,"height":1080,"url":"https:\/\/www.entreculturas.org\/wp-content\/uploads\/2023\/06\/web_-_participacion_juvenil.jpg","type":"image\/jpeg"}],"twitter_card":"summary_large_image","twitter_site":"@Entreculturas","schema":{"@context":"https:\/\/schema.org","@graph":[{"@type":"WebPage","@id":"https:\/\/www.entreculturas.org\/ca\/podcast\/la-juventud-es-capaz-de-poner-sobre-la-mesa-la-fuerza-y-vision-esperanzadora-que\/","url":"https:\/\/www.entreculturas.org\/ca\/podcast\/la-juventud-es-capaz-de-poner-sobre-la-mesa-la-fuerza-y-vision-esperanzadora-que\/","name":"\"La juventud es capaz de poner sobre la mesa la fuerza y visi\u00f3n esperanzadora que necesitamos\" - Entreculturas","isPartOf":{"@id":"https:\/\/www.entreculturas.org\/ca\/#website"},"primaryImageOfPage":{"@id":"https:\/\/www.entreculturas.org\/ca\/podcast\/la-juventud-es-capaz-de-poner-sobre-la-mesa-la-fuerza-y-vision-esperanzadora-que\/#primaryimage"},"image":{"@id":"https:\/\/www.entreculturas.org\/ca\/podcast\/la-juventud-es-capaz-de-poner-sobre-la-mesa-la-fuerza-y-vision-esperanzadora-que\/#primaryimage"},"thumbnailUrl":"https:\/\/www.entreculturas.org\/wp-content\/uploads\/2023\/06\/web_-_participacion_juvenil.jpg","datePublished":"2023-06-22T08:32:41+00:00","dateModified":"2024-01-16T10:47:02+00:00","breadcrumb":{"@id":"https:\/\/www.entreculturas.org\/ca\/podcast\/la-juventud-es-capaz-de-poner-sobre-la-mesa-la-fuerza-y-vision-esperanzadora-que\/#breadcrumb"},"inLanguage":"ca","potentialAction":[{"@type":"ReadAction","target":["https:\/\/www.entreculturas.org\/ca\/podcast\/la-juventud-es-capaz-de-poner-sobre-la-mesa-la-fuerza-y-vision-esperanzadora-que\/"]}]},{"@type":"ImageObject","inLanguage":"ca","@id":"https:\/\/www.entreculturas.org\/ca\/podcast\/la-juventud-es-capaz-de-poner-sobre-la-mesa-la-fuerza-y-vision-esperanzadora-que\/#primaryimage","url":"https:\/\/www.entreculturas.org\/wp-content\/uploads\/2023\/06\/web_-_participacion_juvenil.jpg","contentUrl":"https:\/\/www.entreculturas.org\/wp-content\/uploads\/2023\/06\/web_-_participacion_juvenil.jpg","width":1920,"height":1080},{"@type":"BreadcrumbList","@id":"https:\/\/www.entreculturas.org\/ca\/podcast\/la-juventud-es-capaz-de-poner-sobre-la-mesa-la-fuerza-y-vision-esperanzadora-que\/#breadcrumb","itemListElement":[{"@type":"ListItem","position":1,"name":"Home","item":"https:\/\/www.entreculturas.org\/ca\/"},{"@type":"ListItem","position":2,"name":"Podcast Julia Navarro","item":"https:\/\/www.entreculturas.org\/ca\/podcasts\/"},{"@type":"ListItem","position":3,"name":"&#8220;La juventud es capaz de poner sobre la mesa la fuerza y visi\u00f3n esperanzadora que necesitamos&#8221;"}]},{"@type":"WebSite","@id":"https:\/\/www.entreculturas.org\/ca\/#website","url":"https:\/\/www.entreculturas.org\/ca\/","name":"Entreculturas","description":"","publisher":{"@id":"https:\/\/www.entreculturas.org\/ca\/#organization"},"alternateName":"Entreculturas","potentialAction":[{"@type":"SearchAction","target":{"@type":"EntryPoint","urlTemplate":"https:\/\/www.entreculturas.org\/ca\/?s={search_term_string}"},"query-input":{"@type":"PropertyValueSpecification","valueRequired":true,"valueName":"search_term_string"}}],"inLanguage":"ca"},{"@type":"Organization","@id":"https:\/\/www.entreculturas.org\/ca\/#organization","name":"Entreculturas","url":"https:\/\/www.entreculturas.org\/ca\/","logo":{"@type":"ImageObject","inLanguage":"ca","@id":"https:\/\/www.entreculturas.org\/ca\/#\/schema\/logo\/image\/","url":"https:\/\/www.entreculturas.org\/wp-content\/uploads\/2025\/10\/ESP.svg","contentUrl":"https:\/\/www.entreculturas.org\/wp-content\/uploads\/2025\/10\/ESP.svg","caption":"Entreculturas"},"image":{"@id":"https:\/\/www.entreculturas.org\/ca\/#\/schema\/logo\/image\/"},"sameAs":["https:\/\/www.facebook.com\/entreculturas","https:\/\/x.com\/Entreculturas","https:\/\/www.instagram.com\/entreculturas\/","https:\/\/www.youtube.com\/user\/entreculturasvideo","https:\/\/www.linkedin.com\/company\/fundacion-entreculturas-ngdo\/","https:\/\/www.flickr.com\/photos\/98455522@N04\/albums\/"]}]}},"_links":{"self":[{"href":"https:\/\/www.entreculturas.org\/ca\/wp-json\/wp\/v2\/podcast\/6994","targetHints":{"allow":["GET"]}}],"collection":[{"href":"https:\/\/www.entreculturas.org\/ca\/wp-json\/wp\/v2\/podcast"}],"about":[{"href":"https:\/\/www.entreculturas.org\/ca\/wp-json\/wp\/v2\/types\/podcast"}],"wp:featuredmedia":[{"embeddable":true,"href":"https:\/\/www.entreculturas.org\/ca\/wp-json\/wp\/v2\/media\/6993"}],"wp:attachment":[{"href":"https:\/\/www.entreculturas.org\/ca\/wp-json\/wp\/v2\/media?parent=6994"}],"wp:term":[{"taxonomy":"category","embeddable":true,"href":"https:\/\/www.entreculturas.org\/ca\/wp-json\/wp\/v2\/categories?post=6994"},{"taxonomy":"post_tag","embeddable":true,"href":"https:\/\/www.entreculturas.org\/ca\/wp-json\/wp\/v2\/tags?post=6994"}],"curies":[{"name":"wp","href":"https:\/\/api.w.org\/{rel}","templated":true}]}}