{"id":6967,"date":"2023-05-25T14:53:28","date_gmt":"2023-05-25T14:53:28","guid":{"rendered":"https:\/\/entreculturasi.wpenginepowered.com\/?noticias=tengo-esperanza-en-el-futuro-si-no-la-tuviese-no-estaria-en-esta-lucha-contra-la-mutilacion"},"modified":"2024-01-16T11:47:02","modified_gmt":"2024-01-16T10:47:02","slug":"tengo-esperanza-en-el-futuro-si-no-la-tuviese-no-estaria-en-esta-lucha-contra-la-mutilacion","status":"publish","type":"podcast","link":"https:\/\/www.entreculturas.org\/ca\/podcast\/tengo-esperanza-en-el-futuro-si-no-la-tuviese-no-estaria-en-esta-lucha-contra-la-mutilacion\/","title":{"rendered":"&#8220;Tengo esperanza en el futuro, si no la tuviese no estar\u00eda en esta lucha contra la mutilaci\u00f3n genital femenina&#8221;"},"content":{"rendered":"<\/p>\n<p>Hoy, D\u00eda de \u00c1frica, <strong>la escritora Julia Navarro conversa con la activista keniana de derechos humanos Asha Ismail<\/strong> en nuestro podcast semanal Voces por una Causa. Asha es fundadora de la asociaci\u00f3n \u2018<a href=\"https:\/\/www.saveagirlsaveageneration.org\/en\/home\/\">Save a Girl Save a Generation<\/a>\u2019, cuya misi\u00f3n es acabar con la mutilaci\u00f3n genital femenina, el sistema de dotes, el matrimonio forzado y otros abusos y formas de violencia contra las mujeres en \u00c1frica y Asia. A trav\u00e9s de su testimonio, nos acercamos al infatigable trabajo que lleva realizando en este \u00e1mbito desde 2007.&nbsp;<\/p>\n<p>En este cap\u00edtulo de nuestro podcast, <strong>Asha relata los distintos acontecimientos de su vida que la han llevado a ser una activista por los derechos de las ni\u00f1as y las mujeres<\/strong>. Explica su experiencia como superviviente de la mutilaci\u00f3n genital femenia, una agresi\u00f3n que sufri\u00f3 con cinco a\u00f1os en su Kenia natal. Sus palabras muestran la importancia que tiene la mutilaci\u00f3n genital femenina en el \u00e1mbito social y c\u00f3mo las propias familias de las ni\u00f1as la impulsan con el fin de ganar estatus a la hora de casarlas, ya que \u201cas\u00ed aseguran su virginidad hasta el d\u00eda de la boda\u201d.<\/p>\n<p>Asha contin\u00faa relatando los distintos pasos que recorri\u00f3 para acabar cuestionando esta pr\u00e1ctica aceptada culturalmente en su comunidad, al mismo tiempo que sufr\u00eda durante a\u00f1os un matrimonio forzado con un hombre que no conoc\u00eda: <strong>\u201cA este casamiento lo llamo \u2018venta\u2019 porque a m\u00ed me compraron, pagando una cantidad a mi familia\u201d<\/strong>, sentencia Asha. Una prisi\u00f3n en donde sufri\u00f3 graves da\u00f1os genitales a consecuencia de la violaci\u00f3n que sufri\u00f3 durante la noche de bodas y que desencaden\u00f3 en el nacimiento de su hija.&nbsp;&nbsp;<\/p>\n<p>Asha explica a Julia c\u00f3mo y cu\u00e1ndo decidi\u00f3 trabajar para que no solamente su hija no sufriera lo mismo, sino que ninguna ni\u00f1a en \u00c1frica tuviera que pasar por lo que hab\u00eda pasado ella: <strong>\u201cEl nacimiento de mi hija es el punto de inflexi\u00f3n y desde donde nace todo lo que hago\u201d<\/strong>. A partir de su nuevo estatus como madre pudo hablar con otras mujeres tanto de la mutilaci\u00f3n genital femenina como de los matrimonios forzosos y organizarse para huir, y lo consiguieron madre e hija a pesar del estallido de la guerra de Somalia.&nbsp;<\/p>\n<p>Finalmente, Asha cuenta c\u00f3mo surgi\u00f3 la idea de \u2018Save a Girl Save a Generation\u2019 y el trabajo que hacen: <strong>\u201cRealizamos talleres de sensibilizaci\u00f3n y estamos trabajando con mujeres que provienen de comunidades que practican la mutilaci\u00f3n genital femenina\u201d<\/strong>. Adem\u00e1s, se\u00f1ala que en Kenia trabajan con distintos grupos de mujeres que reciben formaci\u00f3n para que sean ellas las que expliquen las consecuencias que supone la mutilaci\u00f3n genital femenina.&nbsp;&nbsp;<\/p>\n<p><strong>\u2018Voces por una Causa\u2019 es el podcast semanal de Entreculturas<\/strong>, en el que nos acercamos a la realidad de los pa\u00edses y causas en torno a las que trabajamos y con el que buscamos crear un espacio de reflexi\u00f3n y debate con testimonios y voces en primera persona. Los programas se emiten todos los jueves en nuestro canal de Youtube, en Spotify, en Ivoox, y en Apple Podcast.<\/p>\n","protected":false},"excerpt":{"rendered":"<p>Hoy, D\u00eda de \u00c1frica, la escritora Julia Navarro conversa con la activista keniana de derechos humanos Asha Ismail en nuestro podcast semanal Voces por una Causa. Asha es fundadora de la asociaci\u00f3n \u2018Save a Girl Save a Generation\u2019, cuya misi\u00f3n es acabar con la mutilaci\u00f3n genital femenina, el sistema de dotes, el matrimonio forzado y otros abusos y formas de violencia contra las mujeres en \u00c1frica y Asia. A trav\u00e9s de su testimonio, nos acercamos al infatigable trabajo que lleva realizando en este \u00e1mbito desde 2007. <\/p>\n","protected":false},"featured_media":6966,"template":"podcast-imagen-sin-banner","meta":{"_acf_changed":false},"categories":[7],"tags":[185],"class_list":["post-6967","podcast","type-podcast","status-publish","has-post-thumbnail","hentry","category-noticia","tag-entreculturas"],"acf":[],"yoast_head":"<!-- This site is optimized with the Yoast SEO Premium plugin v21.6 (Yoast SEO v27.5) - https:\/\/yoast.com\/product\/yoast-seo-premium-wordpress\/ -->\n<title>&quot;Tengo esperanza en el futuro, si no la tuviese no estar\u00eda en esta lucha contra la mutilaci\u00f3n genital femenina&quot; - Entreculturas<\/title>\n<meta name=\"robots\" content=\"index, follow, max-snippet:-1, max-image-preview:large, max-video-preview:-1\" \/>\n<link rel=\"canonical\" href=\"https:\/\/www.entreculturas.org\/ca\/podcast\/tengo-esperanza-en-el-futuro-si-no-la-tuviese-no-estaria-en-esta-lucha-contra-la-mutilacion\/\" \/>\n<meta property=\"og:locale\" content=\"ca_ES\" \/>\n<meta property=\"og:type\" content=\"article\" \/>\n<meta property=\"og:title\" content=\"&quot;Tengo esperanza en el futuro, si no la tuviese no estar\u00eda en esta lucha contra la mutilaci\u00f3n genital femenina&quot;\" \/>\n<meta property=\"og:description\" content=\"Hoy, D\u00eda de \u00c1frica, la escritora Julia Navarro conversa con la activista keniana de derechos humanos Asha Ismail en nuestro podcast semanal Voces por una Causa. Asha es fundadora de la asociaci\u00f3n \u2018Save a Girl Save a Generation\u2019, cuya misi\u00f3n es acabar con la mutilaci\u00f3n genital femenina, el sistema de dotes, el matrimonio forzado y otros abusos y formas de violencia contra las mujeres en \u00c1frica y Asia. A trav\u00e9s de su testimonio, nos acercamos al infatigable trabajo que lleva realizando en este \u00e1mbito desde 2007.\" \/>\n<meta property=\"og:url\" content=\"https:\/\/www.entreculturas.org\/ca\/podcast\/tengo-esperanza-en-el-futuro-si-no-la-tuviese-no-estaria-en-esta-lucha-contra-la-mutilacion\/\" \/>\n<meta property=\"og:site_name\" content=\"Entreculturas\" \/>\n<meta property=\"article:publisher\" content=\"https:\/\/www.facebook.com\/entreculturas\" \/>\n<meta property=\"article:modified_time\" content=\"2024-01-16T10:47:02+00:00\" \/>\n<meta property=\"og:image\" content=\"https:\/\/www.entreculturas.org\/wp-content\/uploads\/2023\/05\/web_-_asha.jpg\" \/>\n\t<meta property=\"og:image:width\" content=\"1920\" \/>\n\t<meta property=\"og:image:height\" content=\"1080\" \/>\n\t<meta property=\"og:image:type\" content=\"image\/jpeg\" \/>\n<meta name=\"twitter:card\" content=\"summary_large_image\" \/>\n<meta name=\"twitter:site\" content=\"@Entreculturas\" \/>\n<script type=\"application\/ld+json\" class=\"yoast-schema-graph\">{\"@context\":\"https:\\\/\\\/schema.org\",\"@graph\":[{\"@type\":\"WebPage\",\"@id\":\"https:\\\/\\\/www.entreculturas.org\\\/ca\\\/podcast\\\/tengo-esperanza-en-el-futuro-si-no-la-tuviese-no-estaria-en-esta-lucha-contra-la-mutilacion\\\/\",\"url\":\"https:\\\/\\\/www.entreculturas.org\\\/ca\\\/podcast\\\/tengo-esperanza-en-el-futuro-si-no-la-tuviese-no-estaria-en-esta-lucha-contra-la-mutilacion\\\/\",\"name\":\"\\\"Tengo esperanza en el futuro, si no la tuviese no estar\u00eda en esta lucha contra la mutilaci\u00f3n genital femenina\\\" - Entreculturas\",\"isPartOf\":{\"@id\":\"https:\\\/\\\/www.entreculturas.org\\\/ca\\\/#website\"},\"primaryImageOfPage\":{\"@id\":\"https:\\\/\\\/www.entreculturas.org\\\/ca\\\/podcast\\\/tengo-esperanza-en-el-futuro-si-no-la-tuviese-no-estaria-en-esta-lucha-contra-la-mutilacion\\\/#primaryimage\"},\"image\":{\"@id\":\"https:\\\/\\\/www.entreculturas.org\\\/ca\\\/podcast\\\/tengo-esperanza-en-el-futuro-si-no-la-tuviese-no-estaria-en-esta-lucha-contra-la-mutilacion\\\/#primaryimage\"},\"thumbnailUrl\":\"https:\\\/\\\/www.entreculturas.org\\\/wp-content\\\/uploads\\\/2023\\\/05\\\/web_-_asha.jpg\",\"datePublished\":\"2023-05-25T14:53:28+00:00\",\"dateModified\":\"2024-01-16T10:47:02+00:00\",\"breadcrumb\":{\"@id\":\"https:\\\/\\\/www.entreculturas.org\\\/ca\\\/podcast\\\/tengo-esperanza-en-el-futuro-si-no-la-tuviese-no-estaria-en-esta-lucha-contra-la-mutilacion\\\/#breadcrumb\"},\"inLanguage\":\"ca\",\"potentialAction\":[{\"@type\":\"ReadAction\",\"target\":[\"https:\\\/\\\/www.entreculturas.org\\\/ca\\\/podcast\\\/tengo-esperanza-en-el-futuro-si-no-la-tuviese-no-estaria-en-esta-lucha-contra-la-mutilacion\\\/\"]}]},{\"@type\":\"ImageObject\",\"inLanguage\":\"ca\",\"@id\":\"https:\\\/\\\/www.entreculturas.org\\\/ca\\\/podcast\\\/tengo-esperanza-en-el-futuro-si-no-la-tuviese-no-estaria-en-esta-lucha-contra-la-mutilacion\\\/#primaryimage\",\"url\":\"https:\\\/\\\/www.entreculturas.org\\\/wp-content\\\/uploads\\\/2023\\\/05\\\/web_-_asha.jpg\",\"contentUrl\":\"https:\\\/\\\/www.entreculturas.org\\\/wp-content\\\/uploads\\\/2023\\\/05\\\/web_-_asha.jpg\",\"width\":1920,\"height\":1080},{\"@type\":\"BreadcrumbList\",\"@id\":\"https:\\\/\\\/www.entreculturas.org\\\/ca\\\/podcast\\\/tengo-esperanza-en-el-futuro-si-no-la-tuviese-no-estaria-en-esta-lucha-contra-la-mutilacion\\\/#breadcrumb\",\"itemListElement\":[{\"@type\":\"ListItem\",\"position\":1,\"name\":\"Home\",\"item\":\"https:\\\/\\\/www.entreculturas.org\\\/ca\\\/\"},{\"@type\":\"ListItem\",\"position\":2,\"name\":\"Podcast Julia Navarro\",\"item\":\"https:\\\/\\\/www.entreculturas.org\\\/ca\\\/podcasts\\\/\"},{\"@type\":\"ListItem\",\"position\":3,\"name\":\"&#8220;Tengo esperanza en el futuro, si no la tuviese no estar\u00eda en esta lucha contra la mutilaci\u00f3n genital femenina&#8221;\"}]},{\"@type\":\"WebSite\",\"@id\":\"https:\\\/\\\/www.entreculturas.org\\\/ca\\\/#website\",\"url\":\"https:\\\/\\\/www.entreculturas.org\\\/ca\\\/\",\"name\":\"Entreculturas\",\"description\":\"\",\"publisher\":{\"@id\":\"https:\\\/\\\/www.entreculturas.org\\\/ca\\\/#organization\"},\"alternateName\":\"Entreculturas\",\"potentialAction\":[{\"@type\":\"SearchAction\",\"target\":{\"@type\":\"EntryPoint\",\"urlTemplate\":\"https:\\\/\\\/www.entreculturas.org\\\/ca\\\/?s={search_term_string}\"},\"query-input\":{\"@type\":\"PropertyValueSpecification\",\"valueRequired\":true,\"valueName\":\"search_term_string\"}}],\"inLanguage\":\"ca\"},{\"@type\":\"Organization\",\"@id\":\"https:\\\/\\\/www.entreculturas.org\\\/ca\\\/#organization\",\"name\":\"Entreculturas\",\"url\":\"https:\\\/\\\/www.entreculturas.org\\\/ca\\\/\",\"logo\":{\"@type\":\"ImageObject\",\"inLanguage\":\"ca\",\"@id\":\"https:\\\/\\\/www.entreculturas.org\\\/ca\\\/#\\\/schema\\\/logo\\\/image\\\/\",\"url\":\"https:\\\/\\\/www.entreculturas.org\\\/wp-content\\\/uploads\\\/2025\\\/10\\\/ESP.svg\",\"contentUrl\":\"https:\\\/\\\/www.entreculturas.org\\\/wp-content\\\/uploads\\\/2025\\\/10\\\/ESP.svg\",\"caption\":\"Entreculturas\"},\"image\":{\"@id\":\"https:\\\/\\\/www.entreculturas.org\\\/ca\\\/#\\\/schema\\\/logo\\\/image\\\/\"},\"sameAs\":[\"https:\\\/\\\/www.facebook.com\\\/entreculturas\",\"https:\\\/\\\/x.com\\\/Entreculturas\",\"https:\\\/\\\/www.instagram.com\\\/entreculturas\\\/\",\"https:\\\/\\\/www.youtube.com\\\/user\\\/entreculturasvideo\",\"https:\\\/\\\/www.linkedin.com\\\/company\\\/fundacion-entreculturas-ngdo\\\/\",\"https:\\\/\\\/www.flickr.com\\\/photos\\\/98455522@N04\\\/albums\\\/\"]}]}<\/script>\n<!-- \/ Yoast SEO Premium plugin. -->","yoast_head_json":{"title":"\"Tengo esperanza en el futuro, si no la tuviese no estar\u00eda en esta lucha contra la mutilaci\u00f3n genital femenina\" - Entreculturas","robots":{"index":"index","follow":"follow","max-snippet":"max-snippet:-1","max-image-preview":"max-image-preview:large","max-video-preview":"max-video-preview:-1"},"canonical":"https:\/\/www.entreculturas.org\/ca\/podcast\/tengo-esperanza-en-el-futuro-si-no-la-tuviese-no-estaria-en-esta-lucha-contra-la-mutilacion\/","og_locale":"ca_ES","og_type":"article","og_title":"\"Tengo esperanza en el futuro, si no la tuviese no estar\u00eda en esta lucha contra la mutilaci\u00f3n genital femenina\"","og_description":"Hoy, D\u00eda de \u00c1frica, la escritora Julia Navarro conversa con la activista keniana de derechos humanos Asha Ismail en nuestro podcast semanal Voces por una Causa. Asha es fundadora de la asociaci\u00f3n \u2018Save a Girl Save a Generation\u2019, cuya misi\u00f3n es acabar con la mutilaci\u00f3n genital femenina, el sistema de dotes, el matrimonio forzado y otros abusos y formas de violencia contra las mujeres en \u00c1frica y Asia. A trav\u00e9s de su testimonio, nos acercamos al infatigable trabajo que lleva realizando en este \u00e1mbito desde 2007.","og_url":"https:\/\/www.entreculturas.org\/ca\/podcast\/tengo-esperanza-en-el-futuro-si-no-la-tuviese-no-estaria-en-esta-lucha-contra-la-mutilacion\/","og_site_name":"Entreculturas","article_publisher":"https:\/\/www.facebook.com\/entreculturas","article_modified_time":"2024-01-16T10:47:02+00:00","og_image":[{"width":1920,"height":1080,"url":"https:\/\/www.entreculturas.org\/wp-content\/uploads\/2023\/05\/web_-_asha.jpg","type":"image\/jpeg"}],"twitter_card":"summary_large_image","twitter_site":"@Entreculturas","schema":{"@context":"https:\/\/schema.org","@graph":[{"@type":"WebPage","@id":"https:\/\/www.entreculturas.org\/ca\/podcast\/tengo-esperanza-en-el-futuro-si-no-la-tuviese-no-estaria-en-esta-lucha-contra-la-mutilacion\/","url":"https:\/\/www.entreculturas.org\/ca\/podcast\/tengo-esperanza-en-el-futuro-si-no-la-tuviese-no-estaria-en-esta-lucha-contra-la-mutilacion\/","name":"\"Tengo esperanza en el futuro, si no la tuviese no estar\u00eda en esta lucha contra la mutilaci\u00f3n genital femenina\" - Entreculturas","isPartOf":{"@id":"https:\/\/www.entreculturas.org\/ca\/#website"},"primaryImageOfPage":{"@id":"https:\/\/www.entreculturas.org\/ca\/podcast\/tengo-esperanza-en-el-futuro-si-no-la-tuviese-no-estaria-en-esta-lucha-contra-la-mutilacion\/#primaryimage"},"image":{"@id":"https:\/\/www.entreculturas.org\/ca\/podcast\/tengo-esperanza-en-el-futuro-si-no-la-tuviese-no-estaria-en-esta-lucha-contra-la-mutilacion\/#primaryimage"},"thumbnailUrl":"https:\/\/www.entreculturas.org\/wp-content\/uploads\/2023\/05\/web_-_asha.jpg","datePublished":"2023-05-25T14:53:28+00:00","dateModified":"2024-01-16T10:47:02+00:00","breadcrumb":{"@id":"https:\/\/www.entreculturas.org\/ca\/podcast\/tengo-esperanza-en-el-futuro-si-no-la-tuviese-no-estaria-en-esta-lucha-contra-la-mutilacion\/#breadcrumb"},"inLanguage":"ca","potentialAction":[{"@type":"ReadAction","target":["https:\/\/www.entreculturas.org\/ca\/podcast\/tengo-esperanza-en-el-futuro-si-no-la-tuviese-no-estaria-en-esta-lucha-contra-la-mutilacion\/"]}]},{"@type":"ImageObject","inLanguage":"ca","@id":"https:\/\/www.entreculturas.org\/ca\/podcast\/tengo-esperanza-en-el-futuro-si-no-la-tuviese-no-estaria-en-esta-lucha-contra-la-mutilacion\/#primaryimage","url":"https:\/\/www.entreculturas.org\/wp-content\/uploads\/2023\/05\/web_-_asha.jpg","contentUrl":"https:\/\/www.entreculturas.org\/wp-content\/uploads\/2023\/05\/web_-_asha.jpg","width":1920,"height":1080},{"@type":"BreadcrumbList","@id":"https:\/\/www.entreculturas.org\/ca\/podcast\/tengo-esperanza-en-el-futuro-si-no-la-tuviese-no-estaria-en-esta-lucha-contra-la-mutilacion\/#breadcrumb","itemListElement":[{"@type":"ListItem","position":1,"name":"Home","item":"https:\/\/www.entreculturas.org\/ca\/"},{"@type":"ListItem","position":2,"name":"Podcast Julia Navarro","item":"https:\/\/www.entreculturas.org\/ca\/podcasts\/"},{"@type":"ListItem","position":3,"name":"&#8220;Tengo esperanza en el futuro, si no la tuviese no estar\u00eda en esta lucha contra la mutilaci\u00f3n genital femenina&#8221;"}]},{"@type":"WebSite","@id":"https:\/\/www.entreculturas.org\/ca\/#website","url":"https:\/\/www.entreculturas.org\/ca\/","name":"Entreculturas","description":"","publisher":{"@id":"https:\/\/www.entreculturas.org\/ca\/#organization"},"alternateName":"Entreculturas","potentialAction":[{"@type":"SearchAction","target":{"@type":"EntryPoint","urlTemplate":"https:\/\/www.entreculturas.org\/ca\/?s={search_term_string}"},"query-input":{"@type":"PropertyValueSpecification","valueRequired":true,"valueName":"search_term_string"}}],"inLanguage":"ca"},{"@type":"Organization","@id":"https:\/\/www.entreculturas.org\/ca\/#organization","name":"Entreculturas","url":"https:\/\/www.entreculturas.org\/ca\/","logo":{"@type":"ImageObject","inLanguage":"ca","@id":"https:\/\/www.entreculturas.org\/ca\/#\/schema\/logo\/image\/","url":"https:\/\/www.entreculturas.org\/wp-content\/uploads\/2025\/10\/ESP.svg","contentUrl":"https:\/\/www.entreculturas.org\/wp-content\/uploads\/2025\/10\/ESP.svg","caption":"Entreculturas"},"image":{"@id":"https:\/\/www.entreculturas.org\/ca\/#\/schema\/logo\/image\/"},"sameAs":["https:\/\/www.facebook.com\/entreculturas","https:\/\/x.com\/Entreculturas","https:\/\/www.instagram.com\/entreculturas\/","https:\/\/www.youtube.com\/user\/entreculturasvideo","https:\/\/www.linkedin.com\/company\/fundacion-entreculturas-ngdo\/","https:\/\/www.flickr.com\/photos\/98455522@N04\/albums\/"]}]}},"_links":{"self":[{"href":"https:\/\/www.entreculturas.org\/ca\/wp-json\/wp\/v2\/podcast\/6967","targetHints":{"allow":["GET"]}}],"collection":[{"href":"https:\/\/www.entreculturas.org\/ca\/wp-json\/wp\/v2\/podcast"}],"about":[{"href":"https:\/\/www.entreculturas.org\/ca\/wp-json\/wp\/v2\/types\/podcast"}],"wp:featuredmedia":[{"embeddable":true,"href":"https:\/\/www.entreculturas.org\/ca\/wp-json\/wp\/v2\/media\/6966"}],"wp:attachment":[{"href":"https:\/\/www.entreculturas.org\/ca\/wp-json\/wp\/v2\/media?parent=6967"}],"wp:term":[{"taxonomy":"category","embeddable":true,"href":"https:\/\/www.entreculturas.org\/ca\/wp-json\/wp\/v2\/categories?post=6967"},{"taxonomy":"post_tag","embeddable":true,"href":"https:\/\/www.entreculturas.org\/ca\/wp-json\/wp\/v2\/tags?post=6967"}],"curies":[{"name":"wp","href":"https:\/\/api.w.org\/{rel}","templated":true}]}}