{"id":6950,"date":"2023-04-27T10:26:10","date_gmt":"2023-04-27T10:26:10","guid":{"rendered":"https:\/\/entreculturasi.wpenginepowered.com\/?noticias=la-banca-etica-incide-en-la-mejora-de-la-comunidad-del-ecosistema-y-de-las-condiciones-de"},"modified":"2024-01-16T11:47:02","modified_gmt":"2024-01-16T10:47:02","slug":"la-banca-etica-incide-en-la-mejora-de-la-comunidad-del-ecosistema-y-de-las-condiciones-de","status":"publish","type":"podcast","link":"https:\/\/www.entreculturas.org\/ca\/podcast\/la-banca-etica-incide-en-la-mejora-de-la-comunidad-del-ecosistema-y-de-las-condiciones-de\/","title":{"rendered":"&#8220;La banca \u00e9tica incide en la mejora de la comunidad, del ecosistema y de las condiciones de vida de la gente&#8221;"},"content":{"rendered":"<p dir=\"ltr\" style=\"line-height:1.38;text-align: justify;margin-top:12pt;margin-bottom:12pt\"><span id=\"docs-internal-guid-982dbf4c-7fff-7e60-c965-887048649758\"><span style=\"font-size: 11pt;font-family: Arial\"><\/span><\/span><\/p>\n<p dir=\"ltr\" style=\"line-height:1.38;text-align: justify;margin-top:12pt;margin-bottom:12pt\">Esta semana en Voces por una Causa, la escritora Julia Navarro conversa con<strong> Juan Garibi, Director Comercial y de Estrategia de Fiare Banca \u00c9tica<\/strong>. A trav\u00e9s de su testimonio, profundizaremos en un concepto que no es nuevo, pero s\u00ed poco conocido: las finanzas \u00e9ticas. Y para ello nos acercamos a <strong>Fiare Banca \u00c9tica.<\/strong><\/p>\n<p>En este cap\u00edtulo, Juan profundiza en el t\u00e9rmino de \u201cbanca \u00e9tica\u201d y en lo que se diferencia con las dem\u00e1s entidades financieras que conocemos: \u201cLa diferencia fundamental es que s\u00f3lo realiza aquel tipo de servicio que incide en una mejora de la comunidad, del ecosistema, de las condiciones de vida de la gente\u201d. Contin\u00faa afirmando que <strong>\u201cs\u00f3lo financia cosas \u00e9ticas, buenas y constructoras de una sociedad distinta\u201d<\/strong><\/p>\n<p>Juan y Julia conversan sobre c\u00f3mo surgi\u00f3 la idea de Fiare Banca \u00c9tica y sobre cu\u00e1l es su modelo de organizaci\u00f3n: \u201cPor un lado, organizamos a los socios por grupos territoriales, cada grupo se organiza para trabajar en su territorio; por otro lado, nos organizamos por un sistema que llamamos <strong>portadores de valor<\/strong>, que consiste en elegir un consejo de administraci\u00f3n que no responde a ning\u00fan grupo de poder y no cobran por el cargo\u201d.<\/p>\n<p>Finalmente, Juan nos da datos sobre la evoluci\u00f3n de Fiare Banca \u00c9tica y nos facilita informaci\u00f3n sobre c\u00f3mo hacerse socios. \u201c<strong>Podemos gustar o no, pero al menos nos permite llegar de otra manera a la gente, aunque no sean clientes nuestros, les sirve para pensar en qu\u00e9 hacen con su dinero<\/strong>\u201d a\u00f1ade Juan.&nbsp;<\/p>\n<p><strong>\u2018Voces por una Causa\u2019 es el podcast semanal de Entreculturas<\/strong>, en el que nos acercamos a la realidad de los pa\u00edses y causas en torno a las que trabajamos y con el que buscamos crear un espacio de reflexi\u00f3n y debate con testimonios y voces en primera persona. Los programas se emiten todos los jueves en nuestro canal de <a href=\"https:\/\/www.youtube.com\/c\/EntreculturasOrg915902672\">Youtube<\/a>, en <a href=\"https:\/\/open.spotify.com\/show\/6dS5JsqnsWrnHL1gwead1A\">Spotify<\/a>, en <a href=\"https:\/\/www.ivoox.com\/perfil-entreculturas_a8_listener_28185270_1.html\">Ivoox<\/a>, y en <a href=\"https:\/\/podcasts.apple.com\/us\/podcast\/entreculturas-voces-por-una-causa-con-julia-navarro\/id1621485462\">Apple Podcast<\/a>.<\/p>\n","protected":false},"excerpt":{"rendered":"<p>Esta semana en Voces por una Causa, la escritora Julia Navarro conversa con Juan Garibi, Director Comercial y de Estrategia de Fiare Banca \u00c9tica. A trav\u00e9s de su testimonio, profundizaremos en un concepto que no es nuevo, pero s\u00ed poco conocido: las finanzas \u00e9ticas. Y para ello nos acercamos a Fiare Banca \u00c9tica.<\/p>\n","protected":false},"featured_media":6949,"template":"podcast-imagen-sin-banner","meta":{"_acf_changed":false},"categories":[7],"tags":[185],"class_list":["post-6950","podcast","type-podcast","status-publish","has-post-thumbnail","hentry","category-noticia","tag-entreculturas"],"acf":[],"yoast_head":"<!-- This site is optimized with the Yoast SEO Premium plugin v21.6 (Yoast SEO v27.5) - https:\/\/yoast.com\/product\/yoast-seo-premium-wordpress\/ -->\n<title>&quot;La banca \u00e9tica incide en la mejora de la comunidad, del ecosistema y de las condiciones de vida de la gente&quot; - Entreculturas<\/title>\n<meta name=\"robots\" content=\"index, follow, max-snippet:-1, max-image-preview:large, max-video-preview:-1\" \/>\n<link rel=\"canonical\" href=\"https:\/\/www.entreculturas.org\/ca\/podcast\/la-banca-etica-incide-en-la-mejora-de-la-comunidad-del-ecosistema-y-de-las-condiciones-de\/\" \/>\n<meta property=\"og:locale\" content=\"ca_ES\" \/>\n<meta property=\"og:type\" content=\"article\" \/>\n<meta property=\"og:title\" content=\"&quot;La banca \u00e9tica incide en la mejora de la comunidad, del ecosistema y de las condiciones de vida de la gente&quot;\" \/>\n<meta property=\"og:description\" content=\"Esta semana en Voces por una Causa, la escritora Julia Navarro conversa con Juan Garibi, Director Comercial y de Estrategia de Fiare Banca \u00c9tica. A trav\u00e9s de su testimonio, profundizaremos en un concepto que no es nuevo, pero s\u00ed poco conocido: las finanzas \u00e9ticas. Y para ello nos acercamos a Fiare Banca \u00c9tica.\" \/>\n<meta property=\"og:url\" content=\"https:\/\/www.entreculturas.org\/ca\/podcast\/la-banca-etica-incide-en-la-mejora-de-la-comunidad-del-ecosistema-y-de-las-condiciones-de\/\" \/>\n<meta property=\"og:site_name\" content=\"Entreculturas\" \/>\n<meta property=\"article:publisher\" content=\"https:\/\/www.facebook.com\/entreculturas\" \/>\n<meta property=\"article:modified_time\" content=\"2024-01-16T10:47:02+00:00\" \/>\n<meta property=\"og:image\" content=\"https:\/\/www.entreculturas.org\/wp-content\/uploads\/2023\/04\/web_8.jpg\" \/>\n\t<meta property=\"og:image:width\" content=\"1920\" \/>\n\t<meta property=\"og:image:height\" content=\"1080\" \/>\n\t<meta property=\"og:image:type\" content=\"image\/jpeg\" \/>\n<meta name=\"twitter:card\" content=\"summary_large_image\" \/>\n<meta name=\"twitter:site\" content=\"@Entreculturas\" \/>\n<script type=\"application\/ld+json\" class=\"yoast-schema-graph\">{\"@context\":\"https:\\\/\\\/schema.org\",\"@graph\":[{\"@type\":\"WebPage\",\"@id\":\"https:\\\/\\\/www.entreculturas.org\\\/ca\\\/podcast\\\/la-banca-etica-incide-en-la-mejora-de-la-comunidad-del-ecosistema-y-de-las-condiciones-de\\\/\",\"url\":\"https:\\\/\\\/www.entreculturas.org\\\/ca\\\/podcast\\\/la-banca-etica-incide-en-la-mejora-de-la-comunidad-del-ecosistema-y-de-las-condiciones-de\\\/\",\"name\":\"\\\"La banca \u00e9tica incide en la mejora de la comunidad, del ecosistema y de las condiciones de vida de la gente\\\" - Entreculturas\",\"isPartOf\":{\"@id\":\"https:\\\/\\\/www.entreculturas.org\\\/ca\\\/#website\"},\"primaryImageOfPage\":{\"@id\":\"https:\\\/\\\/www.entreculturas.org\\\/ca\\\/podcast\\\/la-banca-etica-incide-en-la-mejora-de-la-comunidad-del-ecosistema-y-de-las-condiciones-de\\\/#primaryimage\"},\"image\":{\"@id\":\"https:\\\/\\\/www.entreculturas.org\\\/ca\\\/podcast\\\/la-banca-etica-incide-en-la-mejora-de-la-comunidad-del-ecosistema-y-de-las-condiciones-de\\\/#primaryimage\"},\"thumbnailUrl\":\"https:\\\/\\\/www.entreculturas.org\\\/wp-content\\\/uploads\\\/2023\\\/04\\\/web_8.jpg\",\"datePublished\":\"2023-04-27T10:26:10+00:00\",\"dateModified\":\"2024-01-16T10:47:02+00:00\",\"breadcrumb\":{\"@id\":\"https:\\\/\\\/www.entreculturas.org\\\/ca\\\/podcast\\\/la-banca-etica-incide-en-la-mejora-de-la-comunidad-del-ecosistema-y-de-las-condiciones-de\\\/#breadcrumb\"},\"inLanguage\":\"ca\",\"potentialAction\":[{\"@type\":\"ReadAction\",\"target\":[\"https:\\\/\\\/www.entreculturas.org\\\/ca\\\/podcast\\\/la-banca-etica-incide-en-la-mejora-de-la-comunidad-del-ecosistema-y-de-las-condiciones-de\\\/\"]}]},{\"@type\":\"ImageObject\",\"inLanguage\":\"ca\",\"@id\":\"https:\\\/\\\/www.entreculturas.org\\\/ca\\\/podcast\\\/la-banca-etica-incide-en-la-mejora-de-la-comunidad-del-ecosistema-y-de-las-condiciones-de\\\/#primaryimage\",\"url\":\"https:\\\/\\\/www.entreculturas.org\\\/wp-content\\\/uploads\\\/2023\\\/04\\\/web_8.jpg\",\"contentUrl\":\"https:\\\/\\\/www.entreculturas.org\\\/wp-content\\\/uploads\\\/2023\\\/04\\\/web_8.jpg\",\"width\":1920,\"height\":1080},{\"@type\":\"BreadcrumbList\",\"@id\":\"https:\\\/\\\/www.entreculturas.org\\\/ca\\\/podcast\\\/la-banca-etica-incide-en-la-mejora-de-la-comunidad-del-ecosistema-y-de-las-condiciones-de\\\/#breadcrumb\",\"itemListElement\":[{\"@type\":\"ListItem\",\"position\":1,\"name\":\"Home\",\"item\":\"https:\\\/\\\/www.entreculturas.org\\\/ca\\\/\"},{\"@type\":\"ListItem\",\"position\":2,\"name\":\"Podcast Julia Navarro\",\"item\":\"https:\\\/\\\/www.entreculturas.org\\\/ca\\\/podcasts\\\/\"},{\"@type\":\"ListItem\",\"position\":3,\"name\":\"&#8220;La banca \u00e9tica incide en la mejora de la comunidad, del ecosistema y de las condiciones de vida de la gente&#8221;\"}]},{\"@type\":\"WebSite\",\"@id\":\"https:\\\/\\\/www.entreculturas.org\\\/ca\\\/#website\",\"url\":\"https:\\\/\\\/www.entreculturas.org\\\/ca\\\/\",\"name\":\"Entreculturas\",\"description\":\"\",\"publisher\":{\"@id\":\"https:\\\/\\\/www.entreculturas.org\\\/ca\\\/#organization\"},\"alternateName\":\"Entreculturas\",\"potentialAction\":[{\"@type\":\"SearchAction\",\"target\":{\"@type\":\"EntryPoint\",\"urlTemplate\":\"https:\\\/\\\/www.entreculturas.org\\\/ca\\\/?s={search_term_string}\"},\"query-input\":{\"@type\":\"PropertyValueSpecification\",\"valueRequired\":true,\"valueName\":\"search_term_string\"}}],\"inLanguage\":\"ca\"},{\"@type\":\"Organization\",\"@id\":\"https:\\\/\\\/www.entreculturas.org\\\/ca\\\/#organization\",\"name\":\"Entreculturas\",\"url\":\"https:\\\/\\\/www.entreculturas.org\\\/ca\\\/\",\"logo\":{\"@type\":\"ImageObject\",\"inLanguage\":\"ca\",\"@id\":\"https:\\\/\\\/www.entreculturas.org\\\/ca\\\/#\\\/schema\\\/logo\\\/image\\\/\",\"url\":\"https:\\\/\\\/www.entreculturas.org\\\/wp-content\\\/uploads\\\/2025\\\/10\\\/ESP.svg\",\"contentUrl\":\"https:\\\/\\\/www.entreculturas.org\\\/wp-content\\\/uploads\\\/2025\\\/10\\\/ESP.svg\",\"caption\":\"Entreculturas\"},\"image\":{\"@id\":\"https:\\\/\\\/www.entreculturas.org\\\/ca\\\/#\\\/schema\\\/logo\\\/image\\\/\"},\"sameAs\":[\"https:\\\/\\\/www.facebook.com\\\/entreculturas\",\"https:\\\/\\\/x.com\\\/Entreculturas\",\"https:\\\/\\\/www.instagram.com\\\/entreculturas\\\/\",\"https:\\\/\\\/www.youtube.com\\\/user\\\/entreculturasvideo\",\"https:\\\/\\\/www.linkedin.com\\\/company\\\/fundacion-entreculturas-ngdo\\\/\",\"https:\\\/\\\/www.flickr.com\\\/photos\\\/98455522@N04\\\/albums\\\/\"]}]}<\/script>\n<!-- \/ Yoast SEO Premium plugin. -->","yoast_head_json":{"title":"\"La banca \u00e9tica incide en la mejora de la comunidad, del ecosistema y de las condiciones de vida de la gente\" - Entreculturas","robots":{"index":"index","follow":"follow","max-snippet":"max-snippet:-1","max-image-preview":"max-image-preview:large","max-video-preview":"max-video-preview:-1"},"canonical":"https:\/\/www.entreculturas.org\/ca\/podcast\/la-banca-etica-incide-en-la-mejora-de-la-comunidad-del-ecosistema-y-de-las-condiciones-de\/","og_locale":"ca_ES","og_type":"article","og_title":"\"La banca \u00e9tica incide en la mejora de la comunidad, del ecosistema y de las condiciones de vida de la gente\"","og_description":"Esta semana en Voces por una Causa, la escritora Julia Navarro conversa con Juan Garibi, Director Comercial y de Estrategia de Fiare Banca \u00c9tica. A trav\u00e9s de su testimonio, profundizaremos en un concepto que no es nuevo, pero s\u00ed poco conocido: las finanzas \u00e9ticas. Y para ello nos acercamos a Fiare Banca \u00c9tica.","og_url":"https:\/\/www.entreculturas.org\/ca\/podcast\/la-banca-etica-incide-en-la-mejora-de-la-comunidad-del-ecosistema-y-de-las-condiciones-de\/","og_site_name":"Entreculturas","article_publisher":"https:\/\/www.facebook.com\/entreculturas","article_modified_time":"2024-01-16T10:47:02+00:00","og_image":[{"width":1920,"height":1080,"url":"https:\/\/www.entreculturas.org\/wp-content\/uploads\/2023\/04\/web_8.jpg","type":"image\/jpeg"}],"twitter_card":"summary_large_image","twitter_site":"@Entreculturas","schema":{"@context":"https:\/\/schema.org","@graph":[{"@type":"WebPage","@id":"https:\/\/www.entreculturas.org\/ca\/podcast\/la-banca-etica-incide-en-la-mejora-de-la-comunidad-del-ecosistema-y-de-las-condiciones-de\/","url":"https:\/\/www.entreculturas.org\/ca\/podcast\/la-banca-etica-incide-en-la-mejora-de-la-comunidad-del-ecosistema-y-de-las-condiciones-de\/","name":"\"La banca \u00e9tica incide en la mejora de la comunidad, del ecosistema y de las condiciones de vida de la gente\" - Entreculturas","isPartOf":{"@id":"https:\/\/www.entreculturas.org\/ca\/#website"},"primaryImageOfPage":{"@id":"https:\/\/www.entreculturas.org\/ca\/podcast\/la-banca-etica-incide-en-la-mejora-de-la-comunidad-del-ecosistema-y-de-las-condiciones-de\/#primaryimage"},"image":{"@id":"https:\/\/www.entreculturas.org\/ca\/podcast\/la-banca-etica-incide-en-la-mejora-de-la-comunidad-del-ecosistema-y-de-las-condiciones-de\/#primaryimage"},"thumbnailUrl":"https:\/\/www.entreculturas.org\/wp-content\/uploads\/2023\/04\/web_8.jpg","datePublished":"2023-04-27T10:26:10+00:00","dateModified":"2024-01-16T10:47:02+00:00","breadcrumb":{"@id":"https:\/\/www.entreculturas.org\/ca\/podcast\/la-banca-etica-incide-en-la-mejora-de-la-comunidad-del-ecosistema-y-de-las-condiciones-de\/#breadcrumb"},"inLanguage":"ca","potentialAction":[{"@type":"ReadAction","target":["https:\/\/www.entreculturas.org\/ca\/podcast\/la-banca-etica-incide-en-la-mejora-de-la-comunidad-del-ecosistema-y-de-las-condiciones-de\/"]}]},{"@type":"ImageObject","inLanguage":"ca","@id":"https:\/\/www.entreculturas.org\/ca\/podcast\/la-banca-etica-incide-en-la-mejora-de-la-comunidad-del-ecosistema-y-de-las-condiciones-de\/#primaryimage","url":"https:\/\/www.entreculturas.org\/wp-content\/uploads\/2023\/04\/web_8.jpg","contentUrl":"https:\/\/www.entreculturas.org\/wp-content\/uploads\/2023\/04\/web_8.jpg","width":1920,"height":1080},{"@type":"BreadcrumbList","@id":"https:\/\/www.entreculturas.org\/ca\/podcast\/la-banca-etica-incide-en-la-mejora-de-la-comunidad-del-ecosistema-y-de-las-condiciones-de\/#breadcrumb","itemListElement":[{"@type":"ListItem","position":1,"name":"Home","item":"https:\/\/www.entreculturas.org\/ca\/"},{"@type":"ListItem","position":2,"name":"Podcast Julia Navarro","item":"https:\/\/www.entreculturas.org\/ca\/podcasts\/"},{"@type":"ListItem","position":3,"name":"&#8220;La banca \u00e9tica incide en la mejora de la comunidad, del ecosistema y de las condiciones de vida de la gente&#8221;"}]},{"@type":"WebSite","@id":"https:\/\/www.entreculturas.org\/ca\/#website","url":"https:\/\/www.entreculturas.org\/ca\/","name":"Entreculturas","description":"","publisher":{"@id":"https:\/\/www.entreculturas.org\/ca\/#organization"},"alternateName":"Entreculturas","potentialAction":[{"@type":"SearchAction","target":{"@type":"EntryPoint","urlTemplate":"https:\/\/www.entreculturas.org\/ca\/?s={search_term_string}"},"query-input":{"@type":"PropertyValueSpecification","valueRequired":true,"valueName":"search_term_string"}}],"inLanguage":"ca"},{"@type":"Organization","@id":"https:\/\/www.entreculturas.org\/ca\/#organization","name":"Entreculturas","url":"https:\/\/www.entreculturas.org\/ca\/","logo":{"@type":"ImageObject","inLanguage":"ca","@id":"https:\/\/www.entreculturas.org\/ca\/#\/schema\/logo\/image\/","url":"https:\/\/www.entreculturas.org\/wp-content\/uploads\/2025\/10\/ESP.svg","contentUrl":"https:\/\/www.entreculturas.org\/wp-content\/uploads\/2025\/10\/ESP.svg","caption":"Entreculturas"},"image":{"@id":"https:\/\/www.entreculturas.org\/ca\/#\/schema\/logo\/image\/"},"sameAs":["https:\/\/www.facebook.com\/entreculturas","https:\/\/x.com\/Entreculturas","https:\/\/www.instagram.com\/entreculturas\/","https:\/\/www.youtube.com\/user\/entreculturasvideo","https:\/\/www.linkedin.com\/company\/fundacion-entreculturas-ngdo\/","https:\/\/www.flickr.com\/photos\/98455522@N04\/albums\/"]}]}},"_links":{"self":[{"href":"https:\/\/www.entreculturas.org\/ca\/wp-json\/wp\/v2\/podcast\/6950","targetHints":{"allow":["GET"]}}],"collection":[{"href":"https:\/\/www.entreculturas.org\/ca\/wp-json\/wp\/v2\/podcast"}],"about":[{"href":"https:\/\/www.entreculturas.org\/ca\/wp-json\/wp\/v2\/types\/podcast"}],"wp:featuredmedia":[{"embeddable":true,"href":"https:\/\/www.entreculturas.org\/ca\/wp-json\/wp\/v2\/media\/6949"}],"wp:attachment":[{"href":"https:\/\/www.entreculturas.org\/ca\/wp-json\/wp\/v2\/media?parent=6950"}],"wp:term":[{"taxonomy":"category","embeddable":true,"href":"https:\/\/www.entreculturas.org\/ca\/wp-json\/wp\/v2\/categories?post=6950"},{"taxonomy":"post_tag","embeddable":true,"href":"https:\/\/www.entreculturas.org\/ca\/wp-json\/wp\/v2\/tags?post=6950"}],"curies":[{"name":"wp","href":"https:\/\/api.w.org\/{rel}","templated":true}]}}