{"id":6919,"date":"2023-03-28T16:01:34","date_gmt":"2023-03-28T16:01:34","guid":{"rendered":"https:\/\/entreculturasi.wpenginepowered.com\/?noticias=la-educacion-para-la-ciudadania-global-ayuda-tomar-conciencia-de-que-todas-las-personas"},"modified":"2024-01-16T11:47:03","modified_gmt":"2024-01-16T10:47:03","slug":"la-educacion-para-la-ciudadania-global-ayuda-tomar-conciencia-de-que-todas-las-personas","status":"publish","type":"podcast","link":"https:\/\/www.entreculturas.org\/ca\/podcast\/la-educacion-para-la-ciudadania-global-ayuda-tomar-conciencia-de-que-todas-las-personas\/","title":{"rendered":"\u201cLa Educaci\u00f3n para la Ciudadan\u00eda Global ayuda a tomar conciencia de que todas las personas formamos parte de una misma familia\u201d"},"content":{"rendered":"<\/p>\n<p>Esta semana en Voces por una Causa, <strong>Julia Navarro conversa con Irene Ortega, Coordinadora del \u00c1rea de Ciudadan\u00eda de Entreculturas, para acercarnos a la Educaci\u00f3n para la Ciudadan\u00eda Global <\/strong>como respuesta a un mundo que est\u00e1 cada vez m\u00e1s interconectado, donde la paz y el desarrollo sostenible siguen estando amenazados por las violaciones de los derechos humanos, las desigualdades y la pobreza.<\/p>\n<p>En este cap\u00edtulo, Irene sintetiza qu\u00e9 es la Educaci\u00f3n para la Ciudadan\u00eda Global: \u201cEs ayudarnos a tomar conciencia de que todas las personas formamos parte de una misma familia, compartimos una misma historia y una misma casa, este planeta\u201d. Fundament\u00e1ndose en esta idea, Irene nos relata el trabajo que realiza Entreculturas para que <strong>\u201cdesde esa conciencia nazca una empat\u00eda<\/strong> y una intenci\u00f3n de participar para contribuir entre todos y todas a hacer una casa mejor\u201d.<\/p>\n<p>Julia e Irene conversan tambi\u00e9n sobre retos que tenemos como sociedad, se\u00f1alando \u201cla gesti\u00f3n de la informaci\u00f3n\u201d como uno de los mayores desaf\u00edos, ya que \u201chay mucha desinformaci\u00f3n y mucha informaci\u00f3n a la vez\u201d. Desde el punto de vista educativo, Irene afirma que <strong>existe \u201cuna obsesi\u00f3n por transmitir mucho conocimiento<\/strong> cuando es m\u00e1s importante para ser ciudadanos y ciudadanas cr\u00edticas el tener la capacidad de discriminar y contrastar la informaci\u00f3n\u201d.&nbsp;<\/p>\n<p><strong>\u2018Voces por una Causa\u2019 es el podcast semanal de Entreculturas<\/strong>, en el que nos acercamos a la realidad de los pa\u00edses y causas en torno a las que trabajamos y con el que buscamos crear un espacio de reflexi\u00f3n y debate con testimonios y voces en primera persona. Los programas se emiten todos los jueves en nuestro canal de <a href=\"https:\/\/www.youtube.com\/c\/EntreculturasOrg915902672\">Youtube<\/a>, en <a href=\"https:\/\/open.spotify.com\/show\/6dS5JsqnsWrnHL1gwead1A\">Spotify<\/a>, en <a href=\"https:\/\/www.ivoox.com\/perfil-entreculturas_a8_listener_28185270_1.html\">Ivoox<\/a>, y en <a href=\"https:\/\/podcasts.apple.com\/us\/podcast\/entreculturas-voces-por-una-causa\/id1621485462\">Apple Podcast<\/a>.<\/p>\n","protected":false},"excerpt":{"rendered":"<p>Esta semana en Voces por una Causa, Julia Navarro conversa con Irene Ortega, Coordinadora del \u00c1rea de Ciudadan\u00eda de Entreculturas, para acercarnos a la Educaci\u00f3n para la Ciudadan\u00eda Global como respuesta a un mundo que est\u00e1 cada vez m\u00e1s interconectado, donde la paz y el desarrollo sostenible siguen estando amenazados por las violaciones de los derechos humanos, las desigualdades y la pobreza.<\/p>\n","protected":false},"featured_media":6918,"template":"podcast-imagen-sin-banner","meta":{"_acf_changed":false},"categories":[7],"tags":[185],"class_list":["post-6919","podcast","type-podcast","status-publish","has-post-thumbnail","hentry","category-noticia","tag-entreculturas"],"acf":[],"yoast_head":"<!-- This site is optimized with the Yoast SEO Premium plugin v21.6 (Yoast SEO v27.5) - https:\/\/yoast.com\/product\/yoast-seo-premium-wordpress\/ -->\n<title>\u201cLa Educaci\u00f3n para la Ciudadan\u00eda Global ayuda a tomar conciencia de que todas las personas formamos parte de una misma familia\u201d - Entreculturas<\/title>\n<meta name=\"robots\" content=\"index, follow, max-snippet:-1, max-image-preview:large, max-video-preview:-1\" \/>\n<link rel=\"canonical\" href=\"https:\/\/www.entreculturas.org\/ca\/podcast\/la-educacion-para-la-ciudadania-global-ayuda-tomar-conciencia-de-que-todas-las-personas\/\" \/>\n<meta property=\"og:locale\" content=\"ca_ES\" \/>\n<meta property=\"og:type\" content=\"article\" \/>\n<meta property=\"og:title\" content=\"\u201cLa Educaci\u00f3n para la Ciudadan\u00eda Global ayuda a tomar conciencia de que todas las personas formamos parte de una misma familia\u201d\" \/>\n<meta property=\"og:description\" content=\"Esta semana en Voces por una Causa, Julia Navarro conversa con Irene Ortega, Coordinadora del \u00c1rea de Ciudadan\u00eda de Entreculturas, para acercarnos a la Educaci\u00f3n para la Ciudadan\u00eda Global como respuesta a un mundo que est\u00e1 cada vez m\u00e1s interconectado, donde la paz y el desarrollo sostenible siguen estando amenazados por las violaciones de los derechos humanos, las desigualdades y la pobreza.\" \/>\n<meta property=\"og:url\" content=\"https:\/\/www.entreculturas.org\/ca\/podcast\/la-educacion-para-la-ciudadania-global-ayuda-tomar-conciencia-de-que-todas-las-personas\/\" \/>\n<meta property=\"og:site_name\" content=\"Entreculturas\" \/>\n<meta property=\"article:publisher\" content=\"https:\/\/www.facebook.com\/entreculturas\" \/>\n<meta property=\"article:modified_time\" content=\"2024-01-16T10:47:03+00:00\" \/>\n<meta property=\"og:image\" content=\"https:\/\/www.entreculturas.org\/wp-content\/uploads\/2023\/03\/web_5.jpg\" \/>\n\t<meta property=\"og:image:width\" content=\"1920\" \/>\n\t<meta property=\"og:image:height\" content=\"1080\" \/>\n\t<meta property=\"og:image:type\" content=\"image\/jpeg\" \/>\n<meta name=\"twitter:card\" content=\"summary_large_image\" \/>\n<meta name=\"twitter:site\" content=\"@Entreculturas\" \/>\n<script type=\"application\/ld+json\" class=\"yoast-schema-graph\">{\"@context\":\"https:\\\/\\\/schema.org\",\"@graph\":[{\"@type\":\"WebPage\",\"@id\":\"https:\\\/\\\/www.entreculturas.org\\\/ca\\\/podcast\\\/la-educacion-para-la-ciudadania-global-ayuda-tomar-conciencia-de-que-todas-las-personas\\\/\",\"url\":\"https:\\\/\\\/www.entreculturas.org\\\/ca\\\/podcast\\\/la-educacion-para-la-ciudadania-global-ayuda-tomar-conciencia-de-que-todas-las-personas\\\/\",\"name\":\"\u201cLa Educaci\u00f3n para la Ciudadan\u00eda Global ayuda a tomar conciencia de que todas las personas formamos parte de una misma familia\u201d - Entreculturas\",\"isPartOf\":{\"@id\":\"https:\\\/\\\/www.entreculturas.org\\\/ca\\\/#website\"},\"primaryImageOfPage\":{\"@id\":\"https:\\\/\\\/www.entreculturas.org\\\/ca\\\/podcast\\\/la-educacion-para-la-ciudadania-global-ayuda-tomar-conciencia-de-que-todas-las-personas\\\/#primaryimage\"},\"image\":{\"@id\":\"https:\\\/\\\/www.entreculturas.org\\\/ca\\\/podcast\\\/la-educacion-para-la-ciudadania-global-ayuda-tomar-conciencia-de-que-todas-las-personas\\\/#primaryimage\"},\"thumbnailUrl\":\"https:\\\/\\\/www.entreculturas.org\\\/wp-content\\\/uploads\\\/2023\\\/03\\\/web_5.jpg\",\"datePublished\":\"2023-03-28T16:01:34+00:00\",\"dateModified\":\"2024-01-16T10:47:03+00:00\",\"breadcrumb\":{\"@id\":\"https:\\\/\\\/www.entreculturas.org\\\/ca\\\/podcast\\\/la-educacion-para-la-ciudadania-global-ayuda-tomar-conciencia-de-que-todas-las-personas\\\/#breadcrumb\"},\"inLanguage\":\"ca\",\"potentialAction\":[{\"@type\":\"ReadAction\",\"target\":[\"https:\\\/\\\/www.entreculturas.org\\\/ca\\\/podcast\\\/la-educacion-para-la-ciudadania-global-ayuda-tomar-conciencia-de-que-todas-las-personas\\\/\"]}]},{\"@type\":\"ImageObject\",\"inLanguage\":\"ca\",\"@id\":\"https:\\\/\\\/www.entreculturas.org\\\/ca\\\/podcast\\\/la-educacion-para-la-ciudadania-global-ayuda-tomar-conciencia-de-que-todas-las-personas\\\/#primaryimage\",\"url\":\"https:\\\/\\\/www.entreculturas.org\\\/wp-content\\\/uploads\\\/2023\\\/03\\\/web_5.jpg\",\"contentUrl\":\"https:\\\/\\\/www.entreculturas.org\\\/wp-content\\\/uploads\\\/2023\\\/03\\\/web_5.jpg\",\"width\":1920,\"height\":1080},{\"@type\":\"BreadcrumbList\",\"@id\":\"https:\\\/\\\/www.entreculturas.org\\\/ca\\\/podcast\\\/la-educacion-para-la-ciudadania-global-ayuda-tomar-conciencia-de-que-todas-las-personas\\\/#breadcrumb\",\"itemListElement\":[{\"@type\":\"ListItem\",\"position\":1,\"name\":\"Home\",\"item\":\"https:\\\/\\\/www.entreculturas.org\\\/ca\\\/\"},{\"@type\":\"ListItem\",\"position\":2,\"name\":\"Podcast Julia Navarro\",\"item\":\"https:\\\/\\\/www.entreculturas.org\\\/ca\\\/podcasts\\\/\"},{\"@type\":\"ListItem\",\"position\":3,\"name\":\"\u201cLa Educaci\u00f3n para la Ciudadan\u00eda Global ayuda a tomar conciencia de que todas las personas formamos parte de una misma familia\u201d\"}]},{\"@type\":\"WebSite\",\"@id\":\"https:\\\/\\\/www.entreculturas.org\\\/ca\\\/#website\",\"url\":\"https:\\\/\\\/www.entreculturas.org\\\/ca\\\/\",\"name\":\"Entreculturas\",\"description\":\"\",\"publisher\":{\"@id\":\"https:\\\/\\\/www.entreculturas.org\\\/ca\\\/#organization\"},\"alternateName\":\"Entreculturas\",\"potentialAction\":[{\"@type\":\"SearchAction\",\"target\":{\"@type\":\"EntryPoint\",\"urlTemplate\":\"https:\\\/\\\/www.entreculturas.org\\\/ca\\\/?s={search_term_string}\"},\"query-input\":{\"@type\":\"PropertyValueSpecification\",\"valueRequired\":true,\"valueName\":\"search_term_string\"}}],\"inLanguage\":\"ca\"},{\"@type\":\"Organization\",\"@id\":\"https:\\\/\\\/www.entreculturas.org\\\/ca\\\/#organization\",\"name\":\"Entreculturas\",\"url\":\"https:\\\/\\\/www.entreculturas.org\\\/ca\\\/\",\"logo\":{\"@type\":\"ImageObject\",\"inLanguage\":\"ca\",\"@id\":\"https:\\\/\\\/www.entreculturas.org\\\/ca\\\/#\\\/schema\\\/logo\\\/image\\\/\",\"url\":\"https:\\\/\\\/www.entreculturas.org\\\/wp-content\\\/uploads\\\/2025\\\/10\\\/ESP.svg\",\"contentUrl\":\"https:\\\/\\\/www.entreculturas.org\\\/wp-content\\\/uploads\\\/2025\\\/10\\\/ESP.svg\",\"caption\":\"Entreculturas\"},\"image\":{\"@id\":\"https:\\\/\\\/www.entreculturas.org\\\/ca\\\/#\\\/schema\\\/logo\\\/image\\\/\"},\"sameAs\":[\"https:\\\/\\\/www.facebook.com\\\/entreculturas\",\"https:\\\/\\\/x.com\\\/Entreculturas\",\"https:\\\/\\\/www.instagram.com\\\/entreculturas\\\/\",\"https:\\\/\\\/www.youtube.com\\\/user\\\/entreculturasvideo\",\"https:\\\/\\\/www.linkedin.com\\\/company\\\/fundacion-entreculturas-ngdo\\\/\",\"https:\\\/\\\/www.flickr.com\\\/photos\\\/98455522@N04\\\/albums\\\/\"]}]}<\/script>\n<!-- \/ Yoast SEO Premium plugin. -->","yoast_head_json":{"title":"\u201cLa Educaci\u00f3n para la Ciudadan\u00eda Global ayuda a tomar conciencia de que todas las personas formamos parte de una misma familia\u201d - Entreculturas","robots":{"index":"index","follow":"follow","max-snippet":"max-snippet:-1","max-image-preview":"max-image-preview:large","max-video-preview":"max-video-preview:-1"},"canonical":"https:\/\/www.entreculturas.org\/ca\/podcast\/la-educacion-para-la-ciudadania-global-ayuda-tomar-conciencia-de-que-todas-las-personas\/","og_locale":"ca_ES","og_type":"article","og_title":"\u201cLa Educaci\u00f3n para la Ciudadan\u00eda Global ayuda a tomar conciencia de que todas las personas formamos parte de una misma familia\u201d","og_description":"Esta semana en Voces por una Causa, Julia Navarro conversa con Irene Ortega, Coordinadora del \u00c1rea de Ciudadan\u00eda de Entreculturas, para acercarnos a la Educaci\u00f3n para la Ciudadan\u00eda Global como respuesta a un mundo que est\u00e1 cada vez m\u00e1s interconectado, donde la paz y el desarrollo sostenible siguen estando amenazados por las violaciones de los derechos humanos, las desigualdades y la pobreza.","og_url":"https:\/\/www.entreculturas.org\/ca\/podcast\/la-educacion-para-la-ciudadania-global-ayuda-tomar-conciencia-de-que-todas-las-personas\/","og_site_name":"Entreculturas","article_publisher":"https:\/\/www.facebook.com\/entreculturas","article_modified_time":"2024-01-16T10:47:03+00:00","og_image":[{"width":1920,"height":1080,"url":"https:\/\/www.entreculturas.org\/wp-content\/uploads\/2023\/03\/web_5.jpg","type":"image\/jpeg"}],"twitter_card":"summary_large_image","twitter_site":"@Entreculturas","schema":{"@context":"https:\/\/schema.org","@graph":[{"@type":"WebPage","@id":"https:\/\/www.entreculturas.org\/ca\/podcast\/la-educacion-para-la-ciudadania-global-ayuda-tomar-conciencia-de-que-todas-las-personas\/","url":"https:\/\/www.entreculturas.org\/ca\/podcast\/la-educacion-para-la-ciudadania-global-ayuda-tomar-conciencia-de-que-todas-las-personas\/","name":"\u201cLa Educaci\u00f3n para la Ciudadan\u00eda Global ayuda a tomar conciencia de que todas las personas formamos parte de una misma familia\u201d - Entreculturas","isPartOf":{"@id":"https:\/\/www.entreculturas.org\/ca\/#website"},"primaryImageOfPage":{"@id":"https:\/\/www.entreculturas.org\/ca\/podcast\/la-educacion-para-la-ciudadania-global-ayuda-tomar-conciencia-de-que-todas-las-personas\/#primaryimage"},"image":{"@id":"https:\/\/www.entreculturas.org\/ca\/podcast\/la-educacion-para-la-ciudadania-global-ayuda-tomar-conciencia-de-que-todas-las-personas\/#primaryimage"},"thumbnailUrl":"https:\/\/www.entreculturas.org\/wp-content\/uploads\/2023\/03\/web_5.jpg","datePublished":"2023-03-28T16:01:34+00:00","dateModified":"2024-01-16T10:47:03+00:00","breadcrumb":{"@id":"https:\/\/www.entreculturas.org\/ca\/podcast\/la-educacion-para-la-ciudadania-global-ayuda-tomar-conciencia-de-que-todas-las-personas\/#breadcrumb"},"inLanguage":"ca","potentialAction":[{"@type":"ReadAction","target":["https:\/\/www.entreculturas.org\/ca\/podcast\/la-educacion-para-la-ciudadania-global-ayuda-tomar-conciencia-de-que-todas-las-personas\/"]}]},{"@type":"ImageObject","inLanguage":"ca","@id":"https:\/\/www.entreculturas.org\/ca\/podcast\/la-educacion-para-la-ciudadania-global-ayuda-tomar-conciencia-de-que-todas-las-personas\/#primaryimage","url":"https:\/\/www.entreculturas.org\/wp-content\/uploads\/2023\/03\/web_5.jpg","contentUrl":"https:\/\/www.entreculturas.org\/wp-content\/uploads\/2023\/03\/web_5.jpg","width":1920,"height":1080},{"@type":"BreadcrumbList","@id":"https:\/\/www.entreculturas.org\/ca\/podcast\/la-educacion-para-la-ciudadania-global-ayuda-tomar-conciencia-de-que-todas-las-personas\/#breadcrumb","itemListElement":[{"@type":"ListItem","position":1,"name":"Home","item":"https:\/\/www.entreculturas.org\/ca\/"},{"@type":"ListItem","position":2,"name":"Podcast Julia Navarro","item":"https:\/\/www.entreculturas.org\/ca\/podcasts\/"},{"@type":"ListItem","position":3,"name":"\u201cLa Educaci\u00f3n para la Ciudadan\u00eda Global ayuda a tomar conciencia de que todas las personas formamos parte de una misma familia\u201d"}]},{"@type":"WebSite","@id":"https:\/\/www.entreculturas.org\/ca\/#website","url":"https:\/\/www.entreculturas.org\/ca\/","name":"Entreculturas","description":"","publisher":{"@id":"https:\/\/www.entreculturas.org\/ca\/#organization"},"alternateName":"Entreculturas","potentialAction":[{"@type":"SearchAction","target":{"@type":"EntryPoint","urlTemplate":"https:\/\/www.entreculturas.org\/ca\/?s={search_term_string}"},"query-input":{"@type":"PropertyValueSpecification","valueRequired":true,"valueName":"search_term_string"}}],"inLanguage":"ca"},{"@type":"Organization","@id":"https:\/\/www.entreculturas.org\/ca\/#organization","name":"Entreculturas","url":"https:\/\/www.entreculturas.org\/ca\/","logo":{"@type":"ImageObject","inLanguage":"ca","@id":"https:\/\/www.entreculturas.org\/ca\/#\/schema\/logo\/image\/","url":"https:\/\/www.entreculturas.org\/wp-content\/uploads\/2025\/10\/ESP.svg","contentUrl":"https:\/\/www.entreculturas.org\/wp-content\/uploads\/2025\/10\/ESP.svg","caption":"Entreculturas"},"image":{"@id":"https:\/\/www.entreculturas.org\/ca\/#\/schema\/logo\/image\/"},"sameAs":["https:\/\/www.facebook.com\/entreculturas","https:\/\/x.com\/Entreculturas","https:\/\/www.instagram.com\/entreculturas\/","https:\/\/www.youtube.com\/user\/entreculturasvideo","https:\/\/www.linkedin.com\/company\/fundacion-entreculturas-ngdo\/","https:\/\/www.flickr.com\/photos\/98455522@N04\/albums\/"]}]}},"_links":{"self":[{"href":"https:\/\/www.entreculturas.org\/ca\/wp-json\/wp\/v2\/podcast\/6919","targetHints":{"allow":["GET"]}}],"collection":[{"href":"https:\/\/www.entreculturas.org\/ca\/wp-json\/wp\/v2\/podcast"}],"about":[{"href":"https:\/\/www.entreculturas.org\/ca\/wp-json\/wp\/v2\/types\/podcast"}],"wp:featuredmedia":[{"embeddable":true,"href":"https:\/\/www.entreculturas.org\/ca\/wp-json\/wp\/v2\/media\/6918"}],"wp:attachment":[{"href":"https:\/\/www.entreculturas.org\/ca\/wp-json\/wp\/v2\/media?parent=6919"}],"wp:term":[{"taxonomy":"category","embeddable":true,"href":"https:\/\/www.entreculturas.org\/ca\/wp-json\/wp\/v2\/categories?post=6919"},{"taxonomy":"post_tag","embeddable":true,"href":"https:\/\/www.entreculturas.org\/ca\/wp-json\/wp\/v2\/tags?post=6919"}],"curies":[{"name":"wp","href":"https:\/\/api.w.org\/{rel}","templated":true}]}}