{"id":6917,"date":"2023-03-23T14:25:01","date_gmt":"2023-03-23T14:25:01","guid":{"rendered":"https:\/\/entreculturasi.wpenginepowered.com\/?noticias=la-asertividad-de-las-mujeres-ha-sido-el-cambio-mas-profundo-que-ha-experimentado-oriente"},"modified":"2024-01-16T11:47:03","modified_gmt":"2024-01-16T10:47:03","slug":"la-asertividad-de-las-mujeres-ha-sido-el-cambio-mas-profundo-que-ha-experimentado-oriente","status":"publish","type":"podcast","link":"https:\/\/www.entreculturas.org\/ca\/podcast\/la-asertividad-de-las-mujeres-ha-sido-el-cambio-mas-profundo-que-ha-experimentado-oriente\/","title":{"rendered":"&#8220;La asertividad de las mujeres ha sido el cambio m\u00e1s profundo que ha experimentado Oriente Medio en las \u00faltimas d\u00e9cadas&#8221;"},"content":{"rendered":"<\/p>\n<p>Esta semana en Voces por una Causa, la escritora<strong> Julia Navarro conversa con \u00c1ngeles Espinosa, periodista internacional, escritora, adem\u00e1s de ganadora de dos premios Ortega y Gasset de Periodismo y un premio Julio Anguita de Periodismo Internacional<\/strong>. A trav\u00e9s de su testimonio, nos acercamos tanto a la actualidad como al pasado de Oriente Medio, donde ha sido corresponsal de El Pa\u00eds en Dub\u00e1i, Teher\u00e1n, Bagdad, El Cairo y Beirut durante m\u00e1s de 20 a\u00f1os.&nbsp;<\/p>\n<p>En este cap\u00edtulo, \u00c1ngeles profundiza en la complejidad de la regi\u00f3n, brindando al oyente una radiograf\u00eda lo m\u00e1s n\u00edtida posible de Oriente Medio desde las distintas perspectivas que ofrece haber vivido y trabajado en lugares tan diversos de la zona. Esta experiencia de <strong>haber cubierto momentos claves que marcaron la regi\u00f3n ha dotado de equidistancia sus explicaciones<\/strong>: \u201cla mayor\u00eda de las cosas no son blanco o negro y yo intento explicarlas desde las numerosas tonalidades de grises que existen\u201d.&nbsp;<\/p>\n<p>\u00c1ngeles y Julia conversan sobre los principales acontecimientos que han marcado Oriente Medio en los \u00faltimos a\u00f1os, desde la invasi\u00f3n estadounidense de Irak hasta las recientes protestas en Ir\u00e1n por la muerte de Mahsa Amin, pasando por la guerra en Afganist\u00e1n o las primaveras \u00e1rabes. Para \u00c1ngeles <strong>el cambio m\u00e1s profundo que ha vivido la regi\u00f3n ha sido en \u201cla asertividad de las mujeres<\/strong>, ya que, en cualquier levantamiento pol\u00edtico o revuelta social de los \u00faltimos 40 a\u00f1os, la mujer ha sido importante incluso primordial y los reg\u00edmenes han sido conscientes de ello\u201d.&nbsp;<\/p>\n<p>Adem\u00e1s, \u00c1ngeles se\u00f1ala <strong>\u201cla frustraci\u00f3n de las nuevas generaciones\u201d como el reto m\u00e1s importante que se enfrenta Oriente Medio<\/strong> en el futuro. \u201cIndependientemente del pa\u00eds que sea, lo que tiene en com\u00fan la regi\u00f3n es la falta de un horizonte de esperanza para sus j\u00f3venes\u201d, afirma la periodista. Unas expectativas en la juventud que, seg\u00fan \u00c1ngeles, han cambiado en los \u00faltimos a\u00f1os: \u201chan pasado de tener confianza en que las cosas pod\u00edan mejorar, aunque fuera lentamente, a carecer totalmente de ella\u201d<\/p>\n<p><strong>\u2018Voces por una Causa&#8221; es el podcast semanal de Entreculturas<\/strong>, en el que nos acercamos a la realidad de los pa\u00edses y causas en torno a las que trabajamos y con el que buscamos crear un espacio de reflexi\u00f3n y debate con testimonios y voces en primera persona. Los programas se emiten todos los jueves en nuestro canal de <a href=\"https:\/\/www.youtube.com\/c\/EntreculturasOrg915902672\">Youtube<\/a>, en <a href=\"https:\/\/open.spotify.com\/show\/6dS5JsqnsWrnHL1gwead1A\">Spotify<\/a>, en <a href=\"https:\/\/www.ivoox.com\/perfil-entreculturas_a8_listener_28185270_1.html\">Ivoox<\/a>, y en <a href=\"https:\/\/podcasts.apple.com\/us\/podcast\/entreculturas-voces-por-una-causa\/id1621485462\">Apple Podcast<\/a>.<\/p>\n","protected":false},"excerpt":{"rendered":"<p>Esta semana en Voces por una Causa, la escritora Julia Navarro conversa con \u00c1ngeles Espinosa, periodista internacional, escritora, adem\u00e1s de ganadora de dos premios Ortega y Gasset de Periodismo y un premio Julio Anguita de Periodismo Internacional. A trav\u00e9s de su testimonio, nos acercamos tanto a la actualidad como al pasado de Oriente Medio, donde ha sido corresponsal de El Pa\u00eds en Dub\u00e1i, Teher\u00e1n, Bagdad, El Cairo y Beirut durante m\u00e1s de 20 a\u00f1os. <\/p>\n","protected":false},"featured_media":6916,"template":"podcast-imagen-sin-banner","meta":{"_acf_changed":false},"categories":[],"tags":[185],"class_list":["post-6917","podcast","type-podcast","status-publish","has-post-thumbnail","hentry","tag-entreculturas"],"acf":[],"yoast_head":"<!-- This site is optimized with the Yoast SEO Premium plugin v21.6 (Yoast SEO v27.5) - https:\/\/yoast.com\/product\/yoast-seo-premium-wordpress\/ -->\n<title>&quot;La asertividad de las mujeres ha sido el cambio m\u00e1s profundo que ha experimentado Oriente Medio en las \u00faltimas d\u00e9cadas&quot; - Entreculturas<\/title>\n<meta name=\"robots\" content=\"index, follow, max-snippet:-1, max-image-preview:large, max-video-preview:-1\" \/>\n<link rel=\"canonical\" href=\"https:\/\/www.entreculturas.org\/ca\/podcast\/la-asertividad-de-las-mujeres-ha-sido-el-cambio-mas-profundo-que-ha-experimentado-oriente\/\" \/>\n<meta property=\"og:locale\" content=\"ca_ES\" \/>\n<meta property=\"og:type\" content=\"article\" \/>\n<meta property=\"og:title\" content=\"&quot;La asertividad de las mujeres ha sido el cambio m\u00e1s profundo que ha experimentado Oriente Medio en las \u00faltimas d\u00e9cadas&quot;\" \/>\n<meta property=\"og:description\" content=\"Esta semana en Voces por una Causa, la escritora Julia Navarro conversa con \u00c1ngeles Espinosa, periodista internacional, escritora, adem\u00e1s de ganadora de dos premios Ortega y Gasset de Periodismo y un premio Julio Anguita de Periodismo Internacional. A trav\u00e9s de su testimonio, nos acercamos tanto a la actualidad como al pasado de Oriente Medio, donde ha sido corresponsal de El Pa\u00eds en Dub\u00e1i, Teher\u00e1n, Bagdad, El Cairo y Beirut durante m\u00e1s de 20 a\u00f1os.\" \/>\n<meta property=\"og:url\" content=\"https:\/\/www.entreculturas.org\/ca\/podcast\/la-asertividad-de-las-mujeres-ha-sido-el-cambio-mas-profundo-que-ha-experimentado-oriente\/\" \/>\n<meta property=\"og:site_name\" content=\"Entreculturas\" \/>\n<meta property=\"article:publisher\" content=\"https:\/\/www.facebook.com\/entreculturas\" \/>\n<meta property=\"article:modified_time\" content=\"2024-01-16T10:47:03+00:00\" \/>\n<meta property=\"og:image\" content=\"https:\/\/www.entreculturas.org\/wp-content\/uploads\/2023\/03\/web_-_angeles_espinosa_0.jpg\" \/>\n\t<meta property=\"og:image:width\" content=\"1920\" \/>\n\t<meta property=\"og:image:height\" content=\"1080\" \/>\n\t<meta property=\"og:image:type\" content=\"image\/jpeg\" \/>\n<meta name=\"twitter:card\" content=\"summary_large_image\" \/>\n<meta name=\"twitter:site\" content=\"@Entreculturas\" \/>\n<script type=\"application\/ld+json\" class=\"yoast-schema-graph\">{\"@context\":\"https:\\\/\\\/schema.org\",\"@graph\":[{\"@type\":\"WebPage\",\"@id\":\"https:\\\/\\\/www.entreculturas.org\\\/ca\\\/podcast\\\/la-asertividad-de-las-mujeres-ha-sido-el-cambio-mas-profundo-que-ha-experimentado-oriente\\\/\",\"url\":\"https:\\\/\\\/www.entreculturas.org\\\/ca\\\/podcast\\\/la-asertividad-de-las-mujeres-ha-sido-el-cambio-mas-profundo-que-ha-experimentado-oriente\\\/\",\"name\":\"\\\"La asertividad de las mujeres ha sido el cambio m\u00e1s profundo que ha experimentado Oriente Medio en las \u00faltimas d\u00e9cadas\\\" - Entreculturas\",\"isPartOf\":{\"@id\":\"https:\\\/\\\/www.entreculturas.org\\\/ca\\\/#website\"},\"primaryImageOfPage\":{\"@id\":\"https:\\\/\\\/www.entreculturas.org\\\/ca\\\/podcast\\\/la-asertividad-de-las-mujeres-ha-sido-el-cambio-mas-profundo-que-ha-experimentado-oriente\\\/#primaryimage\"},\"image\":{\"@id\":\"https:\\\/\\\/www.entreculturas.org\\\/ca\\\/podcast\\\/la-asertividad-de-las-mujeres-ha-sido-el-cambio-mas-profundo-que-ha-experimentado-oriente\\\/#primaryimage\"},\"thumbnailUrl\":\"https:\\\/\\\/www.entreculturas.org\\\/wp-content\\\/uploads\\\/2023\\\/03\\\/web_-_angeles_espinosa_0.jpg\",\"datePublished\":\"2023-03-23T14:25:01+00:00\",\"dateModified\":\"2024-01-16T10:47:03+00:00\",\"breadcrumb\":{\"@id\":\"https:\\\/\\\/www.entreculturas.org\\\/ca\\\/podcast\\\/la-asertividad-de-las-mujeres-ha-sido-el-cambio-mas-profundo-que-ha-experimentado-oriente\\\/#breadcrumb\"},\"inLanguage\":\"ca\",\"potentialAction\":[{\"@type\":\"ReadAction\",\"target\":[\"https:\\\/\\\/www.entreculturas.org\\\/ca\\\/podcast\\\/la-asertividad-de-las-mujeres-ha-sido-el-cambio-mas-profundo-que-ha-experimentado-oriente\\\/\"]}]},{\"@type\":\"ImageObject\",\"inLanguage\":\"ca\",\"@id\":\"https:\\\/\\\/www.entreculturas.org\\\/ca\\\/podcast\\\/la-asertividad-de-las-mujeres-ha-sido-el-cambio-mas-profundo-que-ha-experimentado-oriente\\\/#primaryimage\",\"url\":\"https:\\\/\\\/www.entreculturas.org\\\/wp-content\\\/uploads\\\/2023\\\/03\\\/web_-_angeles_espinosa_0.jpg\",\"contentUrl\":\"https:\\\/\\\/www.entreculturas.org\\\/wp-content\\\/uploads\\\/2023\\\/03\\\/web_-_angeles_espinosa_0.jpg\",\"width\":1920,\"height\":1080},{\"@type\":\"BreadcrumbList\",\"@id\":\"https:\\\/\\\/www.entreculturas.org\\\/ca\\\/podcast\\\/la-asertividad-de-las-mujeres-ha-sido-el-cambio-mas-profundo-que-ha-experimentado-oriente\\\/#breadcrumb\",\"itemListElement\":[{\"@type\":\"ListItem\",\"position\":1,\"name\":\"Home\",\"item\":\"https:\\\/\\\/www.entreculturas.org\\\/ca\\\/\"},{\"@type\":\"ListItem\",\"position\":2,\"name\":\"Podcast Julia Navarro\",\"item\":\"https:\\\/\\\/www.entreculturas.org\\\/ca\\\/podcasts\\\/\"},{\"@type\":\"ListItem\",\"position\":3,\"name\":\"&#8220;La asertividad de las mujeres ha sido el cambio m\u00e1s profundo que ha experimentado Oriente Medio en las \u00faltimas d\u00e9cadas&#8221;\"}]},{\"@type\":\"WebSite\",\"@id\":\"https:\\\/\\\/www.entreculturas.org\\\/ca\\\/#website\",\"url\":\"https:\\\/\\\/www.entreculturas.org\\\/ca\\\/\",\"name\":\"Entreculturas\",\"description\":\"\",\"publisher\":{\"@id\":\"https:\\\/\\\/www.entreculturas.org\\\/ca\\\/#organization\"},\"alternateName\":\"Entreculturas\",\"potentialAction\":[{\"@type\":\"SearchAction\",\"target\":{\"@type\":\"EntryPoint\",\"urlTemplate\":\"https:\\\/\\\/www.entreculturas.org\\\/ca\\\/?s={search_term_string}\"},\"query-input\":{\"@type\":\"PropertyValueSpecification\",\"valueRequired\":true,\"valueName\":\"search_term_string\"}}],\"inLanguage\":\"ca\"},{\"@type\":\"Organization\",\"@id\":\"https:\\\/\\\/www.entreculturas.org\\\/ca\\\/#organization\",\"name\":\"Entreculturas\",\"url\":\"https:\\\/\\\/www.entreculturas.org\\\/ca\\\/\",\"logo\":{\"@type\":\"ImageObject\",\"inLanguage\":\"ca\",\"@id\":\"https:\\\/\\\/www.entreculturas.org\\\/ca\\\/#\\\/schema\\\/logo\\\/image\\\/\",\"url\":\"https:\\\/\\\/www.entreculturas.org\\\/wp-content\\\/uploads\\\/2025\\\/10\\\/ESP.svg\",\"contentUrl\":\"https:\\\/\\\/www.entreculturas.org\\\/wp-content\\\/uploads\\\/2025\\\/10\\\/ESP.svg\",\"caption\":\"Entreculturas\"},\"image\":{\"@id\":\"https:\\\/\\\/www.entreculturas.org\\\/ca\\\/#\\\/schema\\\/logo\\\/image\\\/\"},\"sameAs\":[\"https:\\\/\\\/www.facebook.com\\\/entreculturas\",\"https:\\\/\\\/x.com\\\/Entreculturas\",\"https:\\\/\\\/www.instagram.com\\\/entreculturas\\\/\",\"https:\\\/\\\/www.youtube.com\\\/user\\\/entreculturasvideo\",\"https:\\\/\\\/www.linkedin.com\\\/company\\\/fundacion-entreculturas-ngdo\\\/\",\"https:\\\/\\\/www.flickr.com\\\/photos\\\/98455522@N04\\\/albums\\\/\"]}]}<\/script>\n<!-- \/ Yoast SEO Premium plugin. -->","yoast_head_json":{"title":"\"La asertividad de las mujeres ha sido el cambio m\u00e1s profundo que ha experimentado Oriente Medio en las \u00faltimas d\u00e9cadas\" - Entreculturas","robots":{"index":"index","follow":"follow","max-snippet":"max-snippet:-1","max-image-preview":"max-image-preview:large","max-video-preview":"max-video-preview:-1"},"canonical":"https:\/\/www.entreculturas.org\/ca\/podcast\/la-asertividad-de-las-mujeres-ha-sido-el-cambio-mas-profundo-que-ha-experimentado-oriente\/","og_locale":"ca_ES","og_type":"article","og_title":"\"La asertividad de las mujeres ha sido el cambio m\u00e1s profundo que ha experimentado Oriente Medio en las \u00faltimas d\u00e9cadas\"","og_description":"Esta semana en Voces por una Causa, la escritora Julia Navarro conversa con \u00c1ngeles Espinosa, periodista internacional, escritora, adem\u00e1s de ganadora de dos premios Ortega y Gasset de Periodismo y un premio Julio Anguita de Periodismo Internacional. A trav\u00e9s de su testimonio, nos acercamos tanto a la actualidad como al pasado de Oriente Medio, donde ha sido corresponsal de El Pa\u00eds en Dub\u00e1i, Teher\u00e1n, Bagdad, El Cairo y Beirut durante m\u00e1s de 20 a\u00f1os.","og_url":"https:\/\/www.entreculturas.org\/ca\/podcast\/la-asertividad-de-las-mujeres-ha-sido-el-cambio-mas-profundo-que-ha-experimentado-oriente\/","og_site_name":"Entreculturas","article_publisher":"https:\/\/www.facebook.com\/entreculturas","article_modified_time":"2024-01-16T10:47:03+00:00","og_image":[{"width":1920,"height":1080,"url":"https:\/\/www.entreculturas.org\/wp-content\/uploads\/2023\/03\/web_-_angeles_espinosa_0.jpg","type":"image\/jpeg"}],"twitter_card":"summary_large_image","twitter_site":"@Entreculturas","schema":{"@context":"https:\/\/schema.org","@graph":[{"@type":"WebPage","@id":"https:\/\/www.entreculturas.org\/ca\/podcast\/la-asertividad-de-las-mujeres-ha-sido-el-cambio-mas-profundo-que-ha-experimentado-oriente\/","url":"https:\/\/www.entreculturas.org\/ca\/podcast\/la-asertividad-de-las-mujeres-ha-sido-el-cambio-mas-profundo-que-ha-experimentado-oriente\/","name":"\"La asertividad de las mujeres ha sido el cambio m\u00e1s profundo que ha experimentado Oriente Medio en las \u00faltimas d\u00e9cadas\" - Entreculturas","isPartOf":{"@id":"https:\/\/www.entreculturas.org\/ca\/#website"},"primaryImageOfPage":{"@id":"https:\/\/www.entreculturas.org\/ca\/podcast\/la-asertividad-de-las-mujeres-ha-sido-el-cambio-mas-profundo-que-ha-experimentado-oriente\/#primaryimage"},"image":{"@id":"https:\/\/www.entreculturas.org\/ca\/podcast\/la-asertividad-de-las-mujeres-ha-sido-el-cambio-mas-profundo-que-ha-experimentado-oriente\/#primaryimage"},"thumbnailUrl":"https:\/\/www.entreculturas.org\/wp-content\/uploads\/2023\/03\/web_-_angeles_espinosa_0.jpg","datePublished":"2023-03-23T14:25:01+00:00","dateModified":"2024-01-16T10:47:03+00:00","breadcrumb":{"@id":"https:\/\/www.entreculturas.org\/ca\/podcast\/la-asertividad-de-las-mujeres-ha-sido-el-cambio-mas-profundo-que-ha-experimentado-oriente\/#breadcrumb"},"inLanguage":"ca","potentialAction":[{"@type":"ReadAction","target":["https:\/\/www.entreculturas.org\/ca\/podcast\/la-asertividad-de-las-mujeres-ha-sido-el-cambio-mas-profundo-que-ha-experimentado-oriente\/"]}]},{"@type":"ImageObject","inLanguage":"ca","@id":"https:\/\/www.entreculturas.org\/ca\/podcast\/la-asertividad-de-las-mujeres-ha-sido-el-cambio-mas-profundo-que-ha-experimentado-oriente\/#primaryimage","url":"https:\/\/www.entreculturas.org\/wp-content\/uploads\/2023\/03\/web_-_angeles_espinosa_0.jpg","contentUrl":"https:\/\/www.entreculturas.org\/wp-content\/uploads\/2023\/03\/web_-_angeles_espinosa_0.jpg","width":1920,"height":1080},{"@type":"BreadcrumbList","@id":"https:\/\/www.entreculturas.org\/ca\/podcast\/la-asertividad-de-las-mujeres-ha-sido-el-cambio-mas-profundo-que-ha-experimentado-oriente\/#breadcrumb","itemListElement":[{"@type":"ListItem","position":1,"name":"Home","item":"https:\/\/www.entreculturas.org\/ca\/"},{"@type":"ListItem","position":2,"name":"Podcast Julia Navarro","item":"https:\/\/www.entreculturas.org\/ca\/podcasts\/"},{"@type":"ListItem","position":3,"name":"&#8220;La asertividad de las mujeres ha sido el cambio m\u00e1s profundo que ha experimentado Oriente Medio en las \u00faltimas d\u00e9cadas&#8221;"}]},{"@type":"WebSite","@id":"https:\/\/www.entreculturas.org\/ca\/#website","url":"https:\/\/www.entreculturas.org\/ca\/","name":"Entreculturas","description":"","publisher":{"@id":"https:\/\/www.entreculturas.org\/ca\/#organization"},"alternateName":"Entreculturas","potentialAction":[{"@type":"SearchAction","target":{"@type":"EntryPoint","urlTemplate":"https:\/\/www.entreculturas.org\/ca\/?s={search_term_string}"},"query-input":{"@type":"PropertyValueSpecification","valueRequired":true,"valueName":"search_term_string"}}],"inLanguage":"ca"},{"@type":"Organization","@id":"https:\/\/www.entreculturas.org\/ca\/#organization","name":"Entreculturas","url":"https:\/\/www.entreculturas.org\/ca\/","logo":{"@type":"ImageObject","inLanguage":"ca","@id":"https:\/\/www.entreculturas.org\/ca\/#\/schema\/logo\/image\/","url":"https:\/\/www.entreculturas.org\/wp-content\/uploads\/2025\/10\/ESP.svg","contentUrl":"https:\/\/www.entreculturas.org\/wp-content\/uploads\/2025\/10\/ESP.svg","caption":"Entreculturas"},"image":{"@id":"https:\/\/www.entreculturas.org\/ca\/#\/schema\/logo\/image\/"},"sameAs":["https:\/\/www.facebook.com\/entreculturas","https:\/\/x.com\/Entreculturas","https:\/\/www.instagram.com\/entreculturas\/","https:\/\/www.youtube.com\/user\/entreculturasvideo","https:\/\/www.linkedin.com\/company\/fundacion-entreculturas-ngdo\/","https:\/\/www.flickr.com\/photos\/98455522@N04\/albums\/"]}]}},"_links":{"self":[{"href":"https:\/\/www.entreculturas.org\/ca\/wp-json\/wp\/v2\/podcast\/6917","targetHints":{"allow":["GET"]}}],"collection":[{"href":"https:\/\/www.entreculturas.org\/ca\/wp-json\/wp\/v2\/podcast"}],"about":[{"href":"https:\/\/www.entreculturas.org\/ca\/wp-json\/wp\/v2\/types\/podcast"}],"wp:featuredmedia":[{"embeddable":true,"href":"https:\/\/www.entreculturas.org\/ca\/wp-json\/wp\/v2\/media\/6916"}],"wp:attachment":[{"href":"https:\/\/www.entreculturas.org\/ca\/wp-json\/wp\/v2\/media?parent=6917"}],"wp:term":[{"taxonomy":"category","embeddable":true,"href":"https:\/\/www.entreculturas.org\/ca\/wp-json\/wp\/v2\/categories?post=6917"},{"taxonomy":"post_tag","embeddable":true,"href":"https:\/\/www.entreculturas.org\/ca\/wp-json\/wp\/v2\/tags?post=6917"}],"curies":[{"name":"wp","href":"https:\/\/api.w.org\/{rel}","templated":true}]}}