{"id":6862,"date":"2023-02-09T10:24:45","date_gmt":"2023-02-09T10:24:45","guid":{"rendered":"https:\/\/entreculturasi.wpenginepowered.com\/?noticias=en-una-decada-las-crisis-han-dejado-libano-completamente-irreconocible"},"modified":"2024-01-16T11:47:24","modified_gmt":"2024-01-16T10:47:24","slug":"en-una-decada-las-crisis-han-dejado-libano-completamente-irreconocible","status":"publish","type":"podcast","link":"https:\/\/www.entreculturas.org\/ca\/podcast\/en-una-decada-las-crisis-han-dejado-libano-completamente-irreconocible\/","title":{"rendered":"\u201cEn una d\u00e9cada las crisis han dejado a L\u00edbano completamente irreconocible\u201d"},"content":{"rendered":"<\/p>\n<p>Esta semana en Voces por una Causa, <strong>la escritora Julia Navarro conversa con Miguel Santiuste, t\u00e9cnico de proyectos de Entreculturas expatriado en L\u00edbano<\/strong>. A trav\u00e9s de su testimonio, nos acercamos a la realidad de L\u00edbano, el pa\u00eds que acoge a m\u00e1s personas refugiadas per c\u00e1pita del mundo y que, a la vez, lleva viviendo desde hace a\u00f1os una compleja situaci\u00f3n socioecon\u00f3mica que se vio agravada por la explosi\u00f3n ocurrida en el puerto de Beirut en 2020.<\/p>\n<p>En este cap\u00edtulo, Miguel profundiza en la situaci\u00f3n que vive la ciudadan\u00eda libanesa y la poblaci\u00f3n siria refugiada en su territorio, enfoc\u00e1ndose en los problemas que experimenta un pa\u00eds tan solidario: <strong>\u201cEstamos presenciando uno de los peores momentos de su historia<\/strong> debido al encadenamiento de diferentes crisis econ\u00f3micas, sanitarias, sociales, pol\u00edticas y educativas a las que se junta la crisis migratoria derivada de la guerra de Siria\u201d.&nbsp;<\/p>\n<p>Miguel y Julia conversan sobre c\u00f3mo trabaja Entreculturas sobre el terreno y c\u00f3mo, de la mano del Servicio Jesuita a Refugiados (JRS), <strong>ofrecemos un acompa\u00f1amiento a las familias sirias refugiadas en L\u00edbano durante el proceso de desplazamiento<\/strong>: \u201cLo que intentamos es dar una respuesta lo m\u00e1s integral posible. Como nuestro expertise es la educaci\u00f3n, utilizamos los colegios como piedra angular dentro de la prestaci\u00f3n de los distintos servicios que damos\u201d.<\/p>\n<p><strong>\u2018Voces por una Causa\u2019 es el podcast semanal de Entreculturas<\/strong>, en el que nos acercamos a la realidad de los pa\u00edses y causas en torno a las que trabajamos y con el que buscamos crear un espacio de reflexi\u00f3n y debate con testimonios y voces en primera persona. Los programas se emiten todos los jueves en nuestro canal de <a href=\"https:\/\/www.youtube.com\/c\/EntreculturasOrg915902672\">Youtube<\/a>, en <a href=\"https:\/\/open.spotify.com\/show\/6dS5JsqnsWrnHL1gwead1A\">Spotify<\/a>, en <a href=\"https:\/\/www.ivoox.com\/perfil-entreculturas_a8_listener_28185270_1.html\">Ivoox<\/a>, y en <a href=\"https:\/\/podcasts.apple.com\/us\/podcast\/entreculturas-voces-por-una-causa\/id1621485462\">Apple Podcast<\/a>.<\/p>\n<p>&nbsp;<\/p>\n","protected":false},"excerpt":{"rendered":"<p>Esta semana en Voces por una Causa, la escritora Julia Navarro conversa con Miguel Santiuste, t\u00e9cnico de proyectos de Entreculturas expatriado en L\u00edbano. A trav\u00e9s de su testimonio, nos acercamos a la realidad de L\u00edbano, el pa\u00eds que acoge a m\u00e1s personas refugiadas per c\u00e1pita del mundo y que, a la vez, lleva viviendo desde hace a\u00f1os una compleja situaci\u00f3n socioecon\u00f3mica que se vio agravada por la explosi\u00f3n ocurrida en el puerto de Beirut en 2020.<\/p>\n","protected":false},"featured_media":6861,"template":"podcast-imagen-sin-banner","meta":{"_acf_changed":false},"categories":[7],"tags":[185],"class_list":["post-6862","podcast","type-podcast","status-publish","has-post-thumbnail","hentry","category-noticia","tag-entreculturas"],"acf":[],"yoast_head":"<!-- This site is optimized with the Yoast SEO Premium plugin v21.6 (Yoast SEO v27.5) - https:\/\/yoast.com\/product\/yoast-seo-premium-wordpress\/ -->\n<title>\u201cEn una d\u00e9cada las crisis han dejado a L\u00edbano completamente irreconocible\u201d - Entreculturas<\/title>\n<meta name=\"robots\" content=\"index, follow, max-snippet:-1, max-image-preview:large, max-video-preview:-1\" \/>\n<link rel=\"canonical\" href=\"https:\/\/www.entreculturas.org\/ca\/podcast\/en-una-decada-las-crisis-han-dejado-libano-completamente-irreconocible\/\" \/>\n<meta property=\"og:locale\" content=\"ca_ES\" \/>\n<meta property=\"og:type\" content=\"article\" \/>\n<meta property=\"og:title\" content=\"\u201cEn una d\u00e9cada las crisis han dejado a L\u00edbano completamente irreconocible\u201d\" \/>\n<meta property=\"og:description\" content=\"Esta semana en Voces por una Causa, la escritora Julia Navarro conversa con Miguel Santiuste, t\u00e9cnico de proyectos de Entreculturas expatriado en L\u00edbano. A trav\u00e9s de su testimonio, nos acercamos a la realidad de L\u00edbano, el pa\u00eds que acoge a m\u00e1s personas refugiadas per c\u00e1pita del mundo y que, a la vez, lleva viviendo desde hace a\u00f1os una compleja situaci\u00f3n socioecon\u00f3mica que se vio agravada por la explosi\u00f3n ocurrida en el puerto de Beirut en 2020.\" \/>\n<meta property=\"og:url\" content=\"https:\/\/www.entreculturas.org\/ca\/podcast\/en-una-decada-las-crisis-han-dejado-libano-completamente-irreconocible\/\" \/>\n<meta property=\"og:site_name\" content=\"Entreculturas\" \/>\n<meta property=\"article:publisher\" content=\"https:\/\/www.facebook.com\/entreculturas\" \/>\n<meta property=\"article:modified_time\" content=\"2024-01-16T10:47:24+00:00\" \/>\n<meta property=\"og:image\" content=\"https:\/\/www.entreculturas.org\/wp-content\/uploads\/2023\/02\/web_-_libano.jpg\" \/>\n\t<meta property=\"og:image:width\" content=\"1920\" \/>\n\t<meta property=\"og:image:height\" content=\"1080\" \/>\n\t<meta property=\"og:image:type\" content=\"image\/jpeg\" \/>\n<meta name=\"twitter:card\" content=\"summary_large_image\" \/>\n<meta name=\"twitter:site\" content=\"@Entreculturas\" \/>\n<script type=\"application\/ld+json\" class=\"yoast-schema-graph\">{\"@context\":\"https:\\\/\\\/schema.org\",\"@graph\":[{\"@type\":\"WebPage\",\"@id\":\"https:\\\/\\\/www.entreculturas.org\\\/ca\\\/podcast\\\/en-una-decada-las-crisis-han-dejado-libano-completamente-irreconocible\\\/\",\"url\":\"https:\\\/\\\/www.entreculturas.org\\\/ca\\\/podcast\\\/en-una-decada-las-crisis-han-dejado-libano-completamente-irreconocible\\\/\",\"name\":\"\u201cEn una d\u00e9cada las crisis han dejado a L\u00edbano completamente irreconocible\u201d - Entreculturas\",\"isPartOf\":{\"@id\":\"https:\\\/\\\/www.entreculturas.org\\\/ca\\\/#website\"},\"primaryImageOfPage\":{\"@id\":\"https:\\\/\\\/www.entreculturas.org\\\/ca\\\/podcast\\\/en-una-decada-las-crisis-han-dejado-libano-completamente-irreconocible\\\/#primaryimage\"},\"image\":{\"@id\":\"https:\\\/\\\/www.entreculturas.org\\\/ca\\\/podcast\\\/en-una-decada-las-crisis-han-dejado-libano-completamente-irreconocible\\\/#primaryimage\"},\"thumbnailUrl\":\"https:\\\/\\\/www.entreculturas.org\\\/wp-content\\\/uploads\\\/2023\\\/02\\\/web_-_libano.jpg\",\"datePublished\":\"2023-02-09T10:24:45+00:00\",\"dateModified\":\"2024-01-16T10:47:24+00:00\",\"breadcrumb\":{\"@id\":\"https:\\\/\\\/www.entreculturas.org\\\/ca\\\/podcast\\\/en-una-decada-las-crisis-han-dejado-libano-completamente-irreconocible\\\/#breadcrumb\"},\"inLanguage\":\"ca\",\"potentialAction\":[{\"@type\":\"ReadAction\",\"target\":[\"https:\\\/\\\/www.entreculturas.org\\\/ca\\\/podcast\\\/en-una-decada-las-crisis-han-dejado-libano-completamente-irreconocible\\\/\"]}]},{\"@type\":\"ImageObject\",\"inLanguage\":\"ca\",\"@id\":\"https:\\\/\\\/www.entreculturas.org\\\/ca\\\/podcast\\\/en-una-decada-las-crisis-han-dejado-libano-completamente-irreconocible\\\/#primaryimage\",\"url\":\"https:\\\/\\\/www.entreculturas.org\\\/wp-content\\\/uploads\\\/2023\\\/02\\\/web_-_libano.jpg\",\"contentUrl\":\"https:\\\/\\\/www.entreculturas.org\\\/wp-content\\\/uploads\\\/2023\\\/02\\\/web_-_libano.jpg\",\"width\":1920,\"height\":1080},{\"@type\":\"BreadcrumbList\",\"@id\":\"https:\\\/\\\/www.entreculturas.org\\\/ca\\\/podcast\\\/en-una-decada-las-crisis-han-dejado-libano-completamente-irreconocible\\\/#breadcrumb\",\"itemListElement\":[{\"@type\":\"ListItem\",\"position\":1,\"name\":\"Home\",\"item\":\"https:\\\/\\\/www.entreculturas.org\\\/ca\\\/\"},{\"@type\":\"ListItem\",\"position\":2,\"name\":\"Podcast Julia Navarro\",\"item\":\"https:\\\/\\\/www.entreculturas.org\\\/ca\\\/podcasts\\\/\"},{\"@type\":\"ListItem\",\"position\":3,\"name\":\"\u201cEn una d\u00e9cada las crisis han dejado a L\u00edbano completamente irreconocible\u201d\"}]},{\"@type\":\"WebSite\",\"@id\":\"https:\\\/\\\/www.entreculturas.org\\\/ca\\\/#website\",\"url\":\"https:\\\/\\\/www.entreculturas.org\\\/ca\\\/\",\"name\":\"Entreculturas\",\"description\":\"\",\"publisher\":{\"@id\":\"https:\\\/\\\/www.entreculturas.org\\\/ca\\\/#organization\"},\"alternateName\":\"Entreculturas\",\"potentialAction\":[{\"@type\":\"SearchAction\",\"target\":{\"@type\":\"EntryPoint\",\"urlTemplate\":\"https:\\\/\\\/www.entreculturas.org\\\/ca\\\/?s={search_term_string}\"},\"query-input\":{\"@type\":\"PropertyValueSpecification\",\"valueRequired\":true,\"valueName\":\"search_term_string\"}}],\"inLanguage\":\"ca\"},{\"@type\":\"Organization\",\"@id\":\"https:\\\/\\\/www.entreculturas.org\\\/ca\\\/#organization\",\"name\":\"Entreculturas\",\"url\":\"https:\\\/\\\/www.entreculturas.org\\\/ca\\\/\",\"logo\":{\"@type\":\"ImageObject\",\"inLanguage\":\"ca\",\"@id\":\"https:\\\/\\\/www.entreculturas.org\\\/ca\\\/#\\\/schema\\\/logo\\\/image\\\/\",\"url\":\"https:\\\/\\\/www.entreculturas.org\\\/wp-content\\\/uploads\\\/2025\\\/10\\\/ESP.svg\",\"contentUrl\":\"https:\\\/\\\/www.entreculturas.org\\\/wp-content\\\/uploads\\\/2025\\\/10\\\/ESP.svg\",\"caption\":\"Entreculturas\"},\"image\":{\"@id\":\"https:\\\/\\\/www.entreculturas.org\\\/ca\\\/#\\\/schema\\\/logo\\\/image\\\/\"},\"sameAs\":[\"https:\\\/\\\/www.facebook.com\\\/entreculturas\",\"https:\\\/\\\/x.com\\\/Entreculturas\",\"https:\\\/\\\/www.instagram.com\\\/entreculturas\\\/\",\"https:\\\/\\\/www.youtube.com\\\/user\\\/entreculturasvideo\",\"https:\\\/\\\/www.linkedin.com\\\/company\\\/fundacion-entreculturas-ngdo\\\/\",\"https:\\\/\\\/www.flickr.com\\\/photos\\\/98455522@N04\\\/albums\\\/\"]}]}<\/script>\n<!-- \/ Yoast SEO Premium plugin. -->","yoast_head_json":{"title":"\u201cEn una d\u00e9cada las crisis han dejado a L\u00edbano completamente irreconocible\u201d - Entreculturas","robots":{"index":"index","follow":"follow","max-snippet":"max-snippet:-1","max-image-preview":"max-image-preview:large","max-video-preview":"max-video-preview:-1"},"canonical":"https:\/\/www.entreculturas.org\/ca\/podcast\/en-una-decada-las-crisis-han-dejado-libano-completamente-irreconocible\/","og_locale":"ca_ES","og_type":"article","og_title":"\u201cEn una d\u00e9cada las crisis han dejado a L\u00edbano completamente irreconocible\u201d","og_description":"Esta semana en Voces por una Causa, la escritora Julia Navarro conversa con Miguel Santiuste, t\u00e9cnico de proyectos de Entreculturas expatriado en L\u00edbano. A trav\u00e9s de su testimonio, nos acercamos a la realidad de L\u00edbano, el pa\u00eds que acoge a m\u00e1s personas refugiadas per c\u00e1pita del mundo y que, a la vez, lleva viviendo desde hace a\u00f1os una compleja situaci\u00f3n socioecon\u00f3mica que se vio agravada por la explosi\u00f3n ocurrida en el puerto de Beirut en 2020.","og_url":"https:\/\/www.entreculturas.org\/ca\/podcast\/en-una-decada-las-crisis-han-dejado-libano-completamente-irreconocible\/","og_site_name":"Entreculturas","article_publisher":"https:\/\/www.facebook.com\/entreculturas","article_modified_time":"2024-01-16T10:47:24+00:00","og_image":[{"width":1920,"height":1080,"url":"https:\/\/www.entreculturas.org\/wp-content\/uploads\/2023\/02\/web_-_libano.jpg","type":"image\/jpeg"}],"twitter_card":"summary_large_image","twitter_site":"@Entreculturas","schema":{"@context":"https:\/\/schema.org","@graph":[{"@type":"WebPage","@id":"https:\/\/www.entreculturas.org\/ca\/podcast\/en-una-decada-las-crisis-han-dejado-libano-completamente-irreconocible\/","url":"https:\/\/www.entreculturas.org\/ca\/podcast\/en-una-decada-las-crisis-han-dejado-libano-completamente-irreconocible\/","name":"\u201cEn una d\u00e9cada las crisis han dejado a L\u00edbano completamente irreconocible\u201d - Entreculturas","isPartOf":{"@id":"https:\/\/www.entreculturas.org\/ca\/#website"},"primaryImageOfPage":{"@id":"https:\/\/www.entreculturas.org\/ca\/podcast\/en-una-decada-las-crisis-han-dejado-libano-completamente-irreconocible\/#primaryimage"},"image":{"@id":"https:\/\/www.entreculturas.org\/ca\/podcast\/en-una-decada-las-crisis-han-dejado-libano-completamente-irreconocible\/#primaryimage"},"thumbnailUrl":"https:\/\/www.entreculturas.org\/wp-content\/uploads\/2023\/02\/web_-_libano.jpg","datePublished":"2023-02-09T10:24:45+00:00","dateModified":"2024-01-16T10:47:24+00:00","breadcrumb":{"@id":"https:\/\/www.entreculturas.org\/ca\/podcast\/en-una-decada-las-crisis-han-dejado-libano-completamente-irreconocible\/#breadcrumb"},"inLanguage":"ca","potentialAction":[{"@type":"ReadAction","target":["https:\/\/www.entreculturas.org\/ca\/podcast\/en-una-decada-las-crisis-han-dejado-libano-completamente-irreconocible\/"]}]},{"@type":"ImageObject","inLanguage":"ca","@id":"https:\/\/www.entreculturas.org\/ca\/podcast\/en-una-decada-las-crisis-han-dejado-libano-completamente-irreconocible\/#primaryimage","url":"https:\/\/www.entreculturas.org\/wp-content\/uploads\/2023\/02\/web_-_libano.jpg","contentUrl":"https:\/\/www.entreculturas.org\/wp-content\/uploads\/2023\/02\/web_-_libano.jpg","width":1920,"height":1080},{"@type":"BreadcrumbList","@id":"https:\/\/www.entreculturas.org\/ca\/podcast\/en-una-decada-las-crisis-han-dejado-libano-completamente-irreconocible\/#breadcrumb","itemListElement":[{"@type":"ListItem","position":1,"name":"Home","item":"https:\/\/www.entreculturas.org\/ca\/"},{"@type":"ListItem","position":2,"name":"Podcast Julia Navarro","item":"https:\/\/www.entreculturas.org\/ca\/podcasts\/"},{"@type":"ListItem","position":3,"name":"\u201cEn una d\u00e9cada las crisis han dejado a L\u00edbano completamente irreconocible\u201d"}]},{"@type":"WebSite","@id":"https:\/\/www.entreculturas.org\/ca\/#website","url":"https:\/\/www.entreculturas.org\/ca\/","name":"Entreculturas","description":"","publisher":{"@id":"https:\/\/www.entreculturas.org\/ca\/#organization"},"alternateName":"Entreculturas","potentialAction":[{"@type":"SearchAction","target":{"@type":"EntryPoint","urlTemplate":"https:\/\/www.entreculturas.org\/ca\/?s={search_term_string}"},"query-input":{"@type":"PropertyValueSpecification","valueRequired":true,"valueName":"search_term_string"}}],"inLanguage":"ca"},{"@type":"Organization","@id":"https:\/\/www.entreculturas.org\/ca\/#organization","name":"Entreculturas","url":"https:\/\/www.entreculturas.org\/ca\/","logo":{"@type":"ImageObject","inLanguage":"ca","@id":"https:\/\/www.entreculturas.org\/ca\/#\/schema\/logo\/image\/","url":"https:\/\/www.entreculturas.org\/wp-content\/uploads\/2025\/10\/ESP.svg","contentUrl":"https:\/\/www.entreculturas.org\/wp-content\/uploads\/2025\/10\/ESP.svg","caption":"Entreculturas"},"image":{"@id":"https:\/\/www.entreculturas.org\/ca\/#\/schema\/logo\/image\/"},"sameAs":["https:\/\/www.facebook.com\/entreculturas","https:\/\/x.com\/Entreculturas","https:\/\/www.instagram.com\/entreculturas\/","https:\/\/www.youtube.com\/user\/entreculturasvideo","https:\/\/www.linkedin.com\/company\/fundacion-entreculturas-ngdo\/","https:\/\/www.flickr.com\/photos\/98455522@N04\/albums\/"]}]}},"_links":{"self":[{"href":"https:\/\/www.entreculturas.org\/ca\/wp-json\/wp\/v2\/podcast\/6862","targetHints":{"allow":["GET"]}}],"collection":[{"href":"https:\/\/www.entreculturas.org\/ca\/wp-json\/wp\/v2\/podcast"}],"about":[{"href":"https:\/\/www.entreculturas.org\/ca\/wp-json\/wp\/v2\/types\/podcast"}],"wp:featuredmedia":[{"embeddable":true,"href":"https:\/\/www.entreculturas.org\/ca\/wp-json\/wp\/v2\/media\/6861"}],"wp:attachment":[{"href":"https:\/\/www.entreculturas.org\/ca\/wp-json\/wp\/v2\/media?parent=6862"}],"wp:term":[{"taxonomy":"category","embeddable":true,"href":"https:\/\/www.entreculturas.org\/ca\/wp-json\/wp\/v2\/categories?post=6862"},{"taxonomy":"post_tag","embeddable":true,"href":"https:\/\/www.entreculturas.org\/ca\/wp-json\/wp\/v2\/tags?post=6862"}],"curies":[{"name":"wp","href":"https:\/\/api.w.org\/{rel}","templated":true}]}}