{"id":6745,"date":"2022-10-20T08:04:14","date_gmt":"2022-10-20T08:04:14","guid":{"rendered":"https:\/\/entreculturasi.wpenginepowered.com\/?noticias=si-en-el-mundo-estamos-todos-el-mundo-deberia-de-ser-para-todos-no-solo-para-la-mayoria"},"modified":"2024-01-16T11:47:26","modified_gmt":"2024-01-16T10:47:26","slug":"si-en-el-mundo-estamos-todos-el-mundo-deberia-de-ser-para-todos-no-solo-para-la-mayoria","status":"publish","type":"podcast","link":"https:\/\/www.entreculturas.org\/ca\/podcast\/si-en-el-mundo-estamos-todos-el-mundo-deberia-de-ser-para-todos-no-solo-para-la-mayoria\/","title":{"rendered":"\u201cSi en el mundo estamos todos, el mundo deber\u00eda de ser para todos, no solo para la mayor\u00eda\u201d, Beatriz Romero"},"content":{"rendered":"<p>&nbsp;<\/p>\n<p>Esta semana en Voces por una Causa, Julia Navarro conversa con <strong>Beatriz Romero, int\u00e9rprete de lengua de signos<\/strong>. En este episodio, nos acercamos al mundo de la inclusi\u00f3n, especialmente educativa y cultural, gracias a la experiencia de Beatriz como antigua int\u00e9rprete en un centro educativo y como actual int\u00e9rprete de las canciones de la cantautora Rozal\u00e9n en sus conciertos.<\/p>\n<p>Beatriz y Rozal\u00e9n se conocieron en un proyecto de cooperaci\u00f3n internacional en Bolivia. Ya entonces, entre amigos, Beatriz signaba las canciones que cantaba una an\u00f3nima Rozal\u00e9n. Poco tiempo despu\u00e9s, lo empezaron a hacer en algunos de sus conciertos. Sin embargo, el paso definitivo lo dieron despu\u00e9s de un concierto muy especial, como relata la propia Beatriz: \u201cPreparamos un concierto para un colegio de ni\u00f1os con discapacidad en el Sahara al que acudieron personas sordas. Al acabar, se acercaron y nos dijeron <strong>que, por favor, no dej\u00e1ramos de hacerlo, que est\u00e1bamos haciendo una cosa importante<\/strong>\u201d.<\/p>\n<p>En esta conversaci\u00f3n, Julia y Beatriz tambi\u00e9n hablan sobre la importancia que tiene la inclusi\u00f3n de personas con discapacidad en los colegios, el efecto positivo que tiene en todo el alumnado y el largo camino que todav\u00eda falta por recorrer. <strong>\u201cFalta m\u00e1s contacto entre personas con discapacidad y sin discapacidad<\/strong>. Hay personas con discapacidad que hacen un mont\u00f3n de cosas muy interesantes y que muchas veces nos las perdemos el resto\u201d, se\u00f1ala Beatriz.&nbsp;<\/p>\n<p>En concreto, sobre la educaci\u00f3n de la comunidad sorda, Beatriz<strong> recalca la importancia de priorizar el aprendizaje de la lengua de signos<\/strong> y no relegarlo solamente a aquellas situaciones en donde no funcionan los avances cient\u00edficos. Afirma que, como ocurre con las personas que se est\u00e1n quedando ciegas, las personas sordas deber\u00edan disponer de facilidades para aprender la lengua de signos para garantizar as\u00ed un acceso de calidad a la educaci\u00f3n a trav\u00e9s de la presencia de una int\u00e9rprete en las clases.<\/p>\n<p>Por \u00faltimo, Beatriz termina recordando los tres viajes que, de la mano de Entreculturas, ha realizado junto con Rozal\u00e9n a Guatemala, Chad y Ecuador: <strong>\u201cNos encanta hacer estos viajes con Entreculturas porque es cuando m\u00e1s aprendes<\/strong>, cuando realmente conoces los pa\u00edses y a las personas\u201d. Tambi\u00e9n tuvo un recuerdo especial para la Unidad Educativa Especial de Fe y Alegr\u00eda de Santo Domingo: \u201cFue super bonito visitar el colegio con alumnos sordos. Fue muy emotivo. Un aut\u00e9ntico regalazo conocerles\u201d.&nbsp;<\/p>\n<p><strong>\u2018Voces por una Causa\u2019 es el podcast semanal de Entreculturas,<\/strong> en el que nos acercamos a la realidad de los pa\u00edses y causas en torno a las que trabajamos y con el que buscamos crear un espacio de reflexi\u00f3n y debate con testimonios y voces en primera persona. Los programas se emiten todos los jueves en nuestro canal de <a href=\"https:\/\/www.youtube.com\/watch?v=eHzPm7eji1Q\">Youtube<\/a>, en <a href=\"https:\/\/open.spotify.com\/episode\/6QaqMSaYzVMfFdp1ji2D2Y?si=BOA_JVs3SwuEyybsy4NM4g\">Spotify<\/a>, en <a href=\"https:\/\/go.ivoox.com\/rf\/94360262\">Ivoox<\/a>, y en <a href=\"https:\/\/podcasts.apple.com\/es\/podcast\/voces-por-una-causa-con-julia-navarro-beatriz-romero\/id1621485462?i=1000583273618\">Apple Podcast<\/a>.&nbsp;<\/p>\n","protected":false},"excerpt":{"rendered":"<p>Esta semana en Voces por una Causa, Julia Navarro conversa con Beatriz Romero, int\u00e9rprete de lengua de signos. En este episodio, nos acercamos al mundo de la inclusi\u00f3n, especialmente educativa y cultural, gracias a la experiencia de Beatriz como antigua int\u00e9rprete en un centro educativo y como actual int\u00e9rprete de las canciones de la cantautora Rozal\u00e9n en sus conciertos.<\/p>\n","protected":false},"featured_media":6744,"template":"podcast-imagen-sin-banner","meta":{"_acf_changed":false},"categories":[7],"tags":[185],"class_list":["post-6745","podcast","type-podcast","status-publish","has-post-thumbnail","hentry","category-noticia","tag-entreculturas"],"acf":[],"yoast_head":"<!-- This site is optimized with the Yoast SEO Premium plugin v21.6 (Yoast SEO v27.5) - https:\/\/yoast.com\/product\/yoast-seo-premium-wordpress\/ -->\n<title>\u201cSi en el mundo estamos todos, el mundo deber\u00eda de ser para todos, no solo para la mayor\u00eda\u201d, Beatriz Romero - Entreculturas<\/title>\n<meta name=\"robots\" content=\"index, follow, max-snippet:-1, max-image-preview:large, max-video-preview:-1\" \/>\n<link rel=\"canonical\" href=\"https:\/\/www.entreculturas.org\/ca\/podcast\/si-en-el-mundo-estamos-todos-el-mundo-deberia-de-ser-para-todos-no-solo-para-la-mayoria\/\" \/>\n<meta property=\"og:locale\" content=\"ca_ES\" \/>\n<meta property=\"og:type\" content=\"article\" \/>\n<meta property=\"og:title\" content=\"\u201cSi en el mundo estamos todos, el mundo deber\u00eda de ser para todos, no solo para la mayor\u00eda\u201d, Beatriz Romero\" \/>\n<meta property=\"og:description\" content=\"Esta semana en Voces por una Causa, Julia Navarro conversa con Beatriz Romero, int\u00e9rprete de lengua de signos. En este episodio, nos acercamos al mundo de la inclusi\u00f3n, especialmente educativa y cultural, gracias a la experiencia de Beatriz como antigua int\u00e9rprete en un centro educativo y como actual int\u00e9rprete de las canciones de la cantautora Rozal\u00e9n en sus conciertos.\" \/>\n<meta property=\"og:url\" content=\"https:\/\/www.entreculturas.org\/ca\/podcast\/si-en-el-mundo-estamos-todos-el-mundo-deberia-de-ser-para-todos-no-solo-para-la-mayoria\/\" \/>\n<meta property=\"og:site_name\" content=\"Entreculturas\" \/>\n<meta property=\"article:publisher\" content=\"https:\/\/www.facebook.com\/entreculturas\" \/>\n<meta property=\"article:modified_time\" content=\"2024-01-16T10:47:26+00:00\" \/>\n<meta property=\"og:image\" content=\"https:\/\/www.entreculturas.org\/wp-content\/uploads\/2022\/10\/noticia_web_-_beatriz_romero_3.jpg\" \/>\n\t<meta property=\"og:image:width\" content=\"800\" \/>\n\t<meta property=\"og:image:height\" content=\"450\" \/>\n\t<meta property=\"og:image:type\" content=\"image\/jpeg\" \/>\n<meta name=\"twitter:card\" content=\"summary_large_image\" \/>\n<meta name=\"twitter:site\" content=\"@Entreculturas\" \/>\n<script type=\"application\/ld+json\" class=\"yoast-schema-graph\">{\"@context\":\"https:\\\/\\\/schema.org\",\"@graph\":[{\"@type\":\"WebPage\",\"@id\":\"https:\\\/\\\/www.entreculturas.org\\\/ca\\\/podcast\\\/si-en-el-mundo-estamos-todos-el-mundo-deberia-de-ser-para-todos-no-solo-para-la-mayoria\\\/\",\"url\":\"https:\\\/\\\/www.entreculturas.org\\\/ca\\\/podcast\\\/si-en-el-mundo-estamos-todos-el-mundo-deberia-de-ser-para-todos-no-solo-para-la-mayoria\\\/\",\"name\":\"\u201cSi en el mundo estamos todos, el mundo deber\u00eda de ser para todos, no solo para la mayor\u00eda\u201d, Beatriz Romero - Entreculturas\",\"isPartOf\":{\"@id\":\"https:\\\/\\\/www.entreculturas.org\\\/ca\\\/#website\"},\"primaryImageOfPage\":{\"@id\":\"https:\\\/\\\/www.entreculturas.org\\\/ca\\\/podcast\\\/si-en-el-mundo-estamos-todos-el-mundo-deberia-de-ser-para-todos-no-solo-para-la-mayoria\\\/#primaryimage\"},\"image\":{\"@id\":\"https:\\\/\\\/www.entreculturas.org\\\/ca\\\/podcast\\\/si-en-el-mundo-estamos-todos-el-mundo-deberia-de-ser-para-todos-no-solo-para-la-mayoria\\\/#primaryimage\"},\"thumbnailUrl\":\"https:\\\/\\\/www.entreculturas.org\\\/wp-content\\\/uploads\\\/2022\\\/10\\\/noticia_web_-_beatriz_romero_3.jpg\",\"datePublished\":\"2022-10-20T08:04:14+00:00\",\"dateModified\":\"2024-01-16T10:47:26+00:00\",\"breadcrumb\":{\"@id\":\"https:\\\/\\\/www.entreculturas.org\\\/ca\\\/podcast\\\/si-en-el-mundo-estamos-todos-el-mundo-deberia-de-ser-para-todos-no-solo-para-la-mayoria\\\/#breadcrumb\"},\"inLanguage\":\"ca\",\"potentialAction\":[{\"@type\":\"ReadAction\",\"target\":[\"https:\\\/\\\/www.entreculturas.org\\\/ca\\\/podcast\\\/si-en-el-mundo-estamos-todos-el-mundo-deberia-de-ser-para-todos-no-solo-para-la-mayoria\\\/\"]}]},{\"@type\":\"ImageObject\",\"inLanguage\":\"ca\",\"@id\":\"https:\\\/\\\/www.entreculturas.org\\\/ca\\\/podcast\\\/si-en-el-mundo-estamos-todos-el-mundo-deberia-de-ser-para-todos-no-solo-para-la-mayoria\\\/#primaryimage\",\"url\":\"https:\\\/\\\/www.entreculturas.org\\\/wp-content\\\/uploads\\\/2022\\\/10\\\/noticia_web_-_beatriz_romero_3.jpg\",\"contentUrl\":\"https:\\\/\\\/www.entreculturas.org\\\/wp-content\\\/uploads\\\/2022\\\/10\\\/noticia_web_-_beatriz_romero_3.jpg\",\"width\":800,\"height\":450},{\"@type\":\"BreadcrumbList\",\"@id\":\"https:\\\/\\\/www.entreculturas.org\\\/ca\\\/podcast\\\/si-en-el-mundo-estamos-todos-el-mundo-deberia-de-ser-para-todos-no-solo-para-la-mayoria\\\/#breadcrumb\",\"itemListElement\":[{\"@type\":\"ListItem\",\"position\":1,\"name\":\"Home\",\"item\":\"https:\\\/\\\/www.entreculturas.org\\\/ca\\\/\"},{\"@type\":\"ListItem\",\"position\":2,\"name\":\"Podcast Julia Navarro\",\"item\":\"https:\\\/\\\/www.entreculturas.org\\\/ca\\\/podcasts\\\/\"},{\"@type\":\"ListItem\",\"position\":3,\"name\":\"\u201cSi en el mundo estamos todos, el mundo deber\u00eda de ser para todos, no solo para la mayor\u00eda\u201d, Beatriz Romero\"}]},{\"@type\":\"WebSite\",\"@id\":\"https:\\\/\\\/www.entreculturas.org\\\/ca\\\/#website\",\"url\":\"https:\\\/\\\/www.entreculturas.org\\\/ca\\\/\",\"name\":\"Entreculturas\",\"description\":\"\",\"publisher\":{\"@id\":\"https:\\\/\\\/www.entreculturas.org\\\/ca\\\/#organization\"},\"alternateName\":\"Entreculturas\",\"potentialAction\":[{\"@type\":\"SearchAction\",\"target\":{\"@type\":\"EntryPoint\",\"urlTemplate\":\"https:\\\/\\\/www.entreculturas.org\\\/ca\\\/?s={search_term_string}\"},\"query-input\":{\"@type\":\"PropertyValueSpecification\",\"valueRequired\":true,\"valueName\":\"search_term_string\"}}],\"inLanguage\":\"ca\"},{\"@type\":\"Organization\",\"@id\":\"https:\\\/\\\/www.entreculturas.org\\\/ca\\\/#organization\",\"name\":\"Entreculturas\",\"url\":\"https:\\\/\\\/www.entreculturas.org\\\/ca\\\/\",\"logo\":{\"@type\":\"ImageObject\",\"inLanguage\":\"ca\",\"@id\":\"https:\\\/\\\/www.entreculturas.org\\\/ca\\\/#\\\/schema\\\/logo\\\/image\\\/\",\"url\":\"https:\\\/\\\/www.entreculturas.org\\\/wp-content\\\/uploads\\\/2025\\\/10\\\/ESP.svg\",\"contentUrl\":\"https:\\\/\\\/www.entreculturas.org\\\/wp-content\\\/uploads\\\/2025\\\/10\\\/ESP.svg\",\"caption\":\"Entreculturas\"},\"image\":{\"@id\":\"https:\\\/\\\/www.entreculturas.org\\\/ca\\\/#\\\/schema\\\/logo\\\/image\\\/\"},\"sameAs\":[\"https:\\\/\\\/www.facebook.com\\\/entreculturas\",\"https:\\\/\\\/x.com\\\/Entreculturas\",\"https:\\\/\\\/www.instagram.com\\\/entreculturas\\\/\",\"https:\\\/\\\/www.youtube.com\\\/user\\\/entreculturasvideo\",\"https:\\\/\\\/www.linkedin.com\\\/company\\\/fundacion-entreculturas-ngdo\\\/\",\"https:\\\/\\\/www.flickr.com\\\/photos\\\/98455522@N04\\\/albums\\\/\"]}]}<\/script>\n<!-- \/ Yoast SEO Premium plugin. -->","yoast_head_json":{"title":"\u201cSi en el mundo estamos todos, el mundo deber\u00eda de ser para todos, no solo para la mayor\u00eda\u201d, Beatriz Romero - Entreculturas","robots":{"index":"index","follow":"follow","max-snippet":"max-snippet:-1","max-image-preview":"max-image-preview:large","max-video-preview":"max-video-preview:-1"},"canonical":"https:\/\/www.entreculturas.org\/ca\/podcast\/si-en-el-mundo-estamos-todos-el-mundo-deberia-de-ser-para-todos-no-solo-para-la-mayoria\/","og_locale":"ca_ES","og_type":"article","og_title":"\u201cSi en el mundo estamos todos, el mundo deber\u00eda de ser para todos, no solo para la mayor\u00eda\u201d, Beatriz Romero","og_description":"Esta semana en Voces por una Causa, Julia Navarro conversa con Beatriz Romero, int\u00e9rprete de lengua de signos. En este episodio, nos acercamos al mundo de la inclusi\u00f3n, especialmente educativa y cultural, gracias a la experiencia de Beatriz como antigua int\u00e9rprete en un centro educativo y como actual int\u00e9rprete de las canciones de la cantautora Rozal\u00e9n en sus conciertos.","og_url":"https:\/\/www.entreculturas.org\/ca\/podcast\/si-en-el-mundo-estamos-todos-el-mundo-deberia-de-ser-para-todos-no-solo-para-la-mayoria\/","og_site_name":"Entreculturas","article_publisher":"https:\/\/www.facebook.com\/entreculturas","article_modified_time":"2024-01-16T10:47:26+00:00","og_image":[{"width":800,"height":450,"url":"https:\/\/www.entreculturas.org\/wp-content\/uploads\/2022\/10\/noticia_web_-_beatriz_romero_3.jpg","type":"image\/jpeg"}],"twitter_card":"summary_large_image","twitter_site":"@Entreculturas","schema":{"@context":"https:\/\/schema.org","@graph":[{"@type":"WebPage","@id":"https:\/\/www.entreculturas.org\/ca\/podcast\/si-en-el-mundo-estamos-todos-el-mundo-deberia-de-ser-para-todos-no-solo-para-la-mayoria\/","url":"https:\/\/www.entreculturas.org\/ca\/podcast\/si-en-el-mundo-estamos-todos-el-mundo-deberia-de-ser-para-todos-no-solo-para-la-mayoria\/","name":"\u201cSi en el mundo estamos todos, el mundo deber\u00eda de ser para todos, no solo para la mayor\u00eda\u201d, Beatriz Romero - Entreculturas","isPartOf":{"@id":"https:\/\/www.entreculturas.org\/ca\/#website"},"primaryImageOfPage":{"@id":"https:\/\/www.entreculturas.org\/ca\/podcast\/si-en-el-mundo-estamos-todos-el-mundo-deberia-de-ser-para-todos-no-solo-para-la-mayoria\/#primaryimage"},"image":{"@id":"https:\/\/www.entreculturas.org\/ca\/podcast\/si-en-el-mundo-estamos-todos-el-mundo-deberia-de-ser-para-todos-no-solo-para-la-mayoria\/#primaryimage"},"thumbnailUrl":"https:\/\/www.entreculturas.org\/wp-content\/uploads\/2022\/10\/noticia_web_-_beatriz_romero_3.jpg","datePublished":"2022-10-20T08:04:14+00:00","dateModified":"2024-01-16T10:47:26+00:00","breadcrumb":{"@id":"https:\/\/www.entreculturas.org\/ca\/podcast\/si-en-el-mundo-estamos-todos-el-mundo-deberia-de-ser-para-todos-no-solo-para-la-mayoria\/#breadcrumb"},"inLanguage":"ca","potentialAction":[{"@type":"ReadAction","target":["https:\/\/www.entreculturas.org\/ca\/podcast\/si-en-el-mundo-estamos-todos-el-mundo-deberia-de-ser-para-todos-no-solo-para-la-mayoria\/"]}]},{"@type":"ImageObject","inLanguage":"ca","@id":"https:\/\/www.entreculturas.org\/ca\/podcast\/si-en-el-mundo-estamos-todos-el-mundo-deberia-de-ser-para-todos-no-solo-para-la-mayoria\/#primaryimage","url":"https:\/\/www.entreculturas.org\/wp-content\/uploads\/2022\/10\/noticia_web_-_beatriz_romero_3.jpg","contentUrl":"https:\/\/www.entreculturas.org\/wp-content\/uploads\/2022\/10\/noticia_web_-_beatriz_romero_3.jpg","width":800,"height":450},{"@type":"BreadcrumbList","@id":"https:\/\/www.entreculturas.org\/ca\/podcast\/si-en-el-mundo-estamos-todos-el-mundo-deberia-de-ser-para-todos-no-solo-para-la-mayoria\/#breadcrumb","itemListElement":[{"@type":"ListItem","position":1,"name":"Home","item":"https:\/\/www.entreculturas.org\/ca\/"},{"@type":"ListItem","position":2,"name":"Podcast Julia Navarro","item":"https:\/\/www.entreculturas.org\/ca\/podcasts\/"},{"@type":"ListItem","position":3,"name":"\u201cSi en el mundo estamos todos, el mundo deber\u00eda de ser para todos, no solo para la mayor\u00eda\u201d, Beatriz Romero"}]},{"@type":"WebSite","@id":"https:\/\/www.entreculturas.org\/ca\/#website","url":"https:\/\/www.entreculturas.org\/ca\/","name":"Entreculturas","description":"","publisher":{"@id":"https:\/\/www.entreculturas.org\/ca\/#organization"},"alternateName":"Entreculturas","potentialAction":[{"@type":"SearchAction","target":{"@type":"EntryPoint","urlTemplate":"https:\/\/www.entreculturas.org\/ca\/?s={search_term_string}"},"query-input":{"@type":"PropertyValueSpecification","valueRequired":true,"valueName":"search_term_string"}}],"inLanguage":"ca"},{"@type":"Organization","@id":"https:\/\/www.entreculturas.org\/ca\/#organization","name":"Entreculturas","url":"https:\/\/www.entreculturas.org\/ca\/","logo":{"@type":"ImageObject","inLanguage":"ca","@id":"https:\/\/www.entreculturas.org\/ca\/#\/schema\/logo\/image\/","url":"https:\/\/www.entreculturas.org\/wp-content\/uploads\/2025\/10\/ESP.svg","contentUrl":"https:\/\/www.entreculturas.org\/wp-content\/uploads\/2025\/10\/ESP.svg","caption":"Entreculturas"},"image":{"@id":"https:\/\/www.entreculturas.org\/ca\/#\/schema\/logo\/image\/"},"sameAs":["https:\/\/www.facebook.com\/entreculturas","https:\/\/x.com\/Entreculturas","https:\/\/www.instagram.com\/entreculturas\/","https:\/\/www.youtube.com\/user\/entreculturasvideo","https:\/\/www.linkedin.com\/company\/fundacion-entreculturas-ngdo\/","https:\/\/www.flickr.com\/photos\/98455522@N04\/albums\/"]}]}},"_links":{"self":[{"href":"https:\/\/www.entreculturas.org\/ca\/wp-json\/wp\/v2\/podcast\/6745","targetHints":{"allow":["GET"]}}],"collection":[{"href":"https:\/\/www.entreculturas.org\/ca\/wp-json\/wp\/v2\/podcast"}],"about":[{"href":"https:\/\/www.entreculturas.org\/ca\/wp-json\/wp\/v2\/types\/podcast"}],"wp:featuredmedia":[{"embeddable":true,"href":"https:\/\/www.entreculturas.org\/ca\/wp-json\/wp\/v2\/media\/6744"}],"wp:attachment":[{"href":"https:\/\/www.entreculturas.org\/ca\/wp-json\/wp\/v2\/media?parent=6745"}],"wp:term":[{"taxonomy":"category","embeddable":true,"href":"https:\/\/www.entreculturas.org\/ca\/wp-json\/wp\/v2\/categories?post=6745"},{"taxonomy":"post_tag","embeddable":true,"href":"https:\/\/www.entreculturas.org\/ca\/wp-json\/wp\/v2\/tags?post=6745"}],"curies":[{"name":"wp","href":"https:\/\/api.w.org\/{rel}","templated":true}]}}