{"id":40556,"date":"2025-07-10T10:59:26","date_gmt":"2025-07-10T08:59:26","guid":{"rendered":"https:\/\/www.entreculturas.org\/?post_type=podcast&#038;p=40556"},"modified":"2025-07-10T11:38:52","modified_gmt":"2025-07-10T09:38:52","slug":"julia-navarro-podcast-ong-informe-sjm-cuidar-derechos","status":"publish","type":"podcast","link":"https:\/\/www.entreculturas.org\/ca\/podcast\/julia-navarro-podcast-ong-informe-sjm-cuidar-derechos\/","title":{"rendered":"\u201cLa informalidad genera una vulneraci\u00f3n de derechos muy extendida en las trabajadoras del hogar\u201d"},"content":{"rendered":"\n<p>Esta semana en el podcast de <a href=\"https:\/\/www.entreculturas.org\/podcast\/\">Voces por una Causa<\/a>, la escritora Julia Navarro conversa con <strong>Susete Mourato<\/strong>, coautora del informe del <a href=\"https:\/\/sjme.org\/\">Servicio Jesuita a Migrantes<\/a> (SJM) <a href=\"https:\/\/sjme.org\/2025\/03\/27\/cuidar-con-derechos-vivir-con-dignidad\/\"><em>Cuidar con derechos, vivir con dignidad<\/em><\/a>, y con <strong>Natalia Padr\u00f3n<\/strong>, t\u00e9cnica del \u00e1rea de mujer de la red del SJM y coordinadora de Formaci\u00f3n y Empleo de <a href=\"https:\/\/pueblosunidos.org\/\">Pueblos Unidos<\/a>, adem\u00e1s de miembro del equipo que ha acompa\u00f1ado esta publicaci\u00f3n.\u00a0<\/p>\n\n\n\n<p>Con ellas, nos acercamos a la realidad que viven miles de trabajadoras en empleo del hogar y los cuidados en Espa\u00f1a, una profesi\u00f3n esencial, pero hist\u00f3ricamente invisibilizada, ejercida mayoritariamente por mujeres de origen migrante, con una proporci\u00f3n muy alta de situaci\u00f3n administrativa irregular, lo que, en muchas ocasiones, hace que se vean obligadas a trabajar sin derechos laborales.<\/p>\n\n\n\n<h2 class=\"wp-block-heading\" id=\"h-de-que-nos-hablan-susete-y-natalia-en-el-episodio\"><strong>\u00bfDe qu\u00e9 nos hablan Susete y Natalia en el episodio?<\/strong><\/h2>\n\n\n\n<p>En este episodio, Natalia y Susete nos hablan de c\u00f3mo la informalidad laboral que afecta a las trabajadoras del hogar en Espa\u00f1a impacta directamente en su bienestar. Se\u00f1alan como muchas de ellas, al estar en situaci\u00f3n administrativa irregular, no tienen acceso a derechos b\u00e1sicos ni garant\u00edas m\u00ednimas. Una vulneraci\u00f3n de derechos, en palabras de Natalia, <strong>\u201c<\/strong>muy extendida que <strong>produce un impacto tanto f\u00edsico como mental muy fuerte<\/strong> en ellas\u201d.<\/p>\n\n\n\n<p>Adem\u00e1s, Susete alerta sobre una de las principales contradicciones del sistema legal actual que afecta a toda persona cuya situaci\u00f3n administrativa no est\u00e9 regularizada: las personas que quieren contratarlas no tienen herramientas legales para contribuir a regularizar su situaci\u00f3n durante los primeros a\u00f1os. Esta realidad impide cualquier formalizaci\u00f3n del empleo y es una barrera que mantiene a miles de mujeres en la sombra, sin derechos y en una continua incertidumbre.<\/p>\n\n\n\n<p>Por \u00faltimo, Susete y Natalia profundizan en las propuestas recogidas en el informe, subrayando la urgencia de medidas estructurales para garantizar derechos. Una de las principales demandas del estudio es una v\u00eda clara de regularizaci\u00f3n para las trabajadoras del hogar que llegan a Espa\u00f1a con intenci\u00f3n de trabajar legalmente. \u201cLo que pedimos es que <strong>el Estado se haga cargo y sea el garante del derecho a cuidar y a ser cuidado<\/strong>\u201d, sentencia Susete.<\/p>\n\n\n\n<h2 class=\"wp-block-heading\" id=\"h-que-es-voces-por-una-causa-con-julia-navarro\"><strong>\u00bfQu\u00e9 es \u2018Voces por una Causa\u2019 con Julia Navarro?<\/strong><\/h2>\n\n\n\n<p>Presentado por la escritora y periodista Julia Navarro, <a href=\"https:\/\/www.entreculturas.org\/podcast\/\"><strong>\u2018Voces por una causa\u2019<\/strong><\/a><strong> es el podcast semanal de la ONG Entreculturas<\/strong> que explora cuestiones sociales, medioambientales y culturales a trav\u00e9s de testimonios en primera persona. Los programas se emiten todos los jueves en nuestro canal de <a href=\"https:\/\/www.youtube.com\/c\/EntreculturasOrg915902672\">Youtube<\/a>, en <a href=\"https:\/\/open.spotify.com\/show\/6dS5JsqnsWrnHL1gwead1A\">Spotify<\/a>, en <a href=\"https:\/\/www.ivoox.com\/perfil-entreculturas_a8_listener_28185270_1.html\">Ivoox<\/a>, y en <a href=\"https:\/\/podcasts.apple.com\/us\/podcast\/entreculturas-voces-por-una-causa\/id1621485462\">Apple Podcast<\/a>.<\/p>\n\n\n\n<iframe style=\"border-radius:12px\" src=\"https:\/\/open.spotify.com\/embed\/episode\/24pXfqwZ5tBtP9wJJImmKB?utm_source=generator\" width=\"100%\" height=\"352\" frameBorder=\"0\" allowfullscreen=\"\" allow=\"autoplay; clipboard-write; encrypted-media; fullscreen; picture-in-picture\" loading=\"lazy\"><\/iframe>\n","protected":false},"excerpt":{"rendered":"<p>Esta semana en el podcast de Voces por una Causa, la escritora Julia Navarro conversa con Susete Mourato, coautora del informe del Servicio Jesuita a Migrantes (SJM) Cuidar con derechos, vivir con dignidad, y con Natalia Padr\u00f3n, t\u00e9cnica del \u00e1rea de mujer de la red del SJM y coordinadora de Formaci\u00f3n y Empleo de Pueblos Unidos, adem\u00e1s de miembro del equipo que ha acompa\u00f1ado esta publicaci\u00f3n.\u00a0 Con ellas, nos acercamos a la realidad que viven miles de trabajadoras en empleo del hogar y los cuidados en Espa\u00f1a, una profesi\u00f3n esencial, pero hist\u00f3ricamente invisibilizada, ejercida mayoritariamente por mujeres de origen migrante, con una proporci\u00f3n muy alta de situaci\u00f3n administrativa irregular, lo que, en muchas ocasiones, hace que se vean obligadas a trabajar sin derechos laborales. \u00bfDe qu\u00e9 nos hablan Susete y Natalia en el episodio? En este episodio, Natalia y Susete nos hablan de c\u00f3mo la informalidad laboral que afecta a [&hellip;]<\/p>\n","protected":false},"featured_media":40558,"template":"","meta":{"_acf_changed":true},"categories":[],"tags":[],"class_list":["post-40556","podcast","type-podcast","status-publish","has-post-thumbnail","hentry"],"acf":[],"yoast_head":"<!-- This site is optimized with the Yoast SEO Premium plugin v21.6 (Yoast SEO v27.5) - https:\/\/yoast.com\/product\/yoast-seo-premium-wordpress\/ -->\n<title>Julia Navarro habla sobre el informe del SJM &#039;Cuidar con Derechos&#039;<\/title>\n<meta name=\"description\" content=\"Julia Navarro conversa con Susete Mourato y Natalia Padr\u00f3n sobre el informe del SJM que analiza la situaci\u00f3n de las trabajadoras en Espa\u00f1a\" \/>\n<meta name=\"robots\" content=\"index, follow, max-snippet:-1, max-image-preview:large, max-video-preview:-1\" \/>\n<link rel=\"canonical\" href=\"https:\/\/www.entreculturas.org\/ca\/podcast\/julia-navarro-podcast-ong-informe-sjm-cuidar-derechos\/\" \/>\n<meta property=\"og:locale\" content=\"ca_ES\" \/>\n<meta property=\"og:type\" content=\"article\" \/>\n<meta property=\"og:title\" content=\"\u201cLa informalidad genera una vulneraci\u00f3n de derechos muy extendida en las trabajadoras del hogar\u201d\" \/>\n<meta property=\"og:description\" content=\"Julia Navarro conversa con Susete Mourato y Natalia Padr\u00f3n sobre el informe del SJM que analiza la situaci\u00f3n de las trabajadoras en Espa\u00f1a\" \/>\n<meta property=\"og:url\" content=\"https:\/\/www.entreculturas.org\/ca\/podcast\/julia-navarro-podcast-ong-informe-sjm-cuidar-derechos\/\" \/>\n<meta property=\"og:site_name\" content=\"Entreculturas\" \/>\n<meta property=\"article:publisher\" content=\"https:\/\/www.facebook.com\/entreculturas\" \/>\n<meta property=\"article:modified_time\" content=\"2025-07-10T09:38:52+00:00\" \/>\n<meta property=\"og:image\" content=\"https:\/\/www.entreculturas.org\/wp-content\/uploads\/2025\/07\/Somos-editada.jpg\" \/>\n\t<meta property=\"og:image:width\" content=\"800\" \/>\n\t<meta property=\"og:image:height\" content=\"533\" \/>\n\t<meta property=\"og:image:type\" content=\"image\/jpeg\" \/>\n<meta name=\"twitter:card\" content=\"summary_large_image\" \/>\n<meta name=\"twitter:site\" content=\"@Entreculturas\" \/>\n<script type=\"application\/ld+json\" class=\"yoast-schema-graph\">{\"@context\":\"https:\\\/\\\/schema.org\",\"@graph\":[{\"@type\":\"WebPage\",\"@id\":\"https:\\\/\\\/www.entreculturas.org\\\/ca\\\/podcast\\\/julia-navarro-podcast-ong-informe-sjm-cuidar-derechos\\\/\",\"url\":\"https:\\\/\\\/www.entreculturas.org\\\/ca\\\/podcast\\\/julia-navarro-podcast-ong-informe-sjm-cuidar-derechos\\\/\",\"name\":\"Julia Navarro habla sobre el informe del SJM 'Cuidar con Derechos'\",\"isPartOf\":{\"@id\":\"https:\\\/\\\/www.entreculturas.org\\\/ca\\\/#website\"},\"primaryImageOfPage\":{\"@id\":\"https:\\\/\\\/www.entreculturas.org\\\/ca\\\/podcast\\\/julia-navarro-podcast-ong-informe-sjm-cuidar-derechos\\\/#primaryimage\"},\"image\":{\"@id\":\"https:\\\/\\\/www.entreculturas.org\\\/ca\\\/podcast\\\/julia-navarro-podcast-ong-informe-sjm-cuidar-derechos\\\/#primaryimage\"},\"thumbnailUrl\":\"https:\\\/\\\/www.entreculturas.org\\\/wp-content\\\/uploads\\\/2025\\\/07\\\/Somos-editada.jpg\",\"datePublished\":\"2025-07-10T08:59:26+00:00\",\"dateModified\":\"2025-07-10T09:38:52+00:00\",\"description\":\"Julia Navarro conversa con Susete Mourato y Natalia Padr\u00f3n sobre el informe del SJM que analiza la situaci\u00f3n de las trabajadoras en Espa\u00f1a\",\"breadcrumb\":{\"@id\":\"https:\\\/\\\/www.entreculturas.org\\\/ca\\\/podcast\\\/julia-navarro-podcast-ong-informe-sjm-cuidar-derechos\\\/#breadcrumb\"},\"inLanguage\":\"ca\",\"potentialAction\":[{\"@type\":\"ReadAction\",\"target\":[\"https:\\\/\\\/www.entreculturas.org\\\/ca\\\/podcast\\\/julia-navarro-podcast-ong-informe-sjm-cuidar-derechos\\\/\"]}]},{\"@type\":\"ImageObject\",\"inLanguage\":\"ca\",\"@id\":\"https:\\\/\\\/www.entreculturas.org\\\/ca\\\/podcast\\\/julia-navarro-podcast-ong-informe-sjm-cuidar-derechos\\\/#primaryimage\",\"url\":\"https:\\\/\\\/www.entreculturas.org\\\/wp-content\\\/uploads\\\/2025\\\/07\\\/Somos-editada.jpg\",\"contentUrl\":\"https:\\\/\\\/www.entreculturas.org\\\/wp-content\\\/uploads\\\/2025\\\/07\\\/Somos-editada.jpg\",\"width\":800,\"height\":533,\"caption\":\"Julia Navarro\"},{\"@type\":\"BreadcrumbList\",\"@id\":\"https:\\\/\\\/www.entreculturas.org\\\/ca\\\/podcast\\\/julia-navarro-podcast-ong-informe-sjm-cuidar-derechos\\\/#breadcrumb\",\"itemListElement\":[{\"@type\":\"ListItem\",\"position\":1,\"name\":\"Home\",\"item\":\"https:\\\/\\\/www.entreculturas.org\\\/ca\\\/\"},{\"@type\":\"ListItem\",\"position\":2,\"name\":\"Podcast Julia Navarro\",\"item\":\"https:\\\/\\\/www.entreculturas.org\\\/ca\\\/podcasts\\\/\"},{\"@type\":\"ListItem\",\"position\":3,\"name\":\"\u201cLa informalidad genera una vulneraci\u00f3n de derechos muy extendida en las trabajadoras del hogar\u201d\"}]},{\"@type\":\"WebSite\",\"@id\":\"https:\\\/\\\/www.entreculturas.org\\\/ca\\\/#website\",\"url\":\"https:\\\/\\\/www.entreculturas.org\\\/ca\\\/\",\"name\":\"Entreculturas\",\"description\":\"\",\"publisher\":{\"@id\":\"https:\\\/\\\/www.entreculturas.org\\\/ca\\\/#organization\"},\"alternateName\":\"Entreculturas\",\"potentialAction\":[{\"@type\":\"SearchAction\",\"target\":{\"@type\":\"EntryPoint\",\"urlTemplate\":\"https:\\\/\\\/www.entreculturas.org\\\/ca\\\/?s={search_term_string}\"},\"query-input\":{\"@type\":\"PropertyValueSpecification\",\"valueRequired\":true,\"valueName\":\"search_term_string\"}}],\"inLanguage\":\"ca\"},{\"@type\":\"Organization\",\"@id\":\"https:\\\/\\\/www.entreculturas.org\\\/ca\\\/#organization\",\"name\":\"Entreculturas\",\"url\":\"https:\\\/\\\/www.entreculturas.org\\\/ca\\\/\",\"logo\":{\"@type\":\"ImageObject\",\"inLanguage\":\"ca\",\"@id\":\"https:\\\/\\\/www.entreculturas.org\\\/ca\\\/#\\\/schema\\\/logo\\\/image\\\/\",\"url\":\"https:\\\/\\\/www.entreculturas.org\\\/wp-content\\\/uploads\\\/2025\\\/10\\\/ESP.svg\",\"contentUrl\":\"https:\\\/\\\/www.entreculturas.org\\\/wp-content\\\/uploads\\\/2025\\\/10\\\/ESP.svg\",\"caption\":\"Entreculturas\"},\"image\":{\"@id\":\"https:\\\/\\\/www.entreculturas.org\\\/ca\\\/#\\\/schema\\\/logo\\\/image\\\/\"},\"sameAs\":[\"https:\\\/\\\/www.facebook.com\\\/entreculturas\",\"https:\\\/\\\/x.com\\\/Entreculturas\",\"https:\\\/\\\/www.instagram.com\\\/entreculturas\\\/\",\"https:\\\/\\\/www.youtube.com\\\/user\\\/entreculturasvideo\",\"https:\\\/\\\/www.linkedin.com\\\/company\\\/fundacion-entreculturas-ngdo\\\/\",\"https:\\\/\\\/www.flickr.com\\\/photos\\\/98455522@N04\\\/albums\\\/\"]}]}<\/script>\n<!-- \/ Yoast SEO Premium plugin. -->","yoast_head_json":{"title":"Julia Navarro habla sobre el informe del SJM 'Cuidar con Derechos'","description":"Julia Navarro conversa con Susete Mourato y Natalia Padr\u00f3n sobre el informe del SJM que analiza la situaci\u00f3n de las trabajadoras en Espa\u00f1a","robots":{"index":"index","follow":"follow","max-snippet":"max-snippet:-1","max-image-preview":"max-image-preview:large","max-video-preview":"max-video-preview:-1"},"canonical":"https:\/\/www.entreculturas.org\/ca\/podcast\/julia-navarro-podcast-ong-informe-sjm-cuidar-derechos\/","og_locale":"ca_ES","og_type":"article","og_title":"\u201cLa informalidad genera una vulneraci\u00f3n de derechos muy extendida en las trabajadoras del hogar\u201d","og_description":"Julia Navarro conversa con Susete Mourato y Natalia Padr\u00f3n sobre el informe del SJM que analiza la situaci\u00f3n de las trabajadoras en Espa\u00f1a","og_url":"https:\/\/www.entreculturas.org\/ca\/podcast\/julia-navarro-podcast-ong-informe-sjm-cuidar-derechos\/","og_site_name":"Entreculturas","article_publisher":"https:\/\/www.facebook.com\/entreculturas","article_modified_time":"2025-07-10T09:38:52+00:00","og_image":[{"width":800,"height":533,"url":"https:\/\/www.entreculturas.org\/wp-content\/uploads\/2025\/07\/Somos-editada.jpg","type":"image\/jpeg"}],"twitter_card":"summary_large_image","twitter_site":"@Entreculturas","schema":{"@context":"https:\/\/schema.org","@graph":[{"@type":"WebPage","@id":"https:\/\/www.entreculturas.org\/ca\/podcast\/julia-navarro-podcast-ong-informe-sjm-cuidar-derechos\/","url":"https:\/\/www.entreculturas.org\/ca\/podcast\/julia-navarro-podcast-ong-informe-sjm-cuidar-derechos\/","name":"Julia Navarro habla sobre el informe del SJM 'Cuidar con Derechos'","isPartOf":{"@id":"https:\/\/www.entreculturas.org\/ca\/#website"},"primaryImageOfPage":{"@id":"https:\/\/www.entreculturas.org\/ca\/podcast\/julia-navarro-podcast-ong-informe-sjm-cuidar-derechos\/#primaryimage"},"image":{"@id":"https:\/\/www.entreculturas.org\/ca\/podcast\/julia-navarro-podcast-ong-informe-sjm-cuidar-derechos\/#primaryimage"},"thumbnailUrl":"https:\/\/www.entreculturas.org\/wp-content\/uploads\/2025\/07\/Somos-editada.jpg","datePublished":"2025-07-10T08:59:26+00:00","dateModified":"2025-07-10T09:38:52+00:00","description":"Julia Navarro conversa con Susete Mourato y Natalia Padr\u00f3n sobre el informe del SJM que analiza la situaci\u00f3n de las trabajadoras en Espa\u00f1a","breadcrumb":{"@id":"https:\/\/www.entreculturas.org\/ca\/podcast\/julia-navarro-podcast-ong-informe-sjm-cuidar-derechos\/#breadcrumb"},"inLanguage":"ca","potentialAction":[{"@type":"ReadAction","target":["https:\/\/www.entreculturas.org\/ca\/podcast\/julia-navarro-podcast-ong-informe-sjm-cuidar-derechos\/"]}]},{"@type":"ImageObject","inLanguage":"ca","@id":"https:\/\/www.entreculturas.org\/ca\/podcast\/julia-navarro-podcast-ong-informe-sjm-cuidar-derechos\/#primaryimage","url":"https:\/\/www.entreculturas.org\/wp-content\/uploads\/2025\/07\/Somos-editada.jpg","contentUrl":"https:\/\/www.entreculturas.org\/wp-content\/uploads\/2025\/07\/Somos-editada.jpg","width":800,"height":533,"caption":"Julia Navarro"},{"@type":"BreadcrumbList","@id":"https:\/\/www.entreculturas.org\/ca\/podcast\/julia-navarro-podcast-ong-informe-sjm-cuidar-derechos\/#breadcrumb","itemListElement":[{"@type":"ListItem","position":1,"name":"Home","item":"https:\/\/www.entreculturas.org\/ca\/"},{"@type":"ListItem","position":2,"name":"Podcast Julia Navarro","item":"https:\/\/www.entreculturas.org\/ca\/podcasts\/"},{"@type":"ListItem","position":3,"name":"\u201cLa informalidad genera una vulneraci\u00f3n de derechos muy extendida en las trabajadoras del hogar\u201d"}]},{"@type":"WebSite","@id":"https:\/\/www.entreculturas.org\/ca\/#website","url":"https:\/\/www.entreculturas.org\/ca\/","name":"Entreculturas","description":"","publisher":{"@id":"https:\/\/www.entreculturas.org\/ca\/#organization"},"alternateName":"Entreculturas","potentialAction":[{"@type":"SearchAction","target":{"@type":"EntryPoint","urlTemplate":"https:\/\/www.entreculturas.org\/ca\/?s={search_term_string}"},"query-input":{"@type":"PropertyValueSpecification","valueRequired":true,"valueName":"search_term_string"}}],"inLanguage":"ca"},{"@type":"Organization","@id":"https:\/\/www.entreculturas.org\/ca\/#organization","name":"Entreculturas","url":"https:\/\/www.entreculturas.org\/ca\/","logo":{"@type":"ImageObject","inLanguage":"ca","@id":"https:\/\/www.entreculturas.org\/ca\/#\/schema\/logo\/image\/","url":"https:\/\/www.entreculturas.org\/wp-content\/uploads\/2025\/10\/ESP.svg","contentUrl":"https:\/\/www.entreculturas.org\/wp-content\/uploads\/2025\/10\/ESP.svg","caption":"Entreculturas"},"image":{"@id":"https:\/\/www.entreculturas.org\/ca\/#\/schema\/logo\/image\/"},"sameAs":["https:\/\/www.facebook.com\/entreculturas","https:\/\/x.com\/Entreculturas","https:\/\/www.instagram.com\/entreculturas\/","https:\/\/www.youtube.com\/user\/entreculturasvideo","https:\/\/www.linkedin.com\/company\/fundacion-entreculturas-ngdo\/","https:\/\/www.flickr.com\/photos\/98455522@N04\/albums\/"]}]}},"_links":{"self":[{"href":"https:\/\/www.entreculturas.org\/ca\/wp-json\/wp\/v2\/podcast\/40556","targetHints":{"allow":["GET"]}}],"collection":[{"href":"https:\/\/www.entreculturas.org\/ca\/wp-json\/wp\/v2\/podcast"}],"about":[{"href":"https:\/\/www.entreculturas.org\/ca\/wp-json\/wp\/v2\/types\/podcast"}],"wp:featuredmedia":[{"embeddable":true,"href":"https:\/\/www.entreculturas.org\/ca\/wp-json\/wp\/v2\/media\/40558"}],"wp:attachment":[{"href":"https:\/\/www.entreculturas.org\/ca\/wp-json\/wp\/v2\/media?parent=40556"}],"wp:term":[{"taxonomy":"category","embeddable":true,"href":"https:\/\/www.entreculturas.org\/ca\/wp-json\/wp\/v2\/categories?post=40556"},{"taxonomy":"post_tag","embeddable":true,"href":"https:\/\/www.entreculturas.org\/ca\/wp-json\/wp\/v2\/tags?post=40556"}],"curies":[{"name":"wp","href":"https:\/\/api.w.org\/{rel}","templated":true}]}}