{"id":39535,"date":"2025-06-05T17:08:11","date_gmt":"2025-06-05T15:08:11","guid":{"rendered":"https:\/\/www.entreculturas.org\/?post_type=podcast&#038;p=39535"},"modified":"2025-06-05T17:20:30","modified_gmt":"2025-06-05T15:20:30","slug":"julia-navarro-podcast-ong-entreculturas-mundo-editorial","status":"publish","type":"podcast","link":"https:\/\/www.entreculturas.org\/ca\/podcast\/julia-navarro-podcast-ong-entreculturas-mundo-editorial\/","title":{"rendered":"&#8220;Para que yo apueste por una historia tiene que haber algo que la distinga&#8221;"},"content":{"rendered":"\n<p>Esta semana, en el podcast de <a href=\"https:\/\/www.entreculturas.org\/podcast\/\">Voces por una Causa<\/a>, la escritora <strong>Julia Navarro conversa con David Tr\u00edas, director literario en Penguin Random House al frente de sellos como Aguilar, Plaza &amp; Jan\u00e9s y Ediciones B, y tambi\u00e9n editor de Julia.<\/strong> Con \u00e9l nos acercamos al oficio de editar libros, al presente del mundo editorial y al acompa\u00f1amiento que realiza un editor en el proceso de dar forma a una historia, con motivo de la celebraci\u00f3n de la Feria del Libro de Madrid.&nbsp;<\/p>\n\n\n\n<h2 class=\"wp-block-heading\" id=\"h-de-que-nos-habla-david-trias-en-el-episodio\"><strong>\u00bfDe qu\u00e9 nos habla David Tr\u00edas en el episodio?<\/strong><\/h2>\n\n\n\n<p>En este episodio, David Tr\u00edas nos habla de su llegada al mundo de la edici\u00f3n a trav\u00e9s de una mezcla de azar y pasi\u00f3n, en un entorno familiar rodeado de libros y cultura. Aunque de ni\u00f1o no fue un lector voraz, la vocaci\u00f3n le lleg\u00f3 en la adolescencia y lo llev\u00f3 a construir una carrera de ya casi 30 a\u00f1os en el sector editorial. \u201cYo creo que soy editor porque siempre he tenido la pasi\u00f3n por la literatura\u201d, confiesa.&nbsp;<\/p>\n\n\n\n<p>David y Julia profundizan tambi\u00e9n en el equilibrio entre calidad literaria y exigencias comerciales, el impacto de las nuevas tecnolog\u00edas en la lectura y los h\u00e1bitos de consumo, y el auge de g\u00e9neros como el thriller, la novela rom\u00e1ntica o juvenil. David se muestra optimista ante los retos que vive el sector: \u201cel ecosistema editorial se ha adaptado\u201d, afirma, \u201clas librer\u00edas siguen vivas, y los lectores contin\u00faan buscando buenas historias\u201d.&nbsp;<\/p>\n\n\n\n<p>Por \u00faltimo, David y Julia conversan sobre la Feria del Libro de Madrid, lugar donde se hacen visibles muchas de las tendencias actuales, como el auge de la novela rom\u00e1ntica y juvenil: \u201cEl g\u00e9nero de la novela rom\u00e1ntica est\u00e1 viv\u00edsimo y muy potente\u201d, asegura. Tambi\u00e9n recomienda dos lecturas: la novela autobiogr\u00e1fica \u2018Mi nombre es Emilia del Valle\u2019, de Isabel Allende, y \u2018Pasi\u00f3n y secreto de la literatura\u2019, de Juan Cruz, una declaraci\u00f3n de amor al oficio del editor.<\/p>\n\n\n\n<h2 class=\"wp-block-heading\" id=\"h-que-es-voces-por-una-causa-con-julia-navarro\"><strong>\u00bfQu\u00e9 es \u2018Voces por una Causa\u2019 con Julia Navarro?<\/strong><\/h2>\n\n\n\n<p>Presentado por la escritora y periodista Julia Navarro, <a href=\"https:\/\/www.entreculturas.org\/podcast\/\"><strong>\u2018Voces por una causa\u2019<\/strong><\/a><strong> es el podcast semanal de la ONG Entreculturas<\/strong> que explora cuestiones sociales, medioambientales y culturales a trav\u00e9s de testimonios en primera persona. Los programas se emiten todos los jueves en nuestro canal de <a href=\"https:\/\/www.youtube.com\/c\/EntreculturasOrg915902672\">Youtube<\/a>, en <a href=\"https:\/\/open.spotify.com\/show\/6dS5JsqnsWrnHL1gwead1A\">Spotify<\/a>, en <a href=\"https:\/\/www.ivoox.com\/perfil-entreculturas_a8_listener_28185270_1.html\">Ivoox<\/a>, y en <a href=\"https:\/\/podcasts.apple.com\/us\/podcast\/entreculturas-voces-por-una-causa\/id1621485462\">Apple Podcast<\/a>.<\/p>\n\n\n\n<iframe style=\"border-radius:12px\" src=\"https:\/\/open.spotify.com\/embed\/episode\/58CZs7u9gQMzGUMhfHiYwD?utm_source=generator\" width=\"100%\" height=\"352\" frameBorder=\"0\" allowfullscreen=\"\" allow=\"autoplay; clipboard-write; encrypted-media; fullscreen; picture-in-picture\" loading=\"lazy\"><\/iframe>\n","protected":false},"excerpt":{"rendered":"<p>Esta semana, en el podcast de Voces por una Causa, la escritora Julia Navarro conversa con David Tr\u00edas, director literario en Penguin Random House al frente de sellos como Aguilar, Plaza &amp; Jan\u00e9s y Ediciones B, y tambi\u00e9n editor de Julia. Con \u00e9l nos acercamos al oficio de editar libros, al presente del mundo editorial y al acompa\u00f1amiento que realiza un editor en el proceso de dar forma a una historia, con motivo de la celebraci\u00f3n de la Feria del Libro de Madrid.&nbsp; \u00bfDe qu\u00e9 nos habla David Tr\u00edas en el episodio? En este episodio, David Tr\u00edas nos habla de su llegada al mundo de la edici\u00f3n a trav\u00e9s de una mezcla de azar y pasi\u00f3n, en un entorno familiar rodeado de libros y cultura. Aunque de ni\u00f1o no fue un lector voraz, la vocaci\u00f3n le lleg\u00f3 en la adolescencia y lo llev\u00f3 a construir una carrera de ya casi [&hellip;]<\/p>\n","protected":false},"featured_media":39537,"template":"","meta":{"_acf_changed":true},"categories":[],"tags":[],"class_list":["post-39535","podcast","type-podcast","status-publish","has-post-thumbnail","hentry"],"acf":[],"yoast_head":"<!-- This site is optimized with the Yoast SEO Premium plugin v21.6 (Yoast SEO v27.5) - https:\/\/yoast.com\/product\/yoast-seo-premium-wordpress\/ -->\n<title>Julia Navarro habla con David Tr\u00edas sobre el mundo editorial<\/title>\n<meta name=\"description\" content=\"Julia Navarro y David Tr\u00edas, director literario en Penguin Random House y tambi\u00e9n su editor, hablan con motivo de la Feria del Libro de Madrid\" \/>\n<meta name=\"robots\" content=\"index, follow, max-snippet:-1, max-image-preview:large, max-video-preview:-1\" \/>\n<link rel=\"canonical\" href=\"https:\/\/www.entreculturas.org\/ca\/podcast\/julia-navarro-podcast-ong-entreculturas-mundo-editorial\/\" \/>\n<meta property=\"og:locale\" content=\"ca_ES\" \/>\n<meta property=\"og:type\" content=\"article\" \/>\n<meta property=\"og:title\" content=\"&quot;Para que yo apueste por una historia tiene que haber algo que la distinga&quot;\" \/>\n<meta property=\"og:description\" content=\"Julia Navarro y David Tr\u00edas, director literario en Penguin Random House y tambi\u00e9n su editor, hablan con motivo de la Feria del Libro de Madrid\" \/>\n<meta property=\"og:url\" content=\"https:\/\/www.entreculturas.org\/ca\/podcast\/julia-navarro-podcast-ong-entreculturas-mundo-editorial\/\" \/>\n<meta property=\"og:site_name\" content=\"Entreculturas\" \/>\n<meta property=\"article:publisher\" content=\"https:\/\/www.facebook.com\/entreculturas\" \/>\n<meta property=\"article:modified_time\" content=\"2025-06-05T15:20:30+00:00\" \/>\n<meta property=\"og:image\" content=\"https:\/\/www.entreculturas.org\/wp-content\/uploads\/2025\/06\/David-Somos.jpg\" \/>\n\t<meta property=\"og:image:width\" content=\"800\" \/>\n\t<meta property=\"og:image:height\" content=\"533\" \/>\n\t<meta property=\"og:image:type\" content=\"image\/jpeg\" \/>\n<meta name=\"twitter:card\" content=\"summary_large_image\" \/>\n<meta name=\"twitter:site\" content=\"@Entreculturas\" \/>\n<script type=\"application\/ld+json\" class=\"yoast-schema-graph\">{\"@context\":\"https:\\\/\\\/schema.org\",\"@graph\":[{\"@type\":\"WebPage\",\"@id\":\"https:\\\/\\\/www.entreculturas.org\\\/ca\\\/podcast\\\/julia-navarro-podcast-ong-entreculturas-mundo-editorial\\\/\",\"url\":\"https:\\\/\\\/www.entreculturas.org\\\/ca\\\/podcast\\\/julia-navarro-podcast-ong-entreculturas-mundo-editorial\\\/\",\"name\":\"Julia Navarro habla con David Tr\u00edas sobre el mundo editorial\",\"isPartOf\":{\"@id\":\"https:\\\/\\\/www.entreculturas.org\\\/ca\\\/#website\"},\"primaryImageOfPage\":{\"@id\":\"https:\\\/\\\/www.entreculturas.org\\\/ca\\\/podcast\\\/julia-navarro-podcast-ong-entreculturas-mundo-editorial\\\/#primaryimage\"},\"image\":{\"@id\":\"https:\\\/\\\/www.entreculturas.org\\\/ca\\\/podcast\\\/julia-navarro-podcast-ong-entreculturas-mundo-editorial\\\/#primaryimage\"},\"thumbnailUrl\":\"https:\\\/\\\/www.entreculturas.org\\\/wp-content\\\/uploads\\\/2025\\\/06\\\/David-Somos.jpg\",\"datePublished\":\"2025-06-05T15:08:11+00:00\",\"dateModified\":\"2025-06-05T15:20:30+00:00\",\"description\":\"Julia Navarro y David Tr\u00edas, director literario en Penguin Random House y tambi\u00e9n su editor, hablan con motivo de la Feria del Libro de Madrid\",\"breadcrumb\":{\"@id\":\"https:\\\/\\\/www.entreculturas.org\\\/ca\\\/podcast\\\/julia-navarro-podcast-ong-entreculturas-mundo-editorial\\\/#breadcrumb\"},\"inLanguage\":\"ca\",\"potentialAction\":[{\"@type\":\"ReadAction\",\"target\":[\"https:\\\/\\\/www.entreculturas.org\\\/ca\\\/podcast\\\/julia-navarro-podcast-ong-entreculturas-mundo-editorial\\\/\"]}]},{\"@type\":\"ImageObject\",\"inLanguage\":\"ca\",\"@id\":\"https:\\\/\\\/www.entreculturas.org\\\/ca\\\/podcast\\\/julia-navarro-podcast-ong-entreculturas-mundo-editorial\\\/#primaryimage\",\"url\":\"https:\\\/\\\/www.entreculturas.org\\\/wp-content\\\/uploads\\\/2025\\\/06\\\/David-Somos.jpg\",\"contentUrl\":\"https:\\\/\\\/www.entreculturas.org\\\/wp-content\\\/uploads\\\/2025\\\/06\\\/David-Somos.jpg\",\"width\":800,\"height\":533,\"caption\":\"Julia Navarro\"},{\"@type\":\"BreadcrumbList\",\"@id\":\"https:\\\/\\\/www.entreculturas.org\\\/ca\\\/podcast\\\/julia-navarro-podcast-ong-entreculturas-mundo-editorial\\\/#breadcrumb\",\"itemListElement\":[{\"@type\":\"ListItem\",\"position\":1,\"name\":\"Home\",\"item\":\"https:\\\/\\\/www.entreculturas.org\\\/ca\\\/\"},{\"@type\":\"ListItem\",\"position\":2,\"name\":\"Podcast Julia Navarro\",\"item\":\"https:\\\/\\\/www.entreculturas.org\\\/ca\\\/podcasts\\\/\"},{\"@type\":\"ListItem\",\"position\":3,\"name\":\"&#8220;Para que yo apueste por una historia tiene que haber algo que la distinga&#8221;\"}]},{\"@type\":\"WebSite\",\"@id\":\"https:\\\/\\\/www.entreculturas.org\\\/ca\\\/#website\",\"url\":\"https:\\\/\\\/www.entreculturas.org\\\/ca\\\/\",\"name\":\"Entreculturas\",\"description\":\"\",\"publisher\":{\"@id\":\"https:\\\/\\\/www.entreculturas.org\\\/ca\\\/#organization\"},\"alternateName\":\"Entreculturas\",\"potentialAction\":[{\"@type\":\"SearchAction\",\"target\":{\"@type\":\"EntryPoint\",\"urlTemplate\":\"https:\\\/\\\/www.entreculturas.org\\\/ca\\\/?s={search_term_string}\"},\"query-input\":{\"@type\":\"PropertyValueSpecification\",\"valueRequired\":true,\"valueName\":\"search_term_string\"}}],\"inLanguage\":\"ca\"},{\"@type\":\"Organization\",\"@id\":\"https:\\\/\\\/www.entreculturas.org\\\/ca\\\/#organization\",\"name\":\"Entreculturas\",\"url\":\"https:\\\/\\\/www.entreculturas.org\\\/ca\\\/\",\"logo\":{\"@type\":\"ImageObject\",\"inLanguage\":\"ca\",\"@id\":\"https:\\\/\\\/www.entreculturas.org\\\/ca\\\/#\\\/schema\\\/logo\\\/image\\\/\",\"url\":\"https:\\\/\\\/www.entreculturas.org\\\/wp-content\\\/uploads\\\/2025\\\/10\\\/ESP.svg\",\"contentUrl\":\"https:\\\/\\\/www.entreculturas.org\\\/wp-content\\\/uploads\\\/2025\\\/10\\\/ESP.svg\",\"caption\":\"Entreculturas\"},\"image\":{\"@id\":\"https:\\\/\\\/www.entreculturas.org\\\/ca\\\/#\\\/schema\\\/logo\\\/image\\\/\"},\"sameAs\":[\"https:\\\/\\\/www.facebook.com\\\/entreculturas\",\"https:\\\/\\\/x.com\\\/Entreculturas\",\"https:\\\/\\\/www.instagram.com\\\/entreculturas\\\/\",\"https:\\\/\\\/www.youtube.com\\\/user\\\/entreculturasvideo\",\"https:\\\/\\\/www.linkedin.com\\\/company\\\/fundacion-entreculturas-ngdo\\\/\",\"https:\\\/\\\/www.flickr.com\\\/photos\\\/98455522@N04\\\/albums\\\/\"]}]}<\/script>\n<!-- \/ Yoast SEO Premium plugin. -->","yoast_head_json":{"title":"Julia Navarro habla con David Tr\u00edas sobre el mundo editorial","description":"Julia Navarro y David Tr\u00edas, director literario en Penguin Random House y tambi\u00e9n su editor, hablan con motivo de la Feria del Libro de Madrid","robots":{"index":"index","follow":"follow","max-snippet":"max-snippet:-1","max-image-preview":"max-image-preview:large","max-video-preview":"max-video-preview:-1"},"canonical":"https:\/\/www.entreculturas.org\/ca\/podcast\/julia-navarro-podcast-ong-entreculturas-mundo-editorial\/","og_locale":"ca_ES","og_type":"article","og_title":"\"Para que yo apueste por una historia tiene que haber algo que la distinga\"","og_description":"Julia Navarro y David Tr\u00edas, director literario en Penguin Random House y tambi\u00e9n su editor, hablan con motivo de la Feria del Libro de Madrid","og_url":"https:\/\/www.entreculturas.org\/ca\/podcast\/julia-navarro-podcast-ong-entreculturas-mundo-editorial\/","og_site_name":"Entreculturas","article_publisher":"https:\/\/www.facebook.com\/entreculturas","article_modified_time":"2025-06-05T15:20:30+00:00","og_image":[{"width":800,"height":533,"url":"https:\/\/www.entreculturas.org\/wp-content\/uploads\/2025\/06\/David-Somos.jpg","type":"image\/jpeg"}],"twitter_card":"summary_large_image","twitter_site":"@Entreculturas","schema":{"@context":"https:\/\/schema.org","@graph":[{"@type":"WebPage","@id":"https:\/\/www.entreculturas.org\/ca\/podcast\/julia-navarro-podcast-ong-entreculturas-mundo-editorial\/","url":"https:\/\/www.entreculturas.org\/ca\/podcast\/julia-navarro-podcast-ong-entreculturas-mundo-editorial\/","name":"Julia Navarro habla con David Tr\u00edas sobre el mundo editorial","isPartOf":{"@id":"https:\/\/www.entreculturas.org\/ca\/#website"},"primaryImageOfPage":{"@id":"https:\/\/www.entreculturas.org\/ca\/podcast\/julia-navarro-podcast-ong-entreculturas-mundo-editorial\/#primaryimage"},"image":{"@id":"https:\/\/www.entreculturas.org\/ca\/podcast\/julia-navarro-podcast-ong-entreculturas-mundo-editorial\/#primaryimage"},"thumbnailUrl":"https:\/\/www.entreculturas.org\/wp-content\/uploads\/2025\/06\/David-Somos.jpg","datePublished":"2025-06-05T15:08:11+00:00","dateModified":"2025-06-05T15:20:30+00:00","description":"Julia Navarro y David Tr\u00edas, director literario en Penguin Random House y tambi\u00e9n su editor, hablan con motivo de la Feria del Libro de Madrid","breadcrumb":{"@id":"https:\/\/www.entreculturas.org\/ca\/podcast\/julia-navarro-podcast-ong-entreculturas-mundo-editorial\/#breadcrumb"},"inLanguage":"ca","potentialAction":[{"@type":"ReadAction","target":["https:\/\/www.entreculturas.org\/ca\/podcast\/julia-navarro-podcast-ong-entreculturas-mundo-editorial\/"]}]},{"@type":"ImageObject","inLanguage":"ca","@id":"https:\/\/www.entreculturas.org\/ca\/podcast\/julia-navarro-podcast-ong-entreculturas-mundo-editorial\/#primaryimage","url":"https:\/\/www.entreculturas.org\/wp-content\/uploads\/2025\/06\/David-Somos.jpg","contentUrl":"https:\/\/www.entreculturas.org\/wp-content\/uploads\/2025\/06\/David-Somos.jpg","width":800,"height":533,"caption":"Julia Navarro"},{"@type":"BreadcrumbList","@id":"https:\/\/www.entreculturas.org\/ca\/podcast\/julia-navarro-podcast-ong-entreculturas-mundo-editorial\/#breadcrumb","itemListElement":[{"@type":"ListItem","position":1,"name":"Home","item":"https:\/\/www.entreculturas.org\/ca\/"},{"@type":"ListItem","position":2,"name":"Podcast Julia Navarro","item":"https:\/\/www.entreculturas.org\/ca\/podcasts\/"},{"@type":"ListItem","position":3,"name":"&#8220;Para que yo apueste por una historia tiene que haber algo que la distinga&#8221;"}]},{"@type":"WebSite","@id":"https:\/\/www.entreculturas.org\/ca\/#website","url":"https:\/\/www.entreculturas.org\/ca\/","name":"Entreculturas","description":"","publisher":{"@id":"https:\/\/www.entreculturas.org\/ca\/#organization"},"alternateName":"Entreculturas","potentialAction":[{"@type":"SearchAction","target":{"@type":"EntryPoint","urlTemplate":"https:\/\/www.entreculturas.org\/ca\/?s={search_term_string}"},"query-input":{"@type":"PropertyValueSpecification","valueRequired":true,"valueName":"search_term_string"}}],"inLanguage":"ca"},{"@type":"Organization","@id":"https:\/\/www.entreculturas.org\/ca\/#organization","name":"Entreculturas","url":"https:\/\/www.entreculturas.org\/ca\/","logo":{"@type":"ImageObject","inLanguage":"ca","@id":"https:\/\/www.entreculturas.org\/ca\/#\/schema\/logo\/image\/","url":"https:\/\/www.entreculturas.org\/wp-content\/uploads\/2025\/10\/ESP.svg","contentUrl":"https:\/\/www.entreculturas.org\/wp-content\/uploads\/2025\/10\/ESP.svg","caption":"Entreculturas"},"image":{"@id":"https:\/\/www.entreculturas.org\/ca\/#\/schema\/logo\/image\/"},"sameAs":["https:\/\/www.facebook.com\/entreculturas","https:\/\/x.com\/Entreculturas","https:\/\/www.instagram.com\/entreculturas\/","https:\/\/www.youtube.com\/user\/entreculturasvideo","https:\/\/www.linkedin.com\/company\/fundacion-entreculturas-ngdo\/","https:\/\/www.flickr.com\/photos\/98455522@N04\/albums\/"]}]}},"_links":{"self":[{"href":"https:\/\/www.entreculturas.org\/ca\/wp-json\/wp\/v2\/podcast\/39535","targetHints":{"allow":["GET"]}}],"collection":[{"href":"https:\/\/www.entreculturas.org\/ca\/wp-json\/wp\/v2\/podcast"}],"about":[{"href":"https:\/\/www.entreculturas.org\/ca\/wp-json\/wp\/v2\/types\/podcast"}],"wp:featuredmedia":[{"embeddable":true,"href":"https:\/\/www.entreculturas.org\/ca\/wp-json\/wp\/v2\/media\/39537"}],"wp:attachment":[{"href":"https:\/\/www.entreculturas.org\/ca\/wp-json\/wp\/v2\/media?parent=39535"}],"wp:term":[{"taxonomy":"category","embeddable":true,"href":"https:\/\/www.entreculturas.org\/ca\/wp-json\/wp\/v2\/categories?post=39535"},{"taxonomy":"post_tag","embeddable":true,"href":"https:\/\/www.entreculturas.org\/ca\/wp-json\/wp\/v2\/tags?post=39535"}],"curies":[{"name":"wp","href":"https:\/\/api.w.org\/{rel}","templated":true}]}}