{"id":26717,"date":"2024-06-27T14:36:07","date_gmt":"2024-06-27T12:36:07","guid":{"rendered":"https:\/\/www.entreculturas.org\/?post_type=podcast&#038;p=26717"},"modified":"2024-06-27T14:42:00","modified_gmt":"2024-06-27T12:42:00","slug":"la-escritora-y-periodista-pilar-cernuda-cierra-la-cuarta-temporada-de-voces-por-una-causa","status":"publish","type":"podcast","link":"https:\/\/www.entreculturas.org\/ca\/podcast\/la-escritora-y-periodista-pilar-cernuda-cierra-la-cuarta-temporada-de-voces-por-una-causa\/","title":{"rendered":"La escritora y periodista Pilar Cernuda cierra la cuarta temporada de \u2018Voces por una Causa\u2019"},"content":{"rendered":"\n<p><\/p>\n\n\n\n<p>Esta semana en Voces por una Causa, la escritora Julia Navarro conversa con <strong>Pilar Cernuda, destacada escritora y periodista con una larga trayectoria en la informaci\u00f3n pol\u00edtica.<\/strong> Con ella cerramos la cuarta temporada hablando sobre la labor que las periodistas han desarrollado en las \u00faltimas d\u00e9cadas, desde la llegada de la democracia hasta la irrupci\u00f3n de las redes sociales y la desinformaci\u00f3n.&nbsp;<\/p>\n\n\n\n<p>En este cap\u00edtulo Pilar nos acerca a diferentes an\u00e9cdotas y experiencias que ha vivido durante su larga trayectoria profesional, cuyo trabajo la ha llevado a viajar por todo el mundo, cubriendo eventos importantes: <strong>&nbsp;\u201cHe conocido sitios en los que se te abre mucho el coraz\u00f3n, los ojos<\/strong> y todo al ver que c\u00f3mo se puede sacar a la gente de la desesperaci\u00f3n tendi\u00e9ndoles una mano\u201d.&nbsp;<\/p>\n\n\n\n<p>Adem\u00e1s, Pilar <strong>habla sobre su nuevo libro de memorias, \u2018Lo que yo recuerdo\u2019<\/strong>, donde hace un recorrido por sus m\u00e1s de 50 a\u00f1os de profesi\u00f3n en los que ha sido testigo directo de situaciones ins\u00f3litas y de momentos hist\u00f3ricos. En palabras de Pilar, \u201cla generaci\u00f3n de periodistas espa\u00f1oles que empezamos con la transici\u00f3n somos absolutamente privilegiados por la situaci\u00f3n que hemos vivido y cubierto\u201d.<\/p>\n\n\n\n<p>Con el episodio de Pilar Cernuda <strong>se cierra la cuarta temporada de \u2018Voces por una Causa\u2019 <\/strong>que ha acompa\u00f1ado a los oyentes cada jueves desde el pasado mes de septiembre con un sinf\u00edn de historias inspiradoras. La quinta comenzar\u00e1 en oto\u00f1o con nuevos e interesantes invitados. Hasta entonces, puedes seguir escuchando todos los episodios en nuestro canal de <a href=\"https:\/\/www.youtube.com\/c\/EntreculturasOrg915902672\">Youtube<\/a>, en <a href=\"https:\/\/open.spotify.com\/show\/6dS5JsqnsWrnHL1gwead1A\">Spotify<\/a>, en <a href=\"https:\/\/www.ivoox.com\/perfil-entreculturas_a8_listener_28185270_1.html\">Ivoox<\/a>, y en <a href=\"https:\/\/podcasts.apple.com\/us\/podcast\/entreculturas-voces-por-una-causa\/id1621485462\">Apple Podcast<\/a>.<\/p>\n","protected":false},"excerpt":{"rendered":"<p>Esta semana en Voces por una Causa, la escritora Julia Navarro conversa con Pilar Cernuda, destacada escritora y periodista con una larga trayectoria en la informaci\u00f3n pol\u00edtica. Con ella cerramos la cuarta temporada hablando sobre la labor que las periodistas han desarrollado en las \u00faltimas d\u00e9cadas, desde la llegada de la democracia hasta la irrupci\u00f3n de las redes sociales y la desinformaci\u00f3n.&nbsp; En este cap\u00edtulo Pilar nos acerca a diferentes an\u00e9cdotas y experiencias que ha vivido durante su larga trayectoria profesional, cuyo trabajo la ha llevado a viajar por todo el mundo, cubriendo eventos importantes: &nbsp;\u201cHe conocido sitios en los que se te abre mucho el coraz\u00f3n, los ojos y todo al ver que c\u00f3mo se puede sacar a la gente de la desesperaci\u00f3n tendi\u00e9ndoles una mano\u201d.&nbsp; Adem\u00e1s, Pilar habla sobre su nuevo libro de memorias, \u2018Lo que yo recuerdo\u2019, donde hace un recorrido por sus m\u00e1s de 50 a\u00f1os [&hellip;]<\/p>\n","protected":false},"featured_media":26723,"template":"","meta":{"_acf_changed":true},"categories":[],"tags":[],"class_list":["post-26717","podcast","type-podcast","status-publish","has-post-thumbnail","hentry"],"acf":[],"yoast_head":"<!-- This site is optimized with the Yoast SEO Premium plugin v21.6 (Yoast SEO v27.5) - https:\/\/yoast.com\/product\/yoast-seo-premium-wordpress\/ -->\n<title>La escritora y periodista Pilar Cernuda cierra la cuarta temporada de \u2018Voces por una Causa\u2019 - Entreculturas<\/title>\n<meta name=\"description\" content=\"Esta semana en Voces por una Causa, la escritora Julia Navarro conversa con Pilar Cernuda, destacada escritora y periodista con una larga trayectoria en la informaci\u00f3n pol\u00edtica. Con ella cerramos la cuarta temporada hablando sobre la labor que las periodistas han desarrollado en las \u00faltimas d\u00e9cadas, desde la llegada de la democracia hasta la irrupci\u00f3n de las redes sociales y la desinformaci\u00f3n.\u00a0\" \/>\n<meta name=\"robots\" content=\"index, follow, max-snippet:-1, max-image-preview:large, max-video-preview:-1\" \/>\n<link rel=\"canonical\" href=\"https:\/\/www.entreculturas.org\/ca\/podcast\/la-escritora-y-periodista-pilar-cernuda-cierra-la-cuarta-temporada-de-voces-por-una-causa\/\" \/>\n<meta property=\"og:locale\" content=\"ca_ES\" \/>\n<meta property=\"og:type\" content=\"article\" \/>\n<meta property=\"og:title\" content=\"La escritora y periodista Pilar Cernuda cierra la cuarta temporada de \u2018Voces por una Causa\u2019\" \/>\n<meta property=\"og:description\" content=\"Esta semana en Voces por una Causa, la escritora Julia Navarro conversa con Pilar Cernuda, destacada escritora y periodista con una larga trayectoria en la informaci\u00f3n pol\u00edtica. Con ella cerramos la cuarta temporada hablando sobre la labor que las periodistas han desarrollado en las \u00faltimas d\u00e9cadas, desde la llegada de la democracia hasta la irrupci\u00f3n de las redes sociales y la desinformaci\u00f3n.\u00a0\" \/>\n<meta property=\"og:url\" content=\"https:\/\/www.entreculturas.org\/ca\/podcast\/la-escritora-y-periodista-pilar-cernuda-cierra-la-cuarta-temporada-de-voces-por-una-causa\/\" \/>\n<meta property=\"og:site_name\" content=\"Entreculturas\" \/>\n<meta property=\"article:publisher\" content=\"https:\/\/www.facebook.com\/entreculturas\" \/>\n<meta property=\"article:modified_time\" content=\"2024-06-27T12:42:00+00:00\" \/>\n<meta property=\"og:image\" content=\"https:\/\/www.entreculturas.org\/wp-content\/uploads\/2024\/06\/Pilar-Editada-Somos-1.jpg\" \/>\n\t<meta property=\"og:image:width\" content=\"800\" \/>\n\t<meta property=\"og:image:height\" content=\"472\" \/>\n\t<meta property=\"og:image:type\" content=\"image\/jpeg\" \/>\n<meta name=\"twitter:card\" content=\"summary_large_image\" \/>\n<meta name=\"twitter:site\" content=\"@Entreculturas\" \/>\n<script type=\"application\/ld+json\" class=\"yoast-schema-graph\">{\"@context\":\"https:\\\/\\\/schema.org\",\"@graph\":[{\"@type\":\"WebPage\",\"@id\":\"https:\\\/\\\/www.entreculturas.org\\\/ca\\\/podcast\\\/la-escritora-y-periodista-pilar-cernuda-cierra-la-cuarta-temporada-de-voces-por-una-causa\\\/\",\"url\":\"https:\\\/\\\/www.entreculturas.org\\\/ca\\\/podcast\\\/la-escritora-y-periodista-pilar-cernuda-cierra-la-cuarta-temporada-de-voces-por-una-causa\\\/\",\"name\":\"La escritora y periodista Pilar Cernuda cierra la cuarta temporada de \u2018Voces por una Causa\u2019 - Entreculturas\",\"isPartOf\":{\"@id\":\"https:\\\/\\\/www.entreculturas.org\\\/ca\\\/#website\"},\"primaryImageOfPage\":{\"@id\":\"https:\\\/\\\/www.entreculturas.org\\\/ca\\\/podcast\\\/la-escritora-y-periodista-pilar-cernuda-cierra-la-cuarta-temporada-de-voces-por-una-causa\\\/#primaryimage\"},\"image\":{\"@id\":\"https:\\\/\\\/www.entreculturas.org\\\/ca\\\/podcast\\\/la-escritora-y-periodista-pilar-cernuda-cierra-la-cuarta-temporada-de-voces-por-una-causa\\\/#primaryimage\"},\"thumbnailUrl\":\"https:\\\/\\\/www.entreculturas.org\\\/wp-content\\\/uploads\\\/2024\\\/06\\\/Pilar-Editada-Somos-1.jpg\",\"datePublished\":\"2024-06-27T12:36:07+00:00\",\"dateModified\":\"2024-06-27T12:42:00+00:00\",\"description\":\"Esta semana en Voces por una Causa, la escritora Julia Navarro conversa con Pilar Cernuda, destacada escritora y periodista con una larga trayectoria en la informaci\u00f3n pol\u00edtica. Con ella cerramos la cuarta temporada hablando sobre la labor que las periodistas han desarrollado en las \u00faltimas d\u00e9cadas, desde la llegada de la democracia hasta la irrupci\u00f3n de las redes sociales y la desinformaci\u00f3n.\u00a0\",\"breadcrumb\":{\"@id\":\"https:\\\/\\\/www.entreculturas.org\\\/ca\\\/podcast\\\/la-escritora-y-periodista-pilar-cernuda-cierra-la-cuarta-temporada-de-voces-por-una-causa\\\/#breadcrumb\"},\"inLanguage\":\"ca\",\"potentialAction\":[{\"@type\":\"ReadAction\",\"target\":[\"https:\\\/\\\/www.entreculturas.org\\\/ca\\\/podcast\\\/la-escritora-y-periodista-pilar-cernuda-cierra-la-cuarta-temporada-de-voces-por-una-causa\\\/\"]}]},{\"@type\":\"ImageObject\",\"inLanguage\":\"ca\",\"@id\":\"https:\\\/\\\/www.entreculturas.org\\\/ca\\\/podcast\\\/la-escritora-y-periodista-pilar-cernuda-cierra-la-cuarta-temporada-de-voces-por-una-causa\\\/#primaryimage\",\"url\":\"https:\\\/\\\/www.entreculturas.org\\\/wp-content\\\/uploads\\\/2024\\\/06\\\/Pilar-Editada-Somos-1.jpg\",\"contentUrl\":\"https:\\\/\\\/www.entreculturas.org\\\/wp-content\\\/uploads\\\/2024\\\/06\\\/Pilar-Editada-Somos-1.jpg\",\"width\":800,\"height\":472},{\"@type\":\"BreadcrumbList\",\"@id\":\"https:\\\/\\\/www.entreculturas.org\\\/ca\\\/podcast\\\/la-escritora-y-periodista-pilar-cernuda-cierra-la-cuarta-temporada-de-voces-por-una-causa\\\/#breadcrumb\",\"itemListElement\":[{\"@type\":\"ListItem\",\"position\":1,\"name\":\"Home\",\"item\":\"https:\\\/\\\/www.entreculturas.org\\\/ca\\\/\"},{\"@type\":\"ListItem\",\"position\":2,\"name\":\"Podcast Julia Navarro\",\"item\":\"https:\\\/\\\/www.entreculturas.org\\\/ca\\\/podcasts\\\/\"},{\"@type\":\"ListItem\",\"position\":3,\"name\":\"La escritora y periodista Pilar Cernuda cierra la cuarta temporada de \u2018Voces por una Causa\u2019\"}]},{\"@type\":\"WebSite\",\"@id\":\"https:\\\/\\\/www.entreculturas.org\\\/ca\\\/#website\",\"url\":\"https:\\\/\\\/www.entreculturas.org\\\/ca\\\/\",\"name\":\"Entreculturas\",\"description\":\"\",\"publisher\":{\"@id\":\"https:\\\/\\\/www.entreculturas.org\\\/ca\\\/#organization\"},\"alternateName\":\"Entreculturas\",\"potentialAction\":[{\"@type\":\"SearchAction\",\"target\":{\"@type\":\"EntryPoint\",\"urlTemplate\":\"https:\\\/\\\/www.entreculturas.org\\\/ca\\\/?s={search_term_string}\"},\"query-input\":{\"@type\":\"PropertyValueSpecification\",\"valueRequired\":true,\"valueName\":\"search_term_string\"}}],\"inLanguage\":\"ca\"},{\"@type\":\"Organization\",\"@id\":\"https:\\\/\\\/www.entreculturas.org\\\/ca\\\/#organization\",\"name\":\"Entreculturas\",\"url\":\"https:\\\/\\\/www.entreculturas.org\\\/ca\\\/\",\"logo\":{\"@type\":\"ImageObject\",\"inLanguage\":\"ca\",\"@id\":\"https:\\\/\\\/www.entreculturas.org\\\/ca\\\/#\\\/schema\\\/logo\\\/image\\\/\",\"url\":\"https:\\\/\\\/www.entreculturas.org\\\/wp-content\\\/uploads\\\/2025\\\/10\\\/ESP.svg\",\"contentUrl\":\"https:\\\/\\\/www.entreculturas.org\\\/wp-content\\\/uploads\\\/2025\\\/10\\\/ESP.svg\",\"caption\":\"Entreculturas\"},\"image\":{\"@id\":\"https:\\\/\\\/www.entreculturas.org\\\/ca\\\/#\\\/schema\\\/logo\\\/image\\\/\"},\"sameAs\":[\"https:\\\/\\\/www.facebook.com\\\/entreculturas\",\"https:\\\/\\\/x.com\\\/Entreculturas\",\"https:\\\/\\\/www.instagram.com\\\/entreculturas\\\/\",\"https:\\\/\\\/www.youtube.com\\\/user\\\/entreculturasvideo\",\"https:\\\/\\\/www.linkedin.com\\\/company\\\/fundacion-entreculturas-ngdo\\\/\",\"https:\\\/\\\/www.flickr.com\\\/photos\\\/98455522@N04\\\/albums\\\/\"]}]}<\/script>\n<!-- \/ Yoast SEO Premium plugin. -->","yoast_head_json":{"title":"La escritora y periodista Pilar Cernuda cierra la cuarta temporada de \u2018Voces por una Causa\u2019 - Entreculturas","description":"Esta semana en Voces por una Causa, la escritora Julia Navarro conversa con Pilar Cernuda, destacada escritora y periodista con una larga trayectoria en la informaci\u00f3n pol\u00edtica. Con ella cerramos la cuarta temporada hablando sobre la labor que las periodistas han desarrollado en las \u00faltimas d\u00e9cadas, desde la llegada de la democracia hasta la irrupci\u00f3n de las redes sociales y la desinformaci\u00f3n.\u00a0","robots":{"index":"index","follow":"follow","max-snippet":"max-snippet:-1","max-image-preview":"max-image-preview:large","max-video-preview":"max-video-preview:-1"},"canonical":"https:\/\/www.entreculturas.org\/ca\/podcast\/la-escritora-y-periodista-pilar-cernuda-cierra-la-cuarta-temporada-de-voces-por-una-causa\/","og_locale":"ca_ES","og_type":"article","og_title":"La escritora y periodista Pilar Cernuda cierra la cuarta temporada de \u2018Voces por una Causa\u2019","og_description":"Esta semana en Voces por una Causa, la escritora Julia Navarro conversa con Pilar Cernuda, destacada escritora y periodista con una larga trayectoria en la informaci\u00f3n pol\u00edtica. Con ella cerramos la cuarta temporada hablando sobre la labor que las periodistas han desarrollado en las \u00faltimas d\u00e9cadas, desde la llegada de la democracia hasta la irrupci\u00f3n de las redes sociales y la desinformaci\u00f3n.\u00a0","og_url":"https:\/\/www.entreculturas.org\/ca\/podcast\/la-escritora-y-periodista-pilar-cernuda-cierra-la-cuarta-temporada-de-voces-por-una-causa\/","og_site_name":"Entreculturas","article_publisher":"https:\/\/www.facebook.com\/entreculturas","article_modified_time":"2024-06-27T12:42:00+00:00","og_image":[{"width":800,"height":472,"url":"https:\/\/www.entreculturas.org\/wp-content\/uploads\/2024\/06\/Pilar-Editada-Somos-1.jpg","type":"image\/jpeg"}],"twitter_card":"summary_large_image","twitter_site":"@Entreculturas","schema":{"@context":"https:\/\/schema.org","@graph":[{"@type":"WebPage","@id":"https:\/\/www.entreculturas.org\/ca\/podcast\/la-escritora-y-periodista-pilar-cernuda-cierra-la-cuarta-temporada-de-voces-por-una-causa\/","url":"https:\/\/www.entreculturas.org\/ca\/podcast\/la-escritora-y-periodista-pilar-cernuda-cierra-la-cuarta-temporada-de-voces-por-una-causa\/","name":"La escritora y periodista Pilar Cernuda cierra la cuarta temporada de \u2018Voces por una Causa\u2019 - Entreculturas","isPartOf":{"@id":"https:\/\/www.entreculturas.org\/ca\/#website"},"primaryImageOfPage":{"@id":"https:\/\/www.entreculturas.org\/ca\/podcast\/la-escritora-y-periodista-pilar-cernuda-cierra-la-cuarta-temporada-de-voces-por-una-causa\/#primaryimage"},"image":{"@id":"https:\/\/www.entreculturas.org\/ca\/podcast\/la-escritora-y-periodista-pilar-cernuda-cierra-la-cuarta-temporada-de-voces-por-una-causa\/#primaryimage"},"thumbnailUrl":"https:\/\/www.entreculturas.org\/wp-content\/uploads\/2024\/06\/Pilar-Editada-Somos-1.jpg","datePublished":"2024-06-27T12:36:07+00:00","dateModified":"2024-06-27T12:42:00+00:00","description":"Esta semana en Voces por una Causa, la escritora Julia Navarro conversa con Pilar Cernuda, destacada escritora y periodista con una larga trayectoria en la informaci\u00f3n pol\u00edtica. Con ella cerramos la cuarta temporada hablando sobre la labor que las periodistas han desarrollado en las \u00faltimas d\u00e9cadas, desde la llegada de la democracia hasta la irrupci\u00f3n de las redes sociales y la desinformaci\u00f3n.\u00a0","breadcrumb":{"@id":"https:\/\/www.entreculturas.org\/ca\/podcast\/la-escritora-y-periodista-pilar-cernuda-cierra-la-cuarta-temporada-de-voces-por-una-causa\/#breadcrumb"},"inLanguage":"ca","potentialAction":[{"@type":"ReadAction","target":["https:\/\/www.entreculturas.org\/ca\/podcast\/la-escritora-y-periodista-pilar-cernuda-cierra-la-cuarta-temporada-de-voces-por-una-causa\/"]}]},{"@type":"ImageObject","inLanguage":"ca","@id":"https:\/\/www.entreculturas.org\/ca\/podcast\/la-escritora-y-periodista-pilar-cernuda-cierra-la-cuarta-temporada-de-voces-por-una-causa\/#primaryimage","url":"https:\/\/www.entreculturas.org\/wp-content\/uploads\/2024\/06\/Pilar-Editada-Somos-1.jpg","contentUrl":"https:\/\/www.entreculturas.org\/wp-content\/uploads\/2024\/06\/Pilar-Editada-Somos-1.jpg","width":800,"height":472},{"@type":"BreadcrumbList","@id":"https:\/\/www.entreculturas.org\/ca\/podcast\/la-escritora-y-periodista-pilar-cernuda-cierra-la-cuarta-temporada-de-voces-por-una-causa\/#breadcrumb","itemListElement":[{"@type":"ListItem","position":1,"name":"Home","item":"https:\/\/www.entreculturas.org\/ca\/"},{"@type":"ListItem","position":2,"name":"Podcast Julia Navarro","item":"https:\/\/www.entreculturas.org\/ca\/podcasts\/"},{"@type":"ListItem","position":3,"name":"La escritora y periodista Pilar Cernuda cierra la cuarta temporada de \u2018Voces por una Causa\u2019"}]},{"@type":"WebSite","@id":"https:\/\/www.entreculturas.org\/ca\/#website","url":"https:\/\/www.entreculturas.org\/ca\/","name":"Entreculturas","description":"","publisher":{"@id":"https:\/\/www.entreculturas.org\/ca\/#organization"},"alternateName":"Entreculturas","potentialAction":[{"@type":"SearchAction","target":{"@type":"EntryPoint","urlTemplate":"https:\/\/www.entreculturas.org\/ca\/?s={search_term_string}"},"query-input":{"@type":"PropertyValueSpecification","valueRequired":true,"valueName":"search_term_string"}}],"inLanguage":"ca"},{"@type":"Organization","@id":"https:\/\/www.entreculturas.org\/ca\/#organization","name":"Entreculturas","url":"https:\/\/www.entreculturas.org\/ca\/","logo":{"@type":"ImageObject","inLanguage":"ca","@id":"https:\/\/www.entreculturas.org\/ca\/#\/schema\/logo\/image\/","url":"https:\/\/www.entreculturas.org\/wp-content\/uploads\/2025\/10\/ESP.svg","contentUrl":"https:\/\/www.entreculturas.org\/wp-content\/uploads\/2025\/10\/ESP.svg","caption":"Entreculturas"},"image":{"@id":"https:\/\/www.entreculturas.org\/ca\/#\/schema\/logo\/image\/"},"sameAs":["https:\/\/www.facebook.com\/entreculturas","https:\/\/x.com\/Entreculturas","https:\/\/www.instagram.com\/entreculturas\/","https:\/\/www.youtube.com\/user\/entreculturasvideo","https:\/\/www.linkedin.com\/company\/fundacion-entreculturas-ngdo\/","https:\/\/www.flickr.com\/photos\/98455522@N04\/albums\/"]}]}},"_links":{"self":[{"href":"https:\/\/www.entreculturas.org\/ca\/wp-json\/wp\/v2\/podcast\/26717","targetHints":{"allow":["GET"]}}],"collection":[{"href":"https:\/\/www.entreculturas.org\/ca\/wp-json\/wp\/v2\/podcast"}],"about":[{"href":"https:\/\/www.entreculturas.org\/ca\/wp-json\/wp\/v2\/types\/podcast"}],"wp:featuredmedia":[{"embeddable":true,"href":"https:\/\/www.entreculturas.org\/ca\/wp-json\/wp\/v2\/media\/26723"}],"wp:attachment":[{"href":"https:\/\/www.entreculturas.org\/ca\/wp-json\/wp\/v2\/media?parent=26717"}],"wp:term":[{"taxonomy":"category","embeddable":true,"href":"https:\/\/www.entreculturas.org\/ca\/wp-json\/wp\/v2\/categories?post=26717"},{"taxonomy":"post_tag","embeddable":true,"href":"https:\/\/www.entreculturas.org\/ca\/wp-json\/wp\/v2\/tags?post=26717"}],"curies":[{"name":"wp","href":"https:\/\/api.w.org\/{rel}","templated":true}]}}