{"id":21488,"date":"2024-01-18T11:51:23","date_gmt":"2024-01-18T10:51:23","guid":{"rendered":"https:\/\/www.entreculturas.org\/podcast\/veus-per-una-causa-memoria-historica-a-el-salvador\/"},"modified":"2024-02-23T10:14:27","modified_gmt":"2024-02-23T09:14:27","slug":"veus-per-una-causa-memoria-historica-a-el-salvador","status":"publish","type":"podcast","link":"https:\/\/www.entreculturas.org\/ca\/podcast\/veus-per-una-causa-memoria-historica-a-el-salvador\/","title":{"rendered":"Veus per una Causa: Mem\u00f2ria hist\u00f2rica a El Salvador"},"content":{"rendered":"\n<p>Aquesta setmana a Veus per una Causa, l&#8217;escriptora  <strong>Julia Navarro conversa amb \u00d3scar Mel\u00e9ndez,<\/strong>  Cap de l&#8217;Acervo Hist\u00f2ric i investigador de la Universitat Centroamericana Jos\u00e9 Sime\u00f3n Ca\u00f1as, m\u00e9s coneguda com la UCA<strong>.  <\/strong>Amb ell, ens apropem a l&#8217;important paper que t\u00e9 el centre de mem\u00f2ria hist\u00f2rica sobre la Guerra Civil salvadorenca que va tenir lloc entre el 1979 i el 1992.<\/p>\n\n<p>\u00d3scar ens parla d&#8217;aquest Arxiu especialitzat en el conflicte armat salvadorenc que t\u00e9 trenta mil peces documentals, recopilades des de la d\u00e8cada del 1970 per iniciativa del jesu\u00efta Ignacio Ellacur\u00eda. En paraules d&#8217;\u00d3scar, <strong>\u201caquests centres de mem\u00f2ria s\u00f3n importants perqu\u00e8 ens condueixen a processos de reconciliaci\u00f3<\/strong> , de recerca de pau i de di\u00e0leg pol\u00edtic, tan necessaris a la societat salvadorenca i centreamericana actual\u201d.<\/p>\n\n<p>A m\u00e9s, \u00d3scar i Julia tamb\u00e9<strong> <\/strong>conversen sobre el que ha d&#8217; <strong>aprendre El Salvador de la seva hist\u00f2ria per no repetir els mateixos errors<\/strong> , emfatitzant en la idea que qualsevol r\u00e8gim totalitari<strong> <\/strong>\u201cnom\u00e9s condueix a potenciar diferents manifestacions de viol\u00e8ncia com la que va viure El Salvador en anar acompanyats de crisis econ\u00f2miques i pol\u00edtiques\u201d.  <\/p>\n\n<p>\u201dPer \u00faltim, &#8216; <strong>Veus per una Causa&#8217; \u00e9s el podcast setmanal d&#8217;Entreculturas<\/strong> . Els programes s&#8217;emeten tots els dijous al nostre canal de <a href=\"https:\/\/www.youtube.com\/c\/EntreculturasOrg915902672\">Youtube<\/a> , a <a href=\"https:\/\/open.spotify.com\/show\/6dS5JsqnsWrnHL1gwead1A\">Spotify<\/a> , a <a href=\"https:\/\/www.ivoox.com\/perfil-entreculturas_a8_listener_28185270_1.html\">Ivoox<\/a> , ia <a href=\"https:\/\/podcasts.apple.com\/us\/podcast\/entreculturas-voces-por-una-causa\/id1621485462\">Apple Podcast<\/a> .<\/p>\n","protected":false},"excerpt":{"rendered":"<p>Aquesta setmana a Veus per una Causa, l&#8217;escriptora Julia Navarro conversa amb \u00d3scar Mel\u00e9ndez, Cap de l&#8217;Acervo Hist\u00f2ric i investigador de la Universitat Centroamericana Jos\u00e9 Sime\u00f3n Ca\u00f1as, m\u00e9s coneguda com la UCA. Amb ell, ens apropem a l&#8217;important paper que t\u00e9 el centre de mem\u00f2ria hist\u00f2rica sobre la Guerra Civil salvadorenca que va tenir lloc entre el 1979 i el 1992.<\/p>\n","protected":false},"featured_media":19979,"template":"","meta":{"_acf_changed":false},"categories":[],"tags":[],"class_list":["post-21488","podcast","type-podcast","status-publish","has-post-thumbnail","hentry"],"acf":[],"yoast_head":"<!-- This site is optimized with the Yoast SEO Premium plugin v21.6 (Yoast SEO v27.5) - https:\/\/yoast.com\/product\/yoast-seo-premium-wordpress\/ -->\n<title>Veus per una Causa: Mem\u00f2ria hist\u00f2rica a El Salvador - Entreculturas<\/title>\n<meta name=\"robots\" content=\"index, follow, max-snippet:-1, max-image-preview:large, max-video-preview:-1\" \/>\n<link rel=\"canonical\" href=\"https:\/\/www.entreculturas.org\/ca\/podcast\/veus-per-una-causa-memoria-historica-a-el-salvador\/\" \/>\n<meta property=\"og:locale\" content=\"ca_ES\" \/>\n<meta property=\"og:type\" content=\"article\" \/>\n<meta property=\"og:title\" content=\"Veus per una Causa: Mem\u00f2ria hist\u00f2rica a El Salvador\" \/>\n<meta property=\"og:description\" content=\"Aquesta setmana a Veus per una Causa, l&#039;escriptora Julia Navarro conversa amb \u00d3scar Mel\u00e9ndez, Cap de l&#039;Acervo Hist\u00f2ric i investigador de la Universitat Centroamericana Jos\u00e9 Sime\u00f3n Ca\u00f1as, m\u00e9s coneguda com la UCA. Amb ell, ens apropem a l&#039;important paper que t\u00e9 el centre de mem\u00f2ria hist\u00f2rica sobre la Guerra Civil salvadorenca que va tenir lloc entre el 1979 i el 1992.\" \/>\n<meta property=\"og:url\" content=\"https:\/\/www.entreculturas.org\/ca\/podcast\/veus-per-una-causa-memoria-historica-a-el-salvador\/\" \/>\n<meta property=\"og:site_name\" content=\"Entreculturas\" \/>\n<meta property=\"article:publisher\" content=\"https:\/\/www.facebook.com\/entreculturas\" \/>\n<meta property=\"article:modified_time\" content=\"2024-02-23T09:14:27+00:00\" \/>\n<meta property=\"og:image\" content=\"https:\/\/www.entreculturas.org\/wp-content\/uploads\/2024\/01\/Oscar-Melendez-Editada-900-e1705575278279.jpg\" \/>\n\t<meta property=\"og:image:width\" content=\"898\" \/>\n\t<meta property=\"og:image:height\" content=\"553\" \/>\n\t<meta property=\"og:image:type\" content=\"image\/jpeg\" \/>\n<meta name=\"twitter:card\" content=\"summary_large_image\" \/>\n<meta name=\"twitter:site\" content=\"@Entreculturas\" \/>\n<script type=\"application\/ld+json\" class=\"yoast-schema-graph\">{\"@context\":\"https:\\\/\\\/schema.org\",\"@graph\":[{\"@type\":\"WebPage\",\"@id\":\"https:\\\/\\\/www.entreculturas.org\\\/ca\\\/podcast\\\/veus-per-una-causa-memoria-historica-a-el-salvador\\\/\",\"url\":\"https:\\\/\\\/www.entreculturas.org\\\/ca\\\/podcast\\\/veus-per-una-causa-memoria-historica-a-el-salvador\\\/\",\"name\":\"Veus per una Causa: Mem\u00f2ria hist\u00f2rica a El Salvador - Entreculturas\",\"isPartOf\":{\"@id\":\"https:\\\/\\\/www.entreculturas.org\\\/ca\\\/#website\"},\"primaryImageOfPage\":{\"@id\":\"https:\\\/\\\/www.entreculturas.org\\\/ca\\\/podcast\\\/veus-per-una-causa-memoria-historica-a-el-salvador\\\/#primaryimage\"},\"image\":{\"@id\":\"https:\\\/\\\/www.entreculturas.org\\\/ca\\\/podcast\\\/veus-per-una-causa-memoria-historica-a-el-salvador\\\/#primaryimage\"},\"thumbnailUrl\":\"https:\\\/\\\/www.entreculturas.org\\\/wp-content\\\/uploads\\\/2024\\\/01\\\/Oscar-Melendez-Editada-900-e1705575278279.jpg\",\"datePublished\":\"2024-01-18T10:51:23+00:00\",\"dateModified\":\"2024-02-23T09:14:27+00:00\",\"breadcrumb\":{\"@id\":\"https:\\\/\\\/www.entreculturas.org\\\/ca\\\/podcast\\\/veus-per-una-causa-memoria-historica-a-el-salvador\\\/#breadcrumb\"},\"inLanguage\":\"ca\",\"potentialAction\":[{\"@type\":\"ReadAction\",\"target\":[\"https:\\\/\\\/www.entreculturas.org\\\/ca\\\/podcast\\\/veus-per-una-causa-memoria-historica-a-el-salvador\\\/\"]}]},{\"@type\":\"ImageObject\",\"inLanguage\":\"ca\",\"@id\":\"https:\\\/\\\/www.entreculturas.org\\\/ca\\\/podcast\\\/veus-per-una-causa-memoria-historica-a-el-salvador\\\/#primaryimage\",\"url\":\"https:\\\/\\\/www.entreculturas.org\\\/wp-content\\\/uploads\\\/2024\\\/01\\\/Oscar-Melendez-Editada-900-e1705575278279.jpg\",\"contentUrl\":\"https:\\\/\\\/www.entreculturas.org\\\/wp-content\\\/uploads\\\/2024\\\/01\\\/Oscar-Melendez-Editada-900-e1705575278279.jpg\",\"width\":898,\"height\":553,\"caption\":\"Julia Navarro conversa el podcast con \u00d3scar Mel\u00e9ndez sobre la importancia de la memoria hist\u00f3rica en la Guerra Civil salvadore\u00f1a.\"},{\"@type\":\"BreadcrumbList\",\"@id\":\"https:\\\/\\\/www.entreculturas.org\\\/ca\\\/podcast\\\/veus-per-una-causa-memoria-historica-a-el-salvador\\\/#breadcrumb\",\"itemListElement\":[{\"@type\":\"ListItem\",\"position\":1,\"name\":\"Home\",\"item\":\"https:\\\/\\\/www.entreculturas.org\\\/ca\\\/\"},{\"@type\":\"ListItem\",\"position\":2,\"name\":\"Podcast Julia Navarro\",\"item\":\"https:\\\/\\\/www.entreculturas.org\\\/ca\\\/podcasts\\\/\"},{\"@type\":\"ListItem\",\"position\":3,\"name\":\"Veus per una Causa: Mem\u00f2ria hist\u00f2rica a El Salvador\"}]},{\"@type\":\"WebSite\",\"@id\":\"https:\\\/\\\/www.entreculturas.org\\\/ca\\\/#website\",\"url\":\"https:\\\/\\\/www.entreculturas.org\\\/ca\\\/\",\"name\":\"Entreculturas\",\"description\":\"\",\"publisher\":{\"@id\":\"https:\\\/\\\/www.entreculturas.org\\\/ca\\\/#organization\"},\"alternateName\":\"Entreculturas\",\"potentialAction\":[{\"@type\":\"SearchAction\",\"target\":{\"@type\":\"EntryPoint\",\"urlTemplate\":\"https:\\\/\\\/www.entreculturas.org\\\/ca\\\/?s={search_term_string}\"},\"query-input\":{\"@type\":\"PropertyValueSpecification\",\"valueRequired\":true,\"valueName\":\"search_term_string\"}}],\"inLanguage\":\"ca\"},{\"@type\":\"Organization\",\"@id\":\"https:\\\/\\\/www.entreculturas.org\\\/ca\\\/#organization\",\"name\":\"Entreculturas\",\"url\":\"https:\\\/\\\/www.entreculturas.org\\\/ca\\\/\",\"logo\":{\"@type\":\"ImageObject\",\"inLanguage\":\"ca\",\"@id\":\"https:\\\/\\\/www.entreculturas.org\\\/ca\\\/#\\\/schema\\\/logo\\\/image\\\/\",\"url\":\"https:\\\/\\\/www.entreculturas.org\\\/wp-content\\\/uploads\\\/2025\\\/10\\\/ESP.svg\",\"contentUrl\":\"https:\\\/\\\/www.entreculturas.org\\\/wp-content\\\/uploads\\\/2025\\\/10\\\/ESP.svg\",\"caption\":\"Entreculturas\"},\"image\":{\"@id\":\"https:\\\/\\\/www.entreculturas.org\\\/ca\\\/#\\\/schema\\\/logo\\\/image\\\/\"},\"sameAs\":[\"https:\\\/\\\/www.facebook.com\\\/entreculturas\",\"https:\\\/\\\/x.com\\\/Entreculturas\",\"https:\\\/\\\/www.instagram.com\\\/entreculturas\\\/\",\"https:\\\/\\\/www.youtube.com\\\/user\\\/entreculturasvideo\",\"https:\\\/\\\/www.linkedin.com\\\/company\\\/fundacion-entreculturas-ngdo\\\/\",\"https:\\\/\\\/www.flickr.com\\\/photos\\\/98455522@N04\\\/albums\\\/\"]}]}<\/script>\n<!-- \/ Yoast SEO Premium plugin. -->","yoast_head_json":{"title":"Veus per una Causa: Mem\u00f2ria hist\u00f2rica a El Salvador - Entreculturas","robots":{"index":"index","follow":"follow","max-snippet":"max-snippet:-1","max-image-preview":"max-image-preview:large","max-video-preview":"max-video-preview:-1"},"canonical":"https:\/\/www.entreculturas.org\/ca\/podcast\/veus-per-una-causa-memoria-historica-a-el-salvador\/","og_locale":"ca_ES","og_type":"article","og_title":"Veus per una Causa: Mem\u00f2ria hist\u00f2rica a El Salvador","og_description":"Aquesta setmana a Veus per una Causa, l'escriptora Julia Navarro conversa amb \u00d3scar Mel\u00e9ndez, Cap de l'Acervo Hist\u00f2ric i investigador de la Universitat Centroamericana Jos\u00e9 Sime\u00f3n Ca\u00f1as, m\u00e9s coneguda com la UCA. Amb ell, ens apropem a l'important paper que t\u00e9 el centre de mem\u00f2ria hist\u00f2rica sobre la Guerra Civil salvadorenca que va tenir lloc entre el 1979 i el 1992.","og_url":"https:\/\/www.entreculturas.org\/ca\/podcast\/veus-per-una-causa-memoria-historica-a-el-salvador\/","og_site_name":"Entreculturas","article_publisher":"https:\/\/www.facebook.com\/entreculturas","article_modified_time":"2024-02-23T09:14:27+00:00","og_image":[{"width":898,"height":553,"url":"https:\/\/www.entreculturas.org\/wp-content\/uploads\/2024\/01\/Oscar-Melendez-Editada-900-e1705575278279.jpg","type":"image\/jpeg"}],"twitter_card":"summary_large_image","twitter_site":"@Entreculturas","schema":{"@context":"https:\/\/schema.org","@graph":[{"@type":"WebPage","@id":"https:\/\/www.entreculturas.org\/ca\/podcast\/veus-per-una-causa-memoria-historica-a-el-salvador\/","url":"https:\/\/www.entreculturas.org\/ca\/podcast\/veus-per-una-causa-memoria-historica-a-el-salvador\/","name":"Veus per una Causa: Mem\u00f2ria hist\u00f2rica a El Salvador - Entreculturas","isPartOf":{"@id":"https:\/\/www.entreculturas.org\/ca\/#website"},"primaryImageOfPage":{"@id":"https:\/\/www.entreculturas.org\/ca\/podcast\/veus-per-una-causa-memoria-historica-a-el-salvador\/#primaryimage"},"image":{"@id":"https:\/\/www.entreculturas.org\/ca\/podcast\/veus-per-una-causa-memoria-historica-a-el-salvador\/#primaryimage"},"thumbnailUrl":"https:\/\/www.entreculturas.org\/wp-content\/uploads\/2024\/01\/Oscar-Melendez-Editada-900-e1705575278279.jpg","datePublished":"2024-01-18T10:51:23+00:00","dateModified":"2024-02-23T09:14:27+00:00","breadcrumb":{"@id":"https:\/\/www.entreculturas.org\/ca\/podcast\/veus-per-una-causa-memoria-historica-a-el-salvador\/#breadcrumb"},"inLanguage":"ca","potentialAction":[{"@type":"ReadAction","target":["https:\/\/www.entreculturas.org\/ca\/podcast\/veus-per-una-causa-memoria-historica-a-el-salvador\/"]}]},{"@type":"ImageObject","inLanguage":"ca","@id":"https:\/\/www.entreculturas.org\/ca\/podcast\/veus-per-una-causa-memoria-historica-a-el-salvador\/#primaryimage","url":"https:\/\/www.entreculturas.org\/wp-content\/uploads\/2024\/01\/Oscar-Melendez-Editada-900-e1705575278279.jpg","contentUrl":"https:\/\/www.entreculturas.org\/wp-content\/uploads\/2024\/01\/Oscar-Melendez-Editada-900-e1705575278279.jpg","width":898,"height":553,"caption":"Julia Navarro conversa el podcast con \u00d3scar Mel\u00e9ndez sobre la importancia de la memoria hist\u00f3rica en la Guerra Civil salvadore\u00f1a."},{"@type":"BreadcrumbList","@id":"https:\/\/www.entreculturas.org\/ca\/podcast\/veus-per-una-causa-memoria-historica-a-el-salvador\/#breadcrumb","itemListElement":[{"@type":"ListItem","position":1,"name":"Home","item":"https:\/\/www.entreculturas.org\/ca\/"},{"@type":"ListItem","position":2,"name":"Podcast Julia Navarro","item":"https:\/\/www.entreculturas.org\/ca\/podcasts\/"},{"@type":"ListItem","position":3,"name":"Veus per una Causa: Mem\u00f2ria hist\u00f2rica a El Salvador"}]},{"@type":"WebSite","@id":"https:\/\/www.entreculturas.org\/ca\/#website","url":"https:\/\/www.entreculturas.org\/ca\/","name":"Entreculturas","description":"","publisher":{"@id":"https:\/\/www.entreculturas.org\/ca\/#organization"},"alternateName":"Entreculturas","potentialAction":[{"@type":"SearchAction","target":{"@type":"EntryPoint","urlTemplate":"https:\/\/www.entreculturas.org\/ca\/?s={search_term_string}"},"query-input":{"@type":"PropertyValueSpecification","valueRequired":true,"valueName":"search_term_string"}}],"inLanguage":"ca"},{"@type":"Organization","@id":"https:\/\/www.entreculturas.org\/ca\/#organization","name":"Entreculturas","url":"https:\/\/www.entreculturas.org\/ca\/","logo":{"@type":"ImageObject","inLanguage":"ca","@id":"https:\/\/www.entreculturas.org\/ca\/#\/schema\/logo\/image\/","url":"https:\/\/www.entreculturas.org\/wp-content\/uploads\/2025\/10\/ESP.svg","contentUrl":"https:\/\/www.entreculturas.org\/wp-content\/uploads\/2025\/10\/ESP.svg","caption":"Entreculturas"},"image":{"@id":"https:\/\/www.entreculturas.org\/ca\/#\/schema\/logo\/image\/"},"sameAs":["https:\/\/www.facebook.com\/entreculturas","https:\/\/x.com\/Entreculturas","https:\/\/www.instagram.com\/entreculturas\/","https:\/\/www.youtube.com\/user\/entreculturasvideo","https:\/\/www.linkedin.com\/company\/fundacion-entreculturas-ngdo\/","https:\/\/www.flickr.com\/photos\/98455522@N04\/albums\/"]}]}},"_links":{"self":[{"href":"https:\/\/www.entreculturas.org\/ca\/wp-json\/wp\/v2\/podcast\/21488","targetHints":{"allow":["GET"]}}],"collection":[{"href":"https:\/\/www.entreculturas.org\/ca\/wp-json\/wp\/v2\/podcast"}],"about":[{"href":"https:\/\/www.entreculturas.org\/ca\/wp-json\/wp\/v2\/types\/podcast"}],"wp:featuredmedia":[{"embeddable":true,"href":"https:\/\/www.entreculturas.org\/ca\/wp-json\/wp\/v2\/media\/19979"}],"wp:attachment":[{"href":"https:\/\/www.entreculturas.org\/ca\/wp-json\/wp\/v2\/media?parent=21488"}],"wp:term":[{"taxonomy":"category","embeddable":true,"href":"https:\/\/www.entreculturas.org\/ca\/wp-json\/wp\/v2\/categories?post=21488"},{"taxonomy":"post_tag","embeddable":true,"href":"https:\/\/www.entreculturas.org\/ca\/wp-json\/wp\/v2\/tags?post=21488"}],"curies":[{"name":"wp","href":"https:\/\/api.w.org\/{rel}","templated":true}]}}