{"id":21465,"date":"2024-02-09T11:21:53","date_gmt":"2024-02-09T10:21:53","guid":{"rendered":"https:\/\/www.entreculturas.org\/podcast\/venecuela-sense-docents-no-hi-ha-escola\/"},"modified":"2024-02-23T10:14:14","modified_gmt":"2024-02-23T09:14:14","slug":"venecuela-sense-docents-no-hi-ha-escola","status":"publish","type":"podcast","link":"https:\/\/www.entreculturas.org\/ca\/podcast\/venecuela-sense-docents-no-hi-ha-escola\/","title":{"rendered":"Vene\u00e7uela: sense docents no hi ha escola"},"content":{"rendered":"\n<p>Aquesta setmana a Veus per una Causa, l&#8217;escriptora <strong>Julia Navarro conversa amb Javier Izquierdo,<\/strong> T\u00e8cnic expatriat d&#8217;Entreculturas a Vene\u00e7uela. Amb ell, ens apropem a la feina que fem des d&#8217;Entreculturas al pa\u00eds llatinoameric\u00e0 de la m\u00e0 de la nostra organitzaci\u00f3 s\u00f2cia Fe i Alegria, que t\u00e9 una gran pres\u00e8ncia a trav\u00e9s de nombrosos centres educatius i escoles.  <\/p>\n\n<p>En aquest cap\u00edtol, Javier ens parla de la situaci\u00f3 en qu\u00e8 es troba <strong>el dret a l&#8217;educaci\u00f3 a Vene\u00e7uela<\/strong> , assenyalant en primer lloc &#8220;el context d&#8217;emerg\u00e8ncia que viu Vene\u00e7uela per la crisi social, pol\u00edtica i econ\u00f2mica que va comen\u00e7ar el 2014&#8221;. Javier s&#8217;atura com la prec\u00e0ria situaci\u00f3 del professorat, a causa dels baixos sous, deteriora de manera directa el dret a l&#8217;educaci\u00f3 dels nens i nenes, ja que arriba a provocar \u201cque els col\u00b7legis tanquin\u201d.  <\/p>\n\n<p>Javier explica les dues estrat\u00e8gies que segueixen els programes que realitza Entreculturas juntament amb Fe i Alegr\u00eda Venezuela per <strong>\u201cpromoure la perman\u00e8ncia escolar de l&#8217;alumnat\u201d<\/strong> . La primera s&#8217;enfoca a millorar l&#8217;acc\u00e9s a entorns educatius segurs i, la segona, millorar el benestar de la comunitat educativa. \u201cAqu\u00ed estem parlant de jornades de salut, complement nutricional, suport psicosocial i petits incentius\u201d, explica.<\/p>\n\n<p>A m\u00e9s, Javier i Julia aprofundeixen en la feina que es realitza en estats fronterers, on \u201chi ha una crisi de protecci\u00f3 amb din\u00e0miques m\u00e9s violentes, de tr\u00e0fic de persones\u201d. Un escenari, explica Javier, <strong>on Entreculturas i Fe i Alegria treballen a trav\u00e9s de les escoles, brindant atenci\u00f3 psicosocial<\/strong> per \u201ccon\u00e8ixer d&#8217;on ve aquesta viol\u00e8ncia\u201d i poder eradicar-la a trav\u00e9s de la \u201cderivaci\u00f3 a entitats especialitzades com el defensor del poble i els consells de protecci\u00f3\u201d.<\/p>\n\n<p>Finalment, Javier assenyala que el que m\u00e9s l&#8217;ha sorpr\u00e8s treballant a Vene\u00e7uela ha estat \u201c <strong>la forma en qu\u00e8 s&#8217;articula Fe i Alegria amb la comunitat educativa<\/strong> \u201d i el rol fonamental que t\u00e9 la \u201cparticipaci\u00f3 activa de les mares, pares, avis i \u00e0vies a la din\u00e0mica escolar\u201d.<\/p>\n\n<p>&#8216; Veus per una Causa &#8216; \u00e9s el podcast setmanal d&#8217; Entreculturas . Els programes s&#8217;emeten tots els dijous al nostre canal de Youtube , a Spotify , a Ivoox , ia Apple Podcast .<\/p>\n","protected":false},"excerpt":{"rendered":"<p>Aquesta setmana a Veus per una Causa, l&#8217;escriptora Julia Navarro conversa amb Javier Izquierdo, T\u00e8cnic expatriat d&#8217;Entreculturas a Vene\u00e7uela. Amb ell, ens apropem a la feina que fem des d&#8217;Entreculturas al pa\u00eds llatinoameric\u00e0 de la m\u00e0 de la nostra organitzaci\u00f3 s\u00f2cia Fe i Alegria, que t\u00e9 una gran pres\u00e8ncia a trav\u00e9s de nombrosos centres educatius i escoles. En aquest cap\u00edtol, Javier ens parla de la situaci\u00f3 en qu\u00e8 es troba el dret a l&#8217;educaci\u00f3 a Vene\u00e7uela , assenyalant en primer lloc &#8220;el context d&#8217;emerg\u00e8ncia que viu Vene\u00e7uela per la crisi social, pol\u00edtica i econ\u00f2mica que va comen\u00e7ar el 2014&#8221;. Javier s&#8217;atura com la prec\u00e0ria situaci\u00f3 del professorat, a causa dels baixos sous, deteriora de manera directa el dret a l&#8217;educaci\u00f3 dels nens i nenes, ja que arriba a provocar \u201cque els col\u00b7legis tanquin\u201d. Javier explica les dues estrat\u00e8gies que segueixen els programes que realitza Entreculturas juntament amb Fe i Alegr\u00eda [&hellip;]<\/p>\n","protected":false},"featured_media":20681,"template":"","meta":{"_acf_changed":false},"categories":[],"tags":[476],"class_list":["post-21465","podcast","type-podcast","status-publish","has-post-thumbnail","hentry","tag-educacio"],"acf":[],"yoast_head":"<!-- This site is optimized with the Yoast SEO Premium plugin v21.6 (Yoast SEO v27.5) - https:\/\/yoast.com\/product\/yoast-seo-premium-wordpress\/ -->\n<title>Vene\u00e7uela: sense docents no hi ha escola - Entreculturas<\/title>\n<meta name=\"robots\" content=\"index, follow, max-snippet:-1, max-image-preview:large, max-video-preview:-1\" \/>\n<link rel=\"canonical\" href=\"https:\/\/www.entreculturas.org\/ca\/podcast\/venecuela-sense-docents-no-hi-ha-escola\/\" \/>\n<meta property=\"og:locale\" content=\"ca_ES\" \/>\n<meta property=\"og:type\" content=\"article\" \/>\n<meta property=\"og:title\" content=\"Vene\u00e7uela: sense docents no hi ha escola\" \/>\n<meta property=\"og:description\" content=\"Aquesta setmana a Veus per una Causa, l&#8217;escriptora Julia Navarro conversa amb Javier Izquierdo, T\u00e8cnic expatriat d&#8217;Entreculturas a Vene\u00e7uela. Amb ell, ens apropem a la feina que fem des d&#8217;Entreculturas al pa\u00eds llatinoameric\u00e0 de la m\u00e0 de la nostra organitzaci\u00f3 s\u00f2cia Fe i Alegria, que t\u00e9 una gran pres\u00e8ncia a trav\u00e9s de nombrosos centres educatius i escoles. En aquest cap\u00edtol, Javier ens parla de la situaci\u00f3 en qu\u00e8 es troba el dret a l&#8217;educaci\u00f3 a Vene\u00e7uela , assenyalant en primer lloc &#8220;el context d&#8217;emerg\u00e8ncia que viu Vene\u00e7uela per la crisi social, pol\u00edtica i econ\u00f2mica que va comen\u00e7ar el 2014&#8221;. Javier s&#8217;atura com la prec\u00e0ria situaci\u00f3 del professorat, a causa dels baixos sous, deteriora de manera directa el dret a l&#8217;educaci\u00f3 dels nens i nenes, ja que arriba a provocar \u201cque els col\u00b7legis tanquin\u201d. Javier explica les dues estrat\u00e8gies que segueixen els programes que realitza Entreculturas juntament amb Fe i Alegr\u00eda [&hellip;]\" \/>\n<meta property=\"og:url\" content=\"https:\/\/www.entreculturas.org\/ca\/podcast\/venecuela-sense-docents-no-hi-ha-escola\/\" \/>\n<meta property=\"og:site_name\" content=\"Entreculturas\" \/>\n<meta property=\"article:publisher\" content=\"https:\/\/www.facebook.com\/entreculturas\" \/>\n<meta property=\"article:modified_time\" content=\"2024-02-23T09:14:14+00:00\" \/>\n<meta property=\"og:image\" content=\"https:\/\/www.entreculturas.org\/wp-content\/uploads\/2024\/02\/Venezuela-Menos-calidad.jpg\" \/>\n\t<meta property=\"og:image:width\" content=\"800\" \/>\n\t<meta property=\"og:image:height\" content=\"449\" \/>\n\t<meta property=\"og:image:type\" content=\"image\/jpeg\" \/>\n<meta name=\"twitter:card\" content=\"summary_large_image\" \/>\n<meta name=\"twitter:site\" content=\"@Entreculturas\" \/>\n<script type=\"application\/ld+json\" class=\"yoast-schema-graph\">{\"@context\":\"https:\\\/\\\/schema.org\",\"@graph\":[{\"@type\":\"WebPage\",\"@id\":\"https:\\\/\\\/www.entreculturas.org\\\/ca\\\/podcast\\\/venecuela-sense-docents-no-hi-ha-escola\\\/\",\"url\":\"https:\\\/\\\/www.entreculturas.org\\\/ca\\\/podcast\\\/venecuela-sense-docents-no-hi-ha-escola\\\/\",\"name\":\"Vene\u00e7uela: sense docents no hi ha escola - Entreculturas\",\"isPartOf\":{\"@id\":\"https:\\\/\\\/www.entreculturas.org\\\/ca\\\/#website\"},\"primaryImageOfPage\":{\"@id\":\"https:\\\/\\\/www.entreculturas.org\\\/ca\\\/podcast\\\/venecuela-sense-docents-no-hi-ha-escola\\\/#primaryimage\"},\"image\":{\"@id\":\"https:\\\/\\\/www.entreculturas.org\\\/ca\\\/podcast\\\/venecuela-sense-docents-no-hi-ha-escola\\\/#primaryimage\"},\"thumbnailUrl\":\"https:\\\/\\\/www.entreculturas.org\\\/wp-content\\\/uploads\\\/2024\\\/02\\\/Venezuela-Menos-calidad.jpg\",\"datePublished\":\"2024-02-09T10:21:53+00:00\",\"dateModified\":\"2024-02-23T09:14:14+00:00\",\"breadcrumb\":{\"@id\":\"https:\\\/\\\/www.entreculturas.org\\\/ca\\\/podcast\\\/venecuela-sense-docents-no-hi-ha-escola\\\/#breadcrumb\"},\"inLanguage\":\"ca\",\"potentialAction\":[{\"@type\":\"ReadAction\",\"target\":[\"https:\\\/\\\/www.entreculturas.org\\\/ca\\\/podcast\\\/venecuela-sense-docents-no-hi-ha-escola\\\/\"]}]},{\"@type\":\"ImageObject\",\"inLanguage\":\"ca\",\"@id\":\"https:\\\/\\\/www.entreculturas.org\\\/ca\\\/podcast\\\/venecuela-sense-docents-no-hi-ha-escola\\\/#primaryimage\",\"url\":\"https:\\\/\\\/www.entreculturas.org\\\/wp-content\\\/uploads\\\/2024\\\/02\\\/Venezuela-Menos-calidad.jpg\",\"contentUrl\":\"https:\\\/\\\/www.entreculturas.org\\\/wp-content\\\/uploads\\\/2024\\\/02\\\/Venezuela-Menos-calidad.jpg\",\"width\":800,\"height\":449},{\"@type\":\"BreadcrumbList\",\"@id\":\"https:\\\/\\\/www.entreculturas.org\\\/ca\\\/podcast\\\/venecuela-sense-docents-no-hi-ha-escola\\\/#breadcrumb\",\"itemListElement\":[{\"@type\":\"ListItem\",\"position\":1,\"name\":\"Home\",\"item\":\"https:\\\/\\\/www.entreculturas.org\\\/ca\\\/\"},{\"@type\":\"ListItem\",\"position\":2,\"name\":\"Podcast Julia Navarro\",\"item\":\"https:\\\/\\\/www.entreculturas.org\\\/ca\\\/podcasts\\\/\"},{\"@type\":\"ListItem\",\"position\":3,\"name\":\"Vene\u00e7uela: sense docents no hi ha escola\"}]},{\"@type\":\"WebSite\",\"@id\":\"https:\\\/\\\/www.entreculturas.org\\\/ca\\\/#website\",\"url\":\"https:\\\/\\\/www.entreculturas.org\\\/ca\\\/\",\"name\":\"Entreculturas\",\"description\":\"\",\"publisher\":{\"@id\":\"https:\\\/\\\/www.entreculturas.org\\\/ca\\\/#organization\"},\"alternateName\":\"Entreculturas\",\"potentialAction\":[{\"@type\":\"SearchAction\",\"target\":{\"@type\":\"EntryPoint\",\"urlTemplate\":\"https:\\\/\\\/www.entreculturas.org\\\/ca\\\/?s={search_term_string}\"},\"query-input\":{\"@type\":\"PropertyValueSpecification\",\"valueRequired\":true,\"valueName\":\"search_term_string\"}}],\"inLanguage\":\"ca\"},{\"@type\":\"Organization\",\"@id\":\"https:\\\/\\\/www.entreculturas.org\\\/ca\\\/#organization\",\"name\":\"Entreculturas\",\"url\":\"https:\\\/\\\/www.entreculturas.org\\\/ca\\\/\",\"logo\":{\"@type\":\"ImageObject\",\"inLanguage\":\"ca\",\"@id\":\"https:\\\/\\\/www.entreculturas.org\\\/ca\\\/#\\\/schema\\\/logo\\\/image\\\/\",\"url\":\"https:\\\/\\\/www.entreculturas.org\\\/wp-content\\\/uploads\\\/2025\\\/10\\\/ESP.svg\",\"contentUrl\":\"https:\\\/\\\/www.entreculturas.org\\\/wp-content\\\/uploads\\\/2025\\\/10\\\/ESP.svg\",\"caption\":\"Entreculturas\"},\"image\":{\"@id\":\"https:\\\/\\\/www.entreculturas.org\\\/ca\\\/#\\\/schema\\\/logo\\\/image\\\/\"},\"sameAs\":[\"https:\\\/\\\/www.facebook.com\\\/entreculturas\",\"https:\\\/\\\/x.com\\\/Entreculturas\",\"https:\\\/\\\/www.instagram.com\\\/entreculturas\\\/\",\"https:\\\/\\\/www.youtube.com\\\/user\\\/entreculturasvideo\",\"https:\\\/\\\/www.linkedin.com\\\/company\\\/fundacion-entreculturas-ngdo\\\/\",\"https:\\\/\\\/www.flickr.com\\\/photos\\\/98455522@N04\\\/albums\\\/\"]}]}<\/script>\n<!-- \/ Yoast SEO Premium plugin. -->","yoast_head_json":{"title":"Vene\u00e7uela: sense docents no hi ha escola - Entreculturas","robots":{"index":"index","follow":"follow","max-snippet":"max-snippet:-1","max-image-preview":"max-image-preview:large","max-video-preview":"max-video-preview:-1"},"canonical":"https:\/\/www.entreculturas.org\/ca\/podcast\/venecuela-sense-docents-no-hi-ha-escola\/","og_locale":"ca_ES","og_type":"article","og_title":"Vene\u00e7uela: sense docents no hi ha escola","og_description":"Aquesta setmana a Veus per una Causa, l&#8217;escriptora Julia Navarro conversa amb Javier Izquierdo, T\u00e8cnic expatriat d&#8217;Entreculturas a Vene\u00e7uela. Amb ell, ens apropem a la feina que fem des d&#8217;Entreculturas al pa\u00eds llatinoameric\u00e0 de la m\u00e0 de la nostra organitzaci\u00f3 s\u00f2cia Fe i Alegria, que t\u00e9 una gran pres\u00e8ncia a trav\u00e9s de nombrosos centres educatius i escoles. En aquest cap\u00edtol, Javier ens parla de la situaci\u00f3 en qu\u00e8 es troba el dret a l&#8217;educaci\u00f3 a Vene\u00e7uela , assenyalant en primer lloc &#8220;el context d&#8217;emerg\u00e8ncia que viu Vene\u00e7uela per la crisi social, pol\u00edtica i econ\u00f2mica que va comen\u00e7ar el 2014&#8221;. Javier s&#8217;atura com la prec\u00e0ria situaci\u00f3 del professorat, a causa dels baixos sous, deteriora de manera directa el dret a l&#8217;educaci\u00f3 dels nens i nenes, ja que arriba a provocar \u201cque els col\u00b7legis tanquin\u201d. Javier explica les dues estrat\u00e8gies que segueixen els programes que realitza Entreculturas juntament amb Fe i Alegr\u00eda [&hellip;]","og_url":"https:\/\/www.entreculturas.org\/ca\/podcast\/venecuela-sense-docents-no-hi-ha-escola\/","og_site_name":"Entreculturas","article_publisher":"https:\/\/www.facebook.com\/entreculturas","article_modified_time":"2024-02-23T09:14:14+00:00","og_image":[{"width":800,"height":449,"url":"https:\/\/www.entreculturas.org\/wp-content\/uploads\/2024\/02\/Venezuela-Menos-calidad.jpg","type":"image\/jpeg"}],"twitter_card":"summary_large_image","twitter_site":"@Entreculturas","schema":{"@context":"https:\/\/schema.org","@graph":[{"@type":"WebPage","@id":"https:\/\/www.entreculturas.org\/ca\/podcast\/venecuela-sense-docents-no-hi-ha-escola\/","url":"https:\/\/www.entreculturas.org\/ca\/podcast\/venecuela-sense-docents-no-hi-ha-escola\/","name":"Vene\u00e7uela: sense docents no hi ha escola - Entreculturas","isPartOf":{"@id":"https:\/\/www.entreculturas.org\/ca\/#website"},"primaryImageOfPage":{"@id":"https:\/\/www.entreculturas.org\/ca\/podcast\/venecuela-sense-docents-no-hi-ha-escola\/#primaryimage"},"image":{"@id":"https:\/\/www.entreculturas.org\/ca\/podcast\/venecuela-sense-docents-no-hi-ha-escola\/#primaryimage"},"thumbnailUrl":"https:\/\/www.entreculturas.org\/wp-content\/uploads\/2024\/02\/Venezuela-Menos-calidad.jpg","datePublished":"2024-02-09T10:21:53+00:00","dateModified":"2024-02-23T09:14:14+00:00","breadcrumb":{"@id":"https:\/\/www.entreculturas.org\/ca\/podcast\/venecuela-sense-docents-no-hi-ha-escola\/#breadcrumb"},"inLanguage":"ca","potentialAction":[{"@type":"ReadAction","target":["https:\/\/www.entreculturas.org\/ca\/podcast\/venecuela-sense-docents-no-hi-ha-escola\/"]}]},{"@type":"ImageObject","inLanguage":"ca","@id":"https:\/\/www.entreculturas.org\/ca\/podcast\/venecuela-sense-docents-no-hi-ha-escola\/#primaryimage","url":"https:\/\/www.entreculturas.org\/wp-content\/uploads\/2024\/02\/Venezuela-Menos-calidad.jpg","contentUrl":"https:\/\/www.entreculturas.org\/wp-content\/uploads\/2024\/02\/Venezuela-Menos-calidad.jpg","width":800,"height":449},{"@type":"BreadcrumbList","@id":"https:\/\/www.entreculturas.org\/ca\/podcast\/venecuela-sense-docents-no-hi-ha-escola\/#breadcrumb","itemListElement":[{"@type":"ListItem","position":1,"name":"Home","item":"https:\/\/www.entreculturas.org\/ca\/"},{"@type":"ListItem","position":2,"name":"Podcast Julia Navarro","item":"https:\/\/www.entreculturas.org\/ca\/podcasts\/"},{"@type":"ListItem","position":3,"name":"Vene\u00e7uela: sense docents no hi ha escola"}]},{"@type":"WebSite","@id":"https:\/\/www.entreculturas.org\/ca\/#website","url":"https:\/\/www.entreculturas.org\/ca\/","name":"Entreculturas","description":"","publisher":{"@id":"https:\/\/www.entreculturas.org\/ca\/#organization"},"alternateName":"Entreculturas","potentialAction":[{"@type":"SearchAction","target":{"@type":"EntryPoint","urlTemplate":"https:\/\/www.entreculturas.org\/ca\/?s={search_term_string}"},"query-input":{"@type":"PropertyValueSpecification","valueRequired":true,"valueName":"search_term_string"}}],"inLanguage":"ca"},{"@type":"Organization","@id":"https:\/\/www.entreculturas.org\/ca\/#organization","name":"Entreculturas","url":"https:\/\/www.entreculturas.org\/ca\/","logo":{"@type":"ImageObject","inLanguage":"ca","@id":"https:\/\/www.entreculturas.org\/ca\/#\/schema\/logo\/image\/","url":"https:\/\/www.entreculturas.org\/wp-content\/uploads\/2025\/10\/ESP.svg","contentUrl":"https:\/\/www.entreculturas.org\/wp-content\/uploads\/2025\/10\/ESP.svg","caption":"Entreculturas"},"image":{"@id":"https:\/\/www.entreculturas.org\/ca\/#\/schema\/logo\/image\/"},"sameAs":["https:\/\/www.facebook.com\/entreculturas","https:\/\/x.com\/Entreculturas","https:\/\/www.instagram.com\/entreculturas\/","https:\/\/www.youtube.com\/user\/entreculturasvideo","https:\/\/www.linkedin.com\/company\/fundacion-entreculturas-ngdo\/","https:\/\/www.flickr.com\/photos\/98455522@N04\/albums\/"]}]}},"_links":{"self":[{"href":"https:\/\/www.entreculturas.org\/ca\/wp-json\/wp\/v2\/podcast\/21465","targetHints":{"allow":["GET"]}}],"collection":[{"href":"https:\/\/www.entreculturas.org\/ca\/wp-json\/wp\/v2\/podcast"}],"about":[{"href":"https:\/\/www.entreculturas.org\/ca\/wp-json\/wp\/v2\/types\/podcast"}],"wp:featuredmedia":[{"embeddable":true,"href":"https:\/\/www.entreculturas.org\/ca\/wp-json\/wp\/v2\/media\/20681"}],"wp:attachment":[{"href":"https:\/\/www.entreculturas.org\/ca\/wp-json\/wp\/v2\/media?parent=21465"}],"wp:term":[{"taxonomy":"category","embeddable":true,"href":"https:\/\/www.entreculturas.org\/ca\/wp-json\/wp\/v2\/categories?post=21465"},{"taxonomy":"post_tag","embeddable":true,"href":"https:\/\/www.entreculturas.org\/ca\/wp-json\/wp\/v2\/tags?post=21465"}],"curies":[{"name":"wp","href":"https:\/\/api.w.org\/{rel}","templated":true}]}}