{"id":28431,"date":"2024-07-11T13:28:06","date_gmt":"2024-07-11T11:28:06","guid":{"rendered":"https:\/\/www.entreculturas.org\/la-llum-de-les-nenes\/les-nenes\/"},"modified":"2025-10-16T10:13:04","modified_gmt":"2025-10-16T08:13:04","slug":"les-nenes","status":"publish","type":"page","link":"https:\/\/www.entreculturas.org\/ca\/la-llum-de-les-nenes\/les-nenes\/","title":{"rendered":"Les Nenes"},"content":{"rendered":"\n<div class=\"wp-block-group header_fijo is-content-justification-space-between is-nowrap is-layout-flex wp-container-core-group-is-layout-8fc330fe wp-block-group-is-layout-flex\" style=\"min-height:0px;margin-top:0;margin-bottom:0;padding-top:var(--wp--preset--spacing--40);padding-right:var(--wp--preset--spacing--60);padding-bottom:var(--wp--preset--spacing--40);padding-left:var(--wp--preset--spacing--60)\">\n<div class=\"wp-block-group header-contenido is-nowrap is-layout-flex wp-container-core-group-is-layout-c1740a5a wp-block-group-is-layout-flex\">\n<figure class=\"wp-block-image size-full is-resized\"><a href=\"https:\/\/www.entreculturas.org\/ca\/\"><img decoding=\"async\" src=\"https:\/\/www.entreculturas.org\/wp-content\/uploads\/2025\/10\/CAT.svg\" alt=\"\" class=\"wp-image-43553\" style=\"width:255px\"\/><\/a><\/figure>\n\n\n\n<figure class=\"wp-block-image size-full is-resized\"><a href=\"https:\/\/www.entreculturas.org\/ca\/la-llum-de-les-nenes\/\"><img decoding=\"async\" src=\"https:\/\/www.entreculturas.org\/wp-content\/uploads\/2025\/10\/CAT-1.svg\" alt=\"\" class=\"wp-image-43584\" style=\"width:122px\"\/><\/a><\/figure>\n\n\n\n<div class=\"wp-block-group has-global-padding is-layout-constrained wp-container-core-group-is-layout-c5bbea69 wp-block-group-is-layout-constrained\">\n<div class=\"wp-block-group menu-row is-nowrap is-layout-flex wp-container-core-group-is-layout-c0d7094d wp-block-group-is-layout-flex\"><nav style=\"font-size:1.25rem;font-style:normal;font-weight:600;\" class=\"is-responsive items-justified-center no-wrap menu-enlaces wp-block-navigation is-horizontal is-content-justification-center is-nowrap is-layout-flex wp-container-core-navigation-is-layout-109d3c9b wp-block-navigation-is-layout-flex\" aria-label=\"Navegaci\u00f3n\" \n\t\t data-wp-interactive=\"core\/navigation\" data-wp-context='{\"overlayOpenedBy\":{\"click\":false,\"hover\":false,\"focus\":false},\"type\":\"overlay\",\"roleAttribute\":\"\",\"ariaLabel\":\"Men\\u00fa\"}'><button aria-haspopup=\"dialog\" aria-label=\"Obre el men\u00fa\" class=\"wp-block-navigation__responsive-container-open\" \n\t\t\t\tdata-wp-on--click=\"actions.openMenuOnClick\"\n\t\t\t\tdata-wp-on--keydown=\"actions.handleMenuKeydown\"\n\t\t\t><svg width=\"24\" height=\"24\" xmlns=\"http:\/\/www.w3.org\/2000\/svg\" viewBox=\"0 0 24 24\"><path d=\"M5 5v1.5h14V5H5z\"><\/path><path d=\"M5 12.8h14v-1.5H5v1.5z\"><\/path><path d=\"M5 19h14v-1.5H5V19z\"><\/path><\/svg><\/button>\n\t\t\t\t<div class=\"wp-block-navigation__responsive-container\"  id=\"modal-1\" \n\t\t\t\tdata-wp-class--has-modal-open=\"state.isMenuOpen\"\n\t\t\t\tdata-wp-class--is-menu-open=\"state.isMenuOpen\"\n\t\t\t\tdata-wp-watch=\"callbacks.initMenu\"\n\t\t\t\tdata-wp-on--keydown=\"actions.handleMenuKeydown\"\n\t\t\t\tdata-wp-on--focusout=\"actions.handleMenuFocusout\"\n\t\t\t\ttabindex=\"-1\"\n\t\t\t>\n\t\t\t\t\t<div class=\"wp-block-navigation__responsive-close\" tabindex=\"-1\">\n\t\t\t\t\t\t<div class=\"wp-block-navigation__responsive-dialog\" \n\t\t\t\tdata-wp-bind--aria-modal=\"state.ariaModal\"\n\t\t\t\tdata-wp-bind--aria-label=\"state.ariaLabel\"\n\t\t\t\tdata-wp-bind--role=\"state.roleAttribute\"\n\t\t\t>\n\t\t\t\t\t\t\t<button aria-label=\"Tanca el men\u00fa\" class=\"wp-block-navigation__responsive-container-close\" \n\t\t\t\tdata-wp-on--click=\"actions.closeMenuOnClick\"\n\t\t\t><svg xmlns=\"http:\/\/www.w3.org\/2000\/svg\" viewBox=\"0 0 24 24\" width=\"24\" height=\"24\" aria-hidden=\"true\" focusable=\"false\"><path d=\"m13.06 12 6.47-6.47-1.06-1.06L12 10.94 5.53 4.47 4.47 5.53 10.94 12l-6.47 6.47 1.06 1.06L12 13.06l6.47 6.47 1.06-1.06L13.06 12Z\"><\/path><\/svg><\/button>\n\t\t\t\t\t\t\t<div class=\"wp-block-navigation__responsive-container-content\" \n\t\t\t\tdata-wp-watch=\"callbacks.focusFirstElement\"\n\t\t\t id=\"modal-1-content\">\n\t\t\t\t\t\t\t\t<ul style=\"font-size:1.25rem;font-style:normal;font-weight:600;\" class=\"wp-block-navigation__container is-responsive items-justified-center no-wrap menu-enlaces wp-block-navigation\"><li style=\"font-size: 1.25rem;\" class=\" wp-block-navigation-item wp-block-navigation-link\"><a class=\"wp-block-navigation-item__content\"  href=\"https:\/\/www.entreculturas.org\/ca\/la-llum-de-les-nenes\/la-violencia\/\"><span class=\"wp-block-navigation-item__label\">La viol\u00e8ncia<\/span><\/a><\/li><li style=\"font-size: 1.25rem;\" class=\" wp-block-navigation-item wp-block-navigation-link\"><a class=\"wp-block-navigation-item__content\"  href=\"https:\/\/www.entreculturas.org\/ca\/la-llum-de-les-nenes\/les-nenes\/\"><span class=\"wp-block-navigation-item__label\">Les Nenes<\/span><\/a><\/li><li style=\"font-size: 1.25rem;\" class=\" wp-block-navigation-item wp-block-navigation-link\"><a class=\"wp-block-navigation-item__content\"  href=\"https:\/\/www.entreculturas.org\/ca\/la-llum-de-les-nenes\/com-actuar\/\"><span class=\"wp-block-navigation-item__label\">Com Actuar<\/span><\/a><\/li><li style=\"font-size: 1.25rem;\" class=\" wp-block-navigation-item wp-block-navigation-link\"><a class=\"wp-block-navigation-item__content\"  href=\"https:\/\/www.entreculturas.org\/ca\/la-llum-de-les-nenes\/recursos\/\"><span class=\"wp-block-navigation-item__label\">Recursos<\/span><\/a><\/li><style>html[dir=\"rtl\"] .wpml-language-switcher-block .wpml-ls-dropdown ul li.wp-block-navigation-submenu .wp-block-navigation-submenu__toggle img{margin-left:12px}html[dir=\"rtl\"] .wpml-language-switcher-block .wpml-ls-dropdown ul li.wp-block-navigation-submenu ul.isHorizontal li{text-align:right}html[dir=\"rtl\"] .wpml-language-switcher-block .wpml-ls-dropdown ul li.wp-block-navigation-submenu ul.isHorizontal li a img{margin-left:12px}.wpml-language-switcher-block{display:flex;box-sizing:border-box;width:100% !important}.wpml-language-switcher-block>.wp-block-navigation-item,.wpml-language-switcher-block>.wp-block-navigation-item>div{display:flex;width:100% !important}.wpml-language-switcher-block .wp-block-navigation__container{background:unset !important}.wpml-language-switcher-block .hide-arrow .wp-block-navigation__submenu-icon{display:none}.wpml-language-switcher-block .wpml-ls-dropdown .wp-block-navigation-submenu__toggle.wpml-ls-keyboard-focus ~ .wp-block-navigation__submenu-container,.wpml-language-switcher-block .wpml-ls-dropdown li.open-on-hover-click .wp-block-navigation-submenu__toggle:focus ~ .wp-block-navigation__submenu-container,.wpml-language-switcher-block .wpml-ls-dropdown li.open-on-hover-click .wp-block-navigation-submenu__toggle:focus-within ~ .wp-block-navigation__submenu-container,.wpml-language-switcher-block .wpml-ls-dropdown li.open-on-hover-click:focus-within>.wp-block-navigation__submenu-container{visibility:visible;opacity:1;display:block;overflow:visible}.wpml-language-switcher-block .wpml-ls-dropdown ul li button{padding:0}.wpml-language-switcher-block .wpml-ls-dropdown ul li button+.isHorizontal{min-width:inherit !important}.wpml-language-switcher-block .wpml-ls-dropdown ul li button+.isHorizontal li{width:inherit !important}.wpml-language-switcher-block .wpml-ls-dropdown ul li button+.isHorizontal li a{display:flex;align-items:center;min-width:max-content}.wpml-language-switcher-block .wpml-ls-dropdown ul li.wp-block-navigation-submenu ul.isHorizontal{margin:0;min-width:inherit !important}.wpml-language-switcher-block .wpml-ls-dropdown ul li.wp-block-navigation-submenu ul.isHorizontal li{width:inherit !important;text-align:left}.wpml-language-switcher-block .wpml-ls-dropdown ul li.wp-block-navigation-submenu ul.isHorizontal li a{display:flex;align-items:center;min-width:max-content}.wpml-language-switcher-block ul{list-style-type:none !important;padding:0 !important;width:100%}.wpml-language-switcher-block ul li{margin:0}.wpml-language-switcher-block ul li>a.wp-block-navigation-item__content:focus{outline:1px solid #2F7D92}.wpml-language-switcher-block ul li.is-focused{outline:1px solid #2F7D92}.wpml-language-switcher-block ul.wp-block-navigation__submenu-container{border:inherit !important;background-color:unset !important;min-width:unset !important}.wpml-language-switcher-block ul.wp-block-navigation__submenu-container .wp-block-navigation-item{border-radius:0 !important}.wpml-language-switcher-block ul.wp-block-navigation__submenu-container .wp-block-navigation-item a{display:flex;align-items:center;min-width:max-content;padding:1px}.wpml-language-switcher-block ul.horizontal-list{display:flex;flex-direction:row;align-items:center;justify-content:flex-start;margin:0 !important;gap:1em !important}.wpml-language-switcher-block ul.horizontal-list li{display:inline-block;margin:0;line-height:100%}.wpml-language-switcher-block ul.horizontal-list li a{line-height:100%}.wpml-language-switcher-block ul.center-justify{justify-content:center}.wpml-language-switcher-block ul.center-justify .wp-block-navigation-item{justify-content:center}.wpml-language-switcher-block ul.right-justify{justify-content:right}.wpml-language-switcher-block ul.right-justify .wp-block-navigation-item{justify-content:right}.wpml-language-switcher-block ul.space_between-justify{justify-content:space-between}.wpml-language-switcher-block ul.space_between-justify li>div{white-space:nowrap}.wpml-language-switcher-block .hasHoverColor:hover{color:var(--hover-color) !important}.wpml-language-switcher-block .hasHoverBackgroundColor:hover{background-color:var(--hover-background-color) !important}.wpml-language-switcher-block ul.isHorizontal{padding-left:0;list-style:none}.wpml-language-switcher-block ul.isHorizontal li{display:inline;margin-left:0}.wpml-language-switcher-block ul.isHorizontal li div{display:inline-block}.wpml-language-switcher-block ul.hasSpacing.isHorizontal li:not(:last-child){margin-right:var(--language-spacing) !important}.wpml-language-switcher-block ul.hasSpacing.isVertical li:not(:last-child){margin-bottom:var(--language-spacing) !important}.wpml-language-switcher-block ul.hasSpacing.isVertical .wp-block-navigation-item>div,.wpml-language-switcher-block ul.hasSpacing.isVertical .wp-block-navigation-item>div>a{display:inline-flex;align-items:center}.wpml-language-switcher-block .hasHoverColor:hover{color:var(--hover-color) !important}.wpml-language-switcher-block .hasHoverBackgroundColor:hover{background-color:var(--hover-background-color) !important}.wpml-language-switcher-block .hasFontSize{font-size:var(--font-size) !important}.wpml-language-switcher-block .hasLetterSpacing{letter-spacing:var(--letter-spacing) !important}.wpml-language-switcher-block .hasTextTransform{text-transform:var(--text-transform) !important}.wpml-language-switcher-block .hasFontFamily{font-family:var(--font-family) !important}.wpml-ls-flag{display:inline-block}.wpml-ls-flag-style-btn{border:0px transparent;padding-top:3px !important}.wpml-ls-flag-style-btn.black-bg{background-color:black}.wpml-ls-flag-style-btn.transparent-bg{background-color:transparent}.wpml-ls-control-row{border:solid 1px #949494;border-radius:2px;margin-bottom:8px}.wpml-ls-control-row-with-padding{padding:1px}.wpml-ls-number-control{max-width:100%;width:100%}.wpml-ls-slider-control-alert{margin-top:5px !important}.wpml-ls-slider .ant-slider-track{background-color:#3858E9}.wpml-ls-slider .ant-slider-handle{border:solid 1px black}.wpml-ls-control-blue{color:#2F7D92}.wpml-ls-number-with-unit-select select{color:#2F7D92;font-weight:700}.wpml-ls-control-grey{color:#757575}.wpml-ls-control-bg-grey{background-color:#a6a6a6}.wpml-ls-control-font{font-family:\"SF Pro Text\", sans-serif;font-style:normal;font-weight:400 !important;font-size:13px !important;line-height:140% !important}.wpml-ls-option-btn-col{padding:0.5px}.wpml-ls-no-borders{border:none}.ant-col-8.wpml-ls-option-btn-col{display:inline-flex}.wpml-ls-three-btn-row .wpml-ls-option-btn-wrap{padding-top:8px;padding-bottom:8px;white-space:normal;word-break:break-word}.wpml-ls-three-btn-row .ant-btn-no-height-less-padding{height:unset;padding-right:10px;padding-left:10px}.wpml-ls-full-width{width:100%}.wpml-ls-toggle-control .components-form-toggle.is-checked>.components-form-toggle__track{background-color:#2F7D92;border-color:#2F7D92}.wpml-ls-toggle-control .components-form-toggle.is-checked>.components-form-toggle__thumb{background-color:white}.wpml-ls-toggle-control .components-form-toggle>.components-form-toggle__track{background-color:white;border-color:#373737}.wpml-ls-toggle-control .components-form-toggle>.components-form-toggle__thumb{background-color:#373737}.ant-select-dropdown{min-width:45px !important;max-width:45px !important;width:45px !important}.wpml-ls-color-control{border:1px solid #DDDDDD;border-bottom:0px;padding:10px;box-sizing:border-box}.wpml-ls-color-control.wpml-ls-with-bottom-border{border-bottom:1px solid #DDDDDD}.wpml-ls-color-control .wpml-ls-icon-no-color:hover{cursor:pointer}.wpml-ls-color-control .component-color-indicator{width:25px;height:25px;box-shadow:0px 0px 2px 1px lightgrey}.wpml-ls-color-control .component-color-indicator:hover{cursor:pointer}.wpml-ls-color-control .wpml-ls-color-title{top:3px}.wpml-ls-dimension-control{border-top:solid 1px #e0e0e0}.wpml-ls-dimension-control .components-panel__arrow{visibility:hidden}.wpml-ls-panel-settings-dropdown-container{position:absolute;right:0px}.wpml-ls-icon-link{width:24px;height:24px;top:3px;border-radius:2px}.ant-input-number-handler-wrap{display:none !important}.ant-input-number-input{padding-right:0px !important;padding-left:3px !important}.block-editor-contrast-checker+.block-editor-contrast-checker{display:none}.current-language-item{display:flex;align-items:center;min-height:30px}.current-language-item .wp-block-navigation-item__content>div{display:flex;align-items:center}.wpml-ls-fontLetterCase-control button.components-button.has-icon{margin-right:0 !important;min-width:30px !important;height:30px !important}.wpml-ls-fontLetterSpacing-control div.components-input-control__container{top:4px}[data-wpml='language-item']:first-of-type{margin-top:5px !important}.wpml-ls-dimension-panel .components-panel__arrow{display:none}.wpml-ls-typography-panel .components-panel__arrow{display:none}.wpml-ls-panel-settings-dropdown-container>div>button>span.anticon-more{font-size:large;margin-right:10px}.wpml-ls-panel-settings-dropdown-container>div>button>span.anticon-plus{font-size:medium;margin-right:10px}.wpml-ls-color-panel .wpml-ls-color-panel-wrap button.components-button:focus{outline:2px solid #2F7D92;color:#2F7D92}.wpml-ls-color-panel .wpml-ls-color-panel-wrap button.components-button:hover{color:#2F7D92 !important}.wpml-ls-option-btn-wrap:focus{outline:4px solid #2F7D92}.wpml-ls-option-btn-wrap:hover:not(.wpml-ls-option-btn-wrap[data-selected=\"true\"]){outline:2px solid #2F7D92;color:#2F7D92 !important}.wpml-ls-toggle-control .components-toggle-control__label:hover{color:#2F7D92}.components-input-control__container:hover .components-input-control__backdrop{border-color:#2F7D92 !important}input.components-input-control__input:focus ~ .components-input-control__backdrop{outline:2px solid #2F7D92 !important}.components-toggle-group-control[role=\"radiogroup\"]:hover{border-color:#2F7D92}.components-toggle-group-control[role=\"radiogroup\"] .components-toggle-group-control-option-base[role=\"radio\"]:hover{color:#2F7D92}.components-toggle-group-control[role=\"radiogroup\"] .components-toggle-group-control-option-base[role=\"radio\"]:focus{color:#2F7D92;outline:2px solid #2F7D92}.ant-slider .ant-slider-handle:not(.ant-tooltip-open){background-color:#2F7D92 !important;border-color:#373737}.ant-slider:hover .ant-slider-handle:not(.ant-tooltip-open),.ant-slider .ant-slider-handle:focus{background-color:#373737 !important;border-color:#2F7D92}.wpml-ls-typography-panel .components-panel__body .ant-col{margin-bottom:12px}.wpml-ls-fontSize-control div[aria-label=\"Font size\"]{margin-bottom:12px}.wpml-ls-fontSize-control .wpml-ls-fontLetterSpacing-control{display:grid;place-items:center;align-self:center}\n\n.wp-block-navigation.is-content-justification-space-between .wp-block-page-list{display:contents}.wp-block-navigation.is-content-justification-space-between .wpml-language-switcher-navigation-block,.wp-block-navigation.is-content-justification-space-between [data-type='wpml\/navigation-language-switcher']{display:contents !important}.wp-block-navigation.is-content-justification-space-between .wpml-language-switcher-navigation-block .wp-block-navigation-item,.wp-block-navigation.is-content-justification-space-between [data-type='wpml\/navigation-language-switcher'] .wp-block-navigation-item{display:contents}.wp-block-navigation.is-content-justification-space-between .wpml-language-switcher-navigation-block .wp-block-navigation-item>div,.wp-block-navigation.is-content-justification-space-between .wpml-language-switcher-navigation-block .wp-block-navigation-item .horizontal-list,.wp-block-navigation.is-content-justification-space-between [data-type='wpml\/navigation-language-switcher'] .wp-block-navigation-item>div,.wp-block-navigation.is-content-justification-space-between [data-type='wpml\/navigation-language-switcher'] .wp-block-navigation-item .horizontal-list{display:contents}.wp-block-navigation.is-content-justification-space-between .wpml-language-switcher-navigation-block .wp-block-navigation-item>div li.wp-block-navigation-item,.wp-block-navigation.is-content-justification-space-between .wpml-language-switcher-navigation-block .wp-block-navigation-item .horizontal-list li.wp-block-navigation-item,.wp-block-navigation.is-content-justification-space-between [data-type='wpml\/navigation-language-switcher'] .wp-block-navigation-item>div li.wp-block-navigation-item,.wp-block-navigation.is-content-justification-space-between [data-type='wpml\/navigation-language-switcher'] .wp-block-navigation-item .horizontal-list li.wp-block-navigation-item{display:flex}.wp-block-navigation .wpml-block-navigation-language-switcher,.wp-block-navigation [data-type='wpml\/navigation-language-switcher']{display:flex !important;flex-direction:var(--navigation-layout-direction, initial);justify-content:var(--navigation-layout-justify, initial);align-items:var(--navigation-layout-align, initial);flex-wrap:var(--navigation-layout-wrap, wrap);background-color:inherit;gap:inherit;margin:0;width:fit-content;max-width:fit-content}.wp-block-navigation.items-justified-space-between .wpml-language-switcher-navigation-block.wpml-ls-dropdown{flex:inherit;display:flex !important}.wp-block-navigation.items-justified-space-between .wpml-language-switcher-navigation-block.wpml-ls-list{flex:inherit;display:contents !important}.wp-block-navigation.items-justified-space-between .wpml-block-navigation-language-switcher.wpml-ls-dropdown,.wp-block-navigation.items-justified-space-between [data-type='wpml\/navigation-language-switcher']{flex:inherit;display:flex !important}.wp-block-navigation.items-justified-space-between .wpml-block-navigation-language-switcher.wpml-ls-list,.wp-block-navigation.items-justified-space-between [data-type='wpml\/navigation-language-switcher']{flex:inherit;display:contents !important}.wp-block-navigation .wpml-block-navigation-item{background-color:inherit}.wp-block-navigation .wpml-block-navigation-item .current-language-item .wp-block-navigation-item__content>div{display:flex;align-items:center}.wp-block-navigation__submenu-container li{margin:0}.wp-block-navigation .wpml-language-switcher-navigation-block{width:unset !important;flex:initial !important}.wp-block-navigation .wpml-language-switcher-navigation-block .hide-arrow .wp-block-navigation__submenu-icon{display:none}.wp-block-navigation .wpml-language-switcher-navigation-block ul li a{display:flex;align-items:center}.wp-block-navigation .wpml-language-switcher-navigation-block ul.horizontal-list{display:flex;flex-direction:row;align-items:center;justify-content:flex-start;margin:0 !important;gap:1.5em !important}.wp-block-navigation .wpml-language-switcher-navigation-block ul.horizontal-list li{display:inline-block;line-height:100%}.wp-block-navigation .wpml-language-switcher-navigation-block ul.horizontal-list li a,.wp-block-navigation .wpml-language-switcher-navigation-block ul.horizontal-list li div{line-height:100%;display:inline-flex;align-items:center}\n\n<\/style><div id=\"\" class=\"wpml-language-switcher-navigation-block wpml-ls-dropdown\"><div class=\"block-editor-block-list__block wp-block wp-block-navigation-item has-link has-child wp-block-navigation-submenu\"><div class=\"wpml-ls-dropdown open-on-hover-click \"><ul class=\"wp-block-navigation__container\"><li class=\"wp-block-navigation-item has-child wp-block-navigation-submenu open-on-hover-click\" onclick=\"(()=&gt;{const ariaExpanded = this.children[0].getAttribute('aria-expanded');\n\t\t\t\t\tthis.children[0].setAttribute('aria-expanded', ariaExpanded === 'true' ? 'false' : 'true');})(this);\"><div class=\"wp-block-navigation-item__content wp-block-navigation-submenu__toggle\" aria-expanded=\"false\"><span class=\"current-language-item\" style=\"display:flex;cursor:pointer\" data-wpml=\"current-language-item\"><div style=\"display:inline-block\" class=\"wp-block-navigation-item__content\"><div><img decoding=\"async\" alt=\"wpml-ls-flag\" class=\"wpml-ls-flag\" src=\"https:\/\/www.entreculturas.org\/wp-content\/plugins\/sitepress-multilingual-cms\/res\/flags\/ca.svg\" style=\"margin-right:4px;width:18px;height:12px;border-radius:0%;object-fit:unset\" size=\"24\" data-wpml=\"flag-url\"><span data-wpml=\"label\" data-wpml-label-type=\"native\" class=\"wp-block-navigation-item__label \">CAT<\/span><\/div><\/div><span class=\"wp-block-navigation__submenu-icon\"><svg xmlns=\"http:\/\/www.w3.org\/2000\/svg\" width=\"12\" height=\"12\" viewbox=\"0 0 12 12\" fill=\"none\" aria-hidden=\"true\" focusable=\"false\"><path d=\"M1.50002 4L6.00002 8L10.5 4\" stroke-width=\"1.5\"><\/path><\/svg><\/span><\/span><\/div><ul class=\"wp-block-navigation__submenu-container isHorizontal\" style=\"flex-wrap:nowrap\" data-is-drop-zone=\"true\"><li class=\"wp-block-navigation-item \" data-wpml=\"language-item\"><div><a class=\"wp-block-navigation-item__content\" data-wpml=\"link\" href=\"https:\/\/www.entreculturas.org\/en\/\" aria-label=\"Switch to ENG\"><img decoding=\"async\" alt=\"wpml-ls-flag\" class=\"wpml-ls-flag\" src=\"https:\/\/www.entreculturas.org\/wp-content\/plugins\/sitepress-multilingual-cms\/res\/flags\/en.svg\" style=\"margin-right:4px;width:18px;height:12px;border-radius:0%;object-fit:unset\" size=\"24\" data-wpml=\"flag-url\"><span data-wpml=\"label\" data-wpml-label-type=\"native\" class=\"wp-block-navigation-item__label \">ENG<\/span><\/a><\/div><\/li><li class=\"wp-block-navigation-item \" data-wpml=\"language-item\"><div><a class=\"wp-block-navigation-item__content\" data-wpml=\"link\" href=\"https:\/\/www.entreculturas.org\/\" aria-label=\"Switch to ESP\"><img decoding=\"async\" alt=\"wpml-ls-flag\" class=\"wpml-ls-flag\" src=\"https:\/\/www.entreculturas.org\/wp-content\/plugins\/sitepress-multilingual-cms\/res\/flags\/es.svg\" style=\"margin-right:4px;width:18px;height:12px;border-radius:0%;object-fit:unset\" size=\"24\" data-wpml=\"flag-url\"><span data-wpml=\"label\" data-wpml-label-type=\"native\" class=\"wp-block-navigation-item__label \">ESP<\/span><\/a><\/div><\/li><li class=\"wp-block-navigation-item \" data-wpml=\"language-item\"><div><a class=\"wp-block-navigation-item__content\" data-wpml=\"link\" href=\"https:\/\/www.entreculturas.org\/gl\/\" aria-label=\"Switch to GAL\"><img decoding=\"async\" alt=\"wpml-ls-flag\" class=\"wpml-ls-flag\" src=\"https:\/\/www.entreculturas.org\/wp-content\/plugins\/sitepress-multilingual-cms\/res\/flags\/gl.svg\" style=\"margin-right:4px;width:18px;height:12px;border-radius:0%;object-fit:unset\" size=\"24\" data-wpml=\"flag-url\"><span data-wpml=\"label\" data-wpml-label-type=\"native\" class=\"wp-block-navigation-item__label \">GAL<\/span><\/a><\/div><\/li><li class=\"wp-block-navigation-item \" data-wpml=\"language-item\"><div><a class=\"wp-block-navigation-item__content\" data-wpml=\"link\" href=\"https:\/\/www.entreculturas.org\/fr\/\" aria-label=\"Switch to FRA\"><img decoding=\"async\" alt=\"wpml-ls-flag\" class=\"wpml-ls-flag\" src=\"https:\/\/www.entreculturas.org\/wp-content\/plugins\/sitepress-multilingual-cms\/res\/flags\/fr.svg\" style=\"margin-right:4px;width:18px;height:12px;border-radius:0%;object-fit:unset\" size=\"24\" data-wpml=\"flag-url\"><span data-wpml=\"label\" data-wpml-label-type=\"native\" class=\"wp-block-navigation-item__label \">FRA<\/span><\/a><\/div><\/li><\/ul><\/li><\/ul><\/div><\/div><\/div>\n<\/ul>\n\t\t\t\t\t\t\t<\/div>\n\t\t\t\t\t\t<\/div>\n\t\t\t\t\t<\/div>\n\t\t\t\t<\/div><\/nav>\n\n\n<div class=\"wp-block-buttons header-socio is-content-justification-left is-nowrap is-layout-flex wp-container-core-buttons-is-layout-fc9f69e7 wp-block-buttons-is-layout-flex block-visibility-hide-medium-screen block-visibility-hide-small-screen\">\n<div class=\"wp-block-button is-style-fill\"><a class=\"wp-block-button__link has-red-logo-background-color has-background wp-element-button\" href=\"https:\/\/colabora.entreculturas.org\/es\/hazte-socio-LaLUZdelasNINAS\" style=\"border-radius:5px\" target=\"_blank\" rel=\"noreferrer noopener\">fes-te soci<\/a><\/div>\n<\/div>\n<\/div>\n<\/div>\n<\/div>\n<\/div>\n\n\n\n<style>:root {\n    --primary-color: #A68035;\n    --background-color: #EDE1D1;\n}\n\/*fondo de la pagina *\/\n.page-id-28431 {\nbackground-color:var(--background-color) !important;\n}\n\n.wp-block-post-title{\ndisplay:none\n}\n\n.header-socio div a{\nbackground-color: var(--primary-color) !important;\n}\n\n.header_fijo {\n    position:sticky;\ntop: 0 !important;\nleft:0 !important;\nright: 0 !important;\nwidth: 100% !important;\nbackground: #ffffff;\nmargin-left: 0px !important;\nmargin-right: 0px !important;\nz-index: 10;\n}\n\n.header-contenido{\nmargin: 0 auto !important;\ntext-align:center !important;\n}\n\n.site-header {\n   display: none;\n}\n\n.altura-hero-portada {\nwidth:100% !important;\n}\n.accordion-number{\n    background-color: var(--primary-color) !important;\n}\n.accordion-toggle{\nmargin-right:15px\n}\n\n.wp-block-navigation__submenu-container {\nmargin-top: -10px !important;\n}\n\nheader .wp-block-navigation .wp-block-navigation-item__content.wp-block-navigation-item__content span:hover,\nheader .wp-block-navigation .has-child .wp-block-navigation__submenu-container .wp-block-navigation-item__label:hover, .wp-block-navigation__container .wp-block-navigation-item__label:hover {\n   border-bottom: 2px solid var(--primary-color) !important;\n}\n\nli::marker{\n    color: var(--primary-color)!important;\n}\n\/* Ejemplo de uso del color primario *\/\n.parent-pageid-25827{\nbackground-color: var(--background-color) !important;\n}\n\n.header-socio .wp-block-button__link:hover {\n   background: #000000 !important;\n}\n\n.wp-block-theme-blocks-newsletter{\nbackground-color:var(--primary-color) !important;\n}\n\n.wp-block-theme-blocks-newsletter a{\nbackground-color:white !important;\ncolor: var(--primary-color) !important;\nborder-color: var(--primary-color) !important;\n}\n\n.wp-block-group.is-content-justification-space-between.is-nowrap.is-layout-flex.wp-container-core-group-is-layout-9.wp-block-group-is-layout-flex {\n    width: 100%;\n    position: -webkit-sticky; \/* Para Safari *\/\n    position: sticky;\n    top: 0;\n    left: 0;\n    z-index: 9999; \/* Asegura que la capa se mantenga sobre otros elementos *\/\n}\ncircle{\nfill:var(--primary-color) !important;\n}\n<\/style>\n\n\n\n<script>document.addEventListener('DOMContentLoaded', function () {\n            \/\/ Lista de clases en el orden especificado\n            const clasesObjetivo = [\n                'entry-content',\n                'wp-block-post-content',\n                'has-global-padding',\n                'is-layout-constrained',\n                'wp-container-core-post-content-is-layout-1',\n                'wp-block-post-content-is-layout-constrained'\n            ];\n\n            \/\/ Selecciona todos los divs en el documento\n            const divs = document.querySelectorAll('div');\n\n            divs.forEach(div => {\n                \/\/ Obt\u00e9n las clases del div\n                const clasesDiv = Array.from(div.classList);\n\n                \/\/ Comprueba si las clases del div coinciden con las clases objetivo en el orden especificado\n                if (clasesDiv.length === clasesObjetivo.length && clasesDiv.every((clase, index) => clase === clasesObjetivo[index])) {\n                    \/\/ Si coinciden, elimina todas las clases\n                    div.className = '';\n                }\n            });\n        });\n    <\/script>\n\n\n\n<style>:root {\n    --primary-color: #A68035;\n    --background-color: #EDE1D1;\n}\n\n.wp-block-button__link{\nbackground-color: var(--primary-color) !important;\n}\n\n.accordion-number{\n    background-color: var(--primary-color) !important;\n}\n\na[aria-current=\"page\"] {\n  border-bottom: 2px solid var(--primary-color) !important;\n}\n\nheader .wp-block-navigation .wp-block-navigation-item__content.wp-block-navigation-item__content span:hover,\nheader .wp-block-navigation .has-child .wp-block-navigation__submenu-container .wp-block-navigation-item__label:hover {\n   border-bottom: 2px solid var(--primary-color) !important;\n}\n\nli::marker{\n    color: var(--primary-color)!important;\n}\n\/* Ejemplo de uso del color primario *\/\n.parent-pageid-25827{\nbackground-color: var(--background-color) !important;\n}\n\n.header-socio .wp-block-button__link:hover {\n   background: #000000 !important;\n}\n\n.wp-block-theme-blocks-newsletter{\nbackground-color:var(--primary-color) !important;\n}\n\n.wp-block-theme-blocks-newsletter a{\nbackground-color:white !important;\ncolor: var(--primary-color) !important;\nborder-color: var(--primary-color) !important;\n}\n\n<\/style>\n\n\n\n<div class=\"wp-block-group has-global-padding is-layout-constrained wp-container-core-group-is-layout-9cb4207c wp-block-group-is-layout-constrained\" style=\"margin-bottom:var(--wp--preset--spacing--70);padding-top:var(--wp--preset--spacing--60);padding-bottom:0\">\n<div class=\"wp-block-group is-content-justification-center is-nowrap is-layout-flex wp-container-core-group-is-layout-9193781b wp-block-group-is-layout-flex\">\n<figure class=\"wp-block-image size-full\"><img decoding=\"async\" width=\"38\" height=\"37\" src=\"https:\/\/www.entreculturas.org\/wp-content\/uploads\/2024\/07\/star.png\" alt=\"\" class=\"wp-image-27571\"\/><\/figure>\n<\/div>\n\n\n\n<div class=\"wp-block-group is-vertical is-content-justification-center is-layout-flex wp-container-core-group-is-layout-b3d33b65 wp-block-group-is-layout-flex\" style=\"margin-top:var(--wp--preset--spacing--50);margin-bottom:var(--wp--preset--spacing--50);padding-top:0;padding-bottom:0\">\n<div class=\"wp-block-group has-global-padding is-layout-constrained wp-container-core-group-is-layout-41c06ba8 wp-block-group-is-layout-constrained\">\n<p class=\"has-text-align-center has-open-sans-font-family\" style=\"font-size:37px;font-style:normal;font-weight:700\">Coneix la nostra intervenci\u00f3<\/p>\n<\/div>\n\n\n\n<p class=\"has-text-align-center has-open-sans-font-family\" style=\"font-style:normal;font-weight:400\">A m\u00e9s del nostre treball com Entreculturas, juntament amb Fe i Alegria i el Servei Jesu\u00efta a Refugiats, amb aquesta campanya per <strong>visibilitzar la viol\u00e8ncia<\/strong> que pateixen les nenes i <strong>incidir per promoure una protecci\u00f3 efectiva dels seus drets<\/strong> , a trav\u00e9s del nostre programa de cooperaci\u00f3 internacional, tamb\u00e9 treballem per <strong>disminuir la situaci\u00f3 de viol\u00e8ncia f\u00edsica, psicol\u00f2gica, i sexual que pateixen<\/strong> , a trav\u00e9s de tres l\u00ednies fonamentals:<\/p>\n<\/div>\n<\/div>\n\n\n\n<div class=\"wp-block-group opcion-empresas-cont has-global-padding is-layout-constrained wp-container-core-group-is-layout-3f3cd061 wp-block-group-is-layout-constrained\" style=\"padding-right:20px;padding-left:20px\">\n<div class=\"wp-block-theme-blocks-accordion accordion-2\" style=\"background-color:#ffffff\" data-enable-expiration-logic=\"false\" data-show-open=\"false\"><div class=\"envolve-accordion\"><div class=\"accordion-pretitle-div\"><\/div><div class=\"accordion-header\"><div class=\"accordion-number\">1<\/div><h4 class=\"accordion-toggle\">Atenci\u00f3 a nenes i adolescents v\u00edctimes de viol\u00e8ncia.<\/h4><svg class=\"accordion-arrow\" xmlns=\"http:\/\/www.w3.org\/2000\/svg\" width=\"16\" height=\"16\" viewBox=\"0 0 16 16\" fill=\"none\"><path class=\"arrow-path\" d=\"M14.364 5.293C14.1764 5.10553 13.9221 5.00021 13.657 5.00021C13.3918 5.00021 13.1375 5.10553 12.95 5.293L7.99995 10.243L3.04995 5.293C2.86135 5.11084 2.60875 5.01005 2.34655 5.01233C2.08435 5.0146 1.83354 5.11977 1.64813 5.30518C1.46273 5.49059 1.35756 5.7414 1.35528 6.0036C1.353 6.2658 1.45379 6.5184 1.63595 6.707L7.29295 12.364C7.48048 12.5515 7.73479 12.6568 7.99995 12.6568C8.26512 12.6568 8.51942 12.5515 8.70695 12.364L14.364 6.707C14.5514 6.51947 14.6567 6.26516 14.6567 6C14.6567 5.73484 14.5514 5.48053 14.364 5.293Z\" fill=\"#818181\"><\/path><\/svg><\/div><\/div><div class=\"accordion-content\">\n<script>jQuery(document).ready(function($) {\n    \/\/ Establecer estilos para .accordion-content cuando contiene .dona-empresas\n    $('.accordion-content:has(.dona-empresas)').css({\n        'background-color': 'var(--grises-light-grey, #F5F5F5)',\n        'border-radius': '10px'\n    });\n\n    \/\/ Establecer estilos para el p\u00e1rrafo justo antes de .dona-empresas\n    $('.accordion-content .dona-empresas').prev('p').css({\n        'background-color': 'white',\n        'margin-left': '-20px',\n        'margin-right': '-20px',\n        'padding-left': '24px',\n        'padding-right': '24px',\n        'z-index': '1',   \/\/ asegurarse de que se superponga al .accordion-content\n        'position': 'relative'  \/\/ necesario para que z-index funcione\n    });\n});\n\n<\/script>\n\n\n\n<div class=\"wp-block-group has-global-padding is-layout-constrained wp-container-core-group-is-layout-346627ba wp-block-group-is-layout-constrained\">\n<p>Oferim rehabilitaci\u00f3 psicol\u00f2gica i social a les nenes v\u00edctimes de viol\u00e8ncia, millorant-ne l&#8217;autoestima i realitzant activitats de formaci\u00f3 i integraci\u00f3. Detectem i atenem la viol\u00e8ncia contra les nenes i acompanyem la den\u00fancia dels casos m\u00e9s greus.<\/p>\n\n\n\n<figure class=\"wp-block-image size-large is-resized\"><img decoding=\"async\" width=\"1024\" height=\"542\" src=\"https:\/\/www.entreculturas.org\/wp-content\/uploads\/2024\/07\/8cb89a83a1e2d1490b73acaf261200cf-1-1024x542.png\" alt=\"\" class=\"wp-image-28078\" style=\"object-fit:cover;width:840px;height:228px\" srcset=\"https:\/\/www.entreculturas.org\/wp-content\/uploads\/2024\/07\/8cb89a83a1e2d1490b73acaf261200cf-1-1024x542.png 1024w, https:\/\/www.entreculturas.org\/wp-content\/uploads\/2024\/07\/8cb89a83a1e2d1490b73acaf261200cf-1-300x159.png 300w, https:\/\/www.entreculturas.org\/wp-content\/uploads\/2024\/07\/8cb89a83a1e2d1490b73acaf261200cf-1-768x407.png 768w, https:\/\/www.entreculturas.org\/wp-content\/uploads\/2024\/07\/8cb89a83a1e2d1490b73acaf261200cf-1-1536x813.png 1536w, https:\/\/www.entreculturas.org\/wp-content\/uploads\/2024\/07\/8cb89a83a1e2d1490b73acaf261200cf-1-2048x1085.png 2048w\" sizes=\"(max-width: 1024px) 100vw, 1024px\" \/><\/figure>\n<\/div>\n<\/div><\/div>\n\n\n\n<div class=\"wp-block-theme-blocks-accordion\" style=\"background-color:#ffffff\" data-enable-expiration-logic=\"false\" data-show-open=\"false\"><div class=\"envolve-accordion\"><div class=\"accordion-pretitle-div\"><\/div><div class=\"accordion-header\"><div class=\"accordion-number\">2<\/div><h4 class=\"accordion-toggle\">Prevenci\u00f3 de viol\u00e8ncia contra els nens.<\/h4><svg class=\"accordion-arrow\" xmlns=\"http:\/\/www.w3.org\/2000\/svg\" width=\"16\" height=\"16\" viewBox=\"0 0 16 16\" fill=\"none\"><path class=\"arrow-path\" d=\"M14.364 5.293C14.1764 5.10553 13.9221 5.00021 13.657 5.00021C13.3918 5.00021 13.1375 5.10553 12.95 5.293L7.99995 10.243L3.04995 5.293C2.86135 5.11084 2.60875 5.01005 2.34655 5.01233C2.08435 5.0146 1.83354 5.11977 1.64813 5.30518C1.46273 5.49059 1.35756 5.7414 1.35528 6.0036C1.353 6.2658 1.45379 6.5184 1.63595 6.707L7.29295 12.364C7.48048 12.5515 7.73479 12.6568 7.99995 12.6568C8.26512 12.6568 8.51942 12.5515 8.70695 12.364L14.364 6.707C14.5514 6.51947 14.6567 6.26516 14.6567 6C14.6567 5.73484 14.5514 5.48053 14.364 5.293Z\" fill=\"#818181\"><\/path><\/svg><\/div><\/div><div class=\"accordion-content\">\n<div class=\"wp-block-group has-global-padding is-layout-constrained wp-container-core-group-is-layout-346627ba wp-block-group-is-layout-constrained\">\n<p>Prevenim i denunciem la viol\u00e8ncia contra les nenes, generant entorns escolars segurs per a elles i promovent relacions equitatives, treballant a m\u00e9s amb docents, fam\u00edlies i institucions. Treballem per millorar la protecci\u00f3 de nenes i adolescents, aix\u00ed com la seva autoestima i percepci\u00f3. Us oferim formaci\u00f3 en salut sexual i reproductiva i, juntament amb la comunitat educativa, generem entorns escolars segurs que promoguin relacions equitatives que previnguin la viol\u00e8ncia de g\u00e8nere a l&#8217;escola<br><\/p>\n\n\n\n<figure class=\"wp-block-image size-large is-resized\"><img decoding=\"async\" src=\"https:\/\/www.entreculturas.org\/wp-content\/uploads\/2024\/07\/monteserin5-img-1024x700.png\" alt=\"\" class=\"wp-image-28087\" style=\"object-fit:cover;width:840px;height:228px\"\/><\/figure>\n<\/div>\n<\/div><\/div>\n\n\n\n<div class=\"wp-block-theme-blocks-accordion\" style=\"background-color:#ffffff\" data-enable-expiration-logic=\"false\" data-show-open=\"false\"><div class=\"envolve-accordion\"><div class=\"accordion-pretitle-div\"><\/div><div class=\"accordion-header\"><div class=\"accordion-number\">3<\/div><h4 class=\"accordion-toggle\">Acc\u00e9s educatiu per a les nenes.<\/h4><svg class=\"accordion-arrow\" xmlns=\"http:\/\/www.w3.org\/2000\/svg\" width=\"16\" height=\"16\" viewBox=\"0 0 16 16\" fill=\"none\"><path class=\"arrow-path\" d=\"M14.364 5.293C14.1764 5.10553 13.9221 5.00021 13.657 5.00021C13.3918 5.00021 13.1375 5.10553 12.95 5.293L7.99995 10.243L3.04995 5.293C2.86135 5.11084 2.60875 5.01005 2.34655 5.01233C2.08435 5.0146 1.83354 5.11977 1.64813 5.30518C1.46273 5.49059 1.35756 5.7414 1.35528 6.0036C1.353 6.2658 1.45379 6.5184 1.63595 6.707L7.29295 12.364C7.48048 12.5515 7.73479 12.6568 7.99995 12.6568C8.26512 12.6568 8.51942 12.5515 8.70695 12.364L14.364 6.707C14.5514 6.51947 14.6567 6.26516 14.6567 6C14.6567 5.73484 14.5514 5.48053 14.364 5.293Z\" fill=\"#818181\"><\/path><\/svg><\/div><\/div><div class=\"accordion-content\">\n<div class=\"wp-block-group has-global-padding is-layout-constrained wp-container-core-group-is-layout-346627ba wp-block-group-is-layout-constrained\">\n<p>L&#8217;educaci\u00f3 \u00e9s un mitj\u00e0 fonamental per assolir el canvi i la just\u00edcia social. L&#8217;escola pot ser un espai segur on es rebi una educaci\u00f3 de qualitat, integral i inclusiva i un agent que treballi en comunitat i xarxa, ajudant a combatre la viol\u00e8ncia cap a les nenes.<\/p>\n\n\n\n<p>Per aix\u00f2, fomentem l&#8217;acc\u00e9s a l&#8217;educaci\u00f3 i la perman\u00e8ncia escolar a trav\u00e9s de beques, refor\u00e7 escolar, distribuci\u00f3 de kits d&#8217;higiene personal i acompanyament per a la millora del benestar psicosocial.<\/p>\n\n\n\n<figure class=\"wp-block-image size-large is-resized\"><img decoding=\"async\" width=\"1024\" height=\"700\" src=\"https:\/\/www.entreculturas.org\/wp-content\/uploads\/2024\/07\/IMG_1720-1-scaled-1-1024x700.jpg\" alt=\"\" class=\"wp-image-28096\" style=\"object-fit:cover;width:840px;height:228px\" srcset=\"https:\/\/www.entreculturas.org\/wp-content\/uploads\/2024\/07\/IMG_1720-1-scaled-1-1024x700.jpg 1024w, https:\/\/www.entreculturas.org\/wp-content\/uploads\/2024\/07\/IMG_1720-1-scaled-1-300x205.jpg 300w, https:\/\/www.entreculturas.org\/wp-content\/uploads\/2024\/07\/IMG_1720-1-scaled-1-768x525.jpg 768w, https:\/\/www.entreculturas.org\/wp-content\/uploads\/2024\/07\/IMG_1720-1-scaled-1-1536x1050.jpg 1536w, https:\/\/www.entreculturas.org\/wp-content\/uploads\/2024\/07\/IMG_1720-1-scaled-1-2048x1400.jpg 2048w\" sizes=\"(max-width: 1024px) 100vw, 1024px\" \/><\/figure>\n<\/div>\n<\/div><\/div>\n<\/div>\n\n\n\n<div class=\"wp-block-group has-global-padding is-layout-constrained wp-container-core-group-is-layout-9cb4207c wp-block-group-is-layout-constrained\" style=\"margin-bottom:var(--wp--preset--spacing--70);padding-top:var(--wp--preset--spacing--60);padding-bottom:0\">\n<p class=\"has-text-align-center has-open-sans-font-family\" style=\"font-size:37px;font-style:normal;font-weight:700\">Testimonis<\/p>\n<\/div>\n\n\n\n<div class=\"wp-block-group has-global-padding is-layout-constrained wp-container-core-group-is-layout-4eb13ad4 wp-block-group-is-layout-constrained\" style=\"margin-top:var(--wp--preset--spacing--40);margin-bottom:var(--wp--preset--spacing--80)\">\n<div class=\"wp-block-group has-global-padding is-layout-constrained wp-block-group-is-layout-constrained\">\n<div class=\"wp-block-columns is-layout-flex wp-container-core-columns-is-layout-eb202c1e wp-block-columns-is-layout-flex\" style=\"margin-top:var(--wp--preset--spacing--60);margin-bottom:var(--wp--preset--spacing--60);padding-right:0;padding-left:0\">\n<div class=\"wp-block-column has-white-background-color has-background is-layout-flow wp-container-core-column-is-layout-a77db08e wp-block-column-is-layout-flow\">\n<div style=\"aspect-ratio:16\/9;min-height:unset;\" class=\"wp-block-cover has-aspect-ratio\"><img decoding=\"async\" width=\"2876\" height=\"1418\" class=\"wp-block-cover__image-background wp-image-28101\" alt=\"\" src=\"https:\/\/www.entreculturas.org\/wp-content\/uploads\/2024\/07\/8c64f639e1aac6b39663f4f369eb86b7.png\" data-object-fit=\"cover\" srcset=\"https:\/\/www.entreculturas.org\/wp-content\/uploads\/2024\/07\/8c64f639e1aac6b39663f4f369eb86b7.png 2876w, https:\/\/www.entreculturas.org\/wp-content\/uploads\/2024\/07\/8c64f639e1aac6b39663f4f369eb86b7-300x148.png 300w, https:\/\/www.entreculturas.org\/wp-content\/uploads\/2024\/07\/8c64f639e1aac6b39663f4f369eb86b7-1024x505.png 1024w, https:\/\/www.entreculturas.org\/wp-content\/uploads\/2024\/07\/8c64f639e1aac6b39663f4f369eb86b7-768x379.png 768w, https:\/\/www.entreculturas.org\/wp-content\/uploads\/2024\/07\/8c64f639e1aac6b39663f4f369eb86b7-1536x757.png 1536w, https:\/\/www.entreculturas.org\/wp-content\/uploads\/2024\/07\/8c64f639e1aac6b39663f4f369eb86b7-2048x1010.png 2048w\" sizes=\"(max-width: 2876px) 100vw, 2876px\" \/><span aria-hidden=\"true\" class=\"wp-block-cover__background has-gray-background-color has-background-dim\"><\/span><div class=\"wp-block-cover__inner-container has-global-padding is-layout-constrained wp-block-cover-is-layout-constrained\">\n<p class=\"has-text-align-center has-large-font-size\"><\/p>\n<\/div><\/div>\n\n\n\n<div class=\"wp-block-group has-white-background-color has-background is-vertical is-content-justification-center is-layout-flex wp-container-core-group-is-layout-c0a9cba6 wp-block-group-is-layout-flex\" style=\"padding-top:0;padding-right:0;padding-bottom:0;padding-left:0\">\n<div class=\"wp-block-group has-global-padding is-layout-constrained wp-container-core-group-is-layout-32a51a63 wp-block-group-is-layout-constrained\" style=\"padding-top:var(--wp--preset--spacing--60);padding-right:var(--wp--preset--spacing--70);padding-bottom:var(--wp--preset--spacing--70);padding-left:var(--wp--preset--spacing--70)\">\n<p class=\"has-gray-entreculturas-color has-text-color has-din-font-family\" style=\"margin-bottom:0;margin-left:var(--wp--preset--spacing--30);font-size:36px;line-height:1.2;text-transform:uppercase\">L&#8217;increment de la viol\u00e8ncia cap a les nenes i les dones a la RD del Congo \u00e9s preocupant<\/p>\n\n\n\n<p>Des de la campanya La LLUM de les NENES volem visibilitzar i incidir sobre la situaci\u00f3 de les nenes al pa\u00eds, moltes despla\u00e7ades a causa de la guerra i exposades a m\u00faltiples formes de viol\u00e8ncia.<br><br> Coneix el testimoni de Dorcas, psic\u00f2loga cl\u00ednica del Servei Jesu\u00efta a Refugiats a RD del Congo i experta en supervivents de viol\u00e8ncia sexual.<\/p>\n<\/div>\n<\/div>\n<\/div>\n\n\n\n<div class=\"wp-block-column has-white-background-color has-background is-layout-flow wp-container-core-column-is-layout-a77db08e wp-block-column-is-layout-flow\">\n<div style=\"aspect-ratio:16\/9;min-height:unset;\" class=\"wp-block-cover has-aspect-ratio\"><img decoding=\"async\" width=\"2876\" height=\"1230\" class=\"wp-block-cover__image-background wp-image-28105\" alt=\"\" src=\"https:\/\/www.entreculturas.org\/wp-content\/uploads\/2024\/07\/970b21210eec9c2a070aa64a729a4682.png\" data-object-fit=\"cover\" srcset=\"https:\/\/www.entreculturas.org\/wp-content\/uploads\/2024\/07\/970b21210eec9c2a070aa64a729a4682.png 2876w, https:\/\/www.entreculturas.org\/wp-content\/uploads\/2024\/07\/970b21210eec9c2a070aa64a729a4682-300x128.png 300w, https:\/\/www.entreculturas.org\/wp-content\/uploads\/2024\/07\/970b21210eec9c2a070aa64a729a4682-1024x438.png 1024w, https:\/\/www.entreculturas.org\/wp-content\/uploads\/2024\/07\/970b21210eec9c2a070aa64a729a4682-768x328.png 768w, https:\/\/www.entreculturas.org\/wp-content\/uploads\/2024\/07\/970b21210eec9c2a070aa64a729a4682-1536x657.png 1536w, https:\/\/www.entreculturas.org\/wp-content\/uploads\/2024\/07\/970b21210eec9c2a070aa64a729a4682-2048x876.png 2048w\" sizes=\"(max-width: 2876px) 100vw, 2876px\" \/><span aria-hidden=\"true\" class=\"wp-block-cover__background has-gray-background-color has-background-dim\"><\/span><div class=\"wp-block-cover__inner-container has-global-padding is-layout-constrained wp-block-cover-is-layout-constrained\">\n<p class=\"has-text-align-center has-large-font-size\"><\/p>\n<\/div><\/div>\n\n\n\n<div class=\"wp-block-group has-white-background-color has-background is-vertical is-content-justification-center is-layout-flex wp-container-core-group-is-layout-c0a9cba6 wp-block-group-is-layout-flex\" style=\"padding-top:0;padding-right:0;padding-bottom:0;padding-left:0\">\n<div class=\"wp-block-group has-global-padding is-layout-constrained wp-container-core-group-is-layout-32a51a63 wp-block-group-is-layout-constrained\" style=\"padding-top:var(--wp--preset--spacing--60);padding-right:var(--wp--preset--spacing--70);padding-bottom:var(--wp--preset--spacing--70);padding-left:var(--wp--preset--spacing--70)\">\n<p class=\"has-gray-entreculturas-color has-text-color has-din-font-family\" style=\"margin-bottom:0;margin-left:var(--wp--preset--spacing--30);font-size:36px;line-height:1.2;text-transform:uppercase\">Nom\u00e9s una de cada 10 nenes acaba l&#8217;educaci\u00f3 secund\u00e0ria a Guatemala<\/p>\n\n\n\n<p>Amb molt esfor\u00e7 i dedicaci\u00f3, Josefina ha aconseguit ser aquesta una.<br><br>Tot i la dura situaci\u00f3 de viol\u00e8ncia que vivia a casa seva, ha pogut completar la seva educaci\u00f3 amb Fe i Alegria Guatemala i, ara, forma part del grup de \u201cNenes colibr\u00edes\u201d per poder acompanyar altres nenes de la seva comunitat. &#8220;No s\u00f3c l&#8217;\u00fanica que viu aix\u00f2, s\u00e9 que molt\u00edssimes nenes ho pateixen, per\u00f2 tenen por de dir-ho&#8221;. Josefina T\u00edu<\/p>\n<\/div>\n<\/div>\n<\/div>\n<\/div>\n\n\n\n<div class=\"wp-block-columns is-layout-flex wp-container-core-columns-is-layout-eb202c1e wp-block-columns-is-layout-flex\" style=\"margin-top:var(--wp--preset--spacing--60);margin-bottom:var(--wp--preset--spacing--60);padding-right:0;padding-left:0\">\n<div class=\"wp-block-column has-white-background-color has-background is-layout-flow wp-container-core-column-is-layout-a77db08e wp-block-column-is-layout-flow\">\n<div style=\"aspect-ratio:16\/9;min-height:unset;\" class=\"wp-block-cover has-aspect-ratio\"><img decoding=\"async\" width=\"2872\" height=\"1430\" class=\"wp-block-cover__image-background wp-image-28110\" alt=\"\" src=\"https:\/\/www.entreculturas.org\/wp-content\/uploads\/2024\/07\/a4257495fc106d7c58604dba7b395637.png\" data-object-fit=\"cover\" srcset=\"https:\/\/www.entreculturas.org\/wp-content\/uploads\/2024\/07\/a4257495fc106d7c58604dba7b395637.png 2872w, https:\/\/www.entreculturas.org\/wp-content\/uploads\/2024\/07\/a4257495fc106d7c58604dba7b395637-300x149.png 300w, https:\/\/www.entreculturas.org\/wp-content\/uploads\/2024\/07\/a4257495fc106d7c58604dba7b395637-1024x510.png 1024w, https:\/\/www.entreculturas.org\/wp-content\/uploads\/2024\/07\/a4257495fc106d7c58604dba7b395637-768x382.png 768w, https:\/\/www.entreculturas.org\/wp-content\/uploads\/2024\/07\/a4257495fc106d7c58604dba7b395637-1536x765.png 1536w, https:\/\/www.entreculturas.org\/wp-content\/uploads\/2024\/07\/a4257495fc106d7c58604dba7b395637-2048x1020.png 2048w\" sizes=\"(max-width: 2872px) 100vw, 2872px\" \/><span aria-hidden=\"true\" class=\"wp-block-cover__background has-gray-background-color has-background-dim\"><\/span><div class=\"wp-block-cover__inner-container has-global-padding is-layout-constrained wp-block-cover-is-layout-constrained\">\n<p class=\"has-text-align-center has-large-font-size\"><\/p>\n<\/div><\/div>\n\n\n\n<div class=\"wp-block-group has-white-background-color has-background is-vertical is-content-justification-center is-layout-flex wp-container-core-group-is-layout-c0a9cba6 wp-block-group-is-layout-flex\" style=\"padding-top:0;padding-right:0;padding-bottom:0;padding-left:0\">\n<div class=\"wp-block-group has-global-padding is-layout-constrained wp-container-core-group-is-layout-32a51a63 wp-block-group-is-layout-constrained\" style=\"padding-top:var(--wp--preset--spacing--60);padding-right:var(--wp--preset--spacing--70);padding-bottom:var(--wp--preset--spacing--70);padding-left:var(--wp--preset--spacing--70)\">\n<p class=\"has-gray-entreculturas-color has-text-color has-din-font-family\" style=\"margin-bottom:0;margin-left:var(--wp--preset--spacing--30);font-size:36px;line-height:1.2;text-transform:uppercase\">El Desig de beyonc\u00e9: pau i educaci\u00f3 per a les nenes al sudan del sud<\/p>\n\n\n\n<p>Beyonc\u00e9, de 10 anys, t\u00e9 molt clar el que desitja per a ella i per a la resta de nenes del seu pa\u00eds, el Sudan del Sud: pau i educaci\u00f3 per poder viure lliures de viol\u00e8ncia. Les seves experi\u00e8ncies sobre les viol\u00e8ncies que pateixen les nenes al pa\u00eds van parlar de com l&#8217;educaci\u00f3 \u00e9s clau per canviar aquesta realitat.<\/p>\n<\/div>\n<\/div>\n<\/div>\n\n\n\n<div class=\"wp-block-column has-white-background-color has-background is-layout-flow wp-container-core-column-is-layout-a77db08e wp-block-column-is-layout-flow\">\n<div style=\"aspect-ratio:16\/9;min-height:unset;\" class=\"wp-block-cover has-aspect-ratio\"><img decoding=\"async\" width=\"2874\" height=\"1338\" class=\"wp-block-cover__image-background wp-image-28114\" alt=\"\" src=\"https:\/\/www.entreculturas.org\/wp-content\/uploads\/2024\/07\/eaf3494ac012716ea957a2e399cae9f5.png\" data-object-fit=\"cover\" srcset=\"https:\/\/www.entreculturas.org\/wp-content\/uploads\/2024\/07\/eaf3494ac012716ea957a2e399cae9f5.png 2874w, https:\/\/www.entreculturas.org\/wp-content\/uploads\/2024\/07\/eaf3494ac012716ea957a2e399cae9f5-300x140.png 300w, https:\/\/www.entreculturas.org\/wp-content\/uploads\/2024\/07\/eaf3494ac012716ea957a2e399cae9f5-1024x477.png 1024w, https:\/\/www.entreculturas.org\/wp-content\/uploads\/2024\/07\/eaf3494ac012716ea957a2e399cae9f5-768x358.png 768w, https:\/\/www.entreculturas.org\/wp-content\/uploads\/2024\/07\/eaf3494ac012716ea957a2e399cae9f5-1536x715.png 1536w, https:\/\/www.entreculturas.org\/wp-content\/uploads\/2024\/07\/eaf3494ac012716ea957a2e399cae9f5-2048x953.png 2048w\" sizes=\"(max-width: 2874px) 100vw, 2874px\" \/><span aria-hidden=\"true\" class=\"wp-block-cover__background has-gray-background-color has-background-dim\"><\/span><div class=\"wp-block-cover__inner-container has-global-padding is-layout-constrained wp-block-cover-is-layout-constrained\">\n<p class=\"has-text-align-center has-large-font-size\"><\/p>\n<\/div><\/div>\n\n\n\n<div class=\"wp-block-group has-white-background-color has-background is-vertical is-content-justification-center is-layout-flex wp-container-core-group-is-layout-c0a9cba6 wp-block-group-is-layout-flex\" style=\"padding-top:0;padding-right:0;padding-bottom:0;padding-left:0\">\n<div class=\"wp-block-group has-global-padding is-layout-constrained wp-container-core-group-is-layout-32a51a63 wp-block-group-is-layout-constrained\" style=\"padding-top:var(--wp--preset--spacing--60);padding-right:var(--wp--preset--spacing--70);padding-bottom:var(--wp--preset--spacing--70);padding-left:var(--wp--preset--spacing--70)\">\n<p class=\"has-gray-entreculturas-color has-text-color has-din-font-family\" style=\"margin-bottom:0;margin-left:var(--wp--preset--spacing--30);font-size:36px;line-height:1.2;text-transform:uppercase\">L&#8217;IMPACTE DE LA LLUM DE LES NENES EN UNA COMUNITAT D&#8217;HAIT\u00cd<\/p>\n\n\n\n<p>La hist\u00f2ria de Ronaldine representa la de milers de noies i joves m\u00e9s a Hait\u00ed. En aquest v\u00eddeo, ella i la seva mestra Suze, de Fe i Alegria Hait\u00ed, ens expliquen com ha impactat La LLUM de les NENES a les seves vides ia la comunitat: la viol\u00e8ncia ha disminu\u00eft i nenes com Ronaldine, de 10 anys, poden accedir al col\u00b7legi i tenir una infantesa d&#8217;acord amb la seva edat. Suze i Ronaldine s\u00f3n mestra i alumna del col\u00b7legi Fe i Alegria Canaa a Hait\u00ed.<\/p>\n<\/div>\n<\/div>\n<\/div>\n<\/div>\n<\/div>\n<\/div>\n\n\n\n<div class=\"wp-block-group is-content-justification-center is-nowrap is-layout-flex wp-container-core-group-is-layout-7a2cd8f2 wp-block-group-is-layout-flex\" style=\"margin-top:var(--wp--preset--spacing--80);margin-bottom:var(--wp--preset--spacing--80);padding-right:var(--wp--preset--spacing--50);padding-left:var(--wp--preset--spacing--50)\">\n<figure class=\"wp-block-image size-full\"><img decoding=\"async\" src=\"https:\/\/www.entreculturas.org\/wp-content\/uploads\/2023\/11\/logo-entreculturas-nuevo-1.svg\" alt=\"\" class=\"wp-image-1834\"\/><\/figure>\n\n\n\n<figure class=\"wp-block-image size-full\"><img decoding=\"async\" width=\"193\" height=\"61\" src=\"https:\/\/www.entreculturas.org\/wp-content\/uploads\/2024\/07\/logo-white-1.png\" alt=\"\" class=\"wp-image-27618\"\/><\/figure>\n\n\n\n<figure class=\"wp-block-image size-full\"><img decoding=\"async\" width=\"227\" height=\"84\" src=\"https:\/\/www.entreculturas.org\/wp-content\/uploads\/2024\/05\/logo-fe-alegria-rojo-1.png\" alt=\"\" class=\"wp-image-24915\"\/><\/figure>\n<\/div>\n\n\n\n<div class=\"wp-block-group has-global-padding is-layout-constrained wp-container-core-group-is-layout-f047d2e0 wp-block-group-is-layout-constrained\" style=\"margin-bottom:var(--wp--preset--spacing--70);padding-right:20px;padding-left:20px\">\n<section class=\"accordion__block\"><input type=\"checkbox\" id=\"uvfilx7jm0os6pez9a6oc\" class=\"accordion__checkbox\"\/><label for=\"uvfilx7jm0os6pez9a6oc\" class=\"wp-block-theme-blocks-newsletter has-white-color has-red-background-color has-text-color has-background\"><p>Vols rebre informaci\u00f3 sobre La LLUM de les NENES?<\/p><a class=\"wp-block-button__link has-white-color has-red-background-color has-text-color has-background has-border-color has-white-border-color wp-element-button\" style=\"border-width:2px\">Subscriu-te a la newsletter<\/a><\/label><div class=\"accordion__content\">\n<div class=\"wp-block-group has-global-padding is-layout-constrained wp-container-core-group-is-layout-98a4a1e3 wp-block-group-is-layout-constrained\" style=\"margin-top:0;margin-bottom:var(--wp--preset--spacing--80)\">\n<div class=\"wp-block-group has-white-background-color has-background has-global-padding is-layout-constrained wp-block-group-is-layout-constrained\">\n<h2 class=\"wp-block-heading has-text-align-center font-size-20\" id=\"h-subscriu-te-a-la-newsletter\">Subscriu-te a la newsletter<\/h2>\n\n\n\n<div class=\"wp-block-columns are-vertically-aligned-center is-layout-flex wp-container-core-columns-is-layout-4e1bd393 wp-block-columns-is-layout-flex\" style=\"padding-right:var(--wp--preset--spacing--60);padding-left:var(--wp--preset--spacing--60)\">\n<div class=\"wp-block-column is-vertically-aligned-center hide-on-mobile is-layout-flow wp-block-column-is-layout-flow\" style=\"flex-basis:100%\">\n<div class=\"wp-block-group has-global-padding is-layout-constrained wp-block-group-is-layout-constrained\" style=\"padding-top:var(--wp--preset--spacing--50);padding-bottom:var(--wp--preset--spacing--50)\">\n<div class=\"wp-block-cover is-light\" style=\"border-radius:15px\"><span aria-hidden=\"true\" class=\"wp-block-cover__background has-background-dim-0 has-background-dim\" style=\"background-color:#a0897b\"><\/span><img decoding=\"async\" width=\"508\" height=\"248\" class=\"wp-block-cover__image-background wp-image-31792\" alt=\"\" src=\"https:\/\/www.entreculturas.org\/wp-content\/uploads\/2024\/09\/FOTO-NEWSLETTER-NINAS.png\" data-object-fit=\"cover\" srcset=\"https:\/\/www.entreculturas.org\/wp-content\/uploads\/2024\/09\/FOTO-NEWSLETTER-NINAS.png 508w, https:\/\/www.entreculturas.org\/wp-content\/uploads\/2024\/09\/FOTO-NEWSLETTER-NINAS-300x146.png 300w\" sizes=\"(max-width: 508px) 100vw, 508px\" \/><div class=\"wp-block-cover__inner-container is-layout-flow wp-block-cover-is-layout-flow\">\n<p class=\"has-text-align-center cr-fotografo-small has-white-color has-text-color has-link-color has-small-font-size wp-elements-ffcbe4cfe7ff7badaaf9cfdd7238ad67\">\u00a9 Monteser\u00edn Fotografia<\/p>\n<\/div><\/div>\n\n\n\n<p class=\"cr-fotografo-small\"><\/p>\n<\/div>\n<\/div>\n\n\n\n<div class=\"wp-block-column is-vertically-aligned-center is-layout-flow wp-block-column-is-layout-flow\" style=\"flex-basis:100%\">\n<form style=\"padding-top:var(--wp--preset--spacing--60);padding-right:0;padding-bottom:var(--wp--preset--spacing--60);padding-left:0\" class=\"wp-block-theme-blocks-custom-form wp-container-content-a5fc19f1\" id=\"custom_form\" action=\"\/wp-admin\/admin-post.php?action=custom_form\" method=\"post\"><input type=\"hidden\" name=\"g-recaptcha-response\" id=\"g-recaptcha-response\" value=\"\"\/><input type=\"hidden\" name=\"thanks_page\" value=\"\/thank-you-page\"\/><input type=\"hidden\" name=\"groups[]\" value=\"eBoletin y Campa\u00f1as\"\/><input type=\"hidden\" name=\"groups[]\" value=\"148\"\/>\n<p>Si vols rebre la nostra newsletter mensual amb not\u00edcies actualitzades i accions sobre el programa La LLUM de les NENES, completa aquest formulari.<\/p>\n\n\n\n<input type=\"hidden\" name=\"group_\" value=\"148\"\/>\n\n\n\n<input type=\"hidden\" name=\"form_type\" value=\"10\"\/>\n\n\n\n<input type=\"hidden\" name=\"custom_68\" value=\"3\"\/>\n\n\n\n<div class=\"input-container\"><label>Nom<\/label><input type=\"text\" name=\"first_name\"\/><\/div>\n\n\n\n<div class=\"input-container\"><label>cognoms<\/label><input type=\"text\" name=\"last_name\"\/><\/div>\n\n\n\n<div class=\"input-container\"><label>correu electr\u00f2nic<\/label><input type=\"email\" name=\"email\"\/><\/div>\n\n\n\n<label class=\"acceptance\"><input type=\"checkbox\" required\/><span>Accepto la <a href=\"https:\/\/www.entreculturas.org\/ca\/politica-de-privadesa\/\" target=\"_blank\" rel=\"noreferrer noopener\">Pol\u00edtica de Privadesa<\/a> *<\/span><\/label>\n\n\n\n<p style=\"font-size:12px !important\">\n    Des d&#8217;ENTRECULTURES FE I ALEGRIA ESPANYA tractarem les dades aportades en qualitat de Responsable del tractament amb la finalitat de&#8230;\n    <a href=\"javascript:void(0);\" id=\"read-more-link\">Seguir llegint<\/a>.\n<\/p>\n<p class=\"hidden\" id=\"read-more\" style=\"display: none;font-size: 12px;\">\n    &#8230;enviar-vos la nostra newsletter mensual i informacions puntuals de les nostres accions i campanyes, en pro dels nostres objectius fundacionals, en base al consentiment oa l&#8217;execuci\u00f3 d&#8217;un acord. Pots exercir els teus drets enviant un correu electr\u00f2nic a datos@entreculturas.org amb l&#8217;assumpte &#8220;Protecci\u00f3 de Dades&#8221;\n<\/p>\n\n\n\n<script>document.addEventListener('DOMContentLoaded', function() {\n    document.getElementById('read-more-link').addEventListener('click', function() {\n        var readMoreContent = document.getElementById('read-more');\n        readMoreContent.style.display = 'block !important'; \/\/ Intenta sobrescribir con !important\n\n        \/\/ Si el m\u00e9todo anterior no funciona, utiliza setAttribute\n        if (readMoreContent.style.display !== 'block') {\n            readMoreContent.setAttribute('style', 'display: block !important; font-size: 12px;');\n        } else {\n            \/\/ Si ya est\u00e1 en 'block', solo ajusta el tama\u00f1o de fuente\n            readMoreContent.style.fontSize = '12px';\n        }\n\n        this.style.display = 'none'; \/\/ Opcional: oculta el enlace de \"Seguir leyendo\"\n    });\n});\n<\/script>\n\n\n\n<p class=\"hidden\" id=\"read-more\" style=\"font-size:12px\">Des d&#8217;ENTRECULTURES FE I ALEGRIA ESPANYA tractarem les dades aportades en qualitat de Responsable del tractament amb la finalitat de gestionar la nostra relaci\u00f3 amb tu, en pro dels nostres objectius fundacionals, sobre la base del consentiment o l&#8217;execuci\u00f3 d&#8217;un acord. Pots exercir els teus drets enviant un correu electr\u00f2nic a rgpd@entreculturas.org amb l&#8217;assumpte \u201cProtecci\u00f3 de Dades\u201d.<\/p>\n\n\n\n<div class=\"wp-block-group width-70-contacto justify-center-768 is-content-justification-right is-nowrap is-layout-flex wp-container-core-group-is-layout-17124a9a wp-block-group-is-layout-flex\">\n<button class=\"wp-block-button__link wp-element-button\">subscriure&#8217;m<\/button>\n<\/div>\n<\/form>\n<\/div>\n<\/div>\n<\/div>\n\n\n\n<script>document.addEventListener('DOMContentLoaded', function() {\n\t\tconst linkNews =  document.querySelector('.a-link-news a');\n\t\n\t\t\/\/si la pantalla es m\u00e1s peque\u00f1a que 768px cambiamos el texto del bot\u00f3n\nif(linkNews){\n\t\tif (window.innerWidth <768) { linkNews.innerHTML = 'Suscr\u00edbete aqu\u00ed'; } \/\/si la pantalla es m\u00e1s grande que 768px cambiamos el texto del bot\u00f3n if (window.innerWidth> 768) {\n\t\t\tlinkNews.innerHTML = 'Suscr\u00edbete a la newsletter';\n\t\t}\n\n\t\t\/\/Que tambien al hacer resize se cambie el texto del bot\u00f3n\n\t\twindow.addEventListener('resize', function() {\n\t\t\tif (window.innerWidth <768) { linkNews.innerHTML = 'Suscr\u00edbete aqu\u00ed'; } if (window.innerWidth> 768) {\n\t\t\t\tlinkNews.innerHTML = 'Suscr\u00edbete a la newsletter';\n\t\t\t}\n\t\t});\n}\n\t});\n\n<\/script>\n<\/div>\n<\/div><\/section>\n<\/div>\n","protected":false},"excerpt":{"rendered":"<p>Coneix la nostra intervenci\u00f3 A m\u00e9s del nostre treball com Entreculturas, juntament amb Fe i Alegria i el Servei Jesu\u00efta a Refugiats, amb aquesta campanya per visibilitzar la viol\u00e8ncia que pateixen les nenes i incidir per promoure una protecci\u00f3 efectiva dels seus drets , a trav\u00e9s del nostre programa de cooperaci\u00f3 internacional, tamb\u00e9 treballem per disminuir la situaci\u00f3 de viol\u00e8ncia f\u00edsica, psicol\u00f2gica, i sexual que pateixen , a trav\u00e9s de tres l\u00ednies fonamentals: Testimonis L&#8217;increment de la viol\u00e8ncia cap a les nenes i les dones a la RD del Congo \u00e9s preocupant Des de la campanya La LLUM de les NENES volem visibilitzar i incidir sobre la situaci\u00f3 de les nenes al pa\u00eds, moltes despla\u00e7ades a causa de la guerra i exposades a m\u00faltiples formes de viol\u00e8ncia. Coneix el testimoni de Dorcas, psic\u00f2loga cl\u00ednica del Servei Jesu\u00efta a Refugiats a RD del Congo i experta en supervivents de viol\u00e8ncia sexual. [&hellip;]<\/p>\n","protected":false},"author":1,"featured_media":28215,"parent":28401,"menu_order":0,"comment_status":"closed","ping_status":"closed","template":"wp-custom-template-plantilla-la-luz-de-las-ni-as","meta":{"_acf_changed":false,"footnotes":""},"class_list":["post-28431","page","type-page","status-publish","has-post-thumbnail","hentry"],"acf":[],"yoast_head":"<!-- This site is optimized with the Yoast SEO Premium plugin v21.6 (Yoast SEO v27.5) - https:\/\/yoast.com\/product\/yoast-seo-premium-wordpress\/ -->\n<title>Les Nenes - Entreculturas<\/title>\n<meta name=\"robots\" content=\"index, follow, max-snippet:-1, max-image-preview:large, max-video-preview:-1\" \/>\n<link rel=\"canonical\" href=\"https:\/\/www.entreculturas.org\/ca\/la-llum-de-les-nenes\/les-nenes\/\" \/>\n<meta property=\"og:locale\" content=\"ca_ES\" \/>\n<meta property=\"og:type\" content=\"article\" \/>\n<meta property=\"og:title\" content=\"Les Nenes\" \/>\n<meta property=\"og:description\" content=\"Coneix la nostra intervenci\u00f3 A m\u00e9s del nostre treball com Entreculturas, juntament amb Fe i Alegria i el Servei Jesu\u00efta a Refugiats, amb aquesta campanya per visibilitzar la viol\u00e8ncia que pateixen les nenes i incidir per promoure una protecci\u00f3 efectiva dels seus drets , a trav\u00e9s del nostre programa de cooperaci\u00f3 internacional, tamb\u00e9 treballem per disminuir la situaci\u00f3 de viol\u00e8ncia f\u00edsica, psicol\u00f2gica, i sexual que pateixen , a trav\u00e9s de tres l\u00ednies fonamentals: Testimonis L&#8217;increment de la viol\u00e8ncia cap a les nenes i les dones a la RD del Congo \u00e9s preocupant Des de la campanya La LLUM de les NENES volem visibilitzar i incidir sobre la situaci\u00f3 de les nenes al pa\u00eds, moltes despla\u00e7ades a causa de la guerra i exposades a m\u00faltiples formes de viol\u00e8ncia. Coneix el testimoni de Dorcas, psic\u00f2loga cl\u00ednica del Servei Jesu\u00efta a Refugiats a RD del Congo i experta en supervivents de viol\u00e8ncia sexual. [&hellip;]\" \/>\n<meta property=\"og:url\" content=\"https:\/\/www.entreculturas.org\/ca\/la-llum-de-les-nenes\/les-nenes\/\" \/>\n<meta property=\"og:site_name\" content=\"Entreculturas\" \/>\n<meta property=\"article:publisher\" content=\"https:\/\/www.facebook.com\/entreculturas\" \/>\n<meta property=\"article:modified_time\" content=\"2025-10-16T08:13:04+00:00\" \/>\n<meta property=\"og:image\" content=\"https:\/\/www.entreculturas.org\/wp-content\/uploads\/2024\/07\/luz_formulario_izquierda.jpg\" \/>\n\t<meta property=\"og:image:width\" content=\"590\" \/>\n\t<meta property=\"og:image:height\" content=\"450\" \/>\n\t<meta property=\"og:image:type\" content=\"image\/jpeg\" \/>\n<meta name=\"twitter:card\" content=\"summary_large_image\" \/>\n<meta name=\"twitter:site\" content=\"@Entreculturas\" \/>\n<script type=\"application\/ld+json\" class=\"yoast-schema-graph\">{\"@context\":\"https:\\\/\\\/schema.org\",\"@graph\":[{\"@type\":\"WebPage\",\"@id\":\"https:\\\/\\\/www.entreculturas.org\\\/ca\\\/la-llum-de-les-nenes\\\/les-nenes\\\/\",\"url\":\"https:\\\/\\\/www.entreculturas.org\\\/ca\\\/la-llum-de-les-nenes\\\/les-nenes\\\/\",\"name\":\"Les Nenes - Entreculturas\",\"isPartOf\":{\"@id\":\"https:\\\/\\\/www.entreculturas.org\\\/ca\\\/#website\"},\"primaryImageOfPage\":{\"@id\":\"https:\\\/\\\/www.entreculturas.org\\\/ca\\\/la-llum-de-les-nenes\\\/les-nenes\\\/#primaryimage\"},\"image\":{\"@id\":\"https:\\\/\\\/www.entreculturas.org\\\/ca\\\/la-llum-de-les-nenes\\\/les-nenes\\\/#primaryimage\"},\"thumbnailUrl\":\"https:\\\/\\\/www.entreculturas.org\\\/wp-content\\\/uploads\\\/2024\\\/07\\\/luz_formulario_izquierda.jpg\",\"datePublished\":\"2024-07-11T11:28:06+00:00\",\"dateModified\":\"2025-10-16T08:13:04+00:00\",\"breadcrumb\":{\"@id\":\"https:\\\/\\\/www.entreculturas.org\\\/ca\\\/la-llum-de-les-nenes\\\/les-nenes\\\/#breadcrumb\"},\"inLanguage\":\"ca\",\"potentialAction\":[{\"@type\":\"ReadAction\",\"target\":[\"https:\\\/\\\/www.entreculturas.org\\\/ca\\\/la-llum-de-les-nenes\\\/les-nenes\\\/\"]}]},{\"@type\":\"ImageObject\",\"inLanguage\":\"ca\",\"@id\":\"https:\\\/\\\/www.entreculturas.org\\\/ca\\\/la-llum-de-les-nenes\\\/les-nenes\\\/#primaryimage\",\"url\":\"https:\\\/\\\/www.entreculturas.org\\\/wp-content\\\/uploads\\\/2024\\\/07\\\/luz_formulario_izquierda.jpg\",\"contentUrl\":\"https:\\\/\\\/www.entreculturas.org\\\/wp-content\\\/uploads\\\/2024\\\/07\\\/luz_formulario_izquierda.jpg\",\"width\":590,\"height\":450,\"caption\":\"twitter:image\"},{\"@type\":\"BreadcrumbList\",\"@id\":\"https:\\\/\\\/www.entreculturas.org\\\/ca\\\/la-llum-de-les-nenes\\\/les-nenes\\\/#breadcrumb\",\"itemListElement\":[{\"@type\":\"ListItem\",\"position\":1,\"name\":\"Home\",\"item\":\"https:\\\/\\\/www.entreculturas.org\\\/ca\\\/\"},{\"@type\":\"ListItem\",\"position\":2,\"name\":\"Les Nenes\"}]},{\"@type\":\"WebSite\",\"@id\":\"https:\\\/\\\/www.entreculturas.org\\\/ca\\\/#website\",\"url\":\"https:\\\/\\\/www.entreculturas.org\\\/ca\\\/\",\"name\":\"Entreculturas\",\"description\":\"\",\"publisher\":{\"@id\":\"https:\\\/\\\/www.entreculturas.org\\\/ca\\\/#organization\"},\"alternateName\":\"Entreculturas\",\"potentialAction\":[{\"@type\":\"SearchAction\",\"target\":{\"@type\":\"EntryPoint\",\"urlTemplate\":\"https:\\\/\\\/www.entreculturas.org\\\/ca\\\/?s={search_term_string}\"},\"query-input\":{\"@type\":\"PropertyValueSpecification\",\"valueRequired\":true,\"valueName\":\"search_term_string\"}}],\"inLanguage\":\"ca\"},{\"@type\":\"Organization\",\"@id\":\"https:\\\/\\\/www.entreculturas.org\\\/ca\\\/#organization\",\"name\":\"Entreculturas\",\"url\":\"https:\\\/\\\/www.entreculturas.org\\\/ca\\\/\",\"logo\":{\"@type\":\"ImageObject\",\"inLanguage\":\"ca\",\"@id\":\"https:\\\/\\\/www.entreculturas.org\\\/ca\\\/#\\\/schema\\\/logo\\\/image\\\/\",\"url\":\"https:\\\/\\\/www.entreculturas.org\\\/wp-content\\\/uploads\\\/2025\\\/10\\\/ESP.svg\",\"contentUrl\":\"https:\\\/\\\/www.entreculturas.org\\\/wp-content\\\/uploads\\\/2025\\\/10\\\/ESP.svg\",\"caption\":\"Entreculturas\"},\"image\":{\"@id\":\"https:\\\/\\\/www.entreculturas.org\\\/ca\\\/#\\\/schema\\\/logo\\\/image\\\/\"},\"sameAs\":[\"https:\\\/\\\/www.facebook.com\\\/entreculturas\",\"https:\\\/\\\/x.com\\\/Entreculturas\",\"https:\\\/\\\/www.instagram.com\\\/entreculturas\\\/\",\"https:\\\/\\\/www.youtube.com\\\/user\\\/entreculturasvideo\",\"https:\\\/\\\/www.linkedin.com\\\/company\\\/fundacion-entreculturas-ngdo\\\/\",\"https:\\\/\\\/www.flickr.com\\\/photos\\\/98455522@N04\\\/albums\\\/\"]}]}<\/script>\n<!-- \/ Yoast SEO Premium plugin. -->","yoast_head_json":{"title":"Les Nenes - Entreculturas","robots":{"index":"index","follow":"follow","max-snippet":"max-snippet:-1","max-image-preview":"max-image-preview:large","max-video-preview":"max-video-preview:-1"},"canonical":"https:\/\/www.entreculturas.org\/ca\/la-llum-de-les-nenes\/les-nenes\/","og_locale":"ca_ES","og_type":"article","og_title":"Les Nenes","og_description":"Coneix la nostra intervenci\u00f3 A m\u00e9s del nostre treball com Entreculturas, juntament amb Fe i Alegria i el Servei Jesu\u00efta a Refugiats, amb aquesta campanya per visibilitzar la viol\u00e8ncia que pateixen les nenes i incidir per promoure una protecci\u00f3 efectiva dels seus drets , a trav\u00e9s del nostre programa de cooperaci\u00f3 internacional, tamb\u00e9 treballem per disminuir la situaci\u00f3 de viol\u00e8ncia f\u00edsica, psicol\u00f2gica, i sexual que pateixen , a trav\u00e9s de tres l\u00ednies fonamentals: Testimonis L&#8217;increment de la viol\u00e8ncia cap a les nenes i les dones a la RD del Congo \u00e9s preocupant Des de la campanya La LLUM de les NENES volem visibilitzar i incidir sobre la situaci\u00f3 de les nenes al pa\u00eds, moltes despla\u00e7ades a causa de la guerra i exposades a m\u00faltiples formes de viol\u00e8ncia. Coneix el testimoni de Dorcas, psic\u00f2loga cl\u00ednica del Servei Jesu\u00efta a Refugiats a RD del Congo i experta en supervivents de viol\u00e8ncia sexual. [&hellip;]","og_url":"https:\/\/www.entreculturas.org\/ca\/la-llum-de-les-nenes\/les-nenes\/","og_site_name":"Entreculturas","article_publisher":"https:\/\/www.facebook.com\/entreculturas","article_modified_time":"2025-10-16T08:13:04+00:00","og_image":[{"width":590,"height":450,"url":"https:\/\/www.entreculturas.org\/wp-content\/uploads\/2024\/07\/luz_formulario_izquierda.jpg","type":"image\/jpeg"}],"twitter_card":"summary_large_image","twitter_site":"@Entreculturas","schema":{"@context":"https:\/\/schema.org","@graph":[{"@type":"WebPage","@id":"https:\/\/www.entreculturas.org\/ca\/la-llum-de-les-nenes\/les-nenes\/","url":"https:\/\/www.entreculturas.org\/ca\/la-llum-de-les-nenes\/les-nenes\/","name":"Les Nenes - Entreculturas","isPartOf":{"@id":"https:\/\/www.entreculturas.org\/ca\/#website"},"primaryImageOfPage":{"@id":"https:\/\/www.entreculturas.org\/ca\/la-llum-de-les-nenes\/les-nenes\/#primaryimage"},"image":{"@id":"https:\/\/www.entreculturas.org\/ca\/la-llum-de-les-nenes\/les-nenes\/#primaryimage"},"thumbnailUrl":"https:\/\/www.entreculturas.org\/wp-content\/uploads\/2024\/07\/luz_formulario_izquierda.jpg","datePublished":"2024-07-11T11:28:06+00:00","dateModified":"2025-10-16T08:13:04+00:00","breadcrumb":{"@id":"https:\/\/www.entreculturas.org\/ca\/la-llum-de-les-nenes\/les-nenes\/#breadcrumb"},"inLanguage":"ca","potentialAction":[{"@type":"ReadAction","target":["https:\/\/www.entreculturas.org\/ca\/la-llum-de-les-nenes\/les-nenes\/"]}]},{"@type":"ImageObject","inLanguage":"ca","@id":"https:\/\/www.entreculturas.org\/ca\/la-llum-de-les-nenes\/les-nenes\/#primaryimage","url":"https:\/\/www.entreculturas.org\/wp-content\/uploads\/2024\/07\/luz_formulario_izquierda.jpg","contentUrl":"https:\/\/www.entreculturas.org\/wp-content\/uploads\/2024\/07\/luz_formulario_izquierda.jpg","width":590,"height":450,"caption":"twitter:image"},{"@type":"BreadcrumbList","@id":"https:\/\/www.entreculturas.org\/ca\/la-llum-de-les-nenes\/les-nenes\/#breadcrumb","itemListElement":[{"@type":"ListItem","position":1,"name":"Home","item":"https:\/\/www.entreculturas.org\/ca\/"},{"@type":"ListItem","position":2,"name":"Les Nenes"}]},{"@type":"WebSite","@id":"https:\/\/www.entreculturas.org\/ca\/#website","url":"https:\/\/www.entreculturas.org\/ca\/","name":"Entreculturas","description":"","publisher":{"@id":"https:\/\/www.entreculturas.org\/ca\/#organization"},"alternateName":"Entreculturas","potentialAction":[{"@type":"SearchAction","target":{"@type":"EntryPoint","urlTemplate":"https:\/\/www.entreculturas.org\/ca\/?s={search_term_string}"},"query-input":{"@type":"PropertyValueSpecification","valueRequired":true,"valueName":"search_term_string"}}],"inLanguage":"ca"},{"@type":"Organization","@id":"https:\/\/www.entreculturas.org\/ca\/#organization","name":"Entreculturas","url":"https:\/\/www.entreculturas.org\/ca\/","logo":{"@type":"ImageObject","inLanguage":"ca","@id":"https:\/\/www.entreculturas.org\/ca\/#\/schema\/logo\/image\/","url":"https:\/\/www.entreculturas.org\/wp-content\/uploads\/2025\/10\/ESP.svg","contentUrl":"https:\/\/www.entreculturas.org\/wp-content\/uploads\/2025\/10\/ESP.svg","caption":"Entreculturas"},"image":{"@id":"https:\/\/www.entreculturas.org\/ca\/#\/schema\/logo\/image\/"},"sameAs":["https:\/\/www.facebook.com\/entreculturas","https:\/\/x.com\/Entreculturas","https:\/\/www.instagram.com\/entreculturas\/","https:\/\/www.youtube.com\/user\/entreculturasvideo","https:\/\/www.linkedin.com\/company\/fundacion-entreculturas-ngdo\/","https:\/\/www.flickr.com\/photos\/98455522@N04\/albums\/"]}]}},"_links":{"self":[{"href":"https:\/\/www.entreculturas.org\/ca\/wp-json\/wp\/v2\/pages\/28431","targetHints":{"allow":["GET"]}}],"collection":[{"href":"https:\/\/www.entreculturas.org\/ca\/wp-json\/wp\/v2\/pages"}],"about":[{"href":"https:\/\/www.entreculturas.org\/ca\/wp-json\/wp\/v2\/types\/page"}],"author":[{"embeddable":true,"href":"https:\/\/www.entreculturas.org\/ca\/wp-json\/wp\/v2\/users\/1"}],"replies":[{"embeddable":true,"href":"https:\/\/www.entreculturas.org\/ca\/wp-json\/wp\/v2\/comments?post=28431"}],"version-history":[{"count":24,"href":"https:\/\/www.entreculturas.org\/ca\/wp-json\/wp\/v2\/pages\/28431\/revisions"}],"predecessor-version":[{"id":43639,"href":"https:\/\/www.entreculturas.org\/ca\/wp-json\/wp\/v2\/pages\/28431\/revisions\/43639"}],"up":[{"embeddable":true,"href":"https:\/\/www.entreculturas.org\/ca\/wp-json\/wp\/v2\/pages\/28401"}],"wp:featuredmedia":[{"embeddable":true,"href":"https:\/\/www.entreculturas.org\/ca\/wp-json\/wp\/v2\/media\/28215"}],"wp:attachment":[{"href":"https:\/\/www.entreculturas.org\/ca\/wp-json\/wp\/v2\/media?parent=28431"}],"curies":[{"name":"wp","href":"https:\/\/api.w.org\/{rel}","templated":true}]}}