{"id":28401,"date":"2024-06-12T15:42:50","date_gmt":"2024-06-12T13:42:50","guid":{"rendered":"https:\/\/www.entreculturas.org\/la-llum-de-les-nenes\/"},"modified":"2026-04-28T13:55:51","modified_gmt":"2026-04-28T11:55:51","slug":"la-llum-de-les-nenes","status":"publish","type":"page","link":"https:\/\/www.entreculturas.org\/ca\/la-llum-de-les-nenes\/","title":{"rendered":"La LLUM de les NENES"},"content":{"rendered":"\n<div class=\"wp-block-group header_fijo is-content-justification-space-between is-nowrap is-layout-flex wp-container-core-group-is-layout-8fc330fe wp-block-group-is-layout-flex\" style=\"min-height:0px;margin-top:0;margin-bottom:0;padding-top:var(--wp--preset--spacing--40);padding-right:var(--wp--preset--spacing--60);padding-bottom:var(--wp--preset--spacing--40);padding-left:var(--wp--preset--spacing--60)\">\n<div class=\"wp-block-group header-contenido is-nowrap is-layout-flex wp-container-core-group-is-layout-c1740a5a wp-block-group-is-layout-flex\">\n<figure class=\"wp-block-image size-full is-resized\"><a href=\"https:\/\/www.entreculturas.org\/ca\/\"><img decoding=\"async\" src=\"https:\/\/www.entreculturas.org\/wp-content\/uploads\/2025\/10\/CAT.svg\" alt=\"\" class=\"wp-image-43553\" style=\"width:255px\"\/><\/a><\/figure>\n\n\n\n<figure class=\"wp-block-image size-full is-resized\"><a href=\"https:\/\/www.entreculturas.org\/ca\/la-llum-de-les-nenes\/\"><img decoding=\"async\" src=\"https:\/\/www.entreculturas.org\/wp-content\/uploads\/2025\/10\/CAT-1.svg\" alt=\"\" class=\"wp-image-43584\" style=\"width:122px\"\/><\/a><\/figure>\n\n\n\n<div class=\"wp-block-group has-global-padding is-layout-constrained wp-container-core-group-is-layout-c5bbea69 wp-block-group-is-layout-constrained\">\n<div class=\"wp-block-group menu-row is-nowrap is-layout-flex wp-container-core-group-is-layout-c0d7094d wp-block-group-is-layout-flex\"><nav style=\"font-size:1.25rem;font-style:normal;font-weight:600;\" class=\"is-responsive items-justified-center no-wrap menu-enlaces wp-block-navigation is-horizontal is-content-justification-center is-nowrap is-layout-flex wp-container-core-navigation-is-layout-109d3c9b wp-block-navigation-is-layout-flex\" aria-label=\"Navegaci\u00f3n 2\" \n\t\t data-wp-interactive=\"core\/navigation\" data-wp-context='{\"overlayOpenedBy\":{\"click\":false,\"hover\":false,\"focus\":false},\"type\":\"overlay\",\"roleAttribute\":\"\",\"ariaLabel\":\"Men\\u00fa\"}'><button aria-haspopup=\"dialog\" aria-label=\"Obre el men\u00fa\" class=\"wp-block-navigation__responsive-container-open\" \n\t\t\t\tdata-wp-on--click=\"actions.openMenuOnClick\"\n\t\t\t\tdata-wp-on--keydown=\"actions.handleMenuKeydown\"\n\t\t\t><svg width=\"24\" height=\"24\" xmlns=\"http:\/\/www.w3.org\/2000\/svg\" viewBox=\"0 0 24 24\"><path d=\"M5 5v1.5h14V5H5z\"><\/path><path d=\"M5 12.8h14v-1.5H5v1.5z\"><\/path><path d=\"M5 19h14v-1.5H5V19z\"><\/path><\/svg><\/button>\n\t\t\t\t<div class=\"wp-block-navigation__responsive-container\"  id=\"modal-1\" \n\t\t\t\tdata-wp-class--has-modal-open=\"state.isMenuOpen\"\n\t\t\t\tdata-wp-class--is-menu-open=\"state.isMenuOpen\"\n\t\t\t\tdata-wp-watch=\"callbacks.initMenu\"\n\t\t\t\tdata-wp-on--keydown=\"actions.handleMenuKeydown\"\n\t\t\t\tdata-wp-on--focusout=\"actions.handleMenuFocusout\"\n\t\t\t\ttabindex=\"-1\"\n\t\t\t>\n\t\t\t\t\t<div class=\"wp-block-navigation__responsive-close\" tabindex=\"-1\">\n\t\t\t\t\t\t<div class=\"wp-block-navigation__responsive-dialog\" \n\t\t\t\tdata-wp-bind--aria-modal=\"state.ariaModal\"\n\t\t\t\tdata-wp-bind--aria-label=\"state.ariaLabel\"\n\t\t\t\tdata-wp-bind--role=\"state.roleAttribute\"\n\t\t\t>\n\t\t\t\t\t\t\t<button aria-label=\"Tanca el men\u00fa\" class=\"wp-block-navigation__responsive-container-close\" \n\t\t\t\tdata-wp-on--click=\"actions.closeMenuOnClick\"\n\t\t\t><svg xmlns=\"http:\/\/www.w3.org\/2000\/svg\" viewBox=\"0 0 24 24\" width=\"24\" height=\"24\" aria-hidden=\"true\" focusable=\"false\"><path d=\"m13.06 12 6.47-6.47-1.06-1.06L12 10.94 5.53 4.47 4.47 5.53 10.94 12l-6.47 6.47 1.06 1.06L12 13.06l6.47 6.47 1.06-1.06L13.06 12Z\"><\/path><\/svg><\/button>\n\t\t\t\t\t\t\t<div class=\"wp-block-navigation__responsive-container-content\" \n\t\t\t\tdata-wp-watch=\"callbacks.focusFirstElement\"\n\t\t\t id=\"modal-1-content\">\n\t\t\t\t\t\t\t\t<ul style=\"font-size:1.25rem;font-style:normal;font-weight:600;\" class=\"wp-block-navigation__container is-responsive items-justified-center no-wrap menu-enlaces wp-block-navigation\"><li style=\"font-size: 1.25rem;\" class=\" wp-block-navigation-item wp-block-navigation-link\"><a class=\"wp-block-navigation-item__content\"  href=\"https:\/\/www.entreculturas.org\/ca\/la-llum-de-les-nenes\/la-violencia\/\"><span class=\"wp-block-navigation-item__label\">La viol\u00e8ncia<\/span><\/a><\/li><li style=\"font-size: 1.25rem;\" class=\" wp-block-navigation-item wp-block-navigation-link\"><a class=\"wp-block-navigation-item__content\"  href=\"https:\/\/www.entreculturas.org\/ca\/la-llum-de-les-nenes\/les-nenes\/\"><span class=\"wp-block-navigation-item__label\">Les Nenes<\/span><\/a><\/li><li style=\"font-size: 1.25rem;\" class=\" wp-block-navigation-item wp-block-navigation-link\"><a class=\"wp-block-navigation-item__content\"  href=\"https:\/\/www.entreculturas.org\/ca\/la-llum-de-les-nenes\/com-actuar\/\"><span class=\"wp-block-navigation-item__label\">Com Actuar<\/span><\/a><\/li><li style=\"font-size: 1.25rem;\" class=\" wp-block-navigation-item wp-block-navigation-link\"><a class=\"wp-block-navigation-item__content\"  href=\"https:\/\/www.entreculturas.org\/ca\/la-llum-de-les-nenes\/recursos\/\"><span class=\"wp-block-navigation-item__label\">Recursos<\/span><\/a><\/li><style>html[dir=\"rtl\"] .wpml-language-switcher-block .wpml-ls-dropdown ul li.wp-block-navigation-submenu .wp-block-navigation-submenu__toggle img{margin-left:12px}html[dir=\"rtl\"] .wpml-language-switcher-block .wpml-ls-dropdown ul li.wp-block-navigation-submenu ul.isHorizontal li{text-align:right}html[dir=\"rtl\"] .wpml-language-switcher-block .wpml-ls-dropdown ul li.wp-block-navigation-submenu ul.isHorizontal li a img{margin-left:12px}.wpml-language-switcher-block{display:flex;box-sizing:border-box;width:100% !important}.wpml-language-switcher-block>.wp-block-navigation-item,.wpml-language-switcher-block>.wp-block-navigation-item>div{display:flex;width:100% !important}.wpml-language-switcher-block .wp-block-navigation__container{background:unset !important}.wpml-language-switcher-block .hide-arrow .wp-block-navigation__submenu-icon{display:none}.wpml-language-switcher-block .wpml-ls-dropdown .wp-block-navigation-submenu__toggle.wpml-ls-keyboard-focus ~ .wp-block-navigation__submenu-container,.wpml-language-switcher-block .wpml-ls-dropdown li.open-on-hover-click .wp-block-navigation-submenu__toggle:focus ~ .wp-block-navigation__submenu-container,.wpml-language-switcher-block .wpml-ls-dropdown li.open-on-hover-click .wp-block-navigation-submenu__toggle:focus-within ~ .wp-block-navigation__submenu-container,.wpml-language-switcher-block .wpml-ls-dropdown li.open-on-hover-click:focus-within>.wp-block-navigation__submenu-container{visibility:visible;opacity:1;display:block;overflow:visible}.wpml-language-switcher-block .wpml-ls-dropdown ul li button{padding:0}.wpml-language-switcher-block .wpml-ls-dropdown ul li button+.isHorizontal{min-width:inherit !important}.wpml-language-switcher-block .wpml-ls-dropdown ul li button+.isHorizontal li{width:inherit !important}.wpml-language-switcher-block .wpml-ls-dropdown ul li button+.isHorizontal li a{display:flex;align-items:center;min-width:max-content}.wpml-language-switcher-block .wpml-ls-dropdown ul li.wp-block-navigation-submenu ul.isHorizontal{margin:0;min-width:inherit !important}.wpml-language-switcher-block .wpml-ls-dropdown ul li.wp-block-navigation-submenu ul.isHorizontal li{width:inherit !important;text-align:left}.wpml-language-switcher-block .wpml-ls-dropdown ul li.wp-block-navigation-submenu ul.isHorizontal li a{display:flex;align-items:center;min-width:max-content}.wpml-language-switcher-block ul{list-style-type:none !important;padding:0 !important;width:100%}.wpml-language-switcher-block ul li{margin:0}.wpml-language-switcher-block ul li>a.wp-block-navigation-item__content:focus{outline:1px solid #2F7D92}.wpml-language-switcher-block ul li.is-focused{outline:1px solid #2F7D92}.wpml-language-switcher-block ul.wp-block-navigation__submenu-container{border:inherit !important;background-color:unset !important;min-width:unset !important}.wpml-language-switcher-block ul.wp-block-navigation__submenu-container .wp-block-navigation-item{border-radius:0 !important}.wpml-language-switcher-block ul.wp-block-navigation__submenu-container .wp-block-navigation-item a{display:flex;align-items:center;min-width:max-content;padding:1px}.wpml-language-switcher-block ul.horizontal-list{display:flex;flex-direction:row;align-items:center;justify-content:flex-start;margin:0 !important;gap:1em !important}.wpml-language-switcher-block ul.horizontal-list li{display:inline-block;margin:0;line-height:100%}.wpml-language-switcher-block ul.horizontal-list li a{line-height:100%}.wpml-language-switcher-block ul.center-justify{justify-content:center}.wpml-language-switcher-block ul.center-justify .wp-block-navigation-item{justify-content:center}.wpml-language-switcher-block ul.right-justify{justify-content:right}.wpml-language-switcher-block ul.right-justify .wp-block-navigation-item{justify-content:right}.wpml-language-switcher-block ul.space_between-justify{justify-content:space-between}.wpml-language-switcher-block ul.space_between-justify li>div{white-space:nowrap}.wpml-language-switcher-block .hasHoverColor:hover{color:var(--hover-color) !important}.wpml-language-switcher-block .hasHoverBackgroundColor:hover{background-color:var(--hover-background-color) !important}.wpml-language-switcher-block ul.isHorizontal{padding-left:0;list-style:none}.wpml-language-switcher-block ul.isHorizontal li{display:inline;margin-left:0}.wpml-language-switcher-block ul.isHorizontal li div{display:inline-block}.wpml-language-switcher-block ul.hasSpacing.isHorizontal li:not(:last-child){margin-right:var(--language-spacing) !important}.wpml-language-switcher-block ul.hasSpacing.isVertical li:not(:last-child){margin-bottom:var(--language-spacing) !important}.wpml-language-switcher-block ul.hasSpacing.isVertical .wp-block-navigation-item>div,.wpml-language-switcher-block ul.hasSpacing.isVertical .wp-block-navigation-item>div>a{display:inline-flex;align-items:center}.wpml-language-switcher-block .hasHoverColor:hover{color:var(--hover-color) !important}.wpml-language-switcher-block .hasHoverBackgroundColor:hover{background-color:var(--hover-background-color) !important}.wpml-language-switcher-block .hasFontSize{font-size:var(--font-size) !important}.wpml-language-switcher-block .hasLetterSpacing{letter-spacing:var(--letter-spacing) !important}.wpml-language-switcher-block .hasTextTransform{text-transform:var(--text-transform) !important}.wpml-language-switcher-block .hasFontFamily{font-family:var(--font-family) !important}.wpml-ls-flag{display:inline-block}.wpml-ls-flag-style-btn{border:0px transparent;padding-top:3px !important}.wpml-ls-flag-style-btn.black-bg{background-color:black}.wpml-ls-flag-style-btn.transparent-bg{background-color:transparent}.wpml-ls-control-row{border:solid 1px #949494;border-radius:2px;margin-bottom:8px}.wpml-ls-control-row-with-padding{padding:1px}.wpml-ls-number-control{max-width:100%;width:100%}.wpml-ls-slider-control-alert{margin-top:5px !important}.wpml-ls-slider .ant-slider-track{background-color:#3858E9}.wpml-ls-slider .ant-slider-handle{border:solid 1px black}.wpml-ls-control-blue{color:#2F7D92}.wpml-ls-number-with-unit-select select{color:#2F7D92;font-weight:700}.wpml-ls-control-grey{color:#757575}.wpml-ls-control-bg-grey{background-color:#a6a6a6}.wpml-ls-control-font{font-family:\"SF Pro Text\", sans-serif;font-style:normal;font-weight:400 !important;font-size:13px !important;line-height:140% !important}.wpml-ls-option-btn-col{padding:0.5px}.wpml-ls-no-borders{border:none}.ant-col-8.wpml-ls-option-btn-col{display:inline-flex}.wpml-ls-three-btn-row .wpml-ls-option-btn-wrap{padding-top:8px;padding-bottom:8px;white-space:normal;word-break:break-word}.wpml-ls-three-btn-row .ant-btn-no-height-less-padding{height:unset;padding-right:10px;padding-left:10px}.wpml-ls-full-width{width:100%}.wpml-ls-toggle-control .components-form-toggle.is-checked>.components-form-toggle__track{background-color:#2F7D92;border-color:#2F7D92}.wpml-ls-toggle-control .components-form-toggle.is-checked>.components-form-toggle__thumb{background-color:white}.wpml-ls-toggle-control .components-form-toggle>.components-form-toggle__track{background-color:white;border-color:#373737}.wpml-ls-toggle-control .components-form-toggle>.components-form-toggle__thumb{background-color:#373737}.ant-select-dropdown{min-width:45px !important;max-width:45px !important;width:45px !important}.wpml-ls-color-control{border:1px solid #DDDDDD;border-bottom:0px;padding:10px;box-sizing:border-box}.wpml-ls-color-control.wpml-ls-with-bottom-border{border-bottom:1px solid #DDDDDD}.wpml-ls-color-control .wpml-ls-icon-no-color:hover{cursor:pointer}.wpml-ls-color-control .component-color-indicator{width:25px;height:25px;box-shadow:0px 0px 2px 1px lightgrey}.wpml-ls-color-control .component-color-indicator:hover{cursor:pointer}.wpml-ls-color-control .wpml-ls-color-title{top:3px}.wpml-ls-dimension-control{border-top:solid 1px #e0e0e0}.wpml-ls-dimension-control .components-panel__arrow{visibility:hidden}.wpml-ls-panel-settings-dropdown-container{position:absolute;right:0px}.wpml-ls-icon-link{width:24px;height:24px;top:3px;border-radius:2px}.ant-input-number-handler-wrap{display:none !important}.ant-input-number-input{padding-right:0px !important;padding-left:3px !important}.block-editor-contrast-checker+.block-editor-contrast-checker{display:none}.current-language-item{display:flex;align-items:center;min-height:30px}.current-language-item .wp-block-navigation-item__content>div{display:flex;align-items:center}.wpml-ls-fontLetterCase-control button.components-button.has-icon{margin-right:0 !important;min-width:30px !important;height:30px !important}.wpml-ls-fontLetterSpacing-control div.components-input-control__container{top:4px}[data-wpml='language-item']:first-of-type{margin-top:5px !important}.wpml-ls-dimension-panel .components-panel__arrow{display:none}.wpml-ls-typography-panel .components-panel__arrow{display:none}.wpml-ls-panel-settings-dropdown-container>div>button>span.anticon-more{font-size:large;margin-right:10px}.wpml-ls-panel-settings-dropdown-container>div>button>span.anticon-plus{font-size:medium;margin-right:10px}.wpml-ls-color-panel .wpml-ls-color-panel-wrap button.components-button:focus{outline:2px solid #2F7D92;color:#2F7D92}.wpml-ls-color-panel .wpml-ls-color-panel-wrap button.components-button:hover{color:#2F7D92 !important}.wpml-ls-option-btn-wrap:focus{outline:4px solid #2F7D92}.wpml-ls-option-btn-wrap:hover:not(.wpml-ls-option-btn-wrap[data-selected=\"true\"]){outline:2px solid #2F7D92;color:#2F7D92 !important}.wpml-ls-toggle-control .components-toggle-control__label:hover{color:#2F7D92}.components-input-control__container:hover .components-input-control__backdrop{border-color:#2F7D92 !important}input.components-input-control__input:focus ~ .components-input-control__backdrop{outline:2px solid #2F7D92 !important}.components-toggle-group-control[role=\"radiogroup\"]:hover{border-color:#2F7D92}.components-toggle-group-control[role=\"radiogroup\"] .components-toggle-group-control-option-base[role=\"radio\"]:hover{color:#2F7D92}.components-toggle-group-control[role=\"radiogroup\"] .components-toggle-group-control-option-base[role=\"radio\"]:focus{color:#2F7D92;outline:2px solid #2F7D92}.ant-slider .ant-slider-handle:not(.ant-tooltip-open){background-color:#2F7D92 !important;border-color:#373737}.ant-slider:hover .ant-slider-handle:not(.ant-tooltip-open),.ant-slider .ant-slider-handle:focus{background-color:#373737 !important;border-color:#2F7D92}.wpml-ls-typography-panel .components-panel__body .ant-col{margin-bottom:12px}.wpml-ls-fontSize-control div[aria-label=\"Font size\"]{margin-bottom:12px}.wpml-ls-fontSize-control .wpml-ls-fontLetterSpacing-control{display:grid;place-items:center;align-self:center}\n\n.wp-block-navigation.is-content-justification-space-between .wp-block-page-list{display:contents}.wp-block-navigation.is-content-justification-space-between .wpml-language-switcher-navigation-block,.wp-block-navigation.is-content-justification-space-between [data-type='wpml\/navigation-language-switcher']{display:contents !important}.wp-block-navigation.is-content-justification-space-between .wpml-language-switcher-navigation-block .wp-block-navigation-item,.wp-block-navigation.is-content-justification-space-between [data-type='wpml\/navigation-language-switcher'] .wp-block-navigation-item{display:contents}.wp-block-navigation.is-content-justification-space-between .wpml-language-switcher-navigation-block .wp-block-navigation-item>div,.wp-block-navigation.is-content-justification-space-between .wpml-language-switcher-navigation-block .wp-block-navigation-item .horizontal-list,.wp-block-navigation.is-content-justification-space-between [data-type='wpml\/navigation-language-switcher'] .wp-block-navigation-item>div,.wp-block-navigation.is-content-justification-space-between [data-type='wpml\/navigation-language-switcher'] .wp-block-navigation-item .horizontal-list{display:contents}.wp-block-navigation.is-content-justification-space-between .wpml-language-switcher-navigation-block .wp-block-navigation-item>div li.wp-block-navigation-item,.wp-block-navigation.is-content-justification-space-between .wpml-language-switcher-navigation-block .wp-block-navigation-item .horizontal-list li.wp-block-navigation-item,.wp-block-navigation.is-content-justification-space-between [data-type='wpml\/navigation-language-switcher'] .wp-block-navigation-item>div li.wp-block-navigation-item,.wp-block-navigation.is-content-justification-space-between [data-type='wpml\/navigation-language-switcher'] .wp-block-navigation-item .horizontal-list li.wp-block-navigation-item{display:flex}.wp-block-navigation .wpml-block-navigation-language-switcher,.wp-block-navigation [data-type='wpml\/navigation-language-switcher']{display:flex !important;flex-direction:var(--navigation-layout-direction, initial);justify-content:var(--navigation-layout-justify, initial);align-items:var(--navigation-layout-align, initial);flex-wrap:var(--navigation-layout-wrap, wrap);background-color:inherit;gap:inherit;margin:0;width:fit-content;max-width:fit-content}.wp-block-navigation.items-justified-space-between .wpml-language-switcher-navigation-block.wpml-ls-dropdown{flex:inherit;display:flex !important}.wp-block-navigation.items-justified-space-between .wpml-language-switcher-navigation-block.wpml-ls-list{flex:inherit;display:contents !important}.wp-block-navigation.items-justified-space-between .wpml-block-navigation-language-switcher.wpml-ls-dropdown,.wp-block-navigation.items-justified-space-between [data-type='wpml\/navigation-language-switcher']{flex:inherit;display:flex !important}.wp-block-navigation.items-justified-space-between .wpml-block-navigation-language-switcher.wpml-ls-list,.wp-block-navigation.items-justified-space-between [data-type='wpml\/navigation-language-switcher']{flex:inherit;display:contents !important}.wp-block-navigation .wpml-block-navigation-item{background-color:inherit}.wp-block-navigation .wpml-block-navigation-item .current-language-item .wp-block-navigation-item__content>div{display:flex;align-items:center}.wp-block-navigation__submenu-container li{margin:0}.wp-block-navigation .wpml-language-switcher-navigation-block{width:unset !important;flex:initial !important}.wp-block-navigation .wpml-language-switcher-navigation-block .hide-arrow .wp-block-navigation__submenu-icon{display:none}.wp-block-navigation .wpml-language-switcher-navigation-block ul li a{display:flex;align-items:center}.wp-block-navigation .wpml-language-switcher-navigation-block ul.horizontal-list{display:flex;flex-direction:row;align-items:center;justify-content:flex-start;margin:0 !important;gap:1.5em !important}.wp-block-navigation .wpml-language-switcher-navigation-block ul.horizontal-list li{display:inline-block;line-height:100%}.wp-block-navigation .wpml-language-switcher-navigation-block ul.horizontal-list li a,.wp-block-navigation .wpml-language-switcher-navigation-block ul.horizontal-list li div{line-height:100%;display:inline-flex;align-items:center}\n\n<\/style><div id=\"\" class=\"wpml-language-switcher-navigation-block wpml-ls-dropdown\"><div class=\"block-editor-block-list__block wp-block wp-block-navigation-item has-link has-child wp-block-navigation-submenu\"><div class=\"wpml-ls-dropdown open-on-hover-click \"><ul class=\"wp-block-navigation__container\"><li class=\"wp-block-navigation-item has-child wp-block-navigation-submenu open-on-hover-click\" onclick=\"(()=&gt;{const ariaExpanded = this.children[0].getAttribute('aria-expanded');\n\t\t\t\t\tthis.children[0].setAttribute('aria-expanded', ariaExpanded === 'true' ? 'false' : 'true');})(this);\"><div class=\"wp-block-navigation-item__content wp-block-navigation-submenu__toggle\" aria-expanded=\"false\"><span class=\"current-language-item\" style=\"display:flex;cursor:pointer\" data-wpml=\"current-language-item\"><div style=\"display:inline-block\" class=\"wp-block-navigation-item__content\"><div><img decoding=\"async\" alt=\"wpml-ls-flag\" class=\"wpml-ls-flag\" src=\"https:\/\/www.entreculturas.org\/wp-content\/plugins\/sitepress-multilingual-cms\/res\/flags\/ca.svg\" style=\"margin-right:4px;width:18px;height:12px;border-radius:0%;object-fit:unset\" size=\"24\" data-wpml=\"flag-url\"><span data-wpml=\"label\" data-wpml-label-type=\"native\" class=\"wp-block-navigation-item__label \">CAT<\/span><\/div><\/div><span class=\"wp-block-navigation__submenu-icon\"><svg xmlns=\"http:\/\/www.w3.org\/2000\/svg\" width=\"12\" height=\"12\" viewbox=\"0 0 12 12\" fill=\"none\" aria-hidden=\"true\" focusable=\"false\"><path d=\"M1.50002 4L6.00002 8L10.5 4\" stroke-width=\"1.5\"><\/path><\/svg><\/span><\/span><\/div><ul class=\"wp-block-navigation__submenu-container isHorizontal\" style=\"flex-wrap:nowrap\" data-is-drop-zone=\"true\"><li class=\"wp-block-navigation-item \" data-wpml=\"language-item\"><div><a class=\"wp-block-navigation-item__content\" data-wpml=\"link\" href=\"https:\/\/www.entreculturas.org\/en\/\" aria-label=\"Switch to ENG\"><img decoding=\"async\" alt=\"wpml-ls-flag\" class=\"wpml-ls-flag\" src=\"https:\/\/www.entreculturas.org\/wp-content\/plugins\/sitepress-multilingual-cms\/res\/flags\/en.svg\" style=\"margin-right:4px;width:18px;height:12px;border-radius:0%;object-fit:unset\" size=\"24\" data-wpml=\"flag-url\"><span data-wpml=\"label\" data-wpml-label-type=\"native\" class=\"wp-block-navigation-item__label \">ENG<\/span><\/a><\/div><\/li><li class=\"wp-block-navigation-item \" data-wpml=\"language-item\"><div><a class=\"wp-block-navigation-item__content\" data-wpml=\"link\" href=\"https:\/\/www.entreculturas.org\/\" aria-label=\"Switch to ESP\"><img decoding=\"async\" alt=\"wpml-ls-flag\" class=\"wpml-ls-flag\" src=\"https:\/\/www.entreculturas.org\/wp-content\/plugins\/sitepress-multilingual-cms\/res\/flags\/es.svg\" style=\"margin-right:4px;width:18px;height:12px;border-radius:0%;object-fit:unset\" size=\"24\" data-wpml=\"flag-url\"><span data-wpml=\"label\" data-wpml-label-type=\"native\" class=\"wp-block-navigation-item__label \">ESP<\/span><\/a><\/div><\/li><li class=\"wp-block-navigation-item \" data-wpml=\"language-item\"><div><a class=\"wp-block-navigation-item__content\" data-wpml=\"link\" href=\"https:\/\/www.entreculturas.org\/gl\/\" aria-label=\"Switch to GAL\"><img decoding=\"async\" alt=\"wpml-ls-flag\" class=\"wpml-ls-flag\" src=\"https:\/\/www.entreculturas.org\/wp-content\/plugins\/sitepress-multilingual-cms\/res\/flags\/gl.svg\" style=\"margin-right:4px;width:18px;height:12px;border-radius:0%;object-fit:unset\" size=\"24\" data-wpml=\"flag-url\"><span data-wpml=\"label\" data-wpml-label-type=\"native\" class=\"wp-block-navigation-item__label \">GAL<\/span><\/a><\/div><\/li><li class=\"wp-block-navigation-item \" data-wpml=\"language-item\"><div><a class=\"wp-block-navigation-item__content\" data-wpml=\"link\" href=\"https:\/\/www.entreculturas.org\/fr\/\" aria-label=\"Switch to FRA\"><img decoding=\"async\" alt=\"wpml-ls-flag\" class=\"wpml-ls-flag\" src=\"https:\/\/www.entreculturas.org\/wp-content\/plugins\/sitepress-multilingual-cms\/res\/flags\/fr.svg\" style=\"margin-right:4px;width:18px;height:12px;border-radius:0%;object-fit:unset\" size=\"24\" data-wpml=\"flag-url\"><span data-wpml=\"label\" data-wpml-label-type=\"native\" class=\"wp-block-navigation-item__label \">FRA<\/span><\/a><\/div><\/li><\/ul><\/li><\/ul><\/div><\/div><\/div>\n<\/ul>\n\t\t\t\t\t\t\t<\/div>\n\t\t\t\t\t\t<\/div>\n\t\t\t\t\t<\/div>\n\t\t\t\t<\/div><\/nav>\n\n\n<div class=\"wp-block-buttons header-socio is-content-justification-left is-nowrap is-layout-flex wp-container-core-buttons-is-layout-fc9f69e7 wp-block-buttons-is-layout-flex block-visibility-hide-medium-screen block-visibility-hide-small-screen\">\n<div class=\"wp-block-button is-style-fill\"><a class=\"wp-block-button__link has-red-logo-background-color has-background wp-element-button\" href=\"https:\/\/colabora.entreculturas.org\/es\/hazte-socio-LaLUZdelasNINAS\" style=\"border-radius:5px\" target=\"_blank\" rel=\"noreferrer noopener\">FES-TE SOCI\/A<\/a><\/div>\n<\/div>\n<\/div>\n<\/div>\n<\/div>\n<\/div>\n\n\n\n<style>:root {\n        --primary-color: #A68035;\n        --background-color: #EDE1D1;\n    }\n    \n    \/*fondo de la pagina *\/\n    .page-id-28401 {\n    background-color:var(--background-color) !important;\n    }\n    \n    .header-socio div a{\n    background-color: var(--primary-color) !important;\n    }\n\n  .leaflet-popup {\n    bottom: -20px !important;\n    height: 200px !important;\n\n}\n\n@media (min-width: 0px) and (max-width: 992px) {\n  .leaflet-popup {\n    height: 300px !important;\n\n}\n}\n\n.wp-block-post-title{\ndisplay:none\n}    \n\n    .header_fijo {\n        position:sticky;\n    top: 0 !important;\n    left:0 !important;\n    right: 0 !important;\n    width: 100% !important;\n    background: #ffffff;\n    margin-left: 0px !important;\n    margin-right: 0px !important;\n    z-index: 10;\n    }\n    \n    .header-contenido{\n    margin: 0 auto !important;\n    text-align:center !important;\n    }\n    \n    .site-header {\n       display: none;\n    }\n    \n    .altura-hero-portada {\n    width:100% !important;\n    }\n    .accordion-number{\n        background-color: var(--primary-color) !important;\n    }\n    \n    \n    .wp-block-navigation__submenu-container {\n    margin-top: -10px !important;\n    }\n    \n    header .wp-block-navigation .wp-block-navigation-item__content.wp-block-navigation-item__content span:hover,\n    header .wp-block-navigation .has-child .wp-block-navigation__submenu-container .wp-block-navigation-item__label:hover, .wp-block-navigation__container .wp-block-navigation-item__label:hover {\n       border-bottom: 2px solid var(--primary-color) !important;\n    }\n    \n    li::marker{\n        color: var(--primary-color)!important;\n    }\n    \/* Ejemplo de uso del color primario *\/\n    .parent-pageid-25827{\n    background-color: var(--background-color) !important;\n    }\n    \n    .header-socio .wp-block-button__link:hover {\n       background: #000000 !important;\n    }\n    \n    .wp-block-theme-blocks-newsletter{\n    background-color:var(--primary-color) !important;\n    }\n    \n    .wp-block-theme-blocks-newsletter a{\n    background-color:white !important;\n    color: var(--primary-color) !important;\n    border-color: var(--primary-color) !important;\n    }\n    \n    .wp-block-group.is-content-justification-space-between.is-nowrap.is-layout-flex.wp-container-core-group-is-layout-9.wp-block-group-is-layout-flex {\n        width: 100%;\n        position: -webkit-sticky; \/* Para Safari *\/\n        position: sticky;\n        top: 0;\n        left: 0;\n        z-index: 9999; \/* Asegura que la capa se mantenga sobre otros elementos *\/\n    }\n    circle{\n    fill:var(--primary-color) !important;\n    }\n\n@media (max-width: 480px) {\n    .wp-block-hero .wp-block-heading {\n        text-align: left !important;\n    }\n    <\/style>\n\n\n\n<script>\n            document.addEventListener('DOMContentLoaded', function () {\n                \/\/ Lista de clases en el orden especificado\n                const clasesObjetivo = [\n                    'entry-content',\n                    'wp-block-post-content',\n                    'has-global-padding',\n                    'is-layout-constrained',\n                    'wp-container-core-post-content-is-layout-1',\n                    'wp-block-post-content-is-layout-constrained'\n                ];\n    \n                \/\/ Selecciona todos los divs en el documento\n                const divs = document.querySelectorAll('div');\n    \n                divs.forEach(div => {\n                    \/\/ Obt\u00e9n las clases del div\n                    const clasesDiv = Array.from(div.classList);\n    \n                    \/\/ Comprueba si las clases del div coinciden con las clases objetivo en el orden especificado\n                    if (clasesDiv.length === clasesObjetivo.length && clasesDiv.every((clase, index) => clase === clasesObjetivo[index])) {\n                        \/\/ Si coinciden, elimina todas las clases\n                        div.className = '';\n                    }\n                });\n            });\n        <\/script>\n\n\n\n<div class=\"wp-block-cover wp-block-hero inherit altura-hero-portada\" style=\"padding-top:100px;padding-right:100px;padding-bottom:100px;padding-left:100px\"><img decoding=\"async\" width=\"2000\" height=\"1125\" class=\"wp-block-cover__image-background wp-image-47854\" alt=\"\" src=\"https:\/\/www.entreculturas.org\/wp-content\/uploads\/2025\/04\/banner_ldN_web.jpg\" data-object-fit=\"cover\" srcset=\"https:\/\/www.entreculturas.org\/wp-content\/uploads\/2025\/04\/banner_ldN_web.jpg 2000w, https:\/\/www.entreculturas.org\/wp-content\/uploads\/2025\/04\/banner_ldN_web-300x169.jpg 300w, https:\/\/www.entreculturas.org\/wp-content\/uploads\/2025\/04\/banner_ldN_web-1024x576.jpg 1024w, https:\/\/www.entreculturas.org\/wp-content\/uploads\/2025\/04\/banner_ldN_web-768x432.jpg 768w, https:\/\/www.entreculturas.org\/wp-content\/uploads\/2025\/04\/banner_ldN_web-1536x864.jpg 1536w\" sizes=\"(max-width: 2000px) 100vw, 2000px\" \/><span aria-hidden=\"true\" class=\"wp-block-cover__background has-black-background-color has-background-dim-30 has-background-dim\"><\/span><div class=\"wp-block-cover__inner-container is-layout-flow wp-block-cover-is-layout-flow\">\n<div class=\"wp-block-group has-global-padding is-layout-constrained wp-container-core-group-is-layout-4dcaaabf wp-block-group-is-layout-constrained\">\n<div class=\"wp-block-group transicion-carga animacion-header has-global-padding is-content-justification-left is-layout-constrained wp-container-core-group-is-layout-24085bb3 wp-block-group-is-layout-constrained\" style=\"margin-top:0px;padding-right:0;padding-left:0\">\n<h1 class=\"wp-block-heading has-white-color has-text-color has-link-color wp-elements-3466c718fec588297fab60ec226f0648\" id=\"h-la-llum-de-les-nenes\">La LLUM de les NENES<\/h1>\n\n\n\n<div class=\"wp-block-buttons is-layout-flex wp-block-buttons-is-layout-flex\">\n<div class=\"wp-block-button\"><a class=\"wp-block-button__link has-background wp-element-button\" href=\"https:\/\/www.entreculturas.org\/hazte-socio-a-luz-de-las-ninas\/\" style=\"background-color:#a68035\" target=\"_blank\" rel=\"noreferrer noopener\">COL\u00b7LABORA<\/a><\/div>\n<\/div>\n<\/div>\n<\/div>\n<\/div><\/div>\n\n\n\n<div class=\"wp-block-group rounded-shadow has-white-background-color has-background has-global-padding is-layout-constrained wp-container-core-group-is-layout-06355609 wp-block-group-is-layout-constrained\" style=\"margin-top:0;margin-bottom:0;padding-top:var(--wp--preset--spacing--40);padding-right:var(--wp--preset--spacing--40);padding-bottom:var(--wp--preset--spacing--70);padding-left:var(--wp--preset--spacing--40)\">\n<div class=\"wp-block-group has-global-padding is-layout-constrained wp-container-core-group-is-layout-69ca767f wp-block-group-is-layout-constrained\">\n<h3 class=\"wp-block-heading has-text-align-center\" id=\"h-la-llum-de-les-nenes-0\" style=\"margin-bottom:var(--wp--preset--spacing--30)\">La LLUM de les NENES<\/h3>\n\n\n\n<p class=\"has-text-align-left font-size-14\" style=\"font-size:20px\"><strong>La LLUM de les NENES<\/strong> \u00e9s una iniciativa d\u2019<strong>Entreculturas<\/strong> que, juntament amb Fe y Alegr\u00eda (FyA) i el JRS, busca erradicar la viol\u00e8ncia envers les nenes arreu del m\u00f3n. Fins ara hem at\u00e8s i acompanyat m\u00e9s de <strong>71.000 nenes<\/strong> a trav\u00e9s de projectes en<strong> 20 pa\u00efsos<\/strong>, entre els quals la Rep\u00fablica Democr\u00e0tica del Congo, la Rep\u00fablica Centreafricana, Sudan del Sud, Txad, Kenya, Guatemala, Nicaragua, Hait\u00ed, El Salvador, Hondures i el Per\u00fa.<\/p>\n\n\n\n<p class=\"has-text-align-left font-size-14\" style=\"font-size:20px\"><\/p>\n<\/div>\n<\/div>\n\n\n\n<div class=\"wp-block-group has-global-padding is-layout-constrained wp-container-core-group-is-layout-12529e80 wp-block-group-is-layout-constrained\" style=\"padding-top:var(--wp--preset--spacing--60);padding-bottom:var(--wp--preset--spacing--60)\">\n<figure class=\"wp-block-embed is-type-video is-provider-youtube wp-block-embed-youtube wp-embed-aspect-16-9 wp-has-aspect-ratio\"><div class=\"wp-block-embed__wrapper\">\n<iframe loading=\"lazy\" title=\"Sanas y Salvas frente al Matrimonio Infantil\" width=\"500\" height=\"281\" src=\"https:\/\/www.youtube.com\/embed\/8aYUfAZOvgA?feature=oembed\" frameborder=\"0\" allow=\"accelerometer; autoplay; clipboard-write; encrypted-media; gyroscope; picture-in-picture; web-share\" referrerpolicy=\"strict-origin-when-cross-origin\" allowfullscreen><\/iframe>\n<\/div><\/figure>\n<\/div>\n\n\n\n<div class=\"wp-block-group has-global-padding is-layout-constrained wp-container-core-group-is-layout-e8f74c62 wp-block-group-is-layout-constrained\" style=\"padding-top:var(--wp--preset--spacing--60);padding-bottom:var(--wp--preset--spacing--60)\">\n<div class=\"wp-block-group is-vertical is-content-justification-center is-layout-flex wp-container-core-group-is-layout-da2ee355 wp-block-group-is-layout-flex\" style=\"padding-top:var(--wp--preset--spacing--70);padding-right:0;padding-bottom:var(--wp--preset--spacing--70);padding-left:0\">\n<figure class=\"wp-block-image size-full\"><img decoding=\"async\" width=\"38\" height=\"37\" src=\"https:\/\/www.entreculturas.org\/wp-content\/uploads\/2024\/07\/star.png\" alt=\"\" class=\"wp-image-27571\"\/><\/figure>\n\n\n\n<p class=\"has-text-align-center text-wrap-balance has-gray-entreculturas-color has-text-color\" style=\"font-size:2.5rem;font-style:normal;font-weight:700;line-height:1.1\">Els nostres objectius<\/p>\n\n\n\n<p class=\"has-text-align-center\">Les nenes tenen dret a una inf\u00e0ncia amb igualtat d\u2019oportunitats, lliure de pors, amenaces i viol\u00e8ncia<\/p>\n<\/div>\n<\/div>\n\n\n\n<div class=\"wp-block-group group-nuestras-causas-mobile-home has-global-padding is-content-justification-center is-layout-constrained wp-container-core-group-is-layout-e7aee6d0 wp-block-group-is-layout-constrained\" style=\"margin-top:0;margin-bottom:var(--wp--preset--spacing--80);padding-right:var(--wp--preset--spacing--40);padding-left:var(--wp--preset--spacing--40)\">\n<div class=\"wp-block-group has-global-padding is-layout-constrained wp-block-group-is-layout-constrained\">\n<div class=\"wp-block-columns is-layout-flex wp-container-core-columns-is-layout-7fc3d43a wp-block-columns-is-layout-flex\">\n<div class=\"wp-block-column is-layout-flow wp-container-core-column-is-layout-b108c007 wp-block-column-is-layout-flow\" style=\"padding-right:0;padding-left:0\">\n<div class=\"wp-block-group has-white-background-color has-background has-global-padding is-layout-constrained wp-container-core-group-is-layout-d8ac0a4d wp-block-group-is-layout-constrained\" style=\"border-radius:15px;margin-top:0;padding-top:0;padding-right:0;padding-bottom:var(--wp--preset--spacing--50);padding-left:0\">\n<figure class=\"wp-block-image aligncenter size-full has-custom-border\"><img decoding=\"async\" width=\"2048\" height=\"1365\" src=\"https:\/\/www.entreculturas.org\/wp-content\/uploads\/2024\/07\/lldln-galeria-1.jpg\" alt=\"\" class=\"wp-image-27983\" style=\"border-top-left-radius:15px;border-top-right-radius:15px;border-bottom-left-radius:0px;border-bottom-right-radius:0px;aspect-ratio:4\/3;object-fit:cover\" srcset=\"https:\/\/www.entreculturas.org\/wp-content\/uploads\/2024\/07\/lldln-galeria-1.jpg 2048w, https:\/\/www.entreculturas.org\/wp-content\/uploads\/2024\/07\/lldln-galeria-1-300x200.jpg 300w, https:\/\/www.entreculturas.org\/wp-content\/uploads\/2024\/07\/lldln-galeria-1-1024x683.jpg 1024w, https:\/\/www.entreculturas.org\/wp-content\/uploads\/2024\/07\/lldln-galeria-1-768x512.jpg 768w, https:\/\/www.entreculturas.org\/wp-content\/uploads\/2024\/07\/lldln-galeria-1-1536x1024.jpg 1536w\" sizes=\"(max-width: 2048px) 100vw, 2048px\" \/><\/figure>\n\n\n\n<div class=\"wp-block-group has-global-padding is-layout-constrained wp-block-group-is-layout-constrained\" style=\"margin-top:var(--wp--preset--spacing--30);margin-bottom:0\">\n<p class=\"has-text-align-center\" style=\"font-style:normal;font-weight:700\">Visibilitzar la desigualtat que pateixen les nenes<\/p>\n<\/div>\n<\/div>\n<\/div>\n\n\n\n<div class=\"wp-block-column is-layout-flow wp-container-core-column-is-layout-b108c007 wp-block-column-is-layout-flow\" style=\"padding-right:0;padding-left:0\">\n<div class=\"wp-block-group has-white-background-color has-background has-global-padding is-layout-constrained wp-container-core-group-is-layout-d8ac0a4d wp-block-group-is-layout-constrained\" style=\"border-radius:15px;margin-top:0;padding-top:0;padding-right:0;padding-bottom:var(--wp--preset--spacing--50);padding-left:0\">\n<figure class=\"wp-block-image aligncenter size-full has-custom-border\"><img decoding=\"async\" width=\"2560\" height=\"1920\" src=\"https:\/\/www.entreculturas.org\/wp-content\/uploads\/2024\/07\/lldln-galeria-2-1.jpg\" alt=\"\" class=\"wp-image-27987\" style=\"border-top-left-radius:15px;border-top-right-radius:15px;border-bottom-left-radius:0px;border-bottom-right-radius:0px;aspect-ratio:4\/3;object-fit:cover\" srcset=\"https:\/\/www.entreculturas.org\/wp-content\/uploads\/2024\/07\/lldln-galeria-2-1.jpg 2560w, https:\/\/www.entreculturas.org\/wp-content\/uploads\/2024\/07\/lldln-galeria-2-1-300x225.jpg 300w, https:\/\/www.entreculturas.org\/wp-content\/uploads\/2024\/07\/lldln-galeria-2-1-1024x768.jpg 1024w, https:\/\/www.entreculturas.org\/wp-content\/uploads\/2024\/07\/lldln-galeria-2-1-768x576.jpg 768w, https:\/\/www.entreculturas.org\/wp-content\/uploads\/2024\/07\/lldln-galeria-2-1-1536x1152.jpg 1536w, https:\/\/www.entreculturas.org\/wp-content\/uploads\/2024\/07\/lldln-galeria-2-1-2048x1536.jpg 2048w\" sizes=\"(max-width: 2560px) 100vw, 2560px\" \/><\/figure>\n\n\n\n<div class=\"wp-block-group has-global-padding is-layout-constrained wp-container-core-group-is-layout-2d296efa wp-block-group-is-layout-constrained\" style=\"margin-top:var(--wp--preset--spacing--30);margin-bottom:0;padding-right:var(--wp--preset--spacing--60);padding-left:var(--wp--preset--spacing--60)\">\n<p class=\"has-text-align-center\" style=\"font-style:normal;font-weight:700\">Protegir-les davant de la viol\u00e8ncia<\/p>\n<\/div>\n<\/div>\n<\/div>\n\n\n\n<div class=\"wp-block-column is-layout-flow wp-container-core-column-is-layout-b108c007 wp-block-column-is-layout-flow\" style=\"padding-right:0;padding-left:0\">\n<div class=\"wp-block-group has-white-background-color has-background has-global-padding is-layout-constrained wp-container-core-group-is-layout-d8ac0a4d wp-block-group-is-layout-constrained\" style=\"border-radius:15px;margin-top:0;padding-top:0;padding-right:0;padding-bottom:var(--wp--preset--spacing--50);padding-left:0\">\n<figure class=\"wp-block-image aligncenter size-full has-custom-border\"><img decoding=\"async\" width=\"2560\" height=\"1707\" src=\"https:\/\/www.entreculturas.org\/wp-content\/uploads\/2025\/09\/IMG_0162-scaled.jpg\" alt=\"\" class=\"wp-image-47855\" style=\"border-top-left-radius:15px;border-top-right-radius:15px;border-bottom-left-radius:0px;border-bottom-right-radius:0px;aspect-ratio:4\/3;object-fit:cover\" srcset=\"https:\/\/www.entreculturas.org\/wp-content\/uploads\/2025\/09\/IMG_0162-scaled.jpg 2560w, https:\/\/www.entreculturas.org\/wp-content\/uploads\/2025\/09\/IMG_0162-300x200.jpg 300w, https:\/\/www.entreculturas.org\/wp-content\/uploads\/2025\/09\/IMG_0162-1024x683.jpg 1024w, https:\/\/www.entreculturas.org\/wp-content\/uploads\/2025\/09\/IMG_0162-768x512.jpg 768w, https:\/\/www.entreculturas.org\/wp-content\/uploads\/2025\/09\/IMG_0162-1536x1024.jpg 1536w, https:\/\/www.entreculturas.org\/wp-content\/uploads\/2025\/09\/IMG_0162-2048x1365.jpg 2048w\" sizes=\"(max-width: 2560px) 100vw, 2560px\" \/><\/figure>\n\n\n\n<div class=\"wp-block-group has-global-padding is-layout-constrained wp-block-group-is-layout-constrained\" style=\"margin-top:var(--wp--preset--spacing--30);margin-bottom:0\">\n<p class=\"has-text-align-center\" style=\"font-style:normal;font-weight:700\">Valorar la capacitat per triar el futur<\/p>\n<\/div>\n<\/div>\n<\/div>\n\n\n\n<div class=\"wp-block-column is-layout-flow wp-container-core-column-is-layout-b108c007 wp-block-column-is-layout-flow\" style=\"padding-right:0;padding-left:0\">\n<div class=\"wp-block-group has-white-background-color has-background has-global-padding is-layout-constrained wp-container-core-group-is-layout-d8ac0a4d wp-block-group-is-layout-constrained\" style=\"border-radius:15px;margin-top:0;padding-top:0;padding-right:0;padding-bottom:var(--wp--preset--spacing--50);padding-left:0\">\n<figure class=\"wp-block-image aligncenter size-full has-custom-border\"><img decoding=\"async\" width=\"2560\" height=\"1707\" src=\"https:\/\/www.entreculturas.org\/wp-content\/uploads\/2024\/07\/lldl-galeria-3-1.jpg\" alt=\"\" class=\"wp-image-27991\" style=\"border-top-left-radius:15px;border-top-right-radius:15px;border-bottom-left-radius:0px;border-bottom-right-radius:0px;aspect-ratio:4\/3;object-fit:cover\" srcset=\"https:\/\/www.entreculturas.org\/wp-content\/uploads\/2024\/07\/lldl-galeria-3-1.jpg 2560w, https:\/\/www.entreculturas.org\/wp-content\/uploads\/2024\/07\/lldl-galeria-3-1-300x200.jpg 300w, https:\/\/www.entreculturas.org\/wp-content\/uploads\/2024\/07\/lldl-galeria-3-1-1024x683.jpg 1024w, https:\/\/www.entreculturas.org\/wp-content\/uploads\/2024\/07\/lldl-galeria-3-1-768x512.jpg 768w, https:\/\/www.entreculturas.org\/wp-content\/uploads\/2024\/07\/lldl-galeria-3-1-1536x1024.jpg 1536w, https:\/\/www.entreculturas.org\/wp-content\/uploads\/2024\/07\/lldl-galeria-3-1-2048x1366.jpg 2048w\" sizes=\"(max-width: 2560px) 100vw, 2560px\" \/><\/figure>\n\n\n\n<div class=\"wp-block-group has-global-padding is-layout-constrained wp-block-group-is-layout-constrained\" style=\"margin-top:var(--wp--preset--spacing--30);margin-bottom:0\">\n<p class=\"has-text-align-center\" style=\"font-style:normal;font-weight:700\">Incidir per transformar les causes d&#8217;aquesta injust\u00edcia<\/p>\n<\/div>\n<\/div>\n<\/div>\n<\/div>\n<\/div>\n<\/div>\n\n\n\n<div class=\"wp-block-group has-global-padding is-layout-constrained wp-block-group-is-layout-constrained\" style=\"margin-bottom:var(--wp--preset--spacing--70)\">\n<div class=\"wp-block-buttons is-content-justification-center is-layout-flex wp-container-core-buttons-is-layout-d8c0be80 wp-block-buttons-is-layout-flex\" style=\"margin-top:var(--wp--preset--spacing--40)\">\n<div class=\"wp-block-button boton-dorado is-style-fill\"><a class=\"wp-block-button__link has-white-color has-text-color has-background has-link-color has-open-sans-font-family has-custom-font-size wp-element-button\" href=\"https:\/\/www.entreculturas.org\/ca\/la-llum-de-les-nenes\/com-actuar\/\" style=\"border-width:2px;border-radius:5px;background-color:#a68035;padding-top:10px;padding-right:30px;padding-bottom:10px;padding-left:30px;font-size:16px;font-style:normal;font-weight:600\">Coneix la nostra intervenci\u00f3<\/a><\/div>\n<\/div>\n<\/div>\n\n\n\n<div class=\"wp-block-group has-global-padding is-layout-constrained wp-block-group-is-layout-constrained\">\n<h2 class=\"wp-block-heading has-text-align-center has-x-large-font-size\" id=\"h-la-violencia-contra-les-nenes-en-xifres\" style=\"padding-right:20px;padding-left:20px\">La viol\u00e8ncia contra les nenes en xifres<\/h2>\n\n\n\n<div class=\"wp-block-group has-global-padding is-layout-constrained wp-container-core-group-is-layout-eee0ce2b wp-block-group-is-layout-constrained\" style=\"margin-top:0;margin-bottom:var(--wp--preset--spacing--80);padding-right:20px;padding-left:20px\">\n<div class=\"wp-block-group padding-cifras-numero-bloque has-background has-global-padding is-layout-constrained wp-container-core-group-is-layout-b4f26eae wp-block-group-is-layout-constrained\" style=\"border-radius:15px;background-color:#a68035;margin-top:var(--wp--preset--spacing--30);padding-top:var(--wp--preset--spacing--30);padding-right:var(--wp--preset--spacing--60);padding-bottom:var(--wp--preset--spacing--30);padding-left:var(--wp--preset--spacing--60)\">\n<div class=\"wp-block-columns is-layout-flex wp-container-core-columns-is-layout-28f84493 wp-block-columns-is-layout-flex\">\n<div class=\"wp-block-column margen-cifras-numeros is-layout-flow wp-block-column-is-layout-flow\">\n<div class=\"wp-block-group is-vertical is-content-justification-center is-layout-flex wp-container-core-group-is-layout-ce155fab wp-block-group-is-layout-flex\">\n<p class=\"has-white-color has-text-color\" style=\"font-size:53px;font-style:normal;font-weight:900\"><\/p><p data-count=\"200\" class=\"bloque-cifras-numeros counter has-white-color has-text-color\" style=\"font-size:53px;font-style:normal;font-weight:900\">0<\/p>\n\n\n\n<p class=\"has-text-align-center has-white-color has-text-color has-medium-font-size\" style=\"font-style:normal;font-weight:700\">Milions de nenes<br>han patit mutilaci\u00f3<br>genital femenina<\/p>\n<\/div>\n<\/div>\n\n\n\n<div class=\"wp-block-column margen-cifras-numeros is-layout-flow wp-block-column-is-layout-flow\">\n<div class=\"wp-block-group is-vertical is-content-justification-center is-layout-flex wp-container-core-group-is-layout-ce155fab wp-block-group-is-layout-flex\">\n<p class=\"has-white-color has-text-color\" style=\"font-size:53px;font-style:normal;font-weight:900\"><\/p><p data-count=\"12\" class=\"bloque-cifras-numeros counter has-white-color has-text-color\" style=\"font-size:53px;font-style:normal;font-weight:900\">0<\/p>\n\n\n\n<p class=\"has-text-align-center has-white-color has-text-color has-medium-font-size\" style=\"font-style:normal;font-weight:700\"><strong>Millions de nenes<\/strong><br>s\u00f3n casadesfor\u00e7ades a casar-se cada any abans de complir els 18 anys<\/p>\n<\/div>\n<\/div>\n\n\n\n<div class=\"wp-block-column margen-cifras-numeros is-layout-flow wp-block-column-is-layout-flow\">\n<div class=\"wp-block-group is-vertical is-content-justification-center is-layout-flex wp-container-core-group-is-layout-ce155fab wp-block-group-is-layout-flex\">\n<p class=\"has-white-color has-text-color\" style=\"font-size:53px;font-style:normal;font-weight:900\">\n        <\/p><p data-count=\"150\" class=\"bloque-cifras-numeros counter has-white-color has-text-color\" style=\"font-size:53px;font-style:normal;font-weight:900\">0<\/p>\n\n\n\n<p class=\"has-text-align-center has-white-color has-text-color has-medium-font-size\" style=\"font-style:normal;font-weight:700\">Milions de nenes<br>han patit viol\u00e8ncia<br>sexual<\/p>\n<\/div>\n<\/div>\n<\/div>\n\n\n\n<script>document.addEventListener('DOMContentLoaded', function() {\n        const counters = document.querySelectorAll('.counter');\n        const duration = 1500; \/\/ Duraci\u00f3n total de la animaci\u00f3n en milisegundos\n        const frameRate = 60; \/\/ FPS\n    \n        const easeOutCubic = t => 1 - Math.pow(1 - t, 3);\n    \n        const updateCount = (counter, startTime, initialCount) => {\n            const target = +counter.getAttribute('data-count');\n            const count = +counter.innerText.replace('.', '');\n            const elapsed = Date.now() - startTime;\n            const progress = Math.min(elapsed \/ duration, 1);\n            const easedProgress = easeOutCubic(progress);\n    \n            \/\/ Ajustar el valor inicial de la cuenta\n            const nextCount = Math.floor(easedProgress * (target - initialCount)) + initialCount;\n    \n            if (count <target) { counter.innerText = nextCount.toLocaleString('es-ES').split(',').join('.'); requestAnimationFrame(() => updateCount(counter, startTime, initialCount));\n            } else {\n                counter.innerText = target.toLocaleString('es-ES').split(',').join('.');\n            }\n        };\n        \n        const observer = new IntersectionObserver((entries) => {\n            entries.forEach(entry => {\n                if (entry.isIntersecting) {\n                    const initialCount = +entry.target.innerText.replace('.', '');\n                    updateCount(entry.target, Date.now(), initialCount);\n                    observer.unobserve(entry.target);  \n                }\n            });\n        });\n    \n        counters.forEach(counter => {\n            observer.observe(counter);\n        });\n    });\n    <\/script>\n<\/div>\n<\/div>\n<\/div>\n\n\n\n\n\n\n\n\n\n<div class=\"country-placeholder\"><div class=\"canvas-container\" data-countries=\"[33374,33367,33357,33349,33337,33331,33325,33317,33308,33286,33277,33274,33269,33263]\" data-map-image-url=\"https:\/\/www.entreculturas.org\/wp-content\/uploads\/2024\/09\/mapa-dorado-claro.svg\" data-point-image-url=\"https:\/\/www.entreculturas.org\/wp-content\/uploads\/2024\/09\/punto_activo_dorado.svg\" data-title=\"Explorar on treballem\" data-subtitle=\"Pinxa sobre cada punt per obtenir informaci\u00f3:\" data-default-country=\"32478\" data-overlay-box=\"#a68035\" data-acf-data=\"{&quot;33263&quot;:{&quot;name&quot;:&quot;Per\u00fa&quot;,&quot;x&quot;:&quot;-9.189967&quot;,&quot;y&quot;:&quot;-70.015152&quot;,&quot;causas&quot;:[],&quot;ubicacion_campo&quot;:&quot;top&quot;,&quot;margen_superior&quot;:&quot;-30&quot;,&quot;margen_izquierda&quot;:&quot;0&quot;,&quot;proyectos&quot;:&quot;&quot;,&quot;financiacion&quot;:&quot;&quot;,&quot;personas&quot;:&quot;&quot;,&quot;organizaciones&quot;:&quot;&quot;,&quot;descripcion&quot;:&quot;&quot;,&quot;imagen&quot;:&quot;&quot;},&quot;33269&quot;:{&quot;name&quot;:&quot;Sud\u00e1n del Sur&quot;,&quot;x&quot;:&quot;20.877000&quot;,&quot;y&quot;:&quot;30.307000&quot;,&quot;causas&quot;:[],&quot;ubicacion_campo&quot;:&quot;top&quot;,&quot;margen_superior&quot;:&quot;-30&quot;,&quot;margen_izquierda&quot;:&quot;0&quot;,&quot;proyectos&quot;:&quot;&quot;,&quot;financiacion&quot;:&quot;&quot;,&quot;personas&quot;:&quot;&quot;,&quot;organizaciones&quot;:&quot;&quot;,&quot;descripcion&quot;:&quot;&quot;,&quot;imagen&quot;:&quot;&quot;},&quot;33274&quot;:{&quot;name&quot;:&quot;Kenia&quot;,&quot;x&quot;:&quot;7.023559&quot;,&quot;y&quot;:&quot;35.906193&quot;,&quot;causas&quot;:[],&quot;ubicacion_campo&quot;:&quot;top&quot;,&quot;margen_superior&quot;:&quot;-30&quot;,&quot;margen_izquierda&quot;:&quot;0&quot;,&quot;proyectos&quot;:&quot;&quot;,&quot;financiacion&quot;:&quot;&quot;,&quot;personas&quot;:&quot;&quot;,&quot;organizaciones&quot;:&quot;&quot;,&quot;descripcion&quot;:&quot;&quot;,&quot;imagen&quot;:&quot;&quot;},&quot;33277&quot;:{&quot;name&quot;:&quot;Uganda&quot;,&quot;x&quot;:&quot;8.947890&quot;,&quot;y&quot;:&quot;33.742736&quot;,&quot;causas&quot;:[],&quot;ubicacion_campo&quot;:&quot;top&quot;,&quot;margen_superior&quot;:&quot;-30&quot;,&quot;margen_izquierda&quot;:&quot;0&quot;,&quot;proyectos&quot;:&quot;&quot;,&quot;financiacion&quot;:&quot;&quot;,&quot;personas&quot;:&quot;&quot;,&quot;organizaciones&quot;:&quot;&quot;,&quot;descripcion&quot;:&quot;&quot;,&quot;imagen&quot;:&quot;&quot;},&quot;33286&quot;:{&quot;name&quot;:&quot;Etiop\u00eda&quot;,&quot;x&quot;:&quot;14.145000&quot;,&quot;y&quot;:&quot;34.489673&quot;,&quot;causas&quot;:[],&quot;ubicacion_campo&quot;:&quot;top&quot;,&quot;margen_superior&quot;:&quot;-30&quot;,&quot;margen_izquierda&quot;:&quot;0&quot;,&quot;proyectos&quot;:&quot;&quot;,&quot;financiacion&quot;:&quot;&quot;,&quot;personas&quot;:&quot;&quot;,&quot;organizaciones&quot;:&quot;&quot;,&quot;descripcion&quot;:&quot;&quot;,&quot;imagen&quot;:&quot;&quot;},&quot;33308&quot;:{&quot;name&quot;:&quot;Hondures&quot;,&quot;x&quot;:&quot;22.199999&quot;,&quot;y&quot;:&quot;-83.241905&quot;,&quot;causas&quot;:[],&quot;ubicacion_campo&quot;:&quot;top&quot;,&quot;margen_superior&quot;:&quot;-30&quot;,&quot;margen_izquierda&quot;:&quot;0&quot;,&quot;proyectos&quot;:&quot;&quot;,&quot;financiacion&quot;:&quot;&quot;,&quot;personas&quot;:&quot;&quot;,&quot;organizaciones&quot;:&quot;&quot;,&quot;descripcion&quot;:&quot;&quot;,&quot;imagen&quot;:&quot;&quot;},&quot;33317&quot;:{&quot;name&quot;:&quot;Nicaragua&quot;,&quot;x&quot;:&quot;13.865416&quot;,&quot;y&quot;:&quot;-80.207229&quot;,&quot;causas&quot;:[],&quot;ubicacion_campo&quot;:&quot;top&quot;,&quot;margen_superior&quot;:&quot;-30&quot;,&quot;margen_izquierda&quot;:&quot;0&quot;,&quot;proyectos&quot;:&quot;&quot;,&quot;financiacion&quot;:&quot;&quot;,&quot;personas&quot;:&quot;&quot;,&quot;organizaciones&quot;:&quot;&quot;,&quot;descripcion&quot;:&quot;&quot;,&quot;imagen&quot;:&quot;&quot;},&quot;33325&quot;:{&quot;name&quot;:&quot;Rep\u00fablica Dominicana&quot;,&quot;x&quot;:&quot;20.735693&quot;,&quot;y&quot;:&quot;-64.162651&quot;,&quot;causas&quot;:[],&quot;ubicacion_campo&quot;:&quot;top&quot;,&quot;margen_superior&quot;:&quot;-30&quot;,&quot;margen_izquierda&quot;:&quot;0&quot;,&quot;proyectos&quot;:&quot;&quot;,&quot;financiacion&quot;:&quot;&quot;,&quot;personas&quot;:&quot;&quot;,&quot;organizaciones&quot;:&quot;&quot;,&quot;descripcion&quot;:&quot;&quot;,&quot;imagen&quot;:&quot;&quot;},&quot;33331&quot;:{&quot;name&quot;:&quot;R.D. del Congo&quot;,&quot;x&quot;:&quot;-4.038333&quot;,&quot;y&quot;:&quot;21.758664&quot;,&quot;causas&quot;:[],&quot;ubicacion_campo&quot;:&quot;top&quot;,&quot;margen_superior&quot;:&quot;-30&quot;,&quot;margen_izquierda&quot;:&quot;0&quot;,&quot;proyectos&quot;:&quot;&quot;,&quot;financiacion&quot;:&quot;&quot;,&quot;personas&quot;:&quot;&quot;,&quot;organizaciones&quot;:&quot;&quot;,&quot;descripcion&quot;:&quot;&quot;,&quot;imagen&quot;:&quot;&quot;},&quot;33337&quot;:{&quot;name&quot;:&quot;Guatemala&quot;,&quot;x&quot;:&quot;19.783471&quot;,&quot;y&quot;:&quot;-87.230759&quot;,&quot;causas&quot;:[],&quot;ubicacion_campo&quot;:&quot;top&quot;,&quot;margen_superior&quot;:&quot;-30&quot;,&quot;margen_izquierda&quot;:&quot;0&quot;,&quot;proyectos&quot;:&quot;&quot;,&quot;financiacion&quot;:&quot;&quot;,&quot;personas&quot;:&quot;&quot;,&quot;organizaciones&quot;:&quot;&quot;,&quot;descripcion&quot;:&quot;&quot;,&quot;imagen&quot;:&quot;&quot;},&quot;33349&quot;:{&quot;name&quot;:&quot;El Salvador&quot;,&quot;x&quot;:&quot;15.794185&quot;,&quot;y&quot;:&quot;-83.896530&quot;,&quot;causas&quot;:[],&quot;ubicacion_campo&quot;:&quot;top&quot;,&quot;margen_superior&quot;:&quot;-30&quot;,&quot;margen_izquierda&quot;:&quot;0&quot;,&quot;proyectos&quot;:&quot;&quot;,&quot;financiacion&quot;:&quot;&quot;,&quot;personas&quot;:&quot;&quot;,&quot;organizaciones&quot;:&quot;&quot;,&quot;descripcion&quot;:&quot;&quot;,&quot;imagen&quot;:&quot;&quot;},&quot;33357&quot;:{&quot;name&quot;:&quot;Hait\u00ed&quot;,&quot;x&quot;:&quot;20.971187&quot;,&quot;y&quot;:&quot;-68.785215&quot;,&quot;causas&quot;:[],&quot;ubicacion_campo&quot;:&quot;top&quot;,&quot;margen_superior&quot;:&quot;-30&quot;,&quot;margen_izquierda&quot;:&quot;0&quot;,&quot;proyectos&quot;:&quot;&quot;,&quot;financiacion&quot;:&quot;&quot;,&quot;personas&quot;:&quot;&quot;,&quot;organizaciones&quot;:&quot;&quot;,&quot;descripcion&quot;:&quot;&quot;,&quot;imagen&quot;:&quot;&quot;},&quot;33367&quot;:{&quot;name&quot;:&quot;Ecuador&quot;,&quot;x&quot;:&quot;-1.831239&quot;,&quot;y&quot;:&quot;-74.183406&quot;,&quot;causas&quot;:[],&quot;ubicacion_campo&quot;:&quot;top&quot;,&quot;margen_superior&quot;:&quot;-30&quot;,&quot;margen_izquierda&quot;:&quot;0&quot;,&quot;proyectos&quot;:&quot;&quot;,&quot;financiacion&quot;:&quot;&quot;,&quot;personas&quot;:&quot;&quot;,&quot;organizaciones&quot;:&quot;&quot;,&quot;descripcion&quot;:&quot;&quot;,&quot;imagen&quot;:&quot;&quot;},&quot;33374&quot;:{&quot;name&quot;:&quot;Chad&quot;,&quot;x&quot;:&quot;18.454166&quot;,&quot;y&quot;:&quot;15.732207&quot;,&quot;causas&quot;:[],&quot;ubicacion_campo&quot;:&quot;top&quot;,&quot;margen_superior&quot;:&quot;-30&quot;,&quot;margen_izquierda&quot;:&quot;0&quot;,&quot;proyectos&quot;:&quot;&quot;,&quot;financiacion&quot;:&quot;&quot;,&quot;personas&quot;:&quot;&quot;,&quot;organizaciones&quot;:&quot;&quot;,&quot;descripcion&quot;:&quot;&quot;,&quot;imagen&quot;:&quot;&quot;}}\"><div id=\"loading-spinner\" class=\"loading-spinner\" style=\"display: none;\"><div class=\"spinner\"><\/div><\/div><div class=\"map-overlay\" style=\"background-color:;opacity:0.3\"><\/div><div id=\"map\"><\/div><\/div><\/div>\n\n\n\n<div class=\"wp-block-group is-content-justification-center is-nowrap is-layout-flex wp-container-core-group-is-layout-7a2cd8f2 wp-block-group-is-layout-flex\" style=\"margin-top:var(--wp--preset--spacing--80);margin-bottom:var(--wp--preset--spacing--80);padding-right:var(--wp--preset--spacing--50);padding-left:var(--wp--preset--spacing--50)\">\n<figure class=\"wp-block-image size-full\"><img decoding=\"async\" src=\"https:\/\/www.entreculturas.org\/wp-content\/uploads\/2023\/11\/logo-entreculturas-nuevo-1.svg\" alt=\"\" class=\"wp-image-1834\"\/><\/figure>\n\n\n\n<figure class=\"wp-block-image size-full\"><img decoding=\"async\" width=\"193\" height=\"61\" src=\"https:\/\/www.entreculturas.org\/wp-content\/uploads\/2024\/07\/logo-white-1-1.png\" alt=\"\" class=\"wp-image-28016\"\/><\/figure>\n\n\n\n<figure class=\"wp-block-image size-full\"><img decoding=\"async\" width=\"227\" height=\"84\" src=\"https:\/\/www.entreculturas.org\/wp-content\/uploads\/2024\/05\/logo-fe-alegria-rojo-1.png\" alt=\"\" class=\"wp-image-24915\"\/><\/figure>\n<\/div>\n\n\n\n<div id=\"newsletter-empresas\" class=\"wp-block-group has-global-padding is-layout-constrained wp-container-core-group-is-layout-eee0ce2b wp-block-group-is-layout-constrained\" style=\"margin-top:0;margin-bottom:var(--wp--preset--spacing--80);padding-right:20px;padding-left:20px\"><\/div>\n\n\n\n<div class=\"wp-block-group has-global-padding is-layout-constrained wp-container-core-group-is-layout-f047d2e0 wp-block-group-is-layout-constrained\" style=\"margin-bottom:var(--wp--preset--spacing--70);padding-right:20px;padding-left:20px\">\n<section class=\"accordion__block\"><input type=\"checkbox\" id=\"uvfilx7jm0os6pez9a6oc\" class=\"accordion__checkbox\"\/><label for=\"uvfilx7jm0os6pez9a6oc\" class=\"wp-block-theme-blocks-newsletter has-white-color has-red-background-color has-text-color has-background\"><p>Vols rebre informaci\u00f3 sobre La LLUM de les NENES?<\/p><a class=\"wp-block-button__link has-white-color has-red-background-color has-text-color has-background has-border-color has-white-border-color wp-element-button\" style=\"border-width:2px\">Subscriu-te a la newsletter<\/a><\/label><div class=\"accordion__content\">\n<div class=\"wp-block-group has-global-padding is-layout-constrained wp-container-core-group-is-layout-98a4a1e3 wp-block-group-is-layout-constrained\" style=\"margin-top:0;margin-bottom:var(--wp--preset--spacing--80)\">\n<div class=\"wp-block-group has-white-background-color has-background has-global-padding is-layout-constrained wp-block-group-is-layout-constrained\">\n<h2 class=\"wp-block-heading has-text-align-center font-size-20\" id=\"h-subscriu-te-a-la-newsletter\">Subscriu-te a la newsletter<\/h2>\n\n\n\n<div class=\"wp-block-columns are-vertically-aligned-center is-layout-flex wp-container-core-columns-is-layout-4e1bd393 wp-block-columns-is-layout-flex\" style=\"padding-right:var(--wp--preset--spacing--60);padding-left:var(--wp--preset--spacing--60)\">\n<div class=\"wp-block-column is-vertically-aligned-center hide-on-mobile is-layout-flow wp-block-column-is-layout-flow\" style=\"flex-basis:100%\">\n<div class=\"wp-block-group has-global-padding is-layout-constrained wp-block-group-is-layout-constrained\" style=\"padding-top:var(--wp--preset--spacing--50);padding-bottom:var(--wp--preset--spacing--50)\">\n<div class=\"wp-block-cover is-light\" style=\"border-radius:15px\"><span aria-hidden=\"true\" class=\"wp-block-cover__background has-background-dim-0 has-background-dim\" style=\"background-color:#a0897b\"><\/span><img decoding=\"async\" width=\"508\" height=\"248\" class=\"wp-block-cover__image-background wp-image-31792\" alt=\"\" src=\"https:\/\/www.entreculturas.org\/wp-content\/uploads\/2024\/09\/FOTO-NEWSLETTER-NINAS.png\" data-object-fit=\"cover\" srcset=\"https:\/\/www.entreculturas.org\/wp-content\/uploads\/2024\/09\/FOTO-NEWSLETTER-NINAS.png 508w, https:\/\/www.entreculturas.org\/wp-content\/uploads\/2024\/09\/FOTO-NEWSLETTER-NINAS-300x146.png 300w\" sizes=\"(max-width: 508px) 100vw, 508px\" \/><div class=\"wp-block-cover__inner-container is-layout-flow wp-block-cover-is-layout-flow\">\n<p class=\"has-text-align-center cr-fotografo-small has-white-color has-text-color has-link-color has-small-font-size wp-elements-ffcbe4cfe7ff7badaaf9cfdd7238ad67\">\u00a9 Monteser\u00edn Fotografia<\/p>\n<\/div><\/div>\n\n\n\n<p class=\"cr-fotografo-small\"><\/p>\n<\/div>\n<\/div>\n\n\n\n<div class=\"wp-block-column is-vertically-aligned-center is-layout-flow wp-block-column-is-layout-flow\" style=\"flex-basis:100%\">\n<form style=\"padding-top:var(--wp--preset--spacing--60);padding-right:0;padding-bottom:var(--wp--preset--spacing--60);padding-left:0\" class=\"wp-block-theme-blocks-custom-form wp-container-content-a5fc19f1\" id=\"custom_form\" action=\"\/wp-admin\/admin-post.php?action=custom_form\" method=\"post\"><input type=\"hidden\" name=\"g-recaptcha-response\" id=\"g-recaptcha-response\" value=\"\"\/><input type=\"hidden\" name=\"thanks_page\" value=\"\/thank-you-page\"\/><input type=\"hidden\" name=\"groups[]\" value=\"eBoletin y Campa\u00f1as\"\/><input type=\"hidden\" name=\"groups[]\" value=\"148\"\/>\n<p>Si vols rebre la nostra newsletter mensual amb not\u00edcies actualitzades i accions sobre el programa La LLUM de les NENES, completa aquest formulari.<\/p>\n\n\n\n<input type=\"hidden\" name=\"group_\" value=\"148\"\/>\n\n\n\n<input type=\"hidden\" name=\"form_type\" value=\"10\"\/>\n\n\n\n<input type=\"hidden\" name=\"custom_68\" value=\"3\"\/>\n\n\n\n<div class=\"input-container\"><label>Nom<\/label><input type=\"text\" name=\"first_name\"\/><\/div>\n\n\n\n<div class=\"input-container\"><label>cognoms<\/label><input type=\"text\" name=\"last_name\"\/><\/div>\n\n\n\n<div class=\"input-container\"><label>correu electr\u00f2nic<\/label><input type=\"email\" name=\"email\"\/><\/div>\n\n\n\n<label class=\"acceptance\"><input type=\"checkbox\" required\/><span>Accepto la <a href=\"https:\/\/www.entreculturas.org\/ca\/politica-de-privadesa\/\" target=\"_blank\" rel=\"noreferrer noopener\">Pol\u00edtica de Privadesa<\/a> *<\/span><\/label>\n\n\n\n<p style=\"font-size:12px !important\">\n    Des d&#8217;ENTRECULTURES FE I ALEGRIA ESPANYA tractarem les dades aportades en qualitat de Responsable del tractament amb la finalitat de&#8230;\n    <a href=\"javascript:void(0);\" id=\"read-more-link\">Seguir llegint<\/a>.\n<\/p>\n<p class=\"hidden\" id=\"read-more\" style=\"display: none;font-size: 12px;\">\n    &#8230;enviar-vos la nostra newsletter mensual i informacions puntuals de les nostres accions i campanyes, en pro dels nostres objectius fundacionals, en base al consentiment oa l&#8217;execuci\u00f3 d&#8217;un acord. Pots exercir els teus drets enviant un correu electr\u00f2nic a datos@entreculturas.org amb l&#8217;assumpte &#8220;Protecci\u00f3 de Dades&#8221;\n<\/p>\n\n\n\n<script>document.addEventListener('DOMContentLoaded', function() {\n    document.getElementById('read-more-link').addEventListener('click', function() {\n        var readMoreContent = document.getElementById('read-more');\n        readMoreContent.style.display = 'block !important'; \/\/ Intenta sobrescribir con !important\n\n        \/\/ Si el m\u00e9todo anterior no funciona, utiliza setAttribute\n        if (readMoreContent.style.display !== 'block') {\n            readMoreContent.setAttribute('style', 'display: block !important; font-size: 12px;');\n        } else {\n            \/\/ Si ya est\u00e1 en 'block', solo ajusta el tama\u00f1o de fuente\n            readMoreContent.style.fontSize = '12px';\n        }\n\n        this.style.display = 'none'; \/\/ Opcional: oculta el enlace de \"Seguir leyendo\"\n    });\n});\n<\/script>\n\n\n\n<p class=\"hidden\" id=\"read-more\" style=\"font-size:12px\">Des d&#8217;ENTRECULTURES FE I ALEGRIA ESPANYA tractarem les dades aportades en qualitat de Responsable del tractament amb la finalitat de gestionar la nostra relaci\u00f3 amb tu, en pro dels nostres objectius fundacionals, sobre la base del consentiment o l&#8217;execuci\u00f3 d&#8217;un acord. Pots exercir els teus drets enviant un correu electr\u00f2nic a rgpd@entreculturas.org amb l&#8217;assumpte \u201cProtecci\u00f3 de Dades\u201d.<\/p>\n\n\n\n<div class=\"wp-block-group width-70-contacto justify-center-768 is-content-justification-right is-nowrap is-layout-flex wp-container-core-group-is-layout-17124a9a wp-block-group-is-layout-flex\">\n<button class=\"wp-block-button__link wp-element-button\">subscriure&#8217;m<\/button>\n<\/div>\n<\/form>\n<\/div>\n<\/div>\n<\/div>\n\n\n\n<script>document.addEventListener('DOMContentLoaded', function() {\n\t\tconst linkNews =  document.querySelector('.a-link-news a');\n\t\n\t\t\/\/si la pantalla es m\u00e1s peque\u00f1a que 768px cambiamos el texto del bot\u00f3n\nif(linkNews){\n\t\tif (window.innerWidth <768) { linkNews.innerHTML = 'Suscr\u00edbete aqu\u00ed'; } \/\/si la pantalla es m\u00e1s grande que 768px cambiamos el texto del bot\u00f3n if (window.innerWidth> 768) {\n\t\t\tlinkNews.innerHTML = 'Suscr\u00edbete a la newsletter';\n\t\t}\n\n\t\t\/\/Que tambien al hacer resize se cambie el texto del bot\u00f3n\n\t\twindow.addEventListener('resize', function() {\n\t\t\tif (window.innerWidth <768) { linkNews.innerHTML = 'Suscr\u00edbete aqu\u00ed'; } if (window.innerWidth> 768) {\n\t\t\t\tlinkNews.innerHTML = 'Suscr\u00edbete a la newsletter';\n\t\t\t}\n\t\t});\n}\n\t});\n\n<\/script>\n<\/div>\n<\/div><\/section>\n<\/div>\n\n\n\n<div class=\"wp-block-buttons mobile-fixed-button is-layout-flex wp-block-buttons-is-layout-flex\">\n<div class=\"wp-block-button\"><a class=\"wp-block-button__link wp-element-button\" href=\"https:\/\/www.entreculturas.org\/hazte-socio-a-luz-de-las-ninas\/?utm_medium=web&#038;utm_source=responsive&#038;utm_campaign=cta_responsive\">Fes-te soci\/a<\/a><\/div>\n<\/div>\n\n\n\n<style>\n@media (max-width: 768px) {\n  .mobile-fixed-button a {\n    max-height: 50px;\n    background-color: #a68035;\n  }\n}\n<\/style>\n\n\n\n<p><\/p>\n","protected":false},"excerpt":{"rendered":"<p>La LLUM de les NENES La LLUM de les NENES \u00e9s una iniciativa d\u2019Entreculturas que, juntament amb Fe y Alegr\u00eda (FyA) i el JRS, busca erradicar la viol\u00e8ncia envers les nenes arreu del m\u00f3n. Fins ara hem at\u00e8s i acompanyat m\u00e9s de 71.000 nenes a trav\u00e9s de projectes en 20 pa\u00efsos, entre els quals la Rep\u00fablica Democr\u00e0tica del Congo, la Rep\u00fablica Centreafricana, Sudan del Sud, Txad, Kenya, Guatemala, Nicaragua, Hait\u00ed, El Salvador, Hondures i el Per\u00fa. Els nostres objectius Les nenes tenen dret a una inf\u00e0ncia amb igualtat d\u2019oportunitats, lliure de pors, amenaces i viol\u00e8ncia Visibilitzar la desigualtat que pateixen les nenes Protegir-les davant de la viol\u00e8ncia Valorar la capacitat per triar el futur Incidir per transformar les causes d&#8217;aquesta injust\u00edcia La viol\u00e8ncia contra les nenes en xifres 0 Milions de neneshan patit mutilaci\u00f3genital femenina 0 Millions de neness\u00f3n casadesfor\u00e7ades a casar-se cada any abans de complir els 18 anys [&hellip;]<\/p>\n","protected":false},"author":1,"featured_media":28215,"parent":0,"menu_order":0,"comment_status":"closed","ping_status":"closed","template":"wp-custom-template-plantilla-la-luz-de-las-ni-as","meta":{"_acf_changed":false,"footnotes":""},"class_list":["post-28401","page","type-page","status-publish","has-post-thumbnail","hentry"],"acf":[],"yoast_head":"<!-- This site is optimized with the Yoast SEO Premium plugin v21.6 (Yoast SEO v27.5) - https:\/\/yoast.com\/product\/yoast-seo-premium-wordpress\/ -->\n<title>La LLUM de les NENES - Entrecultures<\/title>\n<meta name=\"description\" content=\"La LLUM de les NENES \u00e9s una iniciativa d&#039;Entreculturas que busca eradicar la viol\u00e8ncia cap a les nenes al m\u00f3n.\" \/>\n<meta name=\"robots\" content=\"index, follow, max-snippet:-1, max-image-preview:large, max-video-preview:-1\" \/>\n<link rel=\"canonical\" href=\"https:\/\/www.entreculturas.org\/ca\/la-llum-de-les-nenes\/\" \/>\n<meta property=\"og:locale\" content=\"ca_ES\" \/>\n<meta property=\"og:type\" content=\"article\" \/>\n<meta property=\"og:title\" content=\"La LLUM de les NENES\" \/>\n<meta property=\"og:description\" content=\"La LLUM de les NENES \u00e9s una iniciativa d&#039;Entreculturas que busca eradicar la viol\u00e8ncia cap a les nenes al m\u00f3n.\" \/>\n<meta property=\"og:url\" content=\"https:\/\/www.entreculturas.org\/ca\/la-llum-de-les-nenes\/\" \/>\n<meta property=\"og:site_name\" content=\"Entreculturas\" \/>\n<meta property=\"article:publisher\" content=\"https:\/\/www.facebook.com\/entreculturas\" \/>\n<meta property=\"article:modified_time\" content=\"2026-04-28T11:55:51+00:00\" \/>\n<meta property=\"og:image\" content=\"https:\/\/www.entreculturas.org\/wp-content\/uploads\/2024\/07\/luz_formulario_izquierda.jpg\" \/>\n<meta name=\"twitter:card\" content=\"summary_large_image\" \/>\n<meta name=\"twitter:image\" content=\"https:\/\/www.entreculturas.org\/wp-content\/uploads\/2024\/07\/luz_formulario_izquierda.jpg\" \/>\n<meta name=\"twitter:site\" content=\"@Entreculturas\" \/>\n<script type=\"application\/ld+json\" class=\"yoast-schema-graph\">{\"@context\":\"https:\\\/\\\/schema.org\",\"@graph\":[{\"@type\":\"WebPage\",\"@id\":\"https:\\\/\\\/www.entreculturas.org\\\/ca\\\/la-llum-de-les-nenes\\\/\",\"url\":\"https:\\\/\\\/www.entreculturas.org\\\/ca\\\/la-llum-de-les-nenes\\\/\",\"name\":\"La LLUM de les NENES - Entrecultures\",\"isPartOf\":{\"@id\":\"https:\\\/\\\/www.entreculturas.org\\\/ca\\\/#website\"},\"primaryImageOfPage\":{\"@id\":\"https:\\\/\\\/www.entreculturas.org\\\/ca\\\/la-llum-de-les-nenes\\\/#primaryimage\"},\"image\":{\"@id\":\"https:\\\/\\\/www.entreculturas.org\\\/ca\\\/la-llum-de-les-nenes\\\/#primaryimage\"},\"thumbnailUrl\":\"https:\\\/\\\/www.entreculturas.org\\\/wp-content\\\/uploads\\\/2024\\\/07\\\/luz_formulario_izquierda.jpg\",\"datePublished\":\"2024-06-12T13:42:50+00:00\",\"dateModified\":\"2026-04-28T11:55:51+00:00\",\"description\":\"La LLUM de les NENES \u00e9s una iniciativa d'Entreculturas que busca eradicar la viol\u00e8ncia cap a les nenes al m\u00f3n.\",\"breadcrumb\":{\"@id\":\"https:\\\/\\\/www.entreculturas.org\\\/ca\\\/la-llum-de-les-nenes\\\/#breadcrumb\"},\"inLanguage\":\"ca\",\"potentialAction\":[{\"@type\":\"ReadAction\",\"target\":[\"https:\\\/\\\/www.entreculturas.org\\\/ca\\\/la-llum-de-les-nenes\\\/\"]}]},{\"@type\":\"ImageObject\",\"inLanguage\":\"ca\",\"@id\":\"https:\\\/\\\/www.entreculturas.org\\\/ca\\\/la-llum-de-les-nenes\\\/#primaryimage\",\"url\":\"https:\\\/\\\/www.entreculturas.org\\\/wp-content\\\/uploads\\\/2024\\\/07\\\/luz_formulario_izquierda.jpg\",\"contentUrl\":\"https:\\\/\\\/www.entreculturas.org\\\/wp-content\\\/uploads\\\/2024\\\/07\\\/luz_formulario_izquierda.jpg\",\"width\":590,\"height\":450,\"caption\":\"twitter:image\"},{\"@type\":\"BreadcrumbList\",\"@id\":\"https:\\\/\\\/www.entreculturas.org\\\/ca\\\/la-llum-de-les-nenes\\\/#breadcrumb\",\"itemListElement\":[{\"@type\":\"ListItem\",\"position\":1,\"name\":\"Home\",\"item\":\"https:\\\/\\\/www.entreculturas.org\\\/ca\\\/\"},{\"@type\":\"ListItem\",\"position\":2,\"name\":\"La LLUM de les NENES\"}]},{\"@type\":\"WebSite\",\"@id\":\"https:\\\/\\\/www.entreculturas.org\\\/ca\\\/#website\",\"url\":\"https:\\\/\\\/www.entreculturas.org\\\/ca\\\/\",\"name\":\"Entreculturas\",\"description\":\"\",\"publisher\":{\"@id\":\"https:\\\/\\\/www.entreculturas.org\\\/ca\\\/#organization\"},\"alternateName\":\"Entreculturas\",\"potentialAction\":[{\"@type\":\"SearchAction\",\"target\":{\"@type\":\"EntryPoint\",\"urlTemplate\":\"https:\\\/\\\/www.entreculturas.org\\\/ca\\\/?s={search_term_string}\"},\"query-input\":{\"@type\":\"PropertyValueSpecification\",\"valueRequired\":true,\"valueName\":\"search_term_string\"}}],\"inLanguage\":\"ca\"},{\"@type\":\"Organization\",\"@id\":\"https:\\\/\\\/www.entreculturas.org\\\/ca\\\/#organization\",\"name\":\"Entreculturas\",\"url\":\"https:\\\/\\\/www.entreculturas.org\\\/ca\\\/\",\"logo\":{\"@type\":\"ImageObject\",\"inLanguage\":\"ca\",\"@id\":\"https:\\\/\\\/www.entreculturas.org\\\/ca\\\/#\\\/schema\\\/logo\\\/image\\\/\",\"url\":\"https:\\\/\\\/www.entreculturas.org\\\/wp-content\\\/uploads\\\/2025\\\/10\\\/ESP.svg\",\"contentUrl\":\"https:\\\/\\\/www.entreculturas.org\\\/wp-content\\\/uploads\\\/2025\\\/10\\\/ESP.svg\",\"caption\":\"Entreculturas\"},\"image\":{\"@id\":\"https:\\\/\\\/www.entreculturas.org\\\/ca\\\/#\\\/schema\\\/logo\\\/image\\\/\"},\"sameAs\":[\"https:\\\/\\\/www.facebook.com\\\/entreculturas\",\"https:\\\/\\\/x.com\\\/Entreculturas\",\"https:\\\/\\\/www.instagram.com\\\/entreculturas\\\/\",\"https:\\\/\\\/www.youtube.com\\\/user\\\/entreculturasvideo\",\"https:\\\/\\\/www.linkedin.com\\\/company\\\/fundacion-entreculturas-ngdo\\\/\",\"https:\\\/\\\/www.flickr.com\\\/photos\\\/98455522@N04\\\/albums\\\/\"]}]}<\/script>\n<!-- \/ Yoast SEO Premium plugin. -->","yoast_head_json":{"title":"La LLUM de les NENES - Entrecultures","description":"La LLUM de les NENES \u00e9s una iniciativa d'Entreculturas que busca eradicar la viol\u00e8ncia cap a les nenes al m\u00f3n.","robots":{"index":"index","follow":"follow","max-snippet":"max-snippet:-1","max-image-preview":"max-image-preview:large","max-video-preview":"max-video-preview:-1"},"canonical":"https:\/\/www.entreculturas.org\/ca\/la-llum-de-les-nenes\/","og_locale":"ca_ES","og_type":"article","og_title":"La LLUM de les NENES","og_description":"La LLUM de les NENES \u00e9s una iniciativa d'Entreculturas que busca eradicar la viol\u00e8ncia cap a les nenes al m\u00f3n.","og_url":"https:\/\/www.entreculturas.org\/ca\/la-llum-de-les-nenes\/","og_site_name":"Entreculturas","article_publisher":"https:\/\/www.facebook.com\/entreculturas","article_modified_time":"2026-04-28T11:55:51+00:00","og_image":[{"url":"https:\/\/www.entreculturas.org\/wp-content\/uploads\/2024\/07\/luz_formulario_izquierda.jpg","type":"","width":"","height":""}],"twitter_card":"summary_large_image","twitter_image":"https:\/\/www.entreculturas.org\/wp-content\/uploads\/2024\/07\/luz_formulario_izquierda.jpg","twitter_site":"@Entreculturas","schema":{"@context":"https:\/\/schema.org","@graph":[{"@type":"WebPage","@id":"https:\/\/www.entreculturas.org\/ca\/la-llum-de-les-nenes\/","url":"https:\/\/www.entreculturas.org\/ca\/la-llum-de-les-nenes\/","name":"La LLUM de les NENES - Entrecultures","isPartOf":{"@id":"https:\/\/www.entreculturas.org\/ca\/#website"},"primaryImageOfPage":{"@id":"https:\/\/www.entreculturas.org\/ca\/la-llum-de-les-nenes\/#primaryimage"},"image":{"@id":"https:\/\/www.entreculturas.org\/ca\/la-llum-de-les-nenes\/#primaryimage"},"thumbnailUrl":"https:\/\/www.entreculturas.org\/wp-content\/uploads\/2024\/07\/luz_formulario_izquierda.jpg","datePublished":"2024-06-12T13:42:50+00:00","dateModified":"2026-04-28T11:55:51+00:00","description":"La LLUM de les NENES \u00e9s una iniciativa d'Entreculturas que busca eradicar la viol\u00e8ncia cap a les nenes al m\u00f3n.","breadcrumb":{"@id":"https:\/\/www.entreculturas.org\/ca\/la-llum-de-les-nenes\/#breadcrumb"},"inLanguage":"ca","potentialAction":[{"@type":"ReadAction","target":["https:\/\/www.entreculturas.org\/ca\/la-llum-de-les-nenes\/"]}]},{"@type":"ImageObject","inLanguage":"ca","@id":"https:\/\/www.entreculturas.org\/ca\/la-llum-de-les-nenes\/#primaryimage","url":"https:\/\/www.entreculturas.org\/wp-content\/uploads\/2024\/07\/luz_formulario_izquierda.jpg","contentUrl":"https:\/\/www.entreculturas.org\/wp-content\/uploads\/2024\/07\/luz_formulario_izquierda.jpg","width":590,"height":450,"caption":"twitter:image"},{"@type":"BreadcrumbList","@id":"https:\/\/www.entreculturas.org\/ca\/la-llum-de-les-nenes\/#breadcrumb","itemListElement":[{"@type":"ListItem","position":1,"name":"Home","item":"https:\/\/www.entreculturas.org\/ca\/"},{"@type":"ListItem","position":2,"name":"La LLUM de les NENES"}]},{"@type":"WebSite","@id":"https:\/\/www.entreculturas.org\/ca\/#website","url":"https:\/\/www.entreculturas.org\/ca\/","name":"Entreculturas","description":"","publisher":{"@id":"https:\/\/www.entreculturas.org\/ca\/#organization"},"alternateName":"Entreculturas","potentialAction":[{"@type":"SearchAction","target":{"@type":"EntryPoint","urlTemplate":"https:\/\/www.entreculturas.org\/ca\/?s={search_term_string}"},"query-input":{"@type":"PropertyValueSpecification","valueRequired":true,"valueName":"search_term_string"}}],"inLanguage":"ca"},{"@type":"Organization","@id":"https:\/\/www.entreculturas.org\/ca\/#organization","name":"Entreculturas","url":"https:\/\/www.entreculturas.org\/ca\/","logo":{"@type":"ImageObject","inLanguage":"ca","@id":"https:\/\/www.entreculturas.org\/ca\/#\/schema\/logo\/image\/","url":"https:\/\/www.entreculturas.org\/wp-content\/uploads\/2025\/10\/ESP.svg","contentUrl":"https:\/\/www.entreculturas.org\/wp-content\/uploads\/2025\/10\/ESP.svg","caption":"Entreculturas"},"image":{"@id":"https:\/\/www.entreculturas.org\/ca\/#\/schema\/logo\/image\/"},"sameAs":["https:\/\/www.facebook.com\/entreculturas","https:\/\/x.com\/Entreculturas","https:\/\/www.instagram.com\/entreculturas\/","https:\/\/www.youtube.com\/user\/entreculturasvideo","https:\/\/www.linkedin.com\/company\/fundacion-entreculturas-ngdo\/","https:\/\/www.flickr.com\/photos\/98455522@N04\/albums\/"]}]}},"_links":{"self":[{"href":"https:\/\/www.entreculturas.org\/ca\/wp-json\/wp\/v2\/pages\/28401","targetHints":{"allow":["GET"]}}],"collection":[{"href":"https:\/\/www.entreculturas.org\/ca\/wp-json\/wp\/v2\/pages"}],"about":[{"href":"https:\/\/www.entreculturas.org\/ca\/wp-json\/wp\/v2\/types\/page"}],"author":[{"embeddable":true,"href":"https:\/\/www.entreculturas.org\/ca\/wp-json\/wp\/v2\/users\/1"}],"replies":[{"embeddable":true,"href":"https:\/\/www.entreculturas.org\/ca\/wp-json\/wp\/v2\/comments?post=28401"}],"version-history":[{"count":109,"href":"https:\/\/www.entreculturas.org\/ca\/wp-json\/wp\/v2\/pages\/28401\/revisions"}],"predecessor-version":[{"id":47933,"href":"https:\/\/www.entreculturas.org\/ca\/wp-json\/wp\/v2\/pages\/28401\/revisions\/47933"}],"wp:featuredmedia":[{"embeddable":true,"href":"https:\/\/www.entreculturas.org\/ca\/wp-json\/wp\/v2\/media\/28215"}],"wp:attachment":[{"href":"https:\/\/www.entreculturas.org\/ca\/wp-json\/wp\/v2\/media?parent=28401"}],"curies":[{"name":"wp","href":"https:\/\/api.w.org\/{rel}","templated":true}]}}