{"id":28278,"date":"2024-05-30T16:37:44","date_gmt":"2024-05-30T14:37:44","guid":{"rendered":"https:\/\/www.entreculturas.org\/amb-tu-a-la-missio\/el-projecte\/"},"modified":"2025-10-16T10:43:19","modified_gmt":"2025-10-16T08:43:19","slug":"el-projecte","status":"publish","type":"page","link":"https:\/\/www.entreculturas.org\/ca\/amb-tu-a-la-missio\/el-projecte\/","title":{"rendered":"El Projecte"},"content":{"rendered":"\n<div class=\"wp-block-group header_fijo is-content-justification-space-between is-nowrap is-layout-flex wp-container-core-group-is-layout-8fc330fe wp-block-group-is-layout-flex\" style=\"min-height:0px;margin-top:0;margin-bottom:0;padding-top:var(--wp--preset--spacing--40);padding-right:var(--wp--preset--spacing--60);padding-bottom:var(--wp--preset--spacing--40);padding-left:var(--wp--preset--spacing--60)\">\n<div class=\"wp-block-group header-contenido is-nowrap is-layout-flex wp-container-core-group-is-layout-6a3858a2 wp-block-group-is-layout-flex\">\n<figure class=\"wp-block-image size-full is-resized\"><a href=\"https:\/\/www.entreculturas.org\/ca\/\"><img decoding=\"async\" src=\"https:\/\/www.entreculturas.org\/wp-content\/uploads\/2025\/10\/CAT.svg\" alt=\"\" class=\"wp-image-43553\" style=\"width:255px\"\/><\/a><\/figure>\n\n\n\n<figure class=\"wp-block-image size-full is-resized\"><a href=\"https:\/\/www.entreculturas.org\/ca\/amb-tu-a-la-missio\/\"><img decoding=\"async\" src=\"https:\/\/www.entreculturas.org\/wp-content\/uploads\/2025\/10\/CAT-amb-tu-en-la-missio.svg\" alt=\"\" class=\"wp-image-43659\" style=\"width:189px\"\/><\/a><\/figure>\n\n\n\n<div class=\"wp-block-group has-global-padding is-layout-constrained wp-container-core-group-is-layout-c5bbea69 wp-block-group-is-layout-constrained\">\n<div class=\"wp-block-group menu-row is-nowrap is-layout-flex wp-container-core-group-is-layout-c0d7094d wp-block-group-is-layout-flex\"><nav style=\"font-size:1.25rem;font-style:normal;font-weight:600;\" class=\"is-responsive items-justified-center no-wrap menu-enlaces wp-block-navigation is-horizontal is-content-justification-center is-nowrap is-layout-flex wp-container-core-navigation-is-layout-109d3c9b wp-block-navigation-is-layout-flex\" aria-label=\"Navegaci\u00f3n\" \n\t\t data-wp-interactive=\"core\/navigation\" data-wp-context='{\"overlayOpenedBy\":{\"click\":false,\"hover\":false,\"focus\":false},\"type\":\"overlay\",\"roleAttribute\":\"\",\"ariaLabel\":\"Men\\u00fa\"}'><button aria-haspopup=\"dialog\" aria-label=\"Obre el men\u00fa\" class=\"wp-block-navigation__responsive-container-open\" \n\t\t\t\tdata-wp-on--click=\"actions.openMenuOnClick\"\n\t\t\t\tdata-wp-on--keydown=\"actions.handleMenuKeydown\"\n\t\t\t><svg width=\"24\" height=\"24\" xmlns=\"http:\/\/www.w3.org\/2000\/svg\" viewBox=\"0 0 24 24\"><path d=\"M5 5v1.5h14V5H5z\"><\/path><path d=\"M5 12.8h14v-1.5H5v1.5z\"><\/path><path d=\"M5 19h14v-1.5H5V19z\"><\/path><\/svg><\/button>\n\t\t\t\t<div class=\"wp-block-navigation__responsive-container\"  id=\"modal-1\" \n\t\t\t\tdata-wp-class--has-modal-open=\"state.isMenuOpen\"\n\t\t\t\tdata-wp-class--is-menu-open=\"state.isMenuOpen\"\n\t\t\t\tdata-wp-watch=\"callbacks.initMenu\"\n\t\t\t\tdata-wp-on--keydown=\"actions.handleMenuKeydown\"\n\t\t\t\tdata-wp-on--focusout=\"actions.handleMenuFocusout\"\n\t\t\t\ttabindex=\"-1\"\n\t\t\t>\n\t\t\t\t\t<div class=\"wp-block-navigation__responsive-close\" tabindex=\"-1\">\n\t\t\t\t\t\t<div class=\"wp-block-navigation__responsive-dialog\" \n\t\t\t\tdata-wp-bind--aria-modal=\"state.ariaModal\"\n\t\t\t\tdata-wp-bind--aria-label=\"state.ariaLabel\"\n\t\t\t\tdata-wp-bind--role=\"state.roleAttribute\"\n\t\t\t>\n\t\t\t\t\t\t\t<button aria-label=\"Tanca el men\u00fa\" class=\"wp-block-navigation__responsive-container-close\" \n\t\t\t\tdata-wp-on--click=\"actions.closeMenuOnClick\"\n\t\t\t><svg xmlns=\"http:\/\/www.w3.org\/2000\/svg\" viewBox=\"0 0 24 24\" width=\"24\" height=\"24\" aria-hidden=\"true\" focusable=\"false\"><path d=\"m13.06 12 6.47-6.47-1.06-1.06L12 10.94 5.53 4.47 4.47 5.53 10.94 12l-6.47 6.47 1.06 1.06L12 13.06l6.47 6.47 1.06-1.06L13.06 12Z\"><\/path><\/svg><\/button>\n\t\t\t\t\t\t\t<div class=\"wp-block-navigation__responsive-container-content\" \n\t\t\t\tdata-wp-watch=\"callbacks.focusFirstElement\"\n\t\t\t id=\"modal-1-content\">\n\t\t\t\t\t\t\t\t<ul style=\"font-size:1.25rem;font-style:normal;font-weight:600;\" class=\"wp-block-navigation__container is-responsive items-justified-center no-wrap menu-enlaces wp-block-navigation\"><li style=\"font-size: 1.25rem;\" class=\" wp-block-navigation-item wp-block-navigation-link\"><a class=\"wp-block-navigation-item__content\"  href=\"https:\/\/www.entreculturas.org\/ca\/amb-tu-a-la-missio\/qui-som\/\"><span class=\"wp-block-navigation-item__label\">Qui Som<\/span><\/a><\/li><li style=\"font-size: 1.25rem;\" class=\" wp-block-navigation-item wp-block-navigation-link\"><a class=\"wp-block-navigation-item__content\"  href=\"https:\/\/www.entreculturas.org\/ca\/amb-tu-a-la-missio\/el-projecte\/\"><span class=\"wp-block-navigation-item__label\">El Projecte<\/span><\/a><\/li><li style=\"font-size: 1.25rem;\" class=\" wp-block-navigation-item wp-block-navigation-link\"><a class=\"wp-block-navigation-item__content\"  href=\"https:\/\/www.entreculturas.org\/ca\/amb-tu-a-la-missio\/com-participar-hi\/\"><span class=\"wp-block-navigation-item__label\">Com participar-hi<\/span><\/a><\/li><style>html[dir=\"rtl\"] .wpml-language-switcher-block .wpml-ls-dropdown ul li.wp-block-navigation-submenu .wp-block-navigation-submenu__toggle img{margin-left:12px}html[dir=\"rtl\"] .wpml-language-switcher-block .wpml-ls-dropdown ul li.wp-block-navigation-submenu ul.isHorizontal li{text-align:right}html[dir=\"rtl\"] .wpml-language-switcher-block .wpml-ls-dropdown ul li.wp-block-navigation-submenu ul.isHorizontal li a img{margin-left:12px}.wpml-language-switcher-block{display:flex;box-sizing:border-box;width:100% !important}.wpml-language-switcher-block>.wp-block-navigation-item,.wpml-language-switcher-block>.wp-block-navigation-item>div{display:flex;width:100% !important}.wpml-language-switcher-block .wp-block-navigation__container{background:unset !important}.wpml-language-switcher-block .hide-arrow .wp-block-navigation__submenu-icon{display:none}.wpml-language-switcher-block .wpml-ls-dropdown .wp-block-navigation-submenu__toggle.wpml-ls-keyboard-focus ~ .wp-block-navigation__submenu-container,.wpml-language-switcher-block .wpml-ls-dropdown li.open-on-hover-click .wp-block-navigation-submenu__toggle:focus ~ .wp-block-navigation__submenu-container,.wpml-language-switcher-block .wpml-ls-dropdown li.open-on-hover-click .wp-block-navigation-submenu__toggle:focus-within ~ .wp-block-navigation__submenu-container,.wpml-language-switcher-block .wpml-ls-dropdown li.open-on-hover-click:focus-within>.wp-block-navigation__submenu-container{visibility:visible;opacity:1;display:block;overflow:visible}.wpml-language-switcher-block .wpml-ls-dropdown ul li button{padding:0}.wpml-language-switcher-block .wpml-ls-dropdown ul li button+.isHorizontal{min-width:inherit !important}.wpml-language-switcher-block .wpml-ls-dropdown ul li button+.isHorizontal li{width:inherit !important}.wpml-language-switcher-block .wpml-ls-dropdown ul li button+.isHorizontal li a{display:flex;align-items:center;min-width:max-content}.wpml-language-switcher-block .wpml-ls-dropdown ul li.wp-block-navigation-submenu ul.isHorizontal{margin:0;min-width:inherit !important}.wpml-language-switcher-block .wpml-ls-dropdown ul li.wp-block-navigation-submenu ul.isHorizontal li{width:inherit !important;text-align:left}.wpml-language-switcher-block .wpml-ls-dropdown ul li.wp-block-navigation-submenu ul.isHorizontal li a{display:flex;align-items:center;min-width:max-content}.wpml-language-switcher-block ul{list-style-type:none !important;padding:0 !important;width:100%}.wpml-language-switcher-block ul li{margin:0}.wpml-language-switcher-block ul li>a.wp-block-navigation-item__content:focus{outline:1px solid #2F7D92}.wpml-language-switcher-block ul li.is-focused{outline:1px solid #2F7D92}.wpml-language-switcher-block ul.wp-block-navigation__submenu-container{border:inherit !important;background-color:unset !important;min-width:unset !important}.wpml-language-switcher-block ul.wp-block-navigation__submenu-container .wp-block-navigation-item{border-radius:0 !important}.wpml-language-switcher-block ul.wp-block-navigation__submenu-container .wp-block-navigation-item a{display:flex;align-items:center;min-width:max-content;padding:1px}.wpml-language-switcher-block ul.horizontal-list{display:flex;flex-direction:row;align-items:center;justify-content:flex-start;margin:0 !important;gap:1em !important}.wpml-language-switcher-block ul.horizontal-list li{display:inline-block;margin:0;line-height:100%}.wpml-language-switcher-block ul.horizontal-list li a{line-height:100%}.wpml-language-switcher-block ul.center-justify{justify-content:center}.wpml-language-switcher-block ul.center-justify .wp-block-navigation-item{justify-content:center}.wpml-language-switcher-block ul.right-justify{justify-content:right}.wpml-language-switcher-block ul.right-justify .wp-block-navigation-item{justify-content:right}.wpml-language-switcher-block ul.space_between-justify{justify-content:space-between}.wpml-language-switcher-block ul.space_between-justify li>div{white-space:nowrap}.wpml-language-switcher-block .hasHoverColor:hover{color:var(--hover-color) !important}.wpml-language-switcher-block .hasHoverBackgroundColor:hover{background-color:var(--hover-background-color) !important}.wpml-language-switcher-block ul.isHorizontal{padding-left:0;list-style:none}.wpml-language-switcher-block ul.isHorizontal li{display:inline;margin-left:0}.wpml-language-switcher-block ul.isHorizontal li div{display:inline-block}.wpml-language-switcher-block ul.hasSpacing.isHorizontal li:not(:last-child){margin-right:var(--language-spacing) !important}.wpml-language-switcher-block ul.hasSpacing.isVertical li:not(:last-child){margin-bottom:var(--language-spacing) !important}.wpml-language-switcher-block ul.hasSpacing.isVertical .wp-block-navigation-item>div,.wpml-language-switcher-block ul.hasSpacing.isVertical .wp-block-navigation-item>div>a{display:inline-flex;align-items:center}.wpml-language-switcher-block .hasHoverColor:hover{color:var(--hover-color) !important}.wpml-language-switcher-block .hasHoverBackgroundColor:hover{background-color:var(--hover-background-color) !important}.wpml-language-switcher-block .hasFontSize{font-size:var(--font-size) !important}.wpml-language-switcher-block .hasLetterSpacing{letter-spacing:var(--letter-spacing) !important}.wpml-language-switcher-block .hasTextTransform{text-transform:var(--text-transform) !important}.wpml-language-switcher-block .hasFontFamily{font-family:var(--font-family) !important}.wpml-ls-flag{display:inline-block}.wpml-ls-flag-style-btn{border:0px transparent;padding-top:3px !important}.wpml-ls-flag-style-btn.black-bg{background-color:black}.wpml-ls-flag-style-btn.transparent-bg{background-color:transparent}.wpml-ls-control-row{border:solid 1px #949494;border-radius:2px;margin-bottom:8px}.wpml-ls-control-row-with-padding{padding:1px}.wpml-ls-number-control{max-width:100%;width:100%}.wpml-ls-slider-control-alert{margin-top:5px !important}.wpml-ls-slider .ant-slider-track{background-color:#3858E9}.wpml-ls-slider .ant-slider-handle{border:solid 1px black}.wpml-ls-control-blue{color:#2F7D92}.wpml-ls-number-with-unit-select select{color:#2F7D92;font-weight:700}.wpml-ls-control-grey{color:#757575}.wpml-ls-control-bg-grey{background-color:#a6a6a6}.wpml-ls-control-font{font-family:\"SF Pro Text\", sans-serif;font-style:normal;font-weight:400 !important;font-size:13px !important;line-height:140% !important}.wpml-ls-option-btn-col{padding:0.5px}.wpml-ls-no-borders{border:none}.ant-col-8.wpml-ls-option-btn-col{display:inline-flex}.wpml-ls-three-btn-row .wpml-ls-option-btn-wrap{padding-top:8px;padding-bottom:8px;white-space:normal;word-break:break-word}.wpml-ls-three-btn-row .ant-btn-no-height-less-padding{height:unset;padding-right:10px;padding-left:10px}.wpml-ls-full-width{width:100%}.wpml-ls-toggle-control .components-form-toggle.is-checked>.components-form-toggle__track{background-color:#2F7D92;border-color:#2F7D92}.wpml-ls-toggle-control .components-form-toggle.is-checked>.components-form-toggle__thumb{background-color:white}.wpml-ls-toggle-control .components-form-toggle>.components-form-toggle__track{background-color:white;border-color:#373737}.wpml-ls-toggle-control .components-form-toggle>.components-form-toggle__thumb{background-color:#373737}.ant-select-dropdown{min-width:45px !important;max-width:45px !important;width:45px !important}.wpml-ls-color-control{border:1px solid #DDDDDD;border-bottom:0px;padding:10px;box-sizing:border-box}.wpml-ls-color-control.wpml-ls-with-bottom-border{border-bottom:1px solid #DDDDDD}.wpml-ls-color-control .wpml-ls-icon-no-color:hover{cursor:pointer}.wpml-ls-color-control .component-color-indicator{width:25px;height:25px;box-shadow:0px 0px 2px 1px lightgrey}.wpml-ls-color-control .component-color-indicator:hover{cursor:pointer}.wpml-ls-color-control .wpml-ls-color-title{top:3px}.wpml-ls-dimension-control{border-top:solid 1px #e0e0e0}.wpml-ls-dimension-control .components-panel__arrow{visibility:hidden}.wpml-ls-panel-settings-dropdown-container{position:absolute;right:0px}.wpml-ls-icon-link{width:24px;height:24px;top:3px;border-radius:2px}.ant-input-number-handler-wrap{display:none !important}.ant-input-number-input{padding-right:0px !important;padding-left:3px !important}.block-editor-contrast-checker+.block-editor-contrast-checker{display:none}.current-language-item{display:flex;align-items:center;min-height:30px}.current-language-item .wp-block-navigation-item__content>div{display:flex;align-items:center}.wpml-ls-fontLetterCase-control button.components-button.has-icon{margin-right:0 !important;min-width:30px !important;height:30px !important}.wpml-ls-fontLetterSpacing-control div.components-input-control__container{top:4px}[data-wpml='language-item']:first-of-type{margin-top:5px !important}.wpml-ls-dimension-panel .components-panel__arrow{display:none}.wpml-ls-typography-panel .components-panel__arrow{display:none}.wpml-ls-panel-settings-dropdown-container>div>button>span.anticon-more{font-size:large;margin-right:10px}.wpml-ls-panel-settings-dropdown-container>div>button>span.anticon-plus{font-size:medium;margin-right:10px}.wpml-ls-color-panel .wpml-ls-color-panel-wrap button.components-button:focus{outline:2px solid #2F7D92;color:#2F7D92}.wpml-ls-color-panel .wpml-ls-color-panel-wrap button.components-button:hover{color:#2F7D92 !important}.wpml-ls-option-btn-wrap:focus{outline:4px solid #2F7D92}.wpml-ls-option-btn-wrap:hover:not(.wpml-ls-option-btn-wrap[data-selected=\"true\"]){outline:2px solid #2F7D92;color:#2F7D92 !important}.wpml-ls-toggle-control .components-toggle-control__label:hover{color:#2F7D92}.components-input-control__container:hover .components-input-control__backdrop{border-color:#2F7D92 !important}input.components-input-control__input:focus ~ .components-input-control__backdrop{outline:2px solid #2F7D92 !important}.components-toggle-group-control[role=\"radiogroup\"]:hover{border-color:#2F7D92}.components-toggle-group-control[role=\"radiogroup\"] .components-toggle-group-control-option-base[role=\"radio\"]:hover{color:#2F7D92}.components-toggle-group-control[role=\"radiogroup\"] .components-toggle-group-control-option-base[role=\"radio\"]:focus{color:#2F7D92;outline:2px solid #2F7D92}.ant-slider .ant-slider-handle:not(.ant-tooltip-open){background-color:#2F7D92 !important;border-color:#373737}.ant-slider:hover .ant-slider-handle:not(.ant-tooltip-open),.ant-slider .ant-slider-handle:focus{background-color:#373737 !important;border-color:#2F7D92}.wpml-ls-typography-panel .components-panel__body .ant-col{margin-bottom:12px}.wpml-ls-fontSize-control div[aria-label=\"Font size\"]{margin-bottom:12px}.wpml-ls-fontSize-control .wpml-ls-fontLetterSpacing-control{display:grid;place-items:center;align-self:center}\n\n.wp-block-navigation.is-content-justification-space-between .wp-block-page-list{display:contents}.wp-block-navigation.is-content-justification-space-between .wpml-language-switcher-navigation-block,.wp-block-navigation.is-content-justification-space-between [data-type='wpml\/navigation-language-switcher']{display:contents !important}.wp-block-navigation.is-content-justification-space-between .wpml-language-switcher-navigation-block .wp-block-navigation-item,.wp-block-navigation.is-content-justification-space-between [data-type='wpml\/navigation-language-switcher'] .wp-block-navigation-item{display:contents}.wp-block-navigation.is-content-justification-space-between .wpml-language-switcher-navigation-block .wp-block-navigation-item>div,.wp-block-navigation.is-content-justification-space-between .wpml-language-switcher-navigation-block .wp-block-navigation-item .horizontal-list,.wp-block-navigation.is-content-justification-space-between [data-type='wpml\/navigation-language-switcher'] .wp-block-navigation-item>div,.wp-block-navigation.is-content-justification-space-between [data-type='wpml\/navigation-language-switcher'] .wp-block-navigation-item .horizontal-list{display:contents}.wp-block-navigation.is-content-justification-space-between .wpml-language-switcher-navigation-block .wp-block-navigation-item>div li.wp-block-navigation-item,.wp-block-navigation.is-content-justification-space-between .wpml-language-switcher-navigation-block .wp-block-navigation-item .horizontal-list li.wp-block-navigation-item,.wp-block-navigation.is-content-justification-space-between [data-type='wpml\/navigation-language-switcher'] .wp-block-navigation-item>div li.wp-block-navigation-item,.wp-block-navigation.is-content-justification-space-between [data-type='wpml\/navigation-language-switcher'] .wp-block-navigation-item .horizontal-list li.wp-block-navigation-item{display:flex}.wp-block-navigation .wpml-block-navigation-language-switcher,.wp-block-navigation [data-type='wpml\/navigation-language-switcher']{display:flex !important;flex-direction:var(--navigation-layout-direction, initial);justify-content:var(--navigation-layout-justify, initial);align-items:var(--navigation-layout-align, initial);flex-wrap:var(--navigation-layout-wrap, wrap);background-color:inherit;gap:inherit;margin:0;width:fit-content;max-width:fit-content}.wp-block-navigation.items-justified-space-between .wpml-language-switcher-navigation-block.wpml-ls-dropdown{flex:inherit;display:flex !important}.wp-block-navigation.items-justified-space-between .wpml-language-switcher-navigation-block.wpml-ls-list{flex:inherit;display:contents !important}.wp-block-navigation.items-justified-space-between .wpml-block-navigation-language-switcher.wpml-ls-dropdown,.wp-block-navigation.items-justified-space-between [data-type='wpml\/navigation-language-switcher']{flex:inherit;display:flex !important}.wp-block-navigation.items-justified-space-between .wpml-block-navigation-language-switcher.wpml-ls-list,.wp-block-navigation.items-justified-space-between [data-type='wpml\/navigation-language-switcher']{flex:inherit;display:contents !important}.wp-block-navigation .wpml-block-navigation-item{background-color:inherit}.wp-block-navigation .wpml-block-navigation-item .current-language-item .wp-block-navigation-item__content>div{display:flex;align-items:center}.wp-block-navigation__submenu-container li{margin:0}.wp-block-navigation .wpml-language-switcher-navigation-block{width:unset !important;flex:initial !important}.wp-block-navigation .wpml-language-switcher-navigation-block .hide-arrow .wp-block-navigation__submenu-icon{display:none}.wp-block-navigation .wpml-language-switcher-navigation-block ul li a{display:flex;align-items:center}.wp-block-navigation .wpml-language-switcher-navigation-block ul.horizontal-list{display:flex;flex-direction:row;align-items:center;justify-content:flex-start;margin:0 !important;gap:1.5em !important}.wp-block-navigation .wpml-language-switcher-navigation-block ul.horizontal-list li{display:inline-block;line-height:100%}.wp-block-navigation .wpml-language-switcher-navigation-block ul.horizontal-list li a,.wp-block-navigation .wpml-language-switcher-navigation-block ul.horizontal-list li div{line-height:100%;display:inline-flex;align-items:center}\n\n<\/style><div id=\"\" class=\"wpml-language-switcher-navigation-block wpml-ls-dropdown\"><div class=\"block-editor-block-list__block wp-block wp-block-navigation-item has-link has-child wp-block-navigation-submenu\"><div class=\"wpml-ls-dropdown open-on-hover-click \"><ul class=\"wp-block-navigation__container\"><li class=\"wp-block-navigation-item has-child wp-block-navigation-submenu open-on-hover-click\" onclick=\"(()=&gt;{const ariaExpanded = this.children[0].getAttribute('aria-expanded');\n\t\t\t\t\tthis.children[0].setAttribute('aria-expanded', ariaExpanded === 'true' ? 'false' : 'true');})(this);\"><div class=\"wp-block-navigation-item__content wp-block-navigation-submenu__toggle\" aria-expanded=\"false\"><span class=\"current-language-item\" style=\"display:flex;cursor:pointer\" data-wpml=\"current-language-item\"><div style=\"display:inline-block\" class=\"wp-block-navigation-item__content\"><div><img decoding=\"async\" alt=\"wpml-ls-flag\" class=\"wpml-ls-flag\" src=\"https:\/\/www.entreculturas.org\/wp-content\/plugins\/sitepress-multilingual-cms\/res\/flags\/ca.svg\" style=\"margin-right:4px;width:18px;height:12px;border-radius:0%;object-fit:unset\" size=\"24\" data-wpml=\"flag-url\"><span data-wpml=\"label\" data-wpml-label-type=\"native\" class=\"wp-block-navigation-item__label \">CAT<\/span><\/div><\/div><span class=\"wp-block-navigation__submenu-icon\"><svg xmlns=\"http:\/\/www.w3.org\/2000\/svg\" width=\"12\" height=\"12\" viewbox=\"0 0 12 12\" fill=\"none\" aria-hidden=\"true\" focusable=\"false\"><path d=\"M1.50002 4L6.00002 8L10.5 4\" stroke-width=\"1.5\"><\/path><\/svg><\/span><\/span><\/div><ul class=\"wp-block-navigation__submenu-container isHorizontal\" style=\"flex-wrap:nowrap\" data-is-drop-zone=\"true\"><li class=\"wp-block-navigation-item \" data-wpml=\"language-item\"><div><a class=\"wp-block-navigation-item__content\" data-wpml=\"link\" href=\"https:\/\/www.entreculturas.org\/en\/\" aria-label=\"Switch to ENG\"><img decoding=\"async\" alt=\"wpml-ls-flag\" class=\"wpml-ls-flag\" src=\"https:\/\/www.entreculturas.org\/wp-content\/plugins\/sitepress-multilingual-cms\/res\/flags\/en.svg\" style=\"margin-right:4px;width:18px;height:12px;border-radius:0%;object-fit:unset\" size=\"24\" data-wpml=\"flag-url\"><span data-wpml=\"label\" data-wpml-label-type=\"native\" class=\"wp-block-navigation-item__label \">ENG<\/span><\/a><\/div><\/li><li class=\"wp-block-navigation-item \" data-wpml=\"language-item\"><div><a class=\"wp-block-navigation-item__content\" data-wpml=\"link\" href=\"https:\/\/www.entreculturas.org\/\" aria-label=\"Switch to ESP\"><img decoding=\"async\" alt=\"wpml-ls-flag\" class=\"wpml-ls-flag\" src=\"https:\/\/www.entreculturas.org\/wp-content\/plugins\/sitepress-multilingual-cms\/res\/flags\/es.svg\" style=\"margin-right:4px;width:18px;height:12px;border-radius:0%;object-fit:unset\" size=\"24\" data-wpml=\"flag-url\"><span data-wpml=\"label\" data-wpml-label-type=\"native\" class=\"wp-block-navigation-item__label \">ESP<\/span><\/a><\/div><\/li><li class=\"wp-block-navigation-item \" data-wpml=\"language-item\"><div><a class=\"wp-block-navigation-item__content\" data-wpml=\"link\" href=\"https:\/\/www.entreculturas.org\/gl\/\" aria-label=\"Switch to GAL\"><img decoding=\"async\" alt=\"wpml-ls-flag\" class=\"wpml-ls-flag\" src=\"https:\/\/www.entreculturas.org\/wp-content\/plugins\/sitepress-multilingual-cms\/res\/flags\/gl.svg\" style=\"margin-right:4px;width:18px;height:12px;border-radius:0%;object-fit:unset\" size=\"24\" data-wpml=\"flag-url\"><span data-wpml=\"label\" data-wpml-label-type=\"native\" class=\"wp-block-navigation-item__label \">GAL<\/span><\/a><\/div><\/li><li class=\"wp-block-navigation-item \" data-wpml=\"language-item\"><div><a class=\"wp-block-navigation-item__content\" data-wpml=\"link\" href=\"https:\/\/www.entreculturas.org\/fr\/\" aria-label=\"Switch to FRA\"><img decoding=\"async\" alt=\"wpml-ls-flag\" class=\"wpml-ls-flag\" src=\"https:\/\/www.entreculturas.org\/wp-content\/plugins\/sitepress-multilingual-cms\/res\/flags\/fr.svg\" style=\"margin-right:4px;width:18px;height:12px;border-radius:0%;object-fit:unset\" size=\"24\" data-wpml=\"flag-url\"><span data-wpml=\"label\" data-wpml-label-type=\"native\" class=\"wp-block-navigation-item__label \">FRA<\/span><\/a><\/div><\/li><\/ul><\/li><\/ul><\/div><\/div><\/div>\n<\/ul>\n\t\t\t\t\t\t\t<\/div>\n\t\t\t\t\t\t<\/div>\n\t\t\t\t\t<\/div>\n\t\t\t\t<\/div><\/nav>\n\n\n<div class=\"wp-block-buttons header-socio is-content-justification-left is-nowrap is-layout-flex wp-container-core-buttons-is-layout-fc9f69e7 wp-block-buttons-is-layout-flex block-visibility-hide-medium-screen block-visibility-hide-small-screen\">\n<div class=\"wp-block-button is-style-fill\"><a class=\"wp-block-button__link has-red-logo-background-color has-background wp-element-button\" href=\"https:\/\/colabora.entreculturas.org\/es\/contigo-en-la-mision-socio?utm_source=webcat&amp;utm_medium=boton&amp;utm_campaign=celm\" style=\"border-radius:5px\">FES-TE SOCI\/A<\/a><\/div>\n<\/div>\n<\/div>\n<\/div>\n<\/div>\n<\/div>\n\n\n\n<style>\n \n.header_fijo {\n    position:sticky;\ntop: 0 !important;\nleft:0 !important;\nright: 0 !important;\nwidth: 100% !important;\nbackground: #ffffff;\nmargin-left: 0px !important;\nmargin-right: 0px !important;\nz-index: 10;\n}\n\n.wp-block-post-title{\ndisplay:none\n}\n\n.header-contenido{\nmargin: 0 auto !important;\ntext-align:center !important;\n}\n \n.site-header {\n   display: none;\n}\n \n.altura-hero-portada {\nwidth:100% !important;\n}\n \n\n \n.wp-block-navigation__submenu-container {\nmargin-top: -10px !important;\n}\n \nheader .wp-block-navigation .wp-block-navigation-item__content.wp-block-navigation-item__content span:hover,\nheader .wp-block-navigation .has-child .wp-block-navigation__submenu-container .wp-block-navigation-item__label:hover, .wp-block-navigation__container .wp-block-navigation-item__label:hover {\n   border-bottom: 2px solid var(--wp--preset--color--red) !important;\n}\n\n.menu-enlaces li:nth-child(2) {\nborder-bottom: 2px solid var(--wp--preset--color--red) !important;\n}\n\n \n.header-socio .wp-block-button__link:hover {\n   background: #000000 !important;\n}\n \n.wp-block-group.is-content-justification-space-between.is-nowrap.is-layout-flex.wp-container-core-group-is-layout-9.wp-block-group-is-layout-flex {\n    width: 100%;\n    position: -webkit-sticky; \/* Para Safari *\/\n    position: sticky;\n    top: 0;\n    left: 0;\n    z-index: 9999; \/* Asegura que la capa se mantenga sobre otros elementos *\/\n}\n<\/style>\n\n\n\n<script>\n        document.addEventListener('DOMContentLoaded', function () {\n            \/\/ Lista de clases en el orden especificado\n            const clasesObjetivo = [\n                'entry-content',\n                'wp-block-post-content',\n                'has-global-padding',\n                'is-layout-constrained',\n                'wp-container-core-post-content-is-layout-1',\n                'wp-block-post-content-is-layout-constrained'\n            ];\n \n            \/\/ Selecciona todos los divs en el documento\n            const divs = document.querySelectorAll('div');\n \n            divs.forEach(div => {\n                \/\/ Obt\u00e9n las clases del div\n                const clasesDiv = Array.from(div.classList);\n \n                \/\/ Comprueba si las clases del div coinciden con las clases objetivo en el orden especificado\n                if (clasesDiv.length === clasesObjetivo.length && clasesDiv.every((clase, index) => clase === clasesObjetivo[index])) {\n                    \/\/ Si coinciden, elimina todas las clases\n                    div.className = '';\n                }\n            });\n        });\n<\/script>\n\n\n\n<div class=\"wp-block-group has-global-padding is-layout-constrained wp-container-core-group-is-layout-6f77cc05 wp-block-group-is-layout-constrained\" style=\"margin-top:var(--wp--preset--spacing--60);margin-bottom:var(--wp--preset--spacing--60);padding-right:var(--wp--preset--spacing--40);padding-left:var(--wp--preset--spacing--40)\">\n<p class=\"has-text-align-center has-open-sans-font-family\" style=\"font-style:normal;font-weight:400\">Els antics alumnes que formem part de Contigo a la Missi\u00f3, col\u00b7laborem amb els projectes que duu a terme Entreculturas amb les poblacions m\u00e9s vulnerables.<\/p>\n\n\n\n<figure class=\"wp-block-image aligncenter size-full\"><img decoding=\"async\" src=\"https:\/\/www.entreculturas.org\/wp-content\/uploads\/2023\/09\/corazon_entrecult.svg\" alt=\"\" class=\"wp-image-588\"\/><\/figure>\n\n\n\n<p class=\"has-text-align-center has-open-sans-font-family\" style=\"font-size:37px;font-style:normal;font-weight:700\">Donem suport a la inf\u00e0ncia refugiada<\/p>\n\n\n\n<p class=\"has-text-align-center has-open-sans-font-family\" style=\"font-style:normal;font-weight:400\">Al m\u00f3n, m\u00e9s de 43 milions de nens i nenes s\u00f3n refugiats, despla\u00e7ats o migrants a causa de la guerra, la pobresa extrema o les cat\u00e0strofes naturals. Nens i nenes que s&#8217;han vist obligats a abandonar casa seva per salvar les seves vides, allunyats de l&#8217;escola i de les seves oportunitats de futur.<br><br>Nens i nenes que s&#8217;enfronten a una nova vida, plena de por i d&#8217;incertesa, i que necessiten recuperar el seu dret a l&#8217;educaci\u00f3 als llocs d&#8217;acollida. A l&#8217;emerg\u00e8ncia, l&#8217;educaci\u00f3 \u00e9s el primer dret que es perd i el que m\u00e9s triga a recuperar-se.<br><br>L&#8217;escola els ofereix eines per protegir-se, atenci\u00f3 psicosocial per superar els traumes ocasionats per la guerra, l&#8217;alimentaci\u00f3 di\u00e0ria i un espai de conviv\u00e8ncia, de seguretat i de pau per a les seves vides.<\/p>\n<\/div>\n\n\n\n<div class=\"wp-block-group has-global-padding is-layout-constrained wp-container-core-group-is-layout-cc019cf6 wp-block-group-is-layout-constrained\" style=\"margin-bottom:var(--wp--preset--spacing--70);padding-right:20px;padding-left:20px\">\n<div class=\"wp-block-columns is-layout-flex wp-container-core-columns-is-layout-e524df8a wp-block-columns-is-layout-flex\">\n<div class=\"wp-block-column is-layout-flow wp-block-column-is-layout-flow\">\n<div class=\"wp-block-cover is-light hover-fondo-video\" style=\"min-height:334px;aspect-ratio:unset;\"><img decoding=\"async\" width=\"358\" height=\"334\" class=\"wp-block-cover__image-background wp-image-27923\" alt=\"\" src=\"https:\/\/www.entreculturas.org\/wp-content\/uploads\/2024\/07\/Rectangle-130.png\" data-object-fit=\"cover\" srcset=\"https:\/\/www.entreculturas.org\/wp-content\/uploads\/2024\/07\/Rectangle-130.png 358w, https:\/\/www.entreculturas.org\/wp-content\/uploads\/2024\/07\/Rectangle-130-300x280.png 300w\" sizes=\"(max-width: 358px) 100vw, 358px\" \/><span aria-hidden=\"true\" class=\"wp-block-cover__background has-background-dim-0 has-background-dim\" style=\"background-color:#978780\"><\/span><div class=\"wp-block-cover__inner-container has-global-padding is-layout-constrained wp-block-cover-is-layout-constrained\">\n<p class=\"has-text-align-center has-large-font-size\"><\/p>\n<\/div><\/div>\n<\/div>\n\n\n\n<div class=\"wp-block-column is-layout-flow wp-block-column-is-layout-flow\">\n<div class=\"wp-block-cover hover-fondo-video\" style=\"min-height:334px;aspect-ratio:unset;\"><img decoding=\"async\" width=\"358\" height=\"334\" class=\"wp-block-cover__image-background wp-image-27919\" alt=\"\" src=\"https:\/\/www.entreculturas.org\/wp-content\/uploads\/2024\/07\/Rectangle-129.png\" data-object-fit=\"cover\" srcset=\"https:\/\/www.entreculturas.org\/wp-content\/uploads\/2024\/07\/Rectangle-129.png 358w, https:\/\/www.entreculturas.org\/wp-content\/uploads\/2024\/07\/Rectangle-129-300x280.png 300w\" sizes=\"(max-width: 358px) 100vw, 358px\" \/><span aria-hidden=\"true\" class=\"wp-block-cover__background has-background-dim-0 has-background-dim\" style=\"background-color:#766d69\"><\/span><div class=\"wp-block-cover__inner-container has-global-padding is-layout-constrained wp-block-cover-is-layout-constrained\">\n<p class=\"has-text-align-center has-large-font-size\"><\/p>\n<\/div><\/div>\n<\/div>\n\n\n\n<div class=\"wp-block-column is-layout-flow wp-block-column-is-layout-flow\">\n<div class=\"wp-block-cover hover-fondo-video\" style=\"min-height:334px;aspect-ratio:unset;\"><img decoding=\"async\" width=\"358\" height=\"334\" class=\"wp-block-cover__image-background wp-image-27927\" alt=\"\" src=\"https:\/\/www.entreculturas.org\/wp-content\/uploads\/2024\/07\/Rectangle-129-1.png\" data-object-fit=\"cover\" srcset=\"https:\/\/www.entreculturas.org\/wp-content\/uploads\/2024\/07\/Rectangle-129-1.png 358w, https:\/\/www.entreculturas.org\/wp-content\/uploads\/2024\/07\/Rectangle-129-1-300x280.png 300w\" sizes=\"(max-width: 358px) 100vw, 358px\" \/><span aria-hidden=\"true\" class=\"wp-block-cover__background has-background-dim-0 has-background-dim\" style=\"background-color:#706a68\"><\/span><div class=\"wp-block-cover__inner-container has-global-padding is-layout-constrained wp-block-cover-is-layout-constrained\">\n<p class=\"has-text-align-center has-large-font-size\"><\/p>\n<\/div><\/div>\n<\/div>\n<\/div>\n<\/div>\n\n\n\n<div class=\"wp-block-group has-global-padding is-layout-constrained wp-container-core-group-is-layout-25a0aac2 wp-block-group-is-layout-constrained\" style=\"margin-bottom:var(--wp--preset--spacing--70)\">\n<div class=\"wp-block-group is-content-justification-center is-nowrap is-layout-flex wp-container-core-group-is-layout-9193781b wp-block-group-is-layout-flex\">\n<figure class=\"wp-block-image aligncenter size-full\"><img decoding=\"async\" src=\"https:\/\/www.entreculturas.org\/wp-content\/uploads\/2023\/09\/corazon_entrecult.svg\" alt=\"\" class=\"wp-image-588\"\/><\/figure>\n<\/div>\n\n\n\n<div class=\"wp-block-group is-vertical is-content-justification-center is-layout-flex wp-container-core-group-is-layout-b3d33b65 wp-block-group-is-layout-flex\" style=\"margin-top:var(--wp--preset--spacing--50);margin-bottom:var(--wp--preset--spacing--50);padding-top:0;padding-bottom:0\">\n<p class=\"has-text-align-center has-open-sans-font-family\" style=\"font-size:37px;font-style:normal;font-weight:700\">El teu suport \u00e9s clau<\/p>\n\n\n\n<p class=\"has-text-align-center has-open-sans-font-family\" style=\"font-style:normal;font-weight:400\">Seguim omplint el m\u00f3n d&#8217;educaci\u00f3 i oportunitats.<\/p>\n<\/div>\n\n\n\n<div class=\"wp-block-buttons is-content-justification-center is-layout-flex wp-container-core-buttons-is-layout-d8c0be80 wp-block-buttons-is-layout-flex\" style=\"margin-top:var(--wp--preset--spacing--40)\">\n<div class=\"wp-block-button is-style-fill\"><a class=\"wp-block-button__link has-white-color has-redbright-background-color has-text-color has-background has-link-color has-open-sans-font-family has-custom-font-size wp-element-button\" href=\"https:\/\/colabora.entreculturas.org\/ca\/dona?utm_campaign=celmutm_medium=botonutm_source=web\" style=\"border-radius:5px;padding-top:10px;padding-right:30px;padding-bottom:10px;padding-left:30px;font-size:16px;font-style:normal;font-weight:600\" target=\"_blank\" rel=\"noreferrer noopener\">DONA<\/a><\/div>\n<\/div>\n<\/div>\n\n\n\n<div class=\"wp-block-group has-global-padding is-layout-constrained wp-container-core-group-is-layout-cc019cf6 wp-block-group-is-layout-constrained\" style=\"margin-bottom:var(--wp--preset--spacing--70);padding-right:20px;padding-left:20px\">\n<div class=\"wp-block-columns is-layout-flex wp-container-core-columns-is-layout-e524df8a wp-block-columns-is-layout-flex\">\n<div class=\"wp-block-column is-layout-flow wp-block-column-is-layout-flow\">\n<div class=\"wp-block-cover hover-fondo-video\" style=\"min-height:334px;aspect-ratio:unset;\"><img decoding=\"async\" width=\"2560\" height=\"1792\" class=\"wp-block-cover__image-background wp-image-27871\" alt=\"\" src=\"https:\/\/www.entreculturas.org\/wp-content\/uploads\/2024\/07\/gal1-img-scaled.jpg\" data-object-fit=\"cover\" srcset=\"https:\/\/www.entreculturas.org\/wp-content\/uploads\/2024\/07\/gal1-img-scaled.jpg 2560w, https:\/\/www.entreculturas.org\/wp-content\/uploads\/2024\/07\/gal1-img-300x210.jpg 300w, https:\/\/www.entreculturas.org\/wp-content\/uploads\/2024\/07\/gal1-img-1024x717.jpg 1024w, https:\/\/www.entreculturas.org\/wp-content\/uploads\/2024\/07\/gal1-img-768x538.jpg 768w, https:\/\/www.entreculturas.org\/wp-content\/uploads\/2024\/07\/gal1-img-1536x1075.jpg 1536w, https:\/\/www.entreculturas.org\/wp-content\/uploads\/2024\/07\/gal1-img-2048x1434.jpg 2048w\" sizes=\"(max-width: 2560px) 100vw, 2560px\" \/><span aria-hidden=\"true\" class=\"wp-block-cover__background has-background-dim-0 has-background-dim\" style=\"background-color:#67585a\"><\/span><div class=\"wp-block-cover__inner-container has-global-padding is-layout-constrained wp-block-cover-is-layout-constrained\">\n<p class=\"has-text-align-center has-large-font-size\"><\/p>\n<\/div><\/div>\n<\/div>\n\n\n\n<div class=\"wp-block-column is-layout-flow wp-block-column-is-layout-flow\">\n<div class=\"wp-block-cover hover-fondo-video\" style=\"min-height:334px;aspect-ratio:unset;\"><img decoding=\"async\" width=\"2560\" height=\"1707\" class=\"wp-block-cover__image-background wp-image-27875\" alt=\"\" src=\"https:\/\/www.entreculturas.org\/wp-content\/uploads\/2024\/07\/gal1-img2-scaled.jpg\" data-object-fit=\"cover\" srcset=\"https:\/\/www.entreculturas.org\/wp-content\/uploads\/2024\/07\/gal1-img2-scaled.jpg 2560w, https:\/\/www.entreculturas.org\/wp-content\/uploads\/2024\/07\/gal1-img2-300x200.jpg 300w, https:\/\/www.entreculturas.org\/wp-content\/uploads\/2024\/07\/gal1-img2-1024x683.jpg 1024w, https:\/\/www.entreculturas.org\/wp-content\/uploads\/2024\/07\/gal1-img2-768x512.jpg 768w, https:\/\/www.entreculturas.org\/wp-content\/uploads\/2024\/07\/gal1-img2-1536x1024.jpg 1536w, https:\/\/www.entreculturas.org\/wp-content\/uploads\/2024\/07\/gal1-img2-2048x1366.jpg 2048w\" sizes=\"(max-width: 2560px) 100vw, 2560px\" \/><span aria-hidden=\"true\" class=\"wp-block-cover__background has-background-dim-0 has-background-dim\" style=\"background-color:#7a6258\"><\/span><div class=\"wp-block-cover__inner-container has-global-padding is-layout-constrained wp-block-cover-is-layout-constrained\">\n<p class=\"has-text-align-center has-large-font-size\"><\/p>\n<\/div><\/div>\n<\/div>\n\n\n\n<div class=\"wp-block-column is-layout-flow wp-block-column-is-layout-flow\">\n<div class=\"wp-block-cover hover-fondo-video\" style=\"min-height:334px;aspect-ratio:unset;\"><img decoding=\"async\" width=\"2560\" height=\"1707\" class=\"wp-block-cover__image-background wp-image-27879\" alt=\"\" src=\"https:\/\/www.entreculturas.org\/wp-content\/uploads\/2024\/07\/gal1-img3-scaled.jpg\" data-object-fit=\"cover\" srcset=\"https:\/\/www.entreculturas.org\/wp-content\/uploads\/2024\/07\/gal1-img3-scaled.jpg 2560w, https:\/\/www.entreculturas.org\/wp-content\/uploads\/2024\/07\/gal1-img3-300x200.jpg 300w, https:\/\/www.entreculturas.org\/wp-content\/uploads\/2024\/07\/gal1-img3-1024x683.jpg 1024w, https:\/\/www.entreculturas.org\/wp-content\/uploads\/2024\/07\/gal1-img3-768x512.jpg 768w, https:\/\/www.entreculturas.org\/wp-content\/uploads\/2024\/07\/gal1-img3-1536x1024.jpg 1536w, https:\/\/www.entreculturas.org\/wp-content\/uploads\/2024\/07\/gal1-img3-2048x1366.jpg 2048w\" sizes=\"(max-width: 2560px) 100vw, 2560px\" \/><span aria-hidden=\"true\" class=\"wp-block-cover__background has-background-dim-0 has-background-dim\" style=\"background-color:#83665a\"><\/span><div class=\"wp-block-cover__inner-container has-global-padding is-layout-constrained wp-block-cover-is-layout-constrained\">\n<p class=\"has-text-align-center has-large-font-size\"><\/p>\n<\/div><\/div>\n<\/div>\n<\/div>\n<\/div>\n\n\n\n<div class=\"wp-block-group has-global-padding is-layout-constrained wp-container-core-group-is-layout-6598365f wp-block-group-is-layout-constrained\" style=\"margin-top:var(--wp--preset--spacing--70);margin-bottom:var(--wp--preset--spacing--70);padding-right:var(--wp--preset--spacing--40);padding-left:var(--wp--preset--spacing--40)\">\n<p class=\"has-text-align-center has-open-sans-font-family\" style=\"font-style:normal;font-weight:400\"><strong>Treballem a pa\u00efsos com Col\u00f2mbia, Ucra\u00efna o Rep\u00fablica Centreafricana<\/strong> per protegir la inf\u00e0ncia en situaci\u00f3 de despla\u00e7ament for\u00e7at i assegurar que els nens i nenes comptin amb un espai segur on poder jugar, formar-se i cr\u00e9ixer lluny de la viol\u00e8ncia.<br><br> A trav\u00e9s dels nostres projectes oferim -tant a ells com a les seves fam\u00edlies- <strong>atenci\u00f3 humanit\u00e0ria, suport psicosocial, acc\u00e9s a l&#8217;educaci\u00f3 i espais de lleure i conviv\u00e8ncia<\/strong> , cosa que els permet recuperar les seves vides i accedir a un futur digne.<\/p>\n<\/div>\n\n\n\n<div class=\"wp-block-group has-global-padding is-layout-constrained wp-container-core-group-is-layout-3b0f2f7d wp-block-group-is-layout-constrained\" style=\"padding-right:20px;padding-left:20px\">\n<h2 class=\"wp-block-heading has-text-align-center has-large-font-size\" id=\"h-projectes-aconseguits\" style=\"margin-top:var(--wp--preset--spacing--70);margin-bottom:var(--wp--preset--spacing--60)\">Projectes aconseguits:<\/h2>\n\n\n\n<div class=\"wp-block-query is-layout-flow wp-block-query-is-layout-flow\"><ul class=\"columns-3 news-cont wp-block-post-template is-layout-grid wp-container-core-post-template-is-layout-10753265 wp-block-post-template-is-layout-grid\"><li class=\"wp-block-post post-26727 noticia type-noticia status-publish has-post-thumbnail hentry category-noticia tag-rsc\">\n\n<div class=\"wp-block-group relative card-pill has-white-background-color has-background is-vertical is-nowrap is-layout-flex wp-container-core-group-is-layout-be1d78b3 wp-block-group-is-layout-flex\" style=\"border-radius:15px;min-height:100%;padding-top:0;padding-right:0;padding-bottom:var(--wp--preset--spacing--60);padding-left:0\"><figure style=\"width:100%;\" class=\"alignwide card-img card-hover wp-block-post-featured-image\"><a href=\"https:\/\/www.entreculturas.org\/ca\/noticia\/compromiso-empresarial-con-el-medio-ambiente-celebracion-del-dia-mundial-del-medio-ambiente-en-la-comunidad-recicoles\/\" target=\"_self\"  ><img decoding=\"async\" width=\"2016\" height=\"1512\" src=\"https:\/\/www.entreculturas.org\/wp-content\/uploads\/2024\/06\/20221024_122339.jpg\" class=\"attachment-post-thumbnail size-post-thumbnail wp-post-image\" alt=\"Compromiso Empresarial con el Medio Ambiente: Celebraci\u00f3n del D\u00eda Mundial del Medio Ambiente en la Comunidad Recicoles\" style=\"object-fit:cover;\" srcset=\"https:\/\/www.entreculturas.org\/wp-content\/uploads\/2024\/06\/20221024_122339.jpg 2016w, https:\/\/www.entreculturas.org\/wp-content\/uploads\/2024\/06\/20221024_122339-300x225.jpg 300w, https:\/\/www.entreculturas.org\/wp-content\/uploads\/2024\/06\/20221024_122339-1024x768.jpg 1024w, https:\/\/www.entreculturas.org\/wp-content\/uploads\/2024\/06\/20221024_122339-768x576.jpg 768w, https:\/\/www.entreculturas.org\/wp-content\/uploads\/2024\/06\/20221024_122339-1536x1152.jpg 1536w\" sizes=\"(max-width: 2016px) 100vw, 2016px\" \/><\/a><\/figure>\n\n\n<div class=\"wp-block-group is-layout-flow wp-container-core-group-is-layout-07ca84f9 wp-block-group-is-layout-flow\" style=\"padding-right:var(--wp--preset--spacing--60);padding-left:var(--wp--preset--spacing--60)\">\n<div class=\"wp-block-columns is-not-stacked-on-mobile is-layout-flex wp-container-core-columns-is-layout-28f84493 wp-block-columns-is-layout-flex\">\n<div class=\"wp-block-column category-field-noticias is-layout-flow wp-container-core-column-is-layout-a77db08e wp-block-column-is-layout-flow\"><div style=\"font-style:normal;font-weight:700\" class=\"taxonomy-category cat-news wp-block-post-terms has-text-color has-red-color\"><a href=\"https:\/\/www.entreculturas.org\/ca\/category\/noticia\/\" rel=\"tag\">Noticia<\/a><\/div>\n\n\n<p class=\"category-icon\"><\/p>\n<\/div>\n\n\n\n<div class=\"wp-block-column card-tag column-taxonomy is-layout-flow wp-block-column-is-layout-flow\">\n<span class=\"divider-taxonomy\">|<\/span>\n\n\n<div class=\"taxonomy-post_tag border-taxonomy wp-block-post-terms\"><a href=\"https:\/\/www.entreculturas.org\/ca\/tag\/rsc\/\" rel=\"tag\">RSC<\/a><\/div><\/div>\n<\/div>\n\n\n\n<div class=\"wp-block-group card-title has-global-padding is-layout-constrained wp-block-group-is-layout-constrained\"><h4 style=\"line-height:1; margin-bottom:5px;margin-top:3px;\" class=\"has-link-color titulo-post-content wp-elements-ebf9628834b4c901e82de15c647b092a wp-block-post-title has-text-color has-gray-color\"><a href=\"https:\/\/www.entreculturas.org\/ca\/noticia\/compromiso-empresarial-con-el-medio-ambiente-celebracion-del-dia-mundial-del-medio-ambiente-en-la-comunidad-recicoles\/\" target=\"_self\" >Compromiso Empresarial con el Medio Ambiente: Celebraci\u00f3n del D\u00eda Mundial del Medio Ambiente en la Comunidad Recicoles<\/a><\/h4><\/div>\n\n\n<div style=\"color:#b1b1b1; font-size:14px; margin-top:5px;\" class=\"news-date date-format wp-block-post-date has-text-color\"><time datetime=\"2024-06-28T10:29:47+02:00\">28 juny 2024<\/time><\/div><\/div>\n<\/div>\n\n<\/li><li class=\"wp-block-post post-26222 noticia type-noticia status-publish has-post-thumbnail hentry category-noticia tag-migracion-y-refugio cause-migracion-y-refugio\">\n\n<div class=\"wp-block-group relative card-pill has-white-background-color has-background is-vertical is-nowrap is-layout-flex wp-container-core-group-is-layout-be1d78b3 wp-block-group-is-layout-flex\" style=\"border-radius:15px;min-height:100%;padding-top:0;padding-right:0;padding-bottom:var(--wp--preset--spacing--60);padding-left:0\"><figure style=\"width:100%;\" class=\"alignwide card-img card-hover wp-block-post-featured-image\"><a href=\"https:\/\/www.entreculturas.org\/ca\/noticia\/dia-mundial-de-las-personas-refugiadas-1-de-cada-5-ninos-as-vive-en-zonas-de-conflicto\/\" target=\"_self\"  ><img decoding=\"async\" width=\"1500\" height=\"787\" src=\"https:\/\/www.entreculturas.org\/wp-content\/uploads\/2024\/06\/Rueda-de-prensa-1-e1718791554328.jpg\" class=\"attachment-post-thumbnail size-post-thumbnail wp-post-image\" alt=\"D\u00cdA MUNDIAL DE LAS PERSONAS REFUGIADAS: 1 DE CADA 5 NI\u00d1OS\/AS VIVE EN ZONAS DE CONFLICTO\" style=\"object-fit:cover;\" srcset=\"https:\/\/www.entreculturas.org\/wp-content\/uploads\/2024\/06\/Rueda-de-prensa-1-e1718791554328.jpg 1500w, https:\/\/www.entreculturas.org\/wp-content\/uploads\/2024\/06\/Rueda-de-prensa-1-e1718791554328-300x157.jpg 300w, https:\/\/www.entreculturas.org\/wp-content\/uploads\/2024\/06\/Rueda-de-prensa-1-e1718791554328-1024x537.jpg 1024w, https:\/\/www.entreculturas.org\/wp-content\/uploads\/2024\/06\/Rueda-de-prensa-1-e1718791554328-768x403.jpg 768w\" sizes=\"(max-width: 1500px) 100vw, 1500px\" \/><\/a><\/figure>\n\n\n<div class=\"wp-block-group is-layout-flow wp-container-core-group-is-layout-07ca84f9 wp-block-group-is-layout-flow\" style=\"padding-right:var(--wp--preset--spacing--60);padding-left:var(--wp--preset--spacing--60)\">\n<div class=\"wp-block-columns is-not-stacked-on-mobile is-layout-flex wp-container-core-columns-is-layout-28f84493 wp-block-columns-is-layout-flex\">\n<div class=\"wp-block-column category-field-noticias is-layout-flow wp-container-core-column-is-layout-a77db08e wp-block-column-is-layout-flow\"><div style=\"font-style:normal;font-weight:700\" class=\"taxonomy-category cat-news wp-block-post-terms has-text-color has-red-color\"><a href=\"https:\/\/www.entreculturas.org\/ca\/category\/noticia\/\" rel=\"tag\">Noticia<\/a><\/div>\n\n\n<p class=\"category-icon\"><\/p>\n<\/div>\n\n\n\n<div class=\"wp-block-column card-tag column-taxonomy is-layout-flow wp-block-column-is-layout-flow\">\n<span class=\"divider-taxonomy\">|<\/span>\n\n\n<div class=\"taxonomy-post_tag border-taxonomy wp-block-post-terms\"><a href=\"https:\/\/www.entreculturas.org\/ca\/tag\/migracion-y-refugio\/\" rel=\"tag\">Migraci\u00f3n y refugio<\/a><\/div><\/div>\n<\/div>\n\n\n\n<div class=\"wp-block-group card-title has-global-padding is-layout-constrained wp-block-group-is-layout-constrained\"><h4 style=\"line-height:1; margin-bottom:5px;margin-top:3px;\" class=\"has-link-color titulo-post-content wp-elements-ebf9628834b4c901e82de15c647b092a wp-block-post-title has-text-color has-gray-color\"><a href=\"https:\/\/www.entreculturas.org\/ca\/noticia\/dia-mundial-de-las-personas-refugiadas-1-de-cada-5-ninos-as-vive-en-zonas-de-conflicto\/\" target=\"_self\" >D\u00cdA MUNDIAL DE LAS PERSONAS REFUGIADAS: 1 DE CADA 5 NI\u00d1OS\/AS VIVE EN ZONAS DE CONFLICTO<\/a><\/h4><\/div>\n\n\n<div style=\"color:#b1b1b1; font-size:14px; margin-top:5px;\" class=\"news-date date-format wp-block-post-date has-text-color\"><time datetime=\"2024-06-19T11:51:01+02:00\">19 juny 2024<\/time><\/div><\/div>\n<\/div>\n\n<\/li><li class=\"wp-block-post post-27283 noticia type-noticia status-publish has-post-thumbnail hentry category-noticia country-peru cause-educacion\">\n\n<div class=\"wp-block-group relative card-pill has-white-background-color has-background is-vertical is-nowrap is-layout-flex wp-container-core-group-is-layout-be1d78b3 wp-block-group-is-layout-flex\" style=\"border-radius:15px;min-height:100%;padding-top:0;padding-right:0;padding-bottom:var(--wp--preset--spacing--60);padding-left:0\"><figure style=\"width:100%;\" class=\"alignwide card-img card-hover wp-block-post-featured-image\"><a href=\"https:\/\/www.entreculturas.org\/ca\/noticia\/contigo-en-la-mision-construye-un-aula-en-la-amazonia-peruana\/\" target=\"_self\"  ><img decoding=\"async\" width=\"1135\" height=\"610\" src=\"https:\/\/www.entreculturas.org\/wp-content\/uploads\/2024\/07\/image-2.png\" class=\"attachment-post-thumbnail size-post-thumbnail wp-post-image\" alt=\"Contigo en la Misi\u00f3n construye un aula en la Amazon\u00eda peruana\" style=\"object-fit:cover;\" srcset=\"https:\/\/www.entreculturas.org\/wp-content\/uploads\/2024\/07\/image-2.png 1135w, https:\/\/www.entreculturas.org\/wp-content\/uploads\/2024\/07\/image-2-300x161.png 300w, https:\/\/www.entreculturas.org\/wp-content\/uploads\/2024\/07\/image-2-1024x550.png 1024w, https:\/\/www.entreculturas.org\/wp-content\/uploads\/2024\/07\/image-2-768x413.png 768w\" sizes=\"(max-width: 1135px) 100vw, 1135px\" \/><\/a><\/figure>\n\n\n<div class=\"wp-block-group is-layout-flow wp-container-core-group-is-layout-07ca84f9 wp-block-group-is-layout-flow\" style=\"padding-right:var(--wp--preset--spacing--60);padding-left:var(--wp--preset--spacing--60)\">\n<div class=\"wp-block-columns is-not-stacked-on-mobile is-layout-flex wp-container-core-columns-is-layout-28f84493 wp-block-columns-is-layout-flex\">\n<div class=\"wp-block-column category-field-noticias is-layout-flow wp-container-core-column-is-layout-a77db08e wp-block-column-is-layout-flow\"><div style=\"font-style:normal;font-weight:700\" class=\"taxonomy-category cat-news wp-block-post-terms has-text-color has-red-color\"><a href=\"https:\/\/www.entreculturas.org\/ca\/category\/noticia\/\" rel=\"tag\">Noticia<\/a><\/div>\n\n\n<p class=\"category-icon\"><\/p>\n<\/div>\n\n\n\n<div class=\"wp-block-column card-tag column-taxonomy is-layout-flow wp-block-column-is-layout-flow\">\n<span class=\"divider-taxonomy\">|<\/span>\n\n\n<\/div>\n<\/div>\n\n\n\n<div class=\"wp-block-group card-title has-global-padding is-layout-constrained wp-block-group-is-layout-constrained\"><h4 style=\"line-height:1; margin-bottom:5px;margin-top:3px;\" class=\"has-link-color titulo-post-content wp-elements-ebf9628834b4c901e82de15c647b092a wp-block-post-title has-text-color has-gray-color\"><a href=\"https:\/\/www.entreculturas.org\/ca\/noticia\/contigo-en-la-mision-construye-un-aula-en-la-amazonia-peruana\/\" target=\"_self\" >Contigo en la Misi\u00f3n construye un aula en la Amazon\u00eda peruana<\/a><\/h4><\/div>\n\n\n<div style=\"color:#b1b1b1; font-size:14px; margin-top:5px;\" class=\"news-date date-format wp-block-post-date has-text-color\"><time datetime=\"2018-05-10T13:47:00+02:00\">10 maig 2018<\/time><\/div><\/div>\n<\/div>\n\n<\/li><\/ul>\n\n\n<script>document.addEventListener(\"DOMContentLoaded\", function() {\n\n    var categoryLinks = document.querySelectorAll('.taxonomy-category a');\n\n    categoryLinks.forEach(function(link) {\n        var href = link.getAttribute('href');\n        \n        \/\/ Obtenemos el contenedor padre del enlace y, luego, su pr\u00f3ximo hermano\n        var icon = link.parentElement.nextElementSibling;\n\n        if (href && icon && href.includes('\/category\/noticia\/')) {\n            icon.innerHTML = '<img decoding=\"async\" src=\"\/wp-content\/uploads\/2023\/09\/noticia.svg\" alt=\"Icono de Noticia\" class=\"card-icon\" \/>';\n        } else if (href && icon && href.includes('\/category\/video\/')) {\n            icon.innerHTML = '<img decoding=\"async\" src=\"\/wp-content\/uploads\/2023\/09\/play.svg\" alt=\"Icono de Video\" class=\"card-icon\" \/>';\n        } else if (href && icon && href.includes('\/category\/entrevista\/')) {\n            icon.innerHTML = '<img decoding=\"async\" src=\"\/wp-content\/uploads\/2023\/09\/entrevista.svg\" alt=\"Icono de Entrevista\" class=\"card-icon\" \/>';\n        } else if (href && icon && href.includes('\/category\/reportaje\/')) {\n            icon.innerHTML = '<img decoding=\"async\" src=\"\/wp-content\/uploads\/2023\/09\/reportaje.svg\" alt=\"Icono de Reportaje\" class=\"card-icon\" \/>';\n        } else if (href && icon && href.includes('\/category\/testimonio\/')) {\n            icon.innerHTML = '<img decoding=\"async\" src=\"\/wp-content\/uploads\/2023\/09\/testimonio.svg\" alt=\"Icono de Testimonio\" class=\"card-icon\" \/>';\n        }\n    });\n});\n\n<\/script>\n<\/div>\n<\/div>\n\n\n\n<div class=\"wp-block-group has-global-padding is-layout-constrained wp-container-core-group-is-layout-e94ce0fd wp-block-group-is-layout-constrained\" style=\"margin-top:var(--wp--preset--spacing--60);margin-bottom:var(--wp--preset--spacing--60)\">\n<div class=\"wp-block-group has-redbright-background-color has-background is-content-justification-center is-nowrap is-layout-flex wp-container-core-group-is-layout-a37ffa10 wp-block-group-is-layout-flex\" style=\"border-radius:15px;margin-top:0;margin-bottom:0;padding-top:var(--wp--preset--spacing--40);padding-right:0;padding-bottom:var(--wp--preset--spacing--40);padding-left:0\">\n<p class=\"has-text-align-center has-white-color has-text-color has-link-color wp-elements-4a6d86e553416e40eebe9d5315c0f7bb\" style=\"font-size:24px;font-style:normal;font-weight:700\">Vols rebre informaci\u00f3 dels nostres projectes seg\u00fcents?<\/p>\n\n\n\n<div class=\"wp-block-buttons is-layout-flex wp-block-buttons-is-layout-flex\">\n<div class=\"wp-block-button is-style-fill\"><a class=\"wp-block-button__link has-white-color has-redbright-background-color has-text-color has-background has-link-color wp-element-button\" href=\"https:\/\/www.entreculturas.org\/campana\/contigo-en-la-mision-inicio-dev\/#h-si-eres-antiguo-alumno-jesuita-unete\" style=\"border-width:2px\">UNEIX-TE!<\/a><\/div>\n<\/div>\n<\/div>\n<\/div>\n\n\n\n<div class=\"wp-block-group is-content-justification-center is-nowrap is-layout-flex wp-container-core-group-is-layout-7a2cd8f2 wp-block-group-is-layout-flex\" style=\"margin-top:var(--wp--preset--spacing--80);margin-bottom:var(--wp--preset--spacing--80);padding-right:var(--wp--preset--spacing--50);padding-left:var(--wp--preset--spacing--50)\">\n<figure class=\"wp-block-image size-full\"><img decoding=\"async\" src=\"https:\/\/www.entreculturas.org\/wp-content\/uploads\/2023\/11\/logo-entreculturas-nuevo-1.svg\" alt=\"\" class=\"wp-image-1834\"\/><\/figure>\n\n\n\n<figure class=\"wp-block-image size-full\"><img decoding=\"async\" src=\"https:\/\/www.entreculturas.org\/wp-content\/uploads\/2024\/07\/logo-alboan.svg\" alt=\"\" class=\"wp-image-28221\"\/><\/figure>\n\n\n\n<figure class=\"wp-block-image size-medium\"><img decoding=\"async\" width=\"300\" height=\"89\" src=\"https:\/\/www.entreculturas.org\/wp-content\/uploads\/2024\/07\/thumbnail_FEAAJ-300x89.png\" alt=\"\" class=\"wp-image-28225\" srcset=\"https:\/\/www.entreculturas.org\/wp-content\/uploads\/2024\/07\/thumbnail_FEAAJ-300x89.png 300w, https:\/\/www.entreculturas.org\/wp-content\/uploads\/2024\/07\/thumbnail_FEAAJ-768x227.png 768w, https:\/\/www.entreculturas.org\/wp-content\/uploads\/2024\/07\/thumbnail_FEAAJ.png 855w\" sizes=\"(max-width: 300px) 100vw, 300px\" \/><\/figure>\n<\/div>\n","protected":false},"excerpt":{"rendered":"<p>Els antics alumnes que formem part de Contigo a la Missi\u00f3, col\u00b7laborem amb els projectes que duu a terme Entreculturas amb les poblacions m\u00e9s vulnerables. Donem suport a la inf\u00e0ncia refugiada Al m\u00f3n, m\u00e9s de 43 milions de nens i nenes s\u00f3n refugiats, despla\u00e7ats o migrants a causa de la guerra, la pobresa extrema o les cat\u00e0strofes naturals. Nens i nenes que s&#8217;han vist obligats a abandonar casa seva per salvar les seves vides, allunyats de l&#8217;escola i de les seves oportunitats de futur. Nens i nenes que s&#8217;enfronten a una nova vida, plena de por i d&#8217;incertesa, i que necessiten recuperar el seu dret a l&#8217;educaci\u00f3 als llocs d&#8217;acollida. A l&#8217;emerg\u00e8ncia, l&#8217;educaci\u00f3 \u00e9s el primer dret que es perd i el que m\u00e9s triga a recuperar-se. L&#8217;escola els ofereix eines per protegir-se, atenci\u00f3 psicosocial per superar els traumes ocasionats per la guerra, l&#8217;alimentaci\u00f3 di\u00e0ria i un espai de conviv\u00e8ncia, [&hellip;]<\/p>\n","protected":false},"author":1,"featured_media":0,"parent":28269,"menu_order":0,"comment_status":"closed","ping_status":"closed","template":"wp-custom-template-plantilla-contigo-en-la-mision","meta":{"_acf_changed":false,"footnotes":""},"class_list":["post-28278","page","type-page","status-publish","hentry"],"acf":[],"yoast_head":"<!-- This site is optimized with the Yoast SEO Premium plugin v21.6 (Yoast SEO v27.5) - https:\/\/yoast.com\/product\/yoast-seo-premium-wordpress\/ -->\n<title>El Projecte - Entreculturas<\/title>\n<meta name=\"robots\" content=\"index, nofollow, max-snippet:-1, max-image-preview:large, max-video-preview:-1\" \/>\n<link rel=\"canonical\" href=\"https:\/\/www.entreculturas.org\/ca\/amb-tu-a-la-missio\/el-projecte\/\" \/>\n<meta property=\"og:locale\" content=\"ca_ES\" \/>\n<meta property=\"og:type\" content=\"article\" \/>\n<meta property=\"og:title\" content=\"El Projecte\" \/>\n<meta property=\"og:description\" content=\"Els antics alumnes que formem part de Contigo a la Missi\u00f3, col\u00b7laborem amb els projectes que duu a terme Entreculturas amb les poblacions m\u00e9s vulnerables. Donem suport a la inf\u00e0ncia refugiada Al m\u00f3n, m\u00e9s de 43 milions de nens i nenes s\u00f3n refugiats, despla\u00e7ats o migrants a causa de la guerra, la pobresa extrema o les cat\u00e0strofes naturals. Nens i nenes que s&#8217;han vist obligats a abandonar casa seva per salvar les seves vides, allunyats de l&#8217;escola i de les seves oportunitats de futur. Nens i nenes que s&#8217;enfronten a una nova vida, plena de por i d&#8217;incertesa, i que necessiten recuperar el seu dret a l&#8217;educaci\u00f3 als llocs d&#8217;acollida. A l&#8217;emerg\u00e8ncia, l&#8217;educaci\u00f3 \u00e9s el primer dret que es perd i el que m\u00e9s triga a recuperar-se. L&#8217;escola els ofereix eines per protegir-se, atenci\u00f3 psicosocial per superar els traumes ocasionats per la guerra, l&#8217;alimentaci\u00f3 di\u00e0ria i un espai de conviv\u00e8ncia, [&hellip;]\" \/>\n<meta property=\"og:url\" content=\"https:\/\/www.entreculturas.org\/ca\/amb-tu-a-la-missio\/el-projecte\/\" \/>\n<meta property=\"og:site_name\" content=\"Entreculturas\" \/>\n<meta property=\"article:publisher\" content=\"https:\/\/www.facebook.com\/entreculturas\" \/>\n<meta property=\"article:modified_time\" content=\"2025-10-16T08:43:19+00:00\" \/>\n<meta property=\"og:image\" content=\"https:\/\/www.entreculturas.org\/wp-content\/uploads\/2025\/10\/CAT.svg\" \/>\n<meta name=\"twitter:card\" content=\"summary_large_image\" \/>\n<meta name=\"twitter:site\" content=\"@Entreculturas\" \/>\n<script type=\"application\/ld+json\" class=\"yoast-schema-graph\">{\"@context\":\"https:\\\/\\\/schema.org\",\"@graph\":[{\"@type\":\"WebPage\",\"@id\":\"https:\\\/\\\/www.entreculturas.org\\\/ca\\\/amb-tu-a-la-missio\\\/el-projecte\\\/\",\"url\":\"https:\\\/\\\/www.entreculturas.org\\\/ca\\\/amb-tu-a-la-missio\\\/el-projecte\\\/\",\"name\":\"El Projecte - Entreculturas\",\"isPartOf\":{\"@id\":\"https:\\\/\\\/www.entreculturas.org\\\/ca\\\/#website\"},\"primaryImageOfPage\":{\"@id\":\"https:\\\/\\\/www.entreculturas.org\\\/ca\\\/amb-tu-a-la-missio\\\/el-projecte\\\/#primaryimage\"},\"image\":{\"@id\":\"https:\\\/\\\/www.entreculturas.org\\\/ca\\\/amb-tu-a-la-missio\\\/el-projecte\\\/#primaryimage\"},\"thumbnailUrl\":\"https:\\\/\\\/www.entreculturas.org\\\/wp-content\\\/uploads\\\/2025\\\/10\\\/CAT.svg\",\"datePublished\":\"2024-05-30T14:37:44+00:00\",\"dateModified\":\"2025-10-16T08:43:19+00:00\",\"breadcrumb\":{\"@id\":\"https:\\\/\\\/www.entreculturas.org\\\/ca\\\/amb-tu-a-la-missio\\\/el-projecte\\\/#breadcrumb\"},\"inLanguage\":\"ca\",\"potentialAction\":[{\"@type\":\"ReadAction\",\"target\":[\"https:\\\/\\\/www.entreculturas.org\\\/ca\\\/amb-tu-a-la-missio\\\/el-projecte\\\/\"]}]},{\"@type\":\"ImageObject\",\"inLanguage\":\"ca\",\"@id\":\"https:\\\/\\\/www.entreculturas.org\\\/ca\\\/amb-tu-a-la-missio\\\/el-projecte\\\/#primaryimage\",\"url\":\"https:\\\/\\\/www.entreculturas.org\\\/wp-content\\\/uploads\\\/2025\\\/10\\\/CAT.svg\",\"contentUrl\":\"https:\\\/\\\/www.entreculturas.org\\\/wp-content\\\/uploads\\\/2025\\\/10\\\/CAT.svg\"},{\"@type\":\"BreadcrumbList\",\"@id\":\"https:\\\/\\\/www.entreculturas.org\\\/ca\\\/amb-tu-a-la-missio\\\/el-projecte\\\/#breadcrumb\",\"itemListElement\":[{\"@type\":\"ListItem\",\"position\":1,\"name\":\"Home\",\"item\":\"https:\\\/\\\/www.entreculturas.org\\\/ca\\\/\"},{\"@type\":\"ListItem\",\"position\":2,\"name\":\"El Projecte\"}]},{\"@type\":\"WebSite\",\"@id\":\"https:\\\/\\\/www.entreculturas.org\\\/ca\\\/#website\",\"url\":\"https:\\\/\\\/www.entreculturas.org\\\/ca\\\/\",\"name\":\"Entreculturas\",\"description\":\"\",\"publisher\":{\"@id\":\"https:\\\/\\\/www.entreculturas.org\\\/ca\\\/#organization\"},\"alternateName\":\"Entreculturas\",\"potentialAction\":[{\"@type\":\"SearchAction\",\"target\":{\"@type\":\"EntryPoint\",\"urlTemplate\":\"https:\\\/\\\/www.entreculturas.org\\\/ca\\\/?s={search_term_string}\"},\"query-input\":{\"@type\":\"PropertyValueSpecification\",\"valueRequired\":true,\"valueName\":\"search_term_string\"}}],\"inLanguage\":\"ca\"},{\"@type\":\"Organization\",\"@id\":\"https:\\\/\\\/www.entreculturas.org\\\/ca\\\/#organization\",\"name\":\"Entreculturas\",\"url\":\"https:\\\/\\\/www.entreculturas.org\\\/ca\\\/\",\"logo\":{\"@type\":\"ImageObject\",\"inLanguage\":\"ca\",\"@id\":\"https:\\\/\\\/www.entreculturas.org\\\/ca\\\/#\\\/schema\\\/logo\\\/image\\\/\",\"url\":\"https:\\\/\\\/www.entreculturas.org\\\/wp-content\\\/uploads\\\/2025\\\/10\\\/ESP.svg\",\"contentUrl\":\"https:\\\/\\\/www.entreculturas.org\\\/wp-content\\\/uploads\\\/2025\\\/10\\\/ESP.svg\",\"caption\":\"Entreculturas\"},\"image\":{\"@id\":\"https:\\\/\\\/www.entreculturas.org\\\/ca\\\/#\\\/schema\\\/logo\\\/image\\\/\"},\"sameAs\":[\"https:\\\/\\\/www.facebook.com\\\/entreculturas\",\"https:\\\/\\\/x.com\\\/Entreculturas\",\"https:\\\/\\\/www.instagram.com\\\/entreculturas\\\/\",\"https:\\\/\\\/www.youtube.com\\\/user\\\/entreculturasvideo\",\"https:\\\/\\\/www.linkedin.com\\\/company\\\/fundacion-entreculturas-ngdo\\\/\",\"https:\\\/\\\/www.flickr.com\\\/photos\\\/98455522@N04\\\/albums\\\/\"]}]}<\/script>\n<!-- \/ Yoast SEO Premium plugin. -->","yoast_head_json":{"title":"El Projecte - Entreculturas","robots":{"index":"index","follow":"nofollow","max-snippet":"max-snippet:-1","max-image-preview":"max-image-preview:large","max-video-preview":"max-video-preview:-1"},"canonical":"https:\/\/www.entreculturas.org\/ca\/amb-tu-a-la-missio\/el-projecte\/","og_locale":"ca_ES","og_type":"article","og_title":"El Projecte","og_description":"Els antics alumnes que formem part de Contigo a la Missi\u00f3, col\u00b7laborem amb els projectes que duu a terme Entreculturas amb les poblacions m\u00e9s vulnerables. Donem suport a la inf\u00e0ncia refugiada Al m\u00f3n, m\u00e9s de 43 milions de nens i nenes s\u00f3n refugiats, despla\u00e7ats o migrants a causa de la guerra, la pobresa extrema o les cat\u00e0strofes naturals. Nens i nenes que s&#8217;han vist obligats a abandonar casa seva per salvar les seves vides, allunyats de l&#8217;escola i de les seves oportunitats de futur. Nens i nenes que s&#8217;enfronten a una nova vida, plena de por i d&#8217;incertesa, i que necessiten recuperar el seu dret a l&#8217;educaci\u00f3 als llocs d&#8217;acollida. A l&#8217;emerg\u00e8ncia, l&#8217;educaci\u00f3 \u00e9s el primer dret que es perd i el que m\u00e9s triga a recuperar-se. L&#8217;escola els ofereix eines per protegir-se, atenci\u00f3 psicosocial per superar els traumes ocasionats per la guerra, l&#8217;alimentaci\u00f3 di\u00e0ria i un espai de conviv\u00e8ncia, [&hellip;]","og_url":"https:\/\/www.entreculturas.org\/ca\/amb-tu-a-la-missio\/el-projecte\/","og_site_name":"Entreculturas","article_publisher":"https:\/\/www.facebook.com\/entreculturas","article_modified_time":"2025-10-16T08:43:19+00:00","og_image":[{"url":"https:\/\/www.entreculturas.org\/wp-content\/uploads\/2025\/10\/CAT.svg","type":"","width":"","height":""}],"twitter_card":"summary_large_image","twitter_site":"@Entreculturas","schema":{"@context":"https:\/\/schema.org","@graph":[{"@type":"WebPage","@id":"https:\/\/www.entreculturas.org\/ca\/amb-tu-a-la-missio\/el-projecte\/","url":"https:\/\/www.entreculturas.org\/ca\/amb-tu-a-la-missio\/el-projecte\/","name":"El Projecte - Entreculturas","isPartOf":{"@id":"https:\/\/www.entreculturas.org\/ca\/#website"},"primaryImageOfPage":{"@id":"https:\/\/www.entreculturas.org\/ca\/amb-tu-a-la-missio\/el-projecte\/#primaryimage"},"image":{"@id":"https:\/\/www.entreculturas.org\/ca\/amb-tu-a-la-missio\/el-projecte\/#primaryimage"},"thumbnailUrl":"https:\/\/www.entreculturas.org\/wp-content\/uploads\/2025\/10\/CAT.svg","datePublished":"2024-05-30T14:37:44+00:00","dateModified":"2025-10-16T08:43:19+00:00","breadcrumb":{"@id":"https:\/\/www.entreculturas.org\/ca\/amb-tu-a-la-missio\/el-projecte\/#breadcrumb"},"inLanguage":"ca","potentialAction":[{"@type":"ReadAction","target":["https:\/\/www.entreculturas.org\/ca\/amb-tu-a-la-missio\/el-projecte\/"]}]},{"@type":"ImageObject","inLanguage":"ca","@id":"https:\/\/www.entreculturas.org\/ca\/amb-tu-a-la-missio\/el-projecte\/#primaryimage","url":"https:\/\/www.entreculturas.org\/wp-content\/uploads\/2025\/10\/CAT.svg","contentUrl":"https:\/\/www.entreculturas.org\/wp-content\/uploads\/2025\/10\/CAT.svg"},{"@type":"BreadcrumbList","@id":"https:\/\/www.entreculturas.org\/ca\/amb-tu-a-la-missio\/el-projecte\/#breadcrumb","itemListElement":[{"@type":"ListItem","position":1,"name":"Home","item":"https:\/\/www.entreculturas.org\/ca\/"},{"@type":"ListItem","position":2,"name":"El Projecte"}]},{"@type":"WebSite","@id":"https:\/\/www.entreculturas.org\/ca\/#website","url":"https:\/\/www.entreculturas.org\/ca\/","name":"Entreculturas","description":"","publisher":{"@id":"https:\/\/www.entreculturas.org\/ca\/#organization"},"alternateName":"Entreculturas","potentialAction":[{"@type":"SearchAction","target":{"@type":"EntryPoint","urlTemplate":"https:\/\/www.entreculturas.org\/ca\/?s={search_term_string}"},"query-input":{"@type":"PropertyValueSpecification","valueRequired":true,"valueName":"search_term_string"}}],"inLanguage":"ca"},{"@type":"Organization","@id":"https:\/\/www.entreculturas.org\/ca\/#organization","name":"Entreculturas","url":"https:\/\/www.entreculturas.org\/ca\/","logo":{"@type":"ImageObject","inLanguage":"ca","@id":"https:\/\/www.entreculturas.org\/ca\/#\/schema\/logo\/image\/","url":"https:\/\/www.entreculturas.org\/wp-content\/uploads\/2025\/10\/ESP.svg","contentUrl":"https:\/\/www.entreculturas.org\/wp-content\/uploads\/2025\/10\/ESP.svg","caption":"Entreculturas"},"image":{"@id":"https:\/\/www.entreculturas.org\/ca\/#\/schema\/logo\/image\/"},"sameAs":["https:\/\/www.facebook.com\/entreculturas","https:\/\/x.com\/Entreculturas","https:\/\/www.instagram.com\/entreculturas\/","https:\/\/www.youtube.com\/user\/entreculturasvideo","https:\/\/www.linkedin.com\/company\/fundacion-entreculturas-ngdo\/","https:\/\/www.flickr.com\/photos\/98455522@N04\/albums\/"]}]}},"_links":{"self":[{"href":"https:\/\/www.entreculturas.org\/ca\/wp-json\/wp\/v2\/pages\/28278","targetHints":{"allow":["GET"]}}],"collection":[{"href":"https:\/\/www.entreculturas.org\/ca\/wp-json\/wp\/v2\/pages"}],"about":[{"href":"https:\/\/www.entreculturas.org\/ca\/wp-json\/wp\/v2\/types\/page"}],"author":[{"embeddable":true,"href":"https:\/\/www.entreculturas.org\/ca\/wp-json\/wp\/v2\/users\/1"}],"replies":[{"embeddable":true,"href":"https:\/\/www.entreculturas.org\/ca\/wp-json\/wp\/v2\/comments?post=28278"}],"version-history":[{"count":15,"href":"https:\/\/www.entreculturas.org\/ca\/wp-json\/wp\/v2\/pages\/28278\/revisions"}],"predecessor-version":[{"id":43673,"href":"https:\/\/www.entreculturas.org\/ca\/wp-json\/wp\/v2\/pages\/28278\/revisions\/43673"}],"up":[{"embeddable":true,"href":"https:\/\/www.entreculturas.org\/ca\/wp-json\/wp\/v2\/pages\/28269"}],"wp:attachment":[{"href":"https:\/\/www.entreculturas.org\/ca\/wp-json\/wp\/v2\/media?parent=28278"}],"curies":[{"name":"wp","href":"https:\/\/api.w.org\/{rel}","templated":true}]}}