{"id":26333,"date":"2024-05-28T12:17:07","date_gmt":"2024-05-28T10:17:07","guid":{"rendered":"https:\/\/www.entreculturas.org\/dona-empreses\/"},"modified":"2026-01-29T09:00:56","modified_gmt":"2026-01-29T08:00:56","slug":"dona-empreses","status":"publish","type":"page","link":"https:\/\/www.entreculturas.org\/ca\/dona-empreses\/","title":{"rendered":"Dona Empreses"},"content":{"rendered":"\n<div class=\"wp-block-group alignfull has-global-padding is-layout-constrained wp-block-group-is-layout-constrained\">\n<div class=\"wp-block-columns alignfull is-layout-flex wp-container-core-columns-is-layout-28f84493 wp-block-columns-is-layout-flex\">\n<div class=\"wp-block-column is-layout-flow wp-block-column-is-layout-flow\">\n<div class=\"wp-block-cover is-light fondo_formulario_\"><img decoding=\"async\" class=\"wp-block-cover__image-background wp-image-17472\" alt=\"\" src=\"https:\/\/www.entreculturas.org\/wp-content\/uploads\/2024\/01\/Group-177.jpg\" style=\"object-position:87% 67%\" data-object-fit=\"cover\" data-object-position=\"87% 67%\"\/><span aria-hidden=\"true\" class=\"wp-block-cover__background has-background-dim\" style=\"background-color:#c0ab9e\"><\/span><div class=\"wp-block-cover__inner-container has-global-padding is-layout-constrained wp-block-cover-is-layout-constrained\">\n<p class=\"has-text-align-right copyright_ has-large-font-size\">\u00a9 Sergi C\u00e1mara<\/p>\n<\/div><\/div>\n<\/div>\n\n\n\n<div class=\"wp-block-column is-layout-flow wp-block-column-is-layout-flow\">\n<form class=\"wp-block-theme-blocks-custom-form formulario_ wp-container-content-a5fc19f1\" style=\"padding-top:var(--wp--preset--spacing--40);padding-right:var(--wp--preset--spacing--60);padding-bottom:var(--wp--preset--spacing--40);padding-left:var(--wp--preset--spacing--80)\" id=\"custom_form\" action=\"\/wp-admin\/admin-post.php?action=custom_form\" method=\"post\"><input type=\"hidden\" name=\"g-recaptcha-response\" id=\"g-recaptcha-response\" value=\"\"\/><input type=\"hidden\" name=\"thanks_page\" value=\"\/dona-empresas\/\"\/>\n<div class=\"wp-block-group hidden loading_ has-global-padding is-layout-constrained wp-block-group-is-layout-constrained\">\n<div class=\"wp-block-group grid-center has-global-padding is-layout-constrained wp-block-group-is-layout-constrained\" style=\"min-height:557px\">\n<figure class=\"wp-block-image aligncenter size-full\"><img decoding=\"async\" src=\"https:\/\/www.entreculturas.org\/wp-content\/uploads\/2024\/05\/loader-entreculturas.gif\" alt=\"\" class=\"wp-image-17508\"\/><\/figure>\n\n\n\n<p class=\"has-text-align-center\">L&#8217;operaci\u00f3 s&#8217;est\u00e0 fent.<\/p>\n\n\n\n<div class=\"wp-block-group has-global-padding is-layout-constrained wp-block-group-is-layout-constrained\" style=\"margin-top:var(--wp--preset--spacing--30);margin-bottom:var(--wp--preset--spacing--30)\">\n<p class=\"has-text-align-center\" style=\"font-size:27px\">Ens pot fer uns segons&#8230;<\/p>\n<\/div>\n<\/div>\n<\/div>\n\n\n\n<input type=\"hidden\" name=\"is_company\" value=\"1\"\/>\n\n\n\n<input type=\"hidden\" name=\"is_donation\" value=\"1\"\/>\n\n\n\n<input type=\"hidden\" name=\"form_type\" value=\"2\"\/>\n\n\n\n<input type=\"hidden\" name=\"custom_72\" value=\"403\"\/>\n\n\n\n<input type=\"hidden\" name=\"contribution_source\" value=\"Formulario Dona Empresas\"\/>\n\n\n\n<input type=\"hidden\" name=\"contact_source\" value=\"Formulario Dona Empresas\"\/>\n\n\n\n<input type=\"hidden\" name=\"iniciativa\" value=\"2\"\/>\n\n\n\n<div class=\"step-container hidden\" title=\"Donaci\u00f3n\">\n<h2 class=\"wp-block-heading has-text-align-center\" id=\"h-necessitem-la-teva-ajuda\">Necessitem la teva ajuda<\/h2>\n\n\n\n<section class=\"block-amount\"><div class=\"btns-amount\"><button type=\"button\" data-id=\"0\" data-value=\"100\" class=\"btn-amount\">100\u20ac<\/button><button type=\"button\" data-id=\"1\" data-value=\"300\" class=\"btn-amount\">300\u20ac<\/button><button type=\"button\" data-id=\"2\" data-value=\"500\" class=\"btn-amount\">500\u20ac<\/button><button type=\"button\" data-id=\"3\" data-value=\"0\" class=\"btn-amount\"><span>Otra cantidad<\/span><\/button><\/div><p data-explain=\"0\" class=\"hidden\">Con <b>100\u20ac<\/b>  atorguem un kit b\u00e0sic de material educatiu per a 20 nenes i nens refugiats al L\u00edban<\/p><p data-explain=\"1\" class=\"hidden\">Con <b>300\u20ac<\/b> brindem 1 mes d&#8217;alimentaci\u00f3 per a 84 nenes i nens refugiats al camp de refugiats de Dzaleka, Malawi.<\/p><p data-explain=\"2\" class=\"hidden\">Con <b>500\u20ac<\/b>  atorguem 1 mes de formaci\u00f3 t\u00e8cnica en habilitats per a l&#8217;ocupabilitat per a 30 joves amb discapacitat a Bol\u00edvia.<\/p><p data-explain=\"3\" class=\"hidden\">Amb la teva ajuda fas possible que m\u00e9s nens i nenes en situaci\u00f3 de vulnerabilitat. tinguin acc\u00e9s a leducaci\u00f3.<\/p><label class=\"label-input hidden\">Cantidad<\/label><input type=\"hidden\" name=\"amount\" pattern=\"[0-9]+\" required\/><\/section>\n\n\n\n<div class=\"wp-block-group is-nowrap is-layout-flex wp-container-core-group-is-layout-b21f7d9e wp-block-group-is-layout-flex\" style=\"margin-top:var(--wp--preset--spacing--40);margin-bottom:var(--wp--preset--spacing--40);padding-right:0;padding-left:0\">\n<div class=\"input-container\"><label>Nom de l&#8217;Organitzaci\u00f3<\/label><input type=\"text\" name=\"organization_name\" required\/><\/div>\n\n\n\n<div class=\"input-container\"><label>Persona de contacte *<\/label><input type=\"text\" name=\"custom_228\" required\/><\/div>\n<\/div>\n\n\n\n<div class=\"wp-block-group is-nowrap is-layout-flex wp-container-core-group-is-layout-01c53929 wp-block-group-is-layout-flex\" style=\"margin-bottom:var(--wp--preset--spacing--40);padding-right:0;padding-left:0\">\n<div class=\"input-container\"><label>Correu electr\u00f2nic *<\/label><input type=\"email\" name=\"email\" required\/><\/div>\n\n\n\n<div class=\"input-container\"><label>Tel\u00e8fon *<\/label><input type=\"tel\" name=\"phone\" required\/><\/div>\n<\/div>\n\n\n\n<label class=\"acceptance\"><input type=\"checkbox\" required\/><span>Accepto la <a href=\"https:\/\/www.entreculturas.org\/ca\/politica-de-privacitat\/\"><strong>pol\u00edtica de privadesa<\/strong><\/a><\/span><\/label>\n\n\n\n<div class=\"wp-block-group has-global-padding is-layout-constrained wp-block-group-is-layout-constrained\" style=\"margin-top:var(--wp--preset--spacing--30);margin-bottom:var(--wp--preset--spacing--30)\">\n<p style=\"font-size:12px !important\">\n    Des d&#8217;ENTRECULTURES FE I ALEGRIA ESPANYA tractarem les dades aportades en qualitat de Responsable del tractament amb la finalitat de&#8230;\n    <a href=\"javascript:void(0);\" id=\"read-more-link\">Seguir llegint<\/a>.\n<\/p>\n<p class=\"hidden\" id=\"read-more\" style=\"display: none;font-size: 12px;\">\n    &#8230;gestionar la nostra relaci\u00f3 amb tu, a favor dels nostres objectius fundacionals, sobre la base del consentiment o l&#8217;execuci\u00f3 d&#8217;un acord. Pots exercir els teus drets enviant un correu electr\u00f2nic a datos@entreculturas.org amb l&#8217;assumpte \u201cProtecci\u00f3 de Dades\u201d.\n<\/p>\n\n\n\n<script>document.addEventListener('DOMContentLoaded', function() {\n    document.getElementById('read-more-link').addEventListener('click', function() {\n        var readMoreContent = document.getElementById('read-more');\n        readMoreContent.style.display = 'block !important'; \/\/ Intenta sobrescribir con !important\n        \/\/ Si el m\u00e9todo anterior no funciona, utiliza setAttribute\n        if (readMoreContent.style.display !== 'block') {\n            readMoreContent.setAttribute('style', 'display: block !important; font-size: 12px;');\n        } else {\n            \/\/ Si ya est\u00e1 en 'block', solo ajusta el tama\u00f1o de fuente\n            readMoreContent.style.fontSize = '12px';\n        }\n        this.style.display = 'none'; \/\/ Opcional: oculta el enlace de \"Seguir leyendo\"\n    });\n});\n<\/script>\n<\/div>\n\n\n\n<div class=\"wp-block-group is-content-justification-space-between is-nowrap is-layout-flex wp-container-core-group-is-layout-bf4533ca wp-block-group-is-layout-flex\" style=\"margin-top:var(--wp--preset--spacing--40);margin-bottom:var(--wp--preset--spacing--40)\">\n<div class=\"steps-counter\"><\/div>\n\n\n\n<button class=\"wp-block-button__link wp-element-button\">CONTINUAR<\/button>\n<\/div>\n<\/div>\n\n\n\n<div class=\"step-container hidden\" title=\"Pago\">\n<p class=\"has-large-font-size\"><strong>La teva donaci\u00f3 ser\u00e0 de<code>amount<\/code> \u20ac<\/strong><\/p>\n\n\n\n<div class=\"wp-block-group has-global-padding is-layout-constrained wp-block-group-is-layout-constrained\" style=\"margin-top:var(--wp--preset--spacing--30);margin-bottom:var(--wp--preset--spacing--30)\">\n<p><strong>Introdueix les teves dades:<\/strong><\/p>\n\n\n\n<div style=\"height:1rem\" aria-hidden=\"true\" class=\"wp-block-spacer\"><\/div>\n\n\n\n<div class=\"block-nif-nie-cif\"><div class=\"input-container main\"><label>CIF *<\/label><input type=\"text\" name=\"custom_61\" required\/><\/div><div class=\"input-container hidden alternative\"><label>Documento de identidad<\/label><input type=\"text\" name=\"custom_62\"\/><\/div><div class=\"input-container\"><label><input type=\"checkbox\"\/>No tengo ni NIF ni NIE<\/label><\/div><\/div>\n<\/div>\n\n\n\n<p><strong>M\u00e8tode de pagament<\/strong><\/p>\n\n\n\n<div class=\"wp-block-group is-content-justification-left is-nowrap is-layout-flex wp-container-core-group-is-layout-b7f27322 wp-block-group-is-layout-flex\" style=\"margin-top:var(--wp--preset--spacing--30);margin-bottom:var(--wp--preset--spacing--30);padding-right:0;padding-left:0\">\n<div class=\"radio-container\"><label><input type=\"radio\" name=\"custom_21\" value=\"5\" checked\/>Domicialitzaci\u00f3<\/label><\/div>\n\n\n\n<div class=\"radio-container\"><label><input type=\"radio\" name=\"custom_21\" value=\"4\"\/>Targeta de cr\u00e8dit<\/label><\/div>\n<\/div>\n\n\n\n<div class=\"wp-block-group mbottom_ is-nowrap is-layout-flex wp-container-core-group-is-layout-6c531013 wp-block-group-is-layout-flex\">\n<div class=\"input-container\"><label><input type=\"checkbox\" name=\"custom_22_disabled\" value=\"\"\/>Usar el meu compte bancari amb qu\u00e8 col\u00b7laboro amb Entreculturas.<\/label><\/div>\n<\/div>\n\n\n\n<div id=\"5\" class=\"wp-block-group radio-conditional has-global-padding is-layout-constrained wp-block-group-is-layout-constrained\">\n<div class=\"input-container\"><label>Compte bancari (IBAN)<\/label><input type=\"text\" name=\"custom_22\" required\/><\/div>\n<\/div>\n\n\n\n<div class=\"wp-block-group has-global-padding is-layout-constrained wp-block-group-is-layout-constrained\">\n<div class=\"input-container\"><label>Adre\u00e7a postal<\/label><input type=\"text\" name=\"street_address\"\/><\/div>\n\n\n\n<div class=\"wp-block-group is-nowrap is-layout-flex wp-container-core-group-is-layout-b21f7d9e wp-block-group-is-layout-flex\" style=\"margin-top:var(--wp--preset--spacing--40);margin-bottom:var(--wp--preset--spacing--40);padding-right:0;padding-left:0\">\n<div class=\"block-select-countries\"><div class=\"input-container main\"><label>Pa\u00eds *<\/label><input type=\"hidden\" name=\"country_id\" id=\"country_id\" value=\"0\"\/><select name=\"country_id_aux\" id=\"country_id_aux\" required><\/select><\/div><\/div>\n\n\n\n<div class=\"input-container\"><label>Ciutat<\/label><input type=\"text\" name=\"city\"\/><\/div>\n<\/div>\n\n\n\n<div class=\"wp-block-group is-nowrap is-layout-flex wp-container-core-group-is-layout-b21f7d9e wp-block-group-is-layout-flex\" style=\"margin-top:var(--wp--preset--spacing--40);margin-bottom:var(--wp--preset--spacing--40);padding-right:0;padding-left:0\">\n<div class=\"block-select-provinces\"><div class=\"input-container main\"><label>Prov\u00edncia *<\/label><input type=\"hidden\" name=\"state_province_id\" id=\"state_province_id\" value=\"0\"\/><select name=\"state_province_id_aux\" id=\"state_province_id_aux\" required><\/select><\/div><\/div>\n\n\n\n<div class=\"input-container\"><label>Codi postal<\/label><input type=\"text\" name=\"postal_code\"\/><\/div>\n<\/div>\n<\/div>\n\n\n\n<div id=\"4\" class=\"wp-block-group radio-conditional has-global-padding is-layout-constrained wp-block-group-is-layout-constrained\">\n<figure class=\"wp-block-image size-full is-resized\"><img decoding=\"async\" src=\"https:\/\/www.entreculturas.org\/wp-content\/uploads\/2024\/05\/2560px-Stripe_Logo_revised_2016.svg-2048x976-1.png\" alt=\"\" class=\"wp-image-17514\" style=\"width:auto;height:100px\"\/><\/figure>\n\n\n\n<p style=\"font-size:14px\">Completa el formulari i, despr\u00e9s de fer clic al bot\u00f3 CONTINUAR, ser\u00e0s redirigit a la passarel\u00b7la de pagaments del nostre banc.<\/p>\n<\/div>\n\n\n\n<div class=\"wp-block-group is-content-justification-space-between is-nowrap is-layout-flex wp-container-core-group-is-layout-53e83ead wp-block-group-is-layout-flex\" style=\"margin-top:var(--wp--preset--spacing--60);margin-bottom:var(--wp--preset--spacing--60)\">\n<div class=\"steps-counter\"><\/div>\n\n\n\n<button class=\"wp-block-button__link wp-element-button\">CONTINUAR<\/button>\n<\/div>\n<\/div>\n\n\n\n<div class=\"step-container hidden\" title=\"Confirmaci\u00f3n\" data-submit=\"true\">\n<div id=\"success\" class=\"wp-block-group grid-center has-global-padding is-layout-constrained wp-block-group-is-layout-constrained\" style=\"min-height:557px\">\n<figure class=\"wp-block-image aligncenter size-full\"><img decoding=\"async\" src=\"https:\/\/www.entreculturas.org\/wp-content\/uploads\/2024\/05\/akar-icons_circle-check.svg\" alt=\"\" class=\"wp-image-17479\"\/><\/figure>\n\n\n\n<p class=\"has-text-align-center\">La teva donaci\u00f3 s&#8217;ha fet correctament.<\/p>\n\n\n\n<div class=\"wp-block-group has-global-padding is-layout-constrained wp-block-group-is-layout-constrained\" style=\"margin-top:var(--wp--preset--spacing--30);margin-bottom:var(--wp--preset--spacing--30)\">\n<p class=\"has-text-align-center\" style=\"font-size:27px\"><strong>Moltes gr\u00e0cies per la vostra generositat<\/strong><\/p>\n<\/div>\n\n\n\n<p class=\"has-text-align-center\">Fa un pas m\u00e9s! Segueix-nos en xarxes socials:<\/p>\n\n\n\n<div class=\"wp-block-group has-global-padding is-layout-constrained wp-block-group-is-layout-constrained\" style=\"margin-top:var(--wp--preset--spacing--40);margin-bottom:var(--wp--preset--spacing--40)\">\n<ul class=\"wp-block-social-links has-icon-color has-icon-background-color is-style-default is-content-justification-center is-nowrap is-layout-flex wp-container-core-social-links-layout-1 wp-block-social-links-is-layout-flex\"><li style=\"color: #ffffff; background-color: #00A995;  \" class=\"wp-social-link wp-social-link-facebook has-white-color has-turquoise-background-color wp-block-social-link\"><a rel=\"noopener nofollow\" target=\"_blank\" href=\"https:\/\/www.facebook.com\/entreculturas\" class=\"wp-block-social-link-anchor\"><svg xmlns=\"https:\/\/www.w3.org\/2000\/svg\" width=\"24\" height=\"24\" viewbox=\"0 0 24 24\" version=\"1.1\" aria-hidden=\"true\" focusable=\"false\"><path d=\"M12 2C6.5 2 2 6.5 2 12c0 5 3.7 9.1 8.4 9.9v-7H7.9V12h2.5V9.8c0-2.5 1.5-3.9 3.8-3.9 1.1 0 2.2.2 2.2.2v2.5h-1.3c-1.2 0-1.6.8-1.6 1.6V12h2.8l-.4 2.9h-2.3v7C18.3 21.1 22 17 22 12c0-5.5-4.5-10-10-10z\"><\/path><\/svg><span class=\"wp-block-social-link-label screen-reader-text\">Facebook<\/span><\/a><\/li>\n<li style=\"color: #ffffff; background-color: #00A995;  \" class=\"wp-social-link wp-social-link-twitter has-white-color has-turquoise-background-color wp-block-social-link\"><a rel=\"noopener nofollow\" target=\"_blank\" href=\"https:\/\/twitter.com\/Entreculturas\" class=\"wp-block-social-link-anchor\"><svg xmlns=\"https:\/\/www.w3.org\/2000\/svg\" width=\"24\" height=\"24\" viewbox=\"0 0 24 24\" version=\"1.1\" aria-hidden=\"true\" focusable=\"false\"><path d=\"M22.23,5.924c-0.736,0.326-1.527,0.547-2.357,0.646c0.847-0.508,1.498-1.312,1.804-2.27 c-0.793,0.47-1.671,0.812-2.606,0.996C18.324,4.498,17.257,4,16.077,4c-2.266,0-4.103,1.837-4.103,4.103 c0,0.322,0.036,0.635,0.106,0.935C8.67,8.867,5.647,7.234,3.623,4.751C3.27,5.357,3.067,6.062,3.067,6.814 c0,1.424,0.724,2.679,1.825,3.415c-0.673-0.021-1.305-0.206-1.859-0.513c0,0.017,0,0.034,0,0.052c0,1.988,1.414,3.647,3.292,4.023 c-0.344,0.094-0.707,0.144-1.081,0.144c-0.264,0-0.521-0.026-0.772-0.074c0.522,1.63,2.038,2.816,3.833,2.85 c-1.404,1.1-3.174,1.756-5.096,1.756c-0.331,0-0.658-0.019-0.979-0.057c1.816,1.164,3.973,1.843,6.29,1.843 c7.547,0,11.675-6.252,11.675-11.675c0-0.178-0.004-0.355-0.012-0.531C20.985,7.47,21.68,6.747,22.23,5.924z\"><\/path><\/svg><span class=\"wp-block-social-link-label screen-reader-text\">Twitter<\/span><\/a><\/li>\n<li style=\"color: #ffffff; background-color: #00A995;  \" class=\"wp-social-link wp-social-link-youtube has-white-color has-turquoise-background-color wp-block-social-link\"><a rel=\"noopener nofollow\" target=\"_blank\" href=\"https:\/\/www.youtube.com\/user\/entreculturasvideo\" class=\"wp-block-social-link-anchor\"><svg xmlns=\"https:\/\/www.w3.org\/2000\/svg\" width=\"24\" height=\"24\" viewbox=\"0 0 24 24\" version=\"1.1\" aria-hidden=\"true\" focusable=\"false\"><path d=\"M21.8,8.001c0,0-0.195-1.378-0.795-1.985c-0.76-0.797-1.613-0.801-2.004-0.847c-2.799-0.202-6.997-0.202-6.997-0.202 h-0.009c0,0-4.198,0-6.997,0.202C4.608,5.216,3.756,5.22,2.995,6.016C2.395,6.623,2.2,8.001,2.2,8.001S2,9.62,2,11.238v1.517 c0,1.618,0.2,3.237,0.2,3.237s0.195,1.378,0.795,1.985c0.761,0.797,1.76,0.771,2.205,0.855c1.6,0.153,6.8,0.201,6.8,0.201 s4.203-0.006,7.001-0.209c0.391-0.047,1.243-0.051,2.004-0.847c0.6-0.607,0.795-1.985,0.795-1.985s0.2-1.618,0.2-3.237v-1.517 C22,9.62,21.8,8.001,21.8,8.001z M9.935,14.594l-0.001-5.62l5.404,2.82L9.935,14.594z\"><\/path><\/svg><span class=\"wp-block-social-link-label screen-reader-text\">YouTube<\/span><\/a><\/li>\n<li style=\"color: #ffffff; background-color: #00A995;  \" class=\"wp-social-link wp-social-link-instagram has-white-color has-turquoise-background-color wp-block-social-link\"><a rel=\"noopener nofollow\" target=\"_blank\" href=\"https:\/\/www.instagram.com\/entreculturas\/\" class=\"wp-block-social-link-anchor\"><svg xmlns=\"https:\/\/www.w3.org\/2000\/svg\" width=\"24\" height=\"24\" viewbox=\"0 0 24 24\" version=\"1.1\" aria-hidden=\"true\" focusable=\"false\"><path d=\"M12,4.622c2.403,0,2.688,0.009,3.637,0.052c0.877,0.04,1.354,0.187,1.671,0.31c0.42,0.163,0.72,0.358,1.035,0.673 c0.315,0.315,0.51,0.615,0.673,1.035c0.123,0.317,0.27,0.794,0.31,1.671c0.043,0.949,0.052,1.234,0.052,3.637 s-0.009,2.688-0.052,3.637c-0.04,0.877-0.187,1.354-0.31,1.671c-0.163,0.42-0.358,0.72-0.673,1.035 c-0.315,0.315-0.615,0.51-1.035,0.673c-0.317,0.123-0.794,0.27-1.671,0.31c-0.949,0.043-1.233,0.052-3.637,0.052 s-2.688-0.009-3.637-0.052c-0.877-0.04-1.354-0.187-1.671-0.31c-0.42-0.163-0.72-0.358-1.035-0.673 c-0.315-0.315-0.51-0.615-0.673-1.035c-0.123-0.317-0.27-0.794-0.31-1.671C4.631,14.688,4.622,14.403,4.622,12 s0.009-2.688,0.052-3.637c0.04-0.877,0.187-1.354,0.31-1.671c0.163-0.42,0.358-0.72,0.673-1.035 c0.315-0.315,0.615-0.51,1.035-0.673c0.317-0.123,0.794-0.27,1.671-0.31C9.312,4.631,9.597,4.622,12,4.622 M12,3 C9.556,3,9.249,3.01,8.289,3.054C7.331,3.098,6.677,3.25,6.105,3.472C5.513,3.702,5.011,4.01,4.511,4.511 c-0.5,0.5-0.808,1.002-1.038,1.594C3.25,6.677,3.098,7.331,3.054,8.289C3.01,9.249,3,9.556,3,12c0,2.444,0.01,2.751,0.054,3.711 c0.044,0.958,0.196,1.612,0.418,2.185c0.23,0.592,0.538,1.094,1.038,1.594c0.5,0.5,1.002,0.808,1.594,1.038 c0.572,0.222,1.227,0.375,2.185,0.418C9.249,20.99,9.556,21,12,21s2.751-0.01,3.711-0.054c0.958-0.044,1.612-0.196,2.185-0.418 c0.592-0.23,1.094-0.538,1.594-1.038c0.5-0.5,0.808-1.002,1.038-1.594c0.222-0.572,0.375-1.227,0.418-2.185 C20.99,14.751,21,14.444,21,12s-0.01-2.751-0.054-3.711c-0.044-0.958-0.196-1.612-0.418-2.185c-0.23-0.592-0.538-1.094-1.038-1.594 c-0.5-0.5-1.002-0.808-1.594-1.038c-0.572-0.222-1.227-0.375-2.185-0.418C14.751,3.01,14.444,3,12,3L12,3z M12,7.378 c-2.552,0-4.622,2.069-4.622,4.622S9.448,16.622,12,16.622s4.622-2.069,4.622-4.622S14.552,7.378,12,7.378z M12,15 c-1.657,0-3-1.343-3-3s1.343-3,3-3s3,1.343,3,3S13.657,15,12,15z M16.804,6.116c-0.596,0-1.08,0.484-1.08,1.08 s0.484,1.08,1.08,1.08c0.596,0,1.08-0.484,1.08-1.08S17.401,6.116,16.804,6.116z\"><\/path><\/svg><span class=\"wp-block-social-link-label screen-reader-text\">Instagram<\/span><\/a><\/li>\n<li style=\"color: #ffffff; background-color: #00A995;  \" class=\"wp-social-link wp-social-link-linkedin has-white-color has-turquoise-background-color wp-block-social-link\"><a rel=\"noopener nofollow\" target=\"_blank\" href=\"https:\/\/www.linkedin.com\/company\/fundacion-entreculturas-ngdo\/?originalSubdomain=es\" class=\"wp-block-social-link-anchor\"><svg xmlns=\"https:\/\/www.w3.org\/2000\/svg\" width=\"24\" height=\"24\" viewbox=\"0 0 24 24\" version=\"1.1\" aria-hidden=\"true\" focusable=\"false\"><path d=\"M19.7,3H4.3C3.582,3,3,3.582,3,4.3v15.4C3,20.418,3.582,21,4.3,21h15.4c0.718,0,1.3-0.582,1.3-1.3V4.3 C21,3.582,20.418,3,19.7,3z M8.339,18.338H5.667v-8.59h2.672V18.338z M7.004,8.574c-0.857,0-1.549-0.694-1.549-1.548 c0-0.855,0.691-1.548,1.549-1.548c0.854,0,1.547,0.694,1.547,1.548C8.551,7.881,7.858,8.574,7.004,8.574z M18.339,18.338h-2.669 v-4.177c0-0.996-0.017-2.278-1.387-2.278c-1.389,0-1.601,1.086-1.601,2.206v4.249h-2.667v-8.59h2.559v1.174h0.037 c0.356-0.675,1.227-1.387,2.526-1.387c2.703,0,3.203,1.779,3.203,4.092V18.338z\"><\/path><\/svg><span class=\"wp-block-social-link-label screen-reader-text\">LinkedIn<\/span><\/a><\/li>\n<li style=\"color: #ffffff; background-color: #00A995;  \" class=\"wp-social-link wp-social-link-flickr has-white-color has-turquoise-background-color wp-block-social-link\"><a rel=\"noopener nofollow\" target=\"_blank\" href=\"https:\/\/www.flickr.com\/photos\/98455522@N04\/albums\/\" class=\"wp-block-social-link-anchor\"><svg xmlns=\"https:\/\/www.w3.org\/2000\/svg\" width=\"24\" height=\"24\" viewbox=\"0 0 24 24\" version=\"1.1\" aria-hidden=\"true\" focusable=\"false\"><path d=\"M6.5,7c-2.75,0-5,2.25-5,5s2.25,5,5,5s5-2.25,5-5S9.25,7,6.5,7z M17.5,7c-2.75,0-5,2.25-5,5s2.25,5,5,5s5-2.25,5-5 S20.25,7,17.5,7z\"><\/path><\/svg><span class=\"wp-block-social-link-label screen-reader-text\">Flickr<\/span><\/a><\/li><\/ul>\n<\/div>\n<\/div>\n\n\n\n<div id=\"error\" class=\"wp-block-group grid-center hidden has-global-padding is-layout-constrained wp-block-group-is-layout-constrained\" style=\"min-height:557px\">\n<figure class=\"wp-block-image aligncenter size-full is-resized\"><img decoding=\"async\" src=\"https:\/\/www.entreculturas.org\/wp-content\/uploads\/2024\/05\/cancel-primary.svg\" alt=\"\" class=\"wp-image-17483\" style=\"width:64px;height:auto\"\/><\/figure>\n\n\n\n<p class=\"has-text-align-center\">Ha passat un error amb la donaci\u00f3.<\/p>\n\n\n\n<div class=\"wp-block-group has-global-padding is-layout-constrained wp-block-group-is-layout-constrained\" style=\"margin-top:var(--wp--preset--spacing--30);margin-bottom:var(--wp--preset--spacing--30)\">\n<p class=\"has-text-align-center\" style=\"font-size:27px\"><strong>Torneu-ho a intentar en uns minuts<\/strong><\/p>\n<\/div>\n\n\n\n<p><a href=\"\/\">Tornar a l&#8217;inici<\/a><\/p>\n<\/div>\n<\/div>\n<\/form>\n<\/div>\n<\/div>\n<\/div>\n\n\n\n<div class=\"wp-block-group block-contacto-wrapper has-global-padding is-layout-constrained wp-block-group-is-layout-constrained\">\n<div class=\"wp-block-group rounded-shadow rounded-full has-white-background-color has-background has-global-padding is-layout-constrained wp-container-core-group-is-layout-460a36e7 wp-block-group-is-layout-constrained\" style=\"margin-top:0;margin-bottom:0;padding-top:var(--wp--preset--spacing--40);padding-right:var(--wp--preset--spacing--40);padding-bottom:var(--wp--preset--spacing--70);padding-left:var(--wp--preset--spacing--40)\">\n<div class=\"wp-block-group has-global-padding is-layout-constrained wp-container-core-group-is-layout-69ca767f wp-block-group-is-layout-constrained\">\n<p class=\"has-text-align-center has-din-font-family\" style=\"margin-bottom:var(--wp--preset--spacing--40);font-size:54px;line-height:1.1\"><strong><strong>La col\u00b7laboraci\u00f3 de la teva empresa ens ajuda a millorar la vida.<\/strong><\/strong><\/p>\n\n\n\n<p class=\"has-medium-font-size\">Amb tu, promourem l&#8217;acc\u00e9s a l&#8217;educaci\u00f3 de persones en risc d&#8217;exclusi\u00f3 i en situaci\u00f3 d&#8217;emerg\u00e8ncia a 45 pa\u00efsos d&#8217;Am\u00e8rica Llatina, \u00c0frica, \u00c0sia i Europa.<\/p>\n<\/div>\n<\/div>\n<\/div>\n\n\n\n<div class=\"wp-block-group otras_formas_ has-global-padding is-layout-constrained wp-block-group-is-layout-constrained\" style=\"margin-top:var(--wp--preset--spacing--70);margin-bottom:var(--wp--preset--spacing--70)\">\n<div class=\"wp-block-group is-content-justification-center is-nowrap is-layout-flex wp-container-core-group-is-layout-94210849 wp-block-group-is-layout-flex\" style=\"margin-top:0;margin-bottom:var(--wp--preset--spacing--60)\">\n<div class=\"wp-block-group heart-divider has-global-padding is-layout-constrained wp-block-group-is-layout-constrained\">\n<figure class=\"wp-block-image size-full\"><img decoding=\"async\" src=\"https:\/\/www.entreculturas.org\/wp-content\/uploads\/2023\/09\/heart.svg\" alt=\"\" class=\"wp-image-220\"\/><\/figure>\n<\/div>\n<\/div>\n\n\n\n<h2 class=\"wp-block-heading has-text-align-center\" id=\"h-altres-formes-de-col-laborar\" style=\"font-size:40px\">Altres formes de col\u00b7laborar<\/h2>\n<\/div>\n\n\n\n<div class=\"wp-block-group pagos_ has-global-padding is-layout-constrained wp-block-group-is-layout-constrained\" style=\"margin-bottom:var(--wp--preset--spacing--70)\">\n<div class=\"wp-block-columns is-layout-flex wp-container-core-columns-is-layout-6ab6d22f wp-block-columns-is-layout-flex\" style=\"margin-top:0px;margin-bottom:0px;padding-top:0px;padding-right:0px;padding-bottom:0px;padding-left:0px\">\n<div class=\"wp-block-column is-vertically-aligned-stretch texto_copiado_ is-layout-flow wp-block-column-is-layout-flow\" style=\"padding-top:0;padding-right:0;padding-bottom:0;padding-left:0;flex-basis:50%\">\n<div class=\"wp-block-group has-white-background-color has-background has-global-padding is-content-justification-left is-layout-constrained wp-container-core-group-is-layout-c1aa5494 wp-block-group-is-layout-constrained\" style=\"border-radius:15px;min-height:100%;padding-top:var(--wp--preset--spacing--50);padding-right:var(--wp--preset--spacing--70);padding-bottom:var(--wp--preset--spacing--30);padding-left:var(--wp--preset--spacing--70)\">\n<p class=\"has-din-font-family has-large-font-size\" style=\"line-height:1;text-transform:uppercase\">Transfer\u00e8ncia banc\u00e0ria<\/p>\n\n\n\n<div class=\"wp-block-group has-global-padding is-layout-constrained wp-container-core-group-is-layout-92b9201d wp-block-group-is-layout-constrained\">\n<p>A qualsevol d&#8217;aquests comptes:<\/p>\n\n\n\n<p><strong>SANTANDER<\/strong> : <span id=\"copyText1\">ES94 0049 0001 54 2210040401<\/span>\n <button id=\"copyBtn\" onclick=\"copyToClipboard('copyText1')\">Copiar<\/button><\/p>\n\n\n\n<p><strong>BBVA<\/strong> : <span id=\"copyText2\">ES40 0182 4000 66 0010008001<\/span> <button id=\"copyBtn\" onclick=\"copyToClipboard('copyText2')\">Copiar<\/button><\/p>\n\n\n\n<p style=\"font-size:12px\">*Perqu\u00e8 puguem identificar el teu donatiu i enviar-te el certificat de donaci\u00f3 perqu\u00e8 puguis desgravar les teves donacions, si us plau, escriu-nos a <a href=\"mailto:empresas@entreculturas.org\">empresas@entreculturas.org<\/a> amb les teves dades fiscals.<\/p>\n<\/div>\n<\/div>\n<\/div>\n\n\n\n<div class=\"wp-block-column is-vertically-aligned-stretch is-layout-flow wp-block-column-is-layout-flow\" style=\"padding-top:0;padding-right:0;padding-bottom:0;padding-left:0;flex-basis:50%\">\n<div class=\"wp-block-group has-white-background-color has-background has-global-padding is-content-justification-left is-layout-constrained wp-container-core-group-is-layout-c1aa5494 wp-block-group-is-layout-constrained\" style=\"border-radius:15px;min-height:100%;padding-top:var(--wp--preset--spacing--50);padding-right:var(--wp--preset--spacing--70);padding-bottom:var(--wp--preset--spacing--30);padding-left:var(--wp--preset--spacing--70)\">\n<p class=\"has-din-font-family has-large-font-size\" style=\"line-height:1;text-transform:uppercase\">bizum<\/p>\n\n\n\n<div class=\"wp-block-group has-global-padding is-layout-constrained wp-container-core-group-is-layout-92b9201d wp-block-group-is-layout-constrained\">\n<p>Des del teu m\u00f2bil amb BIZUM, usant el codi <strong>33372<\/strong><\/p>\n\n\n\n<figure class=\"wp-block-image size-full\"><img decoding=\"async\" src=\"https:\/\/www.entreculturas.org\/wp-content\/uploads\/2023\/12\/bizum.svg\" alt=\"\" class=\"wp-image-8903\"\/><\/figure>\n\n\n\n<p style=\"font-size:12px\">*Perqu\u00e8 puguem identificar el teu donatiu i enviar-te el certificat de donaci\u00f3 perqu\u00e8 puguis desgravar les teves donacions, si us plau, escriu-nos a <a href=\"mailto:empresas@entreculturas.org\">empresas@entreculturas.org<\/a> amb les teves dades fiscals.<\/p>\n<\/div>\n<\/div>\n<\/div>\n<\/div>\n<\/div>\n\n\n\n<div class=\"wp-block-group is-content-justification-center is-nowrap is-layout-flex wp-container-core-group-is-layout-94210849 wp-block-group-is-layout-flex\" style=\"margin-top:0;margin-bottom:var(--wp--preset--spacing--60)\">\n<div class=\"wp-block-group heart-divider has-global-padding is-layout-constrained wp-block-group-is-layout-constrained\">\n<figure class=\"wp-block-image size-full\"><img decoding=\"async\" src=\"https:\/\/www.entreculturas.org\/wp-content\/uploads\/2023\/09\/heart.svg\" alt=\"\" class=\"wp-image-220\"\/><\/figure>\n<\/div>\n<\/div>\n\n\n\n<div class=\"wp-block-group has-global-padding is-layout-constrained wp-block-group-is-layout-constrained\">\n<p class=\"has-text-align-center text-wrap-balance nuestras-causas-portada has-gray-entreculturas-color has-text-color\" style=\"padding-right:20px;padding-bottom:0.5rem;padding-left:20px;font-size:37px;font-style:normal;font-weight:700;line-height:1.1\">Beneficis d&#8217;unir-te a<\/p>\n\n\n\n<p class=\"has-text-align-center text-wrap-balance nuestras-causas-portada p2 has-gray-entreculturas-color has-text-color\" style=\"padding-right:20px;padding-bottom:var(--wp--preset--spacing--50);padding-left:20px;font-size:37px;font-style:normal;font-weight:700;line-height:1.1\">  empreses per una causa<\/p>\n\n\n\n<p class=\"has-text-align-center beneficios-subtitle\" style=\"margin-bottom:2.6rem;font-size:20px\">Una col\u00b7laboraci\u00f3 per fer cr\u00e9ixer la teva empresa<\/p>\n<\/div>\n\n\n\n<div class=\"wp-block-group empresas-beneficios has-global-padding is-layout-constrained wp-container-core-group-is-layout-4106dc13 wp-block-group-is-layout-constrained\" style=\"padding-right:20px;padding-bottom:var(--wp--preset--spacing--60);padding-left:20px\">\n<div class=\"wp-block-columns empresas-beneficios-column is-layout-flex wp-container-core-columns-is-layout-14cf5ab5 wp-block-columns-is-layout-flex\">\n<div class=\"wp-block-column is-layout-flow wp-block-column-is-layout-flow\">\n<div class=\"wp-block-group height-100 beneficio-pila has-white-background-color has-background is-vertical is-content-justification-stretch is-layout-flex wp-container-core-group-is-layout-f027ef41 wp-block-group-is-layout-flex\" style=\"border-radius:10px;padding-top:30px;padding-right:16px;padding-bottom:30px;padding-left:16px\">\n<div class=\"wp-block-group has-global-padding is-layout-constrained wp-block-group-is-layout-constrained\" style=\"padding-bottom:7px\">\n<figure class=\"wp-block-image aligncenter size-full\"><img decoding=\"async\" src=\"https:\/\/www.entreculturas.org\/wp-content\/uploads\/2024\/05\/Impacto-social.svg\" alt=\"\" class=\"wp-image-1629\"\/><\/figure>\n<\/div>\n\n\n\n<p class=\"has-text-align-center\" style=\"margin-bottom:4px;font-style:normal;font-weight:900\">Impacte social<\/p>\n\n\n\n<p class=\"has-text-align-center\" style=\"font-size:12px\">Ampliar limpacte social, i refor\u00e7ar la Responsabilitat Social Corporativa.<\/p>\n<\/div>\n<\/div>\n\n\n\n<div class=\"wp-block-column is-layout-flow wp-block-column-is-layout-flow\">\n<div class=\"wp-block-group height-100 has-white-background-color has-background is-vertical is-content-justification-stretch is-layout-flex wp-container-core-group-is-layout-4e3698c1 wp-block-group-is-layout-flex\" style=\"border-radius:10px;padding-top:23px;padding-right:16px;padding-bottom:23px;padding-left:16px\">\n<div class=\"wp-block-group has-global-padding is-layout-constrained wp-block-group-is-layout-constrained\" style=\"padding-bottom:10px\">\n<figure class=\"wp-block-image aligncenter size-full\"><img decoding=\"async\" src=\"https:\/\/www.entreculturas.org\/wp-content\/uploads\/2024\/05\/reconocimiento.svg\" alt=\"\" class=\"wp-image-1630\"\/><\/figure>\n<\/div>\n\n\n\n<p class=\"has-text-align-center\" style=\"margin-bottom:4px;font-style:normal;font-weight:900\">Reconeixement<\/p>\n\n\n\n<p class=\"has-text-align-center\" style=\"font-size:12px\">Col\u00b7laborar amb una ONG coneguda, seriosa i transparent.<\/p>\n<\/div>\n<\/div>\n\n\n\n<div class=\"wp-block-column is-layout-flow wp-block-column-is-layout-flow\">\n<div class=\"wp-block-group height-100 has-white-background-color has-background is-vertical is-content-justification-stretch is-layout-flex wp-container-core-group-is-layout-d3684a61 wp-block-group-is-layout-flex\" style=\"border-radius:10px;padding-top:19px;padding-right:16px;padding-bottom:19px;padding-left:16px\">\n<div class=\"wp-block-group has-global-padding is-layout-constrained wp-block-group-is-layout-constrained\" style=\"padding-bottom:6px\">\n<figure class=\"wp-block-image aligncenter size-full is-resized\"><img decoding=\"async\" src=\"https:\/\/www.entreculturas.org\/wp-content\/uploads\/2023\/10\/reputacion.svg\" alt=\"\" class=\"wp-image-1631\" style=\"object-fit:cover;width:63px;height:63px\"\/><\/figure>\n<\/div>\n\n\n\n<p class=\"has-text-align-center\" style=\"margin-bottom:2px;font-style:normal;font-weight:900\">Reputaci\u00f3<\/p>\n\n\n\n<p class=\"has-text-align-center\" style=\"font-size:12px\">Potenciar la reputaci\u00f3 de la teva empresa entre els clients, prove\u00efdors i p\u00fablic proper.<\/p>\n<\/div>\n<\/div>\n\n\n\n<div class=\"wp-block-column is-layout-flow wp-block-column-is-layout-flow\">\n<div class=\"wp-block-group height-100 has-white-background-color has-background is-vertical is-content-justification-stretch is-layout-flex wp-container-core-group-is-layout-d3684a61 wp-block-group-is-layout-flex\" style=\"border-radius:10px;padding-top:19px;padding-right:16px;padding-bottom:19px;padding-left:16px\">\n<div class=\"wp-block-group has-global-padding is-layout-constrained wp-block-group-is-layout-constrained\" style=\"padding-bottom:7px\">\n<figure class=\"wp-block-image aligncenter size-full is-resized\"><img decoding=\"async\" src=\"https:\/\/www.entreculturas.org\/wp-content\/uploads\/2023\/10\/Alcance.svg\" alt=\"\" class=\"wp-image-1632\" style=\"object-fit:cover;width:64px;height:62px\"\/><\/figure>\n<\/div>\n\n\n\n<p class=\"has-text-align-center\" style=\"margin-bottom:2px;font-style:normal;font-weight:900\">Abast<\/p>\n\n\n\n<p class=\"has-text-align-center\" style=\"font-size:12px\">Difondre la teva participaci\u00f3 al programa als teus canals de comunicaci\u00f3 i xarxes socials.<\/p>\n<\/div>\n<\/div>\n<\/div>\n\n\n\n<div class=\"wp-block-columns empresas-beneficios-column is-layout-flex wp-container-core-columns-is-layout-14cf5ab5 wp-block-columns-is-layout-flex\">\n<div class=\"wp-block-column is-layout-flow wp-block-column-is-layout-flow\">\n<div class=\"wp-block-group height-100 has-white-background-color has-background is-vertical is-content-justification-stretch is-layout-flex wp-container-core-group-is-layout-a9d43e9a wp-block-group-is-layout-flex\" style=\"border-radius:10px;padding-top:24px;padding-right:16px;padding-bottom:30px;padding-left:16px\">\n<div class=\"wp-block-group has-global-padding is-layout-constrained wp-block-group-is-layout-constrained\" style=\"padding-bottom:7px\">\n<figure class=\"wp-block-image aligncenter size-full is-resized\"><img decoding=\"async\" src=\"https:\/\/www.entreculturas.org\/wp-content\/uploads\/2023\/11\/beneficios-fiscales.svg\" alt=\"\" class=\"wp-image-1800\" style=\"object-fit:cover;width:69px;height:60px\"\/><\/figure>\n<\/div>\n\n\n\n<p class=\"has-text-align-center\" style=\"margin-bottom:4px;font-style:normal;font-weight:900\">Beneficis fiscals<\/p>\n\n\n\n<p class=\"has-text-align-center\" style=\"font-size:12px\">Beneficiar el teu negoci<br>amb la deducci\u00f3 fiscal corresponent.<\/p>\n<\/div>\n<\/div>\n\n\n\n<div class=\"wp-block-column is-layout-flow wp-block-column-is-layout-flow\">\n<div class=\"wp-block-group height-100 has-white-background-color has-background is-vertical is-content-justification-stretch is-layout-flex wp-container-core-group-is-layout-d789077f wp-block-group-is-layout-flex\" style=\"border-radius:10px;padding-top:25px;padding-right:16px;padding-bottom:30px;padding-left:16px\">\n<div class=\"wp-block-group has-global-padding is-layout-constrained wp-block-group-is-layout-constrained\" style=\"padding-bottom:7px;font-size:16px\">\n<figure class=\"wp-block-image aligncenter size-full is-resized\"><img decoding=\"async\" src=\"https:\/\/www.entreculturas.org\/wp-content\/uploads\/2023\/10\/liderazgo.svg\" alt=\"\" class=\"wp-image-1634\" style=\"object-fit:cover;width:60px;height:59px\"\/><\/figure>\n<\/div>\n\n\n\n<p class=\"has-text-align-center\" style=\"margin-bottom:4px;font-style:normal;font-weight:900\">Lideratge<\/p>\n\n\n\n<p class=\"has-text-align-center\" style=\"font-size:12px\">Motivar els empleats i empleades del teu<br>empresa o comer\u00e7.<\/p>\n<\/div>\n<\/div>\n\n\n\n<div class=\"wp-block-column is-layout-flow wp-block-column-is-layout-flow\">\n<div class=\"wp-block-group height-100 has-white-background-color has-background is-vertical is-content-justification-stretch is-layout-flex wp-container-core-group-is-layout-a9d43e9a wp-block-group-is-layout-flex\" style=\"border-radius:10px;padding-top:24px;padding-right:16px;padding-bottom:30px;padding-left:16px\">\n<div class=\"wp-block-group has-global-padding is-layout-constrained wp-block-group-is-layout-constrained\" style=\"padding-bottom:7px;font-size:8px\">\n<figure class=\"wp-block-image aligncenter size-full is-resized\"><img decoding=\"async\" src=\"https:\/\/www.entreculturas.org\/wp-content\/uploads\/2023\/10\/sostenibilidad.svg\" alt=\"\" class=\"wp-image-1635\" style=\"object-fit:cover;width:84px;height:59px\"\/><\/figure>\n<\/div>\n\n\n\n<p class=\"has-text-align-center\" style=\"margin-bottom:4px;font-style:normal;font-weight:900\">Sostenibilitat<\/p>\n\n\n\n<p class=\"has-text-align-center\" style=\"font-size:12px\">Fidelitzar els teus clients per la teva implicaci\u00f3 en els objectius de desenvolupament sostenible.<\/p>\n<\/div>\n<\/div>\n\n\n\n<div class=\"wp-block-column is-layout-flow wp-block-column-is-layout-flow\">\n<div class=\"wp-block-group height-100 has-white-background-color has-background is-vertical is-content-justification-stretch is-layout-flex wp-container-core-group-is-layout-b7235019 wp-block-group-is-layout-flex\" style=\"border-radius:10px;padding-top:32px;padding-right:16px;padding-bottom:18px;padding-left:16px\">\n<div class=\"wp-block-group has-global-padding is-layout-constrained wp-block-group-is-layout-constrained\" style=\"padding-bottom:13px;font-size:15px\">\n<figure class=\"wp-block-image aligncenter size-full is-resized\"><img decoding=\"async\" src=\"https:\/\/www.entreculturas.org\/wp-content\/uploads\/2023\/10\/visibilidad.svg\" alt=\"\" class=\"wp-image-1636\" style=\"object-fit:cover;width:84px;height:44px\"\/><\/figure>\n<\/div>\n\n\n\n<p class=\"has-text-align-center\" style=\"margin-bottom:4px;font-style:normal;font-weight:900\">Visibilitat<\/p>\n\n\n\n<p class=\"has-text-align-center\" style=\"font-size:12px\">Major visibilitat com a empresa que assumeix la seva responsabilitat amb la societat.<\/p>\n<\/div>\n<\/div>\n<\/div>\n<\/div>\n\n\n\n<div class=\"wp-block-group has-global-padding is-layout-constrained wp-block-group-is-layout-constrained\">\n<div class=\"wp-block-group beneficios_ has-white-background-color has-background has-global-padding is-layout-constrained wp-container-core-group-is-layout-a596169c wp-block-group-is-layout-constrained\" style=\"border-radius:15px;padding-top:var(--wp--preset--spacing--60);padding-right:10rem;padding-bottom:var(--wp--preset--spacing--60);padding-left:10rem\">\n<h2 class=\"wp-block-heading has-text-align-center\" id=\"h-beneficis-fiscals\">Beneficis fiscals<\/h2>\n\n\n\n<div class=\"wp-block-group has-global-padding is-layout-constrained wp-container-core-group-is-layout-c0815813 wp-block-group-is-layout-constrained\" style=\"margin-top:var(--wp--preset--spacing--40)\">\n<p><strong>Si ets una persona jur\u00eddica (empresa), pots desgravar les teves donacions a ONG.<\/strong><\/p>\n\n\n\n<ul class=\"wp-block-list\">\n<li>Si portes menys de 3 anys col\u00b7laborant amb una Entreculturas, et desgraves el 40%.<\/li>\n\n\n\n<li>Si la teva col\u00b7laboraci\u00f3 supera els 3 anys, et desgraves el 50%.<\/li>\n<\/ul>\n\n\n\n<p>A m\u00e9s, si resideixes en una comunitat aut\u00f2noma subjecta a un r\u00e8gim foral particular o amb deduccions addicionals per donacions a ONG, pots tenir deduccions diferents.  <\/p>\n\n\n\n<p>Recordeu que, perqu\u00e8 puguem informar al gener l&#8217;Ag\u00e8ncia Tribut\u00e0ria de l&#8217;import de les vostres quotes i\/o donatius, necessitem les vostres dades fiscals. Si encara no ens han facilitat les teves dades, truca&#8217;ns al 91 590 26 72 o escriu-nos a <a href=\"mailto:empresas@entreculturas.org\">empresas@entreculturas.org<\/a> .  <\/p>\n<\/div>\n<\/div>\n<\/div>\n\n\n\n<div class=\"wp-block-group has-global-padding is-layout-constrained wp-container-core-group-is-layout-484a3dd8 wp-block-group-is-layout-constrained\" style=\"margin-bottom:var(--wp--preset--spacing--70);padding-top:var(--wp--preset--spacing--50);padding-right:20px;padding-bottom:var(--wp--preset--spacing--50);padding-left:20px\">\n<div class=\"wp-block-columns has-white-background-color has-background is-layout-flex wp-container-core-columns-is-layout-af4a81e5 wp-block-columns-is-layout-flex\" style=\"border-radius:25px;padding-top:var(--wp--preset--spacing--70);padding-right:var(--wp--preset--spacing--40);padding-bottom:var(--wp--preset--spacing--70);padding-left:var(--wp--preset--spacing--40)\">\n<div class=\"wp-block-column is-layout-flow wp-block-column-is-layout-flow\" style=\"flex-basis:30%\">\n<div class=\"wp-block-group has-global-padding is-layout-constrained wp-block-group-is-layout-constrained\">\n<figure class=\"wp-block-image aligncenter size-full\"><img decoding=\"async\" width=\"200\" height=\"200\" src=\"https:\/\/www.entreculturas.org\/wp-content\/uploads\/2024\/06\/raquel-abad-empresas.png\" alt=\"\" class=\"wp-image-26370\" srcset=\"https:\/\/www.entreculturas.org\/wp-content\/uploads\/2024\/06\/raquel-abad-empresas.png 200w, https:\/\/www.entreculturas.org\/wp-content\/uploads\/2024\/06\/raquel-abad-empresas-150x150.png 150w\" sizes=\"(max-width: 200px) 100vw, 200px\" \/><\/figure>\n<\/div>\n<\/div>\n\n\n\n<div class=\"wp-block-column is-layout-flow wp-block-column-is-layout-flow\">\n<p class=\"contacta-conmigo-empresas has-large-font-size\" style=\"margin-bottom:var(--wp--preset--spacing--40)\"><strong>Contacta amb mi<\/strong><\/p>\n\n\n\n<p style=\"margin-bottom:var(--wp--preset--spacing--40)\">Si tens qualsevol dubte o necessites m\u00e9s informaci\u00f3, posa&#8217;t en contacte amb nosaltres.<\/p>\n\n\n\n<p style=\"margin-bottom:3px\"><strong>Raquel Abad de les Heras<\/strong> .<\/p>\n\n\n\n<p style=\"margin-bottom:3px\">Coordinadora d&#8217;Aliances i Relacions Institucionals<\/p>\n\n\n\n<p style=\"margin-bottom:3px\"><strong>Tel\u00e8fon: <mark style=\"background-color:rgba(0, 0, 0, 0)\" class=\"has-inline-color has-red-color\">91 590 26 72<\/mark><\/strong><\/p>\n\n\n\n<p><strong>Email: <a href=\"mailto:empresas@entreculturas.org\">empresas@entreculturas.org<\/a><\/strong><\/p>\n<\/div>\n<\/div>\n<\/div>\n\n\n\n<div style=\"height:50px\" aria-hidden=\"true\" class=\"wp-block-spacer\"><\/div>\n","protected":false},"excerpt":{"rendered":"<p>La col\u00b7laboraci\u00f3 de la teva empresa ens ajuda a millorar la vida. Amb tu, promourem l&#8217;acc\u00e9s a l&#8217;educaci\u00f3 de persones en risc d&#8217;exclusi\u00f3 i en situaci\u00f3 d&#8217;emerg\u00e8ncia a 45 pa\u00efsos d&#8217;Am\u00e8rica Llatina, \u00c0frica, \u00c0sia i Europa. Altres formes de col\u00b7laborar Transfer\u00e8ncia banc\u00e0ria A qualsevol d&#8217;aquests comptes: SANTANDER : ES94 0049 0001 54 2210040401 Copiar BBVA : ES40 0182 4000 66 0010008001 Copiar *Perqu\u00e8 puguem identificar el teu donatiu i enviar-te el certificat de donaci\u00f3 perqu\u00e8 puguis desgravar les teves donacions, si us plau, escriu-nos a empresas@entreculturas.org amb les teves dades fiscals. bizum Des del teu m\u00f2bil amb BIZUM, usant el codi 33372 *Perqu\u00e8 puguem identificar el teu donatiu i enviar-te el certificat de donaci\u00f3 perqu\u00e8 puguis desgravar les teves donacions, si us plau, escriu-nos a empresas@entreculturas.org amb les teves dades fiscals. Beneficis d&#8217;unir-te a empreses per una causa Una col\u00b7laboraci\u00f3 per fer cr\u00e9ixer la teva empresa Impacte social Ampliar limpacte [&hellip;]<\/p>\n","protected":false},"author":1,"featured_media":0,"parent":0,"menu_order":0,"comment_status":"closed","ping_status":"closed","template":"","meta":{"_acf_changed":false,"footnotes":""},"class_list":["post-26333","page","type-page","status-publish","hentry"],"acf":[],"yoast_head":"<!-- This site is optimized with the Yoast SEO Premium plugin v21.6 (Yoast SEO v27.5) - https:\/\/yoast.com\/product\/yoast-seo-premium-wordpress\/ -->\n<title>Dona Empreses - Entreculturas<\/title>\n<meta name=\"robots\" content=\"index, follow, max-snippet:-1, max-image-preview:large, max-video-preview:-1\" \/>\n<link rel=\"canonical\" href=\"https:\/\/www.entreculturas.org\/ca\/dona-empreses\/\" \/>\n<meta property=\"og:locale\" content=\"ca_ES\" \/>\n<meta property=\"og:type\" content=\"article\" \/>\n<meta property=\"og:title\" content=\"Dona Empreses\" \/>\n<meta property=\"og:description\" content=\"La col\u00b7laboraci\u00f3 de la teva empresa ens ajuda a millorar la vida. Amb tu, promourem l&#8217;acc\u00e9s a l&#8217;educaci\u00f3 de persones en risc d&#8217;exclusi\u00f3 i en situaci\u00f3 d&#8217;emerg\u00e8ncia a 45 pa\u00efsos d&#8217;Am\u00e8rica Llatina, \u00c0frica, \u00c0sia i Europa. Altres formes de col\u00b7laborar Transfer\u00e8ncia banc\u00e0ria A qualsevol d&#8217;aquests comptes: SANTANDER : ES94 0049 0001 54 2210040401 Copiar BBVA : ES40 0182 4000 66 0010008001 Copiar *Perqu\u00e8 puguem identificar el teu donatiu i enviar-te el certificat de donaci\u00f3 perqu\u00e8 puguis desgravar les teves donacions, si us plau, escriu-nos a empresas@entreculturas.org amb les teves dades fiscals. bizum Des del teu m\u00f2bil amb BIZUM, usant el codi 33372 *Perqu\u00e8 puguem identificar el teu donatiu i enviar-te el certificat de donaci\u00f3 perqu\u00e8 puguis desgravar les teves donacions, si us plau, escriu-nos a empresas@entreculturas.org amb les teves dades fiscals. Beneficis d&#8217;unir-te a empreses per una causa Una col\u00b7laboraci\u00f3 per fer cr\u00e9ixer la teva empresa Impacte social Ampliar limpacte [&hellip;]\" \/>\n<meta property=\"og:url\" content=\"https:\/\/www.entreculturas.org\/ca\/dona-empreses\/\" \/>\n<meta property=\"og:site_name\" content=\"Entreculturas\" \/>\n<meta property=\"article:publisher\" content=\"https:\/\/www.facebook.com\/entreculturas\" \/>\n<meta property=\"article:modified_time\" content=\"2026-01-29T08:00:56+00:00\" \/>\n<meta property=\"og:image\" content=\"https:\/\/www.entreculturas.org\/wp-content\/uploads\/2024\/01\/Group-177.jpg\" \/>\n<meta name=\"twitter:card\" content=\"summary_large_image\" \/>\n<meta name=\"twitter:site\" content=\"@Entreculturas\" \/>\n<script type=\"application\/ld+json\" class=\"yoast-schema-graph\">{\"@context\":\"https:\\\/\\\/schema.org\",\"@graph\":[{\"@type\":\"WebPage\",\"@id\":\"https:\\\/\\\/www.entreculturas.org\\\/ca\\\/dona-empreses\\\/\",\"url\":\"https:\\\/\\\/www.entreculturas.org\\\/ca\\\/dona-empreses\\\/\",\"name\":\"Dona Empreses - Entreculturas\",\"isPartOf\":{\"@id\":\"https:\\\/\\\/www.entreculturas.org\\\/ca\\\/#website\"},\"primaryImageOfPage\":{\"@id\":\"https:\\\/\\\/www.entreculturas.org\\\/ca\\\/dona-empreses\\\/#primaryimage\"},\"image\":{\"@id\":\"https:\\\/\\\/www.entreculturas.org\\\/ca\\\/dona-empreses\\\/#primaryimage\"},\"thumbnailUrl\":\"https:\\\/\\\/www.entreculturas.org\\\/wp-content\\\/uploads\\\/2024\\\/01\\\/Group-177.jpg\",\"datePublished\":\"2024-05-28T10:17:07+00:00\",\"dateModified\":\"2026-01-29T08:00:56+00:00\",\"breadcrumb\":{\"@id\":\"https:\\\/\\\/www.entreculturas.org\\\/ca\\\/dona-empreses\\\/#breadcrumb\"},\"inLanguage\":\"ca\",\"potentialAction\":[{\"@type\":\"ReadAction\",\"target\":[\"https:\\\/\\\/www.entreculturas.org\\\/ca\\\/dona-empreses\\\/\"]}]},{\"@type\":\"ImageObject\",\"inLanguage\":\"ca\",\"@id\":\"https:\\\/\\\/www.entreculturas.org\\\/ca\\\/dona-empreses\\\/#primaryimage\",\"url\":\"https:\\\/\\\/www.entreculturas.org\\\/wp-content\\\/uploads\\\/2024\\\/01\\\/Group-177.jpg\",\"contentUrl\":\"https:\\\/\\\/www.entreculturas.org\\\/wp-content\\\/uploads\\\/2024\\\/01\\\/Group-177.jpg\"},{\"@type\":\"BreadcrumbList\",\"@id\":\"https:\\\/\\\/www.entreculturas.org\\\/ca\\\/dona-empreses\\\/#breadcrumb\",\"itemListElement\":[{\"@type\":\"ListItem\",\"position\":1,\"name\":\"Home\",\"item\":\"https:\\\/\\\/www.entreculturas.org\\\/ca\\\/\"},{\"@type\":\"ListItem\",\"position\":2,\"name\":\"Dona Empreses\"}]},{\"@type\":\"WebSite\",\"@id\":\"https:\\\/\\\/www.entreculturas.org\\\/ca\\\/#website\",\"url\":\"https:\\\/\\\/www.entreculturas.org\\\/ca\\\/\",\"name\":\"Entreculturas\",\"description\":\"\",\"publisher\":{\"@id\":\"https:\\\/\\\/www.entreculturas.org\\\/ca\\\/#organization\"},\"alternateName\":\"Entreculturas\",\"potentialAction\":[{\"@type\":\"SearchAction\",\"target\":{\"@type\":\"EntryPoint\",\"urlTemplate\":\"https:\\\/\\\/www.entreculturas.org\\\/ca\\\/?s={search_term_string}\"},\"query-input\":{\"@type\":\"PropertyValueSpecification\",\"valueRequired\":true,\"valueName\":\"search_term_string\"}}],\"inLanguage\":\"ca\"},{\"@type\":\"Organization\",\"@id\":\"https:\\\/\\\/www.entreculturas.org\\\/ca\\\/#organization\",\"name\":\"Entreculturas\",\"url\":\"https:\\\/\\\/www.entreculturas.org\\\/ca\\\/\",\"logo\":{\"@type\":\"ImageObject\",\"inLanguage\":\"ca\",\"@id\":\"https:\\\/\\\/www.entreculturas.org\\\/ca\\\/#\\\/schema\\\/logo\\\/image\\\/\",\"url\":\"https:\\\/\\\/www.entreculturas.org\\\/wp-content\\\/uploads\\\/2025\\\/10\\\/ESP.svg\",\"contentUrl\":\"https:\\\/\\\/www.entreculturas.org\\\/wp-content\\\/uploads\\\/2025\\\/10\\\/ESP.svg\",\"caption\":\"Entreculturas\"},\"image\":{\"@id\":\"https:\\\/\\\/www.entreculturas.org\\\/ca\\\/#\\\/schema\\\/logo\\\/image\\\/\"},\"sameAs\":[\"https:\\\/\\\/www.facebook.com\\\/entreculturas\",\"https:\\\/\\\/x.com\\\/Entreculturas\",\"https:\\\/\\\/www.instagram.com\\\/entreculturas\\\/\",\"https:\\\/\\\/www.youtube.com\\\/user\\\/entreculturasvideo\",\"https:\\\/\\\/www.linkedin.com\\\/company\\\/fundacion-entreculturas-ngdo\\\/\",\"https:\\\/\\\/www.flickr.com\\\/photos\\\/98455522@N04\\\/albums\\\/\"]}]}<\/script>\n<!-- \/ Yoast SEO Premium plugin. -->","yoast_head_json":{"title":"Dona Empreses - Entreculturas","robots":{"index":"index","follow":"follow","max-snippet":"max-snippet:-1","max-image-preview":"max-image-preview:large","max-video-preview":"max-video-preview:-1"},"canonical":"https:\/\/www.entreculturas.org\/ca\/dona-empreses\/","og_locale":"ca_ES","og_type":"article","og_title":"Dona Empreses","og_description":"La col\u00b7laboraci\u00f3 de la teva empresa ens ajuda a millorar la vida. Amb tu, promourem l&#8217;acc\u00e9s a l&#8217;educaci\u00f3 de persones en risc d&#8217;exclusi\u00f3 i en situaci\u00f3 d&#8217;emerg\u00e8ncia a 45 pa\u00efsos d&#8217;Am\u00e8rica Llatina, \u00c0frica, \u00c0sia i Europa. Altres formes de col\u00b7laborar Transfer\u00e8ncia banc\u00e0ria A qualsevol d&#8217;aquests comptes: SANTANDER : ES94 0049 0001 54 2210040401 Copiar BBVA : ES40 0182 4000 66 0010008001 Copiar *Perqu\u00e8 puguem identificar el teu donatiu i enviar-te el certificat de donaci\u00f3 perqu\u00e8 puguis desgravar les teves donacions, si us plau, escriu-nos a empresas@entreculturas.org amb les teves dades fiscals. bizum Des del teu m\u00f2bil amb BIZUM, usant el codi 33372 *Perqu\u00e8 puguem identificar el teu donatiu i enviar-te el certificat de donaci\u00f3 perqu\u00e8 puguis desgravar les teves donacions, si us plau, escriu-nos a empresas@entreculturas.org amb les teves dades fiscals. Beneficis d&#8217;unir-te a empreses per una causa Una col\u00b7laboraci\u00f3 per fer cr\u00e9ixer la teva empresa Impacte social Ampliar limpacte [&hellip;]","og_url":"https:\/\/www.entreculturas.org\/ca\/dona-empreses\/","og_site_name":"Entreculturas","article_publisher":"https:\/\/www.facebook.com\/entreculturas","article_modified_time":"2026-01-29T08:00:56+00:00","og_image":[{"url":"https:\/\/www.entreculturas.org\/wp-content\/uploads\/2024\/01\/Group-177.jpg","type":"","width":"","height":""}],"twitter_card":"summary_large_image","twitter_site":"@Entreculturas","schema":{"@context":"https:\/\/schema.org","@graph":[{"@type":"WebPage","@id":"https:\/\/www.entreculturas.org\/ca\/dona-empreses\/","url":"https:\/\/www.entreculturas.org\/ca\/dona-empreses\/","name":"Dona Empreses - Entreculturas","isPartOf":{"@id":"https:\/\/www.entreculturas.org\/ca\/#website"},"primaryImageOfPage":{"@id":"https:\/\/www.entreculturas.org\/ca\/dona-empreses\/#primaryimage"},"image":{"@id":"https:\/\/www.entreculturas.org\/ca\/dona-empreses\/#primaryimage"},"thumbnailUrl":"https:\/\/www.entreculturas.org\/wp-content\/uploads\/2024\/01\/Group-177.jpg","datePublished":"2024-05-28T10:17:07+00:00","dateModified":"2026-01-29T08:00:56+00:00","breadcrumb":{"@id":"https:\/\/www.entreculturas.org\/ca\/dona-empreses\/#breadcrumb"},"inLanguage":"ca","potentialAction":[{"@type":"ReadAction","target":["https:\/\/www.entreculturas.org\/ca\/dona-empreses\/"]}]},{"@type":"ImageObject","inLanguage":"ca","@id":"https:\/\/www.entreculturas.org\/ca\/dona-empreses\/#primaryimage","url":"https:\/\/www.entreculturas.org\/wp-content\/uploads\/2024\/01\/Group-177.jpg","contentUrl":"https:\/\/www.entreculturas.org\/wp-content\/uploads\/2024\/01\/Group-177.jpg"},{"@type":"BreadcrumbList","@id":"https:\/\/www.entreculturas.org\/ca\/dona-empreses\/#breadcrumb","itemListElement":[{"@type":"ListItem","position":1,"name":"Home","item":"https:\/\/www.entreculturas.org\/ca\/"},{"@type":"ListItem","position":2,"name":"Dona Empreses"}]},{"@type":"WebSite","@id":"https:\/\/www.entreculturas.org\/ca\/#website","url":"https:\/\/www.entreculturas.org\/ca\/","name":"Entreculturas","description":"","publisher":{"@id":"https:\/\/www.entreculturas.org\/ca\/#organization"},"alternateName":"Entreculturas","potentialAction":[{"@type":"SearchAction","target":{"@type":"EntryPoint","urlTemplate":"https:\/\/www.entreculturas.org\/ca\/?s={search_term_string}"},"query-input":{"@type":"PropertyValueSpecification","valueRequired":true,"valueName":"search_term_string"}}],"inLanguage":"ca"},{"@type":"Organization","@id":"https:\/\/www.entreculturas.org\/ca\/#organization","name":"Entreculturas","url":"https:\/\/www.entreculturas.org\/ca\/","logo":{"@type":"ImageObject","inLanguage":"ca","@id":"https:\/\/www.entreculturas.org\/ca\/#\/schema\/logo\/image\/","url":"https:\/\/www.entreculturas.org\/wp-content\/uploads\/2025\/10\/ESP.svg","contentUrl":"https:\/\/www.entreculturas.org\/wp-content\/uploads\/2025\/10\/ESP.svg","caption":"Entreculturas"},"image":{"@id":"https:\/\/www.entreculturas.org\/ca\/#\/schema\/logo\/image\/"},"sameAs":["https:\/\/www.facebook.com\/entreculturas","https:\/\/x.com\/Entreculturas","https:\/\/www.instagram.com\/entreculturas\/","https:\/\/www.youtube.com\/user\/entreculturasvideo","https:\/\/www.linkedin.com\/company\/fundacion-entreculturas-ngdo\/","https:\/\/www.flickr.com\/photos\/98455522@N04\/albums\/"]}]}},"_links":{"self":[{"href":"https:\/\/www.entreculturas.org\/ca\/wp-json\/wp\/v2\/pages\/26333","targetHints":{"allow":["GET"]}}],"collection":[{"href":"https:\/\/www.entreculturas.org\/ca\/wp-json\/wp\/v2\/pages"}],"about":[{"href":"https:\/\/www.entreculturas.org\/ca\/wp-json\/wp\/v2\/types\/page"}],"author":[{"embeddable":true,"href":"https:\/\/www.entreculturas.org\/ca\/wp-json\/wp\/v2\/users\/1"}],"replies":[{"embeddable":true,"href":"https:\/\/www.entreculturas.org\/ca\/wp-json\/wp\/v2\/comments?post=26333"}],"version-history":[{"count":18,"href":"https:\/\/www.entreculturas.org\/ca\/wp-json\/wp\/v2\/pages\/26333\/revisions"}],"predecessor-version":[{"id":45937,"href":"https:\/\/www.entreculturas.org\/ca\/wp-json\/wp\/v2\/pages\/26333\/revisions\/45937"}],"wp:attachment":[{"href":"https:\/\/www.entreculturas.org\/ca\/wp-json\/wp\/v2\/media?parent=26333"}],"curies":[{"name":"wp","href":"https:\/\/api.w.org\/{rel}","templated":true}]}}