{"id":25379,"date":"2024-05-29T14:29:44","date_gmt":"2024-05-29T12:29:44","guid":{"rendered":"https:\/\/www.entreculturas.org\/campanyes\/la-cadira-roja-inici-dev\/"},"modified":"2026-03-23T17:40:22","modified_gmt":"2026-03-23T16:40:22","slug":"la-cadira-vermella","status":"publish","type":"page","link":"https:\/\/www.entreculturas.org\/ca\/la-cadira-vermella\/","title":{"rendered":"La Cadira Roja"},"content":{"rendered":"\n<div class=\"wp-block-group header_fijo is-content-justification-space-between is-nowrap is-layout-flex wp-container-core-group-is-layout-8fc330fe wp-block-group-is-layout-flex\" style=\"min-height:0px;margin-top:0;margin-bottom:0;padding-top:var(--wp--preset--spacing--40);padding-right:var(--wp--preset--spacing--60);padding-bottom:var(--wp--preset--spacing--40);padding-left:var(--wp--preset--spacing--60)\">\n<div class=\"wp-block-group header-contenido is-nowrap is-layout-flex wp-container-core-group-is-layout-c1740a5a wp-block-group-is-layout-flex\">\n<figure class=\"wp-block-image size-full is-resized\"><a href=\"https:\/\/www.entreculturas.org\/ca\/\"><img decoding=\"async\" width=\"1754\" height=\"317\" src=\"https:\/\/www.entreculturas.org\/wp-content\/uploads\/2025\/10\/CAT-Entreculturas_Logo_Color_150ppp_RGB.png\" alt=\"\" class=\"wp-image-42671\" style=\"width:255px\" srcset=\"https:\/\/www.entreculturas.org\/wp-content\/uploads\/2025\/10\/CAT-Entreculturas_Logo_Color_150ppp_RGB.png 1754w, https:\/\/www.entreculturas.org\/wp-content\/uploads\/2025\/10\/CAT-Entreculturas_Logo_Color_150ppp_RGB-300x54.png 300w, https:\/\/www.entreculturas.org\/wp-content\/uploads\/2025\/10\/CAT-Entreculturas_Logo_Color_150ppp_RGB-1024x185.png 1024w, https:\/\/www.entreculturas.org\/wp-content\/uploads\/2025\/10\/CAT-Entreculturas_Logo_Color_150ppp_RGB-768x139.png 768w, https:\/\/www.entreculturas.org\/wp-content\/uploads\/2025\/10\/CAT-Entreculturas_Logo_Color_150ppp_RGB-1536x278.png 1536w\" sizes=\"(max-width: 1754px) 100vw, 1754px\" \/><\/a><\/figure>\n\n\n\n<figure class=\"wp-block-image size-full is-resized\"><a href=\"https:\/\/www.entreculturas.org\/ca\/la-cadira-vermella\/\"><img decoding=\"async\" src=\"https:\/\/www.entreculturas.org\/wp-content\/uploads\/2025\/10\/CAT-LOGO-CadiraVermella.svg\" alt=\"\" class=\"wp-image-43693\" style=\"width:181px\"\/><\/a><\/figure>\n\n\n\n<div class=\"wp-block-group has-global-padding is-layout-constrained wp-container-core-group-is-layout-c5bbea69 wp-block-group-is-layout-constrained\">\n<div class=\"wp-block-group menu-row is-nowrap is-layout-flex wp-container-core-group-is-layout-c0d7094d wp-block-group-is-layout-flex\"><nav style=\"font-size:1.25rem;font-style:normal;font-weight:600;\" class=\"is-responsive items-justified-left no-wrap menu-enlaces wp-block-navigation is-horizontal is-content-justification-left is-nowrap is-layout-flex wp-container-core-navigation-is-layout-ceac8bbe wp-block-navigation-is-layout-flex\" aria-label=\"Navegaci\u00f3n\" \n\t\t data-wp-interactive=\"core\/navigation\" data-wp-context='{\"overlayOpenedBy\":{\"click\":false,\"hover\":false,\"focus\":false},\"type\":\"overlay\",\"roleAttribute\":\"\",\"ariaLabel\":\"Men\\u00fa\"}'><button aria-haspopup=\"dialog\" aria-label=\"Obre el men\u00fa\" class=\"wp-block-navigation__responsive-container-open\" \n\t\t\t\tdata-wp-on--click=\"actions.openMenuOnClick\"\n\t\t\t\tdata-wp-on--keydown=\"actions.handleMenuKeydown\"\n\t\t\t><svg width=\"24\" height=\"24\" xmlns=\"http:\/\/www.w3.org\/2000\/svg\" viewBox=\"0 0 24 24\"><path d=\"M5 5v1.5h14V5H5z\"><\/path><path d=\"M5 12.8h14v-1.5H5v1.5z\"><\/path><path d=\"M5 19h14v-1.5H5V19z\"><\/path><\/svg><\/button>\n\t\t\t\t<div class=\"wp-block-navigation__responsive-container\"  id=\"modal-1\" \n\t\t\t\tdata-wp-class--has-modal-open=\"state.isMenuOpen\"\n\t\t\t\tdata-wp-class--is-menu-open=\"state.isMenuOpen\"\n\t\t\t\tdata-wp-watch=\"callbacks.initMenu\"\n\t\t\t\tdata-wp-on--keydown=\"actions.handleMenuKeydown\"\n\t\t\t\tdata-wp-on--focusout=\"actions.handleMenuFocusout\"\n\t\t\t\ttabindex=\"-1\"\n\t\t\t>\n\t\t\t\t\t<div class=\"wp-block-navigation__responsive-close\" tabindex=\"-1\">\n\t\t\t\t\t\t<div class=\"wp-block-navigation__responsive-dialog\" \n\t\t\t\tdata-wp-bind--aria-modal=\"state.ariaModal\"\n\t\t\t\tdata-wp-bind--aria-label=\"state.ariaLabel\"\n\t\t\t\tdata-wp-bind--role=\"state.roleAttribute\"\n\t\t\t>\n\t\t\t\t\t\t\t<button aria-label=\"Tanca el men\u00fa\" class=\"wp-block-navigation__responsive-container-close\" \n\t\t\t\tdata-wp-on--click=\"actions.closeMenuOnClick\"\n\t\t\t><svg xmlns=\"http:\/\/www.w3.org\/2000\/svg\" viewBox=\"0 0 24 24\" width=\"24\" height=\"24\" aria-hidden=\"true\" focusable=\"false\"><path d=\"m13.06 12 6.47-6.47-1.06-1.06L12 10.94 5.53 4.47 4.47 5.53 10.94 12l-6.47 6.47 1.06 1.06L12 13.06l6.47 6.47 1.06-1.06L13.06 12Z\"><\/path><\/svg><\/button>\n\t\t\t\t\t\t\t<div class=\"wp-block-navigation__responsive-container-content\" \n\t\t\t\tdata-wp-watch=\"callbacks.focusFirstElement\"\n\t\t\t id=\"modal-1-content\">\n\t\t\t\t\t\t\t\t<ul style=\"font-size:1.25rem;font-style:normal;font-weight:600;\" class=\"wp-block-navigation__container is-responsive items-justified-left no-wrap menu-enlaces wp-block-navigation\"><li style=\"font-size: 1.25rem;\" class=\" wp-block-navigation-item wp-block-navigation-link\"><a class=\"wp-block-navigation-item__content\"  href=\"https:\/\/www.entreculturas.org\/ca\/la-cadira-vermella\/la-campanya\/\"><span class=\"wp-block-navigation-item__label\">La Campanya<\/span><\/a><\/li><li style=\"font-size: 1.25rem;\" class=\" wp-block-navigation-item wp-block-navigation-link\"><a class=\"wp-block-navigation-item__content\"  href=\"https:\/\/www.entreculturas.org\/ca\/la-cadira-vermella\/projectes\/\"><span class=\"wp-block-navigation-item__label\">Projectes<\/span><\/a><\/li><li style=\"font-size: 1.25rem;\" class=\" wp-block-navigation-item wp-block-navigation-link\"><a class=\"wp-block-navigation-item__content\"  href=\"https:\/\/www.entreculturas.org\/ca\/la-cadira-vermella\/com-actuar\/\"><span class=\"wp-block-navigation-item__label\">Com Actuar<\/span><\/a><\/li><li style=\"font-size: 1.25rem;\" class=\" wp-block-navigation-item wp-block-navigation-link\"><a class=\"wp-block-navigation-item__content\"  href=\"https:\/\/www.entreculturas.org\/la-silla-roja\/recursos\/\"><span class=\"wp-block-navigation-item__label\">Recursos<\/span><\/a><\/li><style>html[dir=\"rtl\"] .wpml-language-switcher-block .wpml-ls-dropdown ul li.wp-block-navigation-submenu .wp-block-navigation-submenu__toggle img{margin-left:12px}html[dir=\"rtl\"] .wpml-language-switcher-block .wpml-ls-dropdown ul li.wp-block-navigation-submenu ul.isHorizontal li{text-align:right}html[dir=\"rtl\"] .wpml-language-switcher-block .wpml-ls-dropdown ul li.wp-block-navigation-submenu ul.isHorizontal li a img{margin-left:12px}.wpml-language-switcher-block{display:flex;box-sizing:border-box;width:100% !important}.wpml-language-switcher-block>.wp-block-navigation-item,.wpml-language-switcher-block>.wp-block-navigation-item>div{display:flex;width:100% !important}.wpml-language-switcher-block .wp-block-navigation__container{background:unset !important}.wpml-language-switcher-block .hide-arrow .wp-block-navigation__submenu-icon{display:none}.wpml-language-switcher-block .wpml-ls-dropdown .wp-block-navigation-submenu__toggle.wpml-ls-keyboard-focus ~ .wp-block-navigation__submenu-container,.wpml-language-switcher-block .wpml-ls-dropdown li.open-on-hover-click .wp-block-navigation-submenu__toggle:focus ~ .wp-block-navigation__submenu-container,.wpml-language-switcher-block .wpml-ls-dropdown li.open-on-hover-click .wp-block-navigation-submenu__toggle:focus-within ~ .wp-block-navigation__submenu-container,.wpml-language-switcher-block .wpml-ls-dropdown li.open-on-hover-click:focus-within>.wp-block-navigation__submenu-container{visibility:visible;opacity:1;display:block;overflow:visible}.wpml-language-switcher-block .wpml-ls-dropdown ul li button{padding:0}.wpml-language-switcher-block .wpml-ls-dropdown ul li button+.isHorizontal{min-width:inherit !important}.wpml-language-switcher-block .wpml-ls-dropdown ul li button+.isHorizontal li{width:inherit !important}.wpml-language-switcher-block .wpml-ls-dropdown ul li button+.isHorizontal li a{display:flex;align-items:center;min-width:max-content}.wpml-language-switcher-block .wpml-ls-dropdown ul li.wp-block-navigation-submenu ul.isHorizontal{margin:0;min-width:inherit !important}.wpml-language-switcher-block .wpml-ls-dropdown ul li.wp-block-navigation-submenu ul.isHorizontal li{width:inherit !important;text-align:left}.wpml-language-switcher-block .wpml-ls-dropdown ul li.wp-block-navigation-submenu ul.isHorizontal li a{display:flex;align-items:center;min-width:max-content}.wpml-language-switcher-block ul{list-style-type:none !important;padding:0 !important;width:100%}.wpml-language-switcher-block ul li{margin:0}.wpml-language-switcher-block ul li>a.wp-block-navigation-item__content:focus{outline:1px solid #2F7D92}.wpml-language-switcher-block ul li.is-focused{outline:1px solid #2F7D92}.wpml-language-switcher-block ul.wp-block-navigation__submenu-container{border:inherit !important;background-color:unset !important;min-width:unset !important}.wpml-language-switcher-block ul.wp-block-navigation__submenu-container .wp-block-navigation-item{border-radius:0 !important}.wpml-language-switcher-block ul.wp-block-navigation__submenu-container .wp-block-navigation-item a{display:flex;align-items:center;min-width:max-content;padding:1px}.wpml-language-switcher-block ul.horizontal-list{display:flex;flex-direction:row;align-items:center;justify-content:flex-start;margin:0 !important;gap:1em !important}.wpml-language-switcher-block ul.horizontal-list li{display:inline-block;margin:0;line-height:100%}.wpml-language-switcher-block ul.horizontal-list li a{line-height:100%}.wpml-language-switcher-block ul.center-justify{justify-content:center}.wpml-language-switcher-block ul.center-justify .wp-block-navigation-item{justify-content:center}.wpml-language-switcher-block ul.right-justify{justify-content:right}.wpml-language-switcher-block ul.right-justify .wp-block-navigation-item{justify-content:right}.wpml-language-switcher-block ul.space_between-justify{justify-content:space-between}.wpml-language-switcher-block ul.space_between-justify li>div{white-space:nowrap}.wpml-language-switcher-block .hasHoverColor:hover{color:var(--hover-color) !important}.wpml-language-switcher-block .hasHoverBackgroundColor:hover{background-color:var(--hover-background-color) !important}.wpml-language-switcher-block ul.isHorizontal{padding-left:0;list-style:none}.wpml-language-switcher-block ul.isHorizontal li{display:inline;margin-left:0}.wpml-language-switcher-block ul.isHorizontal li div{display:inline-block}.wpml-language-switcher-block ul.hasSpacing.isHorizontal li:not(:last-child){margin-right:var(--language-spacing) !important}.wpml-language-switcher-block ul.hasSpacing.isVertical li:not(:last-child){margin-bottom:var(--language-spacing) !important}.wpml-language-switcher-block ul.hasSpacing.isVertical .wp-block-navigation-item>div,.wpml-language-switcher-block ul.hasSpacing.isVertical .wp-block-navigation-item>div>a{display:inline-flex;align-items:center}.wpml-language-switcher-block .hasHoverColor:hover{color:var(--hover-color) !important}.wpml-language-switcher-block .hasHoverBackgroundColor:hover{background-color:var(--hover-background-color) !important}.wpml-language-switcher-block .hasFontSize{font-size:var(--font-size) !important}.wpml-language-switcher-block .hasLetterSpacing{letter-spacing:var(--letter-spacing) !important}.wpml-language-switcher-block .hasTextTransform{text-transform:var(--text-transform) !important}.wpml-language-switcher-block .hasFontFamily{font-family:var(--font-family) !important}.wpml-ls-flag{display:inline-block}.wpml-ls-flag-style-btn{border:0px transparent;padding-top:3px !important}.wpml-ls-flag-style-btn.black-bg{background-color:black}.wpml-ls-flag-style-btn.transparent-bg{background-color:transparent}.wpml-ls-control-row{border:solid 1px #949494;border-radius:2px;margin-bottom:8px}.wpml-ls-control-row-with-padding{padding:1px}.wpml-ls-number-control{max-width:100%;width:100%}.wpml-ls-slider-control-alert{margin-top:5px !important}.wpml-ls-slider .ant-slider-track{background-color:#3858E9}.wpml-ls-slider .ant-slider-handle{border:solid 1px black}.wpml-ls-control-blue{color:#2F7D92}.wpml-ls-number-with-unit-select select{color:#2F7D92;font-weight:700}.wpml-ls-control-grey{color:#757575}.wpml-ls-control-bg-grey{background-color:#a6a6a6}.wpml-ls-control-font{font-family:\"SF Pro Text\", sans-serif;font-style:normal;font-weight:400 !important;font-size:13px !important;line-height:140% !important}.wpml-ls-option-btn-col{padding:0.5px}.wpml-ls-no-borders{border:none}.ant-col-8.wpml-ls-option-btn-col{display:inline-flex}.wpml-ls-three-btn-row .wpml-ls-option-btn-wrap{padding-top:8px;padding-bottom:8px;white-space:normal;word-break:break-word}.wpml-ls-three-btn-row .ant-btn-no-height-less-padding{height:unset;padding-right:10px;padding-left:10px}.wpml-ls-full-width{width:100%}.wpml-ls-toggle-control .components-form-toggle.is-checked>.components-form-toggle__track{background-color:#2F7D92;border-color:#2F7D92}.wpml-ls-toggle-control .components-form-toggle.is-checked>.components-form-toggle__thumb{background-color:white}.wpml-ls-toggle-control .components-form-toggle>.components-form-toggle__track{background-color:white;border-color:#373737}.wpml-ls-toggle-control .components-form-toggle>.components-form-toggle__thumb{background-color:#373737}.ant-select-dropdown{min-width:45px !important;max-width:45px !important;width:45px !important}.wpml-ls-color-control{border:1px solid #DDDDDD;border-bottom:0px;padding:10px;box-sizing:border-box}.wpml-ls-color-control.wpml-ls-with-bottom-border{border-bottom:1px solid #DDDDDD}.wpml-ls-color-control .wpml-ls-icon-no-color:hover{cursor:pointer}.wpml-ls-color-control .component-color-indicator{width:25px;height:25px;box-shadow:0px 0px 2px 1px lightgrey}.wpml-ls-color-control .component-color-indicator:hover{cursor:pointer}.wpml-ls-color-control .wpml-ls-color-title{top:3px}.wpml-ls-dimension-control{border-top:solid 1px #e0e0e0}.wpml-ls-dimension-control .components-panel__arrow{visibility:hidden}.wpml-ls-panel-settings-dropdown-container{position:absolute;right:0px}.wpml-ls-icon-link{width:24px;height:24px;top:3px;border-radius:2px}.ant-input-number-handler-wrap{display:none !important}.ant-input-number-input{padding-right:0px !important;padding-left:3px !important}.block-editor-contrast-checker+.block-editor-contrast-checker{display:none}.current-language-item{display:flex;align-items:center;min-height:30px}.current-language-item .wp-block-navigation-item__content>div{display:flex;align-items:center}.wpml-ls-fontLetterCase-control button.components-button.has-icon{margin-right:0 !important;min-width:30px !important;height:30px !important}.wpml-ls-fontLetterSpacing-control div.components-input-control__container{top:4px}[data-wpml='language-item']:first-of-type{margin-top:5px !important}.wpml-ls-dimension-panel .components-panel__arrow{display:none}.wpml-ls-typography-panel .components-panel__arrow{display:none}.wpml-ls-panel-settings-dropdown-container>div>button>span.anticon-more{font-size:large;margin-right:10px}.wpml-ls-panel-settings-dropdown-container>div>button>span.anticon-plus{font-size:medium;margin-right:10px}.wpml-ls-color-panel .wpml-ls-color-panel-wrap button.components-button:focus{outline:2px solid #2F7D92;color:#2F7D92}.wpml-ls-color-panel .wpml-ls-color-panel-wrap button.components-button:hover{color:#2F7D92 !important}.wpml-ls-option-btn-wrap:focus{outline:4px solid #2F7D92}.wpml-ls-option-btn-wrap:hover:not(.wpml-ls-option-btn-wrap[data-selected=\"true\"]){outline:2px solid #2F7D92;color:#2F7D92 !important}.wpml-ls-toggle-control .components-toggle-control__label:hover{color:#2F7D92}.components-input-control__container:hover .components-input-control__backdrop{border-color:#2F7D92 !important}input.components-input-control__input:focus ~ .components-input-control__backdrop{outline:2px solid #2F7D92 !important}.components-toggle-group-control[role=\"radiogroup\"]:hover{border-color:#2F7D92}.components-toggle-group-control[role=\"radiogroup\"] .components-toggle-group-control-option-base[role=\"radio\"]:hover{color:#2F7D92}.components-toggle-group-control[role=\"radiogroup\"] .components-toggle-group-control-option-base[role=\"radio\"]:focus{color:#2F7D92;outline:2px solid #2F7D92}.ant-slider .ant-slider-handle:not(.ant-tooltip-open){background-color:#2F7D92 !important;border-color:#373737}.ant-slider:hover .ant-slider-handle:not(.ant-tooltip-open),.ant-slider .ant-slider-handle:focus{background-color:#373737 !important;border-color:#2F7D92}.wpml-ls-typography-panel .components-panel__body .ant-col{margin-bottom:12px}.wpml-ls-fontSize-control div[aria-label=\"Font size\"]{margin-bottom:12px}.wpml-ls-fontSize-control .wpml-ls-fontLetterSpacing-control{display:grid;place-items:center;align-self:center}\n\n.wp-block-navigation.is-content-justification-space-between .wp-block-page-list{display:contents}.wp-block-navigation.is-content-justification-space-between .wpml-language-switcher-navigation-block,.wp-block-navigation.is-content-justification-space-between [data-type='wpml\/navigation-language-switcher']{display:contents !important}.wp-block-navigation.is-content-justification-space-between .wpml-language-switcher-navigation-block .wp-block-navigation-item,.wp-block-navigation.is-content-justification-space-between [data-type='wpml\/navigation-language-switcher'] .wp-block-navigation-item{display:contents}.wp-block-navigation.is-content-justification-space-between .wpml-language-switcher-navigation-block .wp-block-navigation-item>div,.wp-block-navigation.is-content-justification-space-between .wpml-language-switcher-navigation-block .wp-block-navigation-item .horizontal-list,.wp-block-navigation.is-content-justification-space-between [data-type='wpml\/navigation-language-switcher'] .wp-block-navigation-item>div,.wp-block-navigation.is-content-justification-space-between [data-type='wpml\/navigation-language-switcher'] .wp-block-navigation-item .horizontal-list{display:contents}.wp-block-navigation.is-content-justification-space-between .wpml-language-switcher-navigation-block .wp-block-navigation-item>div li.wp-block-navigation-item,.wp-block-navigation.is-content-justification-space-between .wpml-language-switcher-navigation-block .wp-block-navigation-item .horizontal-list li.wp-block-navigation-item,.wp-block-navigation.is-content-justification-space-between [data-type='wpml\/navigation-language-switcher'] .wp-block-navigation-item>div li.wp-block-navigation-item,.wp-block-navigation.is-content-justification-space-between [data-type='wpml\/navigation-language-switcher'] .wp-block-navigation-item .horizontal-list li.wp-block-navigation-item{display:flex}.wp-block-navigation .wpml-block-navigation-language-switcher,.wp-block-navigation [data-type='wpml\/navigation-language-switcher']{display:flex !important;flex-direction:var(--navigation-layout-direction, initial);justify-content:var(--navigation-layout-justify, initial);align-items:var(--navigation-layout-align, initial);flex-wrap:var(--navigation-layout-wrap, wrap);background-color:inherit;gap:inherit;margin:0;width:fit-content;max-width:fit-content}.wp-block-navigation.items-justified-space-between .wpml-language-switcher-navigation-block.wpml-ls-dropdown{flex:inherit;display:flex !important}.wp-block-navigation.items-justified-space-between .wpml-language-switcher-navigation-block.wpml-ls-list{flex:inherit;display:contents !important}.wp-block-navigation.items-justified-space-between .wpml-block-navigation-language-switcher.wpml-ls-dropdown,.wp-block-navigation.items-justified-space-between [data-type='wpml\/navigation-language-switcher']{flex:inherit;display:flex !important}.wp-block-navigation.items-justified-space-between .wpml-block-navigation-language-switcher.wpml-ls-list,.wp-block-navigation.items-justified-space-between [data-type='wpml\/navigation-language-switcher']{flex:inherit;display:contents !important}.wp-block-navigation .wpml-block-navigation-item{background-color:inherit}.wp-block-navigation .wpml-block-navigation-item .current-language-item .wp-block-navigation-item__content>div{display:flex;align-items:center}.wp-block-navigation__submenu-container li{margin:0}.wp-block-navigation .wpml-language-switcher-navigation-block{width:unset !important;flex:initial !important}.wp-block-navigation .wpml-language-switcher-navigation-block .hide-arrow .wp-block-navigation__submenu-icon{display:none}.wp-block-navigation .wpml-language-switcher-navigation-block ul li a{display:flex;align-items:center}.wp-block-navigation .wpml-language-switcher-navigation-block ul.horizontal-list{display:flex;flex-direction:row;align-items:center;justify-content:flex-start;margin:0 !important;gap:1.5em !important}.wp-block-navigation .wpml-language-switcher-navigation-block ul.horizontal-list li{display:inline-block;line-height:100%}.wp-block-navigation .wpml-language-switcher-navigation-block ul.horizontal-list li a,.wp-block-navigation .wpml-language-switcher-navigation-block ul.horizontal-list li div{line-height:100%;display:inline-flex;align-items:center}\n\n<\/style><div role=\"navigation\" aria-label=\"Selector de idioma\" id=\"\" class=\"wpml-language-switcher-navigation-block wpml-ls-dropdown\"><div class=\"wp-block wp-block-navigation-item has-link has-child wp-block-navigation-submenu\"><div class=\"wpml-ls-dropdown open-on-hover-click \"><script>\n            (function() {\n              if (typeof window.wpmlLSBlockKeyboard === 'undefined') {\n                window.wpmlLSBlockKeyboard = true;\n                document.addEventListener('DOMContentLoaded', function() {\n                  var toggles = document.querySelectorAll('.wp-block-navigation-submenu__toggle[tabindex=\"0\"]');\n                  toggles.forEach(function(toggle) {\n                    var isClickMode = toggle.closest('.open-on-hover-click');\n                    if (isClickMode) {\n                      toggle.addEventListener('keydown', function(e) {\n                        if (e.key === 'Enter' || e.key === ' ') {\n                          e.preventDefault();\n                          toggle.click();\n                        }\n                      });\n                    } else {\n                      toggle.addEventListener('keydown', function(e) {\n                        if (e.key === 'ArrowDown') {\n                          e.preventDefault();\n                          toggle.classList.add('wpml-ls-keyboard-focus');\n                          var submenu = toggle.nextElementSibling;\n                          if (submenu) {\n                            var firstLink = submenu.querySelector('a');\n                            if (firstLink) firstLink.focus();\n                          }\n                        } else if (e.key === 'Escape') {\n                          e.preventDefault();\n                          toggle.classList.remove('wpml-ls-keyboard-focus');\n                        }\n                      });\n                      toggle.addEventListener('focus', function() {\n                        toggle.classList.add('wpml-ls-keyboard-focus');\n                      });\n                      toggle.addEventListener('blur', function() {\n                        var parent = toggle.closest('li');\n                        setTimeout(function() {\n                          if (parent && !parent.contains(document.activeElement)) {\n                            toggle.classList.remove('wpml-ls-keyboard-focus');\n                          }\n                        }, 100);\n                      });\n                      document.addEventListener('click', function(e) {\n                        var dropdown = toggle.closest('.wpml-ls-dropdown');\n                        if (dropdown && !dropdown.contains(e.target)) {\n                          toggle.classList.remove('wpml-ls-keyboard-focus');\n                        }\n                      });\n                    }\n                  });\n                });\n              }\n            })();\n          <\/script><ul class=\"wp-block-navigation__container\"><li class=\"wp-block-navigation-item has-child wp-block-navigation-submenu open-on-hover-click\" onclick=\"(()=&gt;{const ariaExpanded = this.children[0].getAttribute('aria-expanded');\n\t\t\t\t\tthis.children[0].setAttribute('aria-expanded', ariaExpanded === 'true' ? 'false' : 'true');})(this);\"><div class=\"wp-block-navigation-item__content wp-block-navigation-submenu__toggle\" aria-controls=\"wpml-ls-submenu-default\" aria-haspopup=\"true\" aria-label=\"Selector de idioma, pulse tabulador para navegar a otros idiomas\" tabindex=\"0\"><span class=\"current-language-item\" style=\"display:flex;cursor:pointer\" data-wpml=\"current-language-item\" aria-current=\"page\"><div style=\"display:inline-block\" class=\"wp-block-navigation-item__content\"><div aria-current=\"page\"><img decoding=\"async\" alt=\"wpml-ls-flag\" class=\"wpml-ls-flag\" src=\"https:\/\/www.entreculturas.org\/wp-content\/plugins\/sitepress-multilingual-cms\/res\/flags\/ca.svg\" style=\"margin-right:4px;width:18px;height:12px;border-radius:0%;object-fit:unset\" size=\"24\" width=\"24\" height=\"24\" data-wpml=\"flag-url\"><span data-wpml=\"label\" data-wpml-label-type=\"native\" class=\"wp-block-navigation-item__label \">CAT<\/span><\/div><\/div><span class=\"wp-block-navigation__submenu-icon\"><svg xmlns=\"http:\/\/www.w3.org\/2000\/svg\" width=\"12\" height=\"12\" viewbox=\"0 0 12 12\" fill=\"none\" aria-hidden=\"true\" focusable=\"false\"><path d=\"M1.50002 4L6.00002 8L10.5 4\" stroke-width=\"1.5\"><\/path><\/svg><\/span><\/span><\/div><ul class=\"wp-block-navigation__submenu-container isHorizontal\" style=\"id:wpml-ls-submenu-default;flex-wrap:nowrap\" aria-label=\"Idiomas disponibles\" data-is-drop-zone=\"true\"><li class=\"wp-block-navigation-item \" data-wpml=\"language-item\"><div><a class=\"wp-block-navigation-item__content\" data-wpml=\"link\" href=\"https:\/\/www.entreculturas.org\/en\/\" aria-label=\"Switch to ENG\"><img decoding=\"async\" alt=\"wpml-ls-flag\" class=\"wpml-ls-flag\" src=\"https:\/\/www.entreculturas.org\/wp-content\/plugins\/sitepress-multilingual-cms\/res\/flags\/en.svg\" style=\"margin-right:4px;width:18px;height:12px;border-radius:0%;object-fit:unset\" size=\"24\" width=\"24\" height=\"24\" data-wpml=\"flag-url\"><span data-wpml=\"label\" data-wpml-label-type=\"native\" class=\"wp-block-navigation-item__label \">ENG<\/span><\/a><\/div><\/li><li class=\"wp-block-navigation-item \" data-wpml=\"language-item\"><div><a class=\"wp-block-navigation-item__content\" data-wpml=\"link\" href=\"https:\/\/www.entreculturas.org\/\" aria-label=\"Switch to ESP\"><img decoding=\"async\" alt=\"wpml-ls-flag\" class=\"wpml-ls-flag\" src=\"https:\/\/www.entreculturas.org\/wp-content\/plugins\/sitepress-multilingual-cms\/res\/flags\/es.svg\" style=\"margin-right:4px;width:18px;height:12px;border-radius:0%;object-fit:unset\" size=\"24\" width=\"24\" height=\"24\" data-wpml=\"flag-url\"><span data-wpml=\"label\" data-wpml-label-type=\"native\" class=\"wp-block-navigation-item__label \">ESP<\/span><\/a><\/div><\/li><li class=\"wp-block-navigation-item \" data-wpml=\"language-item\"><div><a class=\"wp-block-navigation-item__content\" data-wpml=\"link\" href=\"https:\/\/www.entreculturas.org\/gl\/\" aria-label=\"Switch to GAL\"><img decoding=\"async\" alt=\"wpml-ls-flag\" class=\"wpml-ls-flag\" src=\"https:\/\/www.entreculturas.org\/wp-content\/plugins\/sitepress-multilingual-cms\/res\/flags\/gl.svg\" style=\"margin-right:4px;width:18px;height:12px;border-radius:0%;object-fit:unset\" size=\"24\" width=\"24\" height=\"24\" data-wpml=\"flag-url\"><span data-wpml=\"label\" data-wpml-label-type=\"native\" class=\"wp-block-navigation-item__label \">GAL<\/span><\/a><\/div><\/li><li class=\"wp-block-navigation-item \" data-wpml=\"language-item\"><div><a class=\"wp-block-navigation-item__content\" data-wpml=\"link\" href=\"https:\/\/www.entreculturas.org\/fr\/\" aria-label=\"Switch to FRA\"><img decoding=\"async\" alt=\"wpml-ls-flag\" class=\"wpml-ls-flag\" src=\"https:\/\/www.entreculturas.org\/wp-content\/plugins\/sitepress-multilingual-cms\/res\/flags\/fr.svg\" style=\"margin-right:4px;width:18px;height:12px;border-radius:0%;object-fit:unset\" size=\"24\" width=\"24\" height=\"24\" data-wpml=\"flag-url\"><span data-wpml=\"label\" data-wpml-label-type=\"native\" class=\"wp-block-navigation-item__label \">FRA<\/span><\/a><\/div><\/li><\/ul><\/li><\/ul><\/div><\/div><\/div>\n<\/ul>\n\t\t\t\t\t\t\t<\/div>\n\t\t\t\t\t\t<\/div>\n\t\t\t\t\t<\/div>\n\t\t\t\t<\/div><\/nav>\n\n\n<div class=\"wp-block-buttons header-socio is-content-justification-left is-nowrap is-layout-flex wp-container-core-buttons-is-layout-fc9f69e7 wp-block-buttons-is-layout-flex block-visibility-hide-medium-screen block-visibility-hide-small-screen\">\n<div class=\"wp-block-button is-style-fill\"><a class=\"wp-block-button__link has-red-logo-background-color has-background wp-element-button\" href=\"https:\/\/www.entreculturas.org\/ca\/fes-te-soci-la-cadira-roja\/\" style=\"border-radius:5px\" target=\"_blank\" rel=\"noreferrer noopener\">Fes-te soci<\/a><\/div>\n<\/div>\n<\/div>\n<\/div>\n<\/div>\n<\/div>\n\n\n\n<style>.header_fijo {\n    position:sticky;\ntop: 0 !important;\nleft:0 !important;\nright: 0 !important;\nwidth: 100% !important;\nbackground: #ffffff;\nmargin-left: 0px !important;\nmargin-right: 0px !important;\nz-index: 10;\n}\n\n.wp-block-post-title{\ndisplay:none\n}\n\n.wp-block-post-title{\ndisplay:none\n}\n\n.header-contenido{\nmargin: 0 auto !important;\ntext-align:center !important;\n}\n \n.site-header {\n   display: none;\n}\n \n.altura-hero-portada {\nwidth:100% !important;\n}\n\n.menu-enlaces li:nth-child(1) {\nborder-bottom: 2px solid var(--wp--preset--color--red) !important;\n}\n \n.wp-block-navigation__submenu-container {\nmargin-top: -10px !important;\n}\n \nheader .wp-block-navigation .wp-block-navigation-item__content.wp-block-navigation-item__content span:hover,\nheader .wp-block-navigation .has-child .wp-block-navigation__submenu-container .wp-block-navigation-item__label:hover, .wp-block-navigation__container .wp-block-navigation-item__label:hover {\n   border-bottom: 2px solid var(--wp--preset--color--red) !important;\n}\n\n\n \n.header-socio .wp-block-button__link:hover {\n   background: #000000 !important;\n}\n \n.wp-block-group.is-content-justification-space-between.is-nowrap.is-layout-flex.wp-container-core-group-is-layout-9.wp-block-group-is-layout-flex {\n    width: 100%;\n    position: -webkit-sticky; \/* Para Safari *\/\n    position: sticky;\n    top: 0;\n    left: 0;\n    z-index: 9999; \/* Asegura que la capa se mantenga sobre otros elementos *\/\n}\n<\/style>\n\n\n\n<script>document.addEventListener('DOMContentLoaded', function () {\n            \/\/ Lista de clases en el orden especificado\n            const clasesObjetivo = [\n                'entry-content',\n                'wp-block-post-content',\n                'has-global-padding',\n                'is-layout-constrained',\n                'wp-container-core-post-content-is-layout-1',\n                'wp-block-post-content-is-layout-constrained'\n            ];\n \n            \/\/ Selecciona todos los divs en el documento\n            const divs = document.querySelectorAll('div');\n \n            divs.forEach(div => {\n                \/\/ Obt\u00e9n las clases del div\n                const clasesDiv = Array.from(div.classList);\n \n                \/\/ Comprueba si las clases del div coinciden con las clases objetivo en el orden especificado\n                if (clasesDiv.length === clasesObjetivo.length && clasesDiv.every((clase, index) => clase === clasesObjetivo[index])) {\n                    \/\/ Si coinciden, elimina todas las clases\n                    div.className = '';\n                }\n            });\n        });\n<\/script>\n\n\n\n<div class=\"wp-block-cover is-light wp-block-hero inherit altura-hero-portada\" style=\"padding-top:100px;padding-right:100px;padding-bottom:100px;padding-left:100px\"><video class=\"wp-block-cover__video-background intrinsic-ignore\" autoplay muted loop playsinline src=\"https:\/\/www.entreculturas.org\/wp-content\/uploads\/2025\/09\/loop-final.mp4\" style=\"object-position:51% 2%\" data-object-fit=\"cover\" data-object-position=\"51% 2%\"><\/video><span aria-hidden=\"true\" class=\"wp-block-cover__background has-black-background-color has-background-dim-30 has-background-dim\"><\/span><div class=\"wp-block-cover__inner-container is-layout-flow wp-block-cover-is-layout-flow\">\n<div class=\"wp-block-group has-global-padding is-layout-constrained wp-container-core-group-is-layout-4dcaaabf wp-block-group-is-layout-constrained\">\n<div class=\"wp-block-group transicion-carga animacion-header has-global-padding is-content-justification-left is-layout-constrained wp-container-core-group-is-layout-ba129773 wp-block-group-is-layout-constrained\" style=\"margin-top:0px;padding-right:0;padding-left:0\">\n<h1 class=\"wp-block-heading has-white-color has-text-color has-link-color wp-elements-99f6fc8632d8b80eeebdf924945fc9e6\" id=\"h-la-cadira-vermella\">La Cadira Vermella<\/h1>\n\n\n\n<figure class=\"wp-block-image size-full is-resized\"><a href=\"https:\/\/www.youtube.com\/watch?v=hQ3amd58QS4\"><img decoding=\"async\" width=\"171\" height=\"32\" src=\"https:\/\/www.entreculturas.org\/wp-content\/uploads\/2025\/09\/play_catalan.png\" alt=\"\" class=\"wp-image-42435\" style=\"width:163px;height:auto\"\/><\/a><\/figure>\n<\/div>\n<\/div>\n<\/div><\/div>\n\n\n\n<div class=\"wp-block-group rounded-shadow has-white-background-color has-background has-global-padding is-layout-constrained wp-container-core-group-is-layout-06355609 wp-block-group-is-layout-constrained\" style=\"margin-top:0;margin-bottom:0;padding-top:var(--wp--preset--spacing--40);padding-right:var(--wp--preset--spacing--40);padding-bottom:var(--wp--preset--spacing--70);padding-left:var(--wp--preset--spacing--40)\">\n<div class=\"wp-block-group has-global-padding is-layout-constrained wp-container-core-group-is-layout-69ca767f wp-block-group-is-layout-constrained\">\n<h3 class=\"wp-block-heading has-text-align-center\" id=\"h-l-educacio-es-futur\" style=\"margin-bottom:var(--wp--preset--spacing--30)\">L\u2019EDUCACI\u00d3 \u00c9S FUTUR<\/h3>\n\n\n\n<p class=\"has-text-align-left font-size-14\" style=\"font-size:22px\">A nom\u00e9s 5 anys per complir els Objectius de Desenvolupament Sostenible, el dret a l\u2019educaci\u00f3 est\u00e0 retrocedint. Sense educaci\u00f3, tots els drets retrocedeixen: el dret a una alimentaci\u00f3 di\u00e0ria, el dret a aprendre en igualtat, el dret a tenir una inf\u00e0ncia segura.<\/p>\n<\/div>\n<\/div>\n\n\n\n<div class=\"wp-block-group has-global-padding is-layout-constrained wp-container-core-group-is-layout-e9db99a7 wp-block-group-is-layout-constrained\" style=\"margin-top:var(--wp--preset--spacing--60);margin-bottom:var(--wp--preset--spacing--60)\">\n<h2 class=\"wp-block-heading has-text-align-center has-x-large-font-size\" id=\"h-no-podem-retrocedir\" style=\"padding-right:20px;padding-left:20px\">No podem retrocedir<\/h2>\n\n\n\n<div class=\"wp-block-group has-global-padding is-layout-constrained wp-container-core-group-is-layout-eee0ce2b wp-block-group-is-layout-constrained\" style=\"margin-top:0;margin-bottom:var(--wp--preset--spacing--80);padding-right:20px;padding-left:20px\">\n<div class=\"wp-block-group has-global-padding is-layout-constrained wp-container-core-group-is-layout-eee0ce2b wp-block-group-is-layout-constrained\" style=\"margin-top:0;margin-bottom:var(--wp--preset--spacing--80);padding-right:20px;padding-left:20px\">\n<div class=\"wp-block-group padding-cifras-numero-bloque has-red-background-color has-background has-global-padding is-layout-constrained wp-container-core-group-is-layout-b4f26eae wp-block-group-is-layout-constrained\" style=\"border-radius:15px;margin-top:var(--wp--preset--spacing--30);padding-top:var(--wp--preset--spacing--30);padding-right:var(--wp--preset--spacing--60);padding-bottom:var(--wp--preset--spacing--30);padding-left:var(--wp--preset--spacing--60)\">\n<div class=\"wp-block-columns is-layout-flex wp-container-core-columns-is-layout-28f84493 wp-block-columns-is-layout-flex\">\n<div class=\"wp-block-column margen-cifras-numeros is-layout-flow wp-block-column-is-layout-flow\">\n<div class=\"wp-block-group is-vertical is-content-justification-center is-layout-flex wp-container-core-group-is-layout-ce155fab wp-block-group-is-layout-flex\">\n<p class=\"has-white-color has-text-color\" style=\"font-size:53px;font-style:normal;font-weight:900\"><p data-count=\"272\" class=\"bloque-cifras-numeros counter has-white-color has-text-color\" style=\"font-size:53px;font-style:normal;font-weight:900\">0<\/p>\n<\/p>\n\n\n\n<p class=\"has-text-align-center has-white-color has-text-color has-medium-font-size\" style=\"font-style:normal;font-weight:700\">milions de nens, nenes i joves estan fora de l\u2019escola.<\/p>\n<\/div>\n<\/div>\n\n\n\n<div class=\"wp-block-column margen-cifras-numeros is-layout-flow wp-block-column-is-layout-flow\">\n<div class=\"wp-block-group is-content-justification-center is-nowrap is-layout-flex wp-container-core-group-is-layout-23441af8 wp-block-group-is-layout-flex\">\n<p class=\"has-white-color has-text-color\" style=\"font-size:53px;font-style:normal;font-weight:900\"><p data-count=\"63\" class=\"bloque-cifras-numeros counter has-white-color has-text-color\" style=\"font-size:53px;font-style:normal;font-weight:900\">0<\/p>\n<\/p>\n\n\n\n<p class=\"has-white-color has-text-color\" style=\"font-size:53px;font-style:normal;font-weight:900\">%<\/p>\n<\/div>\n\n\n\n<p class=\"has-text-align-center has-white-color has-text-color has-medium-font-size\" style=\"font-style:normal;font-weight:700\">de les persones que no saben llegir ni escriure al m\u00f3n s\u00f3n dones.<\/p>\n<\/div>\n\n\n\n<div class=\"wp-block-column margen-cifras-numeros is-layout-flow wp-block-column-is-layout-flow\">\n<div class=\"wp-block-group is-vertical is-content-justification-center is-layout-flex wp-container-core-group-is-layout-ce155fab wp-block-group-is-layout-flex\">\n<p class=\"has-white-color has-text-color\" style=\"font-size:53px;font-style:normal;font-weight:900\">\n    <p data-count=\"473\" class=\"bloque-cifras-numeros counter has-white-color has-text-color\" style=\"font-size:53px;font-style:normal;font-weight:900\">0<\/p>\n<\/p>\n\n\n\n<p class=\"has-text-align-center has-white-color has-text-color has-medium-font-size\" style=\"font-style:normal;font-weight:700\">milions de nens i nenes viuen en zones de conflicte.<\/p>\n<\/div>\n<\/div>\n<\/div>\n\n\n\n<script>\ndocument.addEventListener('DOMContentLoaded', function() {\n    const counters = document.querySelectorAll('.counter');\n    const duration = 1500; \/\/ Duraci\u00f3n total de la animaci\u00f3n en milisegundos\n    const frameRate = 60; \/\/ FPS\n\n    const easeOutCubic = t => 1 - Math.pow(1 - t, 3);\n\n    const updateCount = (counter, startTime, initialCount) => {\n        const target = +counter.getAttribute('data-count');\n        const count = +counter.innerText.replace('.', '');\n        const elapsed = Date.now() - startTime;\n        const progress = Math.min(elapsed \/ duration, 1);\n        const easedProgress = easeOutCubic(progress);\n\n        \/\/ Ajustar el valor inicial de la cuenta\n        const nextCount = Math.floor(easedProgress * (target - initialCount)) + initialCount;\n\n        if (count < target) {\n            counter.innerText = nextCount.toLocaleString('es-ES').split(',').join('.');\n            requestAnimationFrame(() => updateCount(counter, startTime, initialCount));\n        } else {\n            counter.innerText = target.toLocaleString('es-ES').split(',').join('.');\n        }\n    };\n    \n    const observer = new IntersectionObserver((entries) => {\n        entries.forEach(entry => {\n            if (entry.isIntersecting) {\n                const initialCount = +entry.target.innerText.replace('.', '');\n                updateCount(entry.target, Date.now(), initialCount);\n                observer.unobserve(entry.target);  \n            }\n        });\n    });\n\n    counters.forEach(counter => {\n        observer.observe(counter);\n    });\n});\n<\/script>\n<\/div>\n<\/div>\n\n\n\n<div class=\"wp-block-buttons is-content-justification-center is-layout-flex wp-container-core-buttons-is-layout-d8c0be80 wp-block-buttons-is-layout-flex\" style=\"margin-top:var(--wp--preset--spacing--40)\">\n<div class=\"wp-block-button button-hover-gris\"><a class=\"wp-block-button__link has-redbright-color has-white-background-color has-text-color has-background wp-element-button\" href=\"https:\/\/www.entreculturas.org\/wp-content\/uploads\/2025\/09\/El-promes-es-deute-web-1.pdf\" style=\"border-width:2px\" target=\"_blank\" rel=\"noreferrer noopener\">Descarrega l&#8217;informe<\/a><\/div>\n<\/div>\n\n\n\n<div class=\"wp-block-buttons is-content-justification-center is-layout-flex wp-container-core-buttons-is-layout-d8c0be80 wp-block-buttons-is-layout-flex\" style=\"margin-top:var(--wp--preset--spacing--40)\">\n<div class=\"wp-block-button button-hover-gris\"><a class=\"wp-block-button__link has-redbright-color has-white-background-color has-text-color has-background wp-element-button\" href=\"https:\/\/www.entreculturas.org\/wp-content\/uploads\/2025\/09\/RESUMEN-LO-PROMETIDO-ES-DEUDA-VALENCIANO-PALAS.pdf\" style=\"border-width:2px\" target=\"_blank\" rel=\"noreferrer noopener\">resum executiu<\/a><\/div>\n<\/div>\n<\/div>\n<\/div>\n\n\n\n<div class=\"wp-block-group has-global-padding is-layout-constrained wp-container-core-group-is-layout-86873e46 wp-block-group-is-layout-constrained\" style=\"margin-bottom:var(--wp--preset--spacing--60);padding-right:20px;padding-left:20px\">\n<div class=\"wp-block-group has-white-background-color has-background has-global-padding is-layout-constrained wp-container-core-group-is-layout-0dfee87b wp-block-group-is-layout-constrained\" style=\"border-radius:15px;margin-top:var(--wp--preset--spacing--70);margin-bottom:var(--wp--preset--spacing--70);padding-top:var(--wp--preset--spacing--70);padding-right:var(--wp--preset--spacing--30);padding-bottom:var(--wp--preset--spacing--70);padding-left:var(--wp--preset--spacing--30)\">\n<p class=\"has-text-align-center has-open-sans-font-family\" style=\"font-size:40px;font-style:normal;font-weight:700\">EL DRET A L\u2019EDUCACI\u00d3 HA DE SEGUIR AVAN\u00c7ANT<\/p>\n\n\n\n<ul class=\"wp-block-list\">\n<li>L\u2019educaci\u00f3 \u00e9s un dret hum\u00e0 fonamental i fa possible altres drets.<\/li>\n\n\n\n<li>L\u2019educaci\u00f3 \u00e9s un b\u00e9 p\u00fablic global.<\/li>\n\n\n\n<li>L\u2019educaci\u00f3 ha de ser inclusiva, equitativa i de qualitat i ha de promoure l\u2019aprenentatge al llarg de tota la vida.<\/li>\n<\/ul>\n<\/div>\n<\/div>\n\n\n\n<div class=\"wp-block-group has-global-padding is-layout-constrained wp-container-core-group-is-layout-6b35e12c wp-block-group-is-layout-constrained\" style=\"margin-top:var(--wp--preset--spacing--60);margin-bottom:var(--wp--preset--spacing--60);padding-right:var(--wp--preset--spacing--40);padding-left:var(--wp--preset--spacing--40)\">\n<h3 class=\"wp-block-heading has-text-align-center has-redbright-color has-text-color has-link-color wp-elements-ae5d6901b4c95a90599efe512aae247e\" id=\"h-continuem-treballant-per-defensar-el-dret-a-una-educacio-de-qualitat-en-qualsevol-circumstancia\">Continuem treballant per defensar el dret a una educaci\u00f3 de qualitat en qualsevol circumst\u00e0ncia.<\/h3>\n\n\n\n<div style=\"height:25px\" aria-hidden=\"true\" class=\"wp-block-spacer\"><\/div>\n\n\n\n<p class=\"has-text-align-center has-open-sans-font-family\" style=\"font-style:normal;font-weight:500\">Una educaci\u00f3 en igualtat d\u2019oportunitats que construeixi un futur de dignitat i just\u00edcia.<\/p>\n<\/div>\n\n\n\n<div class=\"wp-block-group has-global-padding is-layout-constrained wp-block-group-is-layout-constrained\" style=\"border-radius:15px;margin-top:var(--wp--preset--spacing--60);margin-bottom:var(--wp--preset--spacing--60)\">\n<div class=\"wp-block-group has-global-padding is-layout-constrained wp-container-core-group-is-layout-bea02a06 wp-block-group-is-layout-constrained\">\n<div class=\"wp-block-group has-white-background-color has-background is-vertical is-content-justification-center is-layout-flex wp-container-core-group-is-layout-b29e049f wp-block-group-is-layout-flex\" style=\"border-radius:15px;padding-top:var(--wp--preset--spacing--30);padding-right:var(--wp--preset--spacing--80);padding-bottom:var(--wp--preset--spacing--30);padding-left:var(--wp--preset--spacing--80)\">\n<figure class=\"wp-block-image size-full\"><img decoding=\"async\" src=\"https:\/\/www.entreculturas.org\/wp-content\/uploads\/2023\/09\/heart.svg\" alt=\"\" class=\"wp-image-220\"\/><\/figure>\n\n\n\n<p class=\"has-text-align-center text-wrap-balance has-gray-entreculturas-color has-text-color\" style=\"font-size:2.5rem;font-style:normal;font-weight:700;line-height:1.1\">El teu suport \u00e9s clau<\/p>\n\n\n\n<p class=\"has-text-align-center has-open-sans-font-family\" style=\"font-style:normal;font-weight:400\">Ajuda&#8217;ns a aconseguir-ho.<\/p>\n\n\n\n<div class=\"wp-block-buttons is-layout-flex wp-block-buttons-is-layout-flex\">\n<div class=\"wp-block-button is-style-fill\"><a class=\"wp-block-button__link has-white-color has-red-logo-background-color has-text-color has-background wp-element-button\" href=\"https:\/\/www.entreculturas.org\/ca\/dona-la-silla-roja\/\" target=\"_blank\" rel=\"noreferrer noopener\">dona<\/a><\/div>\n<\/div>\n<\/div>\n<\/div>\n<\/div>\n\n\n\n<div class=\"wp-block-group is-content-justification-center is-nowrap is-layout-flex wp-container-core-group-is-layout-7a2cd8f2 wp-block-group-is-layout-flex\" style=\"margin-top:var(--wp--preset--spacing--80);margin-bottom:var(--wp--preset--spacing--80);padding-right:var(--wp--preset--spacing--50);padding-left:var(--wp--preset--spacing--50)\">\n<figure class=\"wp-block-image size-full\"><img decoding=\"async\" src=\"https:\/\/www.entreculturas.org\/wp-content\/uploads\/2023\/11\/logo-entreculturas-nuevo-1.svg\" alt=\"\" class=\"wp-image-1834\"\/><\/figure>\n\n\n\n<figure class=\"wp-block-image size-full\"><img decoding=\"async\" width=\"227\" height=\"84\" src=\"https:\/\/www.entreculturas.org\/wp-content\/uploads\/2024\/05\/logo-fe-alegria-rojo-1.png\" alt=\"\" class=\"wp-image-24915\"\/><\/figure>\n<\/div>\n\n\n\n<div class=\"wp-block-buttons mobile-fixed-button is-layout-flex wp-block-buttons-is-layout-flex\">\n<div class=\"wp-block-button\"><a class=\"wp-block-button__link wp-element-button\" href=\"https:\/\/www.entreculturas.org\/ca\/fes-te-soci-la-cadira-roja\/?utm_medium=web&#038;utm_source=responsive&#038;utm_campaign=cta_responsive\">fes-te soci\/a<\/a><\/div>\n<\/div>\n\n\n\n<style>\n@media (max-width: 768px) {\n  .mobile-fixed-button a {\n    max-height: 50px;\n  }\n}\n<\/style>\n","protected":false},"excerpt":{"rendered":"<p>L\u2019EDUCACI\u00d3 \u00c9S FUTUR A nom\u00e9s 5 anys per complir els Objectius de Desenvolupament Sostenible, el dret a l\u2019educaci\u00f3 est\u00e0 retrocedint. Sense educaci\u00f3, tots els drets retrocedeixen: el dret a una alimentaci\u00f3 di\u00e0ria, el dret a aprendre en igualtat, el dret a tenir una inf\u00e0ncia segura. No podem retrocedir 0 milions de nens, nenes i joves estan fora de l\u2019escola. 0 % de les persones que no saben llegir ni escriure al m\u00f3n s\u00f3n dones. 0 milions de nens i nenes viuen en zones de conflicte. EL DRET A L\u2019EDUCACI\u00d3 HA DE SEGUIR AVAN\u00c7ANT Continuem treballant per defensar el dret a una educaci\u00f3 de qualitat en qualsevol circumst\u00e0ncia. Una educaci\u00f3 en igualtat d\u2019oportunitats que construeixi un futur de dignitat i just\u00edcia. El teu suport \u00e9s clau Ajuda&#8217;ns a aconseguir-ho.<\/p>\n","protected":false},"author":1,"featured_media":46936,"parent":0,"menu_order":0,"comment_status":"closed","ping_status":"closed","template":"wp-custom-template-plantilla-la-silla-roja","meta":{"_acf_changed":false,"footnotes":""},"class_list":["post-25379","page","type-page","status-publish","has-post-thumbnail","hentry"],"acf":[],"yoast_head":"<!-- This site is optimized with the Yoast SEO Premium plugin v21.6 (Yoast SEO v27.5) - https:\/\/yoast.com\/product\/yoast-seo-premium-wordpress\/ -->\n<title>La Cadira Roja - Entreculturas<\/title>\n<meta name=\"robots\" content=\"index, nofollow, max-snippet:-1, max-image-preview:large, max-video-preview:-1\" \/>\n<link rel=\"canonical\" href=\"https:\/\/www.entreculturas.org\/ca\/la-cadira-vermella\/\" \/>\n<meta property=\"og:locale\" content=\"ca_ES\" \/>\n<meta property=\"og:type\" content=\"article\" \/>\n<meta property=\"og:title\" content=\"La Cadira Roja\" \/>\n<meta property=\"og:description\" content=\"L\u2019EDUCACI\u00d3 \u00c9S FUTUR A nom\u00e9s 5 anys per complir els Objectius de Desenvolupament Sostenible, el dret a l\u2019educaci\u00f3 est\u00e0 retrocedint. Sense educaci\u00f3, tots els drets retrocedeixen: el dret a una alimentaci\u00f3 di\u00e0ria, el dret a aprendre en igualtat, el dret a tenir una inf\u00e0ncia segura. No podem retrocedir 0 milions de nens, nenes i joves estan fora de l\u2019escola. 0 % de les persones que no saben llegir ni escriure al m\u00f3n s\u00f3n dones. 0 milions de nens i nenes viuen en zones de conflicte. EL DRET A L\u2019EDUCACI\u00d3 HA DE SEGUIR AVAN\u00c7ANT Continuem treballant per defensar el dret a una educaci\u00f3 de qualitat en qualsevol circumst\u00e0ncia. Una educaci\u00f3 en igualtat d\u2019oportunitats que construeixi un futur de dignitat i just\u00edcia. El teu suport \u00e9s clau Ajuda&#8217;ns a aconseguir-ho.\" \/>\n<meta property=\"og:url\" content=\"https:\/\/www.entreculturas.org\/ca\/la-cadira-vermella\/\" \/>\n<meta property=\"og:site_name\" content=\"Entreculturas\" \/>\n<meta property=\"article:publisher\" content=\"https:\/\/www.facebook.com\/entreculturas\" \/>\n<meta property=\"article:modified_time\" content=\"2026-03-23T16:40:22+00:00\" \/>\n<meta name=\"twitter:card\" content=\"summary_large_image\" \/>\n<meta name=\"twitter:image\" content=\"https:\/\/www.entreculturas.org\/wp-content\/uploads\/2025\/08\/bannerweb-1.jpg\" \/>\n<meta name=\"twitter:site\" content=\"@Entreculturas\" \/>\n<script type=\"application\/ld+json\" class=\"yoast-schema-graph\">{\"@context\":\"https:\\\/\\\/schema.org\",\"@graph\":[{\"@type\":\"WebPage\",\"@id\":\"https:\\\/\\\/www.entreculturas.org\\\/ca\\\/la-cadira-vermella\\\/\",\"url\":\"https:\\\/\\\/www.entreculturas.org\\\/ca\\\/la-cadira-vermella\\\/\",\"name\":\"La Cadira Roja - Entreculturas\",\"isPartOf\":{\"@id\":\"https:\\\/\\\/www.entreculturas.org\\\/ca\\\/#website\"},\"primaryImageOfPage\":{\"@id\":\"https:\\\/\\\/www.entreculturas.org\\\/ca\\\/la-cadira-vermella\\\/#primaryimage\"},\"image\":{\"@id\":\"https:\\\/\\\/www.entreculturas.org\\\/ca\\\/la-cadira-vermella\\\/#primaryimage\"},\"thumbnailUrl\":\"https:\\\/\\\/www.entreculturas.org\\\/wp-content\\\/uploads\\\/2025\\\/08\\\/bannerweb-1.jpg\",\"datePublished\":\"2024-05-29T12:29:44+00:00\",\"dateModified\":\"2026-03-23T16:40:22+00:00\",\"breadcrumb\":{\"@id\":\"https:\\\/\\\/www.entreculturas.org\\\/ca\\\/la-cadira-vermella\\\/#breadcrumb\"},\"inLanguage\":\"ca\",\"potentialAction\":[{\"@type\":\"ReadAction\",\"target\":[\"https:\\\/\\\/www.entreculturas.org\\\/ca\\\/la-cadira-vermella\\\/\"]}]},{\"@type\":\"ImageObject\",\"inLanguage\":\"ca\",\"@id\":\"https:\\\/\\\/www.entreculturas.org\\\/ca\\\/la-cadira-vermella\\\/#primaryimage\",\"url\":\"https:\\\/\\\/www.entreculturas.org\\\/wp-content\\\/uploads\\\/2025\\\/08\\\/bannerweb-1.jpg\",\"contentUrl\":\"https:\\\/\\\/www.entreculturas.org\\\/wp-content\\\/uploads\\\/2025\\\/08\\\/bannerweb-1.jpg\",\"width\":773,\"height\":490},{\"@type\":\"BreadcrumbList\",\"@id\":\"https:\\\/\\\/www.entreculturas.org\\\/ca\\\/la-cadira-vermella\\\/#breadcrumb\",\"itemListElement\":[{\"@type\":\"ListItem\",\"position\":1,\"name\":\"Home\",\"item\":\"https:\\\/\\\/www.entreculturas.org\\\/ca\\\/\"},{\"@type\":\"ListItem\",\"position\":2,\"name\":\"La Cadira Roja\"}]},{\"@type\":\"WebSite\",\"@id\":\"https:\\\/\\\/www.entreculturas.org\\\/ca\\\/#website\",\"url\":\"https:\\\/\\\/www.entreculturas.org\\\/ca\\\/\",\"name\":\"Entreculturas\",\"description\":\"\",\"publisher\":{\"@id\":\"https:\\\/\\\/www.entreculturas.org\\\/ca\\\/#organization\"},\"alternateName\":\"Entreculturas\",\"potentialAction\":[{\"@type\":\"SearchAction\",\"target\":{\"@type\":\"EntryPoint\",\"urlTemplate\":\"https:\\\/\\\/www.entreculturas.org\\\/ca\\\/?s={search_term_string}\"},\"query-input\":{\"@type\":\"PropertyValueSpecification\",\"valueRequired\":true,\"valueName\":\"search_term_string\"}}],\"inLanguage\":\"ca\"},{\"@type\":\"Organization\",\"@id\":\"https:\\\/\\\/www.entreculturas.org\\\/ca\\\/#organization\",\"name\":\"Entreculturas\",\"url\":\"https:\\\/\\\/www.entreculturas.org\\\/ca\\\/\",\"logo\":{\"@type\":\"ImageObject\",\"inLanguage\":\"ca\",\"@id\":\"https:\\\/\\\/www.entreculturas.org\\\/ca\\\/#\\\/schema\\\/logo\\\/image\\\/\",\"url\":\"https:\\\/\\\/www.entreculturas.org\\\/wp-content\\\/uploads\\\/2025\\\/10\\\/ESP.svg\",\"contentUrl\":\"https:\\\/\\\/www.entreculturas.org\\\/wp-content\\\/uploads\\\/2025\\\/10\\\/ESP.svg\",\"caption\":\"Entreculturas\"},\"image\":{\"@id\":\"https:\\\/\\\/www.entreculturas.org\\\/ca\\\/#\\\/schema\\\/logo\\\/image\\\/\"},\"sameAs\":[\"https:\\\/\\\/www.facebook.com\\\/entreculturas\",\"https:\\\/\\\/x.com\\\/Entreculturas\",\"https:\\\/\\\/www.instagram.com\\\/entreculturas\\\/\",\"https:\\\/\\\/www.youtube.com\\\/user\\\/entreculturasvideo\",\"https:\\\/\\\/www.linkedin.com\\\/company\\\/fundacion-entreculturas-ngdo\\\/\",\"https:\\\/\\\/www.flickr.com\\\/photos\\\/98455522@N04\\\/albums\\\/\"]}]}<\/script>\n<!-- \/ Yoast SEO Premium plugin. -->","yoast_head_json":{"title":"La Cadira Roja - Entreculturas","robots":{"index":"index","follow":"nofollow","max-snippet":"max-snippet:-1","max-image-preview":"max-image-preview:large","max-video-preview":"max-video-preview:-1"},"canonical":"https:\/\/www.entreculturas.org\/ca\/la-cadira-vermella\/","og_locale":"ca_ES","og_type":"article","og_title":"La Cadira Roja","og_description":"L\u2019EDUCACI\u00d3 \u00c9S FUTUR A nom\u00e9s 5 anys per complir els Objectius de Desenvolupament Sostenible, el dret a l\u2019educaci\u00f3 est\u00e0 retrocedint. Sense educaci\u00f3, tots els drets retrocedeixen: el dret a una alimentaci\u00f3 di\u00e0ria, el dret a aprendre en igualtat, el dret a tenir una inf\u00e0ncia segura. No podem retrocedir 0 milions de nens, nenes i joves estan fora de l\u2019escola. 0 % de les persones que no saben llegir ni escriure al m\u00f3n s\u00f3n dones. 0 milions de nens i nenes viuen en zones de conflicte. EL DRET A L\u2019EDUCACI\u00d3 HA DE SEGUIR AVAN\u00c7ANT Continuem treballant per defensar el dret a una educaci\u00f3 de qualitat en qualsevol circumst\u00e0ncia. Una educaci\u00f3 en igualtat d\u2019oportunitats que construeixi un futur de dignitat i just\u00edcia. El teu suport \u00e9s clau Ajuda&#8217;ns a aconseguir-ho.","og_url":"https:\/\/www.entreculturas.org\/ca\/la-cadira-vermella\/","og_site_name":"Entreculturas","article_publisher":"https:\/\/www.facebook.com\/entreculturas","article_modified_time":"2026-03-23T16:40:22+00:00","twitter_card":"summary_large_image","twitter_image":"https:\/\/www.entreculturas.org\/wp-content\/uploads\/2025\/08\/bannerweb-1.jpg","twitter_site":"@Entreculturas","schema":{"@context":"https:\/\/schema.org","@graph":[{"@type":"WebPage","@id":"https:\/\/www.entreculturas.org\/ca\/la-cadira-vermella\/","url":"https:\/\/www.entreculturas.org\/ca\/la-cadira-vermella\/","name":"La Cadira Roja - Entreculturas","isPartOf":{"@id":"https:\/\/www.entreculturas.org\/ca\/#website"},"primaryImageOfPage":{"@id":"https:\/\/www.entreculturas.org\/ca\/la-cadira-vermella\/#primaryimage"},"image":{"@id":"https:\/\/www.entreculturas.org\/ca\/la-cadira-vermella\/#primaryimage"},"thumbnailUrl":"https:\/\/www.entreculturas.org\/wp-content\/uploads\/2025\/08\/bannerweb-1.jpg","datePublished":"2024-05-29T12:29:44+00:00","dateModified":"2026-03-23T16:40:22+00:00","breadcrumb":{"@id":"https:\/\/www.entreculturas.org\/ca\/la-cadira-vermella\/#breadcrumb"},"inLanguage":"ca","potentialAction":[{"@type":"ReadAction","target":["https:\/\/www.entreculturas.org\/ca\/la-cadira-vermella\/"]}]},{"@type":"ImageObject","inLanguage":"ca","@id":"https:\/\/www.entreculturas.org\/ca\/la-cadira-vermella\/#primaryimage","url":"https:\/\/www.entreculturas.org\/wp-content\/uploads\/2025\/08\/bannerweb-1.jpg","contentUrl":"https:\/\/www.entreculturas.org\/wp-content\/uploads\/2025\/08\/bannerweb-1.jpg","width":773,"height":490},{"@type":"BreadcrumbList","@id":"https:\/\/www.entreculturas.org\/ca\/la-cadira-vermella\/#breadcrumb","itemListElement":[{"@type":"ListItem","position":1,"name":"Home","item":"https:\/\/www.entreculturas.org\/ca\/"},{"@type":"ListItem","position":2,"name":"La Cadira Roja"}]},{"@type":"WebSite","@id":"https:\/\/www.entreculturas.org\/ca\/#website","url":"https:\/\/www.entreculturas.org\/ca\/","name":"Entreculturas","description":"","publisher":{"@id":"https:\/\/www.entreculturas.org\/ca\/#organization"},"alternateName":"Entreculturas","potentialAction":[{"@type":"SearchAction","target":{"@type":"EntryPoint","urlTemplate":"https:\/\/www.entreculturas.org\/ca\/?s={search_term_string}"},"query-input":{"@type":"PropertyValueSpecification","valueRequired":true,"valueName":"search_term_string"}}],"inLanguage":"ca"},{"@type":"Organization","@id":"https:\/\/www.entreculturas.org\/ca\/#organization","name":"Entreculturas","url":"https:\/\/www.entreculturas.org\/ca\/","logo":{"@type":"ImageObject","inLanguage":"ca","@id":"https:\/\/www.entreculturas.org\/ca\/#\/schema\/logo\/image\/","url":"https:\/\/www.entreculturas.org\/wp-content\/uploads\/2025\/10\/ESP.svg","contentUrl":"https:\/\/www.entreculturas.org\/wp-content\/uploads\/2025\/10\/ESP.svg","caption":"Entreculturas"},"image":{"@id":"https:\/\/www.entreculturas.org\/ca\/#\/schema\/logo\/image\/"},"sameAs":["https:\/\/www.facebook.com\/entreculturas","https:\/\/x.com\/Entreculturas","https:\/\/www.instagram.com\/entreculturas\/","https:\/\/www.youtube.com\/user\/entreculturasvideo","https:\/\/www.linkedin.com\/company\/fundacion-entreculturas-ngdo\/","https:\/\/www.flickr.com\/photos\/98455522@N04\/albums\/"]}]}},"_links":{"self":[{"href":"https:\/\/www.entreculturas.org\/ca\/wp-json\/wp\/v2\/pages\/25379","targetHints":{"allow":["GET"]}}],"collection":[{"href":"https:\/\/www.entreculturas.org\/ca\/wp-json\/wp\/v2\/pages"}],"about":[{"href":"https:\/\/www.entreculturas.org\/ca\/wp-json\/wp\/v2\/types\/page"}],"author":[{"embeddable":true,"href":"https:\/\/www.entreculturas.org\/ca\/wp-json\/wp\/v2\/users\/1"}],"replies":[{"embeddable":true,"href":"https:\/\/www.entreculturas.org\/ca\/wp-json\/wp\/v2\/comments?post=25379"}],"version-history":[{"count":65,"href":"https:\/\/www.entreculturas.org\/ca\/wp-json\/wp\/v2\/pages\/25379\/revisions"}],"predecessor-version":[{"id":47104,"href":"https:\/\/www.entreculturas.org\/ca\/wp-json\/wp\/v2\/pages\/25379\/revisions\/47104"}],"wp:featuredmedia":[{"embeddable":true,"href":"https:\/\/www.entreculturas.org\/ca\/wp-json\/wp\/v2\/media\/46936"}],"wp:attachment":[{"href":"https:\/\/www.entreculturas.org\/ca\/wp-json\/wp\/v2\/media?parent=25379"}],"curies":[{"name":"wp","href":"https:\/\/api.w.org\/{rel}","templated":true}]}}