{"id":21195,"date":"2023-12-04T15:40:08","date_gmt":"2023-12-04T14:40:08","guid":{"rendered":"https:\/\/www.entreculturas.org\/terratremol-a-equador\/"},"modified":"2024-02-22T11:02:35","modified_gmt":"2024-02-22T10:02:35","slug":"terratremol-a-equador","status":"publish","type":"page","link":"https:\/\/www.entreculturas.org\/ca\/terratremol-a-equador\/","title":{"rendered":"Terratr\u00e8mol a Equador"},"content":{"rendered":"\n<div class=\"wp-block-group has-global-padding is-layout-constrained wp-container-core-group-is-layout-008a2103 wp-block-group-is-layout-constrained\" style=\"margin-top:var(--wp--preset--spacing--70);margin-bottom:var(--wp--preset--spacing--70);padding-right:20px;padding-left:20px\"><h2 style=\"font-size:3rem; padding-bottom:0;\" class=\"wp-block-post-title has-text-color has-purple-color has-din-font-family\">Terratr\u00e8mol a Equador<\/h2><\/div>\n\n<div class=\"wp-block-group has-global-padding is-layout-constrained wp-container-core-group-is-layout-3cc8f9c3 wp-block-group-is-layout-constrained\" style=\"margin-bottom:var(--wp--preset--spacing--60);padding-top:0;padding-right:20px;padding-bottom:0;padding-left:20px\">\n<main class=\"wp-block-group has-white-background-color has-background is-vertical is-content-justification-stretch is-layout-flex wp-container-core-group-is-layout-b662988f wp-block-group-is-layout-flex\" style=\"border-radius:15px;margin-top:0;margin-bottom:0;padding-top:var(--wp--preset--spacing--50);padding-right:var(--wp--preset--spacing--60);padding-bottom:var(--wp--preset--spacing--50);padding-left:var(--wp--preset--spacing--60)\">\n<div class=\"wp-block-cover is-light\" style=\"border-radius:15px;padding-right:0;padding-left:0;min-height:430px;aspect-ratio:unset;\"><span aria-hidden=\"true\" class=\"wp-block-cover__background has-background-dim\"><\/span><img decoding=\"async\" width=\"700\" height=\"434\" class=\"wp-block-cover__image-background wp-image-9054\" alt=\"\" src=\"https:\/\/www.entreculturas.org\/wp-content\/uploads\/2023\/12\/entrevista_informesemanal.jpg\" data-object-fit=\"cover\" srcset=\"https:\/\/www.entreculturas.org\/wp-content\/uploads\/2023\/12\/entrevista_informesemanal.jpg 700w, https:\/\/www.entreculturas.org\/wp-content\/uploads\/2023\/12\/entrevista_informesemanal-300x186.jpg 300w\" sizes=\"(max-width: 700px) 100vw, 700px\" \/><div class=\"wp-block-cover__inner-container has-global-padding is-layout-constrained wp-container-core-cover-is-layout-bb83dbae wp-block-cover-is-layout-constrained\">\n<div class=\"youtube-lightbox-trigger has-svg-background\" data-youtube-url=\"https:\/\/www.rtve.es\/play\/videos\/informe-semanal\/informe-semanal-23-04-16\/3582528\/\"><div class=\"youtube-svg-button has-svg-background\"><svg xmlns=\"https:\/\/www.w3.org\/2000\/svg\" width=\"72\" height=\"72\" viewbox=\"0 0 72 72\" fill=\"none\"><circle cx=\"36\" cy=\"36\" r=\"36\" fill=\"#E30600\"><\/circle><path d=\"M27.873 49.4328C27.5747 49.4328 27.2885 49.3143 27.0776 49.1033C26.8666 48.8923 26.748 48.6062 26.748 48.3078V23.5578C26.7481 23.3623 26.7991 23.1702 26.8959 23.0004C26.9928 22.8306 27.1323 22.689 27.3006 22.5895C27.4689 22.49 27.6602 22.4361 27.8557 22.4331C28.0511 22.4301 28.244 22.4781 28.4153 22.5723L50.9153 34.9473C51.0917 35.0444 51.2388 35.1871 51.3412 35.3604C51.4437 35.5338 51.4977 35.7314 51.4977 35.9328C51.4977 36.1341 51.4437 36.3318 51.3412 36.5052C51.2388 36.6785 51.0917 36.8212 50.9153 36.9183L28.4153 49.2933C28.2492 49.3847 28.0627 49.4327 27.873 49.4328ZM28.998 25.459V46.4065L48.0387 35.9328L28.998 25.459Z\" fill=\"white\"><\/path><\/svg><\/div><\/div>\n<\/div><\/div>\n\n\n\n<p class=\"has-text-align-center has-mediumgray-color has-text-color has-link-color wp-elements-4de739b02bbd5cb761275083b0cc7e80\"><em>Entrevista Gianfranco Dulanto, Director de l&#8217;ODP-Per\u00fa<\/em><\/p>\n<\/main>\n<\/div>\n\n<div class=\"wp-block-group has-global-padding is-layout-constrained wp-container-core-group-is-layout-cb3ec47f wp-block-group-is-layout-constrained\" style=\"padding-right:20px;padding-left:20px\">\n<p>Dissabte, 18.58 hora local, la terra \u00e9s de sobte sacsejada per un terratr\u00e8mol de 7.8 a l&#8217;escala de Ritcher que causa al voltant de 668 morts, m\u00e9s d&#8217;un mili\u00f3 de persones afectades directament i indirectament i la p\u00e8rdua d&#8217;aproximadament 35.000 habitatges i 700. escoles. Aquest 16 d&#8217;abril del 2016, l&#8217;Equador es veu assolat pel <strong>pitjor terratr\u00e8mol de la seva hist\u00f2ria<\/strong> , que encara es deixa notar en murs ara canviats, fam\u00edlies i mem\u00f2ria.<\/p>\n\n\n\n<p>La Companyia de Jes\u00fas, juntament amb la resta d&#8217;institucions jesu\u00eftes (Fe i Alegria Equador (FyA), el Servei Jesu\u00efta a Refugiats Equador (JRS), IRFEYAL, la Fundaci\u00f3 Riu Manta, Habitatges Llar de Crist i el Centre del Noi Treballador, es va bolcar des del minut u en l&#8217;avaluaci\u00f3 de danys i en la recerca de respostes davant de la crisi.  <strong>Dos anys despr\u00e9s del sisme, recordem no nom\u00e9s el desastre i les conseq\u00fc\u00e8ncies, sin\u00f3 tamb\u00e9 la tasca de reconstrucci\u00f3 d&#8217;estructures i vides<\/strong> .<\/p>\n\n\n\n<p><strong>Les ciutats de la zona costanera del nord-oest van patir els majors danys<\/strong> . La localitat de Pedernales, a la prov\u00edncia de Manab\u00ed, va arribar a ser destru\u00efda en un 80%. Alguns dels projectes recolzats per Entreculturas, que recolza des de fa d\u00e8cades la tasca de les obres jesu\u00eftes a l&#8217;Equador, tamb\u00e9 s&#8217;ubicaven a ciutats afectades com Portoviejo, Chone, Manta, Badia de Car\u00e1quez (totes a la prov\u00edncia de Manab\u00ed), Guayaquil (Guayas ), Santo Domingo (a Sant Domigo dels Ts\u00e1tilas) i Esmeraldas (a la frontera nord).<\/p>\n\n\n\n<p>En un primer moment, entaulem converses d\u201furg\u00e8ncia amb els nostres socis locals i l\u201felaboraci\u00f3 d\u201fun pla d\u201femerg\u00e8ncia inicial. Tamb\u00e9 obrim un canal de recaptaci\u00f3 de fons per <strong>donar suport a la poblaci\u00f3 m\u00e9s afectada per la cat\u00e0strofe<\/strong> mitjan\u00e7ant ajuda humanit\u00e0ria de primera necessitat: medicines, queviures, aigua, materials d&#8217;higiene i altres estris.<\/p>\n\n\n\n<figure class=\"wp-block-image aligncenter size-large is-resized\"><img decoding=\"async\" width=\"1024\" height=\"683\" src=\"https:\/\/www.entreculturas.org\/wp-content\/uploads\/2023\/12\/ecuador-terremoto-1-1024x683.jpg\" alt=\"\" class=\"wp-image-9034\" style=\"width:794px\" srcset=\"https:\/\/www.entreculturas.org\/wp-content\/uploads\/2023\/12\/ecuador-terremoto-1-1024x683.jpg 1024w, https:\/\/www.entreculturas.org\/wp-content\/uploads\/2023\/12\/ecuador-terremoto-1-300x200.jpg 300w, https:\/\/www.entreculturas.org\/wp-content\/uploads\/2023\/12\/ecuador-terremoto-1-768x512.jpg 768w, https:\/\/www.entreculturas.org\/wp-content\/uploads\/2023\/12\/ecuador-terremoto-1-1536x1024.jpg 1536w, https:\/\/www.entreculturas.org\/wp-content\/uploads\/2023\/12\/ecuador-terremoto-1-2048x1365.jpg 2048w\" sizes=\"(max-width: 1024px) 100vw, 1024px\" \/><\/figure>\n\n\n\n<p style=\"margin-top:var(--wp--preset--spacing--40)\">Durant aquests dos anys, ens hem centrat en la <strong>rehabilitaci\u00f3 de les infraestructures escolars derru\u00efdes o danyades i la provisi\u00f3 d&#8217;allotjaments<\/strong> d&#8217;emerg\u00e8ncia i posterior reconstrucci\u00f3 d&#8217;habitatges. En total, hem aconseguit recuperar 21 escoles i unitats educatives a les prov\u00edncies de Manab\u00ed, Esmeraldas, Guayas, Pichincha i Los R\u00edos, beneficiant directament m\u00e9s de 11.800 persones, a m\u00e9s de personal educatiu, pares i mares i ampliar les places anteriors. La reparaci\u00f3 tamb\u00e9 ha anat acompanyada d&#8217;un programa de salut psicosocial a cada centre, arribant a m\u00e9s de 24.700 persones. A trav\u00e9s de valoracions i suport emocional, l&#8217;enfortiment de resili\u00e8ncia de la comunitat educativa o l&#8217;acompanyament de familiars, busquem <strong>pal\u00b7liar els danys psicol\u00f2gics i seq\u00fceles<\/strong> ocasionades pel terratr\u00e8mol, alhora que obrir noves i eficaces vies per guarir ferides internes.<\/p>\n\n\n\n<p>D&#8217;altra banda, <strong>la recerca d&#8217;una educaci\u00f3 de qualitat i inclusiva continua<\/strong> . Per aix\u00f2, donem suport a diferents projectes de car\u00e0cter educatiu de Fe i Alegria (FyA), present des del 1964, i del Servei Jesu\u00efta a Refugiats (JRS), que sorgeix l&#8217;any 2000 des d&#8217;abans del sisme.<\/p>\n\n\n\n<p>Amb el primer, atenem nens i nenes amb necessitats educatives especials en centres d&#8217;educaci\u00f3 b\u00e0sica FyA de Quito, Guayaquil i Santo Domingo. A m\u00e9s, a trav\u00e9s dels Centres de Capacitaci\u00f3 Laboral a Guayaquil, Manta i Portoviejo, impulsem la inserci\u00f3 laboral de joves (adolescents entre 15 i 18 anys) que es troben cursant el batxillerat a 19 centres educatius de Fe i Alegria Equador. Donem suport tamb\u00e9 a Fe i Alegria Equador en projectes d&#8217;ampliaci\u00f3 de cobertura i millora de l&#8217;oferta educativa dels seus centres.<\/p>\n\n\n\n<p>D&#8217;altra banda, gr\u00e0cies al treball juntament amb JRS, col\u00b7laborem en la integraci\u00f3 social de refugiats i refugiades a Esmeraldas i Pichincha i l&#8217;acc\u00e9s a una educaci\u00f3 de qualitat de nens, nenes i adolescents en situaci\u00f3 de mobilitat humana a la ciutat d&#8217;Esmeraldas, aix\u00ed com en projectes en qu\u00e8 es treballen les diferents rutes de reivindicaci\u00f3 i acc\u00e9s a drets d&#8217;aquesta poblaci\u00f3 despla\u00e7ada.<\/p>\n<\/div>\n\n<div class=\"wp-block-group has-global-padding is-layout-constrained wp-container-core-group-is-layout-f9c58376 wp-block-group-is-layout-constrained\" style=\"margin-top:var(--wp--preset--spacing--70);margin-bottom:var(--wp--preset--spacing--70);padding-right:20px;padding-left:20px\">\n<div class=\"wp-block-columns is-layout-flex wp-container-core-columns-is-layout-cf05694f wp-block-columns-is-layout-flex\">\n<div class=\"wp-block-column is-vertically-aligned-stretch is-layout-flow wp-block-column-is-layout-flow\" style=\"flex-basis:80%\">\n<div class=\"wp-block-group has-lightgray-background-color has-background has-global-padding is-layout-constrained wp-container-core-group-is-layout-2a570c21 wp-block-group-is-layout-constrained\" style=\"border-radius:5px;min-height:100%;padding-top:0;padding-right:0;padding-bottom:var(--wp--preset--spacing--40);padding-left:0\">\n<figure class=\"wp-block-image size-full\"><img decoding=\"async\" width=\"124\" height=\"103\" src=\"https:\/\/www.entreculturas.org\/wp-content\/uploads\/2023\/12\/bg-cita.png\" alt=\"\" class=\"wp-image-9038\"\/><\/figure>\n\n\n\n<div class=\"wp-block-group has-global-padding is-layout-constrained wp-container-core-group-is-layout-403f3758 wp-block-group-is-layout-constrained\" style=\"padding-right:var(--wp--preset--spacing--80);padding-left:var(--wp--preset--spacing--80)\">\n<p>El terratr\u00e8mol em va agafar a casa, tot va comen\u00e7ar a moure&#8217;s, els vidres i el terra cruixien&#8230; vam sortir corrents al carrer, va ser molt fort. La gent estava al carrer cridant, a m\u00e9s va durar com 2 minuts, que aix\u00f2 \u00e9s molt\u00edssim.<\/p>\n\n\n\n<p class=\"has-small-font-size\"><em>(Andrea Mora, SJR-Equador)<\/em><\/p>\n<\/div>\n<\/div>\n<\/div>\n\n\n\n<div class=\"wp-block-column is-layout-flow wp-block-column-is-layout-flow\" style=\"flex-basis:80%\">\n<div class=\"wp-block-group has-lightgray-background-color has-background has-global-padding is-layout-constrained wp-container-core-group-is-layout-2a570c21 wp-block-group-is-layout-constrained\" style=\"border-radius:5px;min-height:100%;padding-top:0;padding-right:0;padding-bottom:var(--wp--preset--spacing--40);padding-left:0\">\n<figure class=\"wp-block-image size-full\"><img decoding=\"async\" width=\"124\" height=\"103\" src=\"https:\/\/www.entreculturas.org\/wp-content\/uploads\/2023\/12\/bg-cita.png\" alt=\"\" class=\"wp-image-9038\"\/><\/figure>\n\n\n\n<div class=\"wp-block-group has-global-padding is-layout-constrained wp-container-core-group-is-layout-3ed2edf0 wp-block-group-is-layout-constrained\" style=\"padding-right:var(--wp--preset--spacing--70);padding-left:var(--wp--preset--spacing--70)\">\n<p>Fe i Alegria t\u00e9 44 escoles a la zona i 21 estan danyades, fet que suposa que 7.425 alumnes estan afectats sense poder rebre educaci\u00f3.  <\/p>\n\n\n\n<p class=\"has-small-font-size\"><em>(V\u00edctor A. Molina, Fe i Alegria Equador)<\/em><\/p>\n<\/div>\n<\/div>\n<\/div>\n<\/div>\n<\/div>\n\n<div class=\"wp-block-group has-global-padding is-layout-constrained wp-container-core-group-is-layout-70b5dabc wp-block-group-is-layout-constrained\" style=\"padding-right:20px;padding-left:20px\">\n<p style=\"margin-bottom:var(--wp--preset--spacing--40)\"><strong>Desc\u00e0rregues relacionades<\/strong> :<\/p>\n\n\n\n<a href=\"https:\/\/www.entreculturas.org\/wp-content\/uploads\/2023\/12\/El_terremoto_humano.pdf\" target=\"_blank\" style=\"text-decoration:none;color:#2e2d2c\" rel=\"noopener\">\n<\/a>\n\n\n<div class=\"wp-block-columns is-not-stacked-on-mobile has-white-background-color has-background is-layout-flex wp-container-core-columns-is-layout-51bb7143 wp-block-columns-is-layout-flex\" style=\"border-radius:10px;margin-top:0;margin-bottom:var(--wp--preset--spacing--50);padding-top:var(--wp--preset--spacing--40);padding-right:var(--wp--preset--spacing--40);padding-bottom:var(--wp--preset--spacing--40);padding-left:var(--wp--preset--spacing--40)\">\n<div class=\"wp-block-column flex-basis-download-icon-unete-equipo is-layout-flow wp-block-column-is-layout-flow\" style=\"flex-basis:4%\">\n<figure class=\"wp-block-image size-full\"><img decoding=\"async\" src=\"https:\/\/www.entreculturas.org\/wp-content\/uploads\/2023\/09\/download.svg\" alt=\"\" class=\"wp-image-1048\"\/><\/figure>\n<\/div>\n\n\n\n<div class=\"wp-block-column is-layout-flow wp-block-column-is-layout-flow\" style=\"flex-basis:96%\">\n<p class=\"qs-margin-left-corazones\"><strong><em>El terratr\u00e8mol hum\u00e0, el testimoni de dos VOLPAS des de l&#8217;Equador<\/em><\/strong><\/p>\n<\/div>\n<\/div>\n\n\n\n\n<\/div>\n\n<div class=\"wp-block-group has-global-padding is-layout-constrained wp-container-core-group-is-layout-5acd9bea wp-block-group-is-layout-constrained\" style=\"margin-bottom:var(--wp--preset--spacing--70);padding-right:20px;padding-left:20px\">\n<section class=\"accordion__block\"><input type=\"checkbox\" id=\"atbiwejbbubk2yrtjvd9pg\" class=\"accordion__checkbox\"\/><label for=\"atbiwejbbubk2yrtjvd9pg\" class=\"wp-block-theme-blocks-newsletter has-white-color has-red-background-color has-text-color has-background\"><p>Vols rebre informaci\u00f3?<\/p><a class=\"wp-block-button__link has-white-color has-red-background-color has-text-color has-background has-border-color has-white-border-color wp-element-button\" style=\"border-width:2px\">Subscriu-te a la newsletter<\/a><\/label><div class=\"accordion__content\">\n<div class=\"wp-block-group has-global-padding is-layout-constrained wp-container-core-group-is-layout-98a4a1e3 wp-block-group-is-layout-constrained\" style=\"margin-top:0;margin-bottom:var(--wp--preset--spacing--80)\">\n<div class=\"wp-block-group has-white-background-color has-background has-global-padding is-layout-constrained wp-block-group-is-layout-constrained\">\n<h2 class=\"wp-block-heading has-text-align-center font-size-20\" id=\"h-subscriu-te-a-la-newsletter\">Subscriu-te a la newsletter<\/h2>\n\n\n\n<div class=\"wp-block-group block-contacto is-content-justification-left is-nowrap is-layout-flex wp-container-core-group-is-layout-d8ee05ca wp-block-group-is-layout-flex\" style=\"padding-right:var(--wp--preset--spacing--70);padding-left:var(--wp--preset--spacing--70)\">\n<div class=\"wp-block-group has-global-padding is-layout-constrained wp-block-group-is-layout-constrained block-visibility-hide-medium-screen block-visibility-hide-small-screen\" style=\"padding-top:var(--wp--preset--spacing--50);padding-bottom:var(--wp--preset--spacing--50)\">\n<figure class=\"wp-block-image size-large has-custom-border wp-container-content-b99e70a5 block-visibility-hide-medium-screen block-visibility-hide-small-screen\"><img decoding=\"async\" width=\"1024\" height=\"683\" src=\"https:\/\/www.entreculturas.org\/wp-content\/uploads\/2024\/10\/Cuzco-FyA21-41-1024x683.jpg\" alt=\"\" class=\"wp-image-34482\" style=\"border-radius:12px\" srcset=\"https:\/\/www.entreculturas.org\/wp-content\/uploads\/2024\/10\/Cuzco-FyA21-41-1024x683.jpg 1024w, https:\/\/www.entreculturas.org\/wp-content\/uploads\/2024\/10\/Cuzco-FyA21-41-300x200.jpg 300w, https:\/\/www.entreculturas.org\/wp-content\/uploads\/2024\/10\/Cuzco-FyA21-41-768x512.jpg 768w, https:\/\/www.entreculturas.org\/wp-content\/uploads\/2024\/10\/Cuzco-FyA21-41-1536x1024.jpg 1536w, https:\/\/www.entreculturas.org\/wp-content\/uploads\/2024\/10\/Cuzco-FyA21-41-2048x1365.jpg 2048w\" sizes=\"(max-width: 1024px) 100vw, 1024px\" \/><\/figure>\n<\/div>\n\n\n\n<form style=\"padding-top:var(--wp--preset--spacing--60);padding-right:0;padding-bottom:var(--wp--preset--spacing--60);padding-left:0\" class=\"wp-block-theme-blocks-custom-form wp-container-content-a5fc19f1\" id=\"custom_form\" action=\"\/wp-admin\/admin-post.php?action=custom_form\" method=\"post\"><input type=\"hidden\" name=\"g-recaptcha-response\" id=\"g-recaptcha-response\" value=\"\"\/><input type=\"hidden\" name=\"thanks_page\" value=\"\/thank-you-page\"\/><input type=\"hidden\" name=\"groups[]\" value=\"eBoletin y Campa\u00f1as\"\/>\n<p>Si vols rebre la nostra newsletter mensual i els correus puntuals on t&#8217;oferim informaci\u00f3, no deixis de completar aquest formulari. A l&#8217;instant, et donarem d&#8217;alta a la nostra base de dades i podr\u00e0s estar al corrent de totes les novetats.<\/p>\n\n\n\n<input type=\"hidden\" name=\"form_type\" value=\"3\"\/>\n\n\n\n<div class=\"input-container\"><label>Nom *<\/label><input type=\"text\" name=\"first_name\"\/><\/div>\n\n\n\n<div class=\"input-container\"><label>Cognoms<\/label><input type=\"text\" name=\"last_name\"\/><\/div>\n\n\n\n<div class=\"input-container\"><label>Correu electr\u00f2nic *<\/label><input type=\"email\" name=\"email\" required\/><\/div>\n\n\n\n<label class=\"acceptance\"><input type=\"checkbox\" required\/><span>Accepto la <a href=\"https:\/\/www.entreculturas.org\/es\/privacidad-entreculturas\" data-type=\"link\" data-id=\"https:\/\/www.entreculturas.org\/es\/privacidad-entreculturas\" target=\"_blank\" rel=\"noreferrer noopener\">Pol\u00edtica de Privadessa<\/a> *<\/span><\/label>\n\n\n\n<p style=\"font-size:12px !important\">\n    Des d&#8217;ENTRECULTURES FE I ALEGRIA ESPANYA tractarem les dades aportades en qualitat de Responsable del tractament amb la finalitat de..    \n    <a href=\"javascript:void(0);\" id=\"read-more-link\">Seguir leyendo<\/a>.\n<\/p>\n<p class=\"hidden\" id=\"read-more\" style=\"display: none;font-size: 12px;\">\n&#8230;enviar-vos la nostra newsletter mensual i informacions puntuals de les nostres accions i campanyes, en pro dels nostres objectius fundacionals, en base al consentiment oa l&#8217;execuci\u00f3 d&#8217;un acord. Pots exercir els teus drets enviant un correu electr\u00f2nic a datos@entreculturas.org amb l&#8217;assumpte &#8220;Protecci\u00f3 de Dades&#8221;\n<\/p>\n\n\n\n<script>\ndocument.addEventListener('DOMContentLoaded', function() {\n    document.getElementById('read-more-link').addEventListener('click', function() {\n        var readMoreContent = document.getElementById('read-more');\n        readMoreContent.style.display = 'block !important'; \/\/ Intenta sobrescribir con !important\n\n        \/\/ Si el m\u00e9todo anterior no funciona, utiliza setAttribute\n        if (readMoreContent.style.display !== 'block') {\n            readMoreContent.setAttribute('style', 'display: block !important; font-size: 12px;');\n        } else {\n            \/\/ Si ya est\u00e1 en 'block', solo ajusta el tama\u00f1o de fuente\n            readMoreContent.style.fontSize = '12px';\n        }\n\n        this.style.display = 'none'; \/\/ Opcional: oculta el enlace de \"Seguir leyendo\"\n    });\n});\n<\/script>\n\n\n\n<p class=\"hidden\" id=\"read-more\" style=\"font-size:12px\">Desde ENTRECULTURAS FE Y ALEGR\u00cdA ESPA\u00d1A trataremos los datos aportados en calidad de Responsable del tratamiento con la finalidad de gestionar nuestra relaci\u00f3n contigo, en pro de nuestros objetivos fundacionales, en base al consentimiento o a la ejecuci\u00f3n de un acuerdo. Puedes ejercer tus derechos enviando un email a&nbsp;rgpd@entreculturas.org con el asunto \u201cProtecci\u00f3n de Datos\u201d.<\/p>\n\n\n\n<div class=\"wp-block-group width-70-contacto justify-center-768 is-content-justification-right is-nowrap is-layout-flex wp-container-core-group-is-layout-17124a9a wp-block-group-is-layout-flex\">\n<button class=\"wp-block-button__link wp-element-button\">Subscriure&#8217;m<\/button>\n<\/div>\n<\/form>\n<\/div>\n<\/div>\n<\/div>\n<\/div><\/section>\n<\/div>\n","protected":false},"excerpt":{"rendered":"<p>Entrevista Gianfranco Dulanto, Director de l&#8217;ODP-Per\u00fa Dissabte, 18.58 hora local, la terra \u00e9s de sobte sacsejada per un terratr\u00e8mol de 7.8 a l&#8217;escala de Ritcher que causa al voltant de 668 morts, m\u00e9s d&#8217;un mili\u00f3 de persones afectades directament i indirectament i la p\u00e8rdua d&#8217;aproximadament 35.000 habitatges i 700. escoles. Aquest 16 d&#8217;abril del 2016, l&#8217;Equador es veu assolat pel pitjor terratr\u00e8mol de la seva hist\u00f2ria , que encara es deixa notar en murs ara canviats, fam\u00edlies i mem\u00f2ria. La Companyia de Jes\u00fas, juntament amb la resta d&#8217;institucions jesu\u00eftes (Fe i Alegria Equador (FyA), el Servei Jesu\u00efta a Refugiats Equador (JRS), IRFEYAL, la Fundaci\u00f3 Riu Manta, Habitatges Llar de Crist i el Centre del Noi Treballador, es va bolcar des del minut u en l&#8217;avaluaci\u00f3 de danys i en la recerca de respostes davant de la crisi. Dos anys despr\u00e9s del sisme, recordem no nom\u00e9s el desastre i les conseq\u00fc\u00e8ncies, [&hellip;]<\/p>\n","protected":false},"author":1,"featured_media":0,"parent":0,"menu_order":0,"comment_status":"closed","ping_status":"closed","template":"","meta":{"_acf_changed":false,"footnotes":""},"class_list":["post-21195","page","type-page","status-publish","hentry"],"acf":[],"yoast_head":"<!-- This site is optimized with the Yoast SEO Premium plugin v21.6 (Yoast SEO v27.5) - https:\/\/yoast.com\/product\/yoast-seo-premium-wordpress\/ -->\n<title>Terratr\u00e8mol a Equador - Entreculturas<\/title>\n<meta name=\"robots\" content=\"index, follow, max-snippet:-1, max-image-preview:large, max-video-preview:-1\" \/>\n<link rel=\"canonical\" href=\"https:\/\/www.entreculturas.org\/ca\/terratremol-a-equador\/\" \/>\n<meta property=\"og:locale\" content=\"ca_ES\" \/>\n<meta property=\"og:type\" content=\"article\" \/>\n<meta property=\"og:title\" content=\"Terratr\u00e8mol a Equador\" \/>\n<meta property=\"og:description\" content=\"Entrevista Gianfranco Dulanto, Director de l&#8217;ODP-Per\u00fa Dissabte, 18.58 hora local, la terra \u00e9s de sobte sacsejada per un terratr\u00e8mol de 7.8 a l&#8217;escala de Ritcher que causa al voltant de 668 morts, m\u00e9s d&#8217;un mili\u00f3 de persones afectades directament i indirectament i la p\u00e8rdua d&#8217;aproximadament 35.000 habitatges i 700. escoles. Aquest 16 d&#8217;abril del 2016, l&#8217;Equador es veu assolat pel pitjor terratr\u00e8mol de la seva hist\u00f2ria , que encara es deixa notar en murs ara canviats, fam\u00edlies i mem\u00f2ria. La Companyia de Jes\u00fas, juntament amb la resta d&#8217;institucions jesu\u00eftes (Fe i Alegria Equador (FyA), el Servei Jesu\u00efta a Refugiats Equador (JRS), IRFEYAL, la Fundaci\u00f3 Riu Manta, Habitatges Llar de Crist i el Centre del Noi Treballador, es va bolcar des del minut u en l&#8217;avaluaci\u00f3 de danys i en la recerca de respostes davant de la crisi. Dos anys despr\u00e9s del sisme, recordem no nom\u00e9s el desastre i les conseq\u00fc\u00e8ncies, [&hellip;]\" \/>\n<meta property=\"og:url\" content=\"https:\/\/www.entreculturas.org\/ca\/terratremol-a-equador\/\" \/>\n<meta property=\"og:site_name\" content=\"Entreculturas\" \/>\n<meta property=\"article:publisher\" content=\"https:\/\/www.facebook.com\/entreculturas\" \/>\n<meta property=\"article:modified_time\" content=\"2024-02-22T10:02:35+00:00\" \/>\n<meta property=\"og:image\" content=\"https:\/\/www.entreculturas.org\/wp-content\/uploads\/2023\/12\/entrevista_informesemanal.jpg\" \/>\n<meta name=\"twitter:card\" content=\"summary_large_image\" \/>\n<meta name=\"twitter:site\" content=\"@Entreculturas\" \/>\n<script type=\"application\/ld+json\" class=\"yoast-schema-graph\">{\"@context\":\"https:\\\/\\\/schema.org\",\"@graph\":[{\"@type\":\"WebPage\",\"@id\":\"https:\\\/\\\/www.entreculturas.org\\\/ca\\\/terratremol-a-equador\\\/\",\"url\":\"https:\\\/\\\/www.entreculturas.org\\\/ca\\\/terratremol-a-equador\\\/\",\"name\":\"Terratr\u00e8mol a Equador - Entreculturas\",\"isPartOf\":{\"@id\":\"https:\\\/\\\/www.entreculturas.org\\\/ca\\\/#website\"},\"primaryImageOfPage\":{\"@id\":\"https:\\\/\\\/www.entreculturas.org\\\/ca\\\/terratremol-a-equador\\\/#primaryimage\"},\"image\":{\"@id\":\"https:\\\/\\\/www.entreculturas.org\\\/ca\\\/terratremol-a-equador\\\/#primaryimage\"},\"thumbnailUrl\":\"https:\\\/\\\/www.entreculturas.org\\\/wp-content\\\/uploads\\\/2023\\\/12\\\/entrevista_informesemanal.jpg\",\"datePublished\":\"2023-12-04T14:40:08+00:00\",\"dateModified\":\"2024-02-22T10:02:35+00:00\",\"breadcrumb\":{\"@id\":\"https:\\\/\\\/www.entreculturas.org\\\/ca\\\/terratremol-a-equador\\\/#breadcrumb\"},\"inLanguage\":\"ca\",\"potentialAction\":[{\"@type\":\"ReadAction\",\"target\":[\"https:\\\/\\\/www.entreculturas.org\\\/ca\\\/terratremol-a-equador\\\/\"]}]},{\"@type\":\"ImageObject\",\"inLanguage\":\"ca\",\"@id\":\"https:\\\/\\\/www.entreculturas.org\\\/ca\\\/terratremol-a-equador\\\/#primaryimage\",\"url\":\"https:\\\/\\\/www.entreculturas.org\\\/wp-content\\\/uploads\\\/2023\\\/12\\\/entrevista_informesemanal.jpg\",\"contentUrl\":\"https:\\\/\\\/www.entreculturas.org\\\/wp-content\\\/uploads\\\/2023\\\/12\\\/entrevista_informesemanal.jpg\"},{\"@type\":\"BreadcrumbList\",\"@id\":\"https:\\\/\\\/www.entreculturas.org\\\/ca\\\/terratremol-a-equador\\\/#breadcrumb\",\"itemListElement\":[{\"@type\":\"ListItem\",\"position\":1,\"name\":\"Home\",\"item\":\"https:\\\/\\\/www.entreculturas.org\\\/ca\\\/\"},{\"@type\":\"ListItem\",\"position\":2,\"name\":\"Terratr\u00e8mol a Equador\"}]},{\"@type\":\"WebSite\",\"@id\":\"https:\\\/\\\/www.entreculturas.org\\\/ca\\\/#website\",\"url\":\"https:\\\/\\\/www.entreculturas.org\\\/ca\\\/\",\"name\":\"Entreculturas\",\"description\":\"\",\"publisher\":{\"@id\":\"https:\\\/\\\/www.entreculturas.org\\\/ca\\\/#organization\"},\"alternateName\":\"Entreculturas\",\"potentialAction\":[{\"@type\":\"SearchAction\",\"target\":{\"@type\":\"EntryPoint\",\"urlTemplate\":\"https:\\\/\\\/www.entreculturas.org\\\/ca\\\/?s={search_term_string}\"},\"query-input\":{\"@type\":\"PropertyValueSpecification\",\"valueRequired\":true,\"valueName\":\"search_term_string\"}}],\"inLanguage\":\"ca\"},{\"@type\":\"Organization\",\"@id\":\"https:\\\/\\\/www.entreculturas.org\\\/ca\\\/#organization\",\"name\":\"Entreculturas\",\"url\":\"https:\\\/\\\/www.entreculturas.org\\\/ca\\\/\",\"logo\":{\"@type\":\"ImageObject\",\"inLanguage\":\"ca\",\"@id\":\"https:\\\/\\\/www.entreculturas.org\\\/ca\\\/#\\\/schema\\\/logo\\\/image\\\/\",\"url\":\"https:\\\/\\\/www.entreculturas.org\\\/wp-content\\\/uploads\\\/2025\\\/10\\\/ESP.svg\",\"contentUrl\":\"https:\\\/\\\/www.entreculturas.org\\\/wp-content\\\/uploads\\\/2025\\\/10\\\/ESP.svg\",\"caption\":\"Entreculturas\"},\"image\":{\"@id\":\"https:\\\/\\\/www.entreculturas.org\\\/ca\\\/#\\\/schema\\\/logo\\\/image\\\/\"},\"sameAs\":[\"https:\\\/\\\/www.facebook.com\\\/entreculturas\",\"https:\\\/\\\/x.com\\\/Entreculturas\",\"https:\\\/\\\/www.instagram.com\\\/entreculturas\\\/\",\"https:\\\/\\\/www.youtube.com\\\/user\\\/entreculturasvideo\",\"https:\\\/\\\/www.linkedin.com\\\/company\\\/fundacion-entreculturas-ngdo\\\/\",\"https:\\\/\\\/www.flickr.com\\\/photos\\\/98455522@N04\\\/albums\\\/\"]}]}<\/script>\n<!-- \/ Yoast SEO Premium plugin. -->","yoast_head_json":{"title":"Terratr\u00e8mol a Equador - Entreculturas","robots":{"index":"index","follow":"follow","max-snippet":"max-snippet:-1","max-image-preview":"max-image-preview:large","max-video-preview":"max-video-preview:-1"},"canonical":"https:\/\/www.entreculturas.org\/ca\/terratremol-a-equador\/","og_locale":"ca_ES","og_type":"article","og_title":"Terratr\u00e8mol a Equador","og_description":"Entrevista Gianfranco Dulanto, Director de l&#8217;ODP-Per\u00fa Dissabte, 18.58 hora local, la terra \u00e9s de sobte sacsejada per un terratr\u00e8mol de 7.8 a l&#8217;escala de Ritcher que causa al voltant de 668 morts, m\u00e9s d&#8217;un mili\u00f3 de persones afectades directament i indirectament i la p\u00e8rdua d&#8217;aproximadament 35.000 habitatges i 700. escoles. Aquest 16 d&#8217;abril del 2016, l&#8217;Equador es veu assolat pel pitjor terratr\u00e8mol de la seva hist\u00f2ria , que encara es deixa notar en murs ara canviats, fam\u00edlies i mem\u00f2ria. La Companyia de Jes\u00fas, juntament amb la resta d&#8217;institucions jesu\u00eftes (Fe i Alegria Equador (FyA), el Servei Jesu\u00efta a Refugiats Equador (JRS), IRFEYAL, la Fundaci\u00f3 Riu Manta, Habitatges Llar de Crist i el Centre del Noi Treballador, es va bolcar des del minut u en l&#8217;avaluaci\u00f3 de danys i en la recerca de respostes davant de la crisi. Dos anys despr\u00e9s del sisme, recordem no nom\u00e9s el desastre i les conseq\u00fc\u00e8ncies, [&hellip;]","og_url":"https:\/\/www.entreculturas.org\/ca\/terratremol-a-equador\/","og_site_name":"Entreculturas","article_publisher":"https:\/\/www.facebook.com\/entreculturas","article_modified_time":"2024-02-22T10:02:35+00:00","og_image":[{"url":"https:\/\/www.entreculturas.org\/wp-content\/uploads\/2023\/12\/entrevista_informesemanal.jpg","type":"","width":"","height":""}],"twitter_card":"summary_large_image","twitter_site":"@Entreculturas","schema":{"@context":"https:\/\/schema.org","@graph":[{"@type":"WebPage","@id":"https:\/\/www.entreculturas.org\/ca\/terratremol-a-equador\/","url":"https:\/\/www.entreculturas.org\/ca\/terratremol-a-equador\/","name":"Terratr\u00e8mol a Equador - Entreculturas","isPartOf":{"@id":"https:\/\/www.entreculturas.org\/ca\/#website"},"primaryImageOfPage":{"@id":"https:\/\/www.entreculturas.org\/ca\/terratremol-a-equador\/#primaryimage"},"image":{"@id":"https:\/\/www.entreculturas.org\/ca\/terratremol-a-equador\/#primaryimage"},"thumbnailUrl":"https:\/\/www.entreculturas.org\/wp-content\/uploads\/2023\/12\/entrevista_informesemanal.jpg","datePublished":"2023-12-04T14:40:08+00:00","dateModified":"2024-02-22T10:02:35+00:00","breadcrumb":{"@id":"https:\/\/www.entreculturas.org\/ca\/terratremol-a-equador\/#breadcrumb"},"inLanguage":"ca","potentialAction":[{"@type":"ReadAction","target":["https:\/\/www.entreculturas.org\/ca\/terratremol-a-equador\/"]}]},{"@type":"ImageObject","inLanguage":"ca","@id":"https:\/\/www.entreculturas.org\/ca\/terratremol-a-equador\/#primaryimage","url":"https:\/\/www.entreculturas.org\/wp-content\/uploads\/2023\/12\/entrevista_informesemanal.jpg","contentUrl":"https:\/\/www.entreculturas.org\/wp-content\/uploads\/2023\/12\/entrevista_informesemanal.jpg"},{"@type":"BreadcrumbList","@id":"https:\/\/www.entreculturas.org\/ca\/terratremol-a-equador\/#breadcrumb","itemListElement":[{"@type":"ListItem","position":1,"name":"Home","item":"https:\/\/www.entreculturas.org\/ca\/"},{"@type":"ListItem","position":2,"name":"Terratr\u00e8mol a Equador"}]},{"@type":"WebSite","@id":"https:\/\/www.entreculturas.org\/ca\/#website","url":"https:\/\/www.entreculturas.org\/ca\/","name":"Entreculturas","description":"","publisher":{"@id":"https:\/\/www.entreculturas.org\/ca\/#organization"},"alternateName":"Entreculturas","potentialAction":[{"@type":"SearchAction","target":{"@type":"EntryPoint","urlTemplate":"https:\/\/www.entreculturas.org\/ca\/?s={search_term_string}"},"query-input":{"@type":"PropertyValueSpecification","valueRequired":true,"valueName":"search_term_string"}}],"inLanguage":"ca"},{"@type":"Organization","@id":"https:\/\/www.entreculturas.org\/ca\/#organization","name":"Entreculturas","url":"https:\/\/www.entreculturas.org\/ca\/","logo":{"@type":"ImageObject","inLanguage":"ca","@id":"https:\/\/www.entreculturas.org\/ca\/#\/schema\/logo\/image\/","url":"https:\/\/www.entreculturas.org\/wp-content\/uploads\/2025\/10\/ESP.svg","contentUrl":"https:\/\/www.entreculturas.org\/wp-content\/uploads\/2025\/10\/ESP.svg","caption":"Entreculturas"},"image":{"@id":"https:\/\/www.entreculturas.org\/ca\/#\/schema\/logo\/image\/"},"sameAs":["https:\/\/www.facebook.com\/entreculturas","https:\/\/x.com\/Entreculturas","https:\/\/www.instagram.com\/entreculturas\/","https:\/\/www.youtube.com\/user\/entreculturasvideo","https:\/\/www.linkedin.com\/company\/fundacion-entreculturas-ngdo\/","https:\/\/www.flickr.com\/photos\/98455522@N04\/albums\/"]}]}},"_links":{"self":[{"href":"https:\/\/www.entreculturas.org\/ca\/wp-json\/wp\/v2\/pages\/21195","targetHints":{"allow":["GET"]}}],"collection":[{"href":"https:\/\/www.entreculturas.org\/ca\/wp-json\/wp\/v2\/pages"}],"about":[{"href":"https:\/\/www.entreculturas.org\/ca\/wp-json\/wp\/v2\/types\/page"}],"author":[{"embeddable":true,"href":"https:\/\/www.entreculturas.org\/ca\/wp-json\/wp\/v2\/users\/1"}],"replies":[{"embeddable":true,"href":"https:\/\/www.entreculturas.org\/ca\/wp-json\/wp\/v2\/comments?post=21195"}],"version-history":[{"count":1,"href":"https:\/\/www.entreculturas.org\/ca\/wp-json\/wp\/v2\/pages\/21195\/revisions"}],"predecessor-version":[{"id":21196,"href":"https:\/\/www.entreculturas.org\/ca\/wp-json\/wp\/v2\/pages\/21195\/revisions\/21196"}],"wp:attachment":[{"href":"https:\/\/www.entreculturas.org\/ca\/wp-json\/wp\/v2\/media?parent=21195"}],"curies":[{"name":"wp","href":"https:\/\/api.w.org\/{rel}","templated":true}]}}