{"id":21135,"date":"2023-12-18T15:28:36","date_gmt":"2023-12-18T14:28:36","guid":{"rendered":"https:\/\/www.entreculturas.org\/maria-prietos-fund\/"},"modified":"2024-02-22T10:49:04","modified_gmt":"2024-02-22T09:49:04","slug":"maria-prietos-fund","status":"publish","type":"page","link":"https:\/\/www.entreculturas.org\/ca\/maria-prietos-fund\/","title":{"rendered":"Maria Prieto&#8217;s Fund"},"content":{"rendered":"\n<div class=\"wp-block-group has-global-padding is-layout-constrained wp-container-core-group-is-layout-98c21632 wp-block-group-is-layout-constrained\" style=\"padding-top:var(--wp--preset--spacing--70);padding-right:20px;padding-bottom:var(--wp--preset--spacing--70);padding-left:20px\"><h2 style=\"font-size:3rem; padding-bottom:var(--wp--preset--spacing--50);\" class=\"wp-block-post-title has-text-color has-purple-color has-din-font-family\">Maria Prieto&#8217;s Fund<\/h2>\n\n\n<p>The Mar\u00eda Prieto Fund va ser creat el 2016 amb la voluntat del maintain Maria&#8217;s presence and memory in lives of many relatives and friends. There no better way to remember and honor her than by being generous to the most vulnerable people, so that, through education, they can be more free and autonomous.<\/p>\n\n\n\n<p><\/p>\n\n\n\n<p>We manage this initiative from Entrecultures, a NGO promoted per les Jesuits, que defenses la seva educaci\u00f3 educativa per a tots els companys com a feina a fairer world.<\/p>\n\n\n\n<p><\/p>\n\n\n\n<p>Uns anys, el Fund ha suportat la Selva School projecte al Peru, improvant l&#8217;educaci\u00f3 de m\u00e9s de 900 Wapis and Awajun indigenous students i estudiant 59 teachers en 3 schools in the Alt Mara\u00f1\u00f3n.<\/p>\n\n\n\n<p><\/p>\n\n\n\n<p>After the earthquake, que devastat Mexico el September 2017, la Maria Prieto Fund suporta la construcci\u00f3 homes per a 4 Ikoots women, heads of families in situations of extreme vulnerability in San Mateo del Mar, Oaxaca.<\/p>\n\n\n\n<p><\/p>\n\n\n\n<p>Since 2020, la funda ha promogut la dignified work of women in the North Selva of Chiapas i la Otomi communities of Texcatepec. Through work, women learn to generate economic income per consumption i per a la creaci\u00f3 de social reinvestment funds. Les contribucions a l&#8217;empowerment of women, de la recollida de les seves capacitats de consolidaci\u00f3 de les economies.<\/p>\n\n\n\n<p><\/p>\n\n\n\n<p>A l&#8217;any 2023, la Maria Prieto Fund continua el suport de projectes a M\u00e8xic, i s&#8217;expandeix els seus focus a l&#8217;African continent, organitzant una qualitat d&#8217;educaci\u00f3 per a vulnerables infants al marginal neighborhood of Kangemi, a la vall de la ciutat de Nagibbori. Aquest proposal seeks a contribuir a l&#8217;improvement de well-being i qualitat de vida de boys i girls i les seves fam\u00edlies que s\u00f3n a la situaci\u00f3 de greater vulnerability i que s\u00f3n attended per paris San Jos\u00e9 Obrero.&#8221;<\/p>\n<\/div>\n\n<div class=\"wp-block-group has-global-padding is-layout-constrained wp-container-core-group-is-layout-cc019cf6 wp-block-group-is-layout-constrained\" style=\"margin-bottom:var(--wp--preset--spacing--70);padding-right:20px;padding-left:20px\">\n<div class=\"wp-block-columns is-layout-flex wp-container-core-columns-is-layout-cf05694f wp-block-columns-is-layout-flex\">\n<div class=\"wp-block-column is-layout-flow wp-block-column-is-layout-flow\">\n<div class=\"wp-block-cover is-light\"><span aria-hidden=\"true\" class=\"wp-block-cover__background has-background-dim-40 has-background-dim\"><\/span><img decoding=\"async\" width=\"648\" height=\"227\" class=\"wp-block-cover__image-background wp-image-8710\" alt=\"\" src=\"https:\/\/www.entreculturas.org\/wp-content\/uploads\/2023\/12\/jabon.jpg\" data-object-fit=\"cover\" srcset=\"https:\/\/www.entreculturas.org\/wp-content\/uploads\/2023\/12\/jabon.jpg 648w, https:\/\/www.entreculturas.org\/wp-content\/uploads\/2023\/12\/jabon-300x105.jpg 300w\" sizes=\"(max-width: 648px) 100vw, 648px\" \/><div class=\"wp-block-cover__inner-container has-global-padding is-layout-constrained wp-block-cover-is-layout-constrained\">\n<div class=\"youtube-lightbox-trigger has-svg-background\" data-youtube-url=\"https:\/\/www.youtube.com\/watch?v=gIjygZb18B0\"><div class=\"youtube-svg-button has-svg-background\"><svg xmlns=\"https:\/\/www.w3.org\/2000\/svg\" width=\"72\" height=\"72\" viewbox=\"0 0 72 72\" fill=\"none\"><circle cx=\"36\" cy=\"36\" r=\"36\" fill=\"#E30600\"><\/circle><path d=\"M27.873 49.4328C27.5747 49.4328 27.2885 49.3143 27.0776 49.1033C26.8666 48.8923 26.748 48.6062 26.748 48.3078V23.5578C26.7481 23.3623 26.7991 23.1702 26.8959 23.0004C26.9928 22.8306 27.1323 22.689 27.3006 22.5895C27.4689 22.49 27.6602 22.4361 27.8557 22.4331C28.0511 22.4301 28.244 22.4781 28.4153 22.5723L50.9153 34.9473C51.0917 35.0444 51.2388 35.1871 51.3412 35.3604C51.4437 35.5338 51.4977 35.7314 51.4977 35.9328C51.4977 36.1341 51.4437 36.3318 51.3412 36.5052C51.2388 36.6785 51.0917 36.8212 50.9153 36.9183L28.4153 49.2933C28.2492 49.3847 28.0627 49.4327 27.873 49.4328ZM28.998 25.459V46.4065L48.0387 35.9328L28.998 25.459Z\" fill=\"white\"><\/path><\/svg><\/div><\/div>\n<\/div><\/div>\n<\/div>\n\n\n\n<div class=\"wp-block-column is-layout-flow wp-block-column-is-layout-flow\">\n<div class=\"wp-block-cover is-light\"><span aria-hidden=\"true\" class=\"wp-block-cover__background has-background-dim\"><\/span><img decoding=\"async\" width=\"648\" height=\"227\" class=\"wp-block-cover__image-background wp-image-8712\" alt=\"\" src=\"https:\/\/www.entreculturas.org\/wp-content\/uploads\/2023\/12\/jabon2.jpg\" data-object-fit=\"cover\" srcset=\"https:\/\/www.entreculturas.org\/wp-content\/uploads\/2023\/12\/jabon2.jpg 648w, https:\/\/www.entreculturas.org\/wp-content\/uploads\/2023\/12\/jabon2-300x105.jpg 300w\" sizes=\"(max-width: 648px) 100vw, 648px\" \/><div class=\"wp-block-cover__inner-container has-global-padding is-layout-constrained wp-block-cover-is-layout-constrained\">\n<div class=\"youtube-lightbox-trigger has-svg-background\" data-youtube-url=\"https:\/\/www.youtube.com\/watch?v=EfVpoyWXxcw\"><div class=\"youtube-svg-button has-svg-background\"><svg xmlns=\"https:\/\/www.w3.org\/2000\/svg\" width=\"72\" height=\"72\" viewbox=\"0 0 72 72\" fill=\"none\"><circle cx=\"36\" cy=\"36\" r=\"36\" fill=\"#E30600\"><\/circle><path d=\"M27.873 49.4328C27.5747 49.4328 27.2885 49.3143 27.0776 49.1033C26.8666 48.8923 26.748 48.6062 26.748 48.3078V23.5578C26.7481 23.3623 26.7991 23.1702 26.8959 23.0004C26.9928 22.8306 27.1323 22.689 27.3006 22.5895C27.4689 22.49 27.6602 22.4361 27.8557 22.4331C28.0511 22.4301 28.244 22.4781 28.4153 22.5723L50.9153 34.9473C51.0917 35.0444 51.2388 35.1871 51.3412 35.3604C51.4437 35.5338 51.4977 35.7314 51.4977 35.9328C51.4977 36.1341 51.4437 36.3318 51.3412 36.5052C51.2388 36.6785 51.0917 36.8212 50.9153 36.9183L28.4153 49.2933C28.2492 49.3847 28.0627 49.4327 27.873 49.4328ZM28.998 25.459V46.4065L48.0387 35.9328L28.998 25.459Z\" fill=\"white\"><\/path><\/svg><\/div><\/div>\n<\/div><\/div>\n<\/div>\n<\/div>\n<\/div>\n\n<div class=\"wp-block-group has-global-padding is-layout-constrained wp-container-core-group-is-layout-8e66e86a wp-block-group-is-layout-constrained\" style=\"margin-top:0;margin-bottom:var(--wp--preset--spacing--70);padding-right:20px;padding-left:20px\">\n<div class=\"wp-block-group has-white-background-color has-background has-global-padding is-layout-constrained wp-container-core-group-is-layout-baa5ca03 wp-block-group-is-layout-constrained\" style=\"border-radius:15px;margin-top:0;margin-bottom:0;padding-top:var(--wp--preset--spacing--60);padding-right:var(--wp--preset--spacing--70);padding-bottom:var(--wp--preset--spacing--60);padding-left:var(--wp--preset--spacing--70)\">\n<p class=\"has-text-align-center has-purple-color has-text-color has-x-large-font-size\"><strong>Dona&#8217;t to Maria Prieto&#8217;s Fund<\/strong><\/p>\n\n\n\n<div class=\"wp-block-columns is-layout-flex wp-container-core-columns-is-layout-9503679e wp-block-columns-is-layout-flex\">\n<div class=\"wp-block-column is-layout-flow wp-block-column-is-layout-flow\" style=\"padding-bottom:var(--wp--preset--spacing--30)\">\n<figure class=\"wp-block-image size-full has-custom-border donation-imagen-portada\"><img decoding=\"async\" src=\"https:\/\/www.entreculturas.org\/wp-content\/uploads\/2023\/10\/dona_home_80.png\" alt=\"\" class=\"wp-image-1514\" style=\"border-radius:15px\"\/><\/figure>\n<\/div>\n\n\n\n<div class=\"wp-block-column is-layout-flow wp-block-column-is-layout-flow\">\n<p>In Entreculturas, we want to continue promoting access to education and accompanying more people in vulnerable contexts.<\/p>\n\n\n\n<p class=\"colaborar-dona-portada has-purple-color has-text-color has-large-font-size\" style=\"margin-top:var(--wp--preset--spacing--30);margin-bottom:var(--wp--preset--spacing--30);font-style:normal;font-weight:700\">How would you like to cooperate?<\/p>\n\n\n\n<div class=\"wp-block-columns is-not-stacked-on-mobile gap-botones-dona-portada is-layout-flex wp-container-core-columns-is-layout-28f84493 wp-block-columns-is-layout-flex\">\n<div class=\"wp-block-column is-layout-flow wp-block-column-is-layout-flow\">\n<div class=\"wp-block-buttons is-layout-flex wp-block-buttons-is-layout-flex\">\n<div class=\"wp-block-button has-custom-font-size donate-buttons has-large-font-size\"><a class=\"wp-block-button__link has-black-color has-white-background-color has-text-color has-background wp-element-button\" style=\"border-width:2px\">30\u20ac<\/a><\/div>\n<\/div>\n<\/div>\n\n\n\n<div class=\"wp-block-column is-layout-flow wp-block-column-is-layout-flow\">\n<div class=\"wp-block-buttons is-layout-flex wp-block-buttons-is-layout-flex\">\n<div class=\"wp-block-button has-custom-font-size donate-buttons has-large-font-size\"><a class=\"wp-block-button__link has-black-color has-white-background-color has-text-color has-background wp-element-button\" style=\"border-width:2px\">80\u20ac<\/a><\/div>\n<\/div>\n<\/div>\n\n\n\n<div class=\"wp-block-column is-layout-flow wp-block-column-is-layout-flow\">\n<div class=\"wp-block-buttons is-layout-flex wp-block-buttons-is-layout-flex\">\n<div class=\"wp-block-button has-custom-font-size donate-buttons has-large-font-size\"><a class=\"wp-block-button__link has-black-color has-white-background-color has-text-color has-background wp-element-button\" style=\"border-width:2px\">150\u20ac<\/a><\/div>\n<\/div>\n<\/div>\n\n\n\n<div class=\"wp-block-column is-layout-flow wp-block-column-is-layout-flow\">\n<div class=\"wp-block-buttons is-layout-flex wp-block-buttons-is-layout-flex\">\n<div class=\"wp-block-button donate-buttons button-donate-texto\" style=\"text-transform:none\"><a class=\"wp-block-button__link has-black-color has-white-background-color has-text-color has-background wp-element-button\" style=\"border-width:2px\">OTHER<\/a><\/div>\n<\/div>\n<\/div>\n<\/div>\n\n\n\n<p>Per a <strong>80\u20ac<\/strong> podeu comprar dos paquets per a 2 alumnes de primera escola en Guatemala.<\/p>\n\n\n\n<p class=\"texto-donacion-portada\" style=\"margin-bottom:var(--wp--preset--spacing--30)\">Payment methods: Transfer or Bizum.<\/p>\n\n\n\n<div class=\"wp-block-columns is-layout-flex wp-container-core-columns-is-layout-28f84493 wp-block-columns-is-layout-flex\">\n<div class=\"wp-block-column is-layout-flow wp-block-column-is-layout-flow\">\n<div class=\"wp-block-buttons align-center-botones-portada-dona is-layout-flex wp-block-buttons-is-layout-flex\" style=\"margin-bottom:var(--wp--preset--spacing--30)\">\n<div class=\"wp-block-button has-custom-font-size eres-empresa has-small-font-size\"><a class=\"wp-block-button__link has-black-color has-white-background-color has-text-color has-background wp-element-button\" href=\"https:\/\/www.entreculturas.org\/ca\/empreses\/\" style=\"border-width:2px\">ARE YOU A BUSINESS?<\/a><\/div>\n<\/div>\n<\/div>\n\n\n\n<div class=\"wp-block-column is-layout-flow wp-block-column-is-layout-flow\">\n<div class=\"wp-block-buttons align-center-botones-portada-dona is-content-justification-left is-layout-flex wp-container-core-buttons-is-layout-b1161de5 wp-block-buttons-is-layout-flex\" style=\"margin-top:0\">\n<div class=\"wp-block-button ancho-minimo-boton-dona-portada\"><a class=\"wp-block-button__link has-border-color has-red-border-color wp-element-button\" href=\"https:\/\/colabora.entreculturas.org\/es\/dona-fondo-maria-prieto\" style=\"border-width:2px\" target=\"_blank\" rel=\"noreferrer noopener\">  I WANT TO DONA&#8217;T  <img decoding=\"async\" class=\"donate-icon\" src=\"\/wp-content\/uploads\/2023\/10\/iconocta.svg\" alt=\"Icona\"\/>     <\/a><\/div>\n<\/div>\n<\/div>\n<\/div>\n<\/div>\n<\/div>\n\n\n\n<script>document.addEventListener('DOMContentLoaded', function() {\n    const buttons = document.querySelectorAll('.donate-buttons a');\n    const imageElement = document.querySelector('.donation-imagen-portada img');\n    const donationTextElement = document.querySelector('.texto-donacion-portada');  \/\/ Selecciona el elemento de texto\n    let defaultButton;\n\n    buttons.forEach(button => {\n        \/\/ Verifica si el bot\u00f3n es el de 80\u20ac\n        if(button.textContent.trim() === '80\u20ac') {\n            defaultButton = button;\n        }\n\n        button.addEventListener('click', function(event) {\n            event.preventDefault();\n\n            \/\/ Desmarca todos los botones\n            buttons.forEach(innerButton => {\n                innerButton.classList.remove('selected');\n            });\n\n            \/\/ Marca el bot\u00f3n que fue clickeado\n            this.classList.add('selected');\n\n            \/\/ Cambia la imagen y el srcset seg\u00fan el bot\u00f3n seleccionado\n            \/\/ Y cambia el texto de donaci\u00f3n tambi\u00e9n\n            switch(this.textContent.trim()) {\n                case '30\u20ac':\n                    imageElement.src = '\/wp-content\/uploads\/2023\/10\/dona_home_30.png';\n                    imageElement.srcset = '\/wp-content\/uploads\/2023\/10\/dona_home_30.png 591w';\n                    donationTextElement.innerHTML = 'Con <strong>30\u20ac conseguimos un kit b\u00e1sico de material educativo para una ni\u00f1a o un ni\u00f1o refugiado en L\u00edbano';\n                    break;\n                case '80\u20ac':\n                    imageElement.src = '\/wp-content\/uploads\/2023\/10\/dona_home_80.png';\n                    imageElement.srcset = '\/wp-content\/uploads\/2023\/10\/dona_home_80.png 591w, \/wp-content\/uploads\/2023\/10\/dona_home_80-300x204.png 300w';\n                    donationTextElement.innerHTML = 'Con <strong>80\u20ac conseguimos dos pupitres para dos estudiantes de educaci\u00f3n primaria en Guatemala';\n                    break;\n                case '150\u20ac':\n                    imageElement.src = '\/wp-content\/uploads\/2023\/10\/dona_home_150.png';\n                    imageElement.srcset = '\/wp-content\/uploads\/2023\/10\/dona_home_150.png 591w';\n                    donationTextElement.innerHTML = '<strong>150\u20ac es el coste de 1 a\u00f1o escolar en un campo de personas refugiadas en Sud\u00e1n del Sur';\n                    break;\n                default:\n                    imageElement.src = '\/wp-content\/uploads\/2023\/10\/dona_home_otra_cantidad.png';\n                    imageElement.srcset = '\/wp-content\/uploads\/2023\/10\/dona_home_otra_cantidad.png 591w';\n                    donationTextElement.innerHTML = 'Con tu ayuda haces posible que m\u00e1s ni\u00f1os y ni\u00f1as en situaci\u00f3n de vulnerabilidad tengan acceso a la educaci\u00f3n';\n                    break;\n            }\n        });\n    });\n\n    \/\/ Marca el bot\u00f3n de 80\u20ac por defecto al cargar la p\u00e1gina\n    if (defaultButton) {\n        defaultButton.classList.add('selected');\n    }\n});\n\n<\/script>\n<\/div>\n<\/div>\n\n<div class=\"wp-block-group has-global-padding is-layout-constrained wp-container-core-group-is-layout-70b5dabc wp-block-group-is-layout-constrained\" style=\"padding-right:20px;padding-left:20px\">\n<p style=\"margin-bottom:var(--wp--preset--spacing--40)\">Related downloads:<\/p>\n\n\n\n<a href=\"https:\/\/www.entreculturas.org\/wp-content\/uploads\/2023\/12\/Fondo-Maria-Prieto_Kenia.pdf\" target=\"_blank\" style=\"text-decoration:none;color:#2e2d2c\" rel=\"noopener\">\n<\/a>\n\n\n<div class=\"wp-block-columns is-not-stacked-on-mobile has-white-background-color has-background is-layout-flex wp-container-core-columns-is-layout-51bb7143 wp-block-columns-is-layout-flex\" style=\"border-radius:10px;margin-top:0;margin-bottom:var(--wp--preset--spacing--50);padding-top:var(--wp--preset--spacing--40);padding-right:var(--wp--preset--spacing--40);padding-bottom:var(--wp--preset--spacing--40);padding-left:var(--wp--preset--spacing--40)\">\n<div class=\"wp-block-column flex-basis-download-icon-unete-equipo is-layout-flow wp-block-column-is-layout-flow\" style=\"flex-basis:4%\">\n<figure class=\"wp-block-image size-full\"><img decoding=\"async\" src=\"https:\/\/www.entreculturas.org\/wp-content\/uploads\/2023\/09\/download.svg\" alt=\"\" class=\"wp-image-1048\"\/><\/figure>\n<\/div>\n\n\n\n<div class=\"wp-block-column is-layout-flow wp-block-column-is-layout-flow\" style=\"flex-basis:96%\">\n<p class=\"qs-margin-left-corazones\"><strong><strong>Maria Prieto Kenya<\/strong><\/strong> <strong>Fund<\/strong><\/p>\n<\/div>\n<\/div>\n\n\n\n\n\n\n\n<a href=\"https:\/\/www.entreculturas.org\/wp-content\/uploads\/2023\/12\/Fondo-Maria-Prieto_Mexico-2.pdf\" target=\"_blank\" style=\"text-decoration:none;color:#2e2d2c\" rel=\"noopener\">\n<\/a>\n\n\n<div class=\"wp-block-columns is-not-stacked-on-mobile has-white-background-color has-background is-layout-flex wp-container-core-columns-is-layout-51bb7143 wp-block-columns-is-layout-flex\" style=\"border-radius:10px;margin-top:0;margin-bottom:var(--wp--preset--spacing--50);padding-top:var(--wp--preset--spacing--40);padding-right:var(--wp--preset--spacing--40);padding-bottom:var(--wp--preset--spacing--40);padding-left:var(--wp--preset--spacing--40)\">\n<div class=\"wp-block-column flex-basis-download-icon-unete-equipo is-layout-flow wp-block-column-is-layout-flow\" style=\"flex-basis:4%\">\n<figure class=\"wp-block-image size-full\"><img decoding=\"async\" src=\"https:\/\/www.entreculturas.org\/wp-content\/uploads\/2023\/09\/download.svg\" alt=\"\" class=\"wp-image-1048\"\/><\/figure>\n<\/div>\n\n\n\n<div class=\"wp-block-column is-layout-flow wp-block-column-is-layout-flow\" style=\"flex-basis:96%\">\n<p class=\"qs-margin-left-corazones\"><strong><strong>Maria Prieto Mexico<\/strong><\/strong> <strong>2<\/strong> <strong>Fund<\/strong><\/p>\n<\/div>\n<\/div>\n\n\n\n\n\n\n\n<a href=\"https:\/\/www.entreculturas.org\/wp-content\/uploads\/2023\/12\/Fondo-Maria-Prieto_Mexico1.pdf\" target=\"_blank\" style=\"text-decoration:none;color:#2e2d2c\" rel=\"noopener\">\n<\/a>\n\n\n<div class=\"wp-block-columns is-not-stacked-on-mobile has-white-background-color has-background is-layout-flex wp-container-core-columns-is-layout-51bb7143 wp-block-columns-is-layout-flex\" style=\"border-radius:10px;margin-top:0;margin-bottom:var(--wp--preset--spacing--50);padding-top:var(--wp--preset--spacing--40);padding-right:var(--wp--preset--spacing--40);padding-bottom:var(--wp--preset--spacing--40);padding-left:var(--wp--preset--spacing--40)\">\n<div class=\"wp-block-column flex-basis-download-icon-unete-equipo is-layout-flow wp-block-column-is-layout-flow\" style=\"flex-basis:4%\">\n<figure class=\"wp-block-image size-full\"><img decoding=\"async\" src=\"https:\/\/www.entreculturas.org\/wp-content\/uploads\/2023\/09\/download.svg\" alt=\"\" class=\"wp-image-1048\"\/><\/figure>\n<\/div>\n\n\n\n<div class=\"wp-block-column is-layout-flow wp-block-column-is-layout-flow\" style=\"flex-basis:96%\">\n<p class=\"qs-margin-left-corazones\"><strong><strong>Maria Prieto Mexico<\/strong><\/strong> <strong>1<\/strong> <strong>Fund<\/strong><\/p>\n<\/div>\n<\/div>\n\n\n\n\n<\/div>\n\n<div class=\"wp-block-group has-global-padding is-layout-constrained wp-container-core-group-is-layout-5acd9bea wp-block-group-is-layout-constrained\" style=\"margin-bottom:var(--wp--preset--spacing--70);padding-right:20px;padding-left:20px\">\n<section class=\"accordion__block\"><input type=\"checkbox\" id=\"atbiwejbbubk2yrtjvd9pg\" class=\"accordion__checkbox\"\/><label for=\"atbiwejbbubk2yrtjvd9pg\" class=\"wp-block-theme-blocks-newsletter has-white-color has-red-background-color has-text-color has-background\"><p>Vols rebre informaci\u00f3?<\/p><a class=\"wp-block-button__link has-white-color has-red-background-color has-text-color has-background has-border-color has-white-border-color wp-element-button\" style=\"border-width:2px\">Subscriu-te a la newsletter<\/a><\/label><div class=\"accordion__content\">\n<div class=\"wp-block-group has-global-padding is-layout-constrained wp-container-core-group-is-layout-98a4a1e3 wp-block-group-is-layout-constrained\" style=\"margin-top:0;margin-bottom:var(--wp--preset--spacing--80)\">\n<div class=\"wp-block-group has-white-background-color has-background has-global-padding is-layout-constrained wp-block-group-is-layout-constrained\">\n<h2 class=\"wp-block-heading has-text-align-center font-size-20\" id=\"h-subscriu-te-a-la-newsletter\">Subscriu-te a la newsletter<\/h2>\n\n\n\n<div class=\"wp-block-group block-contacto is-content-justification-left is-nowrap is-layout-flex wp-container-core-group-is-layout-d8ee05ca wp-block-group-is-layout-flex\" style=\"padding-right:var(--wp--preset--spacing--70);padding-left:var(--wp--preset--spacing--70)\">\n<div class=\"wp-block-group has-global-padding is-layout-constrained wp-block-group-is-layout-constrained block-visibility-hide-medium-screen block-visibility-hide-small-screen\" style=\"padding-top:var(--wp--preset--spacing--50);padding-bottom:var(--wp--preset--spacing--50)\">\n<figure class=\"wp-block-image size-large has-custom-border wp-container-content-b99e70a5 block-visibility-hide-medium-screen block-visibility-hide-small-screen\"><img decoding=\"async\" width=\"1024\" height=\"683\" src=\"https:\/\/www.entreculturas.org\/wp-content\/uploads\/2024\/10\/Cuzco-FyA21-41-1024x683.jpg\" alt=\"\" class=\"wp-image-34482\" style=\"border-radius:12px\" srcset=\"https:\/\/www.entreculturas.org\/wp-content\/uploads\/2024\/10\/Cuzco-FyA21-41-1024x683.jpg 1024w, https:\/\/www.entreculturas.org\/wp-content\/uploads\/2024\/10\/Cuzco-FyA21-41-300x200.jpg 300w, https:\/\/www.entreculturas.org\/wp-content\/uploads\/2024\/10\/Cuzco-FyA21-41-768x512.jpg 768w, https:\/\/www.entreculturas.org\/wp-content\/uploads\/2024\/10\/Cuzco-FyA21-41-1536x1024.jpg 1536w, https:\/\/www.entreculturas.org\/wp-content\/uploads\/2024\/10\/Cuzco-FyA21-41-2048x1365.jpg 2048w\" sizes=\"(max-width: 1024px) 100vw, 1024px\" \/><\/figure>\n<\/div>\n\n\n\n<form style=\"padding-top:var(--wp--preset--spacing--60);padding-right:0;padding-bottom:var(--wp--preset--spacing--60);padding-left:0\" class=\"wp-block-theme-blocks-custom-form wp-container-content-a5fc19f1\" id=\"custom_form\" action=\"\/wp-admin\/admin-post.php?action=custom_form\" method=\"post\"><input type=\"hidden\" name=\"g-recaptcha-response\" id=\"g-recaptcha-response\" value=\"\"\/><input type=\"hidden\" name=\"thanks_page\" value=\"\/thank-you-page\"\/><input type=\"hidden\" name=\"groups[]\" value=\"eBoletin y Campa\u00f1as\"\/>\n<p>Si vols rebre la nostra newsletter mensual i els correus puntuals on t&#8217;oferim informaci\u00f3, no deixis de completar aquest formulari. A l&#8217;instant, et donarem d&#8217;alta a la nostra base de dades i podr\u00e0s estar al corrent de totes les novetats.<\/p>\n\n\n\n<input type=\"hidden\" name=\"form_type\" value=\"3\"\/>\n\n\n\n<div class=\"input-container\"><label>Nom *<\/label><input type=\"text\" name=\"first_name\"\/><\/div>\n\n\n\n<div class=\"input-container\"><label>Cognoms<\/label><input type=\"text\" name=\"last_name\"\/><\/div>\n\n\n\n<div class=\"input-container\"><label>Correu electr\u00f2nic *<\/label><input type=\"email\" name=\"email\" required\/><\/div>\n\n\n\n<label class=\"acceptance\"><input type=\"checkbox\" required\/><span>Accepto la <a href=\"https:\/\/www.entreculturas.org\/es\/privacidad-entreculturas\" data-type=\"link\" data-id=\"https:\/\/www.entreculturas.org\/es\/privacidad-entreculturas\" target=\"_blank\" rel=\"noreferrer noopener\">Pol\u00edtica de Privadessa<\/a> *<\/span><\/label>\n\n\n\n<p style=\"font-size:12px !important\">\n    Des d&#8217;ENTRECULTURES FE I ALEGRIA ESPANYA tractarem les dades aportades en qualitat de Responsable del tractament amb la finalitat de..    \n    <a href=\"javascript:void(0);\" id=\"read-more-link\">Seguir leyendo<\/a>.\n<\/p>\n<p class=\"hidden\" id=\"read-more\" style=\"display: none;font-size: 12px;\">\n&#8230;enviar-vos la nostra newsletter mensual i informacions puntuals de les nostres accions i campanyes, en pro dels nostres objectius fundacionals, en base al consentiment oa l&#8217;execuci\u00f3 d&#8217;un acord. Pots exercir els teus drets enviant un correu electr\u00f2nic a datos@entreculturas.org amb l&#8217;assumpte &#8220;Protecci\u00f3 de Dades&#8221;\n<\/p>\n\n\n\n<script>\ndocument.addEventListener('DOMContentLoaded', function() {\n    document.getElementById('read-more-link').addEventListener('click', function() {\n        var readMoreContent = document.getElementById('read-more');\n        readMoreContent.style.display = 'block !important'; \/\/ Intenta sobrescribir con !important\n\n        \/\/ Si el m\u00e9todo anterior no funciona, utiliza setAttribute\n        if (readMoreContent.style.display !== 'block') {\n            readMoreContent.setAttribute('style', 'display: block !important; font-size: 12px;');\n        } else {\n            \/\/ Si ya est\u00e1 en 'block', solo ajusta el tama\u00f1o de fuente\n            readMoreContent.style.fontSize = '12px';\n        }\n\n        this.style.display = 'none'; \/\/ Opcional: oculta el enlace de \"Seguir leyendo\"\n    });\n});\n<\/script>\n\n\n\n<p class=\"hidden\" id=\"read-more\" style=\"font-size:12px\">Desde ENTRECULTURAS FE Y ALEGR\u00cdA ESPA\u00d1A trataremos los datos aportados en calidad de Responsable del tratamiento con la finalidad de gestionar nuestra relaci\u00f3n contigo, en pro de nuestros objetivos fundacionales, en base al consentimiento o a la ejecuci\u00f3n de un acuerdo. Puedes ejercer tus derechos enviando un email a&nbsp;rgpd@entreculturas.org con el asunto \u201cProtecci\u00f3n de Datos\u201d.<\/p>\n\n\n\n<div class=\"wp-block-group width-70-contacto justify-center-768 is-content-justification-right is-nowrap is-layout-flex wp-container-core-group-is-layout-17124a9a wp-block-group-is-layout-flex\">\n<button class=\"wp-block-button__link wp-element-button\">Subscriure&#8217;m<\/button>\n<\/div>\n<\/form>\n<\/div>\n<\/div>\n<\/div>\n<\/div><\/section>\n<\/div>\n","protected":false},"excerpt":{"rendered":"<p>The Mar\u00eda Prieto Fund va ser creat el 2016 amb la voluntat del maintain Maria&#8217;s presence and memory in lives of many relatives and friends. There no better way to remember and honor her than by being generous to the most vulnerable people, so that, through education, they can be more free and autonomous. We manage this initiative from Entrecultures, a NGO promoted per les Jesuits, que defenses la seva educaci\u00f3 educativa per a tots els companys com a feina a fairer world. Uns anys, el Fund ha suportat la Selva School projecte al Peru, improvant l&#8217;educaci\u00f3 de m\u00e9s de 900 Wapis and Awajun indigenous students i estudiant 59 teachers en 3 schools in the Alt Mara\u00f1\u00f3n. After the earthquake, que devastat Mexico el September 2017, la Maria Prieto Fund suporta la construcci\u00f3 homes per a 4 Ikoots women, heads of families in situations of extreme vulnerability in San Mateo [&hellip;]<\/p>\n","protected":false},"author":1,"featured_media":0,"parent":0,"menu_order":0,"comment_status":"closed","ping_status":"closed","template":"","meta":{"_acf_changed":false,"footnotes":""},"class_list":["post-21135","page","type-page","status-publish","hentry"],"acf":[],"yoast_head":"<!-- This site is optimized with the Yoast SEO Premium plugin v21.6 (Yoast SEO v27.5) - https:\/\/yoast.com\/product\/yoast-seo-premium-wordpress\/ -->\n<title>Maria Prieto&#039;s Fund - Entreculturas<\/title>\n<meta name=\"robots\" content=\"index, follow, max-snippet:-1, max-image-preview:large, max-video-preview:-1\" \/>\n<link rel=\"canonical\" href=\"https:\/\/www.entreculturas.org\/ca\/maria-prietos-fund\/\" \/>\n<meta property=\"og:locale\" content=\"ca_ES\" \/>\n<meta property=\"og:type\" content=\"article\" \/>\n<meta property=\"og:title\" content=\"Maria Prieto&#039;s Fund\" \/>\n<meta property=\"og:description\" content=\"The Mar\u00eda Prieto Fund va ser creat el 2016 amb la voluntat del maintain Maria&#8217;s presence and memory in lives of many relatives and friends. There no better way to remember and honor her than by being generous to the most vulnerable people, so that, through education, they can be more free and autonomous. We manage this initiative from Entrecultures, a NGO promoted per les Jesuits, que defenses la seva educaci\u00f3 educativa per a tots els companys com a feina a fairer world. Uns anys, el Fund ha suportat la Selva School projecte al Peru, improvant l&#8217;educaci\u00f3 de m\u00e9s de 900 Wapis and Awajun indigenous students i estudiant 59 teachers en 3 schools in the Alt Mara\u00f1\u00f3n. After the earthquake, que devastat Mexico el September 2017, la Maria Prieto Fund suporta la construcci\u00f3 homes per a 4 Ikoots women, heads of families in situations of extreme vulnerability in San Mateo [&hellip;]\" \/>\n<meta property=\"og:url\" content=\"https:\/\/www.entreculturas.org\/ca\/maria-prietos-fund\/\" \/>\n<meta property=\"og:site_name\" content=\"Entreculturas\" \/>\n<meta property=\"article:publisher\" content=\"https:\/\/www.facebook.com\/entreculturas\" \/>\n<meta property=\"article:modified_time\" content=\"2024-02-22T09:49:04+00:00\" \/>\n<meta property=\"og:image\" content=\"https:\/\/www.entreculturas.org\/wp-content\/uploads\/2023\/12\/jabon.jpg\" \/>\n<meta name=\"twitter:card\" content=\"summary_large_image\" \/>\n<meta name=\"twitter:site\" content=\"@Entreculturas\" \/>\n<script type=\"application\/ld+json\" class=\"yoast-schema-graph\">{\"@context\":\"https:\\\/\\\/schema.org\",\"@graph\":[{\"@type\":\"WebPage\",\"@id\":\"https:\\\/\\\/www.entreculturas.org\\\/ca\\\/maria-prietos-fund\\\/\",\"url\":\"https:\\\/\\\/www.entreculturas.org\\\/ca\\\/maria-prietos-fund\\\/\",\"name\":\"Maria Prieto's Fund - Entreculturas\",\"isPartOf\":{\"@id\":\"https:\\\/\\\/www.entreculturas.org\\\/ca\\\/#website\"},\"primaryImageOfPage\":{\"@id\":\"https:\\\/\\\/www.entreculturas.org\\\/ca\\\/maria-prietos-fund\\\/#primaryimage\"},\"image\":{\"@id\":\"https:\\\/\\\/www.entreculturas.org\\\/ca\\\/maria-prietos-fund\\\/#primaryimage\"},\"thumbnailUrl\":\"https:\\\/\\\/www.entreculturas.org\\\/wp-content\\\/uploads\\\/2023\\\/12\\\/jabon.jpg\",\"datePublished\":\"2023-12-18T14:28:36+00:00\",\"dateModified\":\"2024-02-22T09:49:04+00:00\",\"breadcrumb\":{\"@id\":\"https:\\\/\\\/www.entreculturas.org\\\/ca\\\/maria-prietos-fund\\\/#breadcrumb\"},\"inLanguage\":\"ca\",\"potentialAction\":[{\"@type\":\"ReadAction\",\"target\":[\"https:\\\/\\\/www.entreculturas.org\\\/ca\\\/maria-prietos-fund\\\/\"]}]},{\"@type\":\"ImageObject\",\"inLanguage\":\"ca\",\"@id\":\"https:\\\/\\\/www.entreculturas.org\\\/ca\\\/maria-prietos-fund\\\/#primaryimage\",\"url\":\"https:\\\/\\\/www.entreculturas.org\\\/wp-content\\\/uploads\\\/2023\\\/12\\\/jabon.jpg\",\"contentUrl\":\"https:\\\/\\\/www.entreculturas.org\\\/wp-content\\\/uploads\\\/2023\\\/12\\\/jabon.jpg\"},{\"@type\":\"BreadcrumbList\",\"@id\":\"https:\\\/\\\/www.entreculturas.org\\\/ca\\\/maria-prietos-fund\\\/#breadcrumb\",\"itemListElement\":[{\"@type\":\"ListItem\",\"position\":1,\"name\":\"Home\",\"item\":\"https:\\\/\\\/www.entreculturas.org\\\/ca\\\/\"},{\"@type\":\"ListItem\",\"position\":2,\"name\":\"Maria Prieto&#8217;s Fund\"}]},{\"@type\":\"WebSite\",\"@id\":\"https:\\\/\\\/www.entreculturas.org\\\/ca\\\/#website\",\"url\":\"https:\\\/\\\/www.entreculturas.org\\\/ca\\\/\",\"name\":\"Entreculturas\",\"description\":\"\",\"publisher\":{\"@id\":\"https:\\\/\\\/www.entreculturas.org\\\/ca\\\/#organization\"},\"alternateName\":\"Entreculturas\",\"potentialAction\":[{\"@type\":\"SearchAction\",\"target\":{\"@type\":\"EntryPoint\",\"urlTemplate\":\"https:\\\/\\\/www.entreculturas.org\\\/ca\\\/?s={search_term_string}\"},\"query-input\":{\"@type\":\"PropertyValueSpecification\",\"valueRequired\":true,\"valueName\":\"search_term_string\"}}],\"inLanguage\":\"ca\"},{\"@type\":\"Organization\",\"@id\":\"https:\\\/\\\/www.entreculturas.org\\\/ca\\\/#organization\",\"name\":\"Entreculturas\",\"url\":\"https:\\\/\\\/www.entreculturas.org\\\/ca\\\/\",\"logo\":{\"@type\":\"ImageObject\",\"inLanguage\":\"ca\",\"@id\":\"https:\\\/\\\/www.entreculturas.org\\\/ca\\\/#\\\/schema\\\/logo\\\/image\\\/\",\"url\":\"https:\\\/\\\/www.entreculturas.org\\\/wp-content\\\/uploads\\\/2025\\\/10\\\/ESP.svg\",\"contentUrl\":\"https:\\\/\\\/www.entreculturas.org\\\/wp-content\\\/uploads\\\/2025\\\/10\\\/ESP.svg\",\"caption\":\"Entreculturas\"},\"image\":{\"@id\":\"https:\\\/\\\/www.entreculturas.org\\\/ca\\\/#\\\/schema\\\/logo\\\/image\\\/\"},\"sameAs\":[\"https:\\\/\\\/www.facebook.com\\\/entreculturas\",\"https:\\\/\\\/x.com\\\/Entreculturas\",\"https:\\\/\\\/www.instagram.com\\\/entreculturas\\\/\",\"https:\\\/\\\/www.youtube.com\\\/user\\\/entreculturasvideo\",\"https:\\\/\\\/www.linkedin.com\\\/company\\\/fundacion-entreculturas-ngdo\\\/\",\"https:\\\/\\\/www.flickr.com\\\/photos\\\/98455522@N04\\\/albums\\\/\"]}]}<\/script>\n<!-- \/ Yoast SEO Premium plugin. -->","yoast_head_json":{"title":"Maria Prieto's Fund - Entreculturas","robots":{"index":"index","follow":"follow","max-snippet":"max-snippet:-1","max-image-preview":"max-image-preview:large","max-video-preview":"max-video-preview:-1"},"canonical":"https:\/\/www.entreculturas.org\/ca\/maria-prietos-fund\/","og_locale":"ca_ES","og_type":"article","og_title":"Maria Prieto's Fund","og_description":"The Mar\u00eda Prieto Fund va ser creat el 2016 amb la voluntat del maintain Maria&#8217;s presence and memory in lives of many relatives and friends. There no better way to remember and honor her than by being generous to the most vulnerable people, so that, through education, they can be more free and autonomous. We manage this initiative from Entrecultures, a NGO promoted per les Jesuits, que defenses la seva educaci\u00f3 educativa per a tots els companys com a feina a fairer world. Uns anys, el Fund ha suportat la Selva School projecte al Peru, improvant l&#8217;educaci\u00f3 de m\u00e9s de 900 Wapis and Awajun indigenous students i estudiant 59 teachers en 3 schools in the Alt Mara\u00f1\u00f3n. After the earthquake, que devastat Mexico el September 2017, la Maria Prieto Fund suporta la construcci\u00f3 homes per a 4 Ikoots women, heads of families in situations of extreme vulnerability in San Mateo [&hellip;]","og_url":"https:\/\/www.entreculturas.org\/ca\/maria-prietos-fund\/","og_site_name":"Entreculturas","article_publisher":"https:\/\/www.facebook.com\/entreculturas","article_modified_time":"2024-02-22T09:49:04+00:00","og_image":[{"url":"https:\/\/www.entreculturas.org\/wp-content\/uploads\/2023\/12\/jabon.jpg","type":"","width":"","height":""}],"twitter_card":"summary_large_image","twitter_site":"@Entreculturas","schema":{"@context":"https:\/\/schema.org","@graph":[{"@type":"WebPage","@id":"https:\/\/www.entreculturas.org\/ca\/maria-prietos-fund\/","url":"https:\/\/www.entreculturas.org\/ca\/maria-prietos-fund\/","name":"Maria Prieto's Fund - Entreculturas","isPartOf":{"@id":"https:\/\/www.entreculturas.org\/ca\/#website"},"primaryImageOfPage":{"@id":"https:\/\/www.entreculturas.org\/ca\/maria-prietos-fund\/#primaryimage"},"image":{"@id":"https:\/\/www.entreculturas.org\/ca\/maria-prietos-fund\/#primaryimage"},"thumbnailUrl":"https:\/\/www.entreculturas.org\/wp-content\/uploads\/2023\/12\/jabon.jpg","datePublished":"2023-12-18T14:28:36+00:00","dateModified":"2024-02-22T09:49:04+00:00","breadcrumb":{"@id":"https:\/\/www.entreculturas.org\/ca\/maria-prietos-fund\/#breadcrumb"},"inLanguage":"ca","potentialAction":[{"@type":"ReadAction","target":["https:\/\/www.entreculturas.org\/ca\/maria-prietos-fund\/"]}]},{"@type":"ImageObject","inLanguage":"ca","@id":"https:\/\/www.entreculturas.org\/ca\/maria-prietos-fund\/#primaryimage","url":"https:\/\/www.entreculturas.org\/wp-content\/uploads\/2023\/12\/jabon.jpg","contentUrl":"https:\/\/www.entreculturas.org\/wp-content\/uploads\/2023\/12\/jabon.jpg"},{"@type":"BreadcrumbList","@id":"https:\/\/www.entreculturas.org\/ca\/maria-prietos-fund\/#breadcrumb","itemListElement":[{"@type":"ListItem","position":1,"name":"Home","item":"https:\/\/www.entreculturas.org\/ca\/"},{"@type":"ListItem","position":2,"name":"Maria Prieto&#8217;s Fund"}]},{"@type":"WebSite","@id":"https:\/\/www.entreculturas.org\/ca\/#website","url":"https:\/\/www.entreculturas.org\/ca\/","name":"Entreculturas","description":"","publisher":{"@id":"https:\/\/www.entreculturas.org\/ca\/#organization"},"alternateName":"Entreculturas","potentialAction":[{"@type":"SearchAction","target":{"@type":"EntryPoint","urlTemplate":"https:\/\/www.entreculturas.org\/ca\/?s={search_term_string}"},"query-input":{"@type":"PropertyValueSpecification","valueRequired":true,"valueName":"search_term_string"}}],"inLanguage":"ca"},{"@type":"Organization","@id":"https:\/\/www.entreculturas.org\/ca\/#organization","name":"Entreculturas","url":"https:\/\/www.entreculturas.org\/ca\/","logo":{"@type":"ImageObject","inLanguage":"ca","@id":"https:\/\/www.entreculturas.org\/ca\/#\/schema\/logo\/image\/","url":"https:\/\/www.entreculturas.org\/wp-content\/uploads\/2025\/10\/ESP.svg","contentUrl":"https:\/\/www.entreculturas.org\/wp-content\/uploads\/2025\/10\/ESP.svg","caption":"Entreculturas"},"image":{"@id":"https:\/\/www.entreculturas.org\/ca\/#\/schema\/logo\/image\/"},"sameAs":["https:\/\/www.facebook.com\/entreculturas","https:\/\/x.com\/Entreculturas","https:\/\/www.instagram.com\/entreculturas\/","https:\/\/www.youtube.com\/user\/entreculturasvideo","https:\/\/www.linkedin.com\/company\/fundacion-entreculturas-ngdo\/","https:\/\/www.flickr.com\/photos\/98455522@N04\/albums\/"]}]}},"_links":{"self":[{"href":"https:\/\/www.entreculturas.org\/ca\/wp-json\/wp\/v2\/pages\/21135","targetHints":{"allow":["GET"]}}],"collection":[{"href":"https:\/\/www.entreculturas.org\/ca\/wp-json\/wp\/v2\/pages"}],"about":[{"href":"https:\/\/www.entreculturas.org\/ca\/wp-json\/wp\/v2\/types\/page"}],"author":[{"embeddable":true,"href":"https:\/\/www.entreculturas.org\/ca\/wp-json\/wp\/v2\/users\/1"}],"replies":[{"embeddable":true,"href":"https:\/\/www.entreculturas.org\/ca\/wp-json\/wp\/v2\/comments?post=21135"}],"version-history":[{"count":1,"href":"https:\/\/www.entreculturas.org\/ca\/wp-json\/wp\/v2\/pages\/21135\/revisions"}],"predecessor-version":[{"id":21136,"href":"https:\/\/www.entreculturas.org\/ca\/wp-json\/wp\/v2\/pages\/21135\/revisions\/21136"}],"wp:attachment":[{"href":"https:\/\/www.entreculturas.org\/ca\/wp-json\/wp\/v2\/media?parent=21135"}],"curies":[{"name":"wp","href":"https:\/\/api.w.org\/{rel}","templated":true}]}}