{"id":21123,"date":"2023-12-01T19:33:49","date_gmt":"2023-12-01T18:33:49","guid":{"rendered":"https:\/\/www.entreculturas.org\/fundacio-safa-amb-els-nens-i-les-nenes-dhaiti\/"},"modified":"2024-02-22T10:47:02","modified_gmt":"2024-02-22T09:47:02","slug":"fundacio-safa-amb-els-nens-i-les-nenes-dhaiti","status":"publish","type":"page","link":"https:\/\/www.entreculturas.org\/ca\/fundacio-safa-amb-els-nens-i-les-nenes-dhaiti\/","title":{"rendered":"Fundaci\u00f3 SAFA amb els nens i les nenes d&#8217;Hait\u00ed"},"content":{"rendered":"\n<div class=\"wp-block-group has-global-padding is-layout-constrained wp-container-core-group-is-layout-810402f1 wp-block-group-is-layout-constrained\" style=\"margin-top:var(--wp--preset--spacing--50);margin-bottom:var(--wp--preset--spacing--50);padding-right:20px;padding-left:20px\"><h2 class=\"wp-block-post-title\">Fundaci\u00f3 SAFA amb els nens i les nenes d&#8217;Hait\u00ed<\/h2>\n\n\n<figure class=\"wp-block-image size-full is-resized has-custom-border\"><img decoding=\"async\" width=\"800\" height=\"235\" src=\"https:\/\/www.entreculturas.org\/wp-content\/uploads\/2023\/12\/proyecto-safa-haiti-canaan.jpg\" alt=\"\" class=\"wp-image-8810\" style=\"border-radius:15px;width:1228px\" srcset=\"https:\/\/www.entreculturas.org\/wp-content\/uploads\/2023\/12\/proyecto-safa-haiti-canaan.jpg 800w, https:\/\/www.entreculturas.org\/wp-content\/uploads\/2023\/12\/proyecto-safa-haiti-canaan-300x88.jpg 300w, https:\/\/www.entreculturas.org\/wp-content\/uploads\/2023\/12\/proyecto-safa-haiti-canaan-768x226.jpg 768w\" sizes=\"(max-width: 800px) 100vw, 800px\" \/><\/figure>\n<\/div>\n\n<div class=\"wp-block-group has-global-padding is-layout-constrained wp-container-core-group-is-layout-ae95d6cb wp-block-group-is-layout-constrained\" style=\"padding-right:20px;padding-left:20px\">\n<p>Des de la <a href=\"https:\/\/www.safa.edu\/\" target=\"_blank\" rel=\"noreferrer noopener\">Fundaci\u00f3 SAFA<\/a> hem finan\u00e7at durant el curs 2018-2019 la construcci\u00f3 de tres aules al centre educatiu Bas-Canaan a Hait\u00ed.<\/p>\n\n\n\n<p>Aquest centre t\u00e9 306 alumnes i est\u00e0 dirigit per una directora i diversos docents amb molta experi\u00e8ncia en educaci\u00f3. Es va construir en fusta fa m\u00e9s de 7 anys, en resposta a la situaci\u00f3 d&#8217;emerg\u00e8ncia despr\u00e9s del terratr\u00e8mol del 2010, en qu\u00e8 la majoria de les escoles van quedar destru\u00efdes. Des de la Fundaci\u00f3 SAFA hem respost a la necessitat que els infants tornin a assistir a classe en un espai sa, net i adaptat. La construcci\u00f3 d\u00b4aquestes 3 aules \u00e9s un pas important per oferir millors condicions d\u00b4ensenyament.  <\/p>\n\n\n\n<p>Cada aula acollir\u00e0 30 alumnes, \u00e9s a dir, un total de 90 nenes i nens amb un repartiment de 50% d&#8217;alumnes i 50% d&#8217;alumnes. Les aules tindran una superf\u00edcie de 49 m2 i comptaran amb 4 finestres que facilitaran la bona ventilaci\u00f3. Lalumnat estar\u00e0 en un espai m\u00e9s segur i adaptat.<\/p>\n<\/div>\n\n<div class=\"wp-block-group has-global-padding is-layout-constrained wp-container-core-group-is-layout-3b77e742 wp-block-group-is-layout-constrained\" style=\"margin-bottom:var(--wp--preset--spacing--60);padding-top:var(--wp--preset--spacing--60);padding-right:20px;padding-bottom:0;padding-left:20px\">\n<main class=\"wp-block-group has-white-background-color has-background is-vertical is-content-justification-stretch is-layout-flex wp-container-core-group-is-layout-c4292c20 wp-block-group-is-layout-flex\" style=\"border-radius:15px;margin-top:0;margin-bottom:0;padding-top:var(--wp--preset--spacing--50);padding-right:var(--wp--preset--spacing--60);padding-bottom:var(--wp--preset--spacing--50);padding-left:var(--wp--preset--spacing--60)\">\n<figure class=\"wp-block-image aligncenter size-full\"><img decoding=\"async\" width=\"780\" height=\"430\" src=\"https:\/\/www.entreculturas.org\/wp-content\/uploads\/2023\/12\/datos-clave-proyecto-safa-haiti.jpg\" alt=\"\" class=\"wp-image-8811\" srcset=\"https:\/\/www.entreculturas.org\/wp-content\/uploads\/2023\/12\/datos-clave-proyecto-safa-haiti.jpg 780w, https:\/\/www.entreculturas.org\/wp-content\/uploads\/2023\/12\/datos-clave-proyecto-safa-haiti-300x165.jpg 300w, https:\/\/www.entreculturas.org\/wp-content\/uploads\/2023\/12\/datos-clave-proyecto-safa-haiti-768x423.jpg 768w\" sizes=\"(max-width: 780px) 100vw, 780px\" \/><\/figure>\n<\/main>\n<\/div>\n\n<div class=\"wp-block-group has-global-padding is-layout-constrained wp-container-core-group-is-layout-96cbe0fc wp-block-group-is-layout-constrained\" style=\"margin-bottom:var(--wp--preset--spacing--70);padding-top:var(--wp--preset--spacing--60);padding-right:20px;padding-bottom:0;padding-left:20px\">\n<div class=\"wp-block-columns is-layout-flex wp-container-core-columns-is-layout-cf05694f wp-block-columns-is-layout-flex\">\n<div class=\"wp-block-column is-layout-flow wp-block-column-is-layout-flow\">\n<div class=\"wp-block-cover is-light\"><span aria-hidden=\"true\" class=\"wp-block-cover__background has-background-dim-40 has-background-dim\"><\/span><img decoding=\"async\" width=\"1996\" height=\"1012\" class=\"wp-block-cover__image-background wp-image-8938\" alt=\"\" src=\"https:\/\/www.entreculturas.org\/wp-content\/uploads\/2023\/12\/video_haiti1.jpg\" style=\"object-position:75% 47%\" data-object-fit=\"cover\" data-object-position=\"75% 47%\" srcset=\"https:\/\/www.entreculturas.org\/wp-content\/uploads\/2023\/12\/video_haiti1.jpg 1996w, https:\/\/www.entreculturas.org\/wp-content\/uploads\/2023\/12\/video_haiti1-300x152.jpg 300w, https:\/\/www.entreculturas.org\/wp-content\/uploads\/2023\/12\/video_haiti1-1024x519.jpg 1024w, https:\/\/www.entreculturas.org\/wp-content\/uploads\/2023\/12\/video_haiti1-768x389.jpg 768w, https:\/\/www.entreculturas.org\/wp-content\/uploads\/2023\/12\/video_haiti1-1536x779.jpg 1536w\" sizes=\"(max-width: 1996px) 100vw, 1996px\" \/><div class=\"wp-block-cover__inner-container has-global-padding is-layout-constrained wp-block-cover-is-layout-constrained\">\n<div class=\"youtube-lightbox-trigger has-svg-background\" data-youtube-url=\"https:\/\/www.youtube.com\/watch?v=kv4IYPONYF4\"><div class=\"youtube-svg-button has-svg-background\"><svg xmlns=\"https:\/\/www.w3.org\/2000\/svg\" width=\"72\" height=\"72\" viewbox=\"0 0 72 72\" fill=\"none\"><circle cx=\"36\" cy=\"36\" r=\"36\" fill=\"#E30600\"><\/circle><path d=\"M27.873 49.4328C27.5747 49.4328 27.2885 49.3143 27.0776 49.1033C26.8666 48.8923 26.748 48.6062 26.748 48.3078V23.5578C26.7481 23.3623 26.7991 23.1702 26.8959 23.0004C26.9928 22.8306 27.1323 22.689 27.3006 22.5895C27.4689 22.49 27.6602 22.4361 27.8557 22.4331C28.0511 22.4301 28.244 22.4781 28.4153 22.5723L50.9153 34.9473C51.0917 35.0444 51.2388 35.1871 51.3412 35.3604C51.4437 35.5338 51.4977 35.7314 51.4977 35.9328C51.4977 36.1341 51.4437 36.3318 51.3412 36.5052C51.2388 36.6785 51.0917 36.8212 50.9153 36.9183L28.4153 49.2933C28.2492 49.3847 28.0627 49.4327 27.873 49.4328ZM28.998 25.459V46.4065L48.0387 35.9328L28.998 25.459Z\" fill=\"white\"><\/path><\/svg><\/div><\/div>\n<\/div><\/div>\n<\/div>\n\n\n\n<div class=\"wp-block-column is-layout-flow wp-block-column-is-layout-flow\">\n<div class=\"wp-block-cover is-light\"><span aria-hidden=\"true\" class=\"wp-block-cover__background has-background-dim\"><\/span><img decoding=\"async\" width=\"1780\" height=\"838\" class=\"wp-block-cover__image-background wp-image-8936\" alt=\"\" src=\"https:\/\/www.entreculturas.org\/wp-content\/uploads\/2023\/12\/video_haiti2.jpg\" style=\"object-position:24% 49%\" data-object-fit=\"cover\" data-object-position=\"24% 49%\" srcset=\"https:\/\/www.entreculturas.org\/wp-content\/uploads\/2023\/12\/video_haiti2.jpg 1780w, https:\/\/www.entreculturas.org\/wp-content\/uploads\/2023\/12\/video_haiti2-300x141.jpg 300w, https:\/\/www.entreculturas.org\/wp-content\/uploads\/2023\/12\/video_haiti2-1024x482.jpg 1024w, https:\/\/www.entreculturas.org\/wp-content\/uploads\/2023\/12\/video_haiti2-768x362.jpg 768w, https:\/\/www.entreculturas.org\/wp-content\/uploads\/2023\/12\/video_haiti2-1536x723.jpg 1536w\" sizes=\"(max-width: 1780px) 100vw, 1780px\" \/><div class=\"wp-block-cover__inner-container has-global-padding is-layout-constrained wp-block-cover-is-layout-constrained\">\n<div class=\"youtube-lightbox-trigger has-svg-background\" data-youtube-url=\"https:\/\/www.youtube.com\/watch?v=lMK_lXASiJE\"><div class=\"youtube-svg-button has-svg-background\"><svg xmlns=\"https:\/\/www.w3.org\/2000\/svg\" width=\"72\" height=\"72\" viewbox=\"0 0 72 72\" fill=\"none\"><circle cx=\"36\" cy=\"36\" r=\"36\" fill=\"#E30600\"><\/circle><path d=\"M27.873 49.4328C27.5747 49.4328 27.2885 49.3143 27.0776 49.1033C26.8666 48.8923 26.748 48.6062 26.748 48.3078V23.5578C26.7481 23.3623 26.7991 23.1702 26.8959 23.0004C26.9928 22.8306 27.1323 22.689 27.3006 22.5895C27.4689 22.49 27.6602 22.4361 27.8557 22.4331C28.0511 22.4301 28.244 22.4781 28.4153 22.5723L50.9153 34.9473C51.0917 35.0444 51.2388 35.1871 51.3412 35.3604C51.4437 35.5338 51.4977 35.7314 51.4977 35.9328C51.4977 36.1341 51.4437 36.3318 51.3412 36.5052C51.2388 36.6785 51.0917 36.8212 50.9153 36.9183L28.4153 49.2933C28.2492 49.3847 28.0627 49.4327 27.873 49.4328ZM28.998 25.459V46.4065L48.0387 35.9328L28.998 25.459Z\" fill=\"white\"><\/path><\/svg><\/div><\/div>\n<\/div><\/div>\n<\/div>\n\n\n\n<div class=\"wp-block-column is-layout-flow wp-block-column-is-layout-flow\">\n<div class=\"wp-block-cover is-light\"><span aria-hidden=\"true\" class=\"wp-block-cover__background has-background-dim\"><\/span><img decoding=\"async\" width=\"1992\" height=\"1012\" class=\"wp-block-cover__image-background wp-image-8933\" alt=\"\" src=\"https:\/\/www.entreculturas.org\/wp-content\/uploads\/2023\/12\/video_haiti3.jpg\" style=\"object-position:39% 56%\" data-object-fit=\"cover\" data-object-position=\"39% 56%\" srcset=\"https:\/\/www.entreculturas.org\/wp-content\/uploads\/2023\/12\/video_haiti3.jpg 1992w, https:\/\/www.entreculturas.org\/wp-content\/uploads\/2023\/12\/video_haiti3-300x152.jpg 300w, https:\/\/www.entreculturas.org\/wp-content\/uploads\/2023\/12\/video_haiti3-1024x520.jpg 1024w, https:\/\/www.entreculturas.org\/wp-content\/uploads\/2023\/12\/video_haiti3-768x390.jpg 768w, https:\/\/www.entreculturas.org\/wp-content\/uploads\/2023\/12\/video_haiti3-1536x780.jpg 1536w\" sizes=\"(max-width: 1992px) 100vw, 1992px\" \/><div class=\"wp-block-cover__inner-container has-global-padding is-layout-constrained wp-block-cover-is-layout-constrained\">\n<div class=\"youtube-lightbox-trigger has-svg-background\" data-youtube-url=\"https:\/\/www.youtube.com\/watch?v=tTgTxLeCWbc\"><div class=\"youtube-svg-button has-svg-background\"><svg xmlns=\"https:\/\/www.w3.org\/2000\/svg\" width=\"72\" height=\"72\" viewbox=\"0 0 72 72\" fill=\"none\"><circle cx=\"36\" cy=\"36\" r=\"36\" fill=\"#E30600\"><\/circle><path d=\"M27.873 49.4328C27.5747 49.4328 27.2885 49.3143 27.0776 49.1033C26.8666 48.8923 26.748 48.6062 26.748 48.3078V23.5578C26.7481 23.3623 26.7991 23.1702 26.8959 23.0004C26.9928 22.8306 27.1323 22.689 27.3006 22.5895C27.4689 22.49 27.6602 22.4361 27.8557 22.4331C28.0511 22.4301 28.244 22.4781 28.4153 22.5723L50.9153 34.9473C51.0917 35.0444 51.2388 35.1871 51.3412 35.3604C51.4437 35.5338 51.4977 35.7314 51.4977 35.9328C51.4977 36.1341 51.4437 36.3318 51.3412 36.5052C51.2388 36.6785 51.0917 36.8212 50.9153 36.9183L28.4153 49.2933C28.2492 49.3847 28.0627 49.4327 27.873 49.4328ZM28.998 25.459V46.4065L48.0387 35.9328L28.998 25.459Z\" fill=\"white\"><\/path><\/svg><\/div><\/div>\n<\/div><\/div>\n<\/div>\n<\/div>\n<\/div>\n\n<div class=\"wp-block-group has-global-padding is-layout-constrained wp-container-core-group-is-layout-dd2a04e3 wp-block-group-is-layout-constrained\" style=\"margin-top:var(--wp--preset--spacing--40);margin-bottom:var(--wp--preset--spacing--40);padding-right:20px;padding-left:20px\">\n<div class=\"wp-block-columns are-vertically-aligned-top is-layout-flex wp-container-core-columns-is-layout-7fc3d43a wp-block-columns-is-layout-flex\">\n<div class=\"wp-block-column is-vertically-aligned-top is-layout-flow wp-block-column-is-layout-flow\" style=\"flex-basis:30%\">\n<figure class=\"wp-block-image size-full is-resized\"><img decoding=\"async\" width=\"350\" height=\"228\" src=\"https:\/\/www.entreculturas.org\/wp-content\/uploads\/2023\/12\/haiti-10anos.jpg\" alt=\"\" class=\"wp-image-8812\" style=\"object-fit:cover;width:300px;height:200px\" srcset=\"https:\/\/www.entreculturas.org\/wp-content\/uploads\/2023\/12\/haiti-10anos.jpg 350w, https:\/\/www.entreculturas.org\/wp-content\/uploads\/2023\/12\/haiti-10anos-300x195.jpg 300w\" sizes=\"(max-width: 350px) 100vw, 350px\" \/><\/figure>\n<\/div>\n\n\n\n<div class=\"wp-block-column is-vertically-aligned-top is-layout-flow wp-container-core-column-is-layout-f5bb311e wp-block-column-is-layout-flow\" style=\"flex-basis:70%\">\n<p><strong>ESPECIAL Hait\u00ed, 10 anys despr\u00e9s del terratr\u00e8mol<\/strong><\/p>\n\n\n\n<p>El Servei Jesu\u00efta a Refugiats treballa, amb el suport d&#8217;Entreculturas, als dos camps m\u00e9s poblats de Dollo Ado: Melkadida i Kobe. En tots dos, el 65% de les persones tenen menys de 18 anys, per la qual cosa ens trobem davant d&#8217;una poblaci\u00f3 molt jove, molts hi han nascut i no coneixen una altra realitat. Despr\u00e9s del treball realitzat construint una escola i quatre espais ambivalents per a joves a partir del 2012, aquest component educatiu i de mitjans de vida es complementa amb l\u00ednies noves de treball que busquen la rehabilitaci\u00f3 social, la creaci\u00f3 d&#8217;oportunitats i l&#8217;apoderament i l&#8217;autoestima de joves . En aquest darrer cas, a trav\u00e9s de tallers vocacionals, alfabetitzaci\u00f3 i activitats recreatives, esportives i culturals.<\/p>\n<\/div>\n<\/div>\n<\/div>\n\n<div class=\"wp-block-group has-global-padding is-layout-constrained wp-container-core-group-is-layout-70b5dabc wp-block-group-is-layout-constrained\" style=\"padding-right:20px;padding-left:20px\">\n<p style=\"margin-bottom:var(--wp--preset--spacing--40)\"><strong>Desc\u00e0rregues relacionades<\/strong> :<\/p>\n\n\n\n<a href=\"https:\/\/www.entreculturas.org\/wp-content\/uploads\/2023\/12\/Aulas_para_Haiti_Canaan.pdf\" target=\"\" _blank=\"\" style=\"text-decoration:none;color:#2e2d2c\" rel=\"noopener\">\n<\/a>\n\n\n<div class=\"wp-block-columns is-not-stacked-on-mobile has-white-background-color has-background is-layout-flex wp-container-core-columns-is-layout-51bb7143 wp-block-columns-is-layout-flex\" style=\"border-radius:10px;margin-top:0;margin-bottom:var(--wp--preset--spacing--50);padding-top:var(--wp--preset--spacing--40);padding-right:var(--wp--preset--spacing--40);padding-bottom:var(--wp--preset--spacing--40);padding-left:var(--wp--preset--spacing--40)\">\n<div class=\"wp-block-column flex-basis-download-icon-unete-equipo is-layout-flow wp-block-column-is-layout-flow\" style=\"flex-basis:4%\">\n<figure class=\"wp-block-image size-full\"><img decoding=\"async\" src=\"https:\/\/www.entreculturas.org\/wp-content\/uploads\/2023\/09\/download.svg\" alt=\"\" class=\"wp-image-1048\"\/><\/figure>\n<\/div>\n\n\n\n<div class=\"wp-block-column is-layout-flow wp-block-column-is-layout-flow\" style=\"flex-basis:96%\">\n<p class=\"qs-margin-left-corazones\"><strong>Hait\u00ed &#8211; Construcci\u00f3 de tres aules al centre Educatiu Bas-Cana\u00e1n<\/strong><\/p>\n<\/div>\n<\/div>\n\n\n\n\n<\/div>\n\n<div class=\"wp-block-group has-global-padding is-layout-constrained wp-container-core-group-is-layout-5acd9bea wp-block-group-is-layout-constrained\" style=\"margin-bottom:var(--wp--preset--spacing--70);padding-right:20px;padding-left:20px\">\n<section class=\"accordion__block\"><input type=\"checkbox\" id=\"atbiwejbbubk2yrtjvd9pg\" class=\"accordion__checkbox\"\/><label for=\"atbiwejbbubk2yrtjvd9pg\" class=\"wp-block-theme-blocks-newsletter has-white-color has-red-background-color has-text-color has-background\"><p>Vols rebre informaci\u00f3?<\/p><a class=\"wp-block-button__link has-white-color has-red-background-color has-text-color has-background has-border-color has-white-border-color wp-element-button\" style=\"border-width:2px\">Subscriu-te a la newsletter<\/a><\/label><div class=\"accordion__content\">\n<div class=\"wp-block-group has-global-padding is-layout-constrained wp-container-core-group-is-layout-98a4a1e3 wp-block-group-is-layout-constrained\" style=\"margin-top:0;margin-bottom:var(--wp--preset--spacing--80)\">\n<div class=\"wp-block-group has-white-background-color has-background has-global-padding is-layout-constrained wp-block-group-is-layout-constrained\">\n<h2 class=\"wp-block-heading has-text-align-center font-size-20\" id=\"h-subscriu-te-a-la-newsletter\">Subscriu-te a la newsletter<\/h2>\n\n\n\n<div class=\"wp-block-group block-contacto is-content-justification-left is-nowrap is-layout-flex wp-container-core-group-is-layout-d8ee05ca wp-block-group-is-layout-flex\" style=\"padding-right:var(--wp--preset--spacing--70);padding-left:var(--wp--preset--spacing--70)\">\n<div class=\"wp-block-group has-global-padding is-layout-constrained wp-block-group-is-layout-constrained block-visibility-hide-medium-screen block-visibility-hide-small-screen\" style=\"padding-top:var(--wp--preset--spacing--50);padding-bottom:var(--wp--preset--spacing--50)\">\n<figure class=\"wp-block-image size-large has-custom-border wp-container-content-b99e70a5 block-visibility-hide-medium-screen block-visibility-hide-small-screen\"><img decoding=\"async\" width=\"1024\" height=\"683\" src=\"https:\/\/www.entreculturas.org\/wp-content\/uploads\/2024\/10\/Cuzco-FyA21-41-1024x683.jpg\" alt=\"\" class=\"wp-image-34482\" style=\"border-radius:12px\" srcset=\"https:\/\/www.entreculturas.org\/wp-content\/uploads\/2024\/10\/Cuzco-FyA21-41-1024x683.jpg 1024w, https:\/\/www.entreculturas.org\/wp-content\/uploads\/2024\/10\/Cuzco-FyA21-41-300x200.jpg 300w, https:\/\/www.entreculturas.org\/wp-content\/uploads\/2024\/10\/Cuzco-FyA21-41-768x512.jpg 768w, https:\/\/www.entreculturas.org\/wp-content\/uploads\/2024\/10\/Cuzco-FyA21-41-1536x1024.jpg 1536w, https:\/\/www.entreculturas.org\/wp-content\/uploads\/2024\/10\/Cuzco-FyA21-41-2048x1365.jpg 2048w\" sizes=\"(max-width: 1024px) 100vw, 1024px\" \/><\/figure>\n<\/div>\n\n\n\n<form style=\"padding-top:var(--wp--preset--spacing--60);padding-right:0;padding-bottom:var(--wp--preset--spacing--60);padding-left:0\" class=\"wp-block-theme-blocks-custom-form wp-container-content-a5fc19f1\" id=\"custom_form\" action=\"\/wp-admin\/admin-post.php?action=custom_form\" method=\"post\"><input type=\"hidden\" name=\"g-recaptcha-response\" id=\"g-recaptcha-response\" value=\"\"\/><input type=\"hidden\" name=\"thanks_page\" value=\"\/thank-you-page\"\/><input type=\"hidden\" name=\"groups[]\" value=\"eBoletin y Campa\u00f1as\"\/>\n<p>Si vols rebre la nostra newsletter mensual i els correus puntuals on t&#8217;oferim informaci\u00f3, no deixis de completar aquest formulari. A l&#8217;instant, et donarem d&#8217;alta a la nostra base de dades i podr\u00e0s estar al corrent de totes les novetats.<\/p>\n\n\n\n<input type=\"hidden\" name=\"form_type\" value=\"3\"\/>\n\n\n\n<div class=\"input-container\"><label>Nom *<\/label><input type=\"text\" name=\"first_name\"\/><\/div>\n\n\n\n<div class=\"input-container\"><label>Cognoms<\/label><input type=\"text\" name=\"last_name\"\/><\/div>\n\n\n\n<div class=\"input-container\"><label>Correu electr\u00f2nic *<\/label><input type=\"email\" name=\"email\" required\/><\/div>\n\n\n\n<label class=\"acceptance\"><input type=\"checkbox\" required\/><span>Accepto la <a href=\"https:\/\/www.entreculturas.org\/es\/privacidad-entreculturas\" data-type=\"link\" data-id=\"https:\/\/www.entreculturas.org\/es\/privacidad-entreculturas\" target=\"_blank\" rel=\"noreferrer noopener\">Pol\u00edtica de Privadessa<\/a> *<\/span><\/label>\n\n\n\n<p style=\"font-size:12px !important\">\n    Des d&#8217;ENTRECULTURES FE I ALEGRIA ESPANYA tractarem les dades aportades en qualitat de Responsable del tractament amb la finalitat de..    \n    <a href=\"javascript:void(0);\" id=\"read-more-link\">Seguir leyendo<\/a>.\n<\/p>\n<p class=\"hidden\" id=\"read-more\" style=\"display: none;font-size: 12px;\">\n&#8230;enviar-vos la nostra newsletter mensual i informacions puntuals de les nostres accions i campanyes, en pro dels nostres objectius fundacionals, en base al consentiment oa l&#8217;execuci\u00f3 d&#8217;un acord. Pots exercir els teus drets enviant un correu electr\u00f2nic a datos@entreculturas.org amb l&#8217;assumpte &#8220;Protecci\u00f3 de Dades&#8221;\n<\/p>\n\n\n\n<script>\ndocument.addEventListener('DOMContentLoaded', function() {\n    document.getElementById('read-more-link').addEventListener('click', function() {\n        var readMoreContent = document.getElementById('read-more');\n        readMoreContent.style.display = 'block !important'; \/\/ Intenta sobrescribir con !important\n\n        \/\/ Si el m\u00e9todo anterior no funciona, utiliza setAttribute\n        if (readMoreContent.style.display !== 'block') {\n            readMoreContent.setAttribute('style', 'display: block !important; font-size: 12px;');\n        } else {\n            \/\/ Si ya est\u00e1 en 'block', solo ajusta el tama\u00f1o de fuente\n            readMoreContent.style.fontSize = '12px';\n        }\n\n        this.style.display = 'none'; \/\/ Opcional: oculta el enlace de \"Seguir leyendo\"\n    });\n});\n<\/script>\n\n\n\n<p class=\"hidden\" id=\"read-more\" style=\"font-size:12px\">Desde ENTRECULTURAS FE Y ALEGR\u00cdA ESPA\u00d1A trataremos los datos aportados en calidad de Responsable del tratamiento con la finalidad de gestionar nuestra relaci\u00f3n contigo, en pro de nuestros objetivos fundacionales, en base al consentimiento o a la ejecuci\u00f3n de un acuerdo. Puedes ejercer tus derechos enviando un email a&nbsp;rgpd@entreculturas.org con el asunto \u201cProtecci\u00f3n de Datos\u201d.<\/p>\n\n\n\n<div class=\"wp-block-group width-70-contacto justify-center-768 is-content-justification-right is-nowrap is-layout-flex wp-container-core-group-is-layout-17124a9a wp-block-group-is-layout-flex\">\n<button class=\"wp-block-button__link wp-element-button\">Subscriure&#8217;m<\/button>\n<\/div>\n<\/form>\n<\/div>\n<\/div>\n<\/div>\n<\/div><\/section>\n<\/div>\n","protected":false},"excerpt":{"rendered":"<p>Des de la Fundaci\u00f3 SAFA hem finan\u00e7at durant el curs 2018-2019 la construcci\u00f3 de tres aules al centre educatiu Bas-Canaan a Hait\u00ed. Aquest centre t\u00e9 306 alumnes i est\u00e0 dirigit per una directora i diversos docents amb molta experi\u00e8ncia en educaci\u00f3. Es va construir en fusta fa m\u00e9s de 7 anys, en resposta a la situaci\u00f3 d&#8217;emerg\u00e8ncia despr\u00e9s del terratr\u00e8mol del 2010, en qu\u00e8 la majoria de les escoles van quedar destru\u00efdes. Des de la Fundaci\u00f3 SAFA hem respost a la necessitat que els infants tornin a assistir a classe en un espai sa, net i adaptat. La construcci\u00f3 d\u00b4aquestes 3 aules \u00e9s un pas important per oferir millors condicions d\u00b4ensenyament. Cada aula acollir\u00e0 30 alumnes, \u00e9s a dir, un total de 90 nenes i nens amb un repartiment de 50% d&#8217;alumnes i 50% d&#8217;alumnes. Les aules tindran una superf\u00edcie de 49 m2 i comptaran amb 4 finestres que facilitaran [&hellip;]<\/p>\n","protected":false},"author":1,"featured_media":0,"parent":0,"menu_order":0,"comment_status":"closed","ping_status":"closed","template":"","meta":{"_acf_changed":false,"footnotes":""},"class_list":["post-21123","page","type-page","status-publish","hentry"],"acf":[],"yoast_head":"<!-- This site is optimized with the Yoast SEO Premium plugin v21.6 (Yoast SEO v27.5) - https:\/\/yoast.com\/product\/yoast-seo-premium-wordpress\/ -->\n<title>Fundaci\u00f3 SAFA amb els nens i les nenes d&#039;Hait\u00ed - Entreculturas<\/title>\n<meta name=\"robots\" content=\"index, follow, max-snippet:-1, max-image-preview:large, max-video-preview:-1\" \/>\n<link rel=\"canonical\" href=\"https:\/\/www.entreculturas.org\/ca\/fundacio-safa-amb-els-nens-i-les-nenes-dhaiti\/\" \/>\n<meta property=\"og:locale\" content=\"ca_ES\" \/>\n<meta property=\"og:type\" content=\"article\" \/>\n<meta property=\"og:title\" content=\"Fundaci\u00f3 SAFA amb els nens i les nenes d&#039;Hait\u00ed\" \/>\n<meta property=\"og:description\" content=\"Des de la Fundaci\u00f3 SAFA hem finan\u00e7at durant el curs 2018-2019 la construcci\u00f3 de tres aules al centre educatiu Bas-Canaan a Hait\u00ed. Aquest centre t\u00e9 306 alumnes i est\u00e0 dirigit per una directora i diversos docents amb molta experi\u00e8ncia en educaci\u00f3. Es va construir en fusta fa m\u00e9s de 7 anys, en resposta a la situaci\u00f3 d&#8217;emerg\u00e8ncia despr\u00e9s del terratr\u00e8mol del 2010, en qu\u00e8 la majoria de les escoles van quedar destru\u00efdes. Des de la Fundaci\u00f3 SAFA hem respost a la necessitat que els infants tornin a assistir a classe en un espai sa, net i adaptat. La construcci\u00f3 d\u00b4aquestes 3 aules \u00e9s un pas important per oferir millors condicions d\u00b4ensenyament. Cada aula acollir\u00e0 30 alumnes, \u00e9s a dir, un total de 90 nenes i nens amb un repartiment de 50% d&#8217;alumnes i 50% d&#8217;alumnes. Les aules tindran una superf\u00edcie de 49 m2 i comptaran amb 4 finestres que facilitaran [&hellip;]\" \/>\n<meta property=\"og:url\" content=\"https:\/\/www.entreculturas.org\/ca\/fundacio-safa-amb-els-nens-i-les-nenes-dhaiti\/\" \/>\n<meta property=\"og:site_name\" content=\"Entreculturas\" \/>\n<meta property=\"article:publisher\" content=\"https:\/\/www.facebook.com\/entreculturas\" \/>\n<meta property=\"article:modified_time\" content=\"2024-02-22T09:47:02+00:00\" \/>\n<meta property=\"og:image\" content=\"https:\/\/www.entreculturas.org\/wp-content\/uploads\/2023\/12\/proyecto-safa-haiti-canaan.jpg\" \/>\n<meta name=\"twitter:card\" content=\"summary_large_image\" \/>\n<meta name=\"twitter:site\" content=\"@Entreculturas\" \/>\n<script type=\"application\/ld+json\" class=\"yoast-schema-graph\">{\"@context\":\"https:\\\/\\\/schema.org\",\"@graph\":[{\"@type\":\"WebPage\",\"@id\":\"https:\\\/\\\/www.entreculturas.org\\\/ca\\\/fundacio-safa-amb-els-nens-i-les-nenes-dhaiti\\\/\",\"url\":\"https:\\\/\\\/www.entreculturas.org\\\/ca\\\/fundacio-safa-amb-els-nens-i-les-nenes-dhaiti\\\/\",\"name\":\"Fundaci\u00f3 SAFA amb els nens i les nenes d'Hait\u00ed - Entreculturas\",\"isPartOf\":{\"@id\":\"https:\\\/\\\/www.entreculturas.org\\\/ca\\\/#website\"},\"primaryImageOfPage\":{\"@id\":\"https:\\\/\\\/www.entreculturas.org\\\/ca\\\/fundacio-safa-amb-els-nens-i-les-nenes-dhaiti\\\/#primaryimage\"},\"image\":{\"@id\":\"https:\\\/\\\/www.entreculturas.org\\\/ca\\\/fundacio-safa-amb-els-nens-i-les-nenes-dhaiti\\\/#primaryimage\"},\"thumbnailUrl\":\"https:\\\/\\\/www.entreculturas.org\\\/wp-content\\\/uploads\\\/2023\\\/12\\\/proyecto-safa-haiti-canaan.jpg\",\"datePublished\":\"2023-12-01T18:33:49+00:00\",\"dateModified\":\"2024-02-22T09:47:02+00:00\",\"breadcrumb\":{\"@id\":\"https:\\\/\\\/www.entreculturas.org\\\/ca\\\/fundacio-safa-amb-els-nens-i-les-nenes-dhaiti\\\/#breadcrumb\"},\"inLanguage\":\"ca\",\"potentialAction\":[{\"@type\":\"ReadAction\",\"target\":[\"https:\\\/\\\/www.entreculturas.org\\\/ca\\\/fundacio-safa-amb-els-nens-i-les-nenes-dhaiti\\\/\"]}]},{\"@type\":\"ImageObject\",\"inLanguage\":\"ca\",\"@id\":\"https:\\\/\\\/www.entreculturas.org\\\/ca\\\/fundacio-safa-amb-els-nens-i-les-nenes-dhaiti\\\/#primaryimage\",\"url\":\"https:\\\/\\\/www.entreculturas.org\\\/wp-content\\\/uploads\\\/2023\\\/12\\\/proyecto-safa-haiti-canaan.jpg\",\"contentUrl\":\"https:\\\/\\\/www.entreculturas.org\\\/wp-content\\\/uploads\\\/2023\\\/12\\\/proyecto-safa-haiti-canaan.jpg\"},{\"@type\":\"BreadcrumbList\",\"@id\":\"https:\\\/\\\/www.entreculturas.org\\\/ca\\\/fundacio-safa-amb-els-nens-i-les-nenes-dhaiti\\\/#breadcrumb\",\"itemListElement\":[{\"@type\":\"ListItem\",\"position\":1,\"name\":\"Home\",\"item\":\"https:\\\/\\\/www.entreculturas.org\\\/ca\\\/\"},{\"@type\":\"ListItem\",\"position\":2,\"name\":\"Fundaci\u00f3 SAFA amb els nens i les nenes d&#8217;Hait\u00ed\"}]},{\"@type\":\"WebSite\",\"@id\":\"https:\\\/\\\/www.entreculturas.org\\\/ca\\\/#website\",\"url\":\"https:\\\/\\\/www.entreculturas.org\\\/ca\\\/\",\"name\":\"Entreculturas\",\"description\":\"\",\"publisher\":{\"@id\":\"https:\\\/\\\/www.entreculturas.org\\\/ca\\\/#organization\"},\"alternateName\":\"Entreculturas\",\"potentialAction\":[{\"@type\":\"SearchAction\",\"target\":{\"@type\":\"EntryPoint\",\"urlTemplate\":\"https:\\\/\\\/www.entreculturas.org\\\/ca\\\/?s={search_term_string}\"},\"query-input\":{\"@type\":\"PropertyValueSpecification\",\"valueRequired\":true,\"valueName\":\"search_term_string\"}}],\"inLanguage\":\"ca\"},{\"@type\":\"Organization\",\"@id\":\"https:\\\/\\\/www.entreculturas.org\\\/ca\\\/#organization\",\"name\":\"Entreculturas\",\"url\":\"https:\\\/\\\/www.entreculturas.org\\\/ca\\\/\",\"logo\":{\"@type\":\"ImageObject\",\"inLanguage\":\"ca\",\"@id\":\"https:\\\/\\\/www.entreculturas.org\\\/ca\\\/#\\\/schema\\\/logo\\\/image\\\/\",\"url\":\"https:\\\/\\\/www.entreculturas.org\\\/wp-content\\\/uploads\\\/2025\\\/10\\\/ESP.svg\",\"contentUrl\":\"https:\\\/\\\/www.entreculturas.org\\\/wp-content\\\/uploads\\\/2025\\\/10\\\/ESP.svg\",\"caption\":\"Entreculturas\"},\"image\":{\"@id\":\"https:\\\/\\\/www.entreculturas.org\\\/ca\\\/#\\\/schema\\\/logo\\\/image\\\/\"},\"sameAs\":[\"https:\\\/\\\/www.facebook.com\\\/entreculturas\",\"https:\\\/\\\/x.com\\\/Entreculturas\",\"https:\\\/\\\/www.instagram.com\\\/entreculturas\\\/\",\"https:\\\/\\\/www.youtube.com\\\/user\\\/entreculturasvideo\",\"https:\\\/\\\/www.linkedin.com\\\/company\\\/fundacion-entreculturas-ngdo\\\/\",\"https:\\\/\\\/www.flickr.com\\\/photos\\\/98455522@N04\\\/albums\\\/\"]}]}<\/script>\n<!-- \/ Yoast SEO Premium plugin. -->","yoast_head_json":{"title":"Fundaci\u00f3 SAFA amb els nens i les nenes d'Hait\u00ed - Entreculturas","robots":{"index":"index","follow":"follow","max-snippet":"max-snippet:-1","max-image-preview":"max-image-preview:large","max-video-preview":"max-video-preview:-1"},"canonical":"https:\/\/www.entreculturas.org\/ca\/fundacio-safa-amb-els-nens-i-les-nenes-dhaiti\/","og_locale":"ca_ES","og_type":"article","og_title":"Fundaci\u00f3 SAFA amb els nens i les nenes d'Hait\u00ed","og_description":"Des de la Fundaci\u00f3 SAFA hem finan\u00e7at durant el curs 2018-2019 la construcci\u00f3 de tres aules al centre educatiu Bas-Canaan a Hait\u00ed. Aquest centre t\u00e9 306 alumnes i est\u00e0 dirigit per una directora i diversos docents amb molta experi\u00e8ncia en educaci\u00f3. Es va construir en fusta fa m\u00e9s de 7 anys, en resposta a la situaci\u00f3 d&#8217;emerg\u00e8ncia despr\u00e9s del terratr\u00e8mol del 2010, en qu\u00e8 la majoria de les escoles van quedar destru\u00efdes. Des de la Fundaci\u00f3 SAFA hem respost a la necessitat que els infants tornin a assistir a classe en un espai sa, net i adaptat. La construcci\u00f3 d\u00b4aquestes 3 aules \u00e9s un pas important per oferir millors condicions d\u00b4ensenyament. Cada aula acollir\u00e0 30 alumnes, \u00e9s a dir, un total de 90 nenes i nens amb un repartiment de 50% d&#8217;alumnes i 50% d&#8217;alumnes. Les aules tindran una superf\u00edcie de 49 m2 i comptaran amb 4 finestres que facilitaran [&hellip;]","og_url":"https:\/\/www.entreculturas.org\/ca\/fundacio-safa-amb-els-nens-i-les-nenes-dhaiti\/","og_site_name":"Entreculturas","article_publisher":"https:\/\/www.facebook.com\/entreculturas","article_modified_time":"2024-02-22T09:47:02+00:00","og_image":[{"url":"https:\/\/www.entreculturas.org\/wp-content\/uploads\/2023\/12\/proyecto-safa-haiti-canaan.jpg","type":"","width":"","height":""}],"twitter_card":"summary_large_image","twitter_site":"@Entreculturas","schema":{"@context":"https:\/\/schema.org","@graph":[{"@type":"WebPage","@id":"https:\/\/www.entreculturas.org\/ca\/fundacio-safa-amb-els-nens-i-les-nenes-dhaiti\/","url":"https:\/\/www.entreculturas.org\/ca\/fundacio-safa-amb-els-nens-i-les-nenes-dhaiti\/","name":"Fundaci\u00f3 SAFA amb els nens i les nenes d'Hait\u00ed - Entreculturas","isPartOf":{"@id":"https:\/\/www.entreculturas.org\/ca\/#website"},"primaryImageOfPage":{"@id":"https:\/\/www.entreculturas.org\/ca\/fundacio-safa-amb-els-nens-i-les-nenes-dhaiti\/#primaryimage"},"image":{"@id":"https:\/\/www.entreculturas.org\/ca\/fundacio-safa-amb-els-nens-i-les-nenes-dhaiti\/#primaryimage"},"thumbnailUrl":"https:\/\/www.entreculturas.org\/wp-content\/uploads\/2023\/12\/proyecto-safa-haiti-canaan.jpg","datePublished":"2023-12-01T18:33:49+00:00","dateModified":"2024-02-22T09:47:02+00:00","breadcrumb":{"@id":"https:\/\/www.entreculturas.org\/ca\/fundacio-safa-amb-els-nens-i-les-nenes-dhaiti\/#breadcrumb"},"inLanguage":"ca","potentialAction":[{"@type":"ReadAction","target":["https:\/\/www.entreculturas.org\/ca\/fundacio-safa-amb-els-nens-i-les-nenes-dhaiti\/"]}]},{"@type":"ImageObject","inLanguage":"ca","@id":"https:\/\/www.entreculturas.org\/ca\/fundacio-safa-amb-els-nens-i-les-nenes-dhaiti\/#primaryimage","url":"https:\/\/www.entreculturas.org\/wp-content\/uploads\/2023\/12\/proyecto-safa-haiti-canaan.jpg","contentUrl":"https:\/\/www.entreculturas.org\/wp-content\/uploads\/2023\/12\/proyecto-safa-haiti-canaan.jpg"},{"@type":"BreadcrumbList","@id":"https:\/\/www.entreculturas.org\/ca\/fundacio-safa-amb-els-nens-i-les-nenes-dhaiti\/#breadcrumb","itemListElement":[{"@type":"ListItem","position":1,"name":"Home","item":"https:\/\/www.entreculturas.org\/ca\/"},{"@type":"ListItem","position":2,"name":"Fundaci\u00f3 SAFA amb els nens i les nenes d&#8217;Hait\u00ed"}]},{"@type":"WebSite","@id":"https:\/\/www.entreculturas.org\/ca\/#website","url":"https:\/\/www.entreculturas.org\/ca\/","name":"Entreculturas","description":"","publisher":{"@id":"https:\/\/www.entreculturas.org\/ca\/#organization"},"alternateName":"Entreculturas","potentialAction":[{"@type":"SearchAction","target":{"@type":"EntryPoint","urlTemplate":"https:\/\/www.entreculturas.org\/ca\/?s={search_term_string}"},"query-input":{"@type":"PropertyValueSpecification","valueRequired":true,"valueName":"search_term_string"}}],"inLanguage":"ca"},{"@type":"Organization","@id":"https:\/\/www.entreculturas.org\/ca\/#organization","name":"Entreculturas","url":"https:\/\/www.entreculturas.org\/ca\/","logo":{"@type":"ImageObject","inLanguage":"ca","@id":"https:\/\/www.entreculturas.org\/ca\/#\/schema\/logo\/image\/","url":"https:\/\/www.entreculturas.org\/wp-content\/uploads\/2025\/10\/ESP.svg","contentUrl":"https:\/\/www.entreculturas.org\/wp-content\/uploads\/2025\/10\/ESP.svg","caption":"Entreculturas"},"image":{"@id":"https:\/\/www.entreculturas.org\/ca\/#\/schema\/logo\/image\/"},"sameAs":["https:\/\/www.facebook.com\/entreculturas","https:\/\/x.com\/Entreculturas","https:\/\/www.instagram.com\/entreculturas\/","https:\/\/www.youtube.com\/user\/entreculturasvideo","https:\/\/www.linkedin.com\/company\/fundacion-entreculturas-ngdo\/","https:\/\/www.flickr.com\/photos\/98455522@N04\/albums\/"]}]}},"_links":{"self":[{"href":"https:\/\/www.entreculturas.org\/ca\/wp-json\/wp\/v2\/pages\/21123","targetHints":{"allow":["GET"]}}],"collection":[{"href":"https:\/\/www.entreculturas.org\/ca\/wp-json\/wp\/v2\/pages"}],"about":[{"href":"https:\/\/www.entreculturas.org\/ca\/wp-json\/wp\/v2\/types\/page"}],"author":[{"embeddable":true,"href":"https:\/\/www.entreculturas.org\/ca\/wp-json\/wp\/v2\/users\/1"}],"replies":[{"embeddable":true,"href":"https:\/\/www.entreculturas.org\/ca\/wp-json\/wp\/v2\/comments?post=21123"}],"version-history":[{"count":1,"href":"https:\/\/www.entreculturas.org\/ca\/wp-json\/wp\/v2\/pages\/21123\/revisions"}],"predecessor-version":[{"id":21124,"href":"https:\/\/www.entreculturas.org\/ca\/wp-json\/wp\/v2\/pages\/21123\/revisions\/21124"}],"wp:attachment":[{"href":"https:\/\/www.entreculturas.org\/ca\/wp-json\/wp\/v2\/media?parent=21123"}],"curies":[{"name":"wp","href":"https:\/\/api.w.org\/{rel}","templated":true}]}}