{"id":20960,"date":"2023-10-31T17:16:34","date_gmt":"2023-10-31T16:16:34","guid":{"rendered":"https:\/\/www.entreculturas.org\/empreses\/"},"modified":"2025-07-08T13:00:05","modified_gmt":"2025-07-08T11:00:05","slug":"empreses","status":"publish","type":"page","link":"https:\/\/www.entreculturas.org\/ca\/empreses\/","title":{"rendered":"Empreses"},"content":{"rendered":"\n<div class=\"wp-block-cover is-light wp-block-hero block-hero-empresas\" style=\"padding-top:100px;padding-right:100px;padding-bottom:100px;padding-left:100px\"><img decoding=\"async\" width=\"1280\" height=\"853\" class=\"wp-block-cover__image-background wp-image-9476\" alt=\"\" src=\"https:\/\/www.entreculturas.org\/wp-content\/uploads\/2023\/12\/Irene-Galera-1-1.jpg\" style=\"object-position:50% 38%\" data-object-fit=\"cover\" data-object-position=\"50% 38%\" srcset=\"https:\/\/www.entreculturas.org\/wp-content\/uploads\/2023\/12\/Irene-Galera-1-1.jpg 1280w, https:\/\/www.entreculturas.org\/wp-content\/uploads\/2023\/12\/Irene-Galera-1-1-300x200.jpg 300w, https:\/\/www.entreculturas.org\/wp-content\/uploads\/2023\/12\/Irene-Galera-1-1-1024x682.jpg 1024w, https:\/\/www.entreculturas.org\/wp-content\/uploads\/2023\/12\/Irene-Galera-1-1-768x512.jpg 768w\" sizes=\"(max-width: 1280px) 100vw, 1280px\" \/><span aria-hidden=\"true\" class=\"wp-block-cover__background has-background-dim-30 has-background-dim\"><\/span><div class=\"wp-block-cover__inner-container is-layout-flow wp-block-cover-is-layout-flow\">\n<div class=\"wp-block-group has-global-padding is-layout-constrained wp-container-core-group-is-layout-4dcaaabf wp-block-group-is-layout-constrained\">\n<div class=\"wp-block-group transicion-carga animacion-header has-global-padding is-content-justification-left is-layout-constrained wp-container-core-group-is-layout-ba129773 wp-block-group-is-layout-constrained\" style=\"margin-top:0px;padding-right:0;padding-left:0\">\n<figure class=\"wp-block-image size-large is-resized\"><img decoding=\"async\" src=\"https:\/\/www.entreculturas.org\/wp-content\/uploads\/2023\/11\/empresas-1024x270.png\" alt=\"\" class=\"wp-image-1734\" style=\"width:478px\"\/><\/figure>\n\n\n\n<div class=\"wp-block-group empresas-causa-btns has-global-padding is-layout-constrained wp-block-group-is-layout-constrained block-visibility-hide-medium-screen block-visibility-hide-small-screen\">\n<div class=\"wp-block-buttons boton-mobile-center-cabecera is-content-justification-left is-layout-flex wp-container-core-buttons-is-layout-a15c5ca6 wp-block-buttons-is-layout-flex\" style=\"margin-top:var(--wp--preset--spacing--50)\">\n<div class=\"wp-block-button\"><a class=\"wp-block-button__link has-red-color has-white-background-color has-text-color has-background wp-element-button\" href=\"https:\/\/www.entreculturas.org\/ca\/fes-te-soci-a-empreses\/\" style=\"border-width:2px\" target=\"_blank\" rel=\"noreferrer noopener\">Fes s\u00f2cia a la teva empresa<\/a><\/div>\n<\/div>\n\n\n\n<div class=\"wp-block-buttons boton-mobile-center-cabecera is-content-justification-left is-layout-flex wp-container-core-buttons-is-layout-eeedef89 wp-block-buttons-is-layout-flex\" style=\"margin-top:15px\">\n<div class=\"wp-block-button\"><a class=\"wp-block-button__link has-border-color has-red-border-color wp-element-button\" href=\"https:\/\/www.entreculturas.org\/ca\/dona-empreses\/\" style=\"border-width:2px\" target=\"_blank\" rel=\"noreferrer noopener\">Fes un donatiu<\/a><\/div>\n<\/div>\n<\/div>\n\n\n\n<p class=\"cr-fotografo has-white-color has-text-color\" style=\"font-size:12px\">\u00a9 Irene Galera<\/p>\n<\/div>\n<\/div>\n<\/div><\/div>\n\n\n\n<div class=\"wp-block-group rounded-shadow has-white-background-color has-background has-global-padding is-layout-constrained wp-container-core-group-is-layout-06355609 wp-block-group-is-layout-constrained\" style=\"margin-top:0;margin-bottom:0;padding-top:var(--wp--preset--spacing--40);padding-right:var(--wp--preset--spacing--40);padding-bottom:var(--wp--preset--spacing--70);padding-left:var(--wp--preset--spacing--40)\">\n<div class=\"wp-block-group has-global-padding is-layout-constrained wp-container-core-group-is-layout-69ca767f wp-block-group-is-layout-constrained\">\n<p class=\"has-text-align-center title-empresas has-purple-color has-text-color has-din-font-family\" style=\"margin-bottom:var(--wp--preset--spacing--40);font-size:54px;line-height:1.1\"><strong>Promovem aliances amb empreses<\/strong><\/p>\n\n\n\n<p class=\"font-size-14\" style=\"font-size:20px\">Entreculturas treballa cada any amb m\u00e9s de 240 empreses nacionals i internacionals amb l&#8217;objectiu de desenvolupar projectes de manera conjunta als pa\u00efsos on treballem, a m\u00e9s de promoure una Responsabilitat Social Corporativa (RSC) en tots els seus aspectes.<br><br>Busquem i promovem aliances clares, duradores i \u00e0mplies. Aix\u00ed mateix, valorem una aproximaci\u00f3 particular i espec\u00edfica a cada entitat en funci\u00f3 de la seva naturalesa i circumst\u00e0ncies, assegurant col\u00b7laboracions i accions coherents tant per a l&#8217;empresa com per a la nostra missi\u00f3.<\/p>\n\n\n\n<div class=\"wp-block-group btn-empresas-cont has-global-padding is-layout-constrained wp-block-group-is-layout-constrained block-visibility-hide-large-screen\">\n<div class=\"wp-block-group heart-divider has-global-padding is-layout-constrained wp-block-group-is-layout-constrained block-visibility-hide-large-screen\" style=\"margin-top:var(--wp--preset--spacing--70)\">\n<figure class=\"wp-block-image aligncenter size-full block-visibility-hide-large-screen\"><img decoding=\"async\" src=\"https:\/\/www.entreculturas.org\/wp-content\/uploads\/2023\/09\/heart.svg\" alt=\"\" class=\"wp-image-220\"\/><\/figure>\n<\/div>\n\n\n\n<div class=\"wp-block-buttons is-content-justification-left is-layout-flex wp-container-core-buttons-is-layout-dbc2d982 wp-block-buttons-is-layout-flex\" style=\"margin-top:12px\">\n<div class=\"wp-block-button has-custom-width wp-block-button__width-100 btn-empresas-hd\"><a class=\"wp-block-button__link has-red-color has-white-background-color has-text-color has-background wp-element-button\" href=\"https:\/\/www.entreculturas.org\/ca\/fes-te-soci-a-empreses\/\" style=\"border-width:2px\" target=\"_blank\" rel=\"noreferrer noopener\">Fes sociA a la teva empresa<\/a><\/div>\n<\/div>\n\n\n\n<div class=\"wp-block-buttons is-content-justification-left is-layout-flex wp-container-core-buttons-is-layout-dbc2d982 wp-block-buttons-is-layout-flex\" style=\"margin-top:12px\">\n<div class=\"wp-block-button has-custom-width wp-block-button__width-100 btn-empresas-hd\"><a class=\"wp-block-button__link has-border-color has-red-border-color wp-element-button\" href=\"https:\/\/www.entreculturas.org\/ca\/dona-empreses\/\" style=\"border-width:2px\" target=\"_blank\" rel=\"noreferrer noopener\">Fes un donatiu<\/a><\/div>\n<\/div>\n<\/div>\n<\/div>\n<\/div>\n\n\n\n<div class=\"wp-block-group has-global-padding is-layout-constrained wp-block-group-is-layout-constrained block-visibility-hide-medium-screen block-visibility-hide-small-screen\" style=\"margin-top:var(--wp--preset--spacing--70)\">\n<figure class=\"wp-block-image aligncenter size-full\"><img decoding=\"async\" src=\"https:\/\/www.entreculturas.org\/wp-content\/uploads\/2023\/09\/heart.svg\" alt=\"\" class=\"wp-image-220\"\/><\/figure>\n<\/div>\n\n\n\n<div class=\"wp-block-group opcion-empresas-cont has-global-padding is-layout-constrained wp-container-core-group-is-layout-3f3cd061 wp-block-group-is-layout-constrained\" style=\"padding-right:20px;padding-left:20px\">\n<h2 class=\"wp-block-heading has-text-align-center text-lg-mobile has-red-color has-text-color has-din-font-family\" id=\"h-contemplem-multiples-modalitats-de-col-laboracio\" style=\"margin-top:var(--wp--preset--spacing--70);margin-bottom:var(--wp--preset--spacing--30);font-size:54px;text-transform:none\">Contemplem m\u00faltiples modalitats de col\u00b7laboraci\u00f3<\/h2>\n\n\n\n<div class=\"wp-block-theme-blocks-accordion accordion-1\" style=\"background-color:#ffffff\" data-enable-expiration-logic=\"false\" data-show-open=\"true\"><div class=\"envolve-accordion\"><div class=\"accordion-pretitle-div\"><span class=\"accordion-pretitle\">Opci\u00f3n 1<\/span><\/div><div class=\"accordion-header\"><div class=\"accordion-number\">1<\/div><h4 class=\"accordion-toggle\">Haz una donaci\u00f3n a nuestros proyectos<\/h4><svg class=\"accordion-arrow\" xmlns=\"http:\/\/www.w3.org\/2000\/svg\" width=\"16\" height=\"16\" viewBox=\"0 0 16 16\" fill=\"none\"><path class=\"arrow-path\" d=\"M14.364 5.293C14.1764 5.10553 13.9221 5.00021 13.657 5.00021C13.3918 5.00021 13.1375 5.10553 12.95 5.293L7.99995 10.243L3.04995 5.293C2.86135 5.11084 2.60875 5.01005 2.34655 5.01233C2.08435 5.0146 1.83354 5.11977 1.64813 5.30518C1.46273 5.49059 1.35756 5.7414 1.35528 6.0036C1.353 6.2658 1.45379 6.5184 1.63595 6.707L7.29295 12.364C7.48048 12.5515 7.73479 12.6568 7.99995 12.6568C8.26512 12.6568 8.51942 12.5515 8.70695 12.364L14.364 6.707C14.5514 6.51947 14.6567 6.26516 14.6567 6C14.6567 5.73484 14.5514 5.48053 14.364 5.293Z\" fill=\"#818181\"><\/path><\/svg><\/div><\/div><div class=\"accordion-content\">\n<script>jQuery(document).ready(function($) {\n    \/\/ Establecer estilos para .accordion-content cuando contiene .dona-empresas\n    $('.accordion-content:has(.dona-empresas)').css({\n        'background-color': 'var(--grises-light-grey, #F5F5F5)',\n        'border-radius': '10px'\n    });\n\n    \/\/ Establecer estilos para el p\u00e1rrafo justo antes de .dona-empresas\n    $('.accordion-content .dona-empresas').prev('p').css({\n        'background-color': 'white',\n        'margin-left': '-20px',\n        'margin-right': '-20px',\n        'padding-left': '24px',\n        'padding-right': '24px',\n        'z-index': '1',   \/\/ asegurarse de que se superponga al .accordion-content\n        'position': 'relative'  \/\/ necesario para que z-index funcione\n    });\n});\n\n<\/script>\n\n\n\n<p class=\"acc-p\" style=\"padding-bottom:35px\">Si ets una empresa, pots donar suport econ\u00f2mic a un dels nostres projectes de cooperaci\u00f3 internacional, ciutadania global o acci\u00f3 social a Espanya.<\/p>\n\n\n\n<div class=\"wp-block-group dona-empresas has-background has-global-padding is-layout-constrained wp-container-core-group-is-layout-15b7f4fe wp-block-group-is-layout-constrained\" style=\"background-color:#f5f5f5;margin-top:0;margin-bottom:0\">\n<div class=\"wp-block-group dona-cont has-background has-global-padding is-layout-constrained wp-container-core-group-is-layout-26e06c6b wp-block-group-is-layout-constrained\" style=\"border-radius:15px;background-color:#f5f5f5;margin-top:0;margin-bottom:0;padding-top:var(--wp--preset--spacing--50);padding-right:0;padding-bottom:0;padding-left:0\">\n<p class=\"has-text-align-center encabezado-entorno-seguro has-purple-color has-text-color\" style=\"font-size:27px\"><strong>Amb el teu suport transformem la vida.<\/strong><\/p>\n\n\n\n<div class=\"wp-block-columns dona-col is-layout-flex wp-container-core-columns-is-layout-9503679e wp-block-columns-is-layout-flex\">\n<div class=\"wp-block-column is-layout-flow wp-block-column-is-layout-flow\" style=\"padding-bottom:0;flex-basis:405px\">\n<figure class=\"wp-block-image size-full is-resized has-custom-border donation-imagen-portada\"><img decoding=\"async\" width=\"406\" height=\"358\" src=\"https:\/\/www.entreculturas.org\/wp-content\/uploads\/2024\/01\/dona-empresas-300.jpg\" alt=\"\" class=\"wp-image-11282\" style=\"border-radius:15px;object-fit:cover;width:405px;height:390px\" srcset=\"https:\/\/www.entreculturas.org\/wp-content\/uploads\/2024\/01\/dona-empresas-300.jpg 406w, https:\/\/www.entreculturas.org\/wp-content\/uploads\/2024\/01\/dona-empresas-300-300x265.jpg 300w\" sizes=\"(max-width: 406px) 100vw, 406px\" \/><\/figure>\n<\/div>\n\n\n\n<div class=\"wp-block-column is-layout-flow wp-block-column-is-layout-flow\">\n<p>A Entreculturas volem continuar promovent l&#8217;acc\u00e9s a l&#8217;educaci\u00f3 i acompanyant m\u00e9s persones en contextos vulnerables.<\/p>\n\n\n\n<p class=\"colaborar-dona-portada has-purple-color has-text-color\" style=\"margin-top:var(--wp--preset--spacing--30);margin-bottom:var(--wp--preset--spacing--30);font-size:20px;font-style:normal;font-weight:700\">Com vols col\u00b7laborar?<\/p>\n\n\n\n<div class=\"wp-block-columns are-vertically-aligned-top is-not-stacked-on-mobile gap-botones-dona-portada is-layout-flex wp-container-core-columns-is-layout-285d7363 wp-block-columns-is-layout-flex\" style=\"margin-bottom:1rem\">\n<div class=\"wp-block-column is-vertically-aligned-top is-layout-flow wp-block-column-is-layout-flow\">\n<div class=\"wp-block-buttons is-layout-flex wp-block-buttons-is-layout-flex\">\n<div class=\"wp-block-button has-custom-font-size donate-buttons has-large-font-size\"><a class=\"wp-block-button__link has-black-color has-white-background-color has-text-color has-background wp-element-button\" style=\"border-width:2px\">100\u20ac<\/a><\/div>\n<\/div>\n<\/div>\n\n\n\n<div class=\"wp-block-column is-vertically-aligned-top is-layout-flow wp-block-column-is-layout-flow\">\n<div class=\"wp-block-buttons is-layout-flex wp-block-buttons-is-layout-flex\">\n<div class=\"wp-block-button has-custom-font-size donate-buttons has-large-font-size\"><a class=\"wp-block-button__link has-black-color has-white-background-color has-text-color has-background wp-element-button\" style=\"border-width:2px\">300\u20ac<\/a><\/div>\n<\/div>\n<\/div>\n\n\n\n<div class=\"wp-block-column is-vertically-aligned-top is-layout-flow wp-block-column-is-layout-flow\">\n<div class=\"wp-block-buttons is-layout-flex wp-block-buttons-is-layout-flex\">\n<div class=\"wp-block-button has-custom-font-size donate-buttons has-large-font-size\"><a class=\"wp-block-button__link has-black-color has-white-background-color has-text-color has-background wp-element-button\" style=\"border-width:2px\">500\u20ac<\/a><\/div>\n<\/div>\n<\/div>\n\n\n\n<div class=\"wp-block-column is-vertically-aligned-top is-layout-flow wp-block-column-is-layout-flow\">\n<div class=\"wp-block-buttons is-layout-flex wp-block-buttons-is-layout-flex\">\n<div class=\"wp-block-button donate-buttons button-donate-texto\" style=\"text-transform:none\"><a class=\"wp-block-button__link has-black-color has-white-background-color has-text-color has-background wp-element-button\" style=\"border-width:2px\">Una altra<br>Quantitat<\/a><\/div>\n<\/div>\n<\/div>\n<\/div>\n\n\n\n<p class=\"texto-donacion-portada\" style=\"margin-bottom:0\">Amb <strong>300\u20ac<\/strong> brindem 1 mes d&#8217;alimentaci\u00f3 per a 84 nenes i nens refugiats al camp de refugiats de Dzaleka, Malawi.<\/p>\n\n\n\n<div class=\"wp-block-columns donar-btn is-layout-flex wp-container-core-columns-is-layout-28f84493 wp-block-columns-is-layout-flex\">\n<div class=\"wp-block-column is-layout-flow wp-block-column-is-layout-flow\">\n<div class=\"wp-block-buttons align-center-botones-portada-dona is-content-justification-left is-layout-flex wp-container-core-buttons-is-layout-0bc89592 wp-block-buttons-is-layout-flex\" style=\"margin-top:var(--wp--preset--spacing--40)\">\n<div class=\"wp-block-button ancho-minimo-boton-dona-portada\"><a class=\"wp-block-button__link has-border-color has-red-border-color wp-element-button\" href=\"https:\/\/www.entreculturas.org\/ca\/dona-empreses\/\" style=\"border-width:2px\" target=\"_blank\" rel=\"noreferrer noopener\">\n VULL DONAR\n        <img decoding=\"async\" src=\"\/wp-content\/uploads\/2023\/10\/iconocta.svg\" alt=\"Icona\" class=\"donate-icon\">\n    <\/a><\/div>\n<\/div>\n<\/div>\n<\/div>\n<\/div>\n<\/div>\n\n\n\n<script>document.addEventListener('DOMContentLoaded', function() {\n\t\tconst buttons = document.querySelectorAll('.donate-buttons a');\n\t\tconst imageElement = document.querySelector('.donation-imagen-portada img');\n\t\tconst donationTextElement = document.querySelector('.texto-donacion-portada');  \/\/ Selecciona el elemento de texto\n\t\tlet defaultButton;\n\t\n\t\tbuttons.forEach(button => {\n\t\t\t\/\/ Verifica si el bot\u00f3n es el de 80\u20ac\n\t\t\tif(button.textContent.trim() === '300\u20ac') {\n\t\t\t\tdefaultButton = button;\n\t\t\t}\n\t\n\t\t\tbutton.addEventListener('click', function(event) {\n\t\t\t\tevent.preventDefault();\n\t\n\t\t\t\t\/\/ Desmarca todos los botones\n\t\t\t\tbuttons.forEach(innerButton => {\n\t\t\t\t\tinnerButton.classList.remove('selected');\n\t\t\t\t});\n\t\n\t\t\t\t\/\/ Marca el bot\u00f3n que fue clickeado\n\t\t\t\tthis.classList.add('selected');\n\t\n\t\t\t\t\/\/ Cambia la imagen y el srcset seg\u00fan el bot\u00f3n seleccionado\n\t\t\t\t\/\/ Y cambia el texto de donaci\u00f3n tambi\u00e9n\n\t\t\t\tswitch(this.textContent.trim()) {\n\t\t\t\t\tcase '100\u20ac':\n\t\t\t\t\t\timageElement.src = '\/wp-content\/uploads\/2024\/01\/dona-empresas-100.jpg';\n\t\t\t\t\t\timageElement.srcset = '\/wp-content\/uploads\/2024\/01\/dona-empresas-100.jpg 591w';\n\t\t\t\t\t\tdonationTextElement.innerHTML = 'Con <strong>100\u20ac otorgamos un kit b\u00e1sico de material educativo para 20 ni\u00f1as y ni\u00f1os refugiados en L\u00edbano';\n\t\t\t\t\t\tbreak;\n\t\t\t\t\tcase '300\u20ac':\n\t\t\t\t\t\timageElement.src = '\/wp-content\/uploads\/2024\/01\/dona-empresas-300.jpg';\n\t\t\t\t\t\timageElement.srcset = '\/wp-content\/uploads\/2024\/01\/dona-empresas-300.jpg 591w, \/wp-content\/uploads\/2023\/10\/dona_home_80-300x204.png 300w';\n\t\t\t\t\t\tdonationTextElement.innerHTML = 'Con <strong>300\u20ac brindamos 1 mes de alimentaci\u00f3n para 84 ni\u00f1as y ni\u00f1os refugiados en el campo de refugiados de Dzaleka, Malaui.';\n\t\t\t\t\t\tbreak;\n\t\t\t\t\tcase '500\u20ac':\n\t\t\t\t\t\timageElement.src = '\/wp-content\/uploads\/2024\/01\/dona-empresas-500.jpg';\n\t\t\t\t\t\timageElement.srcset = '\/wp-content\/uploads\/2024\/01\/dona-empresas-500.jpg 591w';\n\t\t\t\t\t\tdonationTextElement.innerHTML = 'Con <strong>500\u20ac otorgamos  1 mes de formaci\u00f3n t\u00e9cnica en habilidades para la empleabilidad para 30 j\u00f3venes con discapacidad en Bolivia.';\n\t\t\t\t\t\tbreak;\n\t\t\t\t\tdefault:\n\t\t\t\t\t\timageElement.src = '\/wp-content\/uploads\/2024\/01\/dona-empresas-otra.jpg';\n\t\t\t\t\t\timageElement.srcset = '\/wp-content\/uploads\/2024\/01\/dona-empresas-otra.jpg 591w';\n\t\t\t\t\t\tdonationTextElement.innerHTML = 'Con tu ayuda haces posible que m\u00e1s ni\u00f1os y ni\u00f1as en situaci\u00f3n de vulnerabilidad tengan acceso a la educaci\u00f3n.';\n\t\t\t\t\t\tbreak;\n\t\t\t\t}\n\t\t\t});\n\t\t});\n\t\n\t\t\/\/ Marca el bot\u00f3n de 80\u20ac por defecto al cargar la p\u00e1gina\n\t\tif (defaultButton) {\n\t\t\tdefaultButton.classList.add('selected');\n\t\t}\n\t});\n\t<\/script>\n<\/div>\n<\/div>\n<\/div><\/div>\n\n\n\n<div class=\"wp-block-theme-blocks-accordion accordion-2\" style=\"background-color:#ffffff\" data-enable-expiration-logic=\"false\" data-show-open=\"false\"><div class=\"envolve-accordion\"><div class=\"accordion-pretitle-div\"><span class=\"accordion-pretitle\">Opci\u00f3n 2<\/span><\/div><div class=\"accordion-header\"><div class=\"accordion-number\">2<\/div><h4 class=\"accordion-toggle\">PYMES con impacto<\/h4><svg class=\"accordion-arrow\" xmlns=\"http:\/\/www.w3.org\/2000\/svg\" width=\"16\" height=\"16\" viewBox=\"0 0 16 16\" fill=\"none\"><path class=\"arrow-path\" d=\"M14.364 5.293C14.1764 5.10553 13.9221 5.00021 13.657 5.00021C13.3918 5.00021 13.1375 5.10553 12.95 5.293L7.99995 10.243L3.04995 5.293C2.86135 5.11084 2.60875 5.01005 2.34655 5.01233C2.08435 5.0146 1.83354 5.11977 1.64813 5.30518C1.46273 5.49059 1.35756 5.7414 1.35528 6.0036C1.353 6.2658 1.45379 6.5184 1.63595 6.707L7.29295 12.364C7.48048 12.5515 7.73479 12.6568 7.99995 12.6568C8.26512 12.6568 8.51942 12.5515 8.70695 12.364L14.364 6.707C14.5514 6.51947 14.6567 6.26516 14.6567 6C14.6567 5.73484 14.5514 5.48053 14.364 5.293Z\" fill=\"#818181\"><\/path><\/svg><\/div><\/div><div class=\"accordion-content\">\n<script>jQuery(document).ready(function($) {\n    \/\/ Establecer estilos para .accordion-content cuando contiene .dona-empresas\n    $('.accordion-content:has(.dona-empresas)').css({\n        'background-color': 'var(--grises-light-grey, #F5F5F5)',\n        'border-radius': '10px'\n    });\n\n    \/\/ Establecer estilos para el p\u00e1rrafo justo antes de .dona-empresas\n    $('.accordion-content .dona-empresas').prev('p').css({\n        'background-color': 'white',\n        'margin-left': '-20px',\n        'margin-right': '-20px',\n        'padding-left': '24px',\n        'padding-right': '24px',\n        'z-index': '1',   \/\/ asegurarse de que se superponga al .accordion-content\n        'position': 'relative'  \/\/ necesario para que z-index funcione\n    });\n});\n\n<\/script>\n\n\n\n<p class=\"acc-p\" style=\"padding-bottom:35px\">Pimes amb Impacte \u00e9s un programa per a les petites i mitjanes empreses aix\u00ed com els comer\u00e7os que <strong>aposten pel dret a l&#8217;educaci\u00f3 de nens, nenes i joves<\/strong> desafavorits que viuen a pa\u00efsos amb alts \u00edndexs de pobresa i exclusi\u00f3 social. Uneix-te a aquest programa mitjan\u00e7ant una petita aportaci\u00f3 mensual, trimestral o anual, que tindr\u00e0 un gran impacte en la qualitat de vida i la generaci\u00f3 d&#8217;oportunitats futures de dones, inf\u00e0ncia i joventut a Am\u00e8rica Llatina, \u00c0sia i \u00c0frica.<\/p>\n\n\n\n<div class=\"wp-block-group dona-empresas has-background has-global-padding is-layout-constrained wp-container-core-group-is-layout-15b7f4fe wp-block-group-is-layout-constrained\" style=\"background-color:#f5f5f5;margin-top:0;margin-bottom:0\">\n<div class=\"wp-block-group dona-cont has-background has-global-padding is-layout-constrained wp-container-core-group-is-layout-26e06c6b wp-block-group-is-layout-constrained\" style=\"border-radius:15px;background-color:#f5f5f5;margin-top:0;margin-bottom:0;padding-top:var(--wp--preset--spacing--50);padding-right:0;padding-bottom:0;padding-left:0\">\n<p class=\"has-text-align-center encabezado-entorno-seguro has-purple-color has-text-color\" style=\"font-size:27px\"><strong>Amb el teu suport transformem la vida.<\/strong><\/p>\n\n\n\n<div class=\"wp-block-columns dona-col is-layout-flex wp-container-core-columns-is-layout-9503679e wp-block-columns-is-layout-flex\">\n<div class=\"wp-block-column is-layout-flow wp-block-column-is-layout-flow\" style=\"padding-bottom:0;flex-basis:405px\">\n<figure class=\"wp-block-image size-full is-resized has-custom-border donation-imagen-portada-2\"><img decoding=\"async\" width=\"405\" height=\"358\" src=\"https:\/\/www.entreculturas.org\/wp-content\/uploads\/2024\/01\/socios-empresas-300.jpg\" alt=\"\" class=\"wp-image-11285\" style=\"border-radius:15px;object-fit:cover;width:405px;height:390px\" srcset=\"https:\/\/www.entreculturas.org\/wp-content\/uploads\/2024\/01\/socios-empresas-300.jpg 405w, https:\/\/www.entreculturas.org\/wp-content\/uploads\/2024\/01\/socios-empresas-300-300x265.jpg 300w\" sizes=\"(max-width: 405px) 100vw, 405px\" \/><\/figure>\n<\/div>\n\n\n\n<div class=\"wp-block-column is-layout-flow wp-block-column-is-layout-flow\">\n<p>A Entreculturas volem continuar promovent l&#8217;acc\u00e9s a l&#8217;educaci\u00f3 i acompanyant m\u00e9s persones en contextos vulnerables.<\/p>\n\n\n\n<p class=\"colaborar-dona-portada has-purple-color has-text-color\" style=\"margin-top:var(--wp--preset--spacing--30);margin-bottom:var(--wp--preset--spacing--30);font-size:20px;font-style:normal;font-weight:700\">Com vols col\u00b7laborar?<\/p>\n\n\n\n<div class=\"wp-block-columns are-vertically-aligned-top is-not-stacked-on-mobile gap-botones-dona-portada is-layout-flex wp-container-core-columns-is-layout-285d7363 wp-block-columns-is-layout-flex\" style=\"margin-bottom:1rem\">\n<div class=\"wp-block-column is-vertically-aligned-top is-layout-flow wp-block-column-is-layout-flow\">\n<div class=\"wp-block-buttons is-layout-flex wp-block-buttons-is-layout-flex\">\n<div class=\"wp-block-button donate-buttons-2\"><a class=\"wp-block-button__link has-black-color has-white-background-color has-text-color has-background has-large-font-size has-custom-font-size wp-element-button\" style=\"border-width:2px\">50\u20ac<\/a><\/div>\n<\/div>\n<\/div>\n\n\n\n<div class=\"wp-block-column is-vertically-aligned-top is-layout-flow wp-block-column-is-layout-flow\">\n<div class=\"wp-block-buttons is-layout-flex wp-block-buttons-is-layout-flex\">\n<div class=\"wp-block-button donate-buttons-2\"><a class=\"wp-block-button__link has-black-color has-white-background-color has-text-color has-background has-large-font-size has-custom-font-size wp-element-button\" style=\"border-width:2px\">150\u20ac<\/a><\/div>\n<\/div>\n<\/div>\n\n\n\n<div class=\"wp-block-column is-vertically-aligned-top is-layout-flow wp-block-column-is-layout-flow\">\n<div class=\"wp-block-buttons is-layout-flex wp-block-buttons-is-layout-flex\">\n<div class=\"wp-block-button donate-buttons-2\"><a class=\"wp-block-button__link has-black-color has-white-background-color has-text-color has-background has-large-font-size has-custom-font-size wp-element-button\" style=\"border-width:2px\">300\u20ac<\/a><\/div>\n<\/div>\n<\/div>\n\n\n\n<div class=\"wp-block-column is-vertically-aligned-top is-layout-flow wp-block-column-is-layout-flow\">\n<div class=\"wp-block-buttons is-layout-flex wp-block-buttons-is-layout-flex\">\n<div class=\"wp-block-button donate-buttons-2 button-donate-texto\"><a class=\"wp-block-button__link has-black-color has-white-background-color has-text-color has-background wp-element-button\" style=\"border-width:2px;text-transform:none\">Otra<br>Cantidad<\/a><\/div>\n<\/div>\n<\/div>\n<\/div>\n\n\n\n<p class=\"texto-donacion-portada-2\" style=\"margin-bottom:0\">Amb <strong>300\u20ac<\/strong> brindem 1 mes d&#8217;alimentaci\u00f3 per a 84 nenes i nens refugiats al camp de refugiats de Dzaleka, Malawi.<\/p>\n\n\n\n<div class=\"wp-block-columns donar-btn is-layout-flex wp-container-core-columns-is-layout-28f84493 wp-block-columns-is-layout-flex\">\n<div class=\"wp-block-column is-layout-flow wp-block-column-is-layout-flow\">\n<div class=\"wp-block-buttons align-center-botones-portada-dona is-content-justification-left is-layout-flex wp-container-core-buttons-is-layout-0bc89592 wp-block-buttons-is-layout-flex\" style=\"margin-top:var(--wp--preset--spacing--40)\">\n<div class=\"wp-block-button ancho-minimo-boton-dona-portada\"><a class=\"wp-block-button__link has-border-color has-red-border-color wp-element-button\" href=\"https:\/\/www.entreculturas.org\/ca\/fes-te-soci-a-empreses\/\" style=\"border-width:2px\" target=\"_blank\" rel=\"noreferrer noopener\">PIMES AMB IMPACTE  <img decoding=\"async\" class=\"donate-icon\" src=\"\/wp-content\/uploads\/2023\/10\/iconocta.svg\" alt=\"Icona\"><\/a><\/div>\n<\/div>\n<\/div>\n<\/div>\n<\/div>\n<\/div>\n\n\n\n<script>document.addEventListener('DOMContentLoaded', function() {\n\t\tconst buttons = document.querySelectorAll('.donate-buttons-2 a');\n\t\tconst imageElement = document.querySelector('.donation-imagen-portada-2 img');\n\t\tconst donationTextElement = document.querySelector('.texto-donacion-portada-2');  \/\/ Selecciona el elemento de texto\n\t\tlet defaultButton;\n\t\n\t\tbuttons.forEach(button => {\n\t\t\t\/\/ Verifica si el bot\u00f3n es el de 300\n\t\t\tif(button.textContent.trim() === '300\u20ac') {\n\t\t\t\tdefaultButton = button;\n\t\t\t}\n\t\n\t\t\tbutton.addEventListener('click', function(event) {\n\t\t\t\tevent.preventDefault();\n\t\n\t\t\t\t\/\/ Desmarca todos los botones\n\t\t\t\tbuttons.forEach(innerButton => {\n\t\t\t\t\tinnerButton.classList.remove('selected');\n\t\t\t\t});\n\t\n\t\t\t\t\/\/ Marca el bot\u00f3n que fue clickeado\n\t\t\t\tthis.classList.add('selected');\n\t\n\t\t\t\t\/\/ Cambia la imagen y el srcset seg\u00fan el bot\u00f3n seleccionado\n\t\t\t\t\/\/ Y cambia el texto de donaci\u00f3n tambi\u00e9n\n\t\t\t\tswitch(this.textContent.trim()) {\n\t\t\t\t\tcase '50\u20ac':\n\t\t\t\t\t\timageElement.src = '\/wp-content\/uploads\/2024\/01\/dona-empresas-50-scaled.jpg';\n\t\t\t\t\t\timageElement.srcset = '\/wp-content\/uploads\/2024\/01\/dona-empresas-50-scaled.jpg 591w';\n\t\t\t\t\t\tdonationTextElement.innerHTML = 'Con <strong>50\u20ac proporcionamos alimentaci\u00f3n para 14 ni\u00f1as y ni\u00f1os refugiados del campo de refugiados de Dzaleka, Malaui.';\n\t\t\t\t\t\tbreak;\n\t\t\t\t\tcase '300\u20ac':\n\t\t\t\t\t\timageElement.src = '\/wp-content\/uploads\/2024\/01\/socios-empresas-300.jpg';\n\t\t\t\t\t\timageElement.srcset = '\/wp-content\/uploads\/2024\/01\/socios-empresas-300.jpg 591w, \/wp-content\/uploads\/2023\/10\/dona_home_80-300x204.png 300w';\n\t\t\t\t\t\tdonationTextElement.innerHTML = 'Con <strong>300\u20ac  brindamos formaci\u00f3n t\u00e9cnica en habilidades para la empleabilidad para 20 estudiantes con discapacidad en Bolivia.';\n\t\t\t\t\t\tbreak;\n\t\t\t\t\tcase '150\u20ac':\n\t\t\t\t\t\timageElement.src = '\/wp-content\/uploads\/2024\/01\/dona-empresas-150.jpg';\n\t\t\t\t\t\timageElement.srcset = '\/wp-content\/uploads\/2024\/01\/dona-empresas-150.jpg 591w';\n\t\t\t\t\t\tdonationTextElement.innerHTML = 'Con <strong>150\u20ac brindamos atenci\u00f3n psicosocial para 18 ni\u00f1as y ni\u00f1os refugiados en L\u00edbano.';\n\t\t\t\t\t\tbreak;\n\t\t\t\t\tdefault:\n\t\t\t\t\t\timageElement.src = '\/wp-content\/uploads\/2024\/01\/dona-empresas-otra.jpg';\n\t\t\t\t\t\timageElement.srcset = '\/wp-content\/uploads\/2024\/01\/dona-empresas-otra.jpg 591w';\n\t\t\t\t\t\tdonationTextElement.innerHTML = 'Con tu ayuda haces posible que m\u00e1s ni\u00f1os y ni\u00f1as en situaci\u00f3n de vulnerabilidad tengan acceso a la educaci\u00f3n.';\n\t\t\t\t\t\tbreak;\n\t\t\t\t}\n\t\t\t});\n\t\t});\n\t\n\t\t\/\/ Marca el bot\u00f3n de 80\u20ac por defecto al cargar la p\u00e1gina\n\t\tif (defaultButton) {\n\t\t\tdefaultButton.classList.add('selected');\n\t\t}\n\t});\n\t<\/script>\n<\/div>\n<\/div>\n<\/div><\/div>\n\n\n\n<div class=\"wp-block-theme-blocks-accordion\" style=\"background-color:#ffffff\" data-enable-expiration-logic=\"false\" data-show-open=\"false\"><div class=\"envolve-accordion\"><div class=\"accordion-pretitle-div\"><span class=\"accordion-pretitle\">Opci\u00f3n 3<\/span><\/div><div class=\"accordion-header\"><div class=\"accordion-number\">3<\/div><h4 class=\"accordion-toggle\">Implica a tu equipo y a tus clientes<\/h4><svg class=\"accordion-arrow\" xmlns=\"http:\/\/www.w3.org\/2000\/svg\" width=\"16\" height=\"16\" viewBox=\"0 0 16 16\" fill=\"none\"><path class=\"arrow-path\" d=\"M14.364 5.293C14.1764 5.10553 13.9221 5.00021 13.657 5.00021C13.3918 5.00021 13.1375 5.10553 12.95 5.293L7.99995 10.243L3.04995 5.293C2.86135 5.11084 2.60875 5.01005 2.34655 5.01233C2.08435 5.0146 1.83354 5.11977 1.64813 5.30518C1.46273 5.49059 1.35756 5.7414 1.35528 6.0036C1.353 6.2658 1.45379 6.5184 1.63595 6.707L7.29295 12.364C7.48048 12.5515 7.73479 12.6568 7.99995 12.6568C8.26512 12.6568 8.51942 12.5515 8.70695 12.364L14.364 6.707C14.5514 6.51947 14.6567 6.26516 14.6567 6C14.6567 5.73484 14.5514 5.48053 14.364 5.293Z\" fill=\"#818181\"><\/path><\/svg><\/div><\/div><div class=\"accordion-content\">\n<div class=\"wp-block-group opcion-img has-global-padding is-layout-constrained wp-container-core-group-is-layout-fa8e92c1 wp-block-group-is-layout-constrained\" style=\"margin-bottom:1.5rem\">\n<figure class=\"wp-block-image size-large is-resized has-custom-border\"><img decoding=\"async\" src=\"https:\/\/www.entreculturas.org\/wp-content\/uploads\/2023\/11\/empresas-opcion-3-1024x682.jpg\" alt=\"\" class=\"wp-image-1788\" style=\"border-radius:5px;object-fit:cover;width:888px;height:250px\"\/><\/figure>\n<\/div>\n\n\n\n<div class=\"wp-block-group has-global-padding is-layout-constrained wp-block-group-is-layout-constrained\">\n<div class=\"wp-block-columns is-layout-flex wp-container-core-columns-is-layout-28f84493 wp-block-columns-is-layout-flex\">\n<div class=\"wp-block-column is-layout-flow wp-block-column-is-layout-flow\" style=\"flex-basis:7%\">\n<figure class=\"wp-block-image size-full\"><img decoding=\"async\" src=\"https:\/\/www.entreculturas.org\/wp-content\/uploads\/2023\/10\/wallet-1.svg\" alt=\"\" class=\"wp-image-1637\"\/><\/figure>\n<\/div>\n\n\n\n<div class=\"wp-block-column is-layout-flow wp-block-column-is-layout-flow\">\n<p class=\"op-3-title has-red-color has-text-color has-medium-font-size\" style=\"font-style:normal;font-weight:600\">Euro solidari \/ n\u00f2mina solid\u00e0ria<\/p>\n\n\n\n<p>Els empleats i empleades que volunt\u00e0riament hi vulguin participar arrodoneixen l&#8217;import de la seva n\u00f2mina amb una petita difer\u00e8ncia, per col\u00b7laborar en el finan\u00e7ament d&#8217;un projecte.<\/p>\n<\/div>\n<\/div>\n\n\n\n<div class=\"wp-block-columns is-layout-flex wp-container-core-columns-is-layout-28f84493 wp-block-columns-is-layout-flex\">\n<div class=\"wp-block-column is-layout-flow wp-block-column-is-layout-flow\" style=\"flex-basis:7%\">\n<figure class=\"wp-block-image size-full\"><img decoding=\"async\" src=\"https:\/\/www.entreculturas.org\/wp-content\/uploads\/2023\/10\/voluntariado.svg\" alt=\"\" class=\"wp-image-1638\"\/><\/figure>\n<\/div>\n\n\n\n<div class=\"wp-block-column is-layout-flow wp-block-column-is-layout-flow\">\n<p class=\"op-3-title has-red-color has-text-color has-medium-font-size\" style=\"font-style:normal;font-weight:600\">Voluntariat corporatiu<\/p>\n\n\n\n<p>Els talents dels teus professionals tamb\u00e9 tenen impacte i poden realitzar-se tant en l\u00ednia com a presencial.<\/p>\n<\/div>\n<\/div>\n\n\n\n<div class=\"wp-block-columns is-layout-flex wp-container-core-columns-is-layout-28f84493 wp-block-columns-is-layout-flex\">\n<div class=\"wp-block-column is-layout-flow wp-block-column-is-layout-flow\" style=\"flex-basis:7%\">\n<figure class=\"wp-block-image size-full\"><img decoding=\"async\" src=\"https:\/\/www.entreculturas.org\/wp-content\/uploads\/2023\/10\/shopping-cart-1.svg\" alt=\"\" class=\"wp-image-1639\"\/><\/figure>\n<\/div>\n\n\n\n<div class=\"wp-block-column is-layout-flow wp-block-column-is-layout-flow\">\n<p class=\"op-3-title has-red-color has-text-color has-medium-font-size\" style=\"font-style:normal;font-weight:600\">M\u00e0rqueting amb causa<\/p>\n\n\n\n<p>Vincula la venda d&#8217;algun dels teus productes amb una causa social, destinant els beneficis de la venda a un dels nostres projectes. Tamb\u00e9 podeu aplicar a les vostres vendes l&#8217;arrodoniment de tiquet de compra per a aquells clients que vulguin col\u00b7laborar amb Entreculturas a trav\u00e9s d&#8217;un senzill gest.<\/p>\n<\/div>\n<\/div>\n\n\n\n<div class=\"wp-block-columns is-layout-flex wp-container-core-columns-is-layout-28f84493 wp-block-columns-is-layout-flex\">\n<div class=\"wp-block-column is-layout-flow wp-block-column-is-layout-flow\" style=\"flex-basis:7%\">\n<figure class=\"wp-block-image size-full\"><img decoding=\"async\" src=\"https:\/\/www.entreculturas.org\/wp-content\/uploads\/2023\/10\/sprout-1.svg\" alt=\"\" class=\"wp-image-1640\"\/><\/figure>\n<\/div>\n\n\n\n<div class=\"wp-block-column is-layout-flow wp-block-column-is-layout-flow\">\n<p class=\"op-3-title has-red-color has-text-color has-medium-font-size\" style=\"font-style:normal;font-weight:600\">Programa recicoles<\/p>\n\n\n\n<p>Si us identifiqueu amb la causa mediambiental i us interessa reciclar, podeu generar un doble impacte en unir-vos al nostre programa de reciclatge d&#8217;oficina que (amb el material de les empreses) d\u00f3na suport a la consecuci\u00f3 de fons per al nostre projecte a l&#8217;Amaz\u00f2nia.<br><a href=\"https:\/\/www.entreculturas.org\/es\/recicoles\/\" target=\"_blank\" rel=\"noreferrer noopener\"><strong>Coneix el programa aqu\u00ed<\/strong><\/a><\/p>\n<\/div>\n<\/div>\n\n\n\n<div class=\"wp-block-columns is-layout-flex wp-container-core-columns-is-layout-28f84493 wp-block-columns-is-layout-flex\">\n<div class=\"wp-block-column is-layout-flow wp-block-column-is-layout-flow\" style=\"flex-basis:7%\">\n<figure class=\"wp-block-image size-full\"><img decoding=\"async\" src=\"https:\/\/www.entreculturas.org\/wp-content\/uploads\/2023\/10\/gift-1.svg\" alt=\"\" class=\"wp-image-1641\"\/><\/figure>\n<\/div>\n\n\n\n<div class=\"wp-block-column is-layout-flow wp-block-column-is-layout-flow\">\n<p class=\"op-3-title has-red-color has-text-color has-medium-font-size\" style=\"font-style:normal;font-weight:600\">Regala entrecultures<\/p>\n\n\n\n<p>Regals solidaris de comer\u00e7 just i targetes nadalenques per a clients, empleats i empleades a <a href=\"https:\/\/regala.entreculturas.org\/\" target=\"_blank\" rel=\"noreferrer noopener\"><strong>la nostra<\/strong><\/a><strong><a href=\"https:\/\/regala.entreculturas.org\/\" target=\"_blank\" rel=\"noreferrer noopener\"> <\/a><\/strong><a data-type=\"page\" data-id=\"1625\" href=\"https:\/\/regala.entreculturas.org\/\"><strong>botiga online<\/strong><\/a> .<\/p>\n<\/div>\n<\/div>\n\n\n\n<div class=\"wp-block-columns is-layout-flex wp-container-core-columns-is-layout-28f84493 wp-block-columns-is-layout-flex\">\n<div class=\"wp-block-column is-layout-flow wp-block-column-is-layout-flow\" style=\"flex-basis:7%\">\n<figure class=\"wp-block-image size-full\"><img decoding=\"async\" src=\"https:\/\/www.entreculturas.org\/wp-content\/uploads\/2023\/10\/data-vis-1-1.svg\" alt=\"\" class=\"wp-image-1642\"\/><\/figure>\n<\/div>\n\n\n\n<div class=\"wp-block-column is-layout-flow wp-block-column-is-layout-flow\">\n<p class=\"op-3-title has-red-color has-text-color has-medium-font-size\" style=\"font-style:normal;font-weight:600\">Assessorament pro-bo<\/p>\n\n\n\n<p>Els empleats de la teva empresa aporten coneixements i experi\u00e8ncia per col\u00b7laborar amb la nostra missi\u00f3.<\/p>\n<\/div>\n<\/div>\n<\/div>\n<\/div><\/div>\n\n\n\n<div class=\"wp-block-theme-blocks-accordion\" style=\"background-color:#ffffff\" data-enable-expiration-logic=\"false\" data-show-open=\"false\"><div class=\"envolve-accordion\"><div class=\"accordion-pretitle-div\"><span class=\"accordion-pretitle\">Opci\u00f3n 4<\/span><\/div><div class=\"accordion-header\"><div class=\"accordion-number\">4<\/div><h4 class=\"accordion-toggle\">Colabora con nuestra carrera \u201cCorre por una causa\u201d<\/h4><svg class=\"accordion-arrow\" xmlns=\"http:\/\/www.w3.org\/2000\/svg\" width=\"16\" height=\"16\" viewBox=\"0 0 16 16\" fill=\"none\"><path class=\"arrow-path\" d=\"M14.364 5.293C14.1764 5.10553 13.9221 5.00021 13.657 5.00021C13.3918 5.00021 13.1375 5.10553 12.95 5.293L7.99995 10.243L3.04995 5.293C2.86135 5.11084 2.60875 5.01005 2.34655 5.01233C2.08435 5.0146 1.83354 5.11977 1.64813 5.30518C1.46273 5.49059 1.35756 5.7414 1.35528 6.0036C1.353 6.2658 1.45379 6.5184 1.63595 6.707L7.29295 12.364C7.48048 12.5515 7.73479 12.6568 7.99995 12.6568C8.26512 12.6568 8.51942 12.5515 8.70695 12.364L14.364 6.707C14.5514 6.51947 14.6567 6.26516 14.6567 6C14.6567 5.73484 14.5514 5.48053 14.364 5.293Z\" fill=\"#818181\"><\/path><\/svg><\/div><\/div><div class=\"accordion-content\">\n<div class=\"wp-block-group is-vertical is-content-justification-stretch is-layout-flex wp-container-core-group-is-layout-353c4f5a wp-block-group-is-layout-flex\">\n<div class=\"wp-block-group opcion-img has-global-padding is-layout-constrained wp-container-core-group-is-layout-b2f537b5 wp-block-group-is-layout-constrained\" style=\"margin-bottom:var(--wp--preset--spacing--40)\">\n<figure class=\"wp-block-image aligncenter size-full is-resized has-custom-border\"><img decoding=\"async\" width=\"840\" height=\"250\" src=\"https:\/\/www.entreculturas.org\/wp-content\/uploads\/2023\/10\/patrocina-nuestra-carrera.png\" alt=\"\" class=\"wp-image-1628\" style=\"border-radius:5px;object-fit:cover;width:888px;height:250px\" srcset=\"https:\/\/www.entreculturas.org\/wp-content\/uploads\/2023\/10\/patrocina-nuestra-carrera.png 840w, https:\/\/www.entreculturas.org\/wp-content\/uploads\/2023\/10\/patrocina-nuestra-carrera-300x89.png 300w, https:\/\/www.entreculturas.org\/wp-content\/uploads\/2023\/10\/patrocina-nuestra-carrera-768x229.png 768w\" sizes=\"(max-width: 840px) 100vw, 840px\" \/><\/figure>\n<\/div>\n\n\n\n<div class=\"wp-block-group has-global-padding is-layout-constrained wp-block-group-is-layout-constrained\">\n<div class=\"wp-block-group no-padding-patronato has-global-padding is-layout-constrained wp-container-core-group-is-layout-42b5475c wp-block-group-is-layout-constrained\" style=\"padding-top:0;padding-bottom:0;padding-left:0\">\n<p style=\"margin-left:0\">Anualment organitzem la nostra carrera \u201cCorre per una causa\u201d per promoure la participaci\u00f3 de la poblaci\u00f3, sensibilitzar i recaptar fons per a un dels nostres projectes. Anima&#8217;t! Pots participar-hi:<\/p>\n<\/div>\n\n\n\n<ul style=\"margin-top:var(--wp--preset--spacing--40);padding-left:0px\" class=\"wp-block-list red-marker\">\n<li class=\"red-marker text-lista-entorno-seguro\">Recolzant l&#8217;esdeveniment.<\/li>\n\n\n\n<li class=\"red-marker text-lista-entorno-seguro\">Fent una donaci\u00f3 al projecte.<\/li>\n\n\n\n<li class=\"red-marker text-lista-entorno-seguro\">Adquirint dorsals per als teus clients, empleats o empleades perqu\u00e8 participin a la carrera.<\/li>\n\n\n\n<li class=\"red-marker text-lista-entorno-seguro\">Difonent la carrera a les teves xarxes socials i canals de comunicaci\u00f3.<\/li>\n\n\n\n<li class=\"red-marker text-lista-entorno-seguro\">Animant els teus empleats i empleades a fer voluntariats per ajudar-nos amb la log\u00edstica.<\/li>\n\n\n\n<li class=\"red-marker text-lista-entorno-seguro\">Donant materials.<\/li>\n<\/ul>\n\n\n\n<div class=\"wp-block-buttons width-100-qs-banner is-content-justification-left is-layout-flex wp-container-core-buttons-is-layout-0bc89592 wp-block-buttons-is-layout-flex\" style=\"margin-top:var(--wp--preset--spacing--40)\">\n<div class=\"wp-block-button width-100-qs-banner\"><a class=\"wp-block-button__link wp-element-button\" href=\"https:\/\/correporunacausa.org\/patrocinadores\/\" target=\"_blank\" rel=\"noreferrer noopener\">M\u00e9s informaci\u00f3<\/a><\/div>\n<\/div>\n<\/div>\n<\/div>\n<\/div><\/div>\n<\/div>\n\n\n\n<div class=\"wp-block-group has-global-padding is-layout-constrained wp-block-group-is-layout-constrained\" style=\"margin-top:3.5rem;margin-bottom:var(--wp--preset--spacing--40)\">\n<figure class=\"wp-block-image aligncenter size-full heart-divider\"><img decoding=\"async\" src=\"https:\/\/www.entreculturas.org\/wp-content\/uploads\/2023\/09\/heart.svg\" alt=\"\" class=\"wp-image-220\"\/><\/figure>\n<\/div>\n\n\n\n<div class=\"wp-block-group has-global-padding is-layout-constrained wp-block-group-is-layout-constrained\">\n<p class=\"has-text-align-center text-wrap-balance nuestras-causas-portada has-gray-entreculturas-color has-text-color\" style=\"padding-right:20px;padding-bottom:0.5rem;padding-left:20px;font-size:37px;font-style:normal;font-weight:700;line-height:1.1\">Beneficis d&#8217;unir-te a<\/p>\n\n\n\n<p class=\"has-text-align-center text-wrap-balance nuestras-causas-portada p2 has-gray-entreculturas-color has-text-color\" style=\"padding-right:20px;padding-bottom:var(--wp--preset--spacing--50);padding-left:20px;font-size:37px;font-style:normal;font-weight:700;line-height:1.1\">  empreses per una causa<\/p>\n\n\n\n<p class=\"has-text-align-center beneficios-subtitle\" style=\"margin-bottom:2.6rem;font-size:20px\">Una col\u00b7laboraci\u00f3 per fer cr\u00e9ixer la teva empresa<\/p>\n<\/div>\n\n\n\n<div class=\"wp-block-group empresas-beneficios has-global-padding is-layout-constrained wp-container-core-group-is-layout-4106dc13 wp-block-group-is-layout-constrained\" style=\"padding-right:20px;padding-bottom:var(--wp--preset--spacing--60);padding-left:20px\">\n<div class=\"wp-block-columns empresas-beneficios-column is-layout-flex wp-container-core-columns-is-layout-14cf5ab5 wp-block-columns-is-layout-flex\">\n<div class=\"wp-block-column is-layout-flow wp-block-column-is-layout-flow\">\n<div class=\"wp-block-group height-100 beneficio-pila has-white-background-color has-background is-vertical is-content-justification-stretch is-layout-flex wp-container-core-group-is-layout-f027ef41 wp-block-group-is-layout-flex\" style=\"border-radius:10px;padding-top:30px;padding-right:16px;padding-bottom:30px;padding-left:16px\">\n<div class=\"wp-block-group has-global-padding is-layout-constrained wp-block-group-is-layout-constrained\" style=\"padding-bottom:7px\">\n<figure class=\"wp-block-image aligncenter size-full\"><img decoding=\"async\" src=\"https:\/\/www.entreculturas.org\/wp-content\/uploads\/2023\/10\/Impacto-social.svg\" alt=\"\" class=\"wp-image-1629\"\/><\/figure>\n<\/div>\n\n\n\n<p class=\"has-text-align-center\" style=\"margin-bottom:4px;font-style:normal;font-weight:900\">Impacte social<\/p>\n\n\n\n<p class=\"has-text-align-center\" style=\"font-size:12px\">Ampliar limpacte social, i refor\u00e7ar la Responsabilitat Social Corporativa.<\/p>\n<\/div>\n<\/div>\n\n\n\n<div class=\"wp-block-column is-layout-flow wp-block-column-is-layout-flow\">\n<div class=\"wp-block-group height-100 has-white-background-color has-background is-vertical is-content-justification-stretch is-layout-flex wp-container-core-group-is-layout-4e3698c1 wp-block-group-is-layout-flex\" style=\"border-radius:10px;padding-top:23px;padding-right:16px;padding-bottom:23px;padding-left:16px\">\n<div class=\"wp-block-group has-global-padding is-layout-constrained wp-block-group-is-layout-constrained\" style=\"padding-bottom:10px\">\n<figure class=\"wp-block-image aligncenter size-full\"><img decoding=\"async\" src=\"https:\/\/www.entreculturas.org\/wp-content\/uploads\/2023\/10\/reconocimiento.svg\" alt=\"\" class=\"wp-image-1630\"\/><\/figure>\n<\/div>\n\n\n\n<p class=\"has-text-align-center\" style=\"margin-bottom:4px;font-style:normal;font-weight:900\">Reconeixement<\/p>\n\n\n\n<p class=\"has-text-align-center\" style=\"font-size:12px\">Col\u00b7laborar amb una ONG coneguda, seriosa i transparent.<\/p>\n<\/div>\n<\/div>\n\n\n\n<div class=\"wp-block-column is-layout-flow wp-block-column-is-layout-flow\">\n<div class=\"wp-block-group height-100 has-white-background-color has-background is-vertical is-content-justification-stretch is-layout-flex wp-container-core-group-is-layout-d3684a61 wp-block-group-is-layout-flex\" style=\"border-radius:10px;padding-top:19px;padding-right:16px;padding-bottom:19px;padding-left:16px\">\n<div class=\"wp-block-group has-global-padding is-layout-constrained wp-block-group-is-layout-constrained\" style=\"padding-bottom:6px\">\n<figure class=\"wp-block-image aligncenter size-full is-resized\"><img decoding=\"async\" src=\"https:\/\/www.entreculturas.org\/wp-content\/uploads\/2023\/10\/reputacion.svg\" alt=\"\" class=\"wp-image-1631\" style=\"object-fit:cover;width:63px;height:63px\"\/><\/figure>\n<\/div>\n\n\n\n<p class=\"has-text-align-center\" style=\"margin-bottom:2px;font-style:normal;font-weight:900\">Reputaci\u00f3<\/p>\n\n\n\n<p class=\"has-text-align-center\" style=\"font-size:12px\">Potenciar la reputaci\u00f3 de la teva empresa entre els clients, prove\u00efdors i p\u00fablic proper.<\/p>\n<\/div>\n<\/div>\n\n\n\n<div class=\"wp-block-column is-layout-flow wp-block-column-is-layout-flow\">\n<div class=\"wp-block-group height-100 has-white-background-color has-background is-vertical is-content-justification-stretch is-layout-flex wp-container-core-group-is-layout-d3684a61 wp-block-group-is-layout-flex\" style=\"border-radius:10px;padding-top:19px;padding-right:16px;padding-bottom:19px;padding-left:16px\">\n<div class=\"wp-block-group has-global-padding is-layout-constrained wp-block-group-is-layout-constrained\" style=\"padding-bottom:7px\">\n<figure class=\"wp-block-image aligncenter size-full is-resized\"><img decoding=\"async\" src=\"https:\/\/www.entreculturas.org\/wp-content\/uploads\/2023\/10\/Alcance.svg\" alt=\"\" class=\"wp-image-1632\" style=\"object-fit:cover;width:64px;height:62px\"\/><\/figure>\n<\/div>\n\n\n\n<p class=\"has-text-align-center\" style=\"margin-bottom:2px;font-style:normal;font-weight:900\">Abast<\/p>\n\n\n\n<p class=\"has-text-align-center\" style=\"font-size:12px\">Difondre la teva participaci\u00f3 al programa als teus canals de comunicaci\u00f3 i xarxes socials.<\/p>\n<\/div>\n<\/div>\n<\/div>\n\n\n\n<div class=\"wp-block-columns empresas-beneficios-column is-layout-flex wp-container-core-columns-is-layout-14cf5ab5 wp-block-columns-is-layout-flex\">\n<div class=\"wp-block-column is-layout-flow wp-block-column-is-layout-flow\">\n<div class=\"wp-block-group height-100 has-white-background-color has-background is-vertical is-content-justification-stretch is-layout-flex wp-container-core-group-is-layout-a9d43e9a wp-block-group-is-layout-flex\" style=\"border-radius:10px;padding-top:24px;padding-right:16px;padding-bottom:30px;padding-left:16px\">\n<div class=\"wp-block-group has-global-padding is-layout-constrained wp-block-group-is-layout-constrained\" style=\"padding-bottom:7px\">\n<figure class=\"wp-block-image aligncenter size-full is-resized\"><img decoding=\"async\" src=\"https:\/\/www.entreculturas.org\/wp-content\/uploads\/2023\/11\/beneficios-fiscales.svg\" alt=\"\" class=\"wp-image-1800\" style=\"object-fit:cover;width:69px;height:60px\"\/><\/figure>\n<\/div>\n\n\n\n<p class=\"has-text-align-center\" style=\"margin-bottom:4px;font-style:normal;font-weight:900\">Beneficis fiscals<\/p>\n\n\n\n<p class=\"has-text-align-center\" style=\"font-size:12px\">Beneficiar el teu negoci<br> amb la deducci\u00f3 fiscal corresponent.<\/p>\n<\/div>\n<\/div>\n\n\n\n<div class=\"wp-block-column is-layout-flow wp-block-column-is-layout-flow\">\n<div class=\"wp-block-group height-100 has-white-background-color has-background is-vertical is-content-justification-stretch is-layout-flex wp-container-core-group-is-layout-d789077f wp-block-group-is-layout-flex\" style=\"border-radius:10px;padding-top:25px;padding-right:16px;padding-bottom:30px;padding-left:16px\">\n<div class=\"wp-block-group has-global-padding is-layout-constrained wp-block-group-is-layout-constrained\" style=\"padding-bottom:7px;font-size:16px\">\n<figure class=\"wp-block-image aligncenter size-full is-resized\"><img decoding=\"async\" src=\"https:\/\/www.entreculturas.org\/wp-content\/uploads\/2023\/10\/liderazgo.svg\" alt=\"\" class=\"wp-image-1634\" style=\"object-fit:cover;width:60px;height:59px\"\/><\/figure>\n<\/div>\n\n\n\n<p class=\"has-text-align-center\" style=\"margin-bottom:4px;font-style:normal;font-weight:900\">Lideratge<\/p>\n\n\n\n<p class=\"has-text-align-center\" style=\"font-size:12px\">Motivar els empleats i empleades del teu<br> empresa o comer\u00e7.<\/p>\n<\/div>\n<\/div>\n\n\n\n<div class=\"wp-block-column is-layout-flow wp-block-column-is-layout-flow\">\n<div class=\"wp-block-group height-100 has-white-background-color has-background is-vertical is-content-justification-stretch is-layout-flex wp-container-core-group-is-layout-a9d43e9a wp-block-group-is-layout-flex\" style=\"border-radius:10px;padding-top:24px;padding-right:16px;padding-bottom:30px;padding-left:16px\">\n<div class=\"wp-block-group has-global-padding is-layout-constrained wp-block-group-is-layout-constrained\" style=\"padding-bottom:7px;font-size:8px\">\n<figure class=\"wp-block-image aligncenter size-full is-resized\"><img decoding=\"async\" src=\"https:\/\/www.entreculturas.org\/wp-content\/uploads\/2023\/10\/sostenibilidad.svg\" alt=\"\" class=\"wp-image-1635\" style=\"object-fit:cover;width:84px;height:59px\"\/><\/figure>\n<\/div>\n\n\n\n<p class=\"has-text-align-center\" style=\"margin-bottom:4px;font-style:normal;font-weight:900\">Sostenibilitat<\/p>\n\n\n\n<p class=\"has-text-align-center\" style=\"font-size:12px\">Fidelitzar els teus clients per la teva implicaci\u00f3 en els objectius de desenvolupament sostenible.<\/p>\n<\/div>\n<\/div>\n\n\n\n<div class=\"wp-block-column is-layout-flow wp-block-column-is-layout-flow\">\n<div class=\"wp-block-group height-100 has-white-background-color has-background is-vertical is-content-justification-stretch is-layout-flex wp-container-core-group-is-layout-b7235019 wp-block-group-is-layout-flex\" style=\"border-radius:10px;padding-top:32px;padding-right:16px;padding-bottom:18px;padding-left:16px\">\n<div class=\"wp-block-group has-global-padding is-layout-constrained wp-block-group-is-layout-constrained\" style=\"padding-bottom:13px;font-size:15px\">\n<figure class=\"wp-block-image aligncenter size-full is-resized\"><img decoding=\"async\" src=\"https:\/\/www.entreculturas.org\/wp-content\/uploads\/2023\/10\/visibilidad.svg\" alt=\"\" class=\"wp-image-1636\" style=\"object-fit:cover;width:84px;height:44px\"\/><\/figure>\n<\/div>\n\n\n\n<p class=\"has-text-align-center\" style=\"margin-bottom:4px;font-style:normal;font-weight:900\">Visibilitat<\/p>\n\n\n\n<p class=\"has-text-align-center\" style=\"font-size:12px\">Major visibilitat com a empresa que assumeix la seva responsabilitat amb la societat.<\/p>\n<\/div>\n<\/div>\n<\/div>\n<\/div>\n\n\n\n<div class=\"wp-block-group heart-divider has-global-padding is-layout-constrained wp-container-core-group-is-layout-7db9d80f wp-block-group-is-layout-constrained\" style=\"padding-right:0;padding-left:0\">\n<figure class=\"wp-block-image aligncenter size-full\"><img decoding=\"async\" src=\"https:\/\/www.entreculturas.org\/wp-content\/uploads\/2023\/09\/heart.svg\" alt=\"\" class=\"wp-image-220\"\/><\/figure>\n<\/div>\n\n\n\n<div class=\"wp-block-group has-global-padding is-layout-constrained wp-container-core-group-is-layout-3b0f2f7d wp-block-group-is-layout-constrained\" style=\"padding-right:20px;padding-left:20px\">\n<h3 class=\"wp-block-heading has-text-align-center all-caps-text text-28 has-red-color has-text-color\" id=\"h-ara-les-teves-donacions-valen-mes\" style=\"padding-bottom:0;font-size:4.3rem\"><strong>Ara les teves donacions valen m\u00e9s<\/strong><\/h3>\n\n\n\n<p class=\"has-text-align-center\">Sabies que a partir de l&#8217;1 de gener de 2024 all\u00f2 que aportes a entitats ben\u00e8fiques <strong>desgrava m\u00e9s<\/strong> a la teva declaraci\u00f3 de la renda?<\/p>\n<\/div>\n\n\n\n<div class=\"wp-block-group no-margin has-global-padding is-content-justification-center is-layout-constrained wp-container-core-group-is-layout-f43a6441 wp-block-group-is-layout-constrained\" style=\"margin-top:0;margin-bottom:0;padding-top:var(--wp--preset--spacing--70);padding-right:0px;padding-bottom:var(--wp--preset--spacing--70);padding-left:0\">\n<div class=\"wp-block-group has-global-padding is-layout-constrained wp-container-core-group-is-layout-3b0f2f7d wp-block-group-is-layout-constrained\" style=\"padding-right:20px;padding-left:20px\">\n<div class=\"wp-block-group has-white-background-color has-background has-global-padding is-layout-constrained wp-container-core-group-is-layout-e093d167 wp-block-group-is-layout-constrained\" style=\"border-radius:15px;margin-bottom:var(--wp--preset--spacing--60);padding-top:var(--wp--preset--spacing--70);padding-right:var(--wp--preset--spacing--40);padding-bottom:var(--wp--preset--spacing--70);padding-left:var(--wp--preset--spacing--40)\">\n<div class=\"wp-block-group has-global-padding is-layout-constrained wp-container-core-group-is-layout-d1c4f937 wp-block-group-is-layout-constrained\" style=\"margin-top:0;margin-bottom:0;padding-top:var(--wp--preset--spacing--40)\">\n<ul class=\"wp-block-list\">\n<li>Si portes <strong>menys de 3 anys<\/strong> col\u00b7laborant amb Entreculturas, la deducci\u00f3 \u00e9s del <strong>40%<\/strong> .<\/li>\n\n\n\n<li>Si la teva col\u00b7laboraci\u00f3 <strong>supera els 3 anys,<\/strong> la deducci\u00f3 <strong>augmenta fins al 50%.<\/strong><\/li>\n<\/ul>\n\n\n\n<p>Si resideixes en una comunitat aut\u00f2noma subjecta a un r\u00e8gim foral particular o amb deduccions addicionals per donacions a ONG, pots tenir deduccions diferents.  <\/p>\n\n\n\n<p>Recordeu que, perqu\u00e8 puguem informar al gener l&#8217;Ag\u00e8ncia Tribut\u00e0ria de l&#8217;import de les vostres quotes i\/o donatius, necessitem les vostres dades fiscals. Si encara no ens han facilitat les teves dades, truca&#8217;ns al 91 590 26 72 o escriu-nos a <a href=\"mailto:empresas@entreculturas.org\">empresas@entreculturas.org<\/a> .  <\/p>\n<\/div>\n\n\n\n<div class=\"wp-block-buttons is-content-justification-center is-layout-flex wp-container-core-buttons-is-layout-d8c0be80 wp-block-buttons-is-layout-flex\" style=\"margin-top:var(--wp--preset--spacing--40)\">\n<div class=\"wp-block-button\"><a class=\"wp-block-button__link wp-element-button\" href=\"https:\/\/www.entreculturas.org\/ca\/dona-empreses\/\" target=\"_blank\" rel=\"noreferrer noopener\">vull donar<\/a><\/div>\n<\/div>\n<\/div>\n\n\n\n<p><\/p>\n<\/div>\n<\/div>\n\n\n\n<div class=\"wp-block-group has-global-padding is-layout-constrained wp-container-core-group-is-layout-a7c79171 wp-block-group-is-layout-constrained\" style=\"margin-top:var(--wp--preset--spacing--60);margin-bottom:var(--wp--preset--spacing--80);padding-top:0;padding-right:20px;padding-left:20px\">\n<div class=\"wp-block-group carousel has-white-background-color has-background is-vertical is-content-justification-stretch is-layout-flex wp-container-core-group-is-layout-1dd6f1ea wp-block-group-is-layout-flex\" style=\"border-radius:15px;padding-top:var(--wp--preset--spacing--70);padding-bottom:var(--wp--preset--spacing--50)\">\n<h2 class=\"wp-block-heading has-text-align-center text-wrap-balance nuestras-causas-portada\" id=\"h-principals-empreses-col-laboradores\" style=\"margin-bottom:var(--wp--preset--spacing--70);font-size:40px\">Principals empreses col\u00b7laboradores<\/h2>\n\n\n\n<div class=\"wp-block-columns is-not-stacked-on-mobile empresas-horizontal animation-scroll-bar carousel__wrapper is-layout-flex wp-container-core-columns-is-layout-8351d469 wp-block-columns-is-layout-flex\" style=\"margin-bottom:var(--wp--preset--spacing--50)\">\n<div class=\"wp-block-column is-vertically-aligned-center carousel__slide flex-none margin-right-horizontal-empresas accenture-top is-layout-flow wp-block-column-is-layout-flow\">\n<div class=\"wp-block-group carousel__image has-global-padding is-layout-constrained wp-block-group-is-layout-constrained\">\n<figure class=\"wp-block-image size-full\"><img decoding=\"async\" src=\"https:\/\/www.entreculturas.org\/wp-content\/uploads\/2023\/11\/Accenture-logo-1.svg\" alt=\"\" class=\"wp-image-1661\"\/><\/figure>\n<\/div>\n<\/div>\n\n\n\n<div class=\"wp-block-column is-vertically-aligned-center carousel__slide flex-none margin-right-horizontal-empresas is-layout-flow wp-block-column-is-layout-flow\">\n<div class=\"wp-block-group carousel__image has-global-padding is-layout-constrained wp-block-group-is-layout-constrained\">\n<figure class=\"wp-block-image aligncenter size-full\"><img decoding=\"async\" src=\"https:\/\/www.entreculturas.org\/wp-content\/uploads\/2023\/11\/Inditex_logo_black-1-1.png\" alt=\"\" class=\"wp-image-1689\"\/><\/figure>\n<\/div>\n<\/div>\n\n\n\n<div class=\"wp-block-column is-vertically-aligned-center carousel__slide flex-none margin-right-horizontal-empresas is-layout-flow wp-block-column-is-layout-flow\">\n<div class=\"wp-block-group carousel__image has-global-padding is-layout-constrained wp-block-group-is-layout-constrained\">\n<figure class=\"wp-block-image size-full\"><img decoding=\"async\" src=\"https:\/\/www.entreculturas.org\/wp-content\/uploads\/2023\/11\/logo-Deloitte-1-1.png\" alt=\"\" class=\"wp-image-1691\"\/><\/figure>\n<\/div>\n<\/div>\n\n\n\n<div class=\"wp-block-column is-vertically-aligned-center carousel__slide flex-none margin-right-horizontal-empresas is-layout-flow wp-block-column-is-layout-flow\">\n<div class=\"wp-block-group carousel__image has-global-padding is-layout-constrained wp-block-group-is-layout-constrained\">\n<figure class=\"wp-block-image size-full\"><img decoding=\"async\" src=\"https:\/\/www.entreculturas.org\/wp-content\/uploads\/2023\/11\/BBVA_2019-1-2-1.png\" alt=\"\" class=\"wp-image-1694\"\/><\/figure>\n<\/div>\n<\/div>\n\n\n\n<div class=\"wp-block-column is-vertically-aligned-center carousel__slide flex-none margin-right-horizontal-empresas is-layout-flow wp-block-column-is-layout-flow\">\n<div class=\"wp-block-group carousel__image has-global-padding is-layout-constrained wp-block-group-is-layout-constrained\">\n<figure class=\"wp-block-image size-full\"><img decoding=\"async\" src=\"https:\/\/www.entreculturas.org\/wp-content\/uploads\/2023\/11\/OIP-1.svg\" alt=\"\" class=\"wp-image-1665\"\/><\/figure>\n<\/div>\n<\/div>\n\n\n\n<div class=\"wp-block-column is-vertically-aligned-center carousel__slide flex-none margin-right-horizontal-empresas is-layout-flow wp-block-column-is-layout-flow\">\n<div class=\"wp-block-group carousel__image has-global-padding is-layout-constrained wp-block-group-is-layout-constrained\">\n<figure class=\"wp-block-image size-full\"><img decoding=\"async\" src=\"https:\/\/www.entreculturas.org\/wp-content\/uploads\/2023\/11\/Liferay-logo-full-color-2x-1.svg\" alt=\"\" class=\"wp-image-1666\"\/><\/figure>\n<\/div>\n<\/div>\n\n\n\n<div class=\"wp-block-column is-vertically-aligned-center carousel__slide flex-none margin-right-horizontal-empresas is-layout-flow wp-block-column-is-layout-flow\">\n<div class=\"wp-block-group carousel__image has-global-padding is-layout-constrained wp-block-group-is-layout-constrained\">\n<figure class=\"wp-block-image size-full\"><img decoding=\"async\" src=\"https:\/\/www.entreculturas.org\/wp-content\/uploads\/2023\/11\/logo-sedatex-1.png\" alt=\"\" class=\"wp-image-1696\"\/><\/figure>\n<\/div>\n<\/div>\n\n\n\n<div class=\"wp-block-column is-vertically-aligned-center flex-none margin-right-horizontal-empresas is-layout-flow wp-block-column-is-layout-flow\">\n<div class=\"wp-block-group carousel__image has-global-padding is-layout-constrained wp-block-group-is-layout-constrained\">\n<figure class=\"wp-block-image size-full\"><img decoding=\"async\" src=\"https:\/\/www.entreculturas.org\/wp-content\/uploads\/2023\/11\/profuturo-logo-1.png\" alt=\"\" class=\"wp-image-1698\"\/><\/figure>\n<\/div>\n<\/div>\n\n\n\n<div class=\"wp-block-column is-vertically-aligned-center carousel__slide flex-none margin-right-horizontal-empresas is-layout-flow wp-block-column-is-layout-flow\">\n<div class=\"wp-block-group carousel__image has-global-padding is-layout-constrained wp-block-group-is-layout-constrained\">\n<figure class=\"wp-block-image size-full\"><img decoding=\"async\" src=\"https:\/\/www.entreculturas.org\/wp-content\/uploads\/2023\/11\/AF_MAPFRE_POS_H_RGB-1.png\" alt=\"\" class=\"wp-image-1702\"\/><\/figure>\n<\/div>\n<\/div>\n\n\n\n<div class=\"wp-block-column is-vertically-aligned-center carousel__slide flex-none margin-right-horizontal-empresas is-layout-flow wp-block-column-is-layout-flow\">\n<div class=\"wp-block-group carousel__image has-global-padding is-layout-constrained wp-block-group-is-layout-constrained\">\n<figure class=\"wp-block-image size-full is-resized\"><img decoding=\"async\" src=\"https:\/\/www.entreculturas.org\/wp-content\/uploads\/2023\/11\/Banco_Santander_Logotipo-1.png\" alt=\"\" class=\"wp-image-1700\" style=\"aspect-ratio:4.7631578947368425\"\/><\/figure>\n<\/div>\n<\/div>\n\n\n\n<div class=\"wp-block-column is-vertically-aligned-center carousel__slide flex-none margin-right-horizontal-empresas is-layout-flow wp-block-column-is-layout-flow\">\n<div class=\"wp-block-group carousel__image has-global-padding is-layout-constrained wp-block-group-is-layout-constrained\">\n<figure class=\"wp-block-image size-full\"><img decoding=\"async\" src=\"https:\/\/www.entreculturas.org\/wp-content\/uploads\/2023\/11\/Subterra_LogotipoV2-1.png\" alt=\"\" class=\"wp-image-1704\"\/><\/figure>\n<\/div>\n<\/div>\n\n\n\n<div class=\"wp-block-column is-vertically-aligned-center carousel__slide flex-none margin-right-horizontal-empresas is-layout-flow wp-block-column-is-layout-flow\">\n<div class=\"wp-block-group carousel__image has-global-padding is-layout-constrained wp-block-group-is-layout-constrained\">\n<figure class=\"wp-block-image size-full\"><img decoding=\"async\" src=\"https:\/\/www.entreculturas.org\/wp-content\/uploads\/2023\/11\/fundacion_roviralta-1.svg\" alt=\"\" class=\"wp-image-1682\"\/><\/figure>\n<\/div>\n<\/div>\n\n\n\n<div class=\"wp-block-column is-vertically-aligned-center carousel__slide flex-none margin-right-horizontal-empresas is-layout-flow wp-block-column-is-layout-flow\">\n<div class=\"wp-block-group carousel__image has-global-padding is-layout-constrained wp-block-group-is-layout-constrained\">\n<figure class=\"wp-block-image size-full is-resized\"><img decoding=\"async\" src=\"https:\/\/www.entreculturas.org\/wp-content\/uploads\/2023\/11\/Allen_and_Overy-1.png\" alt=\"\" class=\"wp-image-1706\" style=\"aspect-ratio:12.909090909090908\"\/><\/figure>\n<\/div>\n<\/div>\n\n\n\n<div class=\"wp-block-column is-vertically-aligned-center carousel__slide flex-none margin-right-horizontal-empresas is-layout-flow wp-block-column-is-layout-flow\">\n<div class=\"wp-block-group carousel__image has-global-padding is-layout-constrained wp-block-group-is-layout-constrained\">\n<figure class=\"wp-block-image size-full\"><img decoding=\"async\" src=\"https:\/\/www.entreculturas.org\/wp-content\/uploads\/2023\/11\/1200px-Merlin_Properties_Logo-1.svg\" alt=\"\" class=\"wp-image-1684\"\/><\/figure>\n<\/div>\n<\/div>\n\n\n\n<div class=\"wp-block-column is-vertically-aligned-center carousel__slide flex-none margin-right-horizontal-empresas is-layout-flow wp-block-column-is-layout-flow\">\n<div class=\"wp-block-group carousel__image has-global-padding is-layout-constrained wp-block-group-is-layout-constrained\">\n<figure class=\"wp-block-image size-full is-resized\"><img decoding=\"async\" width=\"270\" height=\"153\" src=\"https:\/\/www.entreculturas.org\/wp-content\/uploads\/2023\/12\/grupo-lar-logo.png\" alt=\"\" class=\"wp-image-10391\" style=\"width:auto;height:34px\"\/><\/figure>\n<\/div>\n<\/div>\n\n\n\n<div class=\"wp-block-column is-vertically-aligned-center carousel__slide flex-none margin-right-horizontal-empresas is-layout-flow wp-block-column-is-layout-flow\">\n<div class=\"wp-block-group carousel__image has-global-padding is-layout-constrained wp-block-group-is-layout-constrained\">\n<figure class=\"wp-block-image size-full is-resized\"><img decoding=\"async\" width=\"600\" height=\"81\" src=\"https:\/\/www.entreculturas.org\/wp-content\/uploads\/2023\/12\/La-caixa.png\" alt=\"\" class=\"wp-image-10392\" style=\"width:auto;height:34px\" srcset=\"https:\/\/www.entreculturas.org\/wp-content\/uploads\/2023\/12\/La-caixa.png 600w, https:\/\/www.entreculturas.org\/wp-content\/uploads\/2023\/12\/La-caixa-300x41.png 300w\" sizes=\"(max-width: 600px) 100vw, 600px\" \/><\/figure>\n<\/div>\n<\/div>\n\n\n\n<div class=\"wp-block-column is-vertically-aligned-center carousel__slide flex-none margin-right-horizontal-empresas accenture-top is-layout-flow wp-block-column-is-layout-flow\">\n<div class=\"wp-block-group carousel__image has-global-padding is-layout-constrained wp-block-group-is-layout-constrained\">\n<figure class=\"wp-block-image size-full\"><img decoding=\"async\" src=\"https:\/\/www.entreculturas.org\/wp-content\/uploads\/2023\/11\/Accenture-logo-1.svg\" alt=\"\" class=\"wp-image-1661\"\/><\/figure>\n<\/div>\n<\/div>\n\n\n\n<div class=\"wp-block-column is-vertically-aligned-center carousel__slide flex-none margin-right-horizontal-empresas is-layout-flow wp-block-column-is-layout-flow\">\n<div class=\"wp-block-group carousel__image has-global-padding is-layout-constrained wp-block-group-is-layout-constrained\">\n<figure class=\"wp-block-image aligncenter size-full\"><img decoding=\"async\" src=\"https:\/\/www.entreculturas.org\/wp-content\/uploads\/2023\/11\/Inditex_logo_black-1-1.png\" alt=\"\" class=\"wp-image-1689\"\/><\/figure>\n<\/div>\n<\/div>\n\n\n\n<div class=\"wp-block-column is-vertically-aligned-center carousel__slide flex-none margin-right-horizontal-empresas is-layout-flow wp-block-column-is-layout-flow\">\n<div class=\"wp-block-group carousel__image has-global-padding is-layout-constrained wp-block-group-is-layout-constrained\">\n<figure class=\"wp-block-image size-full\"><img decoding=\"async\" src=\"https:\/\/www.entreculturas.org\/wp-content\/uploads\/2023\/11\/logo-Deloitte-1-1.png\" alt=\"\" class=\"wp-image-1691\"\/><\/figure>\n<\/div>\n<\/div>\n\n\n\n<div class=\"wp-block-column is-vertically-aligned-center carousel__slide flex-none margin-right-horizontal-empresas is-layout-flow wp-block-column-is-layout-flow\">\n<div class=\"wp-block-group carousel__image has-global-padding is-layout-constrained wp-block-group-is-layout-constrained\">\n<figure class=\"wp-block-image size-full\"><img decoding=\"async\" src=\"https:\/\/www.entreculturas.org\/wp-content\/uploads\/2023\/11\/BBVA_2019-1-2-1.png\" alt=\"\" class=\"wp-image-1694\"\/><\/figure>\n<\/div>\n<\/div>\n\n\n\n<div class=\"wp-block-column is-vertically-aligned-center carousel__slide flex-none margin-right-horizontal-empresas is-layout-flow wp-block-column-is-layout-flow\">\n<div class=\"wp-block-group carousel__image has-global-padding is-layout-constrained wp-block-group-is-layout-constrained\">\n<figure class=\"wp-block-image size-full\"><img decoding=\"async\" src=\"https:\/\/www.entreculturas.org\/wp-content\/uploads\/2023\/11\/OIP-1.svg\" alt=\"\" class=\"wp-image-1665\"\/><\/figure>\n<\/div>\n<\/div>\n\n\n\n<div class=\"wp-block-column is-vertically-aligned-center carousel__slide flex-none margin-right-horizontal-empresas is-layout-flow wp-block-column-is-layout-flow\">\n<div class=\"wp-block-group carousel__image has-global-padding is-layout-constrained wp-block-group-is-layout-constrained\">\n<figure class=\"wp-block-image size-full\"><img decoding=\"async\" src=\"https:\/\/www.entreculturas.org\/wp-content\/uploads\/2023\/11\/Liferay-logo-full-color-2x-1.svg\" alt=\"\" class=\"wp-image-1666\"\/><\/figure>\n<\/div>\n<\/div>\n\n\n\n<div class=\"wp-block-column is-vertically-aligned-center carousel__slide flex-none margin-right-horizontal-empresas is-layout-flow wp-block-column-is-layout-flow\">\n<div class=\"wp-block-group carousel__image has-global-padding is-layout-constrained wp-block-group-is-layout-constrained\">\n<figure class=\"wp-block-image size-full\"><img decoding=\"async\" src=\"https:\/\/www.entreculturas.org\/wp-content\/uploads\/2023\/11\/logo-sedatex-1.png\" alt=\"\" class=\"wp-image-1696\"\/><\/figure>\n<\/div>\n<\/div>\n\n\n\n<div class=\"wp-block-column is-vertically-aligned-center flex-none margin-right-horizontal-empresas is-layout-flow wp-block-column-is-layout-flow\">\n<div class=\"wp-block-group carousel__image has-global-padding is-layout-constrained wp-block-group-is-layout-constrained\">\n<figure class=\"wp-block-image size-full\"><img decoding=\"async\" src=\"https:\/\/www.entreculturas.org\/wp-content\/uploads\/2023\/11\/profuturo-logo-1.png\" alt=\"\" class=\"wp-image-1698\"\/><\/figure>\n<\/div>\n<\/div>\n\n\n\n<div class=\"wp-block-column is-vertically-aligned-center carousel__slide flex-none margin-right-horizontal-empresas is-layout-flow wp-block-column-is-layout-flow\">\n<div class=\"wp-block-group carousel__image has-global-padding is-layout-constrained wp-block-group-is-layout-constrained\">\n<figure class=\"wp-block-image size-full\"><img decoding=\"async\" src=\"https:\/\/www.entreculturas.org\/wp-content\/uploads\/2023\/11\/AF_MAPFRE_POS_H_RGB-1.png\" alt=\"\" class=\"wp-image-1702\"\/><\/figure>\n<\/div>\n<\/div>\n\n\n\n<div class=\"wp-block-column is-vertically-aligned-center carousel__slide flex-none margin-right-horizontal-empresas is-layout-flow wp-block-column-is-layout-flow\">\n<div class=\"wp-block-group carousel__image has-global-padding is-layout-constrained wp-block-group-is-layout-constrained\">\n<figure class=\"wp-block-image size-full is-resized\"><img decoding=\"async\" src=\"https:\/\/www.entreculturas.org\/wp-content\/uploads\/2023\/11\/Banco_Santander_Logotipo-1.png\" alt=\"\" class=\"wp-image-1700\" style=\"aspect-ratio:4.7631578947368425\"\/><\/figure>\n<\/div>\n<\/div>\n\n\n\n<div class=\"wp-block-column is-vertically-aligned-center carousel__slide flex-none margin-right-horizontal-empresas is-layout-flow wp-block-column-is-layout-flow\">\n<div class=\"wp-block-group carousel__image has-global-padding is-layout-constrained wp-block-group-is-layout-constrained\">\n<figure class=\"wp-block-image size-full\"><img decoding=\"async\" src=\"https:\/\/www.entreculturas.org\/wp-content\/uploads\/2023\/11\/Subterra_LogotipoV2-1.png\" alt=\"\" class=\"wp-image-1704\"\/><\/figure>\n<\/div>\n<\/div>\n\n\n\n<div class=\"wp-block-column is-vertically-aligned-center carousel__slide flex-none margin-right-horizontal-empresas is-layout-flow wp-block-column-is-layout-flow\">\n<div class=\"wp-block-group carousel__image has-global-padding is-layout-constrained wp-block-group-is-layout-constrained\">\n<figure class=\"wp-block-image size-full\"><img decoding=\"async\" src=\"https:\/\/www.entreculturas.org\/wp-content\/uploads\/2023\/11\/fundacion_roviralta-1.svg\" alt=\"\" class=\"wp-image-1682\"\/><\/figure>\n<\/div>\n<\/div>\n\n\n\n<div class=\"wp-block-column is-vertically-aligned-center carousel__slide flex-none margin-right-horizontal-empresas is-layout-flow wp-block-column-is-layout-flow\">\n<div class=\"wp-block-group carousel__image has-global-padding is-layout-constrained wp-block-group-is-layout-constrained\">\n<figure class=\"wp-block-image size-full is-resized\"><img decoding=\"async\" src=\"https:\/\/www.entreculturas.org\/wp-content\/uploads\/2023\/11\/Allen_and_Overy-1.png\" alt=\"\" class=\"wp-image-1706\" style=\"aspect-ratio:12.909090909090908\"\/><\/figure>\n<\/div>\n<\/div>\n\n\n\n<div class=\"wp-block-column is-vertically-aligned-center carousel__slide flex-none margin-right-horizontal-empresas is-layout-flow wp-block-column-is-layout-flow\">\n<div class=\"wp-block-group carousel__image has-global-padding is-layout-constrained wp-block-group-is-layout-constrained\">\n<figure class=\"wp-block-image size-full\"><img decoding=\"async\" src=\"https:\/\/www.entreculturas.org\/wp-content\/uploads\/2023\/11\/1200px-Merlin_Properties_Logo-1.svg\" alt=\"\" class=\"wp-image-1684\"\/><\/figure>\n<\/div>\n<\/div>\n\n\n\n<div class=\"wp-block-column is-vertically-aligned-center carousel__slide flex-none margin-right-horizontal-empresas is-layout-flow wp-block-column-is-layout-flow\">\n<div class=\"wp-block-group carousel__image has-global-padding is-layout-constrained wp-block-group-is-layout-constrained\">\n<figure class=\"wp-block-image size-full is-resized\"><img decoding=\"async\" width=\"270\" height=\"153\" src=\"https:\/\/www.entreculturas.org\/wp-content\/uploads\/2023\/12\/grupo-lar-logo.png\" alt=\"\" class=\"wp-image-10391\" style=\"width:auto;height:34px\"\/><\/figure>\n<\/div>\n<\/div>\n\n\n\n<div class=\"wp-block-column is-vertically-aligned-center carousel__slide flex-none margin-right-horizontal-empresas is-layout-flow wp-block-column-is-layout-flow\">\n<div class=\"wp-block-group carousel__image has-global-padding is-layout-constrained wp-block-group-is-layout-constrained\">\n<figure class=\"wp-block-image size-full is-resized\"><img decoding=\"async\" width=\"600\" height=\"81\" src=\"https:\/\/www.entreculturas.org\/wp-content\/uploads\/2023\/12\/La-caixa.png\" alt=\"\" class=\"wp-image-10392\" style=\"width:auto;height:34px\" srcset=\"https:\/\/www.entreculturas.org\/wp-content\/uploads\/2023\/12\/La-caixa.png 600w, https:\/\/www.entreculturas.org\/wp-content\/uploads\/2023\/12\/La-caixa-300x41.png 300w\" sizes=\"(max-width: 600px) 100vw, 600px\" \/><\/figure>\n<\/div>\n<\/div>\n<\/div>\n<\/div>\n<\/div>\n\n\n\n<div class=\"wp-block-group has-global-padding is-layout-constrained wp-container-core-group-is-layout-3b0f2f7d wp-block-group-is-layout-constrained\" style=\"padding-right:20px;padding-left:20px\">\n<div class=\"wp-block-group no-padding-mobile-empresas has-white-background-color has-background is-vertical is-content-justification-stretch is-layout-flex wp-container-core-group-is-layout-e52205a1 wp-block-group-is-layout-flex\" style=\"border-radius:15px;margin-top:var(--wp--preset--spacing--60);padding-right:var(--wp--preset--spacing--80);padding-bottom:var(--wp--preset--spacing--80);padding-left:var(--wp--preset--spacing--80)\">\n<h2 class=\"wp-block-heading has-text-align-center text-wrap-balance nuestras-causas-portada\" id=\"h-per-que-escollir-entrecultures\" style=\"margin-top:var(--wp--preset--spacing--40);margin-bottom:var(--wp--preset--spacing--40);font-size:40px\">Per qu\u00e8 escollir Entrecultures?<\/h2>\n\n\n\n<div class=\"wp-block-group has-global-padding is-layout-constrained wp-block-group-is-layout-constrained\">\n<p class=\"has-red-color has-text-color\" style=\"margin-top:var(--wp--preset--spacing--40);font-size:20px\"><strong>1. \u00c0mplia traject\u00f2ria<\/strong><\/p>\n\n\n\n<p>Al sector de la cooperaci\u00f3 Internacional, aix\u00ed com de l&#8217;Acci\u00f3 Social a Espanya, gr\u00e0cies a aliances s\u00f2lides tant amb el sector p\u00fablic com privat.<\/p>\n<\/div>\n\n\n\n<div class=\"wp-block-group has-global-padding is-layout-constrained wp-block-group-is-layout-constrained\">\n<p class=\"has-red-color has-text-color\" style=\"margin-top:var(--wp--preset--spacing--40);font-size:20px\"><strong>2. Avaluem les nostres accions i el nostre impacte<\/strong><\/p>\n\n\n\n<p>El nostre departament de Qualitat i Avaluaci\u00f3 garanteix l&#8217;excel\u00b7l\u00e8ncia de la nostra feina i mesura el nostre impacte social.<\/p>\n<\/div>\n\n\n\n<div class=\"wp-block-group has-global-padding is-layout-constrained wp-block-group-is-layout-constrained\">\n<p class=\"has-red-color has-text-color\" style=\"margin-top:var(--wp--preset--spacing--40);font-size:20px\"><strong>3. Transpar\u00e8ncia<\/strong><\/p>\n\n\n\n<p>Sotmetem la nostra gesti\u00f3 a controls externs per garantir la bona marxa i la m\u00e0xima transpar\u00e8ncia de la nostra tasca di\u00e0ria.<\/p>\n<\/div>\n\n\n\n<div class=\"wp-block-group iconos-ong-unesco has-global-padding is-layout-constrained wp-container-core-group-is-layout-97cf2f8c wp-block-group-is-layout-constrained\" style=\"margin-top:var(--wp--preset--spacing--70)\">\n<div class=\"wp-block-columns is-not-stacked-on-mobile justify-center is-layout-flex wp-container-core-columns-is-layout-28f84493 wp-block-columns-is-layout-flex\">\n<div class=\"wp-block-column iconos-ong-unesco-group is-layout-flow wp-block-column-is-layout-flow\" style=\"flex-basis:15%\">\n<div class=\"wp-block-group has-global-padding is-layout-constrained wp-block-group-is-layout-constrained\">\n<figure class=\"wp-block-image aligncenter size-full\"><img decoding=\"async\" width=\"87\" height=\"104\" src=\"https:\/\/www.entreculturas.org\/wp-content\/uploads\/2023\/11\/Sello_CoordinadoraONGD-1.png\" alt=\"\" class=\"wp-image-1655\"\/><\/figure>\n<\/div>\n<\/div>\n\n\n\n<div class=\"wp-block-column iconos-ong-unesco-group is-layout-flow wp-block-column-is-layout-flow\" style=\"flex-basis:15%\">\n<figure class=\"wp-block-image aligncenter size-full\"><img decoding=\"async\" src=\"https:\/\/www.entreculturas.org\/wp-content\/uploads\/2023\/11\/Frame-400.svg\" alt=\"\" class=\"wp-image-1656\"\/><\/figure>\n<\/div>\n\n\n\n<div class=\"wp-block-column iconos-ong-unesco-group is-layout-flow wp-block-column-is-layout-flow\" style=\"flex-basis:15%\">\n<figure class=\"wp-block-image aligncenter size-full\"><img decoding=\"async\" width=\"98\" height=\"96\" src=\"https:\/\/www.entreculturas.org\/wp-content\/uploads\/2023\/11\/2013-02-13LOGO_COOPERACION-m-1.png\" alt=\"\" class=\"wp-image-1657\"\/><\/figure>\n<\/div>\n\n\n\n<div class=\"wp-block-column iconos-ong-unesco-group is-layout-flow wp-block-column-is-layout-flow\" style=\"flex-basis:15%\">\n<figure class=\"wp-block-image aligncenter size-full\"><img decoding=\"async\" width=\"117\" height=\"88\" src=\"https:\/\/www.entreculturas.org\/wp-content\/uploads\/2023\/11\/unesco-logo-1.png\" alt=\"\" class=\"wp-image-1658\"\/><\/figure>\n<\/div>\n<\/div>\n<\/div>\n<\/div>\n<\/div>\n\n\n\n<div class=\"wp-block-group has-global-padding is-layout-constrained wp-container-core-group-is-layout-3b0f2f7d wp-block-group-is-layout-constrained\" style=\"padding-right:20px;padding-left:20px\">\n<h2 class=\"wp-block-heading has-text-align-center has-large-font-size\" id=\"h-noticies-relacionades\" style=\"margin-top:var(--wp--preset--spacing--70);margin-bottom:var(--wp--preset--spacing--60)\">Not\u00edcies relacionades:<\/h2>\n\n\n\n<div class=\"wp-block-query is-layout-flow wp-block-query-is-layout-flow\"><ul class=\"columns-3 news-cont wp-block-post-template is-layout-grid wp-container-core-post-template-is-layout-10753265 wp-block-post-template-is-layout-grid\"><li class=\"wp-block-post post-47213 noticia type-noticia status-publish has-post-thumbnail hentry category-noticia tag-rsc country-espana cause-justicia-medioambiental\">\n\n<div class=\"wp-block-group relative card-pill has-white-background-color has-background is-vertical is-nowrap is-layout-flex wp-container-core-group-is-layout-be1d78b3 wp-block-group-is-layout-flex\" style=\"border-radius:15px;min-height:100%;padding-top:0;padding-right:0;padding-bottom:var(--wp--preset--spacing--60);padding-left:0\"><figure style=\"width:100%;\" class=\"alignwide card-img card-hover wp-block-post-featured-image\"><a href=\"https:\/\/www.entreculturas.org\/ca\/noticia\/el-paquete-omnibus-ya-ha-sido-aprobado-la-csddd-entra-en-una-nueva-etapa-con-menos-alcance-y-sin-obligaciones-climaticas\/\" target=\"_self\"  ><img decoding=\"async\" width=\"2048\" height=\"776\" src=\"https:\/\/www.entreculturas.org\/wp-content\/uploads\/2026\/04\/banner_web-copia.jpg\" class=\"attachment-post-thumbnail size-post-thumbnail wp-post-image\" alt=\"El Paquete \u00d3mnibus ya ha sido aprobado: la CSDDD entra en una nueva etapa con menos alcance y sin obligaciones clim\u00e1ticas\" style=\"object-fit:cover;\" srcset=\"https:\/\/www.entreculturas.org\/wp-content\/uploads\/2026\/04\/banner_web-copia.jpg 2048w, https:\/\/www.entreculturas.org\/wp-content\/uploads\/2026\/04\/banner_web-copia-300x114.jpg 300w, https:\/\/www.entreculturas.org\/wp-content\/uploads\/2026\/04\/banner_web-copia-1024x388.jpg 1024w, https:\/\/www.entreculturas.org\/wp-content\/uploads\/2026\/04\/banner_web-copia-768x291.jpg 768w, https:\/\/www.entreculturas.org\/wp-content\/uploads\/2026\/04\/banner_web-copia-1536x582.jpg 1536w\" sizes=\"(max-width: 2048px) 100vw, 2048px\" \/><\/a><\/figure>\n\n\n<div class=\"wp-block-group is-layout-flow wp-container-core-group-is-layout-07ca84f9 wp-block-group-is-layout-flow\" style=\"padding-right:var(--wp--preset--spacing--60);padding-left:var(--wp--preset--spacing--60)\">\n<div class=\"wp-block-columns is-not-stacked-on-mobile is-layout-flex wp-container-core-columns-is-layout-28f84493 wp-block-columns-is-layout-flex\">\n<div class=\"wp-block-column category-field-noticias is-layout-flow wp-container-core-column-is-layout-a77db08e wp-block-column-is-layout-flow\"><div style=\"font-style:normal;font-weight:700\" class=\"taxonomy-category cat-news wp-block-post-terms has-text-color has-red-color\"><a href=\"https:\/\/www.entreculturas.org\/ca\/category\/noticia\/\" rel=\"tag\">Noticia<\/a><\/div>\n\n\n<p class=\"category-icon\"><\/p>\n<\/div>\n\n\n\n<div class=\"wp-block-column card-tag column-taxonomy is-layout-flow wp-block-column-is-layout-flow\">\n<span class=\"divider-taxonomy\">|<\/span>\n\n\n<div class=\"taxonomy-post_tag border-taxonomy wp-block-post-terms\"><a href=\"https:\/\/www.entreculturas.org\/ca\/tag\/rsc\/\" rel=\"tag\">RSC<\/a><\/div><\/div>\n<\/div>\n\n\n\n<div class=\"wp-block-group card-title has-global-padding is-layout-constrained wp-block-group-is-layout-constrained\"><h4 style=\"line-height:1; margin-bottom:5px;margin-top:3px;\" class=\"has-link-color titulo-post-content wp-elements-ebf9628834b4c901e82de15c647b092a wp-block-post-title has-text-color has-gray-color\"><a href=\"https:\/\/www.entreculturas.org\/ca\/noticia\/el-paquete-omnibus-ya-ha-sido-aprobado-la-csddd-entra-en-una-nueva-etapa-con-menos-alcance-y-sin-obligaciones-climaticas\/\" target=\"_self\" >El Paquete \u00d3mnibus ya ha sido aprobado: la CSDDD entra en una nueva etapa con menos alcance y sin obligaciones clim\u00e1ticas<\/a><\/h4><\/div>\n\n\n<div style=\"color:#b1b1b1; font-size:14px; margin-top:5px;\" class=\"news-date date-format wp-block-post-date has-text-color\"><time datetime=\"2026-04-08T13:10:31+02:00\">8 abril 2026<\/time><\/div><\/div>\n<\/div>\n\n<\/li><li class=\"wp-block-post post-45829 noticia type-noticia status-publish has-post-thumbnail hentry category-noticia tag-rsc country-espana\">\n\n<div class=\"wp-block-group relative card-pill has-white-background-color has-background is-vertical is-nowrap is-layout-flex wp-container-core-group-is-layout-be1d78b3 wp-block-group-is-layout-flex\" style=\"border-radius:15px;min-height:100%;padding-top:0;padding-right:0;padding-bottom:var(--wp--preset--spacing--60);padding-left:0\"><figure style=\"width:100%;\" class=\"alignwide card-img card-hover wp-block-post-featured-image\"><a href=\"https:\/\/www.entreculturas.org\/ca\/noticia\/una-alianza-que-construye-futuro-en-contextos-de-maxima-vulnerabilidad\/\" target=\"_self\"  ><img decoding=\"async\" width=\"1861\" height=\"810\" src=\"https:\/\/www.entreculturas.org\/wp-content\/uploads\/2026\/01\/DSC05535.jpg\" class=\"attachment-post-thumbnail size-post-thumbnail wp-post-image\" alt=\"Una alianza que construye futuro en contextos de m\u00e1xima vulnerabilidad\" style=\"object-fit:cover;\" srcset=\"https:\/\/www.entreculturas.org\/wp-content\/uploads\/2026\/01\/DSC05535.jpg 1861w, https:\/\/www.entreculturas.org\/wp-content\/uploads\/2026\/01\/DSC05535-300x131.jpg 300w, https:\/\/www.entreculturas.org\/wp-content\/uploads\/2026\/01\/DSC05535-1024x446.jpg 1024w, https:\/\/www.entreculturas.org\/wp-content\/uploads\/2026\/01\/DSC05535-768x334.jpg 768w, https:\/\/www.entreculturas.org\/wp-content\/uploads\/2026\/01\/DSC05535-1536x669.jpg 1536w\" sizes=\"(max-width: 1861px) 100vw, 1861px\" \/><\/a><\/figure>\n\n\n<div class=\"wp-block-group is-layout-flow wp-container-core-group-is-layout-07ca84f9 wp-block-group-is-layout-flow\" style=\"padding-right:var(--wp--preset--spacing--60);padding-left:var(--wp--preset--spacing--60)\">\n<div class=\"wp-block-columns is-not-stacked-on-mobile is-layout-flex wp-container-core-columns-is-layout-28f84493 wp-block-columns-is-layout-flex\">\n<div class=\"wp-block-column category-field-noticias is-layout-flow wp-container-core-column-is-layout-a77db08e wp-block-column-is-layout-flow\"><div style=\"font-style:normal;font-weight:700\" class=\"taxonomy-category cat-news wp-block-post-terms has-text-color has-red-color\"><a href=\"https:\/\/www.entreculturas.org\/ca\/category\/noticia\/\" rel=\"tag\">Noticia<\/a><\/div>\n\n\n<p class=\"category-icon\"><\/p>\n<\/div>\n\n\n\n<div class=\"wp-block-column card-tag column-taxonomy is-layout-flow wp-block-column-is-layout-flow\">\n<span class=\"divider-taxonomy\">|<\/span>\n\n\n<div class=\"taxonomy-post_tag border-taxonomy wp-block-post-terms\"><a href=\"https:\/\/www.entreculturas.org\/ca\/tag\/rsc\/\" rel=\"tag\">RSC<\/a><\/div><\/div>\n<\/div>\n\n\n\n<div class=\"wp-block-group card-title has-global-padding is-layout-constrained wp-block-group-is-layout-constrained\"><h4 style=\"line-height:1; margin-bottom:5px;margin-top:3px;\" class=\"has-link-color titulo-post-content wp-elements-ebf9628834b4c901e82de15c647b092a wp-block-post-title has-text-color has-gray-color\"><a href=\"https:\/\/www.entreculturas.org\/ca\/noticia\/una-alianza-que-construye-futuro-en-contextos-de-maxima-vulnerabilidad\/\" target=\"_self\" >Una alianza que construye futuro en contextos de m\u00e1xima vulnerabilidad<\/a><\/h4><\/div>\n\n\n<div style=\"color:#b1b1b1; font-size:14px; margin-top:5px;\" class=\"news-date date-format wp-block-post-date has-text-color\"><time datetime=\"2026-01-19T12:23:54+01:00\">19 gener 2026<\/time><\/div><\/div>\n<\/div>\n\n<\/li><li class=\"wp-block-post post-45823 noticia type-noticia status-publish has-post-thumbnail hentry category-noticia tag-rsc\">\n\n<div class=\"wp-block-group relative card-pill has-white-background-color has-background is-vertical is-nowrap is-layout-flex wp-container-core-group-is-layout-be1d78b3 wp-block-group-is-layout-flex\" style=\"border-radius:15px;min-height:100%;padding-top:0;padding-right:0;padding-bottom:var(--wp--preset--spacing--60);padding-left:0\"><figure style=\"width:100%;\" class=\"alignwide card-img card-hover wp-block-post-featured-image\"><a href=\"https:\/\/www.entreculturas.org\/ca\/noticia\/carrera-solidaria-corre-causa-2026\/\" target=\"_self\"  ><img decoding=\"async\" width=\"800\" height=\"313\" src=\"https:\/\/www.entreculturas.org\/wp-content\/uploads\/2026\/01\/2-Corre-por-una-Causa-sin-logo-e1768815818124.jpg\" class=\"attachment-post-thumbnail size-post-thumbnail wp-post-image\" alt=\"La 15\u00aa edici\u00f3n de \u201cCorre por una Causa\u201dapoyar\u00e1 la educaci\u00f3n de la infancia refugiada con Mar\u00eda P\u00e9rez como embajadora \u00a0\" style=\"object-fit:cover;\" srcset=\"https:\/\/www.entreculturas.org\/wp-content\/uploads\/2026\/01\/2-Corre-por-una-Causa-sin-logo-e1768815818124.jpg 800w, https:\/\/www.entreculturas.org\/wp-content\/uploads\/2026\/01\/2-Corre-por-una-Causa-sin-logo-e1768815818124-300x117.jpg 300w, https:\/\/www.entreculturas.org\/wp-content\/uploads\/2026\/01\/2-Corre-por-una-Causa-sin-logo-e1768815818124-768x300.jpg 768w\" sizes=\"(max-width: 800px) 100vw, 800px\" \/><\/a><\/figure>\n\n\n<div class=\"wp-block-group is-layout-flow wp-container-core-group-is-layout-07ca84f9 wp-block-group-is-layout-flow\" style=\"padding-right:var(--wp--preset--spacing--60);padding-left:var(--wp--preset--spacing--60)\">\n<div class=\"wp-block-columns is-not-stacked-on-mobile is-layout-flex wp-container-core-columns-is-layout-28f84493 wp-block-columns-is-layout-flex\">\n<div class=\"wp-block-column category-field-noticias is-layout-flow wp-container-core-column-is-layout-a77db08e wp-block-column-is-layout-flow\"><div style=\"font-style:normal;font-weight:700\" class=\"taxonomy-category cat-news wp-block-post-terms has-text-color has-red-color\"><a href=\"https:\/\/www.entreculturas.org\/ca\/category\/noticia\/\" rel=\"tag\">Noticia<\/a><\/div>\n\n\n<p class=\"category-icon\"><\/p>\n<\/div>\n\n\n\n<div class=\"wp-block-column card-tag column-taxonomy is-layout-flow wp-block-column-is-layout-flow\">\n<span class=\"divider-taxonomy\">|<\/span>\n\n\n<div class=\"taxonomy-post_tag border-taxonomy wp-block-post-terms\"><a href=\"https:\/\/www.entreculturas.org\/ca\/tag\/rsc\/\" rel=\"tag\">RSC<\/a><\/div><\/div>\n<\/div>\n\n\n\n<div class=\"wp-block-group card-title has-global-padding is-layout-constrained wp-block-group-is-layout-constrained\"><h4 style=\"line-height:1; margin-bottom:5px;margin-top:3px;\" class=\"has-link-color titulo-post-content wp-elements-ebf9628834b4c901e82de15c647b092a wp-block-post-title has-text-color has-gray-color\"><a href=\"https:\/\/www.entreculturas.org\/ca\/noticia\/carrera-solidaria-corre-causa-2026\/\" target=\"_self\" >La 15\u00aa edici\u00f3n de \u201cCorre por una Causa\u201dapoyar\u00e1 la educaci\u00f3n de la infancia refugiada con Mar\u00eda P\u00e9rez como embajadora \u00a0<\/a><\/h4><\/div>\n\n\n<div style=\"color:#b1b1b1; font-size:14px; margin-top:5px;\" class=\"news-date date-format wp-block-post-date has-text-color\"><time datetime=\"2026-01-19T10:41:37+01:00\">19 gener 2026<\/time><\/div><\/div>\n<\/div>\n\n<\/li><\/ul>\n\n\n<script>document.addEventListener(\"DOMContentLoaded\", function() {;\n    var categoryLinks = document.querySelectorAll('.taxonomy-category a');\n\n    categoryLinks.forEach(function(link) {\n        var href = link.getAttribute('href');\n        \n        \/\/ Obtenemos el contenedor padre del enlace y, luego, su pr\u00f3ximo hermano\n        var icon = link.parentElement.nextElementSibling;\n\n        if (href && icon && href.includes('\/category\/noticia\/')) {\n            icon.innerHTML = '<img decoding=\"async\" src=\"\/wp-content\/uploads\/2023\/09\/noticia.svg\" alt=\"Icono de Noticia\" class=\"card-icon\" \/>';\n        } else if (href && icon && href.includes('\/category\/video\/')) {\n            icon.innerHTML = '<img decoding=\"async\" src=\"\/wp-content\/uploads\/2023\/09\/play.svg\" alt=\"Icono de Video\" class=\"card-icon\" \/>';\n        } else if (href && icon && href.includes('\/category\/entrevista\/')) {\n            icon.innerHTML = '<img decoding=\"async\" src=\"\/wp-content\/uploads\/2023\/09\/entrevista.svg\" alt=\"Icono de Entrevista\" class=\"card-icon\" \/>';\n        } else if (href && icon && href.includes('\/category\/reportaje\/')) {\n            icon.innerHTML = '<img decoding=\"async\" src=\"\/wp-content\/uploads\/2023\/09\/reportaje.svg\" alt=\"Icono de Reportaje\" class=\"card-icon\" \/>';\n        } else if (href && icon && href.includes('\/category\/testimonio\/')) {\n            icon.innerHTML = '<img decoding=\"async\" src=\"\/wp-content\/uploads\/2023\/09\/testimonio.svg\" alt=\"Icono de Testimonio\" class=\"card-icon\" \/>';\n        }\n    });\n});\n\n<\/script>\n\n\n\n<script>document.addEventListener(\"DOMContentLoaded\", function() {\n\t\/\/si dentro de la lista (.news-cont) hay SOLO dos LI metemos un justify-content: flex-start\n\tconst newsCont = document.querySelectorAll('.news-cont');\n\tnewsCont.forEach(news => {\n\t\tconst newsList = news.querySelectorAll('li');\n\t\tif (newsList.length === 2) {\n\t\t\tnewsCont[0].classList.add('justify-content-start');\n\t\t}\n\t});\n});\n<\/script>\n<\/div>\n\n\n\n<div class=\"wp-block-buttons is-content-justification-center is-layout-flex wp-container-core-buttons-is-layout-5276c98e wp-block-buttons-is-layout-flex\" style=\"margin-top:0;margin-bottom:var(--wp--preset--spacing--70)\">\n<div class=\"wp-block-button\"><a class=\"wp-block-button__link has-red-color has-white-background-color has-text-color has-background wp-element-button\" href=\"\/?s=&amp;post_type=noticia&amp;tag=rsc\" style=\"border-width:2px\" target=\"_blank\" rel=\"noreferrer noopener\">Llegir m\u00e9s not\u00edcies<\/a><\/div>\n<\/div>\n<\/div>\n\n\n\n<div class=\"wp-block-group has-global-padding is-layout-constrained wp-container-core-group-is-layout-b18e9459 wp-block-group-is-layout-constrained\" style=\"margin-bottom:var(--wp--preset--spacing--60);padding-right:20px;padding-left:20px\">\n<div class=\"wp-block-columns is-layout-flex wp-container-core-columns-is-layout-28f84493 wp-block-columns-is-layout-flex\">\n<div class=\"wp-block-column columna-imagen-qs-banner bd-rad-uldl has-background is-layout-flow wp-block-column-is-layout-flow\" style=\"background-color:#de0600;flex-basis:50%\">\n<figure class=\"wp-block-image size-full is-resized has-custom-border imagen-qs-banner no-border-radius-img-qs-banner img-alianza\"><img decoding=\"async\" src=\"https:\/\/www.entreculturas.org\/wp-content\/uploads\/2023\/11\/alianzas.jpg\" alt=\"\" class=\"wp-image-1695\" style=\"border-top-left-radius:15px;border-bottom-left-radius:15px;width:undefinedpx;height:300px\"\/><\/figure>\n<\/div>\n\n\n\n<div class=\"wp-block-column justificar-verticalmente-qs text-entorno-seguro-radio no-border-text-qs-banner-padding has-white-background-color has-background is-layout-flow wp-block-column-is-layout-flow\" style=\"padding-top:var(--wp--preset--spacing--60);padding-right:var(--wp--preset--spacing--80);padding-bottom:var(--wp--preset--spacing--60);padding-left:var(--wp--preset--spacing--80)\">\n<p class=\"has-large-font-size\" style=\"margin-bottom:var(--wp--preset--spacing--40)\"><strong>Coneix la nostra pol\u00edtica de col\u00b7laboraci\u00f3 amb empreses<\/strong><\/p>\n\n\n\n<p>Entenem la Responsabilitat Social Corporativa com un comprom\u00eds institucional que haurien d&#8217;assumir totes les organitzacions, tant p\u00fabliques com privades, en relaci\u00f3 amb els grups d&#8217;inter\u00e8s per treballar conjuntament en la recerca d&#8217;un m\u00f3n m\u00e9s just i solidari, adoptant sistemes de gesti\u00f3 \u00e8tics que afavoreixin un desenvolupament social i ambiental sostenible.<\/p>\n\n\n\n<div class=\"wp-block-buttons width-100-qs-banner is-layout-flex wp-block-buttons-is-layout-flex\" style=\"margin-top:var(--wp--preset--spacing--40)\">\n<div class=\"wp-block-button width-100-qs-banner\"><a class=\"wp-block-button__link wp-element-button\" href=\"https:\/\/www.entreculturas.org\/wp-content\/uploads\/2023\/12\/alianzas_con_empresas.pdf\" target=\"_blank\" rel=\"noreferrer noopener\">la nostra pol\u00edtica d&#8217;aliances<\/a><\/div>\n<\/div>\n<\/div>\n<\/div>\n<\/div>\n\n\n\n<div class=\"wp-block-group has-global-padding is-layout-constrained wp-container-core-group-is-layout-484a3dd8 wp-block-group-is-layout-constrained\" style=\"margin-bottom:var(--wp--preset--spacing--70);padding-top:var(--wp--preset--spacing--50);padding-right:20px;padding-bottom:var(--wp--preset--spacing--50);padding-left:20px\">\n<div class=\"wp-block-columns has-white-background-color has-background is-layout-flex wp-container-core-columns-is-layout-af4a81e5 wp-block-columns-is-layout-flex\" style=\"border-radius:25px;padding-top:var(--wp--preset--spacing--70);padding-right:var(--wp--preset--spacing--40);padding-bottom:var(--wp--preset--spacing--70);padding-left:var(--wp--preset--spacing--40)\">\n<div class=\"wp-block-column is-layout-flow wp-block-column-is-layout-flow\" style=\"flex-basis:30%\">\n<div class=\"wp-block-group has-global-padding is-layout-constrained wp-block-group-is-layout-constrained\">\n<figure class=\"wp-block-image aligncenter size-full\"><img decoding=\"async\" width=\"200\" height=\"200\" src=\"https:\/\/www.entreculturas.org\/wp-content\/uploads\/2024\/04\/raquel-abad-empresas.png\" alt=\"\" class=\"wp-image-23896\" srcset=\"https:\/\/www.entreculturas.org\/wp-content\/uploads\/2024\/04\/raquel-abad-empresas.png 200w, https:\/\/www.entreculturas.org\/wp-content\/uploads\/2024\/04\/raquel-abad-empresas-150x150.png 150w\" sizes=\"(max-width: 200px) 100vw, 200px\" \/><\/figure>\n<\/div>\n<\/div>\n\n\n\n<div class=\"wp-block-column is-layout-flow wp-block-column-is-layout-flow\">\n<p class=\"contacta-conmigo-empresas has-large-font-size\" style=\"margin-bottom:var(--wp--preset--spacing--40)\"><strong>Contacta amb mi<\/strong><\/p>\n\n\n\n<p style=\"margin-bottom:var(--wp--preset--spacing--40)\">Si tens qualsevol dubte o necessites m\u00e9s informaci\u00f3, posa&#8217;t en contacte amb nosaltres.<\/p>\n\n\n\n<p style=\"margin-bottom:3px\"><strong>Raquel Abad de les Heras<\/strong><\/p>\n\n\n\n<p style=\"margin-bottom:3px\">Coordinadora d&#8217;Aliances i Relacions Institucionals<\/p>\n\n\n\n<p style=\"margin-bottom:3px\"><strong>Tel\u00e8fon: <mark style=\"background-color:rgba(0, 0, 0, 0)\" class=\"has-inline-color has-red-color\">91 590 26 72<\/mark><\/strong><\/p>\n\n\n\n<p><strong>Email: <a href=\"mailto:empresas@entreculturas.org\">empresas@entreculturas.org<\/a><\/strong><\/p>\n<\/div>\n<\/div>\n<\/div>\n\n\n\n<div id=\"newsletter-empresas\" class=\"wp-block-group has-global-padding is-layout-constrained wp-container-core-group-is-layout-eee0ce2b wp-block-group-is-layout-constrained\" style=\"margin-top:0;margin-bottom:var(--wp--preset--spacing--80);padding-right:20px;padding-left:20px\">\n<section class=\"accordion__block\"><input type=\"checkbox\" id=\"3vwgitylkjnobs7ctbzm9\" class=\"accordion__checkbox\"\/><label for=\"3vwgitylkjnobs7ctbzm9\" class=\"wp-block-theme-blocks-newsletter has-white-color has-red-background-color has-text-color has-background\"><p>Vols estar al dia de les nostres accions amb empreses?<\/p><a class=\"wp-block-button__link has-white-color has-red-background-color has-text-color has-background has-border-color has-white-border-color wp-element-button\" style=\"border-width:2px\">Subscriu-te a la Newsletter<\/a><\/label><div class=\"accordion__content\">\n<div class=\"wp-block-group has-global-padding is-layout-constrained wp-container-core-group-is-layout-98a4a1e3 wp-block-group-is-layout-constrained\" style=\"margin-top:0;margin-bottom:var(--wp--preset--spacing--80)\">\n<div class=\"wp-block-group has-white-background-color has-background has-global-padding is-layout-constrained wp-block-group-is-layout-constrained\">\n<h2 class=\"wp-block-heading has-text-align-center font-size-20 has-large-font-size\" id=\"h-subscriu-te-a-la-newsletter\">Subscriu-te a la newsletter<\/h2>\n\n\n\n<div class=\"wp-block-group block-contacto is-horizontal is-nowrap is-layout-flex wp-container-core-group-is-layout-5691b533 wp-block-group-is-layout-flex\" style=\"padding-right:var(--wp--preset--spacing--70);padding-left:var(--wp--preset--spacing--70)\">\n<div class=\"wp-block-group newsletter-img-column has-global-padding is-content-justification-center is-layout-constrained wp-block-group-is-layout-constrained block-visibility-hide-medium-screen block-visibility-hide-small-screen\" style=\"padding-top:var(--wp--preset--spacing--60);padding-bottom:var(--wp--preset--spacing--60)\">\n<div class=\"wp-block-cover\" style=\"border-radius:15px\"><span aria-hidden=\"true\" class=\"wp-block-cover__background has-background-dim-0 has-background-dim\"><\/span><img decoding=\"async\" width=\"590\" height=\"450\" class=\"wp-block-cover__image-background wp-image-11327\" alt=\"\" src=\"https:\/\/www.entreculturas.org\/wp-content\/uploads\/2024\/01\/Suscribete-general-Sergi-Camara.jpg\" data-object-fit=\"cover\" srcset=\"https:\/\/www.entreculturas.org\/wp-content\/uploads\/2024\/01\/Suscribete-general-Sergi-Camara.jpg 590w, https:\/\/www.entreculturas.org\/wp-content\/uploads\/2024\/01\/Suscribete-general-Sergi-Camara-300x229.jpg 300w\" sizes=\"(max-width: 590px) 100vw, 590px\" \/><div class=\"wp-block-cover__inner-container is-layout-flow wp-block-cover-is-layout-flow\">\n<p class=\"cr-fotografo-small has-white-color has-text-color\">\u00a9 Sergi C\u00e1mara<\/p>\n<\/div><\/div>\n<\/div>\n\n\n\n<form style=\"padding-top:var(--wp--preset--spacing--60);padding-right:0;padding-bottom:var(--wp--preset--spacing--60);padding-left:0\" class=\"wp-block-theme-blocks-custom-form wp-container-content-a5fc19f1\" id=\"custom_form\" action=\"\/wp-admin\/admin-post.php?action=custom_form\" method=\"post\"><input type=\"hidden\" name=\"g-recaptcha-response\" id=\"g-recaptcha-response\" value=\"\"\/><input type=\"hidden\" name=\"thanks_page\" value=\"\/thank-you-page\"\/><input type=\"hidden\" name=\"admin_email\" value=\"empresas@entreculturas.org\"\/>\n<p>Si vols rebre la nostra newsletter mensual amb not\u00edcies actualitzades sobre RSC i les nostres accions o propostes amb empreses, no deixis de completar aquest formulari.<\/p>\n\n\n\n<div class=\"input-container\"><label>Nom<\/label><input type=\"text\" name=\"first_name\"\/><\/div>\n\n\n\n<div class=\"input-container\"><label>Cognoms<\/label><input type=\"text\" name=\"last_name\"\/><\/div>\n\n\n\n<div class=\"input-container\"><label>Correu electr\u00f2nic<\/label><input type=\"email\" name=\"email\"\/><\/div>\n\n\n\n<label class=\"acceptance\"><input type=\"checkbox\" required\/><span>Accepto la <a href=\"https:\/\/www.entreculturas.org\/ca\/politica-de-privadesa\/\" target=\"_blank\" rel=\"noreferrer noopener\">Pol\u00edtica de Privadesa<\/a> *<\/span><\/label>\n\n\n\n<p style=\"font-size:12px !important\">\n    Des d&#8217;ENTRECULTURES FE I ALEGRIA ESPANYA tractarem les dades aportades en qualitat de Responsable del tractament amb la finalitat de&#8230;\n    <a href=\"javascript:void(0);\" id=\"read-more-link\">Seguir llegint<\/a>.\n<\/p>\n<p class=\"hidden\" id=\"read-more\" style=\"display: none;font-size: 12px;\">\n    &#8230;enviar-li la nostra newsletter mensual amb not\u00edcies actualitzades sobre RSC i les nostres accions o propostes amb empreses, en pro dels nostres objectius fundacionals, sobre la base del consentiment o l&#8217;execuci\u00f3 d&#8217;un acord. Pots exercir els teus drets enviant un correu electr\u00f2nic a datos@entreculturas.org amb l&#8217;assumpte &#8220;Protecci\u00f3 de Dades&#8221;<\/p>\n<\/p>\n\n\n\n<script>document.addEventListener('DOMContentLoaded', function() {\n    document.getElementById('read-more-link').addEventListener('click', function() {\n        var readMoreContent = document.getElementById('read-more');\n        readMoreContent.style.display = 'block !important'; \/\/ Intenta sobrescribir con !important\n\n        \/\/ Si el m\u00e9todo anterior no funciona, utiliza setAttribute\n        if (readMoreContent.style.display !== 'block') {\n            readMoreContent.setAttribute('style', 'display: block !important; font-size: 12px;');\n        } else {\n            \/\/ Si ya est\u00e1 en 'block', solo ajusta el tama\u00f1o de fuente\n            readMoreContent.style.fontSize = '12px';\n        }\n\n        this.style.display = 'none'; \/\/ Opcional: oculta el enlace de \"Seguir leyendo\"\n    });\n});\n<\/script>\n\n\n\n<p class=\"hidden\" id=\"read-more\" style=\"font-size:12px\">Des d&#8217;ENTRECULTURES FE I ALEGRIA ESPANYA tractarem les dades aportades en qualitat de Responsable del tractament amb la finalitat de gestionar la nostra relaci\u00f3 amb tu, en pro dels nostres objectius fundacionals, sobre la base del consentiment o l&#8217;execuci\u00f3 d&#8217;un acord. Pots exercir els teus drets enviant un correu electr\u00f2nic a rgpd@entreculturas.org amb l&#8217;assumpte \u201cProtecci\u00f3 de Dades\u201d.<\/p>\n\n\n\n<div class=\"wp-block-group width-70-contacto justify-center-768 is-content-justification-right is-nowrap is-layout-flex wp-container-core-group-is-layout-17124a9a wp-block-group-is-layout-flex\">\n<button class=\"wp-block-button__link wp-element-button\">Subscriure&#8217;m<\/button>\n<\/div>\n<\/form>\n<\/div>\n<\/div>\n<\/div>\n<\/div><\/section>\n<\/div>\n\n\n\n<div class=\"wp-block-group btn-fixed-empresas has-global-padding is-layout-constrained wp-block-group-is-layout-constrained\"><\/div>\n","protected":false},"excerpt":{"rendered":"<p>Promovem aliances amb empreses Entreculturas treballa cada any amb m\u00e9s de 240 empreses nacionals i internacionals amb l&#8217;objectiu de desenvolupar projectes de manera conjunta als pa\u00efsos on treballem, a m\u00e9s de promoure una Responsabilitat Social Corporativa (RSC) en tots els seus aspectes. Busquem i promovem aliances clares, duradores i \u00e0mplies. Aix\u00ed mateix, valorem una aproximaci\u00f3 particular i espec\u00edfica a cada entitat en funci\u00f3 de la seva naturalesa i circumst\u00e0ncies, assegurant col\u00b7laboracions i accions coherents tant per a l&#8217;empresa com per a la nostra missi\u00f3. Contemplem m\u00faltiples modalitats de col\u00b7laboraci\u00f3 Beneficis d&#8217;unir-te a empreses per una causa Una col\u00b7laboraci\u00f3 per fer cr\u00e9ixer la teva empresa Impacte social Ampliar limpacte social, i refor\u00e7ar la Responsabilitat Social Corporativa. Reconeixement Col\u00b7laborar amb una ONG coneguda, seriosa i transparent. Reputaci\u00f3 Potenciar la reputaci\u00f3 de la teva empresa entre els clients, prove\u00efdors i p\u00fablic proper. Abast Difondre la teva participaci\u00f3 al programa als teus canals de [&hellip;]<\/p>\n","protected":false},"author":1,"featured_media":0,"parent":0,"menu_order":0,"comment_status":"closed","ping_status":"closed","template":"page-no-cta","meta":{"_acf_changed":false,"footnotes":""},"class_list":["post-20960","page","type-page","status-publish","hentry"],"acf":[],"yoast_head":"<!-- This site is optimized with the Yoast SEO Premium plugin v21.6 (Yoast SEO v27.5) - https:\/\/yoast.com\/product\/yoast-seo-premium-wordpress\/ -->\n<title>Empreses solid\u00e0ries amb Entrecultures<\/title>\n<meta name=\"description\" content=\"Descobreix com la teva empresa pot col\u00b7laborar amb Entreculturas per a un impacte positiu\" \/>\n<meta name=\"robots\" content=\"index, follow, max-snippet:-1, max-image-preview:large, max-video-preview:-1\" \/>\n<link rel=\"canonical\" href=\"https:\/\/www.entreculturas.org\/ca\/empreses\/\" \/>\n<meta property=\"og:locale\" content=\"ca_ES\" \/>\n<meta property=\"og:type\" content=\"article\" \/>\n<meta property=\"og:title\" content=\"Empreses\" \/>\n<meta property=\"og:description\" content=\"Descobreix com la teva empresa pot col\u00b7laborar amb Entreculturas per a un impacte positiu\" \/>\n<meta property=\"og:url\" content=\"https:\/\/www.entreculturas.org\/ca\/empreses\/\" \/>\n<meta property=\"og:site_name\" content=\"Entreculturas\" \/>\n<meta property=\"article:publisher\" content=\"https:\/\/www.facebook.com\/entreculturas\" \/>\n<meta property=\"article:modified_time\" content=\"2025-07-08T11:00:05+00:00\" \/>\n<meta property=\"og:image\" content=\"https:\/\/www.entreculturas.org\/wp-content\/uploads\/2023\/12\/Irene-Galera-1-1.jpg\" \/>\n<meta name=\"twitter:card\" content=\"summary_large_image\" \/>\n<meta name=\"twitter:site\" content=\"@Entreculturas\" \/>\n<script type=\"application\/ld+json\" class=\"yoast-schema-graph\">{\"@context\":\"https:\\\/\\\/schema.org\",\"@graph\":[{\"@type\":\"WebPage\",\"@id\":\"https:\\\/\\\/www.entreculturas.org\\\/ca\\\/empreses\\\/\",\"url\":\"https:\\\/\\\/www.entreculturas.org\\\/ca\\\/empreses\\\/\",\"name\":\"Empreses solid\u00e0ries amb Entrecultures\",\"isPartOf\":{\"@id\":\"https:\\\/\\\/www.entreculturas.org\\\/ca\\\/#website\"},\"primaryImageOfPage\":{\"@id\":\"https:\\\/\\\/www.entreculturas.org\\\/ca\\\/empreses\\\/#primaryimage\"},\"image\":{\"@id\":\"https:\\\/\\\/www.entreculturas.org\\\/ca\\\/empreses\\\/#primaryimage\"},\"thumbnailUrl\":\"https:\\\/\\\/www.entreculturas.org\\\/wp-content\\\/uploads\\\/2023\\\/12\\\/Irene-Galera-1-1.jpg\",\"datePublished\":\"2023-10-31T16:16:34+00:00\",\"dateModified\":\"2025-07-08T11:00:05+00:00\",\"description\":\"Descobreix com la teva empresa pot col\u00b7laborar amb Entreculturas per a un impacte positiu\",\"breadcrumb\":{\"@id\":\"https:\\\/\\\/www.entreculturas.org\\\/ca\\\/empreses\\\/#breadcrumb\"},\"inLanguage\":\"ca\",\"potentialAction\":[{\"@type\":\"ReadAction\",\"target\":[\"https:\\\/\\\/www.entreculturas.org\\\/ca\\\/empreses\\\/\"]}]},{\"@type\":\"ImageObject\",\"inLanguage\":\"ca\",\"@id\":\"https:\\\/\\\/www.entreculturas.org\\\/ca\\\/empreses\\\/#primaryimage\",\"url\":\"https:\\\/\\\/www.entreculturas.org\\\/wp-content\\\/uploads\\\/2023\\\/12\\\/Irene-Galera-1-1.jpg\",\"contentUrl\":\"https:\\\/\\\/www.entreculturas.org\\\/wp-content\\\/uploads\\\/2023\\\/12\\\/Irene-Galera-1-1.jpg\"},{\"@type\":\"BreadcrumbList\",\"@id\":\"https:\\\/\\\/www.entreculturas.org\\\/ca\\\/empreses\\\/#breadcrumb\",\"itemListElement\":[{\"@type\":\"ListItem\",\"position\":1,\"name\":\"Home\",\"item\":\"https:\\\/\\\/www.entreculturas.org\\\/ca\\\/\"},{\"@type\":\"ListItem\",\"position\":2,\"name\":\"Empreses\"}]},{\"@type\":\"WebSite\",\"@id\":\"https:\\\/\\\/www.entreculturas.org\\\/ca\\\/#website\",\"url\":\"https:\\\/\\\/www.entreculturas.org\\\/ca\\\/\",\"name\":\"Entreculturas\",\"description\":\"\",\"publisher\":{\"@id\":\"https:\\\/\\\/www.entreculturas.org\\\/ca\\\/#organization\"},\"alternateName\":\"Entreculturas\",\"potentialAction\":[{\"@type\":\"SearchAction\",\"target\":{\"@type\":\"EntryPoint\",\"urlTemplate\":\"https:\\\/\\\/www.entreculturas.org\\\/ca\\\/?s={search_term_string}\"},\"query-input\":{\"@type\":\"PropertyValueSpecification\",\"valueRequired\":true,\"valueName\":\"search_term_string\"}}],\"inLanguage\":\"ca\"},{\"@type\":\"Organization\",\"@id\":\"https:\\\/\\\/www.entreculturas.org\\\/ca\\\/#organization\",\"name\":\"Entreculturas\",\"url\":\"https:\\\/\\\/www.entreculturas.org\\\/ca\\\/\",\"logo\":{\"@type\":\"ImageObject\",\"inLanguage\":\"ca\",\"@id\":\"https:\\\/\\\/www.entreculturas.org\\\/ca\\\/#\\\/schema\\\/logo\\\/image\\\/\",\"url\":\"https:\\\/\\\/www.entreculturas.org\\\/wp-content\\\/uploads\\\/2025\\\/10\\\/ESP.svg\",\"contentUrl\":\"https:\\\/\\\/www.entreculturas.org\\\/wp-content\\\/uploads\\\/2025\\\/10\\\/ESP.svg\",\"caption\":\"Entreculturas\"},\"image\":{\"@id\":\"https:\\\/\\\/www.entreculturas.org\\\/ca\\\/#\\\/schema\\\/logo\\\/image\\\/\"},\"sameAs\":[\"https:\\\/\\\/www.facebook.com\\\/entreculturas\",\"https:\\\/\\\/x.com\\\/Entreculturas\",\"https:\\\/\\\/www.instagram.com\\\/entreculturas\\\/\",\"https:\\\/\\\/www.youtube.com\\\/user\\\/entreculturasvideo\",\"https:\\\/\\\/www.linkedin.com\\\/company\\\/fundacion-entreculturas-ngdo\\\/\",\"https:\\\/\\\/www.flickr.com\\\/photos\\\/98455522@N04\\\/albums\\\/\"]}]}<\/script>\n<!-- \/ Yoast SEO Premium plugin. -->","yoast_head_json":{"title":"Empreses solid\u00e0ries amb Entrecultures","description":"Descobreix com la teva empresa pot col\u00b7laborar amb Entreculturas per a un impacte positiu","robots":{"index":"index","follow":"follow","max-snippet":"max-snippet:-1","max-image-preview":"max-image-preview:large","max-video-preview":"max-video-preview:-1"},"canonical":"https:\/\/www.entreculturas.org\/ca\/empreses\/","og_locale":"ca_ES","og_type":"article","og_title":"Empreses","og_description":"Descobreix com la teva empresa pot col\u00b7laborar amb Entreculturas per a un impacte positiu","og_url":"https:\/\/www.entreculturas.org\/ca\/empreses\/","og_site_name":"Entreculturas","article_publisher":"https:\/\/www.facebook.com\/entreculturas","article_modified_time":"2025-07-08T11:00:05+00:00","og_image":[{"url":"https:\/\/www.entreculturas.org\/wp-content\/uploads\/2023\/12\/Irene-Galera-1-1.jpg","type":"","width":"","height":""}],"twitter_card":"summary_large_image","twitter_site":"@Entreculturas","schema":{"@context":"https:\/\/schema.org","@graph":[{"@type":"WebPage","@id":"https:\/\/www.entreculturas.org\/ca\/empreses\/","url":"https:\/\/www.entreculturas.org\/ca\/empreses\/","name":"Empreses solid\u00e0ries amb Entrecultures","isPartOf":{"@id":"https:\/\/www.entreculturas.org\/ca\/#website"},"primaryImageOfPage":{"@id":"https:\/\/www.entreculturas.org\/ca\/empreses\/#primaryimage"},"image":{"@id":"https:\/\/www.entreculturas.org\/ca\/empreses\/#primaryimage"},"thumbnailUrl":"https:\/\/www.entreculturas.org\/wp-content\/uploads\/2023\/12\/Irene-Galera-1-1.jpg","datePublished":"2023-10-31T16:16:34+00:00","dateModified":"2025-07-08T11:00:05+00:00","description":"Descobreix com la teva empresa pot col\u00b7laborar amb Entreculturas per a un impacte positiu","breadcrumb":{"@id":"https:\/\/www.entreculturas.org\/ca\/empreses\/#breadcrumb"},"inLanguage":"ca","potentialAction":[{"@type":"ReadAction","target":["https:\/\/www.entreculturas.org\/ca\/empreses\/"]}]},{"@type":"ImageObject","inLanguage":"ca","@id":"https:\/\/www.entreculturas.org\/ca\/empreses\/#primaryimage","url":"https:\/\/www.entreculturas.org\/wp-content\/uploads\/2023\/12\/Irene-Galera-1-1.jpg","contentUrl":"https:\/\/www.entreculturas.org\/wp-content\/uploads\/2023\/12\/Irene-Galera-1-1.jpg"},{"@type":"BreadcrumbList","@id":"https:\/\/www.entreculturas.org\/ca\/empreses\/#breadcrumb","itemListElement":[{"@type":"ListItem","position":1,"name":"Home","item":"https:\/\/www.entreculturas.org\/ca\/"},{"@type":"ListItem","position":2,"name":"Empreses"}]},{"@type":"WebSite","@id":"https:\/\/www.entreculturas.org\/ca\/#website","url":"https:\/\/www.entreculturas.org\/ca\/","name":"Entreculturas","description":"","publisher":{"@id":"https:\/\/www.entreculturas.org\/ca\/#organization"},"alternateName":"Entreculturas","potentialAction":[{"@type":"SearchAction","target":{"@type":"EntryPoint","urlTemplate":"https:\/\/www.entreculturas.org\/ca\/?s={search_term_string}"},"query-input":{"@type":"PropertyValueSpecification","valueRequired":true,"valueName":"search_term_string"}}],"inLanguage":"ca"},{"@type":"Organization","@id":"https:\/\/www.entreculturas.org\/ca\/#organization","name":"Entreculturas","url":"https:\/\/www.entreculturas.org\/ca\/","logo":{"@type":"ImageObject","inLanguage":"ca","@id":"https:\/\/www.entreculturas.org\/ca\/#\/schema\/logo\/image\/","url":"https:\/\/www.entreculturas.org\/wp-content\/uploads\/2025\/10\/ESP.svg","contentUrl":"https:\/\/www.entreculturas.org\/wp-content\/uploads\/2025\/10\/ESP.svg","caption":"Entreculturas"},"image":{"@id":"https:\/\/www.entreculturas.org\/ca\/#\/schema\/logo\/image\/"},"sameAs":["https:\/\/www.facebook.com\/entreculturas","https:\/\/x.com\/Entreculturas","https:\/\/www.instagram.com\/entreculturas\/","https:\/\/www.youtube.com\/user\/entreculturasvideo","https:\/\/www.linkedin.com\/company\/fundacion-entreculturas-ngdo\/","https:\/\/www.flickr.com\/photos\/98455522@N04\/albums\/"]}]}},"_links":{"self":[{"href":"https:\/\/www.entreculturas.org\/ca\/wp-json\/wp\/v2\/pages\/20960","targetHints":{"allow":["GET"]}}],"collection":[{"href":"https:\/\/www.entreculturas.org\/ca\/wp-json\/wp\/v2\/pages"}],"about":[{"href":"https:\/\/www.entreculturas.org\/ca\/wp-json\/wp\/v2\/types\/page"}],"author":[{"embeddable":true,"href":"https:\/\/www.entreculturas.org\/ca\/wp-json\/wp\/v2\/users\/1"}],"replies":[{"embeddable":true,"href":"https:\/\/www.entreculturas.org\/ca\/wp-json\/wp\/v2\/comments?post=20960"}],"version-history":[{"count":11,"href":"https:\/\/www.entreculturas.org\/ca\/wp-json\/wp\/v2\/pages\/20960\/revisions"}],"predecessor-version":[{"id":40325,"href":"https:\/\/www.entreculturas.org\/ca\/wp-json\/wp\/v2\/pages\/20960\/revisions\/40325"}],"wp:attachment":[{"href":"https:\/\/www.entreculturas.org\/ca\/wp-json\/wp\/v2\/media?parent=20960"}],"curies":[{"name":"wp","href":"https:\/\/api.w.org\/{rel}","templated":true}]}}