{"id":20349,"date":"2023-11-23T14:05:26","date_gmt":"2023-11-23T13:05:26","guid":{"rendered":"https:\/\/www.entreculturas.org\/coneix-els-nostres-projectes\/"},"modified":"2024-10-29T12:53:28","modified_gmt":"2024-10-29T11:53:28","slug":"coneix-els-nostres-projectes","status":"publish","type":"page","link":"https:\/\/www.entreculturas.org\/ca\/coneix-els-nostres-projectes\/","title":{"rendered":"Coneix els nostres projectes"},"content":{"rendered":"\n<div class=\"country-placeholder\"><div class=\"canvas-container\" data-countries=\"[27494,27003,26995,20567,9993,9991,9985,9976,9972,9968,9965,9961,9958,9956,9954,9952,9950,9949,9948,9947,9944,9943,9942,9940,9938,9937,9936,9934,9933,9932,9181,9176,9156,8657,8656,8655,8654,8653,8652,8651,8650,8649,8648,8647,8646,8645,8644,8643,1896,1694]\" data-map-image-url=\"https:\/\/www.entreculturas.org\/wp-content\/uploads\/2024\/09\/mapa-gris-1.svg\" data-point-image-url=\"https:\/\/www.entreculturas.org\/wp-content\/uploads\/2024\/09\/punto_activo.svg\" data-title=\"Explorar nuestros proyectos\" data-subtitle=\"En Entreculturas llevamos a cabo proyectos de cooperaci\u00f3n al desarrollo, acci\u00f3n humanitaria, ciudadan\u00eda y acci\u00f3n social vinculados a nuestras 5 causas.  \" data-default-country=\"\" data-overlay-box=\"#E30600\" data-acf-data=\"{}\"><div id=\"loading-spinner\" class=\"loading-spinner\" style=\"display: none;\"><div class=\"spinner\"><\/div><\/div><div class=\"map-overlay\" style=\"background-color:;opacity:0.3\"><\/div><div id=\"map\"><\/div><\/div><\/div>\n\n<div class=\"wp-block-group has-global-padding is-layout-constrained wp-container-core-group-is-layout-cc019cf6 wp-block-group-is-layout-constrained\" style=\"margin-bottom:var(--wp--preset--spacing--70);padding-right:20px;padding-left:20px\">\n<div class=\"wp-block-columns is-layout-flex wp-container-core-columns-is-layout-e524df8a wp-block-columns-is-layout-flex\">\n<div class=\"wp-block-column is-layout-flow wp-block-column-is-layout-flow\">\n<div class=\"wp-block-cover is-light hover-fondo-video\" style=\"min-height:334px;aspect-ratio:unset;\"><span aria-hidden=\"true\" class=\"wp-block-cover__background has-background-dim-0 has-background-dim\" style=\"background-color:#9b8982\"><\/span><img decoding=\"async\" width=\"357\" height=\"334\" class=\"wp-block-cover__image-background wp-image-9118\" alt=\"\" src=\"https:\/\/www.entreculturas.org\/wp-content\/uploads\/2023\/12\/Entreculturas-evaluamos.jpg\" data-object-fit=\"cover\" srcset=\"https:\/\/www.entreculturas.org\/wp-content\/uploads\/2023\/12\/Entreculturas-evaluamos.jpg 357w, https:\/\/www.entreculturas.org\/wp-content\/uploads\/2023\/12\/Entreculturas-evaluamos-300x281.jpg 300w\" sizes=\"(max-width: 357px) 100vw, 357px\" \/><div class=\"wp-block-cover__inner-container has-global-padding is-layout-constrained wp-block-cover-is-layout-constrained\">\n<p class=\"has-text-align-center has-large-font-size\"><\/p>\n<\/div><\/div>\n<\/div>\n\n\n\n<div class=\"wp-block-column is-layout-flow wp-block-column-is-layout-flow\">\n<div class=\"wp-block-cover hover-fondo-video\" style=\"min-height:334px;aspect-ratio:unset;\"><span aria-hidden=\"true\" class=\"wp-block-cover__background has-background-dim-0 has-background-dim\" style=\"background-color:#806d60\"><\/span><img decoding=\"async\" width=\"357\" height=\"334\" class=\"wp-block-cover__image-background wp-image-9114\" alt=\"\" src=\"https:\/\/www.entreculturas.org\/wp-content\/uploads\/2023\/12\/entreculturas-evaluamos-trabajo.jpg\" data-object-fit=\"cover\" srcset=\"https:\/\/www.entreculturas.org\/wp-content\/uploads\/2023\/12\/entreculturas-evaluamos-trabajo.jpg 357w, https:\/\/www.entreculturas.org\/wp-content\/uploads\/2023\/12\/entreculturas-evaluamos-trabajo-300x281.jpg 300w\" sizes=\"(max-width: 357px) 100vw, 357px\" \/><div class=\"wp-block-cover__inner-container has-global-padding is-layout-constrained wp-block-cover-is-layout-constrained\">\n<p class=\"has-text-align-center has-large-font-size\"><\/p>\n<\/div><\/div>\n<\/div>\n\n\n\n<div class=\"wp-block-column is-layout-flow wp-block-column-is-layout-flow\">\n<div class=\"wp-block-cover is-light hover-fondo-video\" style=\"min-height:334px;aspect-ratio:unset;\"><span aria-hidden=\"true\" class=\"wp-block-cover__background has-background-dim-0 has-background-dim\" style=\"background-color:#b2a1a7\"><\/span><img decoding=\"async\" width=\"2560\" height=\"1707\" class=\"wp-block-cover__image-background wp-image-34493\" alt=\"\" src=\"https:\/\/www.entreculturas.org\/wp-content\/uploads\/2024\/10\/Cuzco-Comunidades-89-scaled.jpg\" data-object-fit=\"cover\" srcset=\"https:\/\/www.entreculturas.org\/wp-content\/uploads\/2024\/10\/Cuzco-Comunidades-89-scaled.jpg 2560w, https:\/\/www.entreculturas.org\/wp-content\/uploads\/2024\/10\/Cuzco-Comunidades-89-300x200.jpg 300w, https:\/\/www.entreculturas.org\/wp-content\/uploads\/2024\/10\/Cuzco-Comunidades-89-1024x683.jpg 1024w, https:\/\/www.entreculturas.org\/wp-content\/uploads\/2024\/10\/Cuzco-Comunidades-89-768x512.jpg 768w, https:\/\/www.entreculturas.org\/wp-content\/uploads\/2024\/10\/Cuzco-Comunidades-89-1536x1024.jpg 1536w, https:\/\/www.entreculturas.org\/wp-content\/uploads\/2024\/10\/Cuzco-Comunidades-89-2048x1365.jpg 2048w\" sizes=\"(max-width: 2560px) 100vw, 2560px\" \/><div class=\"wp-block-cover__inner-container has-global-padding is-layout-constrained wp-block-cover-is-layout-constrained\">\n<p class=\"has-text-align-center has-large-font-size\"><\/p>\n<\/div><\/div>\n<\/div>\n<\/div>\n<\/div>\n\n<div class=\"wp-block-group has-global-padding is-layout-constrained wp-container-core-group-is-layout-8e66e86a wp-block-group-is-layout-constrained\" style=\"margin-top:0;margin-bottom:var(--wp--preset--spacing--70);padding-right:20px;padding-left:20px\">\n<div class=\"wp-block-group has-white-background-color has-background has-global-padding is-layout-constrained wp-container-core-group-is-layout-baa5ca03 wp-block-group-is-layout-constrained\" style=\"border-radius:15px;margin-top:0;margin-bottom:0;padding-top:var(--wp--preset--spacing--60);padding-right:var(--wp--preset--spacing--70);padding-bottom:var(--wp--preset--spacing--60);padding-left:var(--wp--preset--spacing--70)\">\n<p class=\"has-text-align-center has-purple-color has-text-color has-x-large-font-size\"><strong>Amb el teu suport transformem vides.<\/strong><\/p>\n\n\n\n<div class=\"wp-block-columns is-layout-flex wp-container-core-columns-is-layout-9503679e wp-block-columns-is-layout-flex\">\n<div class=\"wp-block-column is-layout-flow wp-block-column-is-layout-flow\" style=\"padding-bottom:var(--wp--preset--spacing--30)\">\n<figure class=\"wp-block-image size-full has-custom-border donation-imagen-portada\"><img decoding=\"async\" width=\"2560\" height=\"1707\" src=\"https:\/\/www.entreculturas.org\/wp-content\/uploads\/2024\/10\/Monteserin-Fotografia-Ecuador-scaled.jpg\" alt=\"\" class=\"wp-image-34639\" style=\"border-radius:15px\" srcset=\"https:\/\/www.entreculturas.org\/wp-content\/uploads\/2024\/10\/Monteserin-Fotografia-Ecuador-scaled.jpg 2560w, https:\/\/www.entreculturas.org\/wp-content\/uploads\/2024\/10\/Monteserin-Fotografia-Ecuador-300x200.jpg 300w, https:\/\/www.entreculturas.org\/wp-content\/uploads\/2024\/10\/Monteserin-Fotografia-Ecuador-1024x683.jpg 1024w, https:\/\/www.entreculturas.org\/wp-content\/uploads\/2024\/10\/Monteserin-Fotografia-Ecuador-768x512.jpg 768w, https:\/\/www.entreculturas.org\/wp-content\/uploads\/2024\/10\/Monteserin-Fotografia-Ecuador-1536x1024.jpg 1536w, https:\/\/www.entreculturas.org\/wp-content\/uploads\/2024\/10\/Monteserin-Fotografia-Ecuador-2048x1365.jpg 2048w\" sizes=\"(max-width: 2560px) 100vw, 2560px\" \/><\/figure>\n<\/div>\n\n\n\n<div class=\"wp-block-column is-layout-flow wp-block-column-is-layout-flow\">\n<p>A Entreculturas volem continuar promovent l&#8217;acc\u00e9s a l&#8217;educaci\u00f3 i acompanyant m\u00e9s persones en contextos vulnerables.<\/p>\n\n\n\n<p class=\"colaborar-dona-portada has-purple-color has-text-color has-large-font-size\" style=\"margin-top:var(--wp--preset--spacing--30);margin-bottom:var(--wp--preset--spacing--30);font-style:normal;font-weight:700\">Com vols col\u00b7laborar?<\/p>\n\n\n\n<div class=\"wp-block-columns is-not-stacked-on-mobile gap-botones-dona-portada is-layout-flex wp-container-core-columns-is-layout-658170e2 wp-block-columns-is-layout-flex\">\n<div class=\"wp-block-column is-layout-flow wp-block-column-is-layout-flow\">\n<div class=\"wp-block-buttons is-layout-flex wp-block-buttons-is-layout-flex\">\n<div class=\"wp-block-button has-custom-width wp-block-button__width-100 donate-buttons\"><a class=\"wp-block-button__link has-black-color has-white-background-color has-text-color has-background has-large-font-size has-custom-font-size wp-element-button\" style=\"border-width:2px\">30\u20ac<\/a><\/div>\n<\/div>\n<\/div>\n\n\n\n<div class=\"wp-block-column is-layout-flow wp-block-column-is-layout-flow\">\n<div class=\"wp-block-buttons is-layout-flex wp-block-buttons-is-layout-flex\">\n<div class=\"wp-block-button has-custom-width wp-block-button__width-100 donate-buttons\"><a class=\"wp-block-button__link has-black-color has-white-background-color has-text-color has-background has-large-font-size has-custom-font-size wp-element-button\" style=\"border-width:2px\">80\u20ac<\/a><\/div>\n<\/div>\n<\/div>\n\n\n\n<div class=\"wp-block-column is-layout-flow wp-block-column-is-layout-flow\">\n<div class=\"wp-block-buttons is-layout-flex wp-block-buttons-is-layout-flex\">\n<div class=\"wp-block-button has-custom-width wp-block-button__width-100 donate-buttons\"><a class=\"wp-block-button__link has-black-color has-white-background-color has-text-color has-background has-large-font-size has-custom-font-size wp-element-button\" style=\"border-width:2px\">150\u20ac<\/a><\/div>\n<\/div>\n<\/div>\n\n\n\n<div class=\"wp-block-column is-layout-flow wp-block-column-is-layout-flow\">\n<div class=\"wp-block-buttons is-layout-flex wp-block-buttons-is-layout-flex\">\n<div class=\"wp-block-button has-custom-width wp-block-button__width-100 donate-buttons button-donate-texto\"><a class=\"wp-block-button__link has-black-color has-white-background-color has-text-color has-background wp-element-button\" style=\"border-width:2px;text-transform:none\">Otra<br>Cantidad<\/a><\/div>\n<\/div>\n<\/div>\n<\/div>\n\n\n\n<p class=\"texto-donacion-portada\" style=\"margin-bottom:0\">Amb <strong>80\u20ac<\/strong> aconseguim dos pupitres per a dos estudiants d&#8217;educaci\u00f3 prim\u00e0ria a Guatemala<\/p>\n\n\n\n<div class=\"wp-block-columns is-layout-flex wp-container-core-columns-is-layout-12a0b04b wp-block-columns-is-layout-flex\" style=\"padding-top:var(--wp--preset--spacing--40)\">\n<div class=\"wp-block-column is-layout-flow wp-block-column-is-layout-flow\" style=\"flex-basis:250px\">\n<div class=\"wp-block-buttons align-center-botones-portada-dona is-layout-flex wp-block-buttons-is-layout-flex\" style=\"margin-bottom:var(--wp--preset--spacing--30)\">\n<div class=\"wp-block-button has-custom-width wp-block-button__width-75 eres-empresa\"><a class=\"wp-block-button__link has-black-color has-white-background-color has-text-color has-background has-small-font-size has-custom-font-size wp-element-button\" href=\"https:\/\/www.entreculturas.org\/ca\/empreses\/\" style=\"border-width:2px\" target=\"_blank\" rel=\"noreferrer noopener\">Ets una empresa?<\/a><\/div>\n<\/div>\n<\/div>\n\n\n\n<div class=\"wp-block-column is-layout-flow wp-block-column-is-layout-flow\">\n<div class=\"wp-block-buttons align-center-botones-portada-dona is-content-justification-left is-layout-flex wp-container-core-buttons-is-layout-b1161de5 wp-block-buttons-is-layout-flex\" style=\"margin-top:0\">\n<div class=\"wp-block-button ancho-minimo-boton-dona-portada\"><a class=\"wp-block-button__link has-border-color has-red-border-color wp-element-button\" href=\"https:\/\/www.entreculturas.org\/ca\/dona\/\" style=\"border-width:2px\" target=\"_blank\" rel=\"noreferrer noopener\">\n  VULL DONAR  <img decoding=\"async\" src=\"\/wp-content\/uploads\/2023\/10\/iconocta.svg\" alt=\"Icona\" class=\"donate-icon\">\n    <\/a><\/div>\n<\/div>\n<\/div>\n<\/div>\n<\/div>\n<\/div>\n\n\n\n<script>document.addEventListener('DOMContentLoaded', function() {\n    const buttons = document.querySelectorAll('.donate-buttons a');\n    const imageElement = document.querySelector('.donation-imagen-portada img');\n    const donationTextElement = document.querySelector('.texto-donacion-portada');  \/\/ Selecciona el elemento de texto\n    let defaultButton;\n\n    buttons.forEach(button => {\n        \/\/ Verifica si el bot\u00f3n es el de 80\u20ac\n        if(button.textContent.trim() === '80\u20ac') {\n            defaultButton = button;\n        }\n\n        button.addEventListener('click', function(event) {\n            event.preventDefault();\n\n            \/\/ Desmarca todos los botones\n            buttons.forEach(innerButton => {\n                innerButton.classList.remove('selected');\n            });\n\n            \/\/ Marca el bot\u00f3n que fue clickeado\n            this.classList.add('selected');\n\n            \/\/ Cambia la imagen y el srcset seg\u00fan el bot\u00f3n seleccionado\n            \/\/ Y cambia el texto de donaci\u00f3n tambi\u00e9n\n            switch(this.textContent.trim()) {\n                case '30\u20ac':\n                    imageElement.src = '\/wp-content\/uploads\/2023\/10\/dona_home_30.png';\n                    imageElement.srcset = '\/wp-content\/uploads\/2023\/10\/dona_home_30.png 591w';\n                    donationTextElement.innerHTML = 'Con <strong>30\u20ac conseguimos un kit b\u00e1sico de material educativo para una ni\u00f1a o un ni\u00f1o refugiado en L\u00edbano';\n                    break;\n                case '80\u20ac':\n                    imageElement.src = '\/wp-content\/uploads\/2023\/10\/dona_home_80.png';\n                    imageElement.srcset = '\/wp-content\/uploads\/2023\/10\/dona_home_80.png 591w, \/wp-content\/uploads\/2023\/10\/dona_home_80-300x204.png 300w';\n                    donationTextElement.innerHTML = 'Con <strong>80\u20ac conseguimos dos pupitres para dos estudiantes de educaci\u00f3n primaria en Guatemala';\n                    break;\n                case '150\u20ac':\n                    imageElement.src = '\/wp-content\/uploads\/2023\/10\/dona_home_150.png';\n                    imageElement.srcset = '\/wp-content\/uploads\/2023\/10\/dona_home_150.png 591w';\n                    donationTextElement.innerHTML = '<strong>150\u20ac es el coste de 1 a\u00f1o escolar en un campo de personas refugiadas en Sud\u00e1n del Sur';\n                    break;\n                default:\n                    imageElement.src = '\/wp-content\/uploads\/2023\/10\/dona_home_otra_cantidad.png';\n                    imageElement.srcset = '\/wp-content\/uploads\/2023\/10\/dona_home_otra_cantidad.png 591w';\n                    donationTextElement.innerHTML = 'Con tu ayuda haces posible que m\u00e1s ni\u00f1os y ni\u00f1as en situaci\u00f3n de vulnerabilidad tengan acceso a la educaci\u00f3n';\n                    break;\n            }\n        });\n    });\n\n    \/\/ Marca el bot\u00f3n de 80\u20ac por defecto al cargar la p\u00e1gina\n    if (defaultButton) {\n        defaultButton.classList.add('selected');\n    }\n});\n\n<\/script>\n<\/div>\n<\/div>\n\n<div class=\"wp-block-group has-global-padding is-layout-constrained wp-container-core-group-is-layout-3b0f2f7d wp-block-group-is-layout-constrained\" style=\"padding-right:20px;padding-left:20px\">\n<h2 class=\"wp-block-heading has-text-align-center has-large-font-size\" id=\"h-noticias-relacionadas\" style=\"margin-top:var(--wp--preset--spacing--70);margin-bottom:var(--wp--preset--spacing--60)\">Not\u00edcies relacionades:<\/h2>\n\n\n\n<div class=\"wp-block-query is-layout-flow wp-block-query-is-layout-flow\"><ul class=\"columns-3 news-cont wp-block-post-template is-layout-grid wp-container-core-post-template-is-layout-10753265 wp-block-post-template-is-layout-grid\"><li class=\"wp-block-post post-47674 noticia type-noticia status-publish has-post-thumbnail hentry category-noticia tag-educacion cause-educacion\">\n\n<div class=\"wp-block-group relative card-pill has-white-background-color has-background is-vertical is-nowrap is-layout-flex wp-container-core-group-is-layout-be1d78b3 wp-block-group-is-layout-flex\" style=\"border-radius:15px;min-height:100%;padding-top:0;padding-right:0;padding-bottom:var(--wp--preset--spacing--60);padding-left:0\"><figure style=\"width:100%;\" class=\"alignwide card-img card-hover wp-block-post-featured-image\"><a href=\"https:\/\/www.entreculturas.org\/ca\/noticia\/derechos-infancia\/\" target=\"_self\"  ><img decoding=\"async\" width=\"2048\" height=\"776\" src=\"https:\/\/www.entreculturas.org\/wp-content\/uploads\/2026\/04\/779A2547.jpg\" class=\"attachment-post-thumbnail size-post-thumbnail wp-post-image\" alt=\"Derechos de la infancia: qu\u00e9 son, cu\u00e1les son y por qu\u00e9 es clave garantizarlos\" style=\"object-fit:cover;\" srcset=\"https:\/\/www.entreculturas.org\/wp-content\/uploads\/2026\/04\/779A2547.jpg 2048w, https:\/\/www.entreculturas.org\/wp-content\/uploads\/2026\/04\/779A2547-300x114.jpg 300w, https:\/\/www.entreculturas.org\/wp-content\/uploads\/2026\/04\/779A2547-1024x388.jpg 1024w, https:\/\/www.entreculturas.org\/wp-content\/uploads\/2026\/04\/779A2547-768x291.jpg 768w, https:\/\/www.entreculturas.org\/wp-content\/uploads\/2026\/04\/779A2547-1536x582.jpg 1536w\" sizes=\"(max-width: 2048px) 100vw, 2048px\" \/><\/a><\/figure>\n\n\n<div class=\"wp-block-group is-layout-flow wp-container-core-group-is-layout-07ca84f9 wp-block-group-is-layout-flow\" style=\"padding-right:var(--wp--preset--spacing--60);padding-left:var(--wp--preset--spacing--60)\">\n<div class=\"wp-block-columns is-not-stacked-on-mobile is-layout-flex wp-container-core-columns-is-layout-28f84493 wp-block-columns-is-layout-flex\">\n<div class=\"wp-block-column category-field-noticias is-layout-flow wp-container-core-column-is-layout-a77db08e wp-block-column-is-layout-flow\"><div style=\"font-style:normal;font-weight:700\" class=\"taxonomy-category cat-news wp-block-post-terms has-text-color has-red-color\"><a href=\"https:\/\/www.entreculturas.org\/ca\/category\/noticia\/\" rel=\"tag\">Noticia<\/a><\/div>\n\n\n<p class=\"category-icon\"><\/p>\n<\/div>\n\n\n\n<div class=\"wp-block-column card-tag column-taxonomy is-layout-flow wp-block-column-is-layout-flow\">\n<span class=\"divider-taxonomy\">|<\/span>\n\n\n<div class=\"taxonomy-post_tag border-taxonomy wp-block-post-terms\"><a href=\"https:\/\/www.entreculturas.org\/ca\/tag\/educacion\/\" rel=\"tag\">Educaci\u00f3n<\/a><\/div><\/div>\n<\/div>\n\n\n\n<div class=\"wp-block-group card-title has-global-padding is-layout-constrained wp-block-group-is-layout-constrained\"><h4 style=\"line-height:1; margin-bottom:5px;margin-top:3px;\" class=\"has-link-color titulo-post-content wp-elements-5b2748f6b0bab01dcf70d56aff2efcb7 wp-block-post-title has-text-color has-gray-color\"><a href=\"https:\/\/www.entreculturas.org\/ca\/noticia\/derechos-infancia\/\" target=\"_self\" >Derechos de la infancia: qu\u00e9 son, cu\u00e1les son y por qu\u00e9 es clave garantizarlos<\/a><\/h4><\/div>\n\n\n<div style=\"color:#b1b1b1; font-size:14px; margin-top:5px;\" class=\"news-date date-format wp-block-post-date has-text-color\"><time datetime=\"2026-04-23T11:50:23+02:00\">23 abril 2026<\/time><\/div><\/div>\n<\/div>\n\n<\/li><li class=\"wp-block-post post-47520 noticia type-noticia status-publish has-post-thumbnail hentry category-noticia tag-justicia-socioambiental cause-justicia-medioambiental\">\n\n<div class=\"wp-block-group relative card-pill has-white-background-color has-background is-vertical is-nowrap is-layout-flex wp-container-core-group-is-layout-be1d78b3 wp-block-group-is-layout-flex\" style=\"border-radius:15px;min-height:100%;padding-top:0;padding-right:0;padding-bottom:var(--wp--preset--spacing--60);padding-left:0\"><figure style=\"width:100%;\" class=\"alignwide card-img card-hover wp-block-post-featured-image\"><a href=\"https:\/\/www.entreculturas.org\/ca\/noticia\/foro-permanente-de-la-onu-sobre-cuestiones-indigenas\/\" target=\"_self\"  ><img decoding=\"async\" width=\"2048\" height=\"891\" src=\"https:\/\/www.entreculturas.org\/wp-content\/uploads\/2026\/04\/20A-Autoria_-CPAL.JPG-scaled.jpg\" class=\"attachment-post-thumbnail size-post-thumbnail wp-post-image\" alt=\"Alboan y Entreculturas en el Foro Permanente de la ONU sobre Cuestiones Ind\u00edgenas: defensa de los derechos de los pueblos amaz\u00f3nicos\" style=\"object-fit:cover;\" srcset=\"https:\/\/www.entreculturas.org\/wp-content\/uploads\/2026\/04\/20A-Autoria_-CPAL.JPG-scaled.jpg 2048w, https:\/\/www.entreculturas.org\/wp-content\/uploads\/2026\/04\/20A-Autoria_-CPAL.JPG-300x131.jpg 300w, https:\/\/www.entreculturas.org\/wp-content\/uploads\/2026\/04\/20A-Autoria_-CPAL.JPG-1024x446.jpg 1024w, https:\/\/www.entreculturas.org\/wp-content\/uploads\/2026\/04\/20A-Autoria_-CPAL.JPG-768x334.jpg 768w, https:\/\/www.entreculturas.org\/wp-content\/uploads\/2026\/04\/20A-Autoria_-CPAL.JPG-1536x668.jpg 1536w\" sizes=\"(max-width: 2048px) 100vw, 2048px\" \/><\/a><\/figure>\n\n\n<div class=\"wp-block-group is-layout-flow wp-container-core-group-is-layout-07ca84f9 wp-block-group-is-layout-flow\" style=\"padding-right:var(--wp--preset--spacing--60);padding-left:var(--wp--preset--spacing--60)\">\n<div class=\"wp-block-columns is-not-stacked-on-mobile is-layout-flex wp-container-core-columns-is-layout-28f84493 wp-block-columns-is-layout-flex\">\n<div class=\"wp-block-column category-field-noticias is-layout-flow wp-container-core-column-is-layout-a77db08e wp-block-column-is-layout-flow\"><div style=\"font-style:normal;font-weight:700\" class=\"taxonomy-category cat-news wp-block-post-terms has-text-color has-red-color\"><a href=\"https:\/\/www.entreculturas.org\/ca\/category\/noticia\/\" rel=\"tag\">Noticia<\/a><\/div>\n\n\n<p class=\"category-icon\"><\/p>\n<\/div>\n\n\n\n<div class=\"wp-block-column card-tag column-taxonomy is-layout-flow wp-block-column-is-layout-flow\">\n<span class=\"divider-taxonomy\">|<\/span>\n\n\n<div class=\"taxonomy-post_tag border-taxonomy wp-block-post-terms\"><a href=\"https:\/\/www.entreculturas.org\/ca\/tag\/justicia-socioambiental\/\" rel=\"tag\">Justicia Socioambiental<\/a><\/div><\/div>\n<\/div>\n\n\n\n<div class=\"wp-block-group card-title has-global-padding is-layout-constrained wp-block-group-is-layout-constrained\"><h4 style=\"line-height:1; margin-bottom:5px;margin-top:3px;\" class=\"has-link-color titulo-post-content wp-elements-5b2748f6b0bab01dcf70d56aff2efcb7 wp-block-post-title has-text-color has-gray-color\"><a href=\"https:\/\/www.entreculturas.org\/ca\/noticia\/foro-permanente-de-la-onu-sobre-cuestiones-indigenas\/\" target=\"_self\" >Alboan y Entreculturas en el Foro Permanente de la ONU sobre Cuestiones Ind\u00edgenas: defensa de los derechos de los pueblos amaz\u00f3nicos<\/a><\/h4><\/div>\n\n\n<div style=\"color:#b1b1b1; font-size:14px; margin-top:5px;\" class=\"news-date date-format wp-block-post-date has-text-color\"><time datetime=\"2026-04-20T15:14:55+02:00\">20 abril 2026<\/time><\/div><\/div>\n<\/div>\n\n<\/li><li class=\"wp-block-post post-47434 noticia type-noticia status-publish has-post-thumbnail hentry category-noticia\">\n\n<div class=\"wp-block-group relative card-pill has-white-background-color has-background is-vertical is-nowrap is-layout-flex wp-container-core-group-is-layout-be1d78b3 wp-block-group-is-layout-flex\" style=\"border-radius:15px;min-height:100%;padding-top:0;padding-right:0;padding-bottom:var(--wp--preset--spacing--60);padding-left:0\"><figure style=\"width:100%;\" class=\"alignwide card-img card-hover wp-block-post-featured-image\"><a href=\"https:\/\/www.entreculturas.org\/ca\/noticia\/la-solidaridad-la-dignidad-humana-y-los-derechos-humanos-no-pueden-ser-moneda-de-cambio-para-llegar-al-gobierno\/\" target=\"_self\"  ><img decoding=\"async\" width=\"1843\" height=\"698\" src=\"https:\/\/www.entreculturas.org\/wp-content\/uploads\/2026\/04\/43211.jpg\" class=\"attachment-post-thumbnail size-post-thumbnail wp-post-image\" alt=\"La solidaridad, la dignidad humana, y los Derechos Humanos no pueden ser moneda de cambio para llegar al Gobierno\" style=\"object-fit:cover;\" srcset=\"https:\/\/www.entreculturas.org\/wp-content\/uploads\/2026\/04\/43211.jpg 1843w, https:\/\/www.entreculturas.org\/wp-content\/uploads\/2026\/04\/43211-300x114.jpg 300w, https:\/\/www.entreculturas.org\/wp-content\/uploads\/2026\/04\/43211-1024x388.jpg 1024w, https:\/\/www.entreculturas.org\/wp-content\/uploads\/2026\/04\/43211-768x291.jpg 768w, https:\/\/www.entreculturas.org\/wp-content\/uploads\/2026\/04\/43211-1536x582.jpg 1536w\" sizes=\"(max-width: 1843px) 100vw, 1843px\" \/><\/a><\/figure>\n\n\n<div class=\"wp-block-group is-layout-flow wp-container-core-group-is-layout-07ca84f9 wp-block-group-is-layout-flow\" style=\"padding-right:var(--wp--preset--spacing--60);padding-left:var(--wp--preset--spacing--60)\">\n<div class=\"wp-block-columns is-not-stacked-on-mobile is-layout-flex wp-container-core-columns-is-layout-28f84493 wp-block-columns-is-layout-flex\">\n<div class=\"wp-block-column category-field-noticias is-layout-flow wp-container-core-column-is-layout-a77db08e wp-block-column-is-layout-flow\"><div style=\"font-style:normal;font-weight:700\" class=\"taxonomy-category cat-news wp-block-post-terms has-text-color has-red-color\"><a href=\"https:\/\/www.entreculturas.org\/ca\/category\/noticia\/\" rel=\"tag\">Noticia<\/a><\/div>\n\n\n<p class=\"category-icon\"><\/p>\n<\/div>\n\n\n\n<div class=\"wp-block-column card-tag column-taxonomy is-layout-flow wp-block-column-is-layout-flow\">\n<span class=\"divider-taxonomy\">|<\/span>\n\n\n<\/div>\n<\/div>\n\n\n\n<div class=\"wp-block-group card-title has-global-padding is-layout-constrained wp-block-group-is-layout-constrained\"><h4 style=\"line-height:1; margin-bottom:5px;margin-top:3px;\" class=\"has-link-color titulo-post-content wp-elements-5b2748f6b0bab01dcf70d56aff2efcb7 wp-block-post-title has-text-color has-gray-color\"><a href=\"https:\/\/www.entreculturas.org\/ca\/noticia\/la-solidaridad-la-dignidad-humana-y-los-derechos-humanos-no-pueden-ser-moneda-de-cambio-para-llegar-al-gobierno\/\" target=\"_self\" >La solidaridad, la dignidad humana, y los Derechos Humanos no pueden ser moneda de cambio para llegar al Gobierno<\/a><\/h4><\/div>\n\n\n<div style=\"color:#b1b1b1; font-size:14px; margin-top:5px;\" class=\"news-date date-format wp-block-post-date has-text-color\"><time datetime=\"2026-04-17T13:58:49+02:00\">17 abril 2026<\/time><\/div><\/div>\n<\/div>\n\n<\/li><\/ul>\n\n\n<script>document.addEventListener(\"DOMContentLoaded\", function() {\n\n    var categoryLinks = document.querySelectorAll('.taxonomy-category a');\n\n    categoryLinks.forEach(function(link) {\n        var href = link.getAttribute('href');\n        \n        \/\/ Obtenemos el contenedor padre del enlace y, luego, su pr\u00f3ximo hermano\n        var icon = link.parentElement.nextElementSibling;\n\n        if (href && icon && href.includes('\/category\/noticia\/')) {\n            icon.innerHTML = '<img decoding=\"async\" src=\"\/wp-content\/uploads\/2023\/09\/noticia.svg\" alt=\"Icono de Noticia\" class=\"card-icon\" \/>';\n        } else if (href && icon && href.includes('\/category\/video\/')) {\n            icon.innerHTML = '<img decoding=\"async\" src=\"\/wp-content\/uploads\/2023\/09\/play.svg\" alt=\"Icono de Video\" class=\"card-icon\" \/>';\n        } else if (href && icon && href.includes('\/category\/entrevista\/')) {\n            icon.innerHTML = '<img decoding=\"async\" src=\"\/wp-content\/uploads\/2023\/09\/entrevista.svg\" alt=\"Icono de Entrevista\" class=\"card-icon\" \/>';\n        } else if (href && icon && href.includes('\/category\/reportaje\/')) {\n            icon.innerHTML = '<img decoding=\"async\" src=\"\/wp-content\/uploads\/2023\/09\/reportaje.svg\" alt=\"Icono de Reportaje\" class=\"card-icon\" \/>';\n        } else if (href && icon && href.includes('\/category\/testimonio\/')) {\n            icon.innerHTML = '<img decoding=\"async\" src=\"\/wp-content\/uploads\/2023\/09\/testimonio.svg\" alt=\"Icono de Testimonio\" class=\"card-icon\" \/>';\n        }\n    });\n});\n\n<\/script>\n<\/div>\n\n\n\n<div class=\"wp-block-buttons is-content-justification-center is-layout-flex wp-container-core-buttons-is-layout-5276c98e wp-block-buttons-is-layout-flex\" style=\"margin-top:0;margin-bottom:var(--wp--preset--spacing--70)\">\n<div class=\"wp-block-button\"><a class=\"wp-block-button__link has-red-color has-white-background-color has-text-color has-background wp-element-button\" href=\"https:\/\/www.entreculturas.org\/noticias\/\" style=\"border-width:2px\" target=\"_blank\" rel=\"noreferrer noopener\">Llegir m\u00e9s not\u00edcies<\/a><\/div>\n<\/div>\n<\/div>\n\n<div class=\"wp-block-group has-global-padding is-layout-constrained wp-container-core-group-is-layout-eee0ce2b wp-block-group-is-layout-constrained\" style=\"margin-top:0;margin-bottom:var(--wp--preset--spacing--80);padding-right:20px;padding-left:20px\">\n<div class=\"wp-block-group has-red-background-color has-background is-content-justification-center is-layout-flex wp-container-core-group-is-layout-07f1826f wp-block-group-is-layout-flex\" style=\"border-radius:15px;padding-top:var(--wp--preset--spacing--60);padding-right:var(--wp--preset--spacing--60);padding-bottom:var(--wp--preset--spacing--60);padding-left:var(--wp--preset--spacing--60)\">\n<p class=\"has-text-align-center has-white-color has-text-color\" style=\"font-size:27px\"><strong>Vols veure el llistat complet dels nostres projectes?<\/strong><\/p>\n\n\n\n<div class=\"wp-block-buttons is-layout-flex wp-block-buttons-is-layout-flex\">\n<div class=\"wp-block-button is-style-outline is-style-outline--1\" style=\"font-style:normal;font-weight:600\"><a class=\"wp-block-button__link has-white-color has-red-background-color has-text-color has-background has-border-color has-white-border-color wp-element-button\" href=\"https:\/\/www.entreculturas.org\/wp-content\/uploads\/2024\/06\/listado-proyectos-2023.pdf\" style=\"border-width:2px\" target=\"_blank\" rel=\"noreferrer noopener\">Descarrega-t&#8217;ho<\/a><\/div>\n<\/div>\n<\/div>\n<\/div>\n","protected":false},"excerpt":{"rendered":"<p>Not\u00edcies relacionades: Vols veure el llistat complet dels nostres projectes?<\/p>\n","protected":false},"author":1,"featured_media":0,"parent":0,"menu_order":0,"comment_status":"closed","ping_status":"closed","template":"","meta":{"_acf_changed":false,"footnotes":""},"class_list":["post-20349","page","type-page","status-publish","hentry"],"acf":[],"yoast_head":"<!-- This site is optimized with the Yoast SEO Premium plugin v21.6 (Yoast SEO v27.5) - https:\/\/yoast.com\/product\/yoast-seo-premium-wordpress\/ -->\n<title>Projectes de l&#039;ONG Entrecultures: coneix-los tots<\/title>\n<meta name=\"description\" content=\"Explora els projectes educatius i socials d&#039;entrecultures arreu del m\u00f3n\" \/>\n<meta name=\"robots\" content=\"index, follow, max-snippet:-1, max-image-preview:large, max-video-preview:-1\" \/>\n<link rel=\"canonical\" href=\"https:\/\/www.entreculturas.org\/ca\/coneix-els-nostres-projectes\/\" \/>\n<meta property=\"og:locale\" content=\"ca_ES\" \/>\n<meta property=\"og:type\" content=\"article\" \/>\n<meta property=\"og:title\" content=\"Coneix els nostres projectes\" \/>\n<meta property=\"og:description\" content=\"Explora els projectes educatius i socials d&#039;entrecultures arreu del m\u00f3n\" \/>\n<meta property=\"og:url\" content=\"https:\/\/www.entreculturas.org\/ca\/coneix-els-nostres-projectes\/\" \/>\n<meta property=\"og:site_name\" content=\"Entreculturas\" \/>\n<meta property=\"article:publisher\" content=\"https:\/\/www.facebook.com\/entreculturas\" \/>\n<meta property=\"article:modified_time\" content=\"2024-10-29T11:53:28+00:00\" \/>\n<meta property=\"og:image\" content=\"https:\/\/www.entreculturas.org\/wp-content\/uploads\/2023\/12\/Entreculturas-evaluamos.jpg\" \/>\n<meta name=\"twitter:card\" content=\"summary_large_image\" \/>\n<meta name=\"twitter:site\" content=\"@Entreculturas\" \/>\n<script type=\"application\/ld+json\" class=\"yoast-schema-graph\">{\"@context\":\"https:\\\/\\\/schema.org\",\"@graph\":[{\"@type\":\"WebPage\",\"@id\":\"https:\\\/\\\/www.entreculturas.org\\\/ca\\\/coneix-els-nostres-projectes\\\/\",\"url\":\"https:\\\/\\\/www.entreculturas.org\\\/ca\\\/coneix-els-nostres-projectes\\\/\",\"name\":\"Projectes de l'ONG Entrecultures: coneix-los tots\",\"isPartOf\":{\"@id\":\"https:\\\/\\\/www.entreculturas.org\\\/ca\\\/#website\"},\"primaryImageOfPage\":{\"@id\":\"https:\\\/\\\/www.entreculturas.org\\\/ca\\\/coneix-els-nostres-projectes\\\/#primaryimage\"},\"image\":{\"@id\":\"https:\\\/\\\/www.entreculturas.org\\\/ca\\\/coneix-els-nostres-projectes\\\/#primaryimage\"},\"thumbnailUrl\":\"https:\\\/\\\/www.entreculturas.org\\\/wp-content\\\/uploads\\\/2023\\\/12\\\/Entreculturas-evaluamos.jpg\",\"datePublished\":\"2023-11-23T13:05:26+00:00\",\"dateModified\":\"2024-10-29T11:53:28+00:00\",\"description\":\"Explora els projectes educatius i socials d'entrecultures arreu del m\u00f3n\",\"breadcrumb\":{\"@id\":\"https:\\\/\\\/www.entreculturas.org\\\/ca\\\/coneix-els-nostres-projectes\\\/#breadcrumb\"},\"inLanguage\":\"ca\",\"potentialAction\":[{\"@type\":\"ReadAction\",\"target\":[\"https:\\\/\\\/www.entreculturas.org\\\/ca\\\/coneix-els-nostres-projectes\\\/\"]}]},{\"@type\":\"ImageObject\",\"inLanguage\":\"ca\",\"@id\":\"https:\\\/\\\/www.entreculturas.org\\\/ca\\\/coneix-els-nostres-projectes\\\/#primaryimage\",\"url\":\"https:\\\/\\\/www.entreculturas.org\\\/wp-content\\\/uploads\\\/2023\\\/12\\\/Entreculturas-evaluamos.jpg\",\"contentUrl\":\"https:\\\/\\\/www.entreculturas.org\\\/wp-content\\\/uploads\\\/2023\\\/12\\\/Entreculturas-evaluamos.jpg\"},{\"@type\":\"BreadcrumbList\",\"@id\":\"https:\\\/\\\/www.entreculturas.org\\\/ca\\\/coneix-els-nostres-projectes\\\/#breadcrumb\",\"itemListElement\":[{\"@type\":\"ListItem\",\"position\":1,\"name\":\"Home\",\"item\":\"https:\\\/\\\/www.entreculturas.org\\\/ca\\\/\"},{\"@type\":\"ListItem\",\"position\":2,\"name\":\"Coneix els nostres projectes\"}]},{\"@type\":\"WebSite\",\"@id\":\"https:\\\/\\\/www.entreculturas.org\\\/ca\\\/#website\",\"url\":\"https:\\\/\\\/www.entreculturas.org\\\/ca\\\/\",\"name\":\"Entreculturas\",\"description\":\"\",\"publisher\":{\"@id\":\"https:\\\/\\\/www.entreculturas.org\\\/ca\\\/#organization\"},\"alternateName\":\"Entreculturas\",\"potentialAction\":[{\"@type\":\"SearchAction\",\"target\":{\"@type\":\"EntryPoint\",\"urlTemplate\":\"https:\\\/\\\/www.entreculturas.org\\\/ca\\\/?s={search_term_string}\"},\"query-input\":{\"@type\":\"PropertyValueSpecification\",\"valueRequired\":true,\"valueName\":\"search_term_string\"}}],\"inLanguage\":\"ca\"},{\"@type\":\"Organization\",\"@id\":\"https:\\\/\\\/www.entreculturas.org\\\/ca\\\/#organization\",\"name\":\"Entreculturas\",\"url\":\"https:\\\/\\\/www.entreculturas.org\\\/ca\\\/\",\"logo\":{\"@type\":\"ImageObject\",\"inLanguage\":\"ca\",\"@id\":\"https:\\\/\\\/www.entreculturas.org\\\/ca\\\/#\\\/schema\\\/logo\\\/image\\\/\",\"url\":\"https:\\\/\\\/www.entreculturas.org\\\/wp-content\\\/uploads\\\/2025\\\/10\\\/ESP.svg\",\"contentUrl\":\"https:\\\/\\\/www.entreculturas.org\\\/wp-content\\\/uploads\\\/2025\\\/10\\\/ESP.svg\",\"caption\":\"Entreculturas\"},\"image\":{\"@id\":\"https:\\\/\\\/www.entreculturas.org\\\/ca\\\/#\\\/schema\\\/logo\\\/image\\\/\"},\"sameAs\":[\"https:\\\/\\\/www.facebook.com\\\/entreculturas\",\"https:\\\/\\\/x.com\\\/Entreculturas\",\"https:\\\/\\\/www.instagram.com\\\/entreculturas\\\/\",\"https:\\\/\\\/www.youtube.com\\\/user\\\/entreculturasvideo\",\"https:\\\/\\\/www.linkedin.com\\\/company\\\/fundacion-entreculturas-ngdo\\\/\",\"https:\\\/\\\/www.flickr.com\\\/photos\\\/98455522@N04\\\/albums\\\/\"]}]}<\/script>\n<!-- \/ Yoast SEO Premium plugin. -->","yoast_head_json":{"title":"Projectes de l'ONG Entrecultures: coneix-los tots","description":"Explora els projectes educatius i socials d'entrecultures arreu del m\u00f3n","robots":{"index":"index","follow":"follow","max-snippet":"max-snippet:-1","max-image-preview":"max-image-preview:large","max-video-preview":"max-video-preview:-1"},"canonical":"https:\/\/www.entreculturas.org\/ca\/coneix-els-nostres-projectes\/","og_locale":"ca_ES","og_type":"article","og_title":"Coneix els nostres projectes","og_description":"Explora els projectes educatius i socials d'entrecultures arreu del m\u00f3n","og_url":"https:\/\/www.entreculturas.org\/ca\/coneix-els-nostres-projectes\/","og_site_name":"Entreculturas","article_publisher":"https:\/\/www.facebook.com\/entreculturas","article_modified_time":"2024-10-29T11:53:28+00:00","og_image":[{"url":"https:\/\/www.entreculturas.org\/wp-content\/uploads\/2023\/12\/Entreculturas-evaluamos.jpg","type":"","width":"","height":""}],"twitter_card":"summary_large_image","twitter_site":"@Entreculturas","schema":{"@context":"https:\/\/schema.org","@graph":[{"@type":"WebPage","@id":"https:\/\/www.entreculturas.org\/ca\/coneix-els-nostres-projectes\/","url":"https:\/\/www.entreculturas.org\/ca\/coneix-els-nostres-projectes\/","name":"Projectes de l'ONG Entrecultures: coneix-los tots","isPartOf":{"@id":"https:\/\/www.entreculturas.org\/ca\/#website"},"primaryImageOfPage":{"@id":"https:\/\/www.entreculturas.org\/ca\/coneix-els-nostres-projectes\/#primaryimage"},"image":{"@id":"https:\/\/www.entreculturas.org\/ca\/coneix-els-nostres-projectes\/#primaryimage"},"thumbnailUrl":"https:\/\/www.entreculturas.org\/wp-content\/uploads\/2023\/12\/Entreculturas-evaluamos.jpg","datePublished":"2023-11-23T13:05:26+00:00","dateModified":"2024-10-29T11:53:28+00:00","description":"Explora els projectes educatius i socials d'entrecultures arreu del m\u00f3n","breadcrumb":{"@id":"https:\/\/www.entreculturas.org\/ca\/coneix-els-nostres-projectes\/#breadcrumb"},"inLanguage":"ca","potentialAction":[{"@type":"ReadAction","target":["https:\/\/www.entreculturas.org\/ca\/coneix-els-nostres-projectes\/"]}]},{"@type":"ImageObject","inLanguage":"ca","@id":"https:\/\/www.entreculturas.org\/ca\/coneix-els-nostres-projectes\/#primaryimage","url":"https:\/\/www.entreculturas.org\/wp-content\/uploads\/2023\/12\/Entreculturas-evaluamos.jpg","contentUrl":"https:\/\/www.entreculturas.org\/wp-content\/uploads\/2023\/12\/Entreculturas-evaluamos.jpg"},{"@type":"BreadcrumbList","@id":"https:\/\/www.entreculturas.org\/ca\/coneix-els-nostres-projectes\/#breadcrumb","itemListElement":[{"@type":"ListItem","position":1,"name":"Home","item":"https:\/\/www.entreculturas.org\/ca\/"},{"@type":"ListItem","position":2,"name":"Coneix els nostres projectes"}]},{"@type":"WebSite","@id":"https:\/\/www.entreculturas.org\/ca\/#website","url":"https:\/\/www.entreculturas.org\/ca\/","name":"Entreculturas","description":"","publisher":{"@id":"https:\/\/www.entreculturas.org\/ca\/#organization"},"alternateName":"Entreculturas","potentialAction":[{"@type":"SearchAction","target":{"@type":"EntryPoint","urlTemplate":"https:\/\/www.entreculturas.org\/ca\/?s={search_term_string}"},"query-input":{"@type":"PropertyValueSpecification","valueRequired":true,"valueName":"search_term_string"}}],"inLanguage":"ca"},{"@type":"Organization","@id":"https:\/\/www.entreculturas.org\/ca\/#organization","name":"Entreculturas","url":"https:\/\/www.entreculturas.org\/ca\/","logo":{"@type":"ImageObject","inLanguage":"ca","@id":"https:\/\/www.entreculturas.org\/ca\/#\/schema\/logo\/image\/","url":"https:\/\/www.entreculturas.org\/wp-content\/uploads\/2025\/10\/ESP.svg","contentUrl":"https:\/\/www.entreculturas.org\/wp-content\/uploads\/2025\/10\/ESP.svg","caption":"Entreculturas"},"image":{"@id":"https:\/\/www.entreculturas.org\/ca\/#\/schema\/logo\/image\/"},"sameAs":["https:\/\/www.facebook.com\/entreculturas","https:\/\/x.com\/Entreculturas","https:\/\/www.instagram.com\/entreculturas\/","https:\/\/www.youtube.com\/user\/entreculturasvideo","https:\/\/www.linkedin.com\/company\/fundacion-entreculturas-ngdo\/","https:\/\/www.flickr.com\/photos\/98455522@N04\/albums\/"]}]}},"_links":{"self":[{"href":"https:\/\/www.entreculturas.org\/ca\/wp-json\/wp\/v2\/pages\/20349","targetHints":{"allow":["GET"]}}],"collection":[{"href":"https:\/\/www.entreculturas.org\/ca\/wp-json\/wp\/v2\/pages"}],"about":[{"href":"https:\/\/www.entreculturas.org\/ca\/wp-json\/wp\/v2\/types\/page"}],"author":[{"embeddable":true,"href":"https:\/\/www.entreculturas.org\/ca\/wp-json\/wp\/v2\/users\/1"}],"replies":[{"embeddable":true,"href":"https:\/\/www.entreculturas.org\/ca\/wp-json\/wp\/v2\/comments?post=20349"}],"version-history":[{"count":5,"href":"https:\/\/www.entreculturas.org\/ca\/wp-json\/wp\/v2\/pages\/20349\/revisions"}],"predecessor-version":[{"id":34772,"href":"https:\/\/www.entreculturas.org\/ca\/wp-json\/wp\/v2\/pages\/20349\/revisions\/34772"}],"wp:attachment":[{"href":"https:\/\/www.entreculturas.org\/ca\/wp-json\/wp\/v2\/media?parent=20349"}],"curies":[{"name":"wp","href":"https:\/\/api.w.org\/{rel}","templated":true}]}}