{"id":20290,"date":"2023-09-29T11:29:20","date_gmt":"2023-09-29T09:29:20","guid":{"rendered":"https:\/\/www.entreculturas.org\/qui-som\/"},"modified":"2026-04-06T14:16:34","modified_gmt":"2026-04-06T12:16:34","slug":"qui-som","status":"publish","type":"page","link":"https:\/\/www.entreculturas.org\/ca\/qui-som\/","title":{"rendered":"Qui som?"},"content":{"rendered":"\n<div class=\"wp-block-cover is-light wp-block-hero\" style=\"padding-top:100px;padding-right:100px;padding-bottom:100px;padding-left:100px\"><img decoding=\"async\" class=\"wp-block-cover__image-background wp-image-1535\" alt=\"\" src=\"https:\/\/www.entreculturas.org\/wp-content\/uploads\/2023\/10\/bg-quienes-somos-scaled.jpg\" style=\"object-position:52% 61%\" data-object-fit=\"cover\" data-object-position=\"52% 61%\"\/><span aria-hidden=\"true\" class=\"wp-block-cover__background has-background-dim\"><\/span><div class=\"wp-block-cover__inner-container is-layout-flow wp-block-cover-is-layout-flow\">\n<div class=\"wp-block-group has-global-padding is-layout-constrained wp-container-core-group-is-layout-4dcaaabf wp-block-group-is-layout-constrained\">\n<div class=\"wp-block-group transicion-carga animacion-header has-global-padding is-content-justification-left is-layout-constrained wp-container-core-group-is-layout-aaf875ba wp-block-group-is-layout-constrained\">\n<h1 class=\"wp-block-heading has-text-align-left has-white-color has-text-color\" id=\"h-quienes-somos\" style=\"margin-top:0;margin-right:0;margin-bottom:0;margin-left:0;padding-top:0px;padding-right:0;padding-bottom:0;padding-left:0\">Qui som?<\/h1>\n\n\n\n<p class=\"cr-fotografo has-white-color has-text-color\" style=\"font-size:12px\">\u00a9 Monteser\u00edn Fotografia<\/p>\n<\/div>\n<\/div>\n<\/div><\/div>\n\n<div class=\"wp-block-group rounded-shadow has-white-background-color has-background has-global-padding is-layout-constrained wp-container-core-group-is-layout-06355609 wp-block-group-is-layout-constrained\" style=\"margin-top:0;margin-bottom:0;padding-top:var(--wp--preset--spacing--40);padding-right:var(--wp--preset--spacing--40);padding-bottom:var(--wp--preset--spacing--70);padding-left:var(--wp--preset--spacing--40)\">\n<div class=\"wp-block-group has-global-padding is-layout-constrained wp-container-core-group-is-layout-819b9014 wp-block-group-is-layout-constrained\" style=\"padding-top:0;padding-bottom:0\">\n<h3 class=\"wp-block-heading has-text-align-center encabezado-quienes-somos has-purple-color has-text-color\" id=\"h-somos-una-ong-de-la-compania-de-jesus-que-defiende-el-derecho-a-la-educacion\" style=\"margin-bottom:var(--wp--preset--spacing--30)\">Som una ONG de la Companyia de Jes\u00fas que defensa el dret a l\u00b4educaci\u00f3<\/h3>\n\n\n\n<p class=\"font-size-14\" style=\"font-size:20px\">A trav\u00e9s dels nostres projectes, promovem l&#8217;acc\u00e9s a una educaci\u00f3 de qualitat i en igualtat d&#8217;oportunitats en contextos d&#8217;exclusi\u00f3 i de vulnerabilitat a <strong>\u00c0frica, Am\u00e8rica Llatina, \u00c0sia i Europa.<\/strong><\/p>\n\n\n\n<p class=\"font-size-14\" style=\"font-size:20px\"><br\/>Creiem que garantir <strong>el dret a l&#8217;educaci\u00f3 de qualitat \u00e9s el mitj\u00e0 per al canvi i la just\u00edcia social i un eix transversal a cadascuna de les 5 causes que defensem:<\/strong> dret a l&#8217;educaci\u00f3, migraci\u00f3 i refugi, equitat de g\u00e8nere, just\u00edcia socioambiental i participaci\u00f3 ciutadana.<\/p>\n\n\n\n<p class=\"font-size-14\" style=\"font-size:20px\"><br\/>Per a Entreculturas, \u00e9s fonamental que totes les nostres actuacions generin igualtat d&#8217;oportunitats i siguin responsables i transparents amb totes les persones que ens donen suport.<\/p>\n<\/div>\n<\/div>\n\n<div class=\"wp-block-group has-global-padding is-layout-constrained wp-container-core-group-is-layout-b74f2a4b wp-block-group-is-layout-constrained\" style=\"padding-right:20px;padding-left:20px\">\n<div class=\"wp-block-group has-global-padding is-layout-constrained wp-container-core-group-is-layout-940eb97b wp-block-group-is-layout-constrained\" style=\"margin-top:var(--wp--preset--spacing--70);margin-bottom:var(--wp--preset--spacing--70)\">\n<figure class=\"wp-block-image aligncenter size-full\"><img decoding=\"async\" src=\"https:\/\/www.entreculturas.org\/wp-content\/uploads\/2023\/09\/corazon_entrecult.svg\" alt=\"\" class=\"wp-image-588\"\/><\/figure>\n<\/div>\n<\/div>\n\n<div class=\"wp-block-buttons botones-post-accordion-qs ancho-desktop-qs-button is-content-justification-center is-layout-flex wp-container-core-buttons-is-layout-bb659de6 wp-block-buttons-is-layout-flex\" style=\"margin-top:var(--wp--preset--spacing--50)\">\n<div class=\"wp-block-button\"><a class=\"wp-block-button__link wp-element-button\" href=\"https:\/\/www.entreculturas.org\/wp-content\/uploads\/2023\/12\/documento_de_identidad_de_entreculturas.pdf\" target=\"_blank\" rel=\"noreferrer noopener\">Document d&#8217;identitat d&#8217;entrecultures<\/a><\/div>\n<\/div>\n\n<div class=\"wp-block-buttons botones-post-accordion-qs is-content-justification-center is-layout-flex wp-container-core-buttons-is-layout-51282427 wp-block-buttons-is-layout-flex\" style=\"margin-top:var(--wp--preset--spacing--30);margin-bottom:0\">\n<div class=\"wp-block-button\"><a class=\"wp-block-button__link wp-element-button\" href=\"https:\/\/www.entreculturas.org\/wp-content\/uploads\/2023\/12\/causas_comunes.pdf\" target=\"_blank\" rel=\"noreferrer noopener\">MARC ESTRAT\u00c8GIC COM\u00da ENTRECULTURES I ALBOAN<\/a><\/div>\n<\/div>\n\n<div class=\"wp-block-buttons botones-post-accordion-qs is-content-justification-center is-layout-flex wp-container-core-buttons-is-layout-dc4f92c6 wp-block-buttons-is-layout-flex\" style=\"margin-top:var(--wp--preset--spacing--30);margin-bottom:var(--wp--preset--spacing--50)\">\n<div class=\"wp-block-button\"><a class=\"wp-block-button__link wp-element-button\" href=\"https:\/\/www.entreculturas.org\/wp-content\/uploads\/2026\/01\/Actualizacion-MEC-26-27.pdf\" target=\"_blank\" rel=\"noreferrer noopener\">actualitzaci\u00f3 mec 26-27 ENTRECULTURES I ALBOAN<\/a><\/div>\n<\/div>\n\n<div class=\"wp-block-group has-global-padding is-layout-constrained wp-container-core-group-is-layout-41c06ba8 wp-block-group-is-layout-constrained\">\n<div class=\"wp-block-group is-vertical is-content-justification-center is-layout-flex wp-container-core-group-is-layout-da2ee355 wp-block-group-is-layout-flex\" style=\"padding-top:var(--wp--preset--spacing--70);padding-right:0;padding-bottom:var(--wp--preset--spacing--70);padding-left:0\">\n<p class=\"has-text-align-center text-wrap-balance nuestras-causas-portada has-gray-entreculturas-color has-text-color\" style=\"padding-right:20px;padding-left:20px;font-size:37px;font-style:normal;font-weight:700;line-height:1.1\">Les nostres causes<\/p>\n\n\n\n<p class=\"has-text-align-center font-size-14\" style=\"padding-right:20px;padding-left:20px;font-size:20px\">Acompanyem m\u00e9s de 401.159 persones a trav\u00e9s de m\u00e9s de 203 projectes a 42 pa\u00efsos del m\u00f3n.<\/p>\n<\/div>\n<\/div>\n\n<div class=\"wp-block-group group-nuestras-causas-mobile-home has-global-padding is-content-justification-center is-layout-constrained wp-container-core-group-is-layout-e7aee6d0 wp-block-group-is-layout-constrained\" style=\"margin-top:0;margin-bottom:var(--wp--preset--spacing--80);padding-right:var(--wp--preset--spacing--40);padding-left:var(--wp--preset--spacing--40)\">\n<div class=\"wp-block-columns is-layout-flex wp-container-core-columns-is-layout-cbe57604 wp-block-columns-is-layout-flex\">\n<div class=\"wp-block-column js-scroll fade-in-bottom-5 has-global-padding is-content-justification-center is-layout-constrained wp-container-core-column-is-layout-d7a71814 wp-block-column-is-layout-constrained\" style=\"padding-right:0;padding-left:0\">\n<a href=\"https:\/\/www.entreculturas.org\/ca\/dret-a-leducacio\/\" style=\"text-decoration:none;color:#2e2d2c\" rel=\"noopener\">\n\n\n\n<div class=\"wp-block-group items-5-home nuestras-causas-mobile-home has-white-background-color has-background is-vertical is-content-justification-center is-nowrap is-layout-flex wp-container-core-group-is-layout-5d923f3c wp-block-group-is-layout-flex\" style=\"border-radius:15px;padding-top:var(--wp--preset--spacing--30);padding-right:0;padding-bottom:0;padding-left:0\">\n<div class=\"wp-block-group is-layout-flow wp-container-core-group-is-layout-1a04a515 wp-block-group-is-layout-flow\" style=\"border-radius:5px;padding-top:5px;padding-right:5px;padding-bottom:5px;padding-left:5px\">\n<figure class=\"wp-block-image aligncenter size-full is-resized imagen-items-causas\"><img decoding=\"async\" src=\"https:\/\/www.entreculturas.org\/wp-content\/uploads\/2023\/09\/educacion.svg\" alt=\"\" class=\"wp-image-1208\" style=\"object-fit:contain;width:50px;height:50px\"\/><\/figure>\n<\/div>\n\n\n\n<p class=\"has-text-align-left items-nuestras-causas has-purple-color has-text-color\" style=\"padding-top:var(--wp--preset--spacing--30);padding-right:var(--wp--preset--spacing--30);padding-bottom:0;padding-left:var(--wp--preset--spacing--30);font-size:19px\"><strong>Garantia del dret universal a una <mark style=\"background-color:rgba(0, 0, 0, 0)\" class=\"has-inline-color has-red-color\">educaci\u00f3<\/mark> de qualitat<\/strong><\/p>\n\n\n\n<p class=\"has-text-align-left nuestras-causas-read-more-mobile-home\"> Descobreix com <img decoding=\"async\" width=\"10\" height=\"10\" src=\"\/wp-content\/uploads\/2023\/09\/arrow-derecha.svg\" alt=\"Arrow\"> <\/p>\n<\/div>\n\n\n\n<\/a>\n<\/div>\n\n\n\n<div class=\"wp-block-column js-scroll fade-in-bottom-5 has-global-padding is-layout-constrained wp-container-core-column-is-layout-7db9d80f wp-block-column-is-layout-constrained\" style=\"padding-right:0;padding-left:0\">\n<a href=\"https:\/\/www.entreculturas.org\/ca\/migracio-i-refugi\/\" style=\"text-decoration:none;color:#2e2d2c\" rel=\"noopener\">\n\n\n\n<div class=\"wp-block-group items-5-home nuestras-causas-mobile-home has-white-background-color has-background is-vertical is-content-justification-center is-nowrap is-layout-flex wp-container-core-group-is-layout-5d923f3c wp-block-group-is-layout-flex\" style=\"border-radius:15px;padding-top:var(--wp--preset--spacing--30);padding-right:0;padding-bottom:0;padding-left:0\">\n<div class=\"wp-block-group is-layout-flow wp-container-core-group-is-layout-1a04a515 wp-block-group-is-layout-flow\" style=\"border-radius:5px;padding-top:5px;padding-right:5px;padding-bottom:5px;padding-left:5px\">\n<figure class=\"wp-block-image size-full is-resized imagen-items-causas\"><img decoding=\"async\" src=\"https:\/\/www.entreculturas.org\/wp-content\/uploads\/2023\/09\/migracion-y-refugio.svg\" alt=\"\" class=\"wp-image-1207\" style=\"object-fit:contain;width:50px;height:50px\"\/><\/figure>\n<\/div>\n\n\n\n<p class=\"items-nuestras-causas has-purple-color has-text-color\" style=\"padding-top:var(--wp--preset--spacing--30);padding-right:var(--wp--preset--spacing--30);padding-bottom:0;padding-left:var(--wp--preset--spacing--30);font-size:19px\"><strong>Defensa de la vida digna de les persones <mark style=\"background-color:rgba(0, 0, 0, 0)\" class=\"has-inline-color has-red-color\">migrants i refugiades<\/mark><\/strong><\/p>\n\n\n\n<p class=\"has-text-align-left nuestras-causas-read-more-mobile-home\">Descobreix com  <img decoding=\"async\" src=\"\/wp-content\/uploads\/2023\/09\/arrow-derecha.svg\" alt=\"Arrow\" width=\"10\" height=\"10\"><\/p>\n<\/div>\n\n\n\n<\/a>\n<\/div>\n\n\n\n<div class=\"wp-block-column js-scroll fade-in-bottom-5 has-global-padding is-layout-constrained wp-container-core-column-is-layout-7db9d80f wp-block-column-is-layout-constrained\" style=\"padding-right:0;padding-left:0\">\n<a href=\"https:\/\/www.entreculturas.org\/ca\/participacio-i-ciutadania-global\/\" style=\"text-decoration:none;color:#2e2d2c\" rel=\"noopener\">\n\n\n\n<div class=\"wp-block-group items-5-home nuestras-causas-mobile-home has-white-background-color has-background is-vertical is-content-justification-center is-nowrap is-layout-flex wp-container-core-group-is-layout-5d923f3c wp-block-group-is-layout-flex\" style=\"border-radius:15px;padding-top:var(--wp--preset--spacing--30);padding-right:0;padding-bottom:0;padding-left:0\">\n<div class=\"wp-block-group is-layout-flow wp-container-core-group-is-layout-1a04a515 wp-block-group-is-layout-flow\" style=\"border-radius:5px;padding-top:5px;padding-right:5px;padding-bottom:5px;padding-left:5px\">\n<figure class=\"wp-block-image size-full is-resized imagen-items-causas\"><img decoding=\"async\" src=\"https:\/\/www.entreculturas.org\/wp-content\/uploads\/2023\/09\/ciudadania-global.svg\" alt=\"\" class=\"wp-image-1206\" style=\"object-fit:contain;width:50px;height:50px\"\/><\/figure>\n<\/div>\n\n\n\n<p class=\"items-nuestras-causas has-purple-color has-text-color\" style=\"padding-top:var(--wp--preset--spacing--30);padding-right:var(--wp--preset--spacing--30);padding-bottom:0;padding-left:var(--wp--preset--spacing--30);font-size:19px\"><strong>Enfortiment de la participaci\u00f3 i la <mark style=\"background-color:rgba(0, 0, 0, 0)\" class=\"has-inline-color has-red-color\">ciutadania global<\/mark><\/strong><\/p>\n\n\n\n<p class=\"has-text-align-left nuestras-causas-read-more-mobile-home\">Descobreix com  <img decoding=\"async\" src=\"\/wp-content\/uploads\/2023\/09\/arrow-derecha.svg\" alt=\"Arrow\" width=\"10\" height=\"10\"><\/p>\n<\/div>\n\n\n\n<\/a>\n<\/div>\n\n\n\n<div class=\"wp-block-column js-scroll fade-in-bottom-5 has-global-padding is-layout-constrained wp-container-core-column-is-layout-0de311d3 wp-block-column-is-layout-constrained\" style=\"padding-right:0;padding-left:0\">\n<a href=\"https:\/\/www.entreculturas.org\/ca\/justicia-socioambiental\/\" style=\"text-decoration:none;color:#2e2d2c\" rel=\"noopener\">\n\n\n\n<div class=\"wp-block-group items-5-home nuestras-causas-mobile-home has-white-background-color has-background is-vertical is-content-justification-center is-nowrap is-layout-flex wp-container-core-group-is-layout-5d923f3c wp-block-group-is-layout-flex\" style=\"border-radius:15px;padding-top:var(--wp--preset--spacing--30);padding-right:0;padding-bottom:0;padding-left:0\">\n<div class=\"wp-block-group is-layout-flow wp-container-core-group-is-layout-1a04a515 wp-block-group-is-layout-flow\" style=\"border-radius:5px;padding-top:5px;padding-right:5px;padding-bottom:5px;padding-left:5px\">\n<figure class=\"wp-block-image size-full is-resized imagen-items-causas\"><img decoding=\"async\" src=\"https:\/\/www.entreculturas.org\/wp-content\/uploads\/2023\/09\/socioambiental.svg\" alt=\"\" class=\"wp-image-1205\" style=\"object-fit:contain;width:50px;height:50px\"\/><\/figure>\n<\/div>\n\n\n\n<p class=\"items-nuestras-causas has-purple-color has-text-color\" style=\"padding-top:var(--wp--preset--spacing--30);padding-right:var(--wp--preset--spacing--30);padding-bottom:0;padding-left:var(--wp--preset--spacing--30);font-size:19px\"><strong>Promoci\u00f3 d\u00b4una just\u00edcia <mark style=\"background-color:rgba(0, 0, 0, 0)\" class=\"has-inline-color has-red-color\">socioambiental<\/mark><\/strong><\/p>\n\n\n\n<p class=\"has-text-align-left nuestras-causas-read-more-mobile-home\">Descobreix com  <img decoding=\"async\" width=\"10\" height=\"10\" src=\"\/wp-content\/uploads\/2023\/09\/arrow-derecha.svg\" alt=\"Arrow\"><\/p>\n<\/div>\n\n\n\n<\/a>\n<\/div>\n\n\n\n<div class=\"wp-block-column js-scroll fade-in-bottom-5 has-global-padding is-layout-constrained wp-container-core-column-is-layout-0de311d3 wp-block-column-is-layout-constrained\" style=\"padding-right:0;padding-left:0\">\n<a href=\"https:\/\/www.entreculturas.org\/ca\/equitat-de-genere\/\" style=\"text-decoration:none;color:#2e2d2c\" rel=\"noopener\">\n\n\n\n<div class=\"wp-block-group items-5-home nuestras-causas-mobile-home has-white-background-color has-background is-vertical is-content-justification-center is-nowrap is-layout-flex wp-container-core-group-is-layout-5d923f3c wp-block-group-is-layout-flex\" style=\"border-radius:15px;padding-top:var(--wp--preset--spacing--30);padding-right:0;padding-bottom:0;padding-left:0\">\n<div class=\"wp-block-group is-layout-flow wp-container-core-group-is-layout-1a04a515 wp-block-group-is-layout-flow\" style=\"border-radius:5px;padding-top:5px;padding-right:5px;padding-bottom:5px;padding-left:5px\">\n<figure class=\"wp-block-image size-full is-resized imagen-items-causas\"><img decoding=\"async\" src=\"https:\/\/www.entreculturas.org\/wp-content\/uploads\/2023\/09\/equidad-de-genero.svg\" alt=\"\" class=\"wp-image-1204\" style=\"object-fit:contain;width:50px;height:50px\"\/><\/figure>\n<\/div>\n\n\n\n<p class=\"items-nuestras-causas has-purple-color has-text-color\" style=\"padding-top:var(--wp--preset--spacing--30);padding-right:var(--wp--preset--spacing--30);padding-bottom:0;padding-left:var(--wp--preset--spacing--30);font-size:19px\"><strong>Promoci\u00f3 de l&#8217; <mark style=\"background-color:rgba(0, 0, 0, 0)\" class=\"has-inline-color has-red-color\">equitat de g\u00e8nere<\/mark><\/strong><\/p>\n\n\n\n<p class=\"has-text-align-left nuestras-causas-read-more-mobile-home\">Descobreix com  <img decoding=\"async\" width=\"10\" height=\"10\" src=\"\/wp-content\/uploads\/2023\/09\/arrow-derecha.svg\" alt=\"Arrow\"><\/p>\n<\/div>\n\n\n\n<\/a>\n<\/div>\n<\/div>\n<\/div>\n\n<h2 class=\"wp-block-heading has-text-align-center encabezado-entorno-seguro\" id=\"h-un-equipo-comprometido\" style=\"margin-bottom:var(--wp--preset--spacing--50);font-size:40px\">Un equip comprom\u00e8s<\/h2>\n\n<div class=\"wp-block-group has-global-padding is-layout-constrained wp-block-group-is-layout-constrained\" style=\"margin-bottom:var(--wp--preset--spacing--60)\">\n<div class=\"wp-block-columns is-layout-flex wp-container-core-columns-is-layout-28f84493 wp-block-columns-is-layout-flex\">\n<div class=\"wp-block-column columna-imagen-qs-banner is-layout-flow wp-block-column-is-layout-flow\">\n<figure class=\"wp-block-image size-full has-custom-border imagen-qs-banner no-border-radius-img-qs-banner\" style=\"margin-top:0;margin-bottom:0\"><img decoding=\"async\" width=\"900\" height=\"316\" src=\"https:\/\/www.entreculturas.org\/wp-content\/uploads\/2025\/10\/foto-de-familia_2025.jpg\" alt=\"\" class=\"wp-image-43387\" style=\"border-top-left-radius:15px;border-bottom-left-radius:15px\" srcset=\"https:\/\/www.entreculturas.org\/wp-content\/uploads\/2025\/10\/foto-de-familia_2025.jpg 900w, https:\/\/www.entreculturas.org\/wp-content\/uploads\/2025\/10\/foto-de-familia_2025-300x105.jpg 300w, https:\/\/www.entreculturas.org\/wp-content\/uploads\/2025\/10\/foto-de-familia_2025-768x270.jpg 768w\" sizes=\"(max-width: 900px) 100vw, 900px\" \/><\/figure>\n<\/div>\n\n\n\n<div class=\"wp-block-column justificar-verticalmente-qs text-entorno-seguro-radio no-border-text-qs-banner-padding has-white-background-color has-background is-layout-flow wp-block-column-is-layout-flow\" style=\"padding-top:var(--wp--preset--spacing--40);padding-right:var(--wp--preset--spacing--80);padding-bottom:var(--wp--preset--spacing--40);padding-left:var(--wp--preset--spacing--80)\">\n<p>L&#8217;equip hum\u00e0 d&#8217;Entreculturas est\u00e0 comprom\u00e8s amb la missi\u00f3, la visi\u00f3 i els valors de l&#8217;organitzaci\u00f3. Treballem conjuntament persones contractades, volunt\u00e0ries i col\u00b7laboradores, totes conven\u00e7udes que l&#8217;educaci\u00f3 \u00e9s la clau del desenvolupament.<\/p>\n\n\n\n<div class=\"wp-block-buttons width-100-qs-banner is-layout-flex wp-block-buttons-is-layout-flex\" style=\"margin-top:var(--wp--preset--spacing--40)\">\n<div class=\"wp-block-button width-100-qs-banner\"><a class=\"wp-block-button__link wp-element-button\" href=\"https:\/\/www.entreculturas.org\/wp-content\/uploads\/2025\/07\/Organigrama-Entreculturas-2025-2026.pdf\" target=\"_blank\" rel=\"noreferrer noopener\">VEURE ORGANIGRAMA<\/a><\/div>\n<\/div>\n<\/div>\n<\/div>\n<\/div>\n\n<div class=\"wp-block-group has-global-padding is-layout-constrained wp-block-group-is-layout-constrained\" style=\"padding-top:var(--wp--preset--spacing--60)\">\n<h2 class=\"wp-block-heading has-text-align-center encabezado-entorno-seguro\" id=\"h-una-base-social-solida\" style=\"margin-bottom:var(--wp--preset--spacing--50);font-size:40px\">Una base social s\u00f2lida<\/h2>\n\n\n\n<p class=\"has-text-align-center font-size-14 text-align-left-qs padding-texto-base-social-solida\" style=\"padding-right:20px;padding-bottom:var(--wp--preset--spacing--60);padding-left:20px;font-size:20px\">A m\u00e9s, comptem amb una base social de <strong>32.547 persones s\u00f2cies i donants<\/strong> , una xifra cada vegada m\u00e9s gran que demostra la creixent voluntat de la poblaci\u00f3 de comprometre&#8217;s amb la solidaritat i la just\u00edcia mundial.<\/p>\n\n\n\n<div class=\"wp-block-group has-global-padding is-layout-constrained wp-container-core-group-is-layout-3b0f2f7d wp-block-group-is-layout-constrained\" style=\"padding-right:20px;padding-left:20px\">\n<style>\n        \/* Agregamos estilos para la transici\u00f3n al desplegable *\/\n        .desplegable {\n            transition: max-height 0.3s ease-in-out, opacity 0.3s ease-in-out;\n            overflow: hidden; \/* Esto permite que la transici\u00f3n afecte a la altura m\u00e1xima *\/\n        }\n    <\/style>\n    <script>\n        document.addEventListener(\"DOMContentLoaded\", function() {\n            \/\/ Encuentra el bot\u00f3n y el bloque desplegable\n            let boton = document.querySelector(\".boton-desplegable .wp-block-button__link\");\n            let desplegable = document.querySelector(\".desplegable\");\n            let icono = boton.querySelector(\".icono-svg\"); \/\/ Encuentra el elemento del icono\n\n            \/\/ Comprobar si boton y desplegable existen\n            if (!boton || !desplegable) return;\n\n            \/\/ Inicialmente ocultar el bloque desplegable\n            desplegable.style.maxHeight = '0px'; \/\/ Usamos maxHeight en lugar de display\n\n            \/\/ Agrega un evento de clic al bot\u00f3n\n            boton.addEventListener(\"click\", function() {\n                \/\/ Si el bloque est\u00e1 oculto, mu\u00e9stralo; si est\u00e1 mostrando, oc\u00faltalo.\n                if (desplegable.style.maxHeight === '0px') {\n                    desplegable.style.maxHeight = '800px'; \/\/ Cambia la altura m\u00e1xima seg\u00fan tus necesidades\n                    desplegable.style.opacity = '1'; \/\/ Cambia la opacidad para mostrarlo suavemente\n                    \/\/ Gira el icono 180 grados cuando se muestra el desplegable\n                    icono.style.transform = 'rotate(180deg)';\n                } else {\n                    desplegable.style.maxHeight = '0px';\n                    desplegable.style.opacity = '0';\n                    \/\/ Restaura la rotaci\u00f3n original del icono cuando se oculta el desplegable\n                    icono.style.transform = 'rotate(0deg)';\n                }\n            });\n        });\n    <\/script>\n\n\n\n<div class=\"wp-block-buttons boton-base-social-solida is-content-justification-center is-layout-flex wp-container-core-buttons-is-layout-78108f9f wp-block-buttons-is-layout-flex\" style=\"margin-bottom:var(--wp--preset--spacing--60)\">\n<div class=\"wp-block-button boton-desplegable\"><a class=\"wp-block-button__link has-text-align-center wp-element-button\">T&#8217;expliquem com es conforma la nostra base social  <svg xmlns=\"https:\/\/www.w3.org\/2000\/svg\" class=\"icono-svg\" width=\"14\" height=\"14\" viewbox=\"0 0 14 14\" fill=\"none\">\n  <path d=\"M12.5685 4.63139C12.4044 4.46736 12.1819 4.37521 11.9499 4.37521C11.7179 4.37521 11.4954 4.46736 11.3313 4.63139L7.00002 8.96264L2.66877 4.63139C2.50374 4.472 2.28272 4.38381 2.05329 4.3858C1.82387 4.3878 1.60441 4.47982 1.44218 4.64205C1.27994 4.80428 1.18792 5.02374 1.18593 5.25317C1.18394 5.48259 1.27213 5.70362 1.43152 5.86864L6.38139 10.8185C6.54548 10.9826 6.768 11.0747 7.00002 11.0747C7.23204 11.0747 7.45456 10.9826 7.61864 10.8185L12.5685 5.86864C12.7326 5.70456 12.8247 5.48204 12.8247 5.25002C12.8247 5.018 12.7326 4.79548 12.5685 4.63139Z\" fill=\"white\"><\/path>\n<\/svg><\/a><\/div>\n<\/div>\n<\/div>\n<\/div>\n\n<div class=\"wp-block-group desplegable has-global-padding is-layout-constrained wp-container-core-group-is-layout-93851f3c wp-block-group-is-layout-constrained\" style=\"margin-bottom:var(--wp--preset--spacing--50);padding-right:20px;padding-left:20px\">\n<div class=\"wp-block-group padding-qs-desplegable has-white-background-color has-background is-vertical is-layout-flex wp-container-core-group-is-layout-a94b6ec9 wp-block-group-is-layout-flex\" style=\"border-radius:15px;padding-top:90px;padding-right:90px;padding-bottom:90px;padding-left:90px\">\n<p class=\"has-red-color has-text-color\" style=\"margin-bottom:0;font-size:1.55rem\"><strong>Soci\/a<\/strong><\/p>\n\n\n\n<p style=\"margin-bottom:1.5rem\">Persona que fa una aportaci\u00f3 econ\u00f2mica continuada en el temps i amb una periodicitat determinada. Al tancament del 2024, Entreculturas comptava amb <strong>7.845 socis i s\u00f2cies.<\/strong><\/p>\n\n\n\n<p class=\"has-red-color has-text-color\" style=\"margin-bottom:0;font-size:1.55rem\"><strong>Donant<\/strong><\/p>\n\n\n\n<p style=\"margin-bottom:1.5rem\">Persona que fa una aportaci\u00f3 econ\u00f2mica puntual. Al tancament del 2024, Entreculturas comptava amb <strong>21.980 donants.<\/strong><\/p>\n\n\n\n<p class=\"has-red-color has-text-color\" style=\"margin-bottom:0;font-size:1.55rem\"><strong>Voluntari\/\u00e0ria<\/strong><\/p>\n\n\n\n<p style=\"margin-bottom:1.5rem\">Persona que es compromet d&#8217;una manera estable i continuada als equips i projectes de treball. Al tancament del 2024, Entreculturas comptava amb <strong>368 persones volunt\u00e0ries.<\/strong><\/p>\n\n\n\n<p class=\"has-red-color has-text-color\" style=\"margin-bottom:0;font-size:1.55rem\"><strong>Col\u00b7laborador\/a<\/strong><\/p>\n\n\n\n<p style=\"margin-bottom:1.5rem\">Persona que s&#8217;ofereix a participar puntualment en una activitat. Al tancament del 2024, Entreculturas comptava amb <strong>233 persones col\u00b7laboradores.<\/strong><\/p>\n\n\n\n<p class=\"has-red-color has-text-color\" style=\"margin-bottom:0;font-size:1.55rem\"><strong>Beneficiari\/\u00e0ria<\/strong><\/p>\n\n\n\n<p style=\"margin-bottom:0\">Aquella que participa d&#8217;un servei proporcionat per Entreculturas i organitzacions aliades (educaci\u00f3 formal o alternativa, formaci\u00f3 professional, ajuda humanit\u00e0ria, atenci\u00f3 psicosocial\u2026). Al tancament del 2024, Entreculturas xifrava en <strong>401.159 les persones acompanyades.<\/strong><\/p>\n<\/div>\n<\/div>\n\n<div class=\"wp-block-group has-global-padding is-layout-constrained wp-block-group-is-layout-constrained\" style=\"padding-top:var(--wp--preset--spacing--60)\">\n<h2 class=\"wp-block-heading has-text-align-center encabezado-entorno-seguro\" id=\"h-trabajamos-en-27-sedes-en-toda-espana\" style=\"margin-bottom:var(--wp--preset--spacing--50);font-size:40px\">Treballem en 27 seus a tot Espanya<\/h2>\n\n\n\n<p class=\"has-text-align-left font-size-14\" style=\"padding-right:20px;padding-bottom:var(--wp--preset--spacing--60);padding-left:20px;font-size:20px\">Estem presents al nostre pa\u00eds a trav\u00e9s de 27 seus on duem a terme programes de sensibilitzaci\u00f3, educaci\u00f3 per a la ciutadania global i voluntariat, aix\u00ed com accions per demanar suport als nostres projectes de Cooperaci\u00f3 Internacional, Acci\u00f3 Humanit\u00e0ria i Acci\u00f3 social a Espanya.<\/p>\n\n\n\n<p class=\"has-text-align-left font-size-14\" style=\"padding-right:20px;padding-bottom:var(--wp--preset--spacing--60);padding-left:20px;font-size:20px\">Si ens vols con\u00e8ixer m\u00e9s de prop, parlar amb l&#8217;equip o col\u00b7laborar a la teva prov\u00edncia, contacta amb la teva seu m\u00e9s propera.<\/p>\n\n\n\n<div class=\"wp-block-group margin-bottom-mobile has-global-padding is-layout-constrained wp-container-core-group-is-layout-595671e4 wp-block-group-is-layout-constrained\" style=\"margin-bottom:var(--wp--preset--spacing--80);padding-right:20px;padding-left:20px\">\n<div class=\"provinces-container\"><div class=\"canvas-container\" data-countries=\"[31245,31247,31249,31251,31253,31255,31257,31259,31261,31263,31265,31267,31269,31271,31273,31275,31277,31281,31279,31283,31285,31287,31289,31291,31293,31295,31297,31299]\" data-default-country=\"31289\"><div class=\"provinces-left\"><div id=\"provinces-map\"><\/div><\/div><div class=\"provinces-right\"><select id=\"provinces-selector\"><\/select><div class=\"provinces-details\"><\/div><\/div><\/div><\/div>\n<\/div>\n\n\n\n<div class=\"wp-block-group has-global-padding is-layout-constrained wp-container-core-group-is-layout-5acd9bea wp-block-group-is-layout-constrained block-visibility-hide-medium-screen block-visibility-hide-small-screen\" style=\"margin-bottom:var(--wp--preset--spacing--70);padding-right:20px;padding-left:20px\">\n<div class=\"wp-block-columns is-layout-flex wp-container-core-columns-is-layout-cf05694f wp-block-columns-is-layout-flex\">\n<div class=\"wp-block-column is-layout-flow wp-block-column-is-layout-flow\">\n<figure class=\"wp-block-image size-full\"><img decoding=\"async\" width=\"1280\" height=\"960\" src=\"https:\/\/www.entreculturas.org\/wp-content\/uploads\/2023\/12\/Entreculturas-1.jpg\" alt=\"\" class=\"wp-image-8702\" srcset=\"https:\/\/www.entreculturas.org\/wp-content\/uploads\/2023\/12\/Entreculturas-1.jpg 1280w, https:\/\/www.entreculturas.org\/wp-content\/uploads\/2023\/12\/Entreculturas-1-300x225.jpg 300w, https:\/\/www.entreculturas.org\/wp-content\/uploads\/2023\/12\/Entreculturas-1-1024x768.jpg 1024w, https:\/\/www.entreculturas.org\/wp-content\/uploads\/2023\/12\/Entreculturas-1-768x576.jpg 768w\" sizes=\"(max-width: 1280px) 100vw, 1280px\" \/><\/figure>\n<\/div>\n\n\n\n<div class=\"wp-block-column is-layout-flow wp-block-column-is-layout-flow\">\n<figure class=\"wp-block-image size-large\"><img decoding=\"async\" src=\"https:\/\/www.entreculturas.org\/wp-content\/uploads\/2023\/10\/imagen2-quienes-somos-1024x768.jpg\" alt=\"\" class=\"wp-image-1579\"\/><\/figure>\n<\/div>\n\n\n\n<div class=\"wp-block-column is-layout-flow wp-block-column-is-layout-flow\">\n<figure class=\"wp-block-image size-large\"><img decoding=\"async\" src=\"https:\/\/www.entreculturas.org\/wp-content\/uploads\/2023\/10\/imagen3-quienes-somos-1024x768.jpg\" alt=\"\" class=\"wp-image-1581\"\/><\/figure>\n<\/div>\n<\/div>\n<\/div>\n<\/div>\n\n<div class=\"wp-block-group has-global-padding is-layout-constrained wp-block-group-is-layout-constrained\" style=\"margin-bottom:var(--wp--preset--spacing--80)\">\n<h2 class=\"wp-block-heading has-text-align-center encabezado-entorno-seguro\" id=\"h-trabajamos-en-red\" style=\"margin-bottom:var(--wp--preset--spacing--50);font-size:40px\">Treballem en xarxa<\/h2>\n\n\n\n<div class=\"wp-block-group has-global-padding is-layout-constrained wp-container-core-group-is-layout-9aed3246 wp-block-group-is-layout-constrained\" style=\"padding-right:20px;padding-left:20px\">\n<p class=\"has-text-align-center font-size-14 text-align-left-qs\" style=\"padding-right:20px;padding-bottom:var(--wp--preset--spacing--60);padding-left:20px;font-size:20px\">Entreculturas mant\u00e9 una relaci\u00f3 especial de treball amb les xarxes globals seg\u00fcents de la Companyia de Jes\u00fas amb les quals comparteix visi\u00f3, missi\u00f3 i valors de just\u00edcia:<\/p>\n\n\n\n<div class=\"wp-block-theme-blocks-accordion\" style=\"background-color:#ffffff;color:#1E1129\" data-enable-expiration-logic=\"false\" data-show-open=\"false\"><div class=\"envolve-accordion\"><div class=\"accordion-pretitle-div\"><\/div><div class=\"accordion-header\"><div class=\"accordion-icon\"><img decoding=\"async\" src=\"\/wp-content\/uploads\/2023\/09\/corazon_entrecult.svg\" alt=\"\u00cdcono de coraz\u00f3n\"\/><\/div><h4 class=\"accordion-toggle\">Fe y Alegr\u00eda<\/h4><svg class=\"accordion-arrow\" xmlns=\"http:\/\/www.w3.org\/2000\/svg\" width=\"16\" height=\"16\" viewBox=\"0 0 16 16\" fill=\"none\"><path class=\"arrow-path\" d=\"M14.364 5.293C14.1764 5.10553 13.9221 5.00021 13.657 5.00021C13.3918 5.00021 13.1375 5.10553 12.95 5.293L7.99995 10.243L3.04995 5.293C2.86135 5.11084 2.60875 5.01005 2.34655 5.01233C2.08435 5.0146 1.83354 5.11977 1.64813 5.30518C1.46273 5.49059 1.35756 5.7414 1.35528 6.0036C1.353 6.2658 1.45379 6.5184 1.63595 6.707L7.29295 12.364C7.48048 12.5515 7.73479 12.6568 7.99995 12.6568C8.26512 12.6568 8.51942 12.5515 8.70695 12.364L14.364 6.707C14.5514 6.51947 14.6567 6.26516 14.6567 6C14.6567 5.73484 14.5514 5.48053 14.364 5.293Z\" fill=\"#818181\"><\/path><\/svg><\/div><\/div><div class=\"accordion-content\">\n<p>Fe i Alegria \u00e9s un moviment internacional d&#8217;Educaci\u00f3 Popular present a <strong>23 pa\u00efsos<\/strong> en qu\u00e8 participa una comunitat educativa de m\u00e9s de <strong>935.000 persones<\/strong> . Va n\u00e9ixer a Caracas, l&#8217;any 1955, impulsat pel jesu\u00efta Jos\u00e9 M\u00aa V\u00e9laz per atendre un centenar de nens i nenes sense escola. Fe i Alegria promou una educaci\u00f3 de qualitat i transformadora que contribueix a crear societats justes, democr\u00e0tiques i participatives.  <a href=\"http:\/\/www.feyalegria.org\/\">www.feyalegria.org<\/a><\/p>\n\n\n\n<div style=\"height:16px\" aria-hidden=\"true\" class=\"wp-block-spacer\"><\/div>\n\n\n\n<figure class=\"wp-block-image size-large is-resized\"><img decoding=\"async\" width=\"1024\" height=\"434\" src=\"https:\/\/www.entreculturas.org\/wp-content\/uploads\/2024\/10\/fya_color_h_s-1024x434.png\" alt=\"\" class=\"wp-image-33923\" style=\"width:191px;height:auto\" srcset=\"https:\/\/www.entreculturas.org\/wp-content\/uploads\/2024\/10\/fya_color_h_s-1024x434.png 1024w, https:\/\/www.entreculturas.org\/wp-content\/uploads\/2024\/10\/fya_color_h_s-300x127.png 300w, https:\/\/www.entreculturas.org\/wp-content\/uploads\/2024\/10\/fya_color_h_s-768x326.png 768w, https:\/\/www.entreculturas.org\/wp-content\/uploads\/2024\/10\/fya_color_h_s-1536x652.png 1536w, https:\/\/www.entreculturas.org\/wp-content\/uploads\/2024\/10\/fya_color_h_s-2048x869.png 2048w\" sizes=\"(max-width: 1024px) 100vw, 1024px\" \/><\/figure>\n\n\n\n<div style=\"height:16px\" aria-hidden=\"true\" class=\"wp-block-spacer\"><\/div>\n\n\n\n<p><\/p>\n<\/div><\/div>\n\n\n\n<div class=\"wp-block-theme-blocks-accordion\" style=\"background-color:#ffffff;color:#1E1129\" data-enable-expiration-logic=\"false\" data-show-open=\"false\"><div class=\"envolve-accordion\"><div class=\"accordion-pretitle-div\"><\/div><div class=\"accordion-header\"><div class=\"accordion-icon\"><img decoding=\"async\" src=\"\/wp-content\/uploads\/2023\/09\/corazon_entrecult.svg\" alt=\"\u00cdcono de coraz\u00f3n\"\/><\/div><h4 class=\"accordion-toggle\">Servicio Jesuita a Refugiados<\/h4><svg class=\"accordion-arrow\" xmlns=\"http:\/\/www.w3.org\/2000\/svg\" width=\"16\" height=\"16\" viewBox=\"0 0 16 16\" fill=\"none\"><path class=\"arrow-path\" d=\"M14.364 5.293C14.1764 5.10553 13.9221 5.00021 13.657 5.00021C13.3918 5.00021 13.1375 5.10553 12.95 5.293L7.99995 10.243L3.04995 5.293C2.86135 5.11084 2.60875 5.01005 2.34655 5.01233C2.08435 5.0146 1.83354 5.11977 1.64813 5.30518C1.46273 5.49059 1.35756 5.7414 1.35528 6.0036C1.353 6.2658 1.45379 6.5184 1.63595 6.707L7.29295 12.364C7.48048 12.5515 7.73479 12.6568 7.99995 12.6568C8.26512 12.6568 8.51942 12.5515 8.70695 12.364L14.364 6.707C14.5514 6.51947 14.6567 6.26516 14.6567 6C14.6567 5.73484 14.5514 5.48053 14.364 5.293Z\" fill=\"#818181\"><\/path><\/svg><\/div><\/div><div class=\"accordion-content\">\n<p>El Servei Jesu\u00efta a Refugiats (JRS, per les sigles en angl\u00e8s) \u00e9s una organitzaci\u00f3 internacional que treballa a <strong>57 pa\u00efsos<\/strong> amb la missi\u00f3 d&#8217;acompanyar, servir i defensar els drets de les persones refugiades i despla\u00e7ades a tot el m\u00f3n. El JRS at\u00e9n actualment prop de <strong>1,2 milions de persones<\/strong> . <a href=\"http:\/\/www.jrs.net\/\">www.jrs.net<\/a> <\/p>\n\n\n\n<div style=\"height:16px\" aria-hidden=\"true\" class=\"wp-block-spacer\"><\/div>\n\n\n\n<figure class=\"wp-block-image size-large is-resized\"><img decoding=\"async\" width=\"1024\" height=\"321\" src=\"https:\/\/www.entreculturas.org\/wp-content\/uploads\/2024\/10\/JRS_Logo-1024x321.png\" alt=\"\" class=\"wp-image-33853\" style=\"width:128px;height:auto\" srcset=\"https:\/\/www.entreculturas.org\/wp-content\/uploads\/2024\/10\/JRS_Logo-1024x321.png 1024w, https:\/\/www.entreculturas.org\/wp-content\/uploads\/2024\/10\/JRS_Logo-300x94.png 300w, https:\/\/www.entreculturas.org\/wp-content\/uploads\/2024\/10\/JRS_Logo-768x241.png 768w, https:\/\/www.entreculturas.org\/wp-content\/uploads\/2024\/10\/JRS_Logo.png 1302w\" sizes=\"(max-width: 1024px) 100vw, 1024px\" \/><\/figure>\n\n\n\n<div style=\"height:15px\" aria-hidden=\"true\" class=\"wp-block-spacer\"><\/div>\n<\/div><\/div>\n\n\n\n<div class=\"wp-block-theme-blocks-accordion\" style=\"background-color:#ffffff;color:#1E1129\" data-enable-expiration-logic=\"false\" data-show-open=\"false\"><div class=\"envolve-accordion\"><div class=\"accordion-pretitle-div\"><\/div><div class=\"accordion-header\"><div class=\"accordion-icon\"><img decoding=\"async\" src=\"\/wp-content\/uploads\/2023\/09\/corazon_entrecult.svg\" alt=\"\u00cdcono de coraz\u00f3n\"\/><\/div><h4 class=\"accordion-toggle\">Centro sociales Jesuitas<\/h4><svg class=\"accordion-arrow\" xmlns=\"http:\/\/www.w3.org\/2000\/svg\" width=\"16\" height=\"16\" viewBox=\"0 0 16 16\" fill=\"none\"><path class=\"arrow-path\" d=\"M14.364 5.293C14.1764 5.10553 13.9221 5.00021 13.657 5.00021C13.3918 5.00021 13.1375 5.10553 12.95 5.293L7.99995 10.243L3.04995 5.293C2.86135 5.11084 2.60875 5.01005 2.34655 5.01233C2.08435 5.0146 1.83354 5.11977 1.64813 5.30518C1.46273 5.49059 1.35756 5.7414 1.35528 6.0036C1.353 6.2658 1.45379 6.5184 1.63595 6.707L7.29295 12.364C7.48048 12.5515 7.73479 12.6568 7.99995 12.6568C8.26512 12.6568 8.51942 12.5515 8.70695 12.364L14.364 6.707C14.5514 6.51947 14.6567 6.26516 14.6567 6C14.6567 5.73484 14.5514 5.48053 14.364 5.293Z\" fill=\"#818181\"><\/path><\/svg><\/div><\/div><div class=\"accordion-content\">\n<p>Treballem amb altres organitzacions de la Companyia de Jes\u00fas a Am\u00e8rica Llatina, \u00c0frica, Europa i \u00c0sia a trav\u00e9s de les quals implementem accions lligades a l&#8217;educaci\u00f3, aix\u00ed com altres prioritats estrat\u00e8giques com les migracions, l&#8217;ecologia, la igualtat de g\u00e8nere i la promoci\u00f3 de una ciutadania compromesa.  <a href=\"http:\/\/www.sjesjesuits.global\">www.sjesjesuits.global<\/a><\/p>\n\n\n\n<div style=\"height:16px\" aria-hidden=\"true\" class=\"wp-block-spacer\"><\/div>\n\n\n\n<figure class=\"wp-block-image size-full is-resized\"><img decoding=\"async\" src=\"https:\/\/www.entreculturas.org\/wp-content\/uploads\/2024\/10\/logo-centros-sociales-jesuitas.svg\" alt=\"\" class=\"wp-image-33858\" style=\"width:79px;height:auto\"\/><\/figure>\n\n\n\n<p><\/p>\n<\/div><\/div>\n\n\n\n<div class=\"wp-block-theme-blocks-accordion\" style=\"background-color:#ffffff;color:#1E1129\" data-enable-expiration-logic=\"false\" data-show-open=\"false\"><div class=\"envolve-accordion\"><div class=\"accordion-pretitle-div\"><\/div><div class=\"accordion-header\"><div class=\"accordion-icon\"><img decoding=\"async\" src=\"\/wp-content\/uploads\/2023\/09\/corazon_entrecult.svg\" alt=\"\u00cdcono de coraz\u00f3n\"\/><\/div><h4 class=\"accordion-toggle\">Sector social en Espa\u00f1a<\/h4><svg class=\"accordion-arrow\" xmlns=\"http:\/\/www.w3.org\/2000\/svg\" width=\"16\" height=\"16\" viewBox=\"0 0 16 16\" fill=\"none\"><path class=\"arrow-path\" d=\"M14.364 5.293C14.1764 5.10553 13.9221 5.00021 13.657 5.00021C13.3918 5.00021 13.1375 5.10553 12.95 5.293L7.99995 10.243L3.04995 5.293C2.86135 5.11084 2.60875 5.01005 2.34655 5.01233C2.08435 5.0146 1.83354 5.11977 1.64813 5.30518C1.46273 5.49059 1.35756 5.7414 1.35528 6.0036C1.353 6.2658 1.45379 6.5184 1.63595 6.707L7.29295 12.364C7.48048 12.5515 7.73479 12.6568 7.99995 12.6568C8.26512 12.6568 8.51942 12.5515 8.70695 12.364L14.364 6.707C14.5514 6.51947 14.6567 6.26516 14.6567 6C14.6567 5.73484 14.5514 5.48053 14.364 5.293Z\" fill=\"#818181\"><\/path><\/svg><\/div><\/div><div class=\"accordion-content\">\n<p>Xarxa d\u00b4organitzacions jesu\u00eftes d\u00b4acci\u00f3 social que s\u00b4articulen al voltant de cinc \u00e0rees: migracions, inf\u00e0ncia en risc, cooperaci\u00f3, ciutadania i economia social i solid\u00e0ria.  <a href=\"https:\/\/socialjesuitas.es\/\">www.socialjesuitas.es<\/a><\/p>\n\n\n\n<div style=\"height:16px\" aria-hidden=\"true\" class=\"wp-block-spacer\"><\/div>\n\n\n\n<figure class=\"wp-block-image size-full is-resized\"><img decoding=\"async\" width=\"768\" height=\"284\" src=\"https:\/\/www.entreculturas.org\/wp-content\/uploads\/2024\/10\/jesuitassocial.jpg\" alt=\"\" class=\"wp-image-33872\" style=\"width:170px;height:auto\" srcset=\"https:\/\/www.entreculturas.org\/wp-content\/uploads\/2024\/10\/jesuitassocial.jpg 768w, https:\/\/www.entreculturas.org\/wp-content\/uploads\/2024\/10\/jesuitassocial-300x111.jpg 300w\" sizes=\"(max-width: 768px) 100vw, 768px\" \/><\/figure>\n\n\n\n<div style=\"height:16px\" aria-hidden=\"true\" class=\"wp-block-spacer\"><\/div>\n<\/div><\/div>\n\n\n\n<div class=\"wp-block-theme-blocks-accordion\" style=\"background-color:#ffffff;color:#1E1129\" data-enable-expiration-logic=\"false\" data-show-open=\"false\"><div class=\"envolve-accordion\"><div class=\"accordion-pretitle-div\"><\/div><div class=\"accordion-header\"><div class=\"accordion-icon\"><img decoding=\"async\" src=\"\/wp-content\/uploads\/2023\/09\/corazon_entrecult.svg\" alt=\"\u00cdcono de coraz\u00f3n\"\/><\/div><h4 class=\"accordion-toggle\">Red Xavier<\/h4><svg class=\"accordion-arrow\" xmlns=\"http:\/\/www.w3.org\/2000\/svg\" width=\"16\" height=\"16\" viewBox=\"0 0 16 16\" fill=\"none\"><path class=\"arrow-path\" d=\"M14.364 5.293C14.1764 5.10553 13.9221 5.00021 13.657 5.00021C13.3918 5.00021 13.1375 5.10553 12.95 5.293L7.99995 10.243L3.04995 5.293C2.86135 5.11084 2.60875 5.01005 2.34655 5.01233C2.08435 5.0146 1.83354 5.11977 1.64813 5.30518C1.46273 5.49059 1.35756 5.7414 1.35528 6.0036C1.353 6.2658 1.45379 6.5184 1.63595 6.707L7.29295 12.364C7.48048 12.5515 7.73479 12.6568 7.99995 12.6568C8.26512 12.6568 8.51942 12.5515 8.70695 12.364L14.364 6.707C14.5514 6.51947 14.6567 6.26516 14.6567 6C14.6567 5.73484 14.5514 5.48053 14.364 5.293Z\" fill=\"#818181\"><\/path><\/svg><\/div><\/div><div class=\"accordion-content\">\n<p>Alian\u00e7a internacional de 14 organitzacions jesu\u00eftes d&#8217;Europa, Am\u00e8rica del Nord i Austr\u00e0lia que promouen la cooperaci\u00f3 internacional i la just\u00edcia global.  <a href=\"https:\/\/xavier.network\/\" target=\"_blank\" rel=\"noreferrer noopener\">www.xavier.network<\/a><\/p>\n\n\n\n<figure class=\"wp-block-image alignleft size-full is-resized\"><img decoding=\"async\" width=\"1794\" height=\"791\" src=\"https:\/\/www.entreculturas.org\/wp-content\/uploads\/2026\/01\/Xavier-Network-rgb.png\" alt=\"\" class=\"wp-image-45879\" style=\"aspect-ratio:2.269230769230769;width:180px;height:auto\" srcset=\"https:\/\/www.entreculturas.org\/wp-content\/uploads\/2026\/01\/Xavier-Network-rgb.png 1794w, https:\/\/www.entreculturas.org\/wp-content\/uploads\/2026\/01\/Xavier-Network-rgb-300x132.png 300w, https:\/\/www.entreculturas.org\/wp-content\/uploads\/2026\/01\/Xavier-Network-rgb-1024x451.png 1024w, https:\/\/www.entreculturas.org\/wp-content\/uploads\/2026\/01\/Xavier-Network-rgb-768x339.png 768w, https:\/\/www.entreculturas.org\/wp-content\/uploads\/2026\/01\/Xavier-Network-rgb-1536x677.png 1536w\" sizes=\"(max-width: 1794px) 100vw, 1794px\" \/><\/figure>\n\n\n\n<div style=\"height:16px\" aria-hidden=\"true\" class=\"wp-block-spacer\"><\/div>\n<\/div><\/div>\n\n\n\n<div class=\"wp-block-theme-blocks-accordion\" style=\"background-color:#ffffff;color:#1E1129\" data-enable-expiration-logic=\"false\" data-show-open=\"false\"><div class=\"envolve-accordion\"><div class=\"accordion-pretitle-div\"><\/div><div class=\"accordion-header\"><div class=\"accordion-icon\"><img decoding=\"async\" src=\"\/wp-content\/uploads\/2023\/09\/corazon_entrecult.svg\" alt=\"\u00cdcono de coraz\u00f3n\"\/><\/div><h4 class=\"accordion-toggle\">Coaliciones y Plataformas<\/h4><svg class=\"accordion-arrow\" xmlns=\"http:\/\/www.w3.org\/2000\/svg\" width=\"16\" height=\"16\" viewBox=\"0 0 16 16\" fill=\"none\"><path class=\"arrow-path\" d=\"M14.364 5.293C14.1764 5.10553 13.9221 5.00021 13.657 5.00021C13.3918 5.00021 13.1375 5.10553 12.95 5.293L7.99995 10.243L3.04995 5.293C2.86135 5.11084 2.60875 5.01005 2.34655 5.01233C2.08435 5.0146 1.83354 5.11977 1.64813 5.30518C1.46273 5.49059 1.35756 5.7414 1.35528 6.0036C1.353 6.2658 1.45379 6.5184 1.63595 6.707L7.29295 12.364C7.48048 12.5515 7.73479 12.6568 7.99995 12.6568C8.26512 12.6568 8.51942 12.5515 8.70695 12.364L14.364 6.707C14.5514 6.51947 14.6567 6.26516 14.6567 6C14.6567 5.73484 14.5514 5.48053 14.364 5.293Z\" fill=\"#818181\"><\/path><\/svg><\/div><\/div><div class=\"accordion-content\">\n<p>Entrecultures forma part de coalicions i plataformes des de les quals, juntament amb altres organitzacions, sumem veus i unim esfor\u00e7os per reivindicar i defensar de manera col\u00b7lectiva aspectes fonamentals relacionats amb la just\u00edcia i els drets humans.  <br\/><\/p>\n\n\n\n<div style=\"height:16px\" aria-hidden=\"true\" class=\"wp-block-spacer\"><\/div>\n\n\n\n<figure class=\"wp-block-image size-full is-resized\"><img decoding=\"async\" width=\"320\" height=\"128\" src=\"https:\/\/www.entreculturas.org\/wp-content\/uploads\/2024\/10\/unnamed.png\" alt=\"\" class=\"wp-image-33881\" style=\"width:120px;height:auto\" srcset=\"https:\/\/www.entreculturas.org\/wp-content\/uploads\/2024\/10\/unnamed.png 320w, https:\/\/www.entreculturas.org\/wp-content\/uploads\/2024\/10\/unnamed-300x120.png 300w\" sizes=\"(max-width: 320px) 100vw, 320px\" \/><\/figure>\n\n\n\n<figure class=\"wp-block-image size-full is-resized\"><img decoding=\"async\" width=\"500\" height=\"200\" src=\"https:\/\/www.entreculturas.org\/wp-content\/uploads\/2024\/10\/unnamed-3.png\" alt=\"\" class=\"wp-image-33886\" style=\"width:133px;height:auto\" srcset=\"https:\/\/www.entreculturas.org\/wp-content\/uploads\/2024\/10\/unnamed-3.png 500w, https:\/\/www.entreculturas.org\/wp-content\/uploads\/2024\/10\/unnamed-3-300x120.png 300w\" sizes=\"(max-width: 500px) 100vw, 500px\" \/><\/figure>\n\n\n\n<figure class=\"wp-block-image size-large is-resized\"><img decoding=\"async\" width=\"1024\" height=\"860\" src=\"https:\/\/www.entreculturas.org\/wp-content\/uploads\/2024\/10\/Logo-Plataforma-1024x860.jpg\" alt=\"\" class=\"wp-image-33906\" style=\"width:80px;height:auto\" srcset=\"https:\/\/www.entreculturas.org\/wp-content\/uploads\/2024\/10\/Logo-Plataforma-1024x860.jpg 1024w, https:\/\/www.entreculturas.org\/wp-content\/uploads\/2024\/10\/Logo-Plataforma-300x252.jpg 300w, https:\/\/www.entreculturas.org\/wp-content\/uploads\/2024\/10\/Logo-Plataforma-768x645.jpg 768w, https:\/\/www.entreculturas.org\/wp-content\/uploads\/2024\/10\/Logo-Plataforma-1536x1290.jpg 1536w, https:\/\/www.entreculturas.org\/wp-content\/uploads\/2024\/10\/Logo-Plataforma-2048x1721.jpg 2048w\" sizes=\"(max-width: 1024px) 100vw, 1024px\" \/><\/figure>\n\n\n\n<figure class=\"wp-block-image size-full is-resized\"><img decoding=\"async\" src=\"https:\/\/www.entreculturas.org\/wp-content\/uploads\/2024\/10\/logoSVG-plataforma-de-infancia-horizontal-color.svg\" alt=\"\" class=\"wp-image-33901\" style=\"width:134px;height:auto\"\/><\/figure>\n\n\n\n<figure class=\"wp-block-image size-full is-resized\"><img decoding=\"async\" width=\"474\" height=\"106\" src=\"https:\/\/www.entreculturas.org\/wp-content\/uploads\/2024\/10\/fiare.png\" alt=\"\" class=\"wp-image-33916\" style=\"width:150px;height:auto\" srcset=\"https:\/\/www.entreculturas.org\/wp-content\/uploads\/2024\/10\/fiare.png 474w, https:\/\/www.entreculturas.org\/wp-content\/uploads\/2024\/10\/fiare-300x67.png 300w\" sizes=\"(max-width: 474px) 100vw, 474px\" \/><\/figure>\n\n\n\n<figure class=\"wp-block-image size-large is-resized\"><img decoding=\"async\" width=\"1024\" height=\"370\" src=\"https:\/\/www.entreculturas.org\/wp-content\/uploads\/2024\/10\/LOGO-COORDINADORA-A-1024x370.jpg\" alt=\"\" class=\"wp-image-33911\" style=\"width:141px;height:auto\" srcset=\"https:\/\/www.entreculturas.org\/wp-content\/uploads\/2024\/10\/LOGO-COORDINADORA-A-1024x370.jpg 1024w, https:\/\/www.entreculturas.org\/wp-content\/uploads\/2024\/10\/LOGO-COORDINADORA-A-300x108.jpg 300w, https:\/\/www.entreculturas.org\/wp-content\/uploads\/2024\/10\/LOGO-COORDINADORA-A-768x277.jpg 768w, https:\/\/www.entreculturas.org\/wp-content\/uploads\/2024\/10\/LOGO-COORDINADORA-A-1536x554.jpg 1536w, https:\/\/www.entreculturas.org\/wp-content\/uploads\/2024\/10\/LOGO-COORDINADORA-A-2048x739.jpg 2048w\" sizes=\"(max-width: 1024px) 100vw, 1024px\" \/><\/figure>\n\n\n\n<figure class=\"wp-block-image size-large is-resized\"><img decoding=\"async\" width=\"1024\" height=\"274\" src=\"https:\/\/www.entreculturas.org\/wp-content\/uploads\/2024\/10\/METCG_logo_H-pantone-cast-1024x274.png\" alt=\"\" class=\"wp-image-33896\" style=\"width:174px;height:auto\" srcset=\"https:\/\/www.entreculturas.org\/wp-content\/uploads\/2024\/10\/METCG_logo_H-pantone-cast-1024x274.png 1024w, https:\/\/www.entreculturas.org\/wp-content\/uploads\/2024\/10\/METCG_logo_H-pantone-cast-300x80.png 300w, https:\/\/www.entreculturas.org\/wp-content\/uploads\/2024\/10\/METCG_logo_H-pantone-cast-768x206.png 768w, https:\/\/www.entreculturas.org\/wp-content\/uploads\/2024\/10\/METCG_logo_H-pantone-cast-1536x412.png 1536w, https:\/\/www.entreculturas.org\/wp-content\/uploads\/2024\/10\/METCG_logo_H-pantone-cast-2048x549.png 2048w\" sizes=\"(max-width: 1024px) 100vw, 1024px\" \/><\/figure>\n\n\n\n<figure class=\"wp-block-image size-full is-resized\"><img decoding=\"async\" width=\"320\" height=\"128\" src=\"https:\/\/www.entreculturas.org\/wp-content\/uploads\/2024\/10\/unnamed-2.png\" alt=\"\" class=\"wp-image-33891\" style=\"width:173px;height:auto\" srcset=\"https:\/\/www.entreculturas.org\/wp-content\/uploads\/2024\/10\/unnamed-2.png 320w, https:\/\/www.entreculturas.org\/wp-content\/uploads\/2024\/10\/unnamed-2-300x120.png 300w\" sizes=\"(max-width: 320px) 100vw, 320px\" \/><\/figure>\n\n\n\n<figure class=\"wp-block-image size-full is-resized\"><img decoding=\"async\" src=\"https:\/\/www.entreculturas.org\/wp-content\/uploads\/2026\/03\/CME_logo_CMYK_bueno-1.jpg\" alt=\"\" class=\"wp-image-47031\" style=\"aspect-ratio:4.960125448028674;width:139px;height:auto\"\/><\/figure>\n\n\n\n<div style=\"height:17px\" aria-hidden=\"true\" class=\"wp-block-spacer\"><\/div>\n<\/div><\/div>\n<\/div>\n<\/div>\n\n<hr class=\"wp-block-separator has-alpha-channel-opacity wp-separator-vertical\"\/>\n\n<div class=\"wp-block-group has-global-padding is-layout-constrained wp-container-core-group-is-layout-bbce6e2d wp-block-group-is-layout-constrained\" style=\"margin-top:var(--wp--preset--spacing--80);padding-right:20px;padding-bottom:var(--wp--preset--spacing--60);padding-left:20px\">\n<div class=\"wp-block-columns is-layout-flex wp-container-core-columns-is-layout-cf05694f wp-block-columns-is-layout-flex\">\n<div class=\"wp-block-column border-radius-qs has-white-background-color has-background is-layout-flow wp-block-column-is-layout-flow\" style=\"padding-top:var(--wp--preset--spacing--50);padding-right:var(--wp--preset--spacing--50);padding-bottom:var(--wp--preset--spacing--50);padding-left:var(--wp--preset--spacing--50)\">\n<p>La <strong>igualtat<\/strong> entre homes i dones \u00e9s q\u00fcesti\u00f3 de drets humans i una condici\u00f3 per a la just\u00edcia social, un requisit fonamental per assolir el desenvolupament i la pau. Aquests documents recullen la nostra aposta per un horitz\u00f3 de just\u00edcia i equitat.<\/p>\n\n\n\n<div class=\"wp-block-buttons width-button-3-qs is-content-justification-center is-layout-flex wp-container-core-buttons-is-layout-b30bd9b3 wp-block-buttons-is-layout-flex\" style=\"margin-top:var(--wp--preset--spacing--70)\">\n<div class=\"wp-block-button width-button-3-qs\"><a class=\"wp-block-button__link has-red-color has-white-background-color has-text-color has-background wp-element-button\" href=\"https:\/\/www.entreculturas.org\/wp-content\/uploads\/2023\/10\/genero-entreculturas.pdf\" style=\"border-width:2px\" target=\"_blank\" rel=\"noreferrer noopener\">pol\u00edtica de g\u00e8nere<\/a><\/div>\n<\/div>\n\n\n\n<div class=\"wp-block-buttons width-button-3-qs is-content-justification-center is-layout-flex wp-container-core-buttons-is-layout-d2a3880e wp-block-buttons-is-layout-flex\" style=\"margin-top:var(--wp--preset--spacing--30)\">\n<div class=\"wp-block-button width-button-3-qs\"><a class=\"wp-block-button__link has-border-color has-red-border-color wp-element-button\" href=\"https:\/\/www.entreculturas.org\/wp-content\/uploads\/2023\/10\/PLAN-IGUALDAD-ENTRECULTURAS.pdf\" style=\"border-width:2px\" target=\"_blank\" rel=\"noreferrer noopener\">pla d&#8217;igualtat<\/a><\/div>\n<\/div>\n<\/div>\n\n\n\n<div class=\"wp-block-column border-radius-qs has-white-background-color has-background is-layout-flow wp-block-column-is-layout-flow\" style=\"padding-top:var(--wp--preset--spacing--50);padding-right:var(--wp--preset--spacing--50);padding-bottom:var(--wp--preset--spacing--50);padding-left:var(--wp--preset--spacing--50)\">\n<p>A les p\u00e0gines d&#8217;aquest document formulem la nostra intencionalitat, definim el futur que desitgem com a organitzaci\u00f3 i com a xarxa de persones compromeses amb la solidaritat i la just\u00edcia global. Fes-li una ullada al nostre <strong>full de ruta<\/strong> fins al 2025. Tamb\u00e9 compartim les causes comunes amb la nostra organitzaci\u00f3 germana Alboan.<\/p>\n\n\n\n<div class=\"wp-block-buttons width-button-3-qs is-content-justification-center is-layout-flex wp-container-core-buttons-is-layout-b30bd9b3 wp-block-buttons-is-layout-flex\" style=\"margin-top:var(--wp--preset--spacing--70)\">\n<div class=\"wp-block-button width-button-3-qs\"><a class=\"wp-block-button__link has-border-color has-red-border-color wp-element-button\" href=\"https:\/\/www.entreculturas.org\/wp-content\/uploads\/2023\/10\/web_plan_estrategico_entreculturas_2020_2025_final_new_logo_ec.pdf\" style=\"border-width:2px\" target=\"_blank\" rel=\"noreferrer noopener\">pla estrat\u00e8gic<\/a><\/div>\n<\/div>\n<\/div>\n\n\n\n<div class=\"wp-block-column border-radius-qs has-white-background-color has-background is-layout-flow wp-block-column-is-layout-flow\" style=\"padding-top:var(--wp--preset--spacing--50);padding-right:var(--wp--preset--spacing--50);padding-bottom:var(--wp--preset--spacing--50);padding-left:var(--wp--preset--spacing--50)\">\n<p>Sota la denominaci\u00f3 &#8220;Fundaci\u00f3 Entreculturas &#8211; Fe i Alegria&#8221; subjecta a la legislaci\u00f3 espanyola, queda constitu\u00efda una Fundaci\u00f3 privada, independent, sense \u00e0nim de lucre i no discriminat\u00f2ria per raons de ra\u00e7a, origen, g\u00e8nere i\/o religi\u00f3, que es regir\u00e0 per les normes legals i reglament\u00e0ries que siguin aplicables i, de manera molt especial, pels <strong>presents.<\/strong><\/p>\n\n\n\n<div class=\"wp-block-buttons width-button-3-qs is-content-justification-center is-layout-flex wp-container-core-buttons-is-layout-b30bd9b3 wp-block-buttons-is-layout-flex\" style=\"margin-top:var(--wp--preset--spacing--70)\">\n<div class=\"wp-block-button width-button-3-qs\"><a class=\"wp-block-button__link has-border-color has-red-border-color wp-element-button\" href=\"https:\/\/www.entreculturas.org\/wp-content\/uploads\/2023\/10\/estatutos_diciembre2019.pdf\" style=\"border-width:2px\" target=\"_blank\" rel=\"noreferrer noopener\">estatuts<\/a><\/div>\n<\/div>\n<\/div>\n<\/div>\n<\/div>\n\n<div class=\"wp-block-group has-global-padding is-content-justification-center is-layout-constrained wp-container-core-group-is-layout-fa74db98 wp-block-group-is-layout-constrained\" style=\"margin-top:var(--wp--preset--spacing--60);margin-bottom:var(--wp--preset--spacing--60);padding-right:20px;padding-left:20px\">\n<div class=\"wp-block-group padding-mobile-comision-entorno-seguro has-white-background-color has-background is-vertical is-content-justification-left is-layout-flex wp-container-core-group-is-layout-004219f8 wp-block-group-is-layout-flex\" style=\"border-radius:15px;margin-top:var(--wp--preset--spacing--70);margin-bottom:var(--wp--preset--spacing--70);padding-top:var(--wp--preset--spacing--70);padding-right:var(--wp--preset--spacing--80);padding-bottom:var(--wp--preset--spacing--70);padding-left:var(--wp--preset--spacing--80)\">\n<h2 class=\"wp-block-heading has-text-align-center encabezado-entorno-seguro encabezado-comision-entorno-seguro has-purple-color has-text-color\" id=\"h-un-patronato-comprometido-con-la-educacion\">Un patronat comprom\u00e8s amb leducaci\u00f3<\/h2>\n\n\n\n<p class=\"no-padding-patronato\" style=\"margin-top:var(--wp--preset--spacing--40);padding-left:2.2rem\">El patronat \u00e9s el nostre m\u00e0xim \u00f2rgan de presa de decisions. Est\u00e0 format per 9 vocals, un secretari, un president i un vicepresident. Totes les persones que formen part d&#8217;aquest \u00f2rgan de govern estan vinculades a la nostra tasca per les seves creences i els seus valors, i han estat triades per la seva experi\u00e8ncia i coneixement en l&#8217;\u00e0mbit educatiu.<\/p>\n\n\n\n<div class=\"wp-block-columns gap-patronato width-100 is-layout-flex wp-container-core-columns-is-layout-783b4be3 wp-block-columns-is-layout-flex\" style=\"margin-bottom:var(--wp--preset--spacing--60)\">\n<div class=\"wp-block-column is-vertically-aligned-top is-layout-flow wp-block-column-is-layout-flow\" style=\"flex-basis:700px\">\n<ul style=\"margin-top:var(--wp--preset--spacing--60)\" class=\"wp-block-list red-marker\">\n<li>Enric Puiggr\u00f2s Llavin\u00e9s SJ, president<\/li>\n\n\n\n<li>Luis Arancibia Tapia, vicepresident<\/li>\n\n\n\n<li>Jos\u00e9 Miguel Colina SJ, secretari i vocal<\/li>\n\n\n\n<li>Jos\u00e9 Ignacio Garc\u00eda Jim\u00e9nez SJ, vocal<\/li>\n\n\n\n<li>Jos\u00e9 Ignacio Eguiz\u00e1bal Escribano, vocal<\/li>\n\n\n\n<li>Eva Castillo Sanz, vocal<\/li>\n\n\n\n<li>Julia Navarro, vocal<\/li>\n\n\n\n<li>Jenny Cafiso, vocal<\/li>\n\n\n\n<li>Maria del Carme de la Font, vocal<\/li>\n\n\n\n<li>Antonio Allende, SJ, vocal.<\/li>\n\n\n\n<li>M\u00aa Luisa Berzosa Gonz\u00e1les, Fl \u2013 vocal<\/li>\n<\/ul>\n<\/div>\n\n\n\n<div class=\"wp-block-column is-layout-flow wp-block-column-is-layout-flow\"><\/div>\n<\/div>\n\n\n\n<div class=\"wp-block-buttons boton-patronato-width is-content-justification-center is-layout-flex wp-container-core-buttons-is-layout-a89b3969 wp-block-buttons-is-layout-flex block-visibility-hide-medium-screen block-visibility-hide-small-screen\">\n<div class=\"wp-block-button boton-patronato-justify\"><a class=\"wp-block-button__link has-red-color has-white-background-color has-text-color has-background wp-element-button\" href=\"https:\/\/www.entreculturas.org\/ca\/patronat\/\" style=\"border-width:2px\">consulta biografies en aquesta secci\u00f3<\/a><\/div>\n<\/div>\n\n\n\n<div class=\"wp-block-buttons boton-patronato-width is-content-justification-center is-layout-flex wp-container-core-buttons-is-layout-a89b3969 wp-block-buttons-is-layout-flex block-visibility-hide-large-screen\">\n<div class=\"wp-block-button boton-patronato-justify\"><a class=\"wp-block-button__link has-red-color has-white-background-color has-text-color has-background wp-element-button\" href=\"https:\/\/www.entreculturas.org\/ca\/patronat\/\" style=\"border-width:2px\">consulta biografies aqu\u00ed<\/a><\/div>\n<\/div>\n<\/div>\n<\/div>\n\n<div class=\"wp-block-group has-global-padding is-content-justification-center is-layout-constrained wp-container-core-group-is-layout-fa74db98 wp-block-group-is-layout-constrained\" style=\"margin-top:var(--wp--preset--spacing--60);margin-bottom:var(--wp--preset--spacing--60);padding-right:20px;padding-left:20px\">\n<div class=\"wp-block-group padding-mobile-comision-entorno-seguro has-white-background-color has-background is-vertical is-content-justification-left is-layout-flex wp-container-core-group-is-layout-004219f8 wp-block-group-is-layout-flex\" style=\"border-radius:15px;margin-top:var(--wp--preset--spacing--70);margin-bottom:var(--wp--preset--spacing--70);padding-top:var(--wp--preset--spacing--70);padding-right:var(--wp--preset--spacing--80);padding-bottom:var(--wp--preset--spacing--70);padding-left:var(--wp--preset--spacing--80)\">\n<h2 class=\"wp-block-heading has-text-align-center encabezado-entorno-seguro encabezado-comision-entorno-seguro has-purple-color has-text-color\" id=\"h-el-consejo-asesor-y-el-consejo-territorial\">El Consell Assessor i el Consell Territorial<\/h2>\n\n\n\n<p class=\"no-padding-patronato\" style=\"margin-top:var(--wp--preset--spacing--40);padding-left:2.2rem\">El Consell Assessor col\u00b7labora desinteressadament assessorant la Direcci\u00f3 Executiva d&#8217;Entrecultures en la presa de decisions.<\/p>\n\n\n\n<div class=\"wp-block-columns gap-patronato width-100 is-layout-flex wp-container-core-columns-is-layout-a8d4c49e wp-block-columns-is-layout-flex\" style=\"margin-bottom:0\">\n<div class=\"wp-block-column is-vertically-aligned-top has-white-background-color has-background is-layout-flow wp-container-core-column-is-layout-7e0dc78d wp-block-column-is-layout-flow\" style=\"padding-bottom:var(--wp--preset--spacing--70)\">\n<div class=\"wp-block-group has-global-padding is-layout-constrained wp-container-core-group-is-layout-8dd13e6d wp-block-group-is-layout-constrained\" style=\"padding-right:var(--wp--preset--spacing--60);padding-left:var(--wp--preset--spacing--60)\">\n<p class=\"no-padding-patronato has-din-font-family has-large-font-size\" style=\"margin-top:var(--wp--preset--spacing--50);margin-bottom:var(--wp--preset--spacing--40);padding-left:2.2rem;text-transform:uppercase\"><strong>El Consell Assessor est\u00e0 format per:<\/strong><\/p>\n\n\n\n<ul style=\"margin-top:0\" class=\"wp-block-list red-marker\">\n<li class=\"red-marker text-lista-entorno-seguro\">Jos\u00e9 Mar\u00eda Segura sj<\/li>\n\n\n\n<li class=\"red-marker text-lista-entorno-seguro\">Enric Puiggr\u00f2s Llavin\u00e9s SJ, president<\/li>\n\n\n\n<li class=\"red-marker text-lista-entorno-seguro\">Llu\u00eds S. Salinas Roca sj<\/li>\n\n\n\n<li class=\"red-marker text-lista-entorno-seguro\">Pablo Veiga Fern\u00e1ndez sj<\/li>\n\n\n\n<li class=\"red-marker text-lista-entorno-seguro\">Higini Pi P\u00e9rez sj<\/li>\n\n\n\n<li class=\"red-marker text-lista-entorno-seguro\">Josep Buades Fuster sj<\/li>\n\n\n\n<li class=\"red-marker text-lista-entorno-seguro\">Javier Montes Maury sj<\/li>\n\n\n\n<li class=\"red-marker text-lista-entorno-seguro\">Roberto Otero Andr\u00e9 sj<\/li>\n\n\n\n<li class=\"red-marker text-lista-entorno-seguro\">Juan Pablo Rodriguez Gutierrez sj<\/li>\n<\/ul>\n<\/div>\n<\/div>\n\n\n\n<div class=\"wp-block-column is-vertically-aligned-stretch has-white-background-color has-background is-layout-flow wp-container-core-column-is-layout-7e0dc78d wp-block-column-is-layout-flow\" style=\"padding-bottom:var(--wp--preset--spacing--70)\">\n<div class=\"wp-block-group has-global-padding is-layout-constrained wp-container-core-group-is-layout-11c1ca01 wp-block-group-is-layout-constrained\" style=\"padding-right:var(--wp--preset--spacing--50);padding-left:var(--wp--preset--spacing--50)\">\n<p class=\"no-padding-patronato has-din-font-family has-large-font-size\" style=\"margin-top:var(--wp--preset--spacing--50);margin-bottom:var(--wp--preset--spacing--40);padding-left:2.2rem;text-transform:uppercase\"><strong>El Consell Territorial est\u00e0 format per:<\/strong><\/p>\n\n\n\n<ul style=\"margin-top:0\" class=\"wp-block-list red-marker\">\n<li class=\"red-marker text-lista-entorno-seguro\">Marta Alegre  <\/li>\n\n\n\n<li class=\"red-marker text-lista-entorno-seguro\">Carlos Lopez  <\/li>\n\n\n\n<li class=\"red-marker text-lista-entorno-seguro\">Ana Garc\u00eda Borrego  <\/li>\n\n\n\n<li class=\"red-marker text-lista-entorno-seguro\">Creu Rguez Etcheverr\u00eda<\/li>\n\n\n\n<li class=\"red-marker text-lista-entorno-seguro\">Angela Sanz  <\/li>\n<\/ul>\n<\/div>\n<\/div>\n<\/div>\n\n\n\n<div class=\"wp-block-buttons boton-patronato-width is-content-justification-center is-layout-flex wp-container-core-buttons-is-layout-a89b3969 wp-block-buttons-is-layout-flex\"><\/div>\n<\/div>\n\n\n\n<div class=\"wp-block-group padding-mobile-comision-entorno-seguro has-white-background-color has-background is-vertical is-content-justification-left is-layout-flex wp-container-core-group-is-layout-004219f8 wp-block-group-is-layout-flex\" style=\"border-radius:15px;margin-top:var(--wp--preset--spacing--70);margin-bottom:var(--wp--preset--spacing--70);padding-top:var(--wp--preset--spacing--70);padding-right:var(--wp--preset--spacing--80);padding-bottom:var(--wp--preset--spacing--70);padding-left:var(--wp--preset--spacing--80)\">\n<h2 class=\"wp-block-heading has-text-align-center encabezado-entorno-seguro encabezado-comision-entorno-seguro has-purple-color has-text-color\" id=\"h-equipo-directivo-y-coordinador\">Equip Directiu i Coordinador<\/h2>\n\n\n\n<div class=\"wp-block-group no-padding-patronato has-global-padding is-layout-constrained wp-container-core-group-is-layout-de34bd0f wp-block-group-is-layout-constrained\" style=\"margin-top:var(--wp--preset--spacing--40);padding-left:2.2rem\">\n<p class=\"no-padding-patronato\" style=\"margin-bottom:var(--wp--preset--spacing--50);padding-left:2.2rem\">Mart\u00edn Iriberri SJ \u00e9s, des del 2023, el Director General d&#8217;Entrecultures. Amb ell treballen de forma estreta Ram\u00f3n Almansa (Director Executiu), Beatriz de Felipe (Directora Financera), Raquel Mart\u00edn (Directora de Comunicaci\u00f3 i Relacions Institucionals), Irene Ortega (Directora de Ciutadania), Sonia Fern\u00e1ndez (Directora de Persones i Desenvolupament Territorial) i Pablo Funes (Director de grup de grup) els qui, conjuntament, orienten el dia a dia de l&#8217;organitzaci\u00f3.<\/p>\n\n\n\n<div class=\"wp-block-buttons boton-patronato-width is-content-justification-center is-layout-flex wp-container-core-buttons-is-layout-a89b3969 wp-block-buttons-is-layout-flex\">\n<div class=\"wp-block-button boton-patronato-justify\"><a class=\"wp-block-button__link has-red-color has-white-background-color has-text-color has-background wp-element-button\" href=\"https:\/\/www.entreculturas.org\/ca\/equip-directiu\/\" style=\"border-width:2px\">Consulta les biografies en aquesta secci\u00f3<\/a><\/div>\n<\/div>\n<\/div>\n<\/div>\n<\/div>\n\n<div class=\"wp-block-group has-global-padding is-layout-constrained wp-container-core-group-is-layout-5acd9bea wp-block-group-is-layout-constrained\" style=\"margin-bottom:var(--wp--preset--spacing--70);padding-right:20px;padding-left:20px\">\n<section class=\"accordion__block\"><input type=\"checkbox\" id=\"atbiwejbbubk2yrtjvd9pg\" class=\"accordion__checkbox\"\/><label for=\"atbiwejbbubk2yrtjvd9pg\" class=\"wp-block-theme-blocks-newsletter has-white-color has-red-background-color has-text-color has-background\"><p>Vols rebre informaci\u00f3?<\/p><a class=\"wp-block-button__link has-white-color has-red-background-color has-text-color has-background has-border-color has-white-border-color wp-element-button\" style=\"border-width:2px\">Subscriu-te a la newsletter<\/a><\/label><div class=\"accordion__content\">\n<div class=\"wp-block-group has-global-padding is-layout-constrained wp-container-core-group-is-layout-98a4a1e3 wp-block-group-is-layout-constrained\" style=\"margin-top:0;margin-bottom:var(--wp--preset--spacing--80)\">\n<div class=\"wp-block-group has-white-background-color has-background has-global-padding is-layout-constrained wp-block-group-is-layout-constrained\">\n<h2 class=\"wp-block-heading has-text-align-center font-size-20\" id=\"h-subscriu-te-a-la-newsletter\">Subscriu-te a la newsletter<\/h2>\n\n\n\n<div class=\"wp-block-group block-contacto is-content-justification-left is-nowrap is-layout-flex wp-container-core-group-is-layout-d8ee05ca wp-block-group-is-layout-flex\" style=\"padding-right:var(--wp--preset--spacing--70);padding-left:var(--wp--preset--spacing--70)\">\n<div class=\"wp-block-group has-global-padding is-layout-constrained wp-block-group-is-layout-constrained block-visibility-hide-medium-screen block-visibility-hide-small-screen\" style=\"padding-top:var(--wp--preset--spacing--50);padding-bottom:var(--wp--preset--spacing--50)\">\n<figure class=\"wp-block-image size-large has-custom-border wp-container-content-b99e70a5 block-visibility-hide-medium-screen block-visibility-hide-small-screen\"><img decoding=\"async\" width=\"1024\" height=\"683\" src=\"https:\/\/www.entreculturas.org\/wp-content\/uploads\/2024\/10\/Cuzco-FyA21-41-1024x683.jpg\" alt=\"\" class=\"wp-image-34482\" style=\"border-radius:12px\" srcset=\"https:\/\/www.entreculturas.org\/wp-content\/uploads\/2024\/10\/Cuzco-FyA21-41-1024x683.jpg 1024w, https:\/\/www.entreculturas.org\/wp-content\/uploads\/2024\/10\/Cuzco-FyA21-41-300x200.jpg 300w, https:\/\/www.entreculturas.org\/wp-content\/uploads\/2024\/10\/Cuzco-FyA21-41-768x512.jpg 768w, https:\/\/www.entreculturas.org\/wp-content\/uploads\/2024\/10\/Cuzco-FyA21-41-1536x1024.jpg 1536w, https:\/\/www.entreculturas.org\/wp-content\/uploads\/2024\/10\/Cuzco-FyA21-41-2048x1365.jpg 2048w\" sizes=\"(max-width: 1024px) 100vw, 1024px\" \/><\/figure>\n<\/div>\n\n\n\n<form style=\"padding-top:var(--wp--preset--spacing--60);padding-right:0;padding-bottom:var(--wp--preset--spacing--60);padding-left:0\" class=\"wp-block-theme-blocks-custom-form wp-container-content-a5fc19f1\" id=\"custom_form\" action=\"\/wp-admin\/admin-post.php?action=custom_form\" method=\"post\"><input type=\"hidden\" name=\"g-recaptcha-response\" id=\"g-recaptcha-response\" value=\"\"\/><input type=\"hidden\" name=\"thanks_page\" value=\"\/thank-you-page\"\/><input type=\"hidden\" name=\"groups[]\" value=\"eBoletin y Campa\u00f1as\"\/>\n<p>Si vols rebre la nostra newsletter mensual i els correus puntuals on t&#8217;oferim informaci\u00f3, no deixis de completar aquest formulari. A l&#8217;instant, et donarem d&#8217;alta a la nostra base de dades i podr\u00e0s estar al corrent de totes les novetats.<\/p>\n\n\n\n<input type=\"hidden\" name=\"form_type\" value=\"3\"\/>\n\n\n\n<div class=\"input-container\"><label>Nom *<\/label><input type=\"text\" name=\"first_name\"\/><\/div>\n\n\n\n<div class=\"input-container\"><label>Cognoms<\/label><input type=\"text\" name=\"last_name\"\/><\/div>\n\n\n\n<div class=\"input-container\"><label>Correu electr\u00f2nic *<\/label><input type=\"email\" name=\"email\" required\/><\/div>\n\n\n\n<label class=\"acceptance\"><input type=\"checkbox\" required\/><span>Accepto la <a href=\"https:\/\/www.entreculturas.org\/es\/privacidad-entreculturas\" data-type=\"link\" data-id=\"https:\/\/www.entreculturas.org\/es\/privacidad-entreculturas\" target=\"_blank\" rel=\"noreferrer noopener\">Pol\u00edtica de Privadessa<\/a> *<\/span><\/label>\n\n\n\n<p style=\"font-size:12px !important\">\n    Des d&#8217;ENTRECULTURES FE I ALEGRIA ESPANYA tractarem les dades aportades en qualitat de Responsable del tractament amb la finalitat de..    \n    <a href=\"javascript:void(0);\" id=\"read-more-link\">Seguir leyendo<\/a>.\n<\/p>\n<p class=\"hidden\" id=\"read-more\" style=\"display: none;font-size: 12px;\">\n&#8230;enviar-vos la nostra newsletter mensual i informacions puntuals de les nostres accions i campanyes, en pro dels nostres objectius fundacionals, en base al consentiment oa l&#8217;execuci\u00f3 d&#8217;un acord. Pots exercir els teus drets enviant un correu electr\u00f2nic a datos@entreculturas.org amb l&#8217;assumpte &#8220;Protecci\u00f3 de Dades&#8221;\n<\/p>\n\n\n\n<script>\ndocument.addEventListener('DOMContentLoaded', function() {\n    document.getElementById('read-more-link').addEventListener('click', function() {\n        var readMoreContent = document.getElementById('read-more');\n        readMoreContent.style.display = 'block !important'; \/\/ Intenta sobrescribir con !important\n\n        \/\/ Si el m\u00e9todo anterior no funciona, utiliza setAttribute\n        if (readMoreContent.style.display !== 'block') {\n            readMoreContent.setAttribute('style', 'display: block !important; font-size: 12px;');\n        } else {\n            \/\/ Si ya est\u00e1 en 'block', solo ajusta el tama\u00f1o de fuente\n            readMoreContent.style.fontSize = '12px';\n        }\n\n        this.style.display = 'none'; \/\/ Opcional: oculta el enlace de \"Seguir leyendo\"\n    });\n});\n<\/script>\n\n\n\n<p class=\"hidden\" id=\"read-more\" style=\"font-size:12px\">Desde ENTRECULTURAS FE Y ALEGR\u00cdA ESPA\u00d1A trataremos los datos aportados en calidad de Responsable del tratamiento con la finalidad de gestionar nuestra relaci\u00f3n contigo, en pro de nuestros objetivos fundacionales, en base al consentimiento o a la ejecuci\u00f3n de un acuerdo. Puedes ejercer tus derechos enviando un email a&nbsp;rgpd@entreculturas.org con el asunto \u201cProtecci\u00f3n de Datos\u201d.<\/p>\n\n\n\n<div class=\"wp-block-group width-70-contacto justify-center-768 is-content-justification-right is-nowrap is-layout-flex wp-container-core-group-is-layout-17124a9a wp-block-group-is-layout-flex\">\n<button class=\"wp-block-button__link wp-element-button\">Subscriure&#8217;m<\/button>\n<\/div>\n<\/form>\n<\/div>\n<\/div>\n<\/div>\n<\/div><\/section>\n<\/div>\n\n<div class=\"wp-block-buttons mobile-fixed-button is-layout-flex wp-block-buttons-is-layout-flex\">\n<div class=\"wp-block-button\"><a class=\"wp-block-button__link wp-element-button\" href=\"https:\/\/www.entreculturas.org\/ca\/fes-te-soci-a\/?utm_medium=web&#038;utm_source=responsive&#038;utm_campaign=cta_responsive\">FES-TE SOCI\/A<\/a><\/div>\n<\/div>\n\n<style>\n@media (max-width: 768px) {\n  .mobile-fixed-button a {\n    max-height: 50px;\n  }\n}\n<\/style>\n","protected":false},"excerpt":{"rendered":"<p>Som una ONG de la Companyia de Jes\u00fas que defensa el dret a l\u00b4educaci\u00f3 A trav\u00e9s dels nostres projectes, promovem l&#8217;acc\u00e9s a una educaci\u00f3 de qualitat i en igualtat d&#8217;oportunitats en contextos d&#8217;exclusi\u00f3 i de vulnerabilitat a \u00c0frica, Am\u00e8rica Llatina, \u00c0sia i Europa. Creiem que garantir el dret a l&#8217;educaci\u00f3 de qualitat \u00e9s el mitj\u00e0 per al canvi i la just\u00edcia social i un eix transversal a cadascuna de les 5 causes que defensem: dret a l&#8217;educaci\u00f3, migraci\u00f3 i refugi, equitat de g\u00e8nere, just\u00edcia socioambiental i participaci\u00f3 ciutadana. Per a Entreculturas, \u00e9s fonamental que totes les nostres actuacions generin igualtat d&#8217;oportunitats i siguin responsables i transparents amb totes les persones que ens donen suport. Les nostres causes Acompanyem m\u00e9s de 401.159 persones a trav\u00e9s de m\u00e9s de 203 projectes a 42 pa\u00efsos del m\u00f3n. Un equip comprom\u00e8s L&#8217;equip hum\u00e0 d&#8217;Entreculturas est\u00e0 comprom\u00e8s amb la missi\u00f3, la visi\u00f3 i els valors [&hellip;]<\/p>\n","protected":false},"author":1,"featured_media":0,"parent":0,"menu_order":0,"comment_status":"closed","ping_status":"closed","template":"page-notitle","meta":{"_acf_changed":false,"footnotes":""},"class_list":["post-20290","page","type-page","status-publish","hentry"],"acf":[],"yoast_head":"<!-- This site is optimized with the Yoast SEO Premium plugin v21.6 (Yoast SEO v27.5) - https:\/\/yoast.com\/product\/yoast-seo-premium-wordpress\/ -->\n<title>Qui som? Coneix la Fundaci\u00f3 Entrecultures<\/title>\n<meta name=\"description\" content=\"Apr\u00e8n sobre la missi\u00f3, la visi\u00f3 i els valors d&#039;Entreculturas en la seva lluita pel dret a l&#039;educaci\u00f3 i la just\u00edcia social.\" \/>\n<meta name=\"robots\" content=\"index, follow, max-snippet:-1, max-image-preview:large, max-video-preview:-1\" \/>\n<link rel=\"canonical\" href=\"https:\/\/www.entreculturas.org\/ca\/qui-som\/\" \/>\n<meta property=\"og:locale\" content=\"ca_ES\" \/>\n<meta property=\"og:type\" content=\"article\" \/>\n<meta property=\"og:title\" content=\"Qui som?\" \/>\n<meta property=\"og:description\" content=\"Apr\u00e8n sobre la missi\u00f3, la visi\u00f3 i els valors d&#039;Entreculturas en la seva lluita pel dret a l&#039;educaci\u00f3 i la just\u00edcia social.\" \/>\n<meta property=\"og:url\" content=\"https:\/\/www.entreculturas.org\/ca\/qui-som\/\" \/>\n<meta property=\"og:site_name\" content=\"Entreculturas\" \/>\n<meta property=\"article:publisher\" content=\"https:\/\/www.facebook.com\/entreculturas\" \/>\n<meta property=\"article:modified_time\" content=\"2026-04-06T12:16:34+00:00\" \/>\n<meta property=\"og:image\" content=\"https:\/\/www.entreculturas.org\/wp-content\/uploads\/2023\/10\/bg-quienes-somos-scaled.jpg\" \/>\n<meta name=\"twitter:card\" content=\"summary_large_image\" \/>\n<meta name=\"twitter:site\" content=\"@Entreculturas\" \/>\n<script type=\"application\/ld+json\" class=\"yoast-schema-graph\">{\"@context\":\"https:\\\/\\\/schema.org\",\"@graph\":[{\"@type\":\"WebPage\",\"@id\":\"https:\\\/\\\/www.entreculturas.org\\\/ca\\\/qui-som\\\/\",\"url\":\"https:\\\/\\\/www.entreculturas.org\\\/ca\\\/qui-som\\\/\",\"name\":\"Qui som? Coneix la Fundaci\u00f3 Entrecultures\",\"isPartOf\":{\"@id\":\"https:\\\/\\\/www.entreculturas.org\\\/ca\\\/#website\"},\"primaryImageOfPage\":{\"@id\":\"https:\\\/\\\/www.entreculturas.org\\\/ca\\\/qui-som\\\/#primaryimage\"},\"image\":{\"@id\":\"https:\\\/\\\/www.entreculturas.org\\\/ca\\\/qui-som\\\/#primaryimage\"},\"thumbnailUrl\":\"https:\\\/\\\/www.entreculturas.org\\\/wp-content\\\/uploads\\\/2023\\\/10\\\/bg-quienes-somos-scaled.jpg\",\"datePublished\":\"2023-09-29T09:29:20+00:00\",\"dateModified\":\"2026-04-06T12:16:34+00:00\",\"description\":\"Apr\u00e8n sobre la missi\u00f3, la visi\u00f3 i els valors d'Entreculturas en la seva lluita pel dret a l'educaci\u00f3 i la just\u00edcia social.\",\"breadcrumb\":{\"@id\":\"https:\\\/\\\/www.entreculturas.org\\\/ca\\\/qui-som\\\/#breadcrumb\"},\"inLanguage\":\"ca\",\"potentialAction\":[{\"@type\":\"ReadAction\",\"target\":[\"https:\\\/\\\/www.entreculturas.org\\\/ca\\\/qui-som\\\/\"]}]},{\"@type\":\"ImageObject\",\"inLanguage\":\"ca\",\"@id\":\"https:\\\/\\\/www.entreculturas.org\\\/ca\\\/qui-som\\\/#primaryimage\",\"url\":\"https:\\\/\\\/www.entreculturas.org\\\/wp-content\\\/uploads\\\/2023\\\/10\\\/bg-quienes-somos-scaled.jpg\",\"contentUrl\":\"https:\\\/\\\/www.entreculturas.org\\\/wp-content\\\/uploads\\\/2023\\\/10\\\/bg-quienes-somos-scaled.jpg\"},{\"@type\":\"BreadcrumbList\",\"@id\":\"https:\\\/\\\/www.entreculturas.org\\\/ca\\\/qui-som\\\/#breadcrumb\",\"itemListElement\":[{\"@type\":\"ListItem\",\"position\":1,\"name\":\"Home\",\"item\":\"https:\\\/\\\/www.entreculturas.org\\\/ca\\\/\"},{\"@type\":\"ListItem\",\"position\":2,\"name\":\"Qui som?\"}]},{\"@type\":\"WebSite\",\"@id\":\"https:\\\/\\\/www.entreculturas.org\\\/ca\\\/#website\",\"url\":\"https:\\\/\\\/www.entreculturas.org\\\/ca\\\/\",\"name\":\"Entreculturas\",\"description\":\"\",\"publisher\":{\"@id\":\"https:\\\/\\\/www.entreculturas.org\\\/ca\\\/#organization\"},\"alternateName\":\"Entreculturas\",\"potentialAction\":[{\"@type\":\"SearchAction\",\"target\":{\"@type\":\"EntryPoint\",\"urlTemplate\":\"https:\\\/\\\/www.entreculturas.org\\\/ca\\\/?s={search_term_string}\"},\"query-input\":{\"@type\":\"PropertyValueSpecification\",\"valueRequired\":true,\"valueName\":\"search_term_string\"}}],\"inLanguage\":\"ca\"},{\"@type\":\"Organization\",\"@id\":\"https:\\\/\\\/www.entreculturas.org\\\/ca\\\/#organization\",\"name\":\"Entreculturas\",\"url\":\"https:\\\/\\\/www.entreculturas.org\\\/ca\\\/\",\"logo\":{\"@type\":\"ImageObject\",\"inLanguage\":\"ca\",\"@id\":\"https:\\\/\\\/www.entreculturas.org\\\/ca\\\/#\\\/schema\\\/logo\\\/image\\\/\",\"url\":\"https:\\\/\\\/www.entreculturas.org\\\/wp-content\\\/uploads\\\/2025\\\/10\\\/ESP.svg\",\"contentUrl\":\"https:\\\/\\\/www.entreculturas.org\\\/wp-content\\\/uploads\\\/2025\\\/10\\\/ESP.svg\",\"caption\":\"Entreculturas\"},\"image\":{\"@id\":\"https:\\\/\\\/www.entreculturas.org\\\/ca\\\/#\\\/schema\\\/logo\\\/image\\\/\"},\"sameAs\":[\"https:\\\/\\\/www.facebook.com\\\/entreculturas\",\"https:\\\/\\\/x.com\\\/Entreculturas\",\"https:\\\/\\\/www.instagram.com\\\/entreculturas\\\/\",\"https:\\\/\\\/www.youtube.com\\\/user\\\/entreculturasvideo\",\"https:\\\/\\\/www.linkedin.com\\\/company\\\/fundacion-entreculturas-ngdo\\\/\",\"https:\\\/\\\/www.flickr.com\\\/photos\\\/98455522@N04\\\/albums\\\/\"]}]}<\/script>\n<!-- \/ Yoast SEO Premium plugin. -->","yoast_head_json":{"title":"Qui som? Coneix la Fundaci\u00f3 Entrecultures","description":"Apr\u00e8n sobre la missi\u00f3, la visi\u00f3 i els valors d'Entreculturas en la seva lluita pel dret a l'educaci\u00f3 i la just\u00edcia social.","robots":{"index":"index","follow":"follow","max-snippet":"max-snippet:-1","max-image-preview":"max-image-preview:large","max-video-preview":"max-video-preview:-1"},"canonical":"https:\/\/www.entreculturas.org\/ca\/qui-som\/","og_locale":"ca_ES","og_type":"article","og_title":"Qui som?","og_description":"Apr\u00e8n sobre la missi\u00f3, la visi\u00f3 i els valors d'Entreculturas en la seva lluita pel dret a l'educaci\u00f3 i la just\u00edcia social.","og_url":"https:\/\/www.entreculturas.org\/ca\/qui-som\/","og_site_name":"Entreculturas","article_publisher":"https:\/\/www.facebook.com\/entreculturas","article_modified_time":"2026-04-06T12:16:34+00:00","og_image":[{"url":"https:\/\/www.entreculturas.org\/wp-content\/uploads\/2023\/10\/bg-quienes-somos-scaled.jpg","type":"","width":"","height":""}],"twitter_card":"summary_large_image","twitter_site":"@Entreculturas","schema":{"@context":"https:\/\/schema.org","@graph":[{"@type":"WebPage","@id":"https:\/\/www.entreculturas.org\/ca\/qui-som\/","url":"https:\/\/www.entreculturas.org\/ca\/qui-som\/","name":"Qui som? Coneix la Fundaci\u00f3 Entrecultures","isPartOf":{"@id":"https:\/\/www.entreculturas.org\/ca\/#website"},"primaryImageOfPage":{"@id":"https:\/\/www.entreculturas.org\/ca\/qui-som\/#primaryimage"},"image":{"@id":"https:\/\/www.entreculturas.org\/ca\/qui-som\/#primaryimage"},"thumbnailUrl":"https:\/\/www.entreculturas.org\/wp-content\/uploads\/2023\/10\/bg-quienes-somos-scaled.jpg","datePublished":"2023-09-29T09:29:20+00:00","dateModified":"2026-04-06T12:16:34+00:00","description":"Apr\u00e8n sobre la missi\u00f3, la visi\u00f3 i els valors d'Entreculturas en la seva lluita pel dret a l'educaci\u00f3 i la just\u00edcia social.","breadcrumb":{"@id":"https:\/\/www.entreculturas.org\/ca\/qui-som\/#breadcrumb"},"inLanguage":"ca","potentialAction":[{"@type":"ReadAction","target":["https:\/\/www.entreculturas.org\/ca\/qui-som\/"]}]},{"@type":"ImageObject","inLanguage":"ca","@id":"https:\/\/www.entreculturas.org\/ca\/qui-som\/#primaryimage","url":"https:\/\/www.entreculturas.org\/wp-content\/uploads\/2023\/10\/bg-quienes-somos-scaled.jpg","contentUrl":"https:\/\/www.entreculturas.org\/wp-content\/uploads\/2023\/10\/bg-quienes-somos-scaled.jpg"},{"@type":"BreadcrumbList","@id":"https:\/\/www.entreculturas.org\/ca\/qui-som\/#breadcrumb","itemListElement":[{"@type":"ListItem","position":1,"name":"Home","item":"https:\/\/www.entreculturas.org\/ca\/"},{"@type":"ListItem","position":2,"name":"Qui som?"}]},{"@type":"WebSite","@id":"https:\/\/www.entreculturas.org\/ca\/#website","url":"https:\/\/www.entreculturas.org\/ca\/","name":"Entreculturas","description":"","publisher":{"@id":"https:\/\/www.entreculturas.org\/ca\/#organization"},"alternateName":"Entreculturas","potentialAction":[{"@type":"SearchAction","target":{"@type":"EntryPoint","urlTemplate":"https:\/\/www.entreculturas.org\/ca\/?s={search_term_string}"},"query-input":{"@type":"PropertyValueSpecification","valueRequired":true,"valueName":"search_term_string"}}],"inLanguage":"ca"},{"@type":"Organization","@id":"https:\/\/www.entreculturas.org\/ca\/#organization","name":"Entreculturas","url":"https:\/\/www.entreculturas.org\/ca\/","logo":{"@type":"ImageObject","inLanguage":"ca","@id":"https:\/\/www.entreculturas.org\/ca\/#\/schema\/logo\/image\/","url":"https:\/\/www.entreculturas.org\/wp-content\/uploads\/2025\/10\/ESP.svg","contentUrl":"https:\/\/www.entreculturas.org\/wp-content\/uploads\/2025\/10\/ESP.svg","caption":"Entreculturas"},"image":{"@id":"https:\/\/www.entreculturas.org\/ca\/#\/schema\/logo\/image\/"},"sameAs":["https:\/\/www.facebook.com\/entreculturas","https:\/\/x.com\/Entreculturas","https:\/\/www.instagram.com\/entreculturas\/","https:\/\/www.youtube.com\/user\/entreculturasvideo","https:\/\/www.linkedin.com\/company\/fundacion-entreculturas-ngdo\/","https:\/\/www.flickr.com\/photos\/98455522@N04\/albums\/"]}]}},"_links":{"self":[{"href":"https:\/\/www.entreculturas.org\/ca\/wp-json\/wp\/v2\/pages\/20290","targetHints":{"allow":["GET"]}}],"collection":[{"href":"https:\/\/www.entreculturas.org\/ca\/wp-json\/wp\/v2\/pages"}],"about":[{"href":"https:\/\/www.entreculturas.org\/ca\/wp-json\/wp\/v2\/types\/page"}],"author":[{"embeddable":true,"href":"https:\/\/www.entreculturas.org\/ca\/wp-json\/wp\/v2\/users\/1"}],"replies":[{"embeddable":true,"href":"https:\/\/www.entreculturas.org\/ca\/wp-json\/wp\/v2\/comments?post=20290"}],"version-history":[{"count":13,"href":"https:\/\/www.entreculturas.org\/ca\/wp-json\/wp\/v2\/pages\/20290\/revisions"}],"predecessor-version":[{"id":47188,"href":"https:\/\/www.entreculturas.org\/ca\/wp-json\/wp\/v2\/pages\/20290\/revisions\/47188"}],"wp:attachment":[{"href":"https:\/\/www.entreculturas.org\/ca\/wp-json\/wp\/v2\/media?parent=20290"}],"curies":[{"name":"wp","href":"https:\/\/api.w.org\/{rel}","templated":true}]}}