{"id":10218,"date":"2013-12-11T15:54:23","date_gmt":"2013-12-11T14:54:23","guid":{"rendered":"https:\/\/www.entreculturas.org\/ficha\/la-red-de-educacion-tecnica-de-fe-y-alegria-una-oferta-diversificada-y-articulada-a-las-demandas-de-la-poblacion-y-del-mercado\/"},"modified":"2024-09-12T18:37:43","modified_gmt":"2024-09-12T16:37:43","slug":"la-red-de-educacion-tecnica-de-fe-y-alegria-una-oferta-diversificada-y-articulada-a-las-demandas-de-la-poblacion-y-del-mercado","status":"publish","type":"ficha","link":"https:\/\/www.entreculturas.org\/ca\/ficha\/la-red-de-educacion-tecnica-de-fe-y-alegria-una-oferta-diversificada-y-articulada-a-las-demandas-de-la-poblacion-y-del-mercado\/","title":{"rendered":"La red de educaci\u00f3n t\u00e9cnica de Fe y Alegr\u00eda: una oferta diversificada y articulada a las demandas de la poblaci\u00f3n y del mercado."},"content":{"rendered":"<p>Brindar una educaci\u00f3n de calidad que facilite el acceso al trabajo de aquellas personas marginadas del<br \/>\nsistema educativo formal. Para ello, se busc\u00f3 fortalecer las \u00e1reas de formaci\u00f3n docente, actualizaci\u00f3n del<br \/>\ncurr\u00edculum educativo, as\u00ed como del equipamiento y el trabajo en red.<\/p>\n","protected":false},"excerpt":{"rendered":"<p>Brindar una educaci\u00f3n de calidad que facilite el acceso al trabajo de aquellas personas marginadas del sistema educativo formal. Para ello, se busc\u00f3 fortalecer las \u00e1reas de formaci\u00f3n docente, actualizaci\u00f3n del curr\u00edculum educativo, as\u00ed como del equipamiento y el trabajo en red.<\/p>\n","protected":false},"featured_media":20552,"template":"","country":[],"cause":[530,128],"link-pdf":[],"anio":[],"class_list":["post-10218","ficha","type-ficha","status-publish","has-post-thumbnail","hentry","cause-educacio","cause-educacion"],"acf":[],"yoast_head":"<!-- This site is optimized with the Yoast SEO Premium plugin v21.6 (Yoast SEO v27.5) - https:\/\/yoast.com\/product\/yoast-seo-premium-wordpress\/ -->\n<title>La red de educaci\u00f3n t\u00e9cnica de Fe y Alegr\u00eda: una oferta diversificada y articulada a las demandas de la poblaci\u00f3n y del mercado. - Entreculturas<\/title>\n<meta name=\"robots\" content=\"noindex, follow\" \/>\n<meta property=\"og:locale\" content=\"ca_ES\" \/>\n<meta property=\"og:type\" content=\"article\" \/>\n<meta property=\"og:title\" content=\"La red de educaci\u00f3n t\u00e9cnica de Fe y Alegr\u00eda: una oferta diversificada y articulada a las demandas de la poblaci\u00f3n y del mercado.\" \/>\n<meta property=\"og:description\" content=\"Brindar una educaci\u00f3n de calidad que facilite el acceso al trabajo de aquellas personas marginadas del sistema educativo formal. Para ello, se busc\u00f3 fortalecer las \u00e1reas de formaci\u00f3n docente, actualizaci\u00f3n del curr\u00edculum educativo, as\u00ed como del equipamiento y el trabajo en red.\" \/>\n<meta property=\"og:url\" content=\"https:\/\/www.entreculturas.org\/ca\/ficha\/la-red-de-educacion-tecnica-de-fe-y-alegria-una-oferta-diversificada-y-articulada-a-las-demandas-de-la-poblacion-y-del-mercado\/\" \/>\n<meta property=\"og:site_name\" content=\"Entreculturas\" \/>\n<meta property=\"article:publisher\" content=\"https:\/\/www.facebook.com\/entreculturas\" \/>\n<meta property=\"article:modified_time\" content=\"2024-09-12T16:37:43+00:00\" \/>\n<meta property=\"og:image\" content=\"https:\/\/www.entreculturas.org\/wp-content\/uploads\/2024\/02\/placeholder04.png\" \/>\n\t<meta property=\"og:image:width\" content=\"585\" \/>\n\t<meta property=\"og:image:height\" content=\"699\" \/>\n\t<meta property=\"og:image:type\" content=\"image\/png\" \/>\n<meta name=\"twitter:card\" content=\"summary_large_image\" \/>\n<meta name=\"twitter:site\" content=\"@Entreculturas\" \/>\n<script type=\"application\/ld+json\" class=\"yoast-schema-graph\">{\"@context\":\"https:\\\/\\\/schema.org\",\"@graph\":[{\"@type\":\"WebPage\",\"@id\":\"https:\\\/\\\/www.entreculturas.org\\\/ca\\\/ficha\\\/la-red-de-educacion-tecnica-de-fe-y-alegria-una-oferta-diversificada-y-articulada-a-las-demandas-de-la-poblacion-y-del-mercado\\\/\",\"url\":\"https:\\\/\\\/www.entreculturas.org\\\/ca\\\/ficha\\\/la-red-de-educacion-tecnica-de-fe-y-alegria-una-oferta-diversificada-y-articulada-a-las-demandas-de-la-poblacion-y-del-mercado\\\/\",\"name\":\"La red de educaci\u00f3n t\u00e9cnica de Fe y Alegr\u00eda: una oferta diversificada y articulada a las demandas de la poblaci\u00f3n y del mercado. - Entreculturas\",\"isPartOf\":{\"@id\":\"https:\\\/\\\/www.entreculturas.org\\\/ca\\\/#website\"},\"primaryImageOfPage\":{\"@id\":\"https:\\\/\\\/www.entreculturas.org\\\/ca\\\/ficha\\\/la-red-de-educacion-tecnica-de-fe-y-alegria-una-oferta-diversificada-y-articulada-a-las-demandas-de-la-poblacion-y-del-mercado\\\/#primaryimage\"},\"image\":{\"@id\":\"https:\\\/\\\/www.entreculturas.org\\\/ca\\\/ficha\\\/la-red-de-educacion-tecnica-de-fe-y-alegria-una-oferta-diversificada-y-articulada-a-las-demandas-de-la-poblacion-y-del-mercado\\\/#primaryimage\"},\"thumbnailUrl\":\"https:\\\/\\\/www.entreculturas.org\\\/wp-content\\\/uploads\\\/2024\\\/02\\\/placeholder04.png\",\"datePublished\":\"2013-12-11T14:54:23+00:00\",\"dateModified\":\"2024-09-12T16:37:43+00:00\",\"breadcrumb\":{\"@id\":\"https:\\\/\\\/www.entreculturas.org\\\/ca\\\/ficha\\\/la-red-de-educacion-tecnica-de-fe-y-alegria-una-oferta-diversificada-y-articulada-a-las-demandas-de-la-poblacion-y-del-mercado\\\/#breadcrumb\"},\"inLanguage\":\"ca\",\"potentialAction\":[{\"@type\":\"ReadAction\",\"target\":[\"https:\\\/\\\/www.entreculturas.org\\\/ca\\\/ficha\\\/la-red-de-educacion-tecnica-de-fe-y-alegria-una-oferta-diversificada-y-articulada-a-las-demandas-de-la-poblacion-y-del-mercado\\\/\"]}]},{\"@type\":\"ImageObject\",\"inLanguage\":\"ca\",\"@id\":\"https:\\\/\\\/www.entreculturas.org\\\/ca\\\/ficha\\\/la-red-de-educacion-tecnica-de-fe-y-alegria-una-oferta-diversificada-y-articulada-a-las-demandas-de-la-poblacion-y-del-mercado\\\/#primaryimage\",\"url\":\"https:\\\/\\\/www.entreculturas.org\\\/wp-content\\\/uploads\\\/2024\\\/02\\\/placeholder04.png\",\"contentUrl\":\"https:\\\/\\\/www.entreculturas.org\\\/wp-content\\\/uploads\\\/2024\\\/02\\\/placeholder04.png\",\"width\":585,\"height\":699,\"caption\":\"corazon\"},{\"@type\":\"BreadcrumbList\",\"@id\":\"https:\\\/\\\/www.entreculturas.org\\\/ca\\\/ficha\\\/la-red-de-educacion-tecnica-de-fe-y-alegria-una-oferta-diversificada-y-articulada-a-las-demandas-de-la-poblacion-y-del-mercado\\\/#breadcrumb\",\"itemListElement\":[{\"@type\":\"ListItem\",\"position\":1,\"name\":\"Home\",\"item\":\"https:\\\/\\\/www.entreculturas.org\\\/ca\\\/\"},{\"@type\":\"ListItem\",\"position\":2,\"name\":\"La red de educaci\u00f3n t\u00e9cnica de Fe y Alegr\u00eda: una oferta diversificada y articulada a las demandas de la poblaci\u00f3n y del mercado.\"}]},{\"@type\":\"WebSite\",\"@id\":\"https:\\\/\\\/www.entreculturas.org\\\/ca\\\/#website\",\"url\":\"https:\\\/\\\/www.entreculturas.org\\\/ca\\\/\",\"name\":\"Entreculturas\",\"description\":\"\",\"publisher\":{\"@id\":\"https:\\\/\\\/www.entreculturas.org\\\/ca\\\/#organization\"},\"alternateName\":\"Entreculturas\",\"potentialAction\":[{\"@type\":\"SearchAction\",\"target\":{\"@type\":\"EntryPoint\",\"urlTemplate\":\"https:\\\/\\\/www.entreculturas.org\\\/ca\\\/?s={search_term_string}\"},\"query-input\":{\"@type\":\"PropertyValueSpecification\",\"valueRequired\":true,\"valueName\":\"search_term_string\"}}],\"inLanguage\":\"ca\"},{\"@type\":\"Organization\",\"@id\":\"https:\\\/\\\/www.entreculturas.org\\\/ca\\\/#organization\",\"name\":\"Entreculturas\",\"url\":\"https:\\\/\\\/www.entreculturas.org\\\/ca\\\/\",\"logo\":{\"@type\":\"ImageObject\",\"inLanguage\":\"ca\",\"@id\":\"https:\\\/\\\/www.entreculturas.org\\\/ca\\\/#\\\/schema\\\/logo\\\/image\\\/\",\"url\":\"https:\\\/\\\/www.entreculturas.org\\\/wp-content\\\/uploads\\\/2025\\\/10\\\/ESP.svg\",\"contentUrl\":\"https:\\\/\\\/www.entreculturas.org\\\/wp-content\\\/uploads\\\/2025\\\/10\\\/ESP.svg\",\"caption\":\"Entreculturas\"},\"image\":{\"@id\":\"https:\\\/\\\/www.entreculturas.org\\\/ca\\\/#\\\/schema\\\/logo\\\/image\\\/\"},\"sameAs\":[\"https:\\\/\\\/www.facebook.com\\\/entreculturas\",\"https:\\\/\\\/x.com\\\/Entreculturas\",\"https:\\\/\\\/www.instagram.com\\\/entreculturas\\\/\",\"https:\\\/\\\/www.youtube.com\\\/user\\\/entreculturasvideo\",\"https:\\\/\\\/www.linkedin.com\\\/company\\\/fundacion-entreculturas-ngdo\\\/\",\"https:\\\/\\\/www.flickr.com\\\/photos\\\/98455522@N04\\\/albums\\\/\"]}]}<\/script>\n<!-- \/ Yoast SEO Premium plugin. -->","yoast_head_json":{"title":"La red de educaci\u00f3n t\u00e9cnica de Fe y Alegr\u00eda: una oferta diversificada y articulada a las demandas de la poblaci\u00f3n y del mercado. - Entreculturas","robots":{"index":"noindex","follow":"follow"},"og_locale":"ca_ES","og_type":"article","og_title":"La red de educaci\u00f3n t\u00e9cnica de Fe y Alegr\u00eda: una oferta diversificada y articulada a las demandas de la poblaci\u00f3n y del mercado.","og_description":"Brindar una educaci\u00f3n de calidad que facilite el acceso al trabajo de aquellas personas marginadas del sistema educativo formal. Para ello, se busc\u00f3 fortalecer las \u00e1reas de formaci\u00f3n docente, actualizaci\u00f3n del curr\u00edculum educativo, as\u00ed como del equipamiento y el trabajo en red.","og_url":"https:\/\/www.entreculturas.org\/ca\/ficha\/la-red-de-educacion-tecnica-de-fe-y-alegria-una-oferta-diversificada-y-articulada-a-las-demandas-de-la-poblacion-y-del-mercado\/","og_site_name":"Entreculturas","article_publisher":"https:\/\/www.facebook.com\/entreculturas","article_modified_time":"2024-09-12T16:37:43+00:00","og_image":[{"width":585,"height":699,"url":"https:\/\/www.entreculturas.org\/wp-content\/uploads\/2024\/02\/placeholder04.png","type":"image\/png"}],"twitter_card":"summary_large_image","twitter_site":"@Entreculturas","schema":{"@context":"https:\/\/schema.org","@graph":[{"@type":"WebPage","@id":"https:\/\/www.entreculturas.org\/ca\/ficha\/la-red-de-educacion-tecnica-de-fe-y-alegria-una-oferta-diversificada-y-articulada-a-las-demandas-de-la-poblacion-y-del-mercado\/","url":"https:\/\/www.entreculturas.org\/ca\/ficha\/la-red-de-educacion-tecnica-de-fe-y-alegria-una-oferta-diversificada-y-articulada-a-las-demandas-de-la-poblacion-y-del-mercado\/","name":"La red de educaci\u00f3n t\u00e9cnica de Fe y Alegr\u00eda: una oferta diversificada y articulada a las demandas de la poblaci\u00f3n y del mercado. - Entreculturas","isPartOf":{"@id":"https:\/\/www.entreculturas.org\/ca\/#website"},"primaryImageOfPage":{"@id":"https:\/\/www.entreculturas.org\/ca\/ficha\/la-red-de-educacion-tecnica-de-fe-y-alegria-una-oferta-diversificada-y-articulada-a-las-demandas-de-la-poblacion-y-del-mercado\/#primaryimage"},"image":{"@id":"https:\/\/www.entreculturas.org\/ca\/ficha\/la-red-de-educacion-tecnica-de-fe-y-alegria-una-oferta-diversificada-y-articulada-a-las-demandas-de-la-poblacion-y-del-mercado\/#primaryimage"},"thumbnailUrl":"https:\/\/www.entreculturas.org\/wp-content\/uploads\/2024\/02\/placeholder04.png","datePublished":"2013-12-11T14:54:23+00:00","dateModified":"2024-09-12T16:37:43+00:00","breadcrumb":{"@id":"https:\/\/www.entreculturas.org\/ca\/ficha\/la-red-de-educacion-tecnica-de-fe-y-alegria-una-oferta-diversificada-y-articulada-a-las-demandas-de-la-poblacion-y-del-mercado\/#breadcrumb"},"inLanguage":"ca","potentialAction":[{"@type":"ReadAction","target":["https:\/\/www.entreculturas.org\/ca\/ficha\/la-red-de-educacion-tecnica-de-fe-y-alegria-una-oferta-diversificada-y-articulada-a-las-demandas-de-la-poblacion-y-del-mercado\/"]}]},{"@type":"ImageObject","inLanguage":"ca","@id":"https:\/\/www.entreculturas.org\/ca\/ficha\/la-red-de-educacion-tecnica-de-fe-y-alegria-una-oferta-diversificada-y-articulada-a-las-demandas-de-la-poblacion-y-del-mercado\/#primaryimage","url":"https:\/\/www.entreculturas.org\/wp-content\/uploads\/2024\/02\/placeholder04.png","contentUrl":"https:\/\/www.entreculturas.org\/wp-content\/uploads\/2024\/02\/placeholder04.png","width":585,"height":699,"caption":"corazon"},{"@type":"BreadcrumbList","@id":"https:\/\/www.entreculturas.org\/ca\/ficha\/la-red-de-educacion-tecnica-de-fe-y-alegria-una-oferta-diversificada-y-articulada-a-las-demandas-de-la-poblacion-y-del-mercado\/#breadcrumb","itemListElement":[{"@type":"ListItem","position":1,"name":"Home","item":"https:\/\/www.entreculturas.org\/ca\/"},{"@type":"ListItem","position":2,"name":"La red de educaci\u00f3n t\u00e9cnica de Fe y Alegr\u00eda: una oferta diversificada y articulada a las demandas de la poblaci\u00f3n y del mercado."}]},{"@type":"WebSite","@id":"https:\/\/www.entreculturas.org\/ca\/#website","url":"https:\/\/www.entreculturas.org\/ca\/","name":"Entreculturas","description":"","publisher":{"@id":"https:\/\/www.entreculturas.org\/ca\/#organization"},"alternateName":"Entreculturas","potentialAction":[{"@type":"SearchAction","target":{"@type":"EntryPoint","urlTemplate":"https:\/\/www.entreculturas.org\/ca\/?s={search_term_string}"},"query-input":{"@type":"PropertyValueSpecification","valueRequired":true,"valueName":"search_term_string"}}],"inLanguage":"ca"},{"@type":"Organization","@id":"https:\/\/www.entreculturas.org\/ca\/#organization","name":"Entreculturas","url":"https:\/\/www.entreculturas.org\/ca\/","logo":{"@type":"ImageObject","inLanguage":"ca","@id":"https:\/\/www.entreculturas.org\/ca\/#\/schema\/logo\/image\/","url":"https:\/\/www.entreculturas.org\/wp-content\/uploads\/2025\/10\/ESP.svg","contentUrl":"https:\/\/www.entreculturas.org\/wp-content\/uploads\/2025\/10\/ESP.svg","caption":"Entreculturas"},"image":{"@id":"https:\/\/www.entreculturas.org\/ca\/#\/schema\/logo\/image\/"},"sameAs":["https:\/\/www.facebook.com\/entreculturas","https:\/\/x.com\/Entreculturas","https:\/\/www.instagram.com\/entreculturas\/","https:\/\/www.youtube.com\/user\/entreculturasvideo","https:\/\/www.linkedin.com\/company\/fundacion-entreculturas-ngdo\/","https:\/\/www.flickr.com\/photos\/98455522@N04\/albums\/"]}]}},"_links":{"self":[{"href":"https:\/\/www.entreculturas.org\/ca\/wp-json\/wp\/v2\/ficha\/10218","targetHints":{"allow":["GET"]}}],"collection":[{"href":"https:\/\/www.entreculturas.org\/ca\/wp-json\/wp\/v2\/ficha"}],"about":[{"href":"https:\/\/www.entreculturas.org\/ca\/wp-json\/wp\/v2\/types\/ficha"}],"wp:featuredmedia":[{"embeddable":true,"href":"https:\/\/www.entreculturas.org\/ca\/wp-json\/wp\/v2\/media\/20552"}],"wp:attachment":[{"href":"https:\/\/www.entreculturas.org\/ca\/wp-json\/wp\/v2\/media?parent=10218"}],"wp:term":[{"taxonomy":"country","embeddable":true,"href":"https:\/\/www.entreculturas.org\/ca\/wp-json\/wp\/v2\/country?post=10218"},{"taxonomy":"cause","embeddable":true,"href":"https:\/\/www.entreculturas.org\/ca\/wp-json\/wp\/v2\/cause?post=10218"},{"taxonomy":"link-pdf","embeddable":true,"href":"https:\/\/www.entreculturas.org\/ca\/wp-json\/wp\/v2\/link-pdf?post=10218"},{"taxonomy":"anio","embeddable":true,"href":"https:\/\/www.entreculturas.org\/ca\/wp-json\/wp\/v2\/anio?post=10218"}],"curies":[{"name":"wp","href":"https:\/\/api.w.org\/{rel}","templated":true}]}}