{"version":"1.0","provider_name":"Entreculturas","provider_url":"https:\/\/www.entreculturas.org\/ca\/","title":"Estefan\u00eda Franco. T\u00e9cnica de Ciudadan\u00eda Global en Galicia","type":"rich","width":600,"height":338,"html":"<blockquote class=\"wp-embedded-content\" data-secret=\"843YYXYoFb\"><a href=\"https:\/\/www.entreculturas.org\/ca\/noticia\/estefania-franco-tecnica-de-ciudadania-global-en-galicia\/\">Estefan\u00eda Franco. T\u00e9cnica de Ciudadan\u00eda Global en Galicia<\/a><\/blockquote><iframe sandbox=\"allow-scripts\" security=\"restricted\" src=\"https:\/\/www.entreculturas.org\/ca\/noticia\/estefania-franco-tecnica-de-ciudadania-global-en-galicia\/embed\/#?secret=843YYXYoFb\" width=\"600\" height=\"338\" title=\"&#8220;Estefan\u00eda Franco. T\u00e9cnica de Ciudadan\u00eda Global en Galicia&#8221; &#8212; Entreculturas\" data-secret=\"843YYXYoFb\" frameborder=\"0\" marginwidth=\"0\" marginheight=\"0\" scrolling=\"no\" class=\"wp-embedded-content\"><\/iframe><script>\n\/*! This file is auto-generated *\/\n!function(d,l){\"use strict\";l.querySelector&&d.addEventListener&&\"undefined\"!=typeof URL&&(d.wp=d.wp||{},d.wp.receiveEmbedMessage||(d.wp.receiveEmbedMessage=function(e){var t=e.data;if((t||t.secret||t.message||t.value)&&!\/[^a-zA-Z0-9]\/.test(t.secret)){for(var s,r,n,a=l.querySelectorAll('iframe[data-secret=\"'+t.secret+'\"]'),o=l.querySelectorAll('blockquote[data-secret=\"'+t.secret+'\"]'),c=new RegExp(\"^https?:$\",\"i\"),i=0;i<o.length;i++)o[i].style.display=\"none\";for(i=0;i<a.length;i++)s=a[i],e.source===s.contentWindow&&(s.removeAttribute(\"style\"),\"height\"===t.message?(1e3<(r=parseInt(t.value,10))?r=1e3:~~r<200&&(r=200),s.height=r):\"link\"===t.message&&(r=new URL(s.getAttribute(\"src\")),n=new URL(t.value),c.test(n.protocol))&&n.host===r.host&&l.activeElement===s&&(d.top.location.href=t.value))}},d.addEventListener(\"message\",d.wp.receiveEmbedMessage,!1),l.addEventListener(\"DOMContentLoaded\",function(){for(var e,t,s=l.querySelectorAll(\"iframe.wp-embedded-content\"),r=0;r<s.length;r++)(t=(e=s[r]).getAttribute(\"data-secret\"))||(t=Math.random().toString(36).substring(2,12),e.src+=\"#?secret=\"+t,e.setAttribute(\"data-secret\",t)),e.contentWindow.postMessage({message:\"ready\",secret:t},\"*\")},!1)))}(window,document);\n\/\/# sourceURL=https:\/\/www.entreculturas.org\/wp-includes\/js\/wp-embed.min.js\n<\/script>\n","thumbnail_url":"https:\/\/www.entreculturas.org\/wp-content\/uploads\/2020\/03\/estefania_franco.png","thumbnail_width":660,"thumbnail_height":482,"description":"\"Mi nombre es Estefan\u00eda Franco \u00c1lvarez, aunque casi todo el mundo me llama Fanny. Llevo vinculada a Entreculturas 13 a\u00f1os, literalmente hablando, la mitad de mi vida. En mis diferentes etapas dentro de la organizaci\u00f3n he descubierto que Entreculturas no es simplemente una ONG que promueva la educaci\u00f3n\"."}